{"id":3720,"date":"2022-05-23T15:35:47","date_gmt":"2022-05-23T21:35:47","guid":{"rendered":"http:\/\/cuernavaca.gob.mx\/dmer\/?page_id=3720"},"modified":"2022-05-23T15:38:21","modified_gmt":"2022-05-23T21:38:21","slug":"elementor-3720","status":"publish","type":"page","link":"https:\/\/cuernavaca.gob.mx\/dmer\/?page_id=3720","title":{"rendered":"2022"},"content":{"rendered":"\t\t<div data-elementor-type=\"wp-page\" data-elementor-id=\"3720\" class=\"elementor elementor-3720\">\n\t\t\t\t\t\t<div class=\"elementor-inner\">\n\t\t\t\t<div class=\"elementor-section-wrap\">\n\t\t\t\t\t\t\t\t\t<section class=\"elementor-section elementor-top-section elementor-element elementor-element-9389c77 elementor-section-boxed elementor-section-height-default elementor-section-height-default\" data-id=\"9389c77\" data-element_type=\"section\">\n\t\t\t\t\t\t<div class=\"elementor-container elementor-column-gap-default\">\n\t\t\t\t\t\t\t<div class=\"elementor-row\">\n\t\t\t\t\t<div class=\"elementor-column elementor-col-100 elementor-top-column elementor-element elementor-element-9a2303c\" data-id=\"9a2303c\" data-element_type=\"column\">\n\t\t\t<div class=\"elementor-column-wrap elementor-element-populated\">\n\t\t\t\t\t\t\t<div class=\"elementor-widget-wrap\">\n\t\t\t\t\t\t<div class=\"elementor-element elementor-element-731c68f elementor-widget elementor-widget-shortcode\" data-id=\"731c68f\" data-element_type=\"widget\" data-widget_type=\"shortcode.default\">\n\t\t\t\t<div class=\"elementor-widget-container\">\n\t\t\t\t\t<div class=\"elementor-shortcode\"><div id=\"accordions-3370\" class=\"accordions-3370 accordions\">\r\n                <div id=\"accordions-lazy-3370\" class=\"accordions-lazy\">\r\n                    <\/div>\r\n        <script>\r\n            jQuery(window).load(function() {\r\n                jQuery('#accordions-lazy-3370').fadeOut();\r\n                jQuery('#accordions-3370 .items').fadeIn();\r\n            });\r\n        <\/script><style type='text\/css'>\r\n        @media only screen and (min-width: 1024px) {\r\n            #accordions-3370 {\r\n                width: 100%;\r\n                            }\r\n        }\r\n\r\n        @media only screen and (min-width: 768px) and (max-width: 1023px) {\r\n            #accordions-3370 {\r\n                width: 100%;\r\n                            }\r\n        }\r\n\r\n        @media only screen and (min-width: 0px) and (max-width: 767px) {\r\n            #accordions-3370 {\r\n                width: 100%;\r\n                            }\r\n        }\r\n\r\n        #accordions-3370 .items {\r\n            display: none;\r\n        }\r\n\r\n        #accordions-3370 .accordions-lazy {\r\n            text-align: center;\r\n            position: absolute;\r\n            top: 50%;\r\n            left: 50%;\r\n            transform: translate(-50%, -50%);\r\n        }\r\n\r\n        #accordions-3370 {\r\n            text-align: left;\r\n            background: #ffffff url() repeat scroll 0 0;\r\n            position: relative;\r\n        }\r\n\r\n        #accordions-3370 .accordions-head {\r\n            background: #3e5fb2 none repeat scroll 0 0;\r\n            \r\n                        outline: none;\r\n        }\r\n\r\n        #accordions-3370 .accordions-head-title {\r\n            color: #ffffff;\r\n            font-size: 16px;\r\n                    }\r\n\r\n        #accordions-3370 .accordions-head-title-toggle {\r\n            color: #ffffff;\r\n            font-size: 16px;\r\n                    }\r\n\r\n        #accordions-3370 .accordions-head:hover .accordions-head-title {\r\n            color: #ffffff;\r\n                    }\r\n\r\n        #accordions-3370 .ui-state-active {\r\n            background: #3e5fb2;\r\n            border: none;\r\n        }\r\n\r\n        #accordions-3370 .accordion-content {\r\n            background: #ffffff none repeat scroll 0 0;\r\n            border: none;\r\n        }\r\n\r\n        #accordions-3370 .accordion-icons {\r\n                    }\r\n\r\n        #accordions-3370 .accordions-head:hover .accordion-icons span {\r\n                    }\r\n\r\n            <\/style>\r\n<div class=\"items\">\r\n                        <div post_id=\"3370\" itemcount=\"0\" header_id=\"header-1653340652064\" id=\"header-1653340652064\" style=\"\" class=\"accordions-head head1653340652064 border-none\" toggle-text=\"\" main-text=\"Reglamento Interior del Sistema Municipal DIF Cuernavaca\">\r\n                                            <span id=\"accordion-icons-1653340652064\" class=\"accordion-icons\">\r\n                            <span class=\"accordion-icon-active accordion-plus\"><i class=\"fas fa-chevron-up\"><\/i><\/span>\r\n                            <span class=\"accordion-icon-inactive accordion-minus\"><i class=\"fas fa-chevron-right\"><\/i><\/span>\r\n                        <\/span>\r\n                        <span id=\"header-text-1653340652064\" class=\"accordions-head-title\">Reglamento Interior del Sistema Municipal DIF Cuernavaca<\/span>\r\n                                    <\/div>\r\n                <div class=\"accordion-content content1653340652064 \">\r\n                    <table border=\"0\" width=\"1834\" cellspacing=\"0\" cellpadding=\"0\">\n<colgroup>\n<col width=\"375\" \/>\n<col span=\"2\" width=\"263\" \/>\n<col width=\"273\" \/>\n<col width=\"240\" \/>\n<col width=\"223\" \/>\n<col width=\"197\" \/><\/colgroup>\n<tbody>\n<tr>\n<td class=\"xl69\" width=\"375\" height=\"72\">Nombre de la Regulaci\u00f3n<\/td>\n<td class=\"xl69\" width=\"263\">N\u00famero de Expediente<\/td>\n<td class=\"xl69\" width=\"263\">Tipo de documeno<\/td>\n<td class=\"xl69\" width=\"273\">Autoridad que la emite<\/td>\n<td class=\"xl69\" width=\"240\">Autoridad o autoridades que la aplican<\/td>\n<td class=\"xl69\" width=\"223\">Fecha en que ha sido actualizada<\/td>\n<td class=\"xl69\" width=\"197\">Tipo de ordenamiento jur\u00eddico<\/td>\n<\/tr>\n<tr>\n<td class=\"xl67\" width=\"375\" height=\"113\">Reglamento Interior del Sistema Municipal DIF Cuernavaca<\/td>\n<td class=\"xl67\" width=\"263\">SDEyT\/DMR\/AIR\/09\/2022-DIF<\/td>\n<td class=\"xl67\" width=\"263\">Exenci\u00f3n de elaborar el AIR<\/td>\n<td class=\"xl67\" width=\"273\">DIF Cuernavaca<\/td>\n<td class=\"xl67\" width=\"240\">Recursos Humanos del DIF Cuernavaca<\/td>\n<td class=\"xl68\" width=\"223\">04\/05\/22<\/td>\n<td class=\"xl67\" width=\"197\">Reglamento<\/td>\n<\/tr>\n<\/tbody>\n<\/table>\n<table border=\"0\" width=\"1651\" cellspacing=\"0\" cellpadding=\"0\">\n<colgroup>\n<col width=\"215\" \/>\n<col width=\"211\" \/>\n<col width=\"221\" \/>\n<col width=\"217\" \/>\n<col width=\"237\" \/>\n<col width=\"227\" \/>\n<col width=\"323\" \/><\/colgroup>\n<tbody>\n<tr>\n<td class=\"xl67\" width=\"215\" height=\"72\">\u00c1mbito de aplicaci\u00f3n<\/td>\n<td class=\"xl67\" width=\"211\">\u00cdndice de la Regulaci\u00f3n<\/td>\n<td class=\"xl67\" width=\"221\">Objeto de la Regulaci\u00f3n<\/td>\n<td class=\"xl67\" width=\"217\">Materia<\/td>\n<td class=\"xl67\" width=\"237\">Sectores y sujetos regulados<\/td>\n<td class=\"xl67\" width=\"227\">Tr\u00e1mites y Servicios relacionados con la Regulaci\u00f3n<\/td>\n<td class=\"xl67\" width=\"323\">Identificaci\u00f3n de fundamentos jur\u00eddicos para la realizaci\u00f3n de inspecciones y visitas domiciliarias<\/td>\n<\/tr>\n<tr>\n<td class=\"xl66\" width=\"215\" height=\"113\">Interna en el DIF Cuernavaca<\/td>\n<td class=\"xl66\" width=\"211\">T\u00cdTULO I DISPOSICIONES GENERALES<\/td>\n<td class=\"xl66\" width=\"221\">Regular la organizaci\u00f3n interna y las funciones del Sistema DIF Municipal para el Desarrollo Integral de la Familia de Cuernavaca<\/td>\n<td class=\"xl66\" width=\"217\">Administrativa<\/td>\n<td class=\"xl66\" width=\"237\">Ning\u00fan sector<\/td>\n<td class=\"xl66\" width=\"227\">Ninguno<\/td>\n<td class=\"xl66\" width=\"323\">Ninguno<\/td>\n<\/tr>\n<\/tbody>\n<\/table>\n<table border=\"0\" width=\"506\" cellspacing=\"0\" cellpadding=\"0\">\n<colgroup>\n<col width=\"303\" \/>\n<col width=\"203\" \/><\/colgroup>\n<tbody>\n<tr>\n<td class=\"xl65\" width=\"303\" height=\"21\">Nombre de la Regulaci\u00f3n<\/td>\n<td class=\"xl66\" width=\"203\">Tipo de documento<\/td>\n<\/tr>\n<tr>\n<td class=\"xl67\" width=\"303\" height=\"45\"><a href=\"https:\/\/cuernavaca.gob.mx\/dmer\/wp-content\/uploads\/2022\/05\/ACUERDO-Y-REGLAMENTO.pdf\" target=\"_blank\" rel=\"noopener\">Reglamento Interior del Sistema Municipal DIF Cuernavaca<\/a><\/td>\n<td class=\"xl69\"><a href=\"https:\/\/cuernavaca.gob.mx\/dmer\/wp-content\/uploads\/2022\/05\/Exencion-Reglamento-Interior-del-DIF.docx\" target=\"_blank\" rel=\"noopener\">Exenci\u00f3n AIR<\/a><\/td>\n<\/tr>\n<\/tbody>\n<\/table>\n                <\/div>\r\n                        <div post_id=\"3370\" itemcount=\"1\" header_id=\"header-1653340349042\" id=\"header-1653340349042\" style=\"\" class=\"accordions-head head1653340349042 border-none\" toggle-text=\"\" main-text=\"SO\/AC-001-01-2022, mediante el cual se designa al ciudadano Carlos de la Rosa Segura como Secretario del Ayuntamiento de Cuernavaca\">\r\n                                            <span id=\"accordion-icons-1653340349042\" class=\"accordion-icons\">\r\n                            <span class=\"accordion-icon-active accordion-plus\"><i class=\"fas fa-chevron-up\"><\/i><\/span>\r\n                            <span class=\"accordion-icon-inactive accordion-minus\"><i class=\"fas fa-chevron-right\"><\/i><\/span>\r\n                        <\/span>\r\n                        <span id=\"header-text-1653340349042\" class=\"accordions-head-title\">SO\/AC-001-01-2022, mediante el cual se designa al ciudadano Carlos de la Rosa Segura como Secretario del Ayuntamiento de Cuernavaca<\/span>\r\n                                    <\/div>\r\n                <div class=\"accordion-content content1653340349042 \">\r\n                    <table border=\"0\" width=\"1834\" cellspacing=\"0\" cellpadding=\"0\">\n<colgroup>\n<col width=\"375\" \/>\n<col span=\"2\" width=\"263\" \/>\n<col width=\"273\" \/>\n<col width=\"240\" \/>\n<col width=\"223\" \/>\n<col width=\"197\" \/><\/colgroup>\n<tbody>\n<tr>\n<td class=\"xl67\" width=\"375\" height=\"72\">Nombre de la Regulaci\u00f3n<\/td>\n<td class=\"xl67\" width=\"263\">N\u00famero de Expediente<\/td>\n<td class=\"xl67\" width=\"263\">Tipo de documeno<\/td>\n<td class=\"xl67\" width=\"273\">Autoridad que la emite<\/td>\n<td class=\"xl67\" width=\"240\">Autoridad o autoridades que la aplican<\/td>\n<td class=\"xl67\" width=\"223\">Fecha en que ha sido actualizada<\/td>\n<td class=\"xl67\" width=\"197\">Tipo de ordenamiento jur\u00eddico<\/td>\n<\/tr>\n<tr>\n<td class=\"xl65\" width=\"375\" height=\"136\">Acuerdo SO\/AC-001-01-2022, mediante el cual se designa al ciudadano Carlos de la Rosa Segura como Secretario del Ayuntamiento de Cuernavaca<\/td>\n<td class=\"xl65\" width=\"263\">SDEyT\/DMR\/AIR\/01\/2022-SA<\/td>\n<td class=\"xl65\" width=\"263\">Exenci\u00f3n de elaborar el AIR<\/td>\n<td class=\"xl65\" width=\"273\">Secretar\u00eda del Ayuntamiento<\/td>\n<td class=\"xl65\" width=\"240\">Secretar\u00eda de Administraci\u00f3n<\/td>\n<td class=\"xl66\" width=\"223\">01\/01\/22<\/td>\n<td class=\"xl65\" width=\"197\">Acuerdo<\/td>\n<\/tr>\n<\/tbody>\n<\/table>\n<table border=\"0\" width=\"1651\" cellspacing=\"0\" cellpadding=\"0\">\n<colgroup>\n<col width=\"215\" \/>\n<col width=\"211\" \/>\n<col width=\"221\" \/>\n<col width=\"217\" \/>\n<col width=\"237\" \/>\n<col width=\"227\" \/>\n<col width=\"323\" \/><\/colgroup>\n<tbody>\n<tr>\n<td class=\"xl67\" width=\"215\" height=\"72\">\u00c1mbito de aplicaci\u00f3n<\/td>\n<td class=\"xl67\" width=\"211\">\u00cdndice de la Regulaci\u00f3n<\/td>\n<td class=\"xl67\" width=\"221\">Objeto de la Regulaci\u00f3n<\/td>\n<td class=\"xl67\" width=\"217\">Materia<\/td>\n<td class=\"xl67\" width=\"237\">Sectores y sujetos regulados<\/td>\n<td class=\"xl67\" width=\"227\">Tr\u00e1mites y Servicios relacionados con la Regulaci\u00f3n<\/td>\n<td class=\"xl67\" width=\"323\">Identificaci\u00f3n de fundamentos jur\u00eddicos para la realizaci\u00f3n de inspecciones y visitas domiciliarias<\/td>\n<\/tr>\n<tr>\n<td class=\"xl66\" width=\"215\" height=\"136\">Interna en el Ayuntamiento de Cuernavaca<\/td>\n<td class=\"xl66\" width=\"211\">P\u00e1gina 1. Considerandos; P\u00e1gina 2. Art\u00edculos dispositivos; P\u00e1gina 3. Art\u00edculos transitorios, y P\u00e1gina 4. Lugar, firmas y r\u00fabricas.<\/td>\n<td class=\"xl66\" width=\"221\">Se designa como Secretario del Ayuntamiento de Cuernavaca, al ciudadano Carlos de la Rosa Segura<\/td>\n<td class=\"xl66\" width=\"217\">Administrativa<\/td>\n<td class=\"xl66\" width=\"237\">Ning\u00fan sector<\/td>\n<td class=\"xl66\" width=\"227\">Ninguno<\/td>\n<td class=\"xl66\" width=\"323\">Ninguno<\/td>\n<\/tr>\n<\/tbody>\n<\/table>\n<table border=\"0\" width=\"506\" cellspacing=\"0\" cellpadding=\"0\">\n<colgroup>\n<col width=\"303\" \/>\n<col width=\"203\" \/><\/colgroup>\n<tbody>\n<tr>\n<td class=\"xl65\" width=\"303\" height=\"21\">Nombre de la Regulaci\u00f3n<\/td>\n<td class=\"xl66\" width=\"203\">Tipo de documento<\/td>\n<\/tr>\n<tr>\n<td class=\"xl67\" width=\"303\" height=\"113\"><strong><span style=\"text-decoration: underline\"><span style=\"color: #0000ff\"><a style=\"color: #0000ff;text-decoration: underline\" href=\"https:\/\/cuernavaca.gob.mx\/dmer\/wp-content\/uploads\/2022\/05\/1.-Acuerdo-SO-AC-1-1-I-2022.-ACUERDO-SECRETARIA-MUNICIPAL.docx\" target=\"_blank\" rel=\"noopener\">Acuerdo SO\/AC-001-01-2022, mediante el cual se designa al ciudadano Carlos de la Rosa Segura como Secretario del Ayuntamiento de Cuernavaca<\/a><\/span><\/span><\/strong><\/td>\n<td class=\"xl68\"><strong><span style=\"text-decoration: underline\"><span style=\"color: #0000ff\"><a style=\"color: #0000ff;text-decoration: underline\" href=\"https:\/\/cuernavaca.gob.mx\/dmer\/wp-content\/uploads\/2022\/05\/SOAC-001-01-2022-mediante-el-cual-se-designa-al-ciudadano-Carlos-de-la-Rosa-Segura-como-Secretario-del-Ayuntamiento-de-Cuernavaca.docx\" target=\"_blank\" rel=\"noopener\">Exenci\u00f3n AIR<\/a><\/span><\/span><\/strong><\/td>\n<\/tr>\n<\/tbody>\n<\/table>\n                <\/div>\r\n                        <div post_id=\"3370\" itemcount=\"2\" header_id=\"header-1655225104354\" id=\"header-1655225104354\" style=\"\" class=\"accordions-head head1655225104354 border-none\" toggle-text=\"\" main-text=\"\tSO\/AC-002-01-2022, mediante el cual se designa al ciudadano Israel Rafael Y\u00fadico Herrera como Secretario de Administraci\u00f3n del Ayuntamiento de Cuernavaca\">\r\n                                            <span id=\"accordion-icons-1655225104354\" class=\"accordion-icons\">\r\n                            <span class=\"accordion-icon-active accordion-plus\"><i class=\"fas fa-chevron-up\"><\/i><\/span>\r\n                            <span class=\"accordion-icon-inactive accordion-minus\"><i class=\"fas fa-chevron-right\"><\/i><\/span>\r\n                        <\/span>\r\n                        <span id=\"header-text-1655225104354\" class=\"accordions-head-title\">\tSO\/AC-002-01-2022, mediante el cual se designa al ciudadano Israel Rafael Y\u00fadico Herrera como Secretario de Administraci\u00f3n del Ayuntamiento de Cuernavaca<\/span>\r\n                                    <\/div>\r\n                <div class=\"accordion-content content1655225104354 \">\r\n                    <table width=\"1922\">\n<tbody>\n<tr>\n<td width=\"88\">No.<\/td>\n<td width=\"375\">Nombre de la Regulaci\u00f3n<\/td>\n<td width=\"263\">N\u00famero de Expediente<\/td>\n<td width=\"263\">Tipo de documeno<\/td>\n<td width=\"273\">Autoridad que la emite<\/td>\n<td width=\"240\">Autoridad o autoridades que la aplican<\/td>\n<td width=\"223\">Fecha en que ha sido actualizada<\/td>\n<td width=\"197\">Tipo de ordenamiento jur\u00eddico<\/td>\n<\/tr>\n<tr>\n<td>2<\/td>\n<td width=\"375\">SO\/AC-002-01-2022, mediante el cual se designa al ciudadano Israel Rafael Y\u00fadico Herrera como Secretario de Administraci\u00f3n del Ayuntamiento de Cuernavaca<\/td>\n<td width=\"263\">SDEyT\/DMR\/AIR\/01\/2022-SA<\/td>\n<td width=\"263\">Exenci\u00f3n de elaborar el AIR<\/td>\n<td width=\"273\">Secretar\u00eda del Ayuntamiento<\/td>\n<td width=\"240\">Secretar\u00eda de Administraci\u00f3n<\/td>\n<td width=\"223\">01\/01\/2022<\/td>\n<td width=\"197\">Acuerdo<\/td>\n<\/tr>\n<\/tbody>\n<\/table>\n<table width=\"1651\">\n<tbody>\n<tr>\n<td width=\"215\">\u00c1mbito de aplicaci\u00f3n<\/td>\n<td width=\"211\">\u00cdndice de la Regulaci\u00f3n<\/td>\n<td width=\"221\">Objeto de la Regulaci\u00f3n<\/td>\n<td width=\"217\">Materia<\/td>\n<td width=\"237\">Sectores y sujetos regulados<\/td>\n<td width=\"227\">Tr\u00e1mites y Servicios relacionados con la Regulaci\u00f3n<\/td>\n<td width=\"323\">Identificaci\u00f3n de fundamentos jur\u00eddicos para la realizaci\u00f3n de inspecciones y visitas domiciliarias<\/td>\n<\/tr>\n<tr>\n<td width=\"215\">Interna en el Ayuntamiento de Cuernavaca<\/td>\n<td width=\"211\">P\u00e1gina 1. Considerandos; P\u00e1gina 2. Art\u00edculos dispositivos; P\u00e1gina 3. Art\u00edculos transitorios, y P\u00e1gina 4. Lugar, firmas y r\u00fabricas.<\/td>\n<td width=\"221\">Se designa como Secretario de Administraci\u00f3n del Ayuntamiento de Cuernavaca, al ciudadano Israel Rafael Y\u00fadico Herrera<\/td>\n<td width=\"217\">Administrativa<\/td>\n<td width=\"237\">Ning\u00fan sector<\/td>\n<td width=\"227\">Ninguno<\/td>\n<td width=\"323\">Ninguno<\/td>\n<\/tr>\n<\/tbody>\n<\/table>\n<table width=\"506\">\n<tbody>\n<tr>\n<td width=\"303\">Nombre de la Regulaci\u00f3n<\/td>\n<td width=\"203\">Tipo de documento<\/td>\n<\/tr>\n<tr>\n<td width=\"303\"><strong><span style=\"text-decoration: underline\"><span style=\"color: #0000ff\"><a style=\"color: #0000ff;text-decoration: underline\" href=\"https:\/\/cuernavaca.gob.mx\/dmer\/wp-content\/uploads\/2022\/06\/2.-ACUERDO-SO-AC-2-1-I-2022.-SECRETARIA-DE-ADMINISTRACION.docx\" target=\"_blank\" rel=\"noopener\">SO\/AC-002-01-2022, mediante el cual se designa al ciudadano Israel Rafael Y\u00fadico Herrera como Secretario de Administraci\u00f3n del Ayuntamiento de Cuernavaca<\/a><\/span><\/span><\/strong><\/td>\n<td><span style=\"color: #0000ff\"><strong><span style=\"text-decoration: underline\"><a style=\"color: #0000ff;text-decoration: underline\" href=\"https:\/\/cuernavaca.gob.mx\/dmer\/wp-content\/uploads\/2022\/06\/SO\uf022AC-002-01-2022-mediante-el-cual-se-designa-al-ciudadano-Israel-Rafael-Yudico-Herrera-como-Secretario-de-Administracion-del-Ayuntamiento-de-Cuernavaca.docx\" target=\"_blank\" rel=\"noopener\">Exenci\u00f3n AIR<\/a><\/span><\/strong><\/span><\/td>\n<\/tr>\n<\/tbody>\n<\/table>\n                <\/div>\r\n                        <div post_id=\"3370\" itemcount=\"3\" header_id=\"header-1655225371733\" id=\"header-1655225371733\" style=\"\" class=\"accordions-head head1655225371733 border-none\" toggle-text=\"\" main-text=\"SO\/AC-003-01-2022, mediante el cual se designa al ciudadano Carlos Javier Arozarena Salazar como Tesorero del Ayuntamiento de Cuernavaca\">\r\n                                            <span id=\"accordion-icons-1655225371733\" class=\"accordion-icons\">\r\n                            <span class=\"accordion-icon-active accordion-plus\"><i class=\"fas fa-chevron-up\"><\/i><\/span>\r\n                            <span class=\"accordion-icon-inactive accordion-minus\"><i class=\"fas fa-chevron-right\"><\/i><\/span>\r\n                        <\/span>\r\n                        <span id=\"header-text-1655225371733\" class=\"accordions-head-title\">SO\/AC-003-01-2022, mediante el cual se designa al ciudadano Carlos Javier Arozarena Salazar como Tesorero del Ayuntamiento de Cuernavaca<\/span>\r\n                                    <\/div>\r\n                <div class=\"accordion-content content1655225371733 \">\r\n                    <table width=\"1834\">\n<tbody>\n<tr>\n<td width=\"375\">Nombre de la Regulaci\u00f3n<\/td>\n<td width=\"263\">N\u00famero de Expediente<\/td>\n<td width=\"263\">Tipo de documeno<\/td>\n<td width=\"273\">Autoridad que la emite<\/td>\n<td width=\"240\">Autoridad o autoridades que la aplican<\/td>\n<td width=\"223\">Fecha en que ha sido actualizada<\/td>\n<td width=\"197\">Tipo de ordenamiento jur\u00eddico<\/td>\n<\/tr>\n<tr>\n<td width=\"375\">SO\/AC-003-01-2022, mediante el cual se designa al ciudadano Carlos Javier Arozarena Salazar como Tesorero del Ayuntamiento de Cuernavaca<\/td>\n<td width=\"263\">SDEyT\/DMR\/AIR\/01\/2022-SA<\/td>\n<td width=\"263\">Exenci\u00f3n de elaborar el AIR<\/td>\n<td width=\"273\">Secretar\u00eda del Ayuntamiento<\/td>\n<td width=\"240\">Secretar\u00eda de Administraci\u00f3n<\/td>\n<td width=\"223\">01\/01\/2022<\/td>\n<td width=\"197\">Acuerdo<\/td>\n<\/tr>\n<\/tbody>\n<\/table>\n<table width=\"1651\">\n<tbody>\n<tr>\n<td width=\"215\">\u00c1mbito de aplicaci\u00f3n<\/td>\n<td width=\"211\">\u00cdndice de la Regulaci\u00f3n<\/td>\n<td width=\"221\">Objeto de la Regulaci\u00f3n<\/td>\n<td width=\"217\">Materia<\/td>\n<td width=\"237\">Sectores y sujetos regulados<\/td>\n<td width=\"227\">Tr\u00e1mites y Servicios relacionados con la Regulaci\u00f3n<\/td>\n<td width=\"323\">Identificaci\u00f3n de fundamentos jur\u00eddicos para la realizaci\u00f3n de inspecciones y visitas domiciliarias<\/td>\n<\/tr>\n<tr>\n<td width=\"215\">Interna en el Ayuntamiento de Cuernavaca<\/td>\n<td width=\"211\">P\u00e1gina 1. Considerandos; P\u00e1gina 2. Art\u00edculos dispositivos; P\u00e1gina 3. Art\u00edculos transitorios, y P\u00e1gina 4. Lugar, firmas y r\u00fabricas.<\/td>\n<td width=\"221\">Se designa como Tesorero del Ayuntamiento de Cuernavaca, al ciudadano Carlos Javier Arozarena Salazar<\/td>\n<td width=\"217\">Administrativa<\/td>\n<td width=\"237\">Ning\u00fan sector<\/td>\n<td width=\"227\">Ninguno<\/td>\n<td width=\"323\">Ninguno<\/td>\n<\/tr>\n<\/tbody>\n<\/table>\n<table width=\"506\">\n<tbody>\n<tr>\n<td width=\"303\">Nombre de la Regulaci\u00f3n<\/td>\n<td width=\"203\">Tipo de documento<\/td>\n<\/tr>\n<tr>\n<td width=\"303\"><strong><span style=\"text-decoration: underline\"><span style=\"color: #0000ff\"><a style=\"color: #0000ff;text-decoration: underline\" href=\"https:\/\/cuernavaca.gob.mx\/dmer\/wp-content\/uploads\/2022\/06\/3.-ACUERDO-SO-AC-3-1-I-2022.-TESORERIA.docx\" target=\"_blank\" rel=\"noopener\">SO\/AC-003-01-2022, mediante el cual se designa al ciudadano Carlos Javier Arozarena Salazar como Tesorero del Ayuntamiento de Cuernavaca<\/a><\/span><\/span><\/strong><\/td>\n<td><strong><span style=\"text-decoration: underline\"><span style=\"color: #0000ff\"><a style=\"color: #0000ff;text-decoration: underline\" href=\"https:\/\/cuernavaca.gob.mx\/dmer\/wp-content\/uploads\/2022\/06\/SO\uf022AC-003-01-2022-mediante-el-cual-se-designa-al-ciudadano-Israel-Rafael-Yudico-Herrera-como-Secretario-de-Administracion-del-Ayuntamiento-de-Cuernavaca.docx\" target=\"_blank\" rel=\"noopener\">Exenci\u00f3n AIR<\/a><\/span><\/span><\/strong><\/td>\n<\/tr>\n<\/tbody>\n<\/table>\n                <\/div>\r\n                        <div post_id=\"3370\" itemcount=\"4\" header_id=\"header-1655225618709\" id=\"header-1655225618709\" style=\"\" class=\"accordions-head head1655225618709 border-none\" toggle-text=\"\" main-text=\"SO\/AC-004-01-2022, mediante el cual se designa a la ciudadana Dolores \u00c1lvarez D\u00edaz como Contralora del Ayuntamiento de Cuernavaca\">\r\n                                            <span id=\"accordion-icons-1655225618709\" class=\"accordion-icons\">\r\n                            <span class=\"accordion-icon-active accordion-plus\"><i class=\"fas fa-chevron-up\"><\/i><\/span>\r\n                            <span class=\"accordion-icon-inactive accordion-minus\"><i class=\"fas fa-chevron-right\"><\/i><\/span>\r\n                        <\/span>\r\n                        <span id=\"header-text-1655225618709\" class=\"accordions-head-title\">SO\/AC-004-01-2022, mediante el cual se designa a la ciudadana Dolores \u00c1lvarez D\u00edaz como Contralora del Ayuntamiento de Cuernavaca<\/span>\r\n                                    <\/div>\r\n                <div class=\"accordion-content content1655225618709 \">\r\n                    <table width=\"1834\">\n<tbody>\n<tr>\n<td width=\"375\">Nombre de la Regulaci\u00f3n<\/td>\n<td width=\"263\">N\u00famero de Expediente<\/td>\n<td width=\"263\">Tipo de documeno<\/td>\n<td width=\"273\">Autoridad que la emite<\/td>\n<td width=\"240\">Autoridad o autoridades que la aplican<\/td>\n<td width=\"223\">Fecha en que ha sido actualizada<\/td>\n<td width=\"197\">Tipo de ordenamiento jur\u00eddico<\/td>\n<\/tr>\n<tr>\n<td width=\"375\">Acuerdo SO\/AC-004-01-2022, mediante el cual se designa a la ciudadana Dolores \u00c1lvarez D\u00edaz como Contralora del Ayuntamiento de Cuernavaca<\/td>\n<td width=\"263\">SDEyT\/DMR\/AIR\/01\/2022-SA<\/td>\n<td width=\"263\">Exenci\u00f3n de elaborar el AIR<\/td>\n<td width=\"273\">Secretar\u00eda del Ayuntamiento<\/td>\n<td width=\"240\">Secretar\u00eda de Administraci\u00f3n<\/td>\n<td width=\"223\">01\/01\/2022<\/td>\n<td width=\"197\">Acuerdo<\/td>\n<\/tr>\n<\/tbody>\n<\/table>\n<table width=\"1651\">\n<tbody>\n<tr>\n<td width=\"215\">\u00c1mbito de aplicaci\u00f3n<\/td>\n<td width=\"211\">\u00cdndice de la Regulaci\u00f3n<\/td>\n<td width=\"221\">Objeto de la Regulaci\u00f3n<\/td>\n<td width=\"217\">Materia<\/td>\n<td width=\"237\">Sectores y sujetos regulados<\/td>\n<td width=\"227\">Tr\u00e1mites y Servicios relacionados con la Regulaci\u00f3n<\/td>\n<td width=\"323\">Identificaci\u00f3n de fundamentos jur\u00eddicos para la realizaci\u00f3n de inspecciones y visitas domiciliarias<\/td>\n<\/tr>\n<tr>\n<td width=\"215\">Interna en el Ayuntamiento de Cuernavaca<\/td>\n<td width=\"211\">P\u00e1gina 1. Considerandos; P\u00e1gina 2. Art\u00edculos dispositivos; P\u00e1gina 3. Art\u00edculos transitorios, y P\u00e1gina 4. Lugar, firmas y r\u00fabricas.<\/td>\n<td width=\"221\">Se designa como Contralora del Ayuntamiento de Cuernavaca, a la ciudadana Dolores \u00c1lvarez D\u00edaz<\/td>\n<td width=\"217\">Administrativa<\/td>\n<td width=\"237\">Ning\u00fan sector<\/td>\n<td width=\"227\">Ninguno<\/td>\n<td width=\"323\">Ninguno<\/td>\n<\/tr>\n<\/tbody>\n<\/table>\n<table width=\"506\">\n<tbody>\n<tr>\n<td width=\"303\">Nombre de la Regulaci\u00f3n<\/td>\n<td width=\"203\">Tipo de documento<\/td>\n<\/tr>\n<tr>\n<td width=\"303\"><strong><span style=\"text-decoration: underline\"><span style=\"color: #0000ff\"><a style=\"color: #0000ff;text-decoration: underline\" href=\"https:\/\/cuernavaca.gob.mx\/dmer\/wp-content\/uploads\/2022\/06\/4.-ACUERDO-SO-AC-4-1-I-2022.-CONTRALORIA.docx\" target=\"_blank\" rel=\"noopener\">Acuerdo SO\/AC-004-01-2022, mediante el cual se designa a la ciudadana Dolores \u00c1lvarez D\u00edaz como Contralora del Ayuntamiento de Cuernavaca<\/a><\/span><\/span><\/strong><\/td>\n<td><strong><span style=\"text-decoration: underline\"><span style=\"color: #0000ff\"><a style=\"color: #0000ff;text-decoration: underline\" href=\"https:\/\/cuernavaca.gob.mx\/dmer\/wp-content\/uploads\/2022\/06\/SO\uf022AC-004-01-2022-mediante-el-cual-se-designa-a-la-ciudadana-Dolores-Alvarez-Diaz-como-Contralora-del-Ayuntamiento-de-Cuernavaca-.docx\" target=\"_blank\" rel=\"noopener\">Exenci\u00f3n AIR<\/a><\/span><\/span><\/strong><\/td>\n<\/tr>\n<\/tbody>\n<\/table>\n                <\/div>\r\n                        <div post_id=\"3370\" itemcount=\"5\" header_id=\"header-1655225838534\" id=\"header-1655225838534\" style=\"\" class=\"accordions-head head1655225838534 border-none\" toggle-text=\"\" main-text=\"SO\/AC-005-01-2022, mediante el cual se designa a la ciudadana Alicia V\u00e1zquez Luna como Secretaria de Seguridad P\u00fablica del Ayuntamiento de Cuernavaca\">\r\n                                            <span id=\"accordion-icons-1655225838534\" class=\"accordion-icons\">\r\n                            <span class=\"accordion-icon-active accordion-plus\"><i class=\"fas fa-chevron-up\"><\/i><\/span>\r\n                            <span class=\"accordion-icon-inactive accordion-minus\"><i class=\"fas fa-chevron-right\"><\/i><\/span>\r\n                        <\/span>\r\n                        <span id=\"header-text-1655225838534\" class=\"accordions-head-title\">SO\/AC-005-01-2022, mediante el cual se designa a la ciudadana Alicia V\u00e1zquez Luna como Secretaria de Seguridad P\u00fablica del Ayuntamiento de Cuernavaca<\/span>\r\n                                    <\/div>\r\n                <div class=\"accordion-content content1655225838534 \">\r\n                    <table width=\"1834\">\n<tbody>\n<tr>\n<td width=\"375\">Nombre de la Regulaci\u00f3n<\/td>\n<td width=\"263\">N\u00famero de Expediente<\/td>\n<td width=\"263\">Tipo de documeno<\/td>\n<td width=\"273\">Autoridad que la emite<\/td>\n<td width=\"240\">Autoridad o autoridades que la aplican<\/td>\n<td width=\"223\">Fecha en que ha sido actualizada<\/td>\n<td width=\"197\">Tipo de ordenamiento jur\u00eddico<\/td>\n<\/tr>\n<tr>\n<td width=\"375\">Acuerdo SO\/AC-005-01-2022, mediante el cual se designa a la ciudadana Alicia V\u00e1zquez Luna como Secretaria de Seguridad P\u00fablica del Ayuntamiento de Cuernavaca<\/td>\n<td width=\"263\">SDEyT\/DMR\/AIR\/01\/2022-SA<\/td>\n<td width=\"263\">Exenci\u00f3n de elaborar el AIR<\/td>\n<td width=\"273\">Secretar\u00eda del Ayuntamiento<\/td>\n<td width=\"240\">Secretar\u00eda de Administraci\u00f3n<\/td>\n<td width=\"223\">01\/01\/2022<\/td>\n<td width=\"197\">Acuerdo<\/td>\n<\/tr>\n<\/tbody>\n<\/table>\n<table width=\"1651\">\n<tbody>\n<tr>\n<td width=\"215\">\u00c1mbito de aplicaci\u00f3n<\/td>\n<td width=\"211\">\u00cdndice de la Regulaci\u00f3n<\/td>\n<td width=\"221\">Objeto de la Regulaci\u00f3n<\/td>\n<td width=\"217\">Materia<\/td>\n<td width=\"237\">Sectores y sujetos regulados<\/td>\n<td width=\"227\">Tr\u00e1mites y Servicios relacionados con la Regulaci\u00f3n<\/td>\n<td width=\"323\">Identificaci\u00f3n de fundamentos jur\u00eddicos para la realizaci\u00f3n de inspecciones y visitas domiciliarias<\/td>\n<\/tr>\n<tr>\n<td width=\"215\">Interna en el Ayuntamiento de Cuernavaca<\/td>\n<td width=\"211\">P\u00e1gina 1. Considerandos; P\u00e1gina 2. Art\u00edculos dispositivos; P\u00e1gina 3. Art\u00edculos transitorios, y P\u00e1gina 4. Lugar, firmas y r\u00fabricas.<\/td>\n<td width=\"221\">Se designa como Secretaria de Seguridad P\u00fablica del Ayuntamiento de Cuernavaca, a la ciudadana Alicia V\u00e1zquez Luna.<\/td>\n<td width=\"217\">Administrativa<\/td>\n<td width=\"237\">Ning\u00fan sector<\/td>\n<td width=\"227\">Ninguno<\/td>\n<td width=\"323\">Ninguno<\/td>\n<\/tr>\n<\/tbody>\n<\/table>\n<table width=\"506\">\n<tbody>\n<tr>\n<td width=\"303\">Nombre de la Regulaci\u00f3n<\/td>\n<td width=\"203\">Tipo de documento<\/td>\n<\/tr>\n<tr>\n<td width=\"303\"><strong><span style=\"text-decoration: underline\"><span style=\"color: #0000ff;text-decoration: underline\"><a style=\"color: #0000ff;text-decoration: underline\" href=\"https:\/\/cuernavaca.gob.mx\/dmer\/wp-content\/uploads\/2022\/06\/5.-ACUERDO-SO-AC-5-1-I-2022.-SEGURIDAD-PUBLICA.docx\" target=\"_blank\" rel=\"noopener\">Acuerdo SO\/AC-005-01-2022, mediante el cual se designa a la ciudadana Alicia V\u00e1zquez Luna como Secretaria de Seguridad P\u00fablica del Ayuntamiento de Cuernavaca<\/a><\/span><\/span><\/strong><\/td>\n<td><strong><span style=\"text-decoration: underline\"><span style=\"color: #0000ff\"><a style=\"color: #0000ff;text-decoration: underline\" href=\"https:\/\/cuernavaca.gob.mx\/dmer\/wp-content\/uploads\/2022\/06\/SO\uf022AC-005-01-2022-mediante-el-cual-se-designa-a-la-ciudadana-Alicia-Vazquez-Luna-como-Secretaria-de-Seguridad-Publica-del-Ayuntamiento-de-Cuernavaca.docx\" target=\"_blank\" rel=\"noopener\">Exenci\u00f3n AIR<\/a><\/span><\/span><\/strong><\/td>\n<\/tr>\n<\/tbody>\n<\/table>\n                <\/div>\r\n                        <div post_id=\"3370\" itemcount=\"6\" header_id=\"header-1655226132758\" id=\"header-1655226132758\" style=\"\" class=\"accordions-head head1655226132758 border-none\" toggle-text=\"\" main-text=\"SO\/AC-006-01-2022, mediante el cual se designa al ciudadano Alejandro Rosas L\u00f3pez como Secretario de Desarrollo Urbano y Obras P\u00fablicas del Ayuntamiento de Cuernavaca\">\r\n                                            <span id=\"accordion-icons-1655226132758\" class=\"accordion-icons\">\r\n                            <span class=\"accordion-icon-active accordion-plus\"><i class=\"fas fa-chevron-up\"><\/i><\/span>\r\n                            <span class=\"accordion-icon-inactive accordion-minus\"><i class=\"fas fa-chevron-right\"><\/i><\/span>\r\n                        <\/span>\r\n                        <span id=\"header-text-1655226132758\" class=\"accordions-head-title\">SO\/AC-006-01-2022, mediante el cual se designa al ciudadano Alejandro Rosas L\u00f3pez como Secretario de Desarrollo Urbano y Obras P\u00fablicas del Ayuntamiento de Cuernavaca<\/span>\r\n                                    <\/div>\r\n                <div class=\"accordion-content content1655226132758 \">\r\n                    <table width=\"1834\">\n<tbody>\n<tr>\n<td width=\"375\">Nombre de la Regulaci\u00f3n<\/td>\n<td width=\"263\">N\u00famero de Expediente<\/td>\n<td width=\"263\">Tipo de documeno<\/td>\n<td width=\"273\">Autoridad que la emite<\/td>\n<td width=\"240\">Autoridad o autoridades que la aplican<\/td>\n<td width=\"223\">Fecha en que ha sido actualizada<\/td>\n<td width=\"197\">Tipo de ordenamiento jur\u00eddico<\/td>\n<\/tr>\n<tr>\n<td width=\"375\">Acuerdo SO\/AC-006-01-2022, mediante el cual se designa al ciudadano Alejandro Rosas L\u00f3pez como Secretario de Desarrollo Urbano y Obras P\u00fablicas del Ayuntamiento de Cuernavaca<\/td>\n<td width=\"263\">SDEyT\/DMR\/AIR\/01\/2022-SA<\/td>\n<td width=\"263\">Exenci\u00f3n de elaborar el AIR<\/td>\n<td width=\"273\">Secretar\u00eda del Ayuntamiento<\/td>\n<td width=\"240\">Secretar\u00eda de Administraci\u00f3n<\/td>\n<td width=\"223\">01\/01\/2022<\/td>\n<td width=\"197\">Acuerdo<\/td>\n<\/tr>\n<\/tbody>\n<\/table>\n<table width=\"1651\">\n<tbody>\n<tr>\n<td width=\"215\">\u00c1mbito de aplicaci\u00f3n<\/td>\n<td width=\"211\">\u00cdndice de la Regulaci\u00f3n<\/td>\n<td width=\"221\">Objeto de la Regulaci\u00f3n<\/td>\n<td width=\"217\">Materia<\/td>\n<td width=\"237\">Sectores y sujetos regulados<\/td>\n<td width=\"227\">Tr\u00e1mites y Servicios relacionados con la Regulaci\u00f3n<\/td>\n<td width=\"323\">Identificaci\u00f3n de fundamentos jur\u00eddicos para la realizaci\u00f3n de inspecciones y visitas domiciliarias<\/td>\n<\/tr>\n<tr>\n<td width=\"215\">Interna en el Ayuntamiento de Cuernavaca<\/td>\n<td width=\"211\">P\u00e1gina 1. Considerandos; P\u00e1gina 2. Art\u00edculos dispositivos; P\u00e1gina 3. Art\u00edculos transitorios, y P\u00e1gina 4. Lugar, firmas y r\u00fabricas.<\/td>\n<td width=\"221\">Se designa como Secretario de Desarrollo Urbano y Obras P\u00fablicas del Ayuntamiento de Cuernavaca, al Ciudadano Alejandro Rosas L\u00f3pez.<\/td>\n<td width=\"217\">Administrativa<\/td>\n<td width=\"237\">Ning\u00fan sector<\/td>\n<td width=\"227\">Ninguno<\/td>\n<td width=\"323\">Ninguno<\/td>\n<\/tr>\n<\/tbody>\n<\/table>\n<table width=\"506\">\n<tbody>\n<tr>\n<td width=\"303\">Nombre de la Regulaci\u00f3n<\/td>\n<td width=\"203\">Tipo de documento<\/td>\n<\/tr>\n<tr>\n<td width=\"303\"><strong><span style=\"text-decoration: underline\"><span style=\"color: #0000ff\"><a style=\"color: #0000ff;text-decoration: underline\" href=\"https:\/\/cuernavaca.gob.mx\/dmer\/wp-content\/uploads\/2022\/06\/6.-ACUERDO-SO-AC-6-1-I-2022.-SECRETARIA-DE-DESARROLLO-URBANO-Y-OBRAS-PUBLICAS.docx\" target=\"_blank\" rel=\"noopener\">Acuerdo SO\/AC-006-01-2022, mediante el cual se designa al ciudadano Alejandro Rosas L\u00f3pez como Secretario de Desarrollo Urbano y Obras P\u00fablicas del Ayuntamiento de Cuernavaca<\/a><\/span><\/span><\/strong><\/td>\n<td><strong><span style=\"text-decoration: underline\"><span style=\"color: #0000ff\"><a style=\"color: #0000ff;text-decoration: underline\" href=\"https:\/\/cuernavaca.gob.mx\/dmer\/wp-content\/uploads\/2022\/06\/SO\uf022AC-006-01-2022-mediante-el-cual-se-designa-al-ciudadano-Alejandro-Rosas-Lopez-como-Secretario-de-Desarrollo-Urbano-y-Obras-Publicas-del-Ayuntamiento-de-Cuernavaca.docx\" target=\"_blank\" rel=\"noopener\">Exenci\u00f3n AIR<\/a><\/span><\/span><\/strong><\/td>\n<\/tr>\n<\/tbody>\n<\/table>\n                <\/div>\r\n                        <div post_id=\"3370\" itemcount=\"7\" header_id=\"header-1655226329348\" id=\"header-1655226329348\" style=\"\" class=\"accordions-head head1655226329348 border-none\" toggle-text=\"\" main-text=\"SO\/AC-007-01-2022, mediante el cual se designa al ciudadano Pablo Aguilar Ochoa como Secretario de Desarrollo Sustentable y Servicios P\u00fablicos del Ayuntamiento de Cuernavaca\">\r\n                                            <span id=\"accordion-icons-1655226329348\" class=\"accordion-icons\">\r\n                            <span class=\"accordion-icon-active accordion-plus\"><i class=\"fas fa-chevron-up\"><\/i><\/span>\r\n                            <span class=\"accordion-icon-inactive accordion-minus\"><i class=\"fas fa-chevron-right\"><\/i><\/span>\r\n                        <\/span>\r\n                        <span id=\"header-text-1655226329348\" class=\"accordions-head-title\">SO\/AC-007-01-2022, mediante el cual se designa al ciudadano Pablo Aguilar Ochoa como Secretario de Desarrollo Sustentable y Servicios P\u00fablicos del Ayuntamiento de Cuernavaca<\/span>\r\n                                    <\/div>\r\n                <div class=\"accordion-content content1655226329348 \">\r\n                    <table width=\"1834\">\n<tbody>\n<tr>\n<td width=\"375\">Nombre de la Regulaci\u00f3n<\/td>\n<td width=\"263\">N\u00famero de Expediente<\/td>\n<td width=\"263\">Tipo de documeno<\/td>\n<td width=\"273\">Autoridad que la emite<\/td>\n<td width=\"240\">Autoridad o autoridades que la aplican<\/td>\n<td width=\"223\">Fecha en que ha sido actualizada<\/td>\n<td width=\"197\">Tipo de ordenamiento jur\u00eddico<\/td>\n<\/tr>\n<tr>\n<td width=\"375\">SO\/AC-007-01-2022, mediante el cual se designa al ciudadano Pablo Aguilar Ochoa como Secretario de Desarrollo Sustentable y Servicios P\u00fablicos del Ayuntamiento de Cuernavaca<\/td>\n<td width=\"263\">SDEyT\/DMR\/AIR\/01\/2022-SA<\/td>\n<td width=\"263\">Exenci\u00f3n de elaborar el AIR<\/td>\n<td width=\"273\">Secretar\u00eda del Ayuntamiento<\/td>\n<td width=\"240\">Secretar\u00eda de Administraci\u00f3n<\/td>\n<td width=\"223\">01\/01\/2022<\/td>\n<td width=\"197\">Acuerdo<\/td>\n<\/tr>\n<\/tbody>\n<\/table>\n<table width=\"1651\">\n<tbody>\n<tr>\n<td width=\"215\">\u00c1mbito de aplicaci\u00f3n<\/td>\n<td width=\"211\">\u00cdndice de la Regulaci\u00f3n<\/td>\n<td width=\"221\">Objeto de la Regulaci\u00f3n<\/td>\n<td width=\"217\">Materia<\/td>\n<td width=\"237\">Sectores y sujetos regulados<\/td>\n<td width=\"227\">Tr\u00e1mites y Servicios relacionados con la Regulaci\u00f3n<\/td>\n<td width=\"323\">Identificaci\u00f3n de fundamentos jur\u00eddicos para la realizaci\u00f3n de inspecciones y visitas domiciliarias<\/td>\n<\/tr>\n<tr>\n<td width=\"215\">Interna en el Ayuntamiento de Cuernavaca<\/td>\n<td width=\"211\">P\u00e1gina 1. Considerandos; P\u00e1gina 2. Art\u00edculos dispositivos; P\u00e1gina 3. Art\u00edculos transitorios, y P\u00e1gina 4. Lugar, firmas y r\u00fabricas.<\/td>\n<td width=\"221\">Se designa como Secretario de Desarrollo Sustentable y Servicios P\u00fablicos del Ayuntamiento de Cuernavaca, al Ciudadano Pablo Aguilar Ochoa.<\/td>\n<td width=\"217\">Administrativa<\/td>\n<td width=\"237\">Ning\u00fan sector<\/td>\n<td width=\"227\">Ninguno<\/td>\n<td width=\"323\">Ninguno<\/td>\n<\/tr>\n<\/tbody>\n<\/table>\n<table width=\"506\">\n<tbody>\n<tr>\n<td width=\"303\">Nombre de la Regulaci\u00f3n<\/td>\n<td width=\"203\">Tipo de documento<\/td>\n<\/tr>\n<tr>\n<td width=\"303\"><a href=\"https:\/\/cuernavaca.gob.mx\/dmer\/wp-content\/uploads\/2022\/06\/7.-ACUERDO-SO-AC-7-1-I-2022.-DESARROLLO-SUSTENTABLE.docx\" target=\"_blank\" rel=\"noopener\">SO\/AC-007-01-2022, mediante el cual se designa al ciudadano Pablo Aguilar Ochoa como Secretario de Desarrollo Sustentable y Servicios P\u00fablicos del Ayuntamiento de Cuernavaca<\/a><\/td>\n<td><a href=\"https:\/\/cuernavaca.gob.mx\/dmer\/wp-content\/uploads\/2022\/06\/SO\uf022AC-007-01-2022-mediante-el-cual-se-designa-al-ciudadano-Pablo-Aguilar-Ochoa-como-Secretario-de-Desarrollo-Sustentable-y-Servicios-Publicos-del-Ayuntamiento-de-Cuernavaca.docx\" target=\"_blank\" rel=\"noopener\">Exenci\u00f3n AIR<\/a><\/td>\n<\/tr>\n<\/tbody>\n<\/table>\n                <\/div>\r\n                        <div post_id=\"3370\" itemcount=\"8\" header_id=\"header-1655226521167\" id=\"header-1655226521167\" style=\"\" class=\"accordions-head head1655226521167 border-none\" toggle-text=\"\" main-text=\"SO\/AC-008-01-2022, mediante el cual se designa al ciudadano Humberto Paladino Valdovinos como Secretario de Desarrollo Econ\u00f3mico y Turismo del Ayuntamiento de Cuernavaca\">\r\n                                            <span id=\"accordion-icons-1655226521167\" class=\"accordion-icons\">\r\n                            <span class=\"accordion-icon-active accordion-plus\"><i class=\"fas fa-chevron-up\"><\/i><\/span>\r\n                            <span class=\"accordion-icon-inactive accordion-minus\"><i class=\"fas fa-chevron-right\"><\/i><\/span>\r\n                        <\/span>\r\n                        <span id=\"header-text-1655226521167\" class=\"accordions-head-title\">SO\/AC-008-01-2022, mediante el cual se designa al ciudadano Humberto Paladino Valdovinos como Secretario de Desarrollo Econ\u00f3mico y Turismo del Ayuntamiento de Cuernavaca<\/span>\r\n                                    <\/div>\r\n                <div class=\"accordion-content content1655226521167 \">\r\n                    <table width=\"1834\">\n<tbody>\n<tr>\n<td width=\"375\">Nombre de la Regulaci\u00f3n<\/td>\n<td width=\"263\">N\u00famero de Expediente<\/td>\n<td width=\"263\">Tipo de documeno<\/td>\n<td width=\"273\">Autoridad que la emite<\/td>\n<td width=\"240\">Autoridad o autoridades que la aplican<\/td>\n<td width=\"223\">Fecha en que ha sido actualizada<\/td>\n<td width=\"197\">Tipo de ordenamiento jur\u00eddico<\/td>\n<\/tr>\n<tr>\n<td width=\"375\">SO\/AC-008-01-2022, mediante el cual se designa al ciudadano Humberto Paladino Valdovinos como Secretario de Desarrollo Econ\u00f3mico y Turismo del Ayuntamiento de Cuernavaca<\/td>\n<td width=\"263\">SDEyT\/DMR\/AIR\/01\/2022-SA<\/td>\n<td width=\"263\">Exenci\u00f3n de elaborar el AIR<\/td>\n<td width=\"273\">Secretar\u00eda del Ayuntamiento<\/td>\n<td width=\"240\">Secretar\u00eda de Administraci\u00f3n<\/td>\n<td width=\"223\">01\/01\/2022<\/td>\n<td width=\"197\">Acuerdo<\/td>\n<\/tr>\n<\/tbody>\n<\/table>\n<table width=\"1651\">\n<tbody>\n<tr>\n<td width=\"215\">\u00c1mbito de aplicaci\u00f3n<\/td>\n<td width=\"211\">\u00cdndice de la Regulaci\u00f3n<\/td>\n<td width=\"221\">Objeto de la Regulaci\u00f3n<\/td>\n<td width=\"217\">Materia<\/td>\n<td width=\"237\">Sectores y sujetos regulados<\/td>\n<td width=\"227\">Tr\u00e1mites y Servicios relacionados con la Regulaci\u00f3n<\/td>\n<td width=\"323\">Identificaci\u00f3n de fundamentos jur\u00eddicos para la realizaci\u00f3n de inspecciones y visitas domiciliarias<\/td>\n<\/tr>\n<tr>\n<td width=\"215\">Interna en el Ayuntamiento de Cuernavaca<\/td>\n<td width=\"211\">P\u00e1gina 1. Considerandos; P\u00e1gina 2. Art\u00edculos dispositivos; P\u00e1gina 3. Art\u00edculos transitorios, y P\u00e1gina 4. Lugar, firmas y r\u00fabricas.<\/td>\n<td width=\"221\">Se designa como Secretario de Desarrollo Econ\u00f3mico y Turismo del Ayuntamiento de Cuernavaca, al Ciudadano Humberto Paladino Valdovinos.<\/td>\n<td width=\"217\">Administrativa<\/td>\n<td width=\"237\">Ning\u00fan sector<\/td>\n<td width=\"227\">Ninguno<\/td>\n<td width=\"323\">Ninguno<\/td>\n<\/tr>\n<\/tbody>\n<\/table>\n<table width=\"506\">\n<tbody>\n<tr>\n<td width=\"303\">Nombre de la Regulaci\u00f3n<\/td>\n<td width=\"203\">Tipo de documento<\/td>\n<\/tr>\n<tr>\n<td width=\"303\"><a href=\"https:\/\/cuernavaca.gob.mx\/dmer\/wp-content\/uploads\/2022\/06\/8.-ACUERDO-SO-AC-8-1-I-2022.-SECRETARIA-DE-DESARROLLO-ECONOMICO-Y-TURISMO.docx\" target=\"_blank\" rel=\"noopener\"><strong><span style=\"text-decoration: underline\"><span style=\"color: #0000ff;text-decoration: underline\">SO\/AC-008-01-2022, mediante el cual se designa al ciudadano Humberto Paladino Valdovinos como Secretario de Desarrollo Econ\u00f3mico y Turismo del Ayuntamiento de Cuernavaca<\/span><\/span><\/strong><\/a><\/td>\n<td><a href=\"https:\/\/cuernavaca.gob.mx\/dmer\/wp-content\/uploads\/2022\/06\/SO\uf022AC-008-01-2022-mediante-el-cual-se-designa-al-ciudadano-Humberto-Paladino-Valdovinos-como-Secretario-de-Desarrollo-Economico-y-Turismo-del-Ayuntamiento-de-Cuernavaca.docx\" target=\"_blank\" rel=\"noopener\"><strong><span style=\"text-decoration: underline\"><span style=\"color: #0000ff;text-decoration: underline\">Exenci\u00f3n AIR<\/span><\/span><\/strong><\/a><\/td>\n<\/tr>\n<\/tbody>\n<\/table>\n                <\/div>\r\n                        <div post_id=\"3370\" itemcount=\"9\" header_id=\"header-1655226840405\" id=\"header-1655226840405\" style=\"\" class=\"accordions-head head1655226840405 border-none\" toggle-text=\"\" main-text=\"SO\/AC-009-01-2022, mediante el cual se designa a la ciudadana Laura Patricia Hern\u00e1ndez Cruz como Secretaria de Bienestar Social y Valores del Ayuntamiento de Cuernavaca\">\r\n                                            <span id=\"accordion-icons-1655226840405\" class=\"accordion-icons\">\r\n                            <span class=\"accordion-icon-active accordion-plus\"><i class=\"fas fa-chevron-up\"><\/i><\/span>\r\n                            <span class=\"accordion-icon-inactive accordion-minus\"><i class=\"fas fa-chevron-right\"><\/i><\/span>\r\n                        <\/span>\r\n                        <span id=\"header-text-1655226840405\" class=\"accordions-head-title\">SO\/AC-009-01-2022, mediante el cual se designa a la ciudadana Laura Patricia Hern\u00e1ndez Cruz como Secretaria de Bienestar Social y Valores del Ayuntamiento de Cuernavaca<\/span>\r\n                                    <\/div>\r\n                <div class=\"accordion-content content1655226840405 \">\r\n                    <table width=\"1834\">\n<tbody>\n<tr>\n<td width=\"375\">Nombre de la Regulaci\u00f3n<\/td>\n<td width=\"263\">N\u00famero de Expediente<\/td>\n<td width=\"263\">Tipo de documeno<\/td>\n<td width=\"273\">Autoridad que la emite<\/td>\n<td width=\"240\">Autoridad o autoridades que la aplican<\/td>\n<td width=\"223\">Fecha en que ha sido actualizada<\/td>\n<td width=\"197\">Tipo de ordenamiento jur\u00eddico<\/td>\n<\/tr>\n<tr>\n<td width=\"375\">SO\/AC-009-01-2022, mediante el cual se designa a la ciudadana Laura Patricia Hern\u00e1ndez Cruz como Secretaria de Bienestar Social y Valores del Ayuntamiento de Cuernavaca<\/td>\n<td width=\"263\">SDEyT\/DMR\/AIR\/01\/2022-SA<\/td>\n<td width=\"263\">Exenci\u00f3n de elaborar el AIR<\/td>\n<td width=\"273\">Secretar\u00eda del Ayuntamiento<\/td>\n<td width=\"240\">Secretar\u00eda de Administraci\u00f3n<\/td>\n<td width=\"223\">01\/01\/2022<\/td>\n<td width=\"197\">Acuerdo<\/td>\n<\/tr>\n<\/tbody>\n<\/table>\n<table width=\"1651\">\n<tbody>\n<tr>\n<td width=\"215\">\u00c1mbito de aplicaci\u00f3n<\/td>\n<td width=\"211\">\u00cdndice de la Regulaci\u00f3n<\/td>\n<td width=\"221\">Objeto de la Regulaci\u00f3n<\/td>\n<td width=\"217\">Materia<\/td>\n<td width=\"237\">Sectores y sujetos regulados<\/td>\n<td width=\"227\">Tr\u00e1mites y Servicios relacionados con la Regulaci\u00f3n<\/td>\n<td width=\"323\">Identificaci\u00f3n de fundamentos jur\u00eddicos para la realizaci\u00f3n de inspecciones y visitas domiciliarias<\/td>\n<\/tr>\n<tr>\n<td width=\"215\">Interna en el Ayuntamiento de Cuernavaca<\/td>\n<td width=\"211\">P\u00e1gina 1. Considerandos; P\u00e1gina 2. Art\u00edculos dispositivos; P\u00e1gina 3. Art\u00edculos transitorios, y P\u00e1gina 4. Lugar, firmas y r\u00fabricas.<\/td>\n<td width=\"221\">Se designa como Secretaria de Bienestar Social y Valores del Ayuntamiento de Cuernavaca, a la Ciudadana Laura Patricia Hern\u00e1ndez Cruz.<\/td>\n<td width=\"217\">Administrativa<\/td>\n<td width=\"237\">Ning\u00fan sector<\/td>\n<td width=\"227\">Ninguno<\/td>\n<td width=\"323\">Ninguno<\/td>\n<\/tr>\n<\/tbody>\n<\/table>\n<table width=\"506\">\n<tbody>\n<tr>\n<td width=\"303\">Nombre de la Regulaci\u00f3n<\/td>\n<td width=\"203\">Tipo de documento<\/td>\n<\/tr>\n<tr>\n<td width=\"303\"><strong><span style=\"text-decoration: underline\"><span style=\"color: #0000ff\"><a style=\"color: #0000ff;text-decoration: underline\" href=\"https:\/\/cuernavaca.gob.mx\/dmer\/wp-content\/uploads\/2022\/06\/9.-ACUERDO-SO-AC-9-1-I-2022.-SECRETARIA-DE-BIENESTAR-SOCIAL-Y-VALORES.docx\" target=\"_blank\" rel=\"noopener\">SO\/AC-009-01-2022, mediante el cual se designa a la ciudadana Laura Patricia Hern\u00e1ndez Cruz como Secretaria de Bienestar Social y Valores del Ayuntamiento de Cuernavaca<\/a><\/span><\/span><\/strong><\/td>\n<td><strong><span style=\"text-decoration: underline\"><span style=\"color: #0000ff\"><a style=\"color: #0000ff;text-decoration: underline\" href=\"https:\/\/cuernavaca.gob.mx\/dmer\/wp-content\/uploads\/2022\/06\/9.-ACUERDO-SO-AC-9-1-I-2022.-SECRETARIA-DE-BIENESTAR-SOCIAL-Y-VALORES.docx\" target=\"_blank\" rel=\"noopener\">Exenci\u00f3n AIR<\/a><\/span><\/span><\/strong><\/td>\n<\/tr>\n<\/tbody>\n<\/table>\n                <\/div>\r\n                        <div post_id=\"3370\" itemcount=\"10\" header_id=\"header-1655227091910\" id=\"header-1655227091910\" style=\"\" class=\"accordions-head head1655227091910 border-none\" toggle-text=\"\" main-text=\"SO\/AC-010-01-2022, mediante el cual se designa a la ciudadana Lorena Castillo Castillo como Directora General del Instituto de las Mujeres del Ayuntamiento de Cuernavaca\">\r\n                                            <span id=\"accordion-icons-1655227091910\" class=\"accordion-icons\">\r\n                            <span class=\"accordion-icon-active accordion-plus\"><i class=\"fas fa-chevron-up\"><\/i><\/span>\r\n                            <span class=\"accordion-icon-inactive accordion-minus\"><i class=\"fas fa-chevron-right\"><\/i><\/span>\r\n                        <\/span>\r\n                        <span id=\"header-text-1655227091910\" class=\"accordions-head-title\">SO\/AC-010-01-2022, mediante el cual se designa a la ciudadana Lorena Castillo Castillo como Directora General del Instituto de las Mujeres del Ayuntamiento de Cuernavaca<\/span>\r\n                                    <\/div>\r\n                <div class=\"accordion-content content1655227091910 \">\r\n                    <table width=\"1834\">\n<tbody>\n<tr>\n<td width=\"375\">Nombre de la Regulaci\u00f3n<\/td>\n<td width=\"263\">N\u00famero de Expediente<\/td>\n<td width=\"263\">Tipo de documeno<\/td>\n<td width=\"273\">Autoridad que la emite<\/td>\n<td width=\"240\">Autoridad o autoridades que la aplican<\/td>\n<td width=\"223\">Fecha en que ha sido actualizada<\/td>\n<td width=\"197\">Tipo de ordenamiento jur\u00eddico<\/td>\n<\/tr>\n<tr>\n<td width=\"375\">SO\/AC-010-01-2022, mediante el cual se designa a la ciudadana Lorena Castillo Castillo como Directora General del Instituto de las Mujeres del Ayuntamiento de Cuernavaca<\/td>\n<td width=\"263\">SDEyT\/DMR\/AIR\/01\/2022-SA<\/td>\n<td width=\"263\">Exenci\u00f3n de elaborar el AIR<\/td>\n<td width=\"273\">Secretar\u00eda del Ayuntamiento<\/td>\n<td width=\"240\">Secretar\u00eda de Administraci\u00f3n<\/td>\n<td width=\"223\">01\/01\/2022<\/td>\n<td width=\"197\">Acuerdo<\/td>\n<\/tr>\n<\/tbody>\n<\/table>\n<table width=\"1651\">\n<tbody>\n<tr>\n<td width=\"215\">\u00c1mbito de aplicaci\u00f3n<\/td>\n<td width=\"211\">\u00cdndice de la Regulaci\u00f3n<\/td>\n<td width=\"221\">Objeto de la Regulaci\u00f3n<\/td>\n<td width=\"217\">Materia<\/td>\n<td width=\"237\">Sectores y sujetos regulados<\/td>\n<td width=\"227\">Tr\u00e1mites y Servicios relacionados con la Regulaci\u00f3n<\/td>\n<td width=\"323\">Identificaci\u00f3n de fundamentos jur\u00eddicos para la realizaci\u00f3n de inspecciones y visitas domiciliarias<\/td>\n<\/tr>\n<tr>\n<td width=\"215\">Interna en el Ayuntamiento de Cuernavaca<\/td>\n<td width=\"211\">P\u00e1gina 1. Considerandos; P\u00e1gina 2. Art\u00edculos dispositivos; P\u00e1gina 3. Art\u00edculos transitorios, y P\u00e1gina 4. Lugar, firmas y r\u00fabricas.<\/td>\n<td width=\"221\">Se designa como Directora General del Instituto de las Mujeres del Ayuntamiento de Cuernavaca, a la Ciudadana Lorena Castillo Castillo.<\/td>\n<td width=\"217\">Administrativa<\/td>\n<td width=\"237\">Ning\u00fan sector<\/td>\n<td width=\"227\">Ninguno<\/td>\n<td width=\"323\">Ninguno<\/td>\n<\/tr>\n<\/tbody>\n<\/table>\n<table width=\"506\">\n<tbody>\n<tr>\n<td width=\"303\">Nombre de la Regulaci\u00f3n<\/td>\n<td width=\"203\">Tipo de documento<\/td>\n<\/tr>\n<tr>\n<td width=\"303\"><strong><span style=\"text-decoration: underline\"><span style=\"color: #0000ff\"><a style=\"color: #0000ff;text-decoration: underline\" href=\"https:\/\/cuernavaca.gob.mx\/dmer\/wp-content\/uploads\/2022\/06\/10.-ACUERDO-SO-AC-10-1-I-2022.-DIRECCION-GENERAL-DEL-INSTITUTO-DE-LA-MUJER.docx\" target=\"_blank\" rel=\"noopener\">SO\/AC-010-01-2022, mediante el cual se designa a la ciudadana Lorena Castillo Castillo como Directora General del Instituto de las Mujeres del Ayuntamiento de Cuernavaca<\/a><\/span><\/span><\/strong><\/td>\n<td><strong><span style=\"text-decoration: underline\"><span style=\"color: #0000ff\"><a style=\"color: #0000ff;text-decoration: underline\" href=\"https:\/\/cuernavaca.gob.mx\/dmer\/wp-content\/uploads\/2022\/06\/SO\uf022AC-010-01-2022-mediante-el-cual-se-designa-a-la-ciudadana-Lorena-Castillo-Castillo-como-Directora-General-del-Instituto-de-las-Mujeres-del-Ayuntamiento-de-Cuernavaca.docx\" target=\"_blank\" rel=\"noopener\">Exenci\u00f3n AIR<\/a><\/span><\/span><\/strong><\/td>\n<\/tr>\n<\/tbody>\n<\/table>\n                <\/div>\r\n                        <div post_id=\"3370\" itemcount=\"11\" header_id=\"header-1655227352130\" id=\"header-1655227352130\" style=\"\" class=\"accordions-head head1655227352130 border-none\" toggle-text=\"\" main-text=\"SO\/AC-011-01-2022, mediante el cual se designa al ciudadano Eduardo Villarreal Torres como titular de la Oficial\u00eda del Registro Civil Numero Uno del Ayuntamiento de Cuernavaca\">\r\n                                            <span id=\"accordion-icons-1655227352130\" class=\"accordion-icons\">\r\n                            <span class=\"accordion-icon-active accordion-plus\"><i class=\"fas fa-chevron-up\"><\/i><\/span>\r\n                            <span class=\"accordion-icon-inactive accordion-minus\"><i class=\"fas fa-chevron-right\"><\/i><\/span>\r\n                        <\/span>\r\n                        <span id=\"header-text-1655227352130\" class=\"accordions-head-title\">SO\/AC-011-01-2022, mediante el cual se designa al ciudadano Eduardo Villarreal Torres como titular de la Oficial\u00eda del Registro Civil Numero Uno del Ayuntamiento de Cuernavaca<\/span>\r\n                                    <\/div>\r\n                <div class=\"accordion-content content1655227352130 \">\r\n                    <table width=\"1834\">\n<tbody>\n<tr>\n<td width=\"375\">Nombre de la Regulaci\u00f3n<\/td>\n<td width=\"263\">N\u00famero de Expediente<\/td>\n<td width=\"263\">Tipo de documeno<\/td>\n<td width=\"273\">Autoridad que la emite<\/td>\n<td width=\"240\">Autoridad o autoridades que la aplican<\/td>\n<td width=\"223\">Fecha en que ha sido actualizada<\/td>\n<td width=\"197\">Tipo de ordenamiento jur\u00eddico<\/td>\n<\/tr>\n<tr>\n<td width=\"375\">SO\/AC-011-01-2022, mediante el cual se designa al ciudadano Eduardo Villarreal Torres como titular de la Oficial\u00eda del Registro Civil Numero Uno del Ayuntamiento de Cuernavaca<\/td>\n<td width=\"263\">SDEyT\/DMR\/AIR\/01\/2022-SA<\/td>\n<td width=\"263\">Exenci\u00f3n de elaborar el AIR<\/td>\n<td width=\"273\">Secretar\u00eda del Ayuntamiento<\/td>\n<td width=\"240\">Secretar\u00eda de Administraci\u00f3n<\/td>\n<td width=\"223\">01\/01\/2022<\/td>\n<td width=\"197\">Acuerdo<\/td>\n<\/tr>\n<\/tbody>\n<\/table>\n<table width=\"1651\">\n<tbody>\n<tr>\n<td width=\"215\">\u00c1mbito de aplicaci\u00f3n<\/td>\n<td width=\"211\">\u00cdndice de la Regulaci\u00f3n<\/td>\n<td width=\"221\">Objeto de la Regulaci\u00f3n<\/td>\n<td width=\"217\">Materia<\/td>\n<td width=\"237\">Sectores y sujetos regulados<\/td>\n<td width=\"227\">Tr\u00e1mites y Servicios relacionados con la Regulaci\u00f3n<\/td>\n<td width=\"323\">Identificaci\u00f3n de fundamentos jur\u00eddicos para la realizaci\u00f3n de inspecciones y visitas domiciliarias<\/td>\n<\/tr>\n<tr>\n<td width=\"215\">Interna en el Ayuntamiento de Cuernavaca<\/td>\n<td width=\"211\">P\u00e1gina 1. Considerandos; P\u00e1gina 2. Art\u00edculos dispositivos; P\u00e1gina 3. Art\u00edculos transitorios, y P\u00e1gina 4. Lugar, firmas y r\u00fabricas.<\/td>\n<td width=\"221\">Se designa como Titular de la Oficial\u00eda del Registro Civil N\u00famero Uno del Ayuntamiento de Cuernavaca, al Ciudadano Eduardo Villarreal Torres.<\/td>\n<td width=\"217\">Administrativa<\/td>\n<td width=\"237\">Ning\u00fan sector<\/td>\n<td width=\"227\">Ninguno<\/td>\n<td width=\"323\">Ninguno<\/td>\n<\/tr>\n<\/tbody>\n<\/table>\n<table width=\"506\">\n<tbody>\n<tr>\n<td width=\"303\">Nombre de la Regulaci\u00f3n<\/td>\n<td width=\"203\">Tipo de documento<\/td>\n<\/tr>\n<tr>\n<td width=\"303\"><strong><span style=\"text-decoration: underline\"><span style=\"color: #0000ff\"><a style=\"color: #0000ff;text-decoration: underline\" href=\"https:\/\/cuernavaca.gob.mx\/dmer\/wp-content\/uploads\/2022\/06\/11.-ACUERDO-SO-AC-11-1-I-2022.-OFICIALIA-REGISTRO-CIVIL-1.docx\" target=\"_blank\" rel=\"noopener\">SO\/AC-011-01-2022, mediante el cual se designa al ciudadano Eduardo Villarreal Torres como titular de la Oficial\u00eda del Registro Civil Numero Uno del Ayuntamiento de Cuernavaca<\/a><\/span><\/span><\/strong><\/td>\n<td><strong><span style=\"text-decoration: underline\"><span style=\"color: #0000ff\"><a style=\"color: #0000ff;text-decoration: underline\" href=\"https:\/\/cuernavaca.gob.mx\/dmer\/wp-content\/uploads\/2022\/06\/SO\uf022AC-011-01-2022-mediante-el-cual-se-designa-al-ciudadano-Eduardo-Villarreal-Torres-como-titular-de-la-Oficialia-del-Registro-Civil-Numero-Uno-del-Ayuntamiento-de-Cuernavaca.docx\" target=\"_blank\" rel=\"noopener\">Exenci\u00f3n AIR<\/a><\/span><\/span><\/strong><\/td>\n<\/tr>\n<\/tbody>\n<\/table>\n                <\/div>\r\n                        <div post_id=\"3370\" itemcount=\"12\" header_id=\"header-1655227912179\" id=\"header-1655227912179\" style=\"\" class=\"accordions-head head1655227912179 border-none\" toggle-text=\"\" main-text=\"SO\/AC-012-01-2022, mediante el cual se designa a la ciudadana Claudia Popoca Gonz\u00e1lez como titular de la Oficial\u00eda del Registro Civil Numero Tres del Ayuntamiento de Cuernavaca\">\r\n                                            <span id=\"accordion-icons-1655227912179\" class=\"accordion-icons\">\r\n                            <span class=\"accordion-icon-active accordion-plus\"><i class=\"fas fa-chevron-up\"><\/i><\/span>\r\n                            <span class=\"accordion-icon-inactive accordion-minus\"><i class=\"fas fa-chevron-right\"><\/i><\/span>\r\n                        <\/span>\r\n                        <span id=\"header-text-1655227912179\" class=\"accordions-head-title\">SO\/AC-012-01-2022, mediante el cual se designa a la ciudadana Claudia Popoca Gonz\u00e1lez como titular de la Oficial\u00eda del Registro Civil Numero Tres del Ayuntamiento de Cuernavaca<\/span>\r\n                                    <\/div>\r\n                <div class=\"accordion-content content1655227912179 \">\r\n                    <table width=\"1834\">\n<tbody>\n<tr>\n<td width=\"375\">Nombre de la Regulaci\u00f3n<\/td>\n<td width=\"263\">N\u00famero de Expediente<\/td>\n<td width=\"263\">Tipo de documeno<\/td>\n<td width=\"273\">Autoridad que la emite<\/td>\n<td width=\"240\">Autoridad o autoridades que la aplican<\/td>\n<td width=\"223\">Fecha en que ha sido actualizada<\/td>\n<td width=\"197\">Tipo de ordenamiento jur\u00eddico<\/td>\n<\/tr>\n<tr>\n<td width=\"375\">SO\/AC-012-01-2022, mediante el cual se designa a la ciudadana Claudia Popoca Gonz\u00e1lez como titular de la Oficial\u00eda del Registro Civil Numero Tres del Ayuntamiento de Cuernavaca<\/td>\n<td width=\"263\">SDEyT\/DMR\/AIR\/01\/2022-SA<\/td>\n<td width=\"263\">Exenci\u00f3n de elaborar el AIR<\/td>\n<td width=\"273\">Secretar\u00eda del Ayuntamiento<\/td>\n<td width=\"240\">Secretar\u00eda de Administraci\u00f3n<\/td>\n<td width=\"223\">01\/01\/2022<\/td>\n<td width=\"197\">Acuerdo<\/td>\n<\/tr>\n<\/tbody>\n<\/table>\n<table width=\"1651\">\n<tbody>\n<tr>\n<td width=\"215\">\u00c1mbito de aplicaci\u00f3n<\/td>\n<td width=\"211\">\u00cdndice de la Regulaci\u00f3n<\/td>\n<td width=\"221\">Objeto de la Regulaci\u00f3n<\/td>\n<td width=\"217\">Materia<\/td>\n<td width=\"237\">Sectores y sujetos regulados<\/td>\n<td width=\"227\">Tr\u00e1mites y Servicios relacionados con la Regulaci\u00f3n<\/td>\n<td width=\"323\">Identificaci\u00f3n de fundamentos jur\u00eddicos para la realizaci\u00f3n de inspecciones y visitas domiciliarias<\/td>\n<\/tr>\n<tr>\n<td width=\"215\">Interna en el Ayuntamiento de Cuernavaca<\/td>\n<td width=\"211\">P\u00e1gina 1. Considerandos; P\u00e1gina 2. Art\u00edculos dispositivos; P\u00e1gina 3. Art\u00edculos transitorios, y P\u00e1gina 4. Lugar, firmas y r\u00fabricas.<\/td>\n<td width=\"221\">Se designa como Titular de la Oficial\u00eda del Registro Civil N\u00famero Tres del Ayuntamiento de Cuernavaca, a la Ciudadana Claudia Popoca Gonz\u00e1lez.<\/td>\n<td width=\"217\">Administrativa<\/td>\n<td width=\"237\">Ning\u00fan sector<\/td>\n<td width=\"227\">Ninguno<\/td>\n<td width=\"323\">Ninguno<\/td>\n<\/tr>\n<\/tbody>\n<\/table>\n<table width=\"506\">\n<tbody>\n<tr>\n<td width=\"303\">Nombre de la Regulaci\u00f3n<\/td>\n<td width=\"203\">Tipo de documento<\/td>\n<\/tr>\n<tr>\n<td width=\"303\"><strong><span style=\"text-decoration: underline\"><span style=\"color: #0000ff\"><a style=\"color: #0000ff;text-decoration: underline\" href=\"https:\/\/cuernavaca.gob.mx\/dmer\/wp-content\/uploads\/2022\/06\/12.-ACUERDO-SO-AC-12-1-I-2022.-OFICIALIA-REGISTRO-CIVIL-3.docx\" target=\"_blank\" rel=\"noopener\">SO\/AC-012-01-2022, mediante el cual se designa a la ciudadana Claudia Popoca Gonz\u00e1lez como titular de la Oficial\u00eda del Registro Civil Numero Tres del Ayuntamiento de Cuernavaca<\/a><\/span><\/span><\/strong><\/td>\n<td><strong><span style=\"text-decoration: underline\"><span style=\"color: #0000ff\"><a style=\"color: #0000ff;text-decoration: underline\" href=\"https:\/\/cuernavaca.gob.mx\/dmer\/wp-content\/uploads\/2022\/06\/SO\uf022AC-012-01-2022-mediante-el-cual-se-designa-a-la-ciudadana-Claudia-Popoca-Gonzalez-como-titular-de-la-Oficialia-del-Registro-Civil-Numero-Tres-del-Ayuntamiento-de-Cuernavaca.docx\" target=\"_blank\" rel=\"noopener\">Exenci\u00f3n AIR<\/a><\/span><\/span><\/strong><\/td>\n<\/tr>\n<\/tbody>\n<\/table>\n                <\/div>\r\n                        <div post_id=\"3370\" itemcount=\"13\" header_id=\"header-1655228106707\" id=\"header-1655228106707\" style=\"\" class=\"accordions-head head1655228106707 border-none\" toggle-text=\"\" main-text=\"SO\/AC-013\/1-I-2022, que aprueba como logotipo que representa la imagen institucional del Ayuntamiento de Cuernavaca 2022-2024\">\r\n                                            <span id=\"accordion-icons-1655228106707\" class=\"accordion-icons\">\r\n                            <span class=\"accordion-icon-active accordion-plus\"><i class=\"fas fa-chevron-up\"><\/i><\/span>\r\n                            <span class=\"accordion-icon-inactive accordion-minus\"><i class=\"fas fa-chevron-right\"><\/i><\/span>\r\n                        <\/span>\r\n                        <span id=\"header-text-1655228106707\" class=\"accordions-head-title\">SO\/AC-013\/1-I-2022, que aprueba como logotipo que representa la imagen institucional del Ayuntamiento de Cuernavaca 2022-2024<\/span>\r\n                                    <\/div>\r\n                <div class=\"accordion-content content1655228106707 \">\r\n                    <table width=\"1834\">\n<tbody>\n<tr>\n<td width=\"375\">Nombre de la Regulaci\u00f3n<\/td>\n<td width=\"263\">N\u00famero de Expediente<\/td>\n<td width=\"263\">Tipo de documeno<\/td>\n<td width=\"273\">Autoridad que la emite<\/td>\n<td width=\"240\">Autoridad o autoridades que la aplican<\/td>\n<td width=\"223\">Fecha en que ha sido actualizada<\/td>\n<td width=\"197\">Tipo de ordenamiento jur\u00eddico<\/td>\n<\/tr>\n<tr>\n<td width=\"375\">SO\/AC-013\/1-I-2022, que aprueba como logotipo que representa la imagen institucional del Ayuntamiento de Cuernavaca 2022-2024<\/td>\n<td width=\"263\">SDEyT\/DMR\/AIR\/01\/2022-SA<\/td>\n<td width=\"263\">Exenci\u00f3n de elaborar el AIR<\/td>\n<td width=\"273\">Cabildo<\/td>\n<td width=\"240\">Presidencia Municipal<\/td>\n<td width=\"223\">01\/01\/2022<\/td>\n<td width=\"197\">Acuerdo<\/td>\n<\/tr>\n<\/tbody>\n<\/table>\n<table width=\"1651\">\n<tbody>\n<tr>\n<td width=\"215\">\u00c1mbito de aplicaci\u00f3n<\/td>\n<td width=\"211\">\u00cdndice de la Regulaci\u00f3n<\/td>\n<td width=\"221\">Objeto de la Regulaci\u00f3n<\/td>\n<td width=\"217\">Materia<\/td>\n<td width=\"237\">Sectores y sujetos regulados<\/td>\n<td width=\"227\">Tr\u00e1mites y Servicios relacionados con la Regulaci\u00f3n<\/td>\n<td width=\"323\">Identificaci\u00f3n de fundamentos jur\u00eddicos para la realizaci\u00f3n de inspecciones y visitas domiciliarias<\/td>\n<\/tr>\n<tr>\n<td width=\"215\">Interna en el Ayuntamiento de Cuernavaca<\/td>\n<td width=\"211\">P\u00e1gina 1. Considerandos; P\u00e1gina 2. Art\u00edculos dispositivos y art\u00edculos transitorios, y P\u00e1gina 3. Lugar, firmas y r\u00fabricas.<\/td>\n<td width=\"221\">Se aprueba el logotipo que representa la imagen institucional y que aparece a continuaci\u00f3n:<\/td>\n<td width=\"217\">Administrativa<\/td>\n<td width=\"237\">Ning\u00fan sector<\/td>\n<td width=\"227\">Ninguno<\/td>\n<td width=\"323\">Ninguno<\/td>\n<\/tr>\n<\/tbody>\n<\/table>\n<table width=\"506\">\n<tbody>\n<tr>\n<td width=\"303\">Nombre de la Regulaci\u00f3n<\/td>\n<td width=\"203\">Tipo de documento<\/td>\n<\/tr>\n<tr>\n<td width=\"303\"><span style=\"color: #0000ff\"><strong><span style=\"text-decoration: underline\"><a style=\"color: #0000ff;text-decoration: underline\" href=\"https:\/\/cuernavaca.gob.mx\/dmer\/wp-content\/uploads\/2022\/06\/13.-Acuerdo-SO-AC-13-I-2022.-IMAGEN-INSTITUCIONAL.doc\" target=\"_blank\" rel=\"noopener\">SO\/AC-013\/1-I-2022, que aprueba como logotipo que representa la imagen institucional del Ayuntamiento de Cuernavaca 2022-2024<\/a><\/span><\/strong><\/span><\/td>\n<td><strong><span style=\"text-decoration: underline\"><span style=\"color: #0000ff\"><a style=\"color: #0000ff;text-decoration: underline\" href=\"https:\/\/cuernavaca.gob.mx\/dmer\/wp-content\/uploads\/2022\/06\/SO\uf022AC-013-01-2022-que-aprueba-como-logotipo-que-representa-la-imagen-institucional-del-Ayuntamiento-de-Cuernavaca-2022-2024-.docx\" target=\"_blank\" rel=\"noopener\">Exenci\u00f3n AIR<\/a><\/span><\/span><\/strong><\/td>\n<\/tr>\n<\/tbody>\n<\/table>\n                <\/div>\r\n                        <div post_id=\"3370\" itemcount=\"14\" header_id=\"header-1655229174861\" id=\"header-1655229174861\" style=\"\" class=\"accordions-head head1655229174861 border-none\" toggle-text=\"\" main-text=\"SO\/AC-014\/1-I-2022, por el que se determina las Comisiones Municipales que atender\u00e1n los ramos de la administraci\u00f3n p\u00fablica\">\r\n                                            <span id=\"accordion-icons-1655229174861\" class=\"accordion-icons\">\r\n                            <span class=\"accordion-icon-active accordion-plus\"><i class=\"fas fa-chevron-up\"><\/i><\/span>\r\n                            <span class=\"accordion-icon-inactive accordion-minus\"><i class=\"fas fa-chevron-right\"><\/i><\/span>\r\n                        <\/span>\r\n                        <span id=\"header-text-1655229174861\" class=\"accordions-head-title\">SO\/AC-014\/1-I-2022, por el que se determina las Comisiones Municipales que atender\u00e1n los ramos de la administraci\u00f3n p\u00fablica<\/span>\r\n                                    <\/div>\r\n                <div class=\"accordion-content content1655229174861 \">\r\n                    <table width=\"1834\">\n<tbody>\n<tr>\n<td width=\"375\">Nombre de la Regulaci\u00f3n<\/td>\n<td width=\"263\">N\u00famero de Expediente<\/td>\n<td width=\"263\">Tipo de documeno<\/td>\n<td width=\"273\">Autoridad que la emite<\/td>\n<td width=\"240\">Autoridad o autoridades que la aplican<\/td>\n<td width=\"223\">Fecha en que ha sido actualizada<\/td>\n<td width=\"197\">Tipo de ordenamiento jur\u00eddico<\/td>\n<\/tr>\n<tr>\n<td width=\"375\">SO\/AC-014\/1-I-2022, por el que se determina las Comisiones Municipales que atender\u00e1n los ramos de la administraci\u00f3n p\u00fablica<\/td>\n<td width=\"263\">SDEyT\/DMR\/AIR\/01\/2022-SA<\/td>\n<td width=\"263\">Exenci\u00f3n de elaborar el AIR<\/td>\n<td width=\"273\">Cabildo<\/td>\n<td width=\"240\">Comisiones del Cabildo<\/td>\n<td width=\"223\">01\/01\/2022<\/td>\n<td width=\"197\">Acuerdo<\/td>\n<\/tr>\n<\/tbody>\n<\/table>\n<table width=\"1651\">\n<tbody>\n<tr>\n<td width=\"215\">\u00c1mbito de aplicaci\u00f3n<\/td>\n<td width=\"211\">\u00cdndice de la Regulaci\u00f3n<\/td>\n<td width=\"221\">Objeto de la Regulaci\u00f3n<\/td>\n<td width=\"217\">Materia<\/td>\n<td width=\"237\">Sectores y sujetos regulados<\/td>\n<td width=\"227\">Tr\u00e1mites y Servicios relacionados con la Regulaci\u00f3n<\/td>\n<td width=\"323\">Identificaci\u00f3n de fundamentos jur\u00eddicos para la realizaci\u00f3n de inspecciones y visitas domiciliarias<\/td>\n<\/tr>\n<tr>\n<td width=\"215\">Interna en el Ayuntamiento de Cuernavaca<\/td>\n<td width=\"211\">P\u00e1gina 1. Considerandos; P\u00e1gina 2. a la 5. Art\u00edculos dispositivos y art\u00edculos transitorios, y P\u00e1gina 6. Lugar, firmas y r\u00fabricas.<\/td>\n<td width=\"221\">Se nombra y aprueba la designaci\u00f3n de las Comisiones Municipales de Regidores que atender\u00e1n los diversos Ramos de la Administraci\u00f3n P\u00fablica, de este Ayuntamiento, en cumplimiento a lo dispuesto por el art\u00edculo 24, fracci\u00f3n II de la Ley Org\u00e1nica Municipal del Estado de Morelos, en los t\u00e9rminos siguientes:<br \/>\nCOMISI\u00d3N DE GOBERNACI\u00d3N Y REGLAMENTOS<br \/>\nPRESIDENTE REGIDORA PAZ HERN\u00c1NDEZ PARDO<br \/>\nVOCAL REGIDOR V\u00cdCTOR HUGO MANZO GOD\u00cdNEZ<br \/>\nVOCAL REGIDOR DEBENDRENATH SALAZAR SOLORIO<br \/>\nVOCAL REGIDORA MAR\u00cdA WENDI SALINAS RUIZ<br \/>\nVOCAL REGIDORA YAZM\u00cdN LUCERO CUENCA NORIA<br \/>\nCOMISI\u00d3N DE HACIENDA, PROGRAMACI\u00d3N Y PRESUPUESTO<br \/>\nPRESIDENTE REGIDOR V\u00cdCTOR ADRI\u00c1N MART\u00cdNEZ TERRAZAS<br \/>\nVOCAL REGIDOR CHRISTIAN MISHELL P\u00c9REZ JAIMES<br \/>\nVOCAL REGIDOR V\u00cdCTOR HUGO MANZO GOD\u00cdNEZ<br \/>\nVOCAL REGIDOR JES\u00daS TLACAELEL ROSALES PUEBLA<br \/>\nVOCAL REGIDORA YAZM\u00cdN LUCERO CUENCA NORIA<br \/>\nCOMISI\u00d3N DE PLANIFICACI\u00d3N Y DESARROLLO<br \/>\nPRESIDENTE REGIDOR V\u00cdCTOR HUGO MANZO GOD\u00cdNEZ<br \/>\nVOCAL REGIDOR V\u00cdCTOR ADRI\u00c1N MART\u00cdNEZ TERRAZAS<br \/>\nVOCAL REGIDOR JES\u00daS TLACAELEL ROSALES PUEBLA<br \/>\nCOMISI\u00d3N DE DESARROLLO URBANO, VIVIENDA Y OBRAS P\u00daBLICAS<br \/>\nPRESIDENTE REGIDORA PATRICIA LUC\u00cdA TORRES ROSALES<br \/>\nVOCAL REGIDOR V\u00cdCTOR HUGO MANZO GOD\u00cdNEZ<br \/>\nVOCAL REGIDOR V\u00cdCTOR ADRI\u00c1N MART\u00cdNEZ TERRAZAS<br \/>\nVOCAL REGIDORA MAR\u00cdA WENDI SALINAS RUIZ<br \/>\nVOCAL REGIDORA YAZM\u00cdN LUCERO CUENCA NORIA<br \/>\nCOMISI\u00d3N DE SERVICIOS P\u00daBLICOS MUNICIPALES<br \/>\nPRESIDENTE REGIDOR JES\u00daS RAUL FERNANDO CARILLO ALVARADO<br \/>\nVOCAL REGIDOR V\u00cdCTOR HUGO MANZO GOD\u00cdNEZ<br \/>\nVOCAL REGIDORA PATRICIA LUC\u00cdA TORRES ROSALES<br \/>\nVOCAL REGIDORA MAR\u00cdA WENDI SALINAS RUIZ<br \/>\nVOCAL REGIDORA YAZM\u00cdN LUCERO CUENCA NORIA<br \/>\nCOMISI\u00d3N DE BIENESTAR SOCIAL<br \/>\nPRESIDENTE REGIDOR V\u00cdCTOR HUGO MANZO GOD\u00cdNEZ<br \/>\nVOCAL REGIDOR JES\u00daS RAUL FERNANDO CARILLO ALVARADO<br \/>\nVOCAL REGIDOR DEBENDRENATH SALAZAR SOLORIO<br \/>\nVOCAL REGIDORA MAR\u00cdA WENDI SALINAS RUIZ<br \/>\nVOCAL REGIDORA YAZM\u00cdN LUCERO CUENCA NORIA<br \/>\nCOMISI\u00d3N DE DESARROLLO ECONOMICO<br \/>\nPRESIDENTE REGIDOR V\u00cdCTOR HUGO MANZO GOD\u00cdNEZ<br \/>\nVOCAL REGIDOR V\u00cdCTOR ADRI\u00c1N MART\u00cdNEZ TERRAZAS<br \/>\nVOCAL REGIDOR CHRISTIAN MISHELL P\u00c9REZ JAIMES<br \/>\nVOCAL REGIDORA PATRICIA LUC\u00cdA TORRES ROSALES<br \/>\nVOCAL REGIDORA YAZM\u00cdN LUCERO CUENCA NORIA<br \/>\nCOMISI\u00d3N DE SEGURIDAD P\u00daBLICA Y TR\u00c1NSITO<br \/>\nPRESIDENTE REGIDOR JES\u00daS TLACAELEL ROSALES PUEBLA<br \/>\nVOCAL REGIDOR JES\u00daS RAUL FERNANDO CARILLO ALVARADO<br \/>\nVOCAL REGIDOR V\u00cdCTOR HUGO MANZO GOD\u00cdNEZ<br \/>\nCOMISI\u00d3N DE ASUNTOS IND\u00cdGENAS, COLONIAS Y POBLADOS<br \/>\nPRESIDENTE REGIDORA YAZM\u00cdN LUCERO CUENCA NORIA<br \/>\nVOCAL REGIDORA PAZ HERN\u00c1NDEZ PARDO<br \/>\nVOCAL REGIDOR CHRISTIAN MISHELL P\u00c9REZ JAIMES<br \/>\nVOCAL REGIDORA PATRICIA LUC\u00cdA TORRES ROSALES<br \/>\nVOCAL REGIDORA MAR\u00cdA WENDI SALINAS RUIZ<br \/>\nCOMISI\u00d3N DE EDUCACI\u00d3N, CULTURA Y RECREACI\u00d3N<br \/>\nPRESIDENTE REGIDOR DEBENDRENATH SALAZAR SOLORIO<br \/>\nVOCAL REGIDORA PAZ HERN\u00c1NDEZ PARDO<br \/>\nVOCAL REGIDORA MIRNA MIREYA DELGADO ROMERO<br \/>\nCOMISI\u00d3N DE DESARROLLO AGROPECUARIO<br \/>\nPRESIDENTE REGIDORA PAZ HERN\u00c1NDEZ PARDO<br \/>\nVOCAL REGIDORA PATRICIA LUC\u00cdA TORRES ROSALES<br \/>\nVOCAL REGIDORA MIRNA MIREYA DELGADO ROMERO<br \/>\nCOMISI\u00d3N DE COORDINACI\u00d3N DE ORGANISMOS DESCENTRALIZADOS<br \/>\nPRESIDENTE REGIDORA MAR\u00cdA WENDI SALINAS RUIZ<br \/>\nVOCAL REGIDORA PATRICIA LUC\u00cdA TORRES ROSALES<br \/>\nVOCAL REGIDOR V\u00cdCTOR HUGO MANZO GOD\u00cdNEZ<br \/>\nVOCAL REGIDORA PAZ HERN\u00c1NDEZ PARDO<br \/>\nCOMISI\u00d3N DE PROTECCI\u00d3N AMBIENTAL Y DESARROLLO SUSTENTABLE<br \/>\nPRESIDENTE REGIDORA MAR\u00cdA WENDI SALINAS RUIZ<br \/>\nVOCAL REGIDOR JES\u00daS TLACAELEL ROSALES PUEBLA<br \/>\nVOCAL REGIDOR CHRISTIAN MISHELL P\u00c9REZ JAIMES<br \/>\nVOCAL REGIDORA PAZ HERN\u00c1NDEZ PARDO<br \/>\nCOMISI\u00d3N DE DERECHOS HUMANOS<br \/>\nPRESIDENTE REGIDOR DEBENDRENATH SALAZAR SOLORIO<br \/>\nVOCAL REGIDOR V\u00cdCTOR ADRI\u00c1N MART\u00cdNEZ TERRAZAS<br \/>\nVOCAL REGIDORA MIRNA MIREYA DELGADO ROMERO<br \/>\nCOMISI\u00d3N DE\u00a0 TURISMO<br \/>\nPRESIDENTE REGIDOR JES\u00daS RAUL FERNANDO CARILLO ALVARADO<br \/>\nVOCAL REGIDOR CHRISTIAN MISHELL P\u00c9REZ JAIMES<br \/>\nVOCAL REGIDORA PATRICIA LUC\u00cdA TORRES ROSALES<br \/>\nVOCAL REGIDORA MIRNA MIREYA DELGADO ROMERO<br \/>\nVOCAL REGIDORA MAR\u00cdA WENDI SALINAS RUIZ<br \/>\nCOMISI\u00d3N DE PATRIMONIO MUNICIPAL<br \/>\nPRESIDENTE REGIDORA MIRNA MIREYA DELGADO ROMERO<br \/>\nVOCAL REGIDORA PAZ HERN\u00c1NDEZ PARDO<br \/>\nVOCAL REGIDOR DEBENDRENATH SALAZAR SOLORIO<br \/>\nCOMISI\u00d3N DE PROTECCI\u00d3N DEL PATRIMONIO CULTURAL<br \/>\nPRESIDENTE REGIDOR CHRISTIAN MISHELL P\u00c9REZ JAIMES<br \/>\nVOCAL REGIDOR JES\u00daS RAUL FERNANDO CARILLO ALVARADO<br \/>\nVOCAL REGIDOR DEBENDRENATH SALAZAR SOLORIO<br \/>\nVOCAL REGIDORA MIRNA MIREYA DELGADO ROMERO<br \/>\nCOMISI\u00d3N DE RELACIONES P\u00daBLICAS Y COMUNICACI\u00d3N SOCIAL<br \/>\nPRESIDENTE REGIDORA PATRICIA LUC\u00cdA TORRES ROSALES<br \/>\nVOCAL REGIDOR V\u00cdCTOR HUGO MANZO GOD\u00cdNEZ<br \/>\nVOCAL REGIDOR V\u00cdCTOR ADRI\u00c1N MART\u00cdNEZ TERRAZAS<br \/>\nCOMISI\u00d3N DE ASUNTOS MIGRATORIOS<br \/>\nPRESIDENTE REGIDOR CHRISTIAN MISHELL P\u00c9REZ JAIMES<br \/>\nVOCAL REGIDOR JES\u00daS RAUL FERNANDO CARILLO ALVARADO<br \/>\nVOCAL REGIDORA MIRNA MIREYA DELGADO ROMERO<br \/>\nCOMISI\u00d3N DE IGUALDAD Y EQUIDAD DE G\u00c9NERO<br \/>\nPRESIDENTE REGIDORA PATRICIA LUC\u00cdA TORRES ROSALES<br \/>\nVOCAL REGIDORA MAR\u00cdA WENDI SALINAS RUIZ<br \/>\nVOCAL REGIDOR JES\u00daS RAUL FERNANDO CARILLO ALVARADO<br \/>\nCOMISI\u00d3N DE ASUNTOS DE LA JUVENTUD<br \/>\nPRESIDENTE REGIDORA YAZM\u00cdN LUCERO CUENCA NORIA<br \/>\nVOCAL REGIDORA MIRNA MIREYA DELGADO ROMERO<br \/>\nVOCAL REGIDOR JES\u00daS TLACAELEL ROSALES PUEBLA<br \/>\nVOCAL REGIDORA PAZ HERN\u00c1NDEZ PARDO<br \/>\nCOMISI\u00d3N DE TRANSPARENCIA Y PROTECCI\u00d3N DE DATOS PERSONALES, RENDICI\u00d3N DE CUENTAS Y COMBATE A LA CORRUPCI\u00d3N<br \/>\nPRESIDENTE REGIDOR V\u00cdCTOR ADRI\u00c1N MARTINEZ TERRAZAS<br \/>\nVOCAL REGIDOR JES\u00daS ROSALES PUEBLA<br \/>\nVOCAL REGIDORA YAZM\u00cdN LUCERO CUENCA NORIA<br \/>\nCOMISI\u00d3N DE CIENCIA, TECNOLOG\u00cdA E INNOVACI\u00d3N<br \/>\nPRESIDENTE REGIDORA MIRNA MIREYA DELGADO ROMERO<br \/>\nVOCAL REGIDOR DEBENDRENATH SALAZAR SOLORIO<br \/>\nVOCAL REGIDOR JES\u00daS RAUL FERNANDO CARILLO ALVARADO<br \/>\nCOMISI\u00d3N DE PARTICIPACI\u00d3N CIUDADANA<br \/>\nPRESIDENTE REGIDOR JES\u00daS TLACAELEL ROSALES PUEBLA<br \/>\nVOCAL REGIDORA PAZ HERN\u00c1NDEZ PARDO<br \/>\nVOCAL REGIDOR CHRISTIAN MISHELL P\u00c9REZ JAIMES<\/td>\n<td width=\"217\">Administrativa<\/td>\n<td width=\"237\">Ning\u00fan sector<\/td>\n<td width=\"227\">Ninguno<\/td>\n<td width=\"323\">Ninguno<\/td>\n<\/tr>\n<\/tbody>\n<\/table>\n<table width=\"506\">\n<tbody>\n<tr>\n<td width=\"303\">Nombre de la Regulaci\u00f3n<\/td>\n<td width=\"203\">Tipo de documento<\/td>\n<\/tr>\n<tr>\n<td width=\"303\"><strong><span style=\"text-decoration: underline\"><span style=\"color: #0000ff\"><a style=\"color: #0000ff;text-decoration: underline\" href=\"https:\/\/cuernavaca.gob.mx\/dmer\/wp-content\/uploads\/2022\/06\/14.-Acuerdo-SO-AC-14-I-2022.-Acuerdo-designa-Comisiones-municipales.doc\" target=\"_blank\" rel=\"noopener\">SO\/AC-014\/1-I-2022, por el que se determina las Comisiones Municipales que atender\u00e1n los ramos de la administraci\u00f3n p\u00fablica<\/a><\/span><\/span><\/strong><\/td>\n<td><strong><span style=\"text-decoration: underline\"><span style=\"color: #0000ff\"><a style=\"color: #0000ff;text-decoration: underline\" href=\"https:\/\/cuernavaca.gob.mx\/dmer\/wp-content\/uploads\/2022\/06\/SO\uf022AC-014\uf0221-I-2022-por-el-que-se-determina-las-Comisiones-Municipales-que-atenderan-los-ramos-de-la-administracion-publica.docx\" target=\"_blank\" rel=\"noopener\">Exenci\u00f3n AIR<\/a><\/span><\/span><\/strong><\/td>\n<\/tr>\n<\/tbody>\n<\/table>\n                <\/div>\r\n                        <div post_id=\"3370\" itemcount=\"15\" header_id=\"header-1655229372445\" id=\"header-1655229372445\" style=\"\" class=\"accordions-head head1655229372445 border-none\" toggle-text=\"\" main-text=\"SO\/AC-015\/1-I-2022, por el que se designa la Comisi\u00f3n Especial Encargada De Elaborar El Proyecto De Reglamento De Gobierno Municipal\">\r\n                                            <span id=\"accordion-icons-1655229372445\" class=\"accordion-icons\">\r\n                            <span class=\"accordion-icon-active accordion-plus\"><i class=\"fas fa-chevron-up\"><\/i><\/span>\r\n                            <span class=\"accordion-icon-inactive accordion-minus\"><i class=\"fas fa-chevron-right\"><\/i><\/span>\r\n                        <\/span>\r\n                        <span id=\"header-text-1655229372445\" class=\"accordions-head-title\">SO\/AC-015\/1-I-2022, por el que se designa la Comisi\u00f3n Especial Encargada De Elaborar El Proyecto De Reglamento De Gobierno Municipal<\/span>\r\n                                    <\/div>\r\n                <div class=\"accordion-content content1655229372445 \">\r\n                    <table width=\"1834\">\n<tbody>\n<tr>\n<td width=\"375\">Nombre de la Regulaci\u00f3n<\/td>\n<td width=\"263\">N\u00famero de Expediente<\/td>\n<td width=\"263\">Tipo de documeno<\/td>\n<td width=\"273\">Autoridad que la emite<\/td>\n<td width=\"240\">Autoridad o autoridades que la aplican<\/td>\n<td width=\"223\">Fecha en que ha sido actualizada<\/td>\n<td width=\"197\">Tipo de ordenamiento jur\u00eddico<\/td>\n<\/tr>\n<tr>\n<td width=\"375\">SO\/AC-015\/1-I-2022, por el que se designa la Comisi\u00f3n Especial Encargada De Elaborar El Proyecto De Reglamento De Gobierno Municipal<\/td>\n<td width=\"263\">SDEyT\/DMR\/AIR\/01\/2022-SA<\/td>\n<td width=\"263\">Exenci\u00f3n de elaborar el AIR<\/td>\n<td width=\"273\">Cabildo<\/td>\n<td width=\"240\">Comisi\u00f3n Especial Encargada De Elaborar El Proyecto De Reglamento De Gobierno Municipal<\/td>\n<td width=\"223\">01\/01\/2022<\/td>\n<td width=\"197\">Acuerdo<\/td>\n<\/tr>\n<\/tbody>\n<\/table>\n<table width=\"1651\">\n<tbody>\n<tr>\n<td width=\"215\">\u00c1mbito de aplicaci\u00f3n<\/td>\n<td width=\"211\">\u00cdndice de la Regulaci\u00f3n<\/td>\n<td width=\"221\">Objeto de la Regulaci\u00f3n<\/td>\n<td width=\"217\">Materia<\/td>\n<td width=\"237\">Sectores y sujetos regulados<\/td>\n<td width=\"227\">Tr\u00e1mites y Servicios relacionados con la Regulaci\u00f3n<\/td>\n<td width=\"323\">Identificaci\u00f3n de fundamentos jur\u00eddicos para la realizaci\u00f3n de inspecciones y visitas domiciliarias<\/td>\n<\/tr>\n<tr>\n<td width=\"215\">Interna en el Ayuntamiento de Cuernavaca<\/td>\n<td width=\"211\">P\u00e1gina 1. Considerandos; P\u00e1gina 2. Art\u00edculos dispositivos y art\u00edculos transitorios, y P\u00e1gina 3. Lugar, firmas y r\u00fabricas.<\/td>\n<td width=\"221\">Se aprueba designar la Comisi\u00f3n temporal denominada: Comisi\u00f3n Especial de Recepci\u00f3n, integrada por cada uno de los por cada uno de los partidos pol\u00edticos e independientes con representaci\u00f3n en el Ayuntamiento, en los t\u00e9rminos siguientes:<\/p>\n<p>I.- Regidor Jes\u00fas Raul Fernando Carillo Alvarado;<br \/>\nII.- Regidor Debendrenath Salazar Solorio;<br \/>\nIII.- Regidor V\u00edctor Hugo Manzo God\u00ednez;<br \/>\nIV.- Regidor Christian Mishell P\u00e9rez Jaimes;<br \/>\nV.- Regidora Mirna Mireya Delgado Romero;<br \/>\nVI.- Regidora Yazm\u00edn Lucero Cuenca Noria; y<br \/>\nVII.- Regidora Mar\u00eda Wendi Salinas Ruiz.<\/td>\n<td width=\"217\">Administrativa<\/td>\n<td width=\"237\">Ning\u00fan sector<\/td>\n<td width=\"227\">Ninguno<\/td>\n<td width=\"323\">Ninguno<\/td>\n<\/tr>\n<\/tbody>\n<\/table>\n<table width=\"506\">\n<tbody>\n<tr>\n<td width=\"303\">Nombre de la Regulaci\u00f3n<\/td>\n<td width=\"203\">Tipo de documento<\/td>\n<\/tr>\n<tr>\n<td width=\"303\"><strong><span style=\"text-decoration: underline\"><span style=\"color: #0000ff\"><a style=\"color: #0000ff;text-decoration: underline\" href=\"https:\/\/cuernavaca.gob.mx\/dmer\/wp-content\/uploads\/2022\/06\/15.-Acuerdo-SO-AC-15-I-2022.-Acuerdo-comision-reglamento-de-gobierno.doc\" target=\"_blank\" rel=\"noopener\">SO\/AC-015\/1-I-2022, por el que se designa la Comisi\u00f3n Especial Encargada De Elaborar El Proyecto De Reglamento De Gobierno Municipal<\/a><\/span><\/span><\/strong><\/td>\n<td><strong><span style=\"text-decoration: underline\"><span style=\"color: #0000ff\"><a style=\"color: #0000ff;text-decoration: underline\" href=\"https:\/\/cuernavaca.gob.mx\/dmer\/wp-content\/uploads\/2022\/06\/SO\uf022AC-015\uf0221-I-2022-por-el-que-se-designa-la-Comision-Especial-Encargada-De-Elaborar-El-Proyecto-De-Reglamento-De-Gobierno-Municipal.docx\" target=\"_blank\" rel=\"noopener\">Exenci\u00f3n AIR<\/a><\/span><\/span><\/strong><\/td>\n<\/tr>\n<\/tbody>\n<\/table>\n                <\/div>\r\n                        <div post_id=\"3370\" itemcount=\"16\" header_id=\"header-1655230117791\" id=\"header-1655230117791\" style=\"\" class=\"accordions-head head1655230117791 border-none\" toggle-text=\"\" main-text=\"SO\/AC-016\/1-I-2022, que designa la Comisi\u00f3n Especial De Recepci\u00f3n del Ayuntamiento de Cuernavaca, Morelos\">\r\n                                            <span id=\"accordion-icons-1655230117791\" class=\"accordion-icons\">\r\n                            <span class=\"accordion-icon-active accordion-plus\"><i class=\"fas fa-chevron-up\"><\/i><\/span>\r\n                            <span class=\"accordion-icon-inactive accordion-minus\"><i class=\"fas fa-chevron-right\"><\/i><\/span>\r\n                        <\/span>\r\n                        <span id=\"header-text-1655230117791\" class=\"accordions-head-title\">SO\/AC-016\/1-I-2022, que designa la Comisi\u00f3n Especial De Recepci\u00f3n del Ayuntamiento de Cuernavaca, Morelos<\/span>\r\n                                    <\/div>\r\n                <div class=\"accordion-content content1655230117791 \">\r\n                    <table width=\"1834\">\n<tbody>\n<tr>\n<td width=\"375\">Nombre de la Regulaci\u00f3n<\/td>\n<td width=\"263\">N\u00famero de Expediente<\/td>\n<td width=\"263\">Tipo de documeno<\/td>\n<td width=\"273\">Autoridad que la emite<\/td>\n<td width=\"240\">Autoridad o autoridades que la aplican<\/td>\n<td width=\"223\">Fecha en que ha sido actualizada<\/td>\n<td width=\"197\">Tipo de ordenamiento jur\u00eddico<\/td>\n<\/tr>\n<tr>\n<td width=\"375\">SO\/AC-016\/1-I-2022, que designa la Comisi\u00f3n Especial De Recepci\u00f3n del Ayuntamiento de Cuernavaca, Morelos<\/td>\n<td width=\"263\">SDEyT\/DMR\/AIR\/01\/2022-SA<\/td>\n<td width=\"263\">Exenci\u00f3n de elaborar el AIR<\/td>\n<td width=\"273\">Cabildo<\/td>\n<td width=\"240\">Comisi\u00f3n Especial De Recepci\u00f3n del Ayuntamiento de Cuernavaca, Morelos<\/td>\n<td width=\"223\">01\/01\/2022<\/td>\n<td width=\"197\">Acuerdo<\/td>\n<\/tr>\n<\/tbody>\n<\/table>\n<table width=\"1651\">\n<tbody>\n<tr>\n<td width=\"215\">\u00c1mbito de aplicaci\u00f3n<\/td>\n<td width=\"211\">\u00cdndice de la Regulaci\u00f3n<\/td>\n<td width=\"221\">Objeto de la Regulaci\u00f3n<\/td>\n<td width=\"217\">Materia<\/td>\n<td width=\"237\">Sectores y sujetos regulados<\/td>\n<td width=\"227\">Tr\u00e1mites y Servicios relacionados con la Regulaci\u00f3n<\/td>\n<td width=\"323\">Identificaci\u00f3n de fundamentos jur\u00eddicos para la realizaci\u00f3n de inspecciones y visitas domiciliarias<\/td>\n<\/tr>\n<tr>\n<td width=\"215\">Interna en el Ayuntamiento de Cuernavaca<\/td>\n<td width=\"211\">P\u00e1gina 1. Considerandos; P\u00e1gina 2. Art\u00edculos dispositivos y art\u00edculos transitorios, y P\u00e1gina 3. Lugar, firmas y r\u00fabricas.<\/td>\n<td width=\"221\">Se aprueba designar la Comisi\u00f3n temporal denominada: Comisi\u00f3n Especial de Recepci\u00f3n, integrada por cada uno de los por cada uno de los partidos pol\u00edticos e independientes con representaci\u00f3n en el Ayuntamiento, en los t\u00e9rminos siguientes:<\/p>\n<p>I.- Regidor Jes\u00fas Raul Fernando Carillo Alvarado;<br \/>\nII.- Regidor Debendrenath Salazar Solorio;<br \/>\nIII.- Regidor V\u00edctor Hugo Manzo God\u00ednez;<br \/>\nIV.- Regidor Christian Mishell P\u00e9rez Jaimes;<br \/>\nV.- Regidora Mirna Mireya Delgado Romero;<br \/>\nVI.- Regidora Yazm\u00edn Lucero Cuenca Noria; y<br \/>\nVII.- Regidora Mar\u00eda Wendi Salinas Ruiz.<\/td>\n<td width=\"217\">Administrativa<\/td>\n<td width=\"237\">Ning\u00fan sector<\/td>\n<td width=\"227\">Ninguno<\/td>\n<td width=\"323\">Ninguno<\/td>\n<\/tr>\n<\/tbody>\n<\/table>\n<table width=\"506\">\n<tbody>\n<tr>\n<td width=\"303\">Nombre de la Regulaci\u00f3n<\/td>\n<td width=\"203\">Tipo de documento<\/td>\n<\/tr>\n<tr>\n<td width=\"303\"><strong><span style=\"text-decoration: underline\"><span style=\"color: #0000ff\"><a style=\"color: #0000ff;text-decoration: underline\" href=\"https:\/\/cuernavaca.gob.mx\/dmer\/wp-content\/uploads\/2022\/06\/16.-Acuerdo-SO-AC-16-I-2022.-Acuerdo-comision-entrega-recepcion.doc\" target=\"_blank\" rel=\"noopener\">SO\/AC-016\/1-I-2022, que designa la Comisi\u00f3n Especial De Recepci\u00f3n del Ayuntamiento de Cuernavaca, Morelos<\/a><\/span><\/span><\/strong><\/td>\n<td><strong><span style=\"text-decoration: underline\"><span style=\"color: #0000ff\"><a style=\"color: #0000ff;text-decoration: underline\" href=\"https:\/\/cuernavaca.gob.mx\/dmer\/wp-content\/uploads\/2022\/06\/SO\uf022AC-016\uf0221-I-2022-que-designa-la-Comision-Especial-De-Recepcion-del-Ayuntamiento-de-Cuernavaca-Morelos.docx\" target=\"_blank\" rel=\"noopener\">Exenci\u00f3n AIR<\/a><\/span><\/span><\/strong><\/td>\n<\/tr>\n<\/tbody>\n<\/table>\n                <\/div>\r\n                        <div post_id=\"3370\" itemcount=\"17\" header_id=\"header-1655230678277\" id=\"header-1655230678277\" style=\"\" class=\"accordions-head head1655230678277 border-none\" toggle-text=\"\" main-text=\"SO\/AC-017\/1-I-2022, que aprueba el calendario de sesiones ordinarias y de Cabildo Abierto para el a\u00f1o 2022\">\r\n                                            <span id=\"accordion-icons-1655230678277\" class=\"accordion-icons\">\r\n                            <span class=\"accordion-icon-active accordion-plus\"><i class=\"fas fa-chevron-up\"><\/i><\/span>\r\n                            <span class=\"accordion-icon-inactive accordion-minus\"><i class=\"fas fa-chevron-right\"><\/i><\/span>\r\n                        <\/span>\r\n                        <span id=\"header-text-1655230678277\" class=\"accordions-head-title\">SO\/AC-017\/1-I-2022, que aprueba el calendario de sesiones ordinarias y de Cabildo Abierto para el a\u00f1o 2022<\/span>\r\n                                    <\/div>\r\n                <div class=\"accordion-content content1655230678277 \">\r\n                    <table width=\"1834\">\n<tbody>\n<tr>\n<td width=\"375\">Nombre de la Regulaci\u00f3n<\/td>\n<td width=\"263\">N\u00famero de Expediente<\/td>\n<td width=\"263\">Tipo de documeno<\/td>\n<td width=\"273\">Autoridad que la emite<\/td>\n<td width=\"240\">Autoridad o autoridades que la aplican<\/td>\n<td width=\"223\">Fecha en que ha sido actualizada<\/td>\n<td width=\"197\">Tipo de ordenamiento jur\u00eddico<\/td>\n<\/tr>\n<tr>\n<td width=\"375\">SO\/AC-017\/1-I-2022, que aprueba el calendario de sesiones ordinarias y de Cabildo Abierto para el a\u00f1o 2022<\/td>\n<td width=\"263\">SDEyT\/DMR\/AIR\/01\/2022-SA<\/td>\n<td width=\"263\">Exenci\u00f3n de elaborar el AIR<\/td>\n<td width=\"273\">Cabildo<\/td>\n<td width=\"240\">Cabildo<\/td>\n<td width=\"223\">01\/01\/2022<\/td>\n<td width=\"197\">Acuerdo<\/td>\n<\/tr>\n<\/tbody>\n<\/table>\n<table width=\"1651\">\n<tbody>\n<tr>\n<td width=\"215\">\u00c1mbito de aplicaci\u00f3n<\/td>\n<td width=\"211\">\u00cdndice de la Regulaci\u00f3n<\/td>\n<td width=\"221\">Objeto de la Regulaci\u00f3n<\/td>\n<td width=\"217\">Materia<\/td>\n<td width=\"237\">Sectores y sujetos regulados<\/td>\n<td width=\"227\">Tr\u00e1mites y Servicios relacionados con la Regulaci\u00f3n<\/td>\n<td width=\"323\">Identificaci\u00f3n de fundamentos jur\u00eddicos para la realizaci\u00f3n de inspecciones y visitas domiciliarias<\/td>\n<\/tr>\n<tr>\n<td width=\"215\">Interna en el Ayuntamiento de Cuernavaca<\/td>\n<td width=\"211\">P\u00e1gina 1. Considerandos; P\u00e1gina 2. a la 3. Art\u00edculos dispositivos y art\u00edculos transitorios, y P\u00e1gina 4. Lugar, firmas y r\u00fabricas.<\/td>\n<td width=\"221\">Se aprueba el Calendario de Sesiones Ordinarias de Cabildo para el a\u00f1o 2022, para quedar en los t\u00e9rminos siguientes:<\/p>\n<p>N\u00famero Fecha Sede<br \/>\n1 12 enero 2022 Sal\u00f3n del Cabildo \u201cJos\u00e9 Mar\u00eda Morelos y Pav\u00f3n\u201d.<br \/>\n2 26 enero 2022 Sal\u00f3n del Cabildo \u201cJos\u00e9 Mar\u00eda Morelos y Pav\u00f3n\u201d.<br \/>\n3 09 febrero 2022 Sal\u00f3n del Cabildo \u201cJos\u00e9 Mar\u00eda Morelos y Pav\u00f3n\u201d.<br \/>\n4 23 febrero 2022 Sal\u00f3n del Cabildo \u201cJos\u00e9 Mar\u00eda Morelos y Pav\u00f3n\u201d.<br \/>\n5 09 marzo 2022 Sal\u00f3n del Cabildo \u201cJos\u00e9 Mar\u00eda Morelos y Pav\u00f3n\u201d.<br \/>\n6 23 marzo 2022 Sal\u00f3n del Cabildo \u201cJos\u00e9 Mar\u00eda Morelos y Pav\u00f3n\u201d.<br \/>\n7 06 abril 2022 Sal\u00f3n del Cabildo \u201cJos\u00e9 Mar\u00eda Morelos y Pav\u00f3n\u201d.<br \/>\n8 20 abril 2022 Sal\u00f3n del Cabildo \u201cJos\u00e9 Mar\u00eda Morelos y Pav\u00f3n\u201d.<br \/>\n9 04 mayo 2022 Sal\u00f3n del Cabildo \u201cJos\u00e9 Mar\u00eda Morelos y Pav\u00f3n\u201d.<br \/>\n10 18 mayo 2022 Sal\u00f3n del Cabildo \u201cJos\u00e9 Mar\u00eda Morelos y Pav\u00f3n\u201d.<br \/>\n11 01 junio 2022 Sal\u00f3n del Cabildo \u201cJos\u00e9 Mar\u00eda Morelos y Pav\u00f3n\u201d.<br \/>\n12 15 junio 2022 Sal\u00f3n del Cabildo \u201cJos\u00e9 Mar\u00eda Morelos y Pav\u00f3n\u201d.<br \/>\n13 29 junio 2022 Sal\u00f3n del Cabildo \u201cJos\u00e9 Mar\u00eda Morelos y Pav\u00f3n\u201d.<br \/>\n14 06 julio 2022 Sal\u00f3n del Cabildo \u201cJos\u00e9 Mar\u00eda Morelos y Pav\u00f3n\u201d.<br \/>\n15 20 julio 2022 Sal\u00f3n del Cabildo \u201cJos\u00e9 Mar\u00eda Morelos y Pav\u00f3n\u201d.<br \/>\n16 03 agosto 2022 Sal\u00f3n del Cabildo \u201cJos\u00e9 Mar\u00eda Morelos y Pav\u00f3n\u201d.<br \/>\n17 17 agosto 2022 Sal\u00f3n del Cabildo \u201cJos\u00e9 Mar\u00eda Morelos y Pav\u00f3n\u201d.<br \/>\n18 31 agosto 2022 Sal\u00f3n del Cabildo \u201cJos\u00e9 Mar\u00eda Morelos y Pav\u00f3n\u201d.<br \/>\n19 14 septiembre 2022 Sal\u00f3n del Cabildo \u201cJos\u00e9 Mar\u00eda Morelos y Pav\u00f3n\u201d.<br \/>\n20 28 septiembre 2022 Sal\u00f3n del Cabildo \u201cJos\u00e9 Mar\u00eda Morelos y Pav\u00f3n\u201d.<br \/>\n21 12 octubre 2022 Sal\u00f3n del Cabildo \u201cJos\u00e9 Mar\u00eda Morelos y Pav\u00f3n\u201d.<br \/>\n22 26 octubre 2022 Sal\u00f3n del Cabildo \u201cJos\u00e9 Mar\u00eda Morelos y Pav\u00f3n\u201d.<br \/>\n23 09 noviembre 2022 Sal\u00f3n del Cabildo \u201cJos\u00e9 Mar\u00eda Morelos y Pav\u00f3n\u201d.<br \/>\n24 23 noviembre 2022 Sal\u00f3n del Cabildo \u201cJos\u00e9 Mar\u00eda Morelos y Pav\u00f3n\u201d.<br \/>\n25 07 diciembre 2022 Sal\u00f3n del Cabildo \u201cJos\u00e9 Mar\u00eda Morelos y Pav\u00f3n\u201d.<br \/>\n26 21 diciembre 2022 Sal\u00f3n del Cabildo \u201cJos\u00e9 Mar\u00eda Morelos y Pav\u00f3n\u201d.<\/td>\n<td width=\"217\">Administrativa<\/td>\n<td width=\"237\">Ning\u00fan sector<\/td>\n<td width=\"227\">Ninguno<\/td>\n<td width=\"323\">Ninguno<\/td>\n<\/tr>\n<\/tbody>\n<\/table>\n<table width=\"506\">\n<tbody>\n<tr>\n<td width=\"303\">Nombre de la Regulaci\u00f3n<\/td>\n<td width=\"203\">Tipo de documento<\/td>\n<\/tr>\n<tr>\n<td width=\"303\"><strong><span style=\"text-decoration: underline\"><span style=\"color: #0000ff\"><a style=\"color: #0000ff;text-decoration: underline\" href=\"https:\/\/cuernavaca.gob.mx\/dmer\/wp-content\/uploads\/2022\/06\/17.-Acuerdo-SO-AC-17-I-2022.-comision-calendario-de-sesiones.doc\" target=\"_blank\" rel=\"noopener\">SO\/AC-017\/1-I-2022, que aprueba el calendario de sesiones ordinarias y de Cabildo Abierto para el a\u00f1o 2022<\/a><\/span><\/span><\/strong><\/td>\n<td><strong><span style=\"text-decoration: underline\"><span style=\"color: #0000ff\"><a style=\"color: #0000ff;text-decoration: underline\" href=\"https:\/\/cuernavaca.gob.mx\/dmer\/wp-content\/uploads\/2022\/06\/SO\uf022AC-017\uf0221-I-2022-que-aprueba-el-calendario-de-sesiones-ordinarias-y-de-Cabildo-Abierto-para-el-ano-2022.docx\" target=\"_blank\" rel=\"noopener\">Exenci\u00f3n AIR<\/a><\/span><\/span><\/strong><\/td>\n<\/tr>\n<\/tbody>\n<\/table>\n                <\/div>\r\n                        <div post_id=\"3370\" itemcount=\"18\" header_id=\"header-1655230915604\" id=\"header-1655230915604\" style=\"\" class=\"accordions-head head1655230915604 border-none\" toggle-text=\"\" main-text=\"SO\/AC-018\/1-I-2022, que faculta al Presidente Municipal Constitucional de Cuernavaca, Morelos, y\/o a quien este tenga a bien designar para la aplicaci\u00f3n de subsidios en las infracciones de tr\u00e1nsito, licencias, permisos de construcci\u00f3n, alineamientos, usos de suelo, multas por infracciones a los reglamentos y normatividades que rigen al Ayuntamiento de Cuernavaca, actas de nacimiento, defunci\u00f3n, divorcio y servicios diversos; en cumplimiento a lo dispuesto por lo establecido en la Ley de Ingresos vigente en el Municipio de Cuernavaca, Morelos\">\r\n                                            <span id=\"accordion-icons-1655230915604\" class=\"accordion-icons\">\r\n                            <span class=\"accordion-icon-active accordion-plus\"><i class=\"fas fa-chevron-up\"><\/i><\/span>\r\n                            <span class=\"accordion-icon-inactive accordion-minus\"><i class=\"fas fa-chevron-right\"><\/i><\/span>\r\n                        <\/span>\r\n                        <span id=\"header-text-1655230915604\" class=\"accordions-head-title\">SO\/AC-018\/1-I-2022, que faculta al Presidente Municipal Constitucional de Cuernavaca, Morelos, y\/o a quien este tenga a bien designar para la aplicaci\u00f3n de subsidios en las infracciones de tr\u00e1nsito, licencias, permisos de construcci\u00f3n, alineamientos, usos de suelo, multas por infracciones a los reglamentos y normatividades que rigen al Ayuntamiento de Cuernavaca, actas de nacimiento, defunci\u00f3n, divorcio y servicios diversos; en cumplimiento a lo dispuesto por lo establecido en la Ley de Ingresos vigente en el Municipio de Cuernavaca, Morelos<\/span>\r\n                                    <\/div>\r\n                <div class=\"accordion-content content1655230915604 \">\r\n                    <table width=\"1834\">\n<tbody>\n<tr>\n<td width=\"375\">Nombre de la Regulaci\u00f3n<\/td>\n<td width=\"263\">N\u00famero de Expediente<\/td>\n<td width=\"263\">Tipo de documeno<\/td>\n<td width=\"273\">Autoridad que la emite<\/td>\n<td width=\"240\">Autoridad o autoridades que la aplican<\/td>\n<td width=\"223\">Fecha en que ha sido actualizada<\/td>\n<td width=\"197\">Tipo de ordenamiento jur\u00eddico<\/td>\n<\/tr>\n<tr>\n<td width=\"375\">Acuerdo\u00a0 SO\/AC-018\/1-I-2022, que faculta al Presidente Municipal Constitucional de Cuernavaca, Morelos, y\/o a quien este tenga a bien designar para la aplicaci\u00f3n de subsidios en las infracciones de tr\u00e1nsito, licencias, permisos de construcci\u00f3n, alineamientos, usos de suelo, multas por infracciones a los reglamentos y normatividades que rigen al Ayuntamiento de Cuernavaca, actas de nacimiento, defunci\u00f3n, divorcio y servicios diversos; en cumplimiento a lo dispuesto por lo establecido en la Ley de Ingresos vigente en el Municipio de Cuernavaca, Morelos<\/td>\n<td width=\"263\">SDEyT\/DMR\/AIR\/01\/2022-SA<\/td>\n<td width=\"263\">Exenci\u00f3n de elaborar el AIR<\/td>\n<td width=\"273\">Cabildo<\/td>\n<td width=\"240\">Presidencia Municipal<\/td>\n<td width=\"223\">01\/01\/2022<\/td>\n<td width=\"197\">Acuerdo<\/td>\n<\/tr>\n<\/tbody>\n<\/table>\n<table width=\"1651\">\n<tbody>\n<tr>\n<td width=\"215\">\u00c1mbito de aplicaci\u00f3n<\/td>\n<td width=\"211\">\u00cdndice de la Regulaci\u00f3n<\/td>\n<td width=\"221\">Objeto de la Regulaci\u00f3n<\/td>\n<td width=\"217\">Materia<\/td>\n<td width=\"237\">Sectores y sujetos regulados<\/td>\n<td width=\"227\">Tr\u00e1mites y Servicios relacionados con la Regulaci\u00f3n<\/td>\n<td width=\"323\">Identificaci\u00f3n de fundamentos jur\u00eddicos para la realizaci\u00f3n de inspecciones y visitas domiciliarias<\/td>\n<\/tr>\n<tr>\n<td width=\"215\">Interna en el Ayuntamiento de Cuernavaca<\/td>\n<td width=\"211\">P\u00e1gina 1. Considerandos; P\u00e1gina 2. Art\u00edculos dispositivos y art\u00edculos transitorios, y P\u00e1gina 3. Lugar, firmas y r\u00fabricas.<\/td>\n<td width=\"221\">Se faculta al Presidente Municipal Constitucional de Cuernavaca, Morelos, y\/o a quien este tenga a bien designar para la aplicaci\u00f3n de subsidios en las infracciones de tr\u00e1nsito, licencias, permisos de construcci\u00f3n, alineamientos, usos de suelo, multas por infracciones a los Reglamentos y normatividades que rigen al Ayuntamiento de Cuernavaca, actas de nacimiento, defunci\u00f3n, divorcio y servicios diversos; en cumplimiento a lo dispuesto por lo establecido en la Ley de Ingresos vigente en el Municipio de Cuernavaca, Morelos, rindiendo el informe correspondiente a las y los integrantes del Cabildo de los ingresos o egresos que esto genere.<\/td>\n<td width=\"217\">Administrativa<\/td>\n<td width=\"237\">Ning\u00fan sector<\/td>\n<td width=\"227\">Ninguno<\/td>\n<td width=\"323\">Ninguno<\/td>\n<\/tr>\n<\/tbody>\n<\/table>\n<table width=\"506\">\n<tbody>\n<tr>\n<td width=\"303\">Nombre de la Regulaci\u00f3n<\/td>\n<td width=\"203\">Tipo de documento<\/td>\n<\/tr>\n<tr>\n<td width=\"303\"><a href=\"https:\/\/cuernavaca.gob.mx\/dmer\/wp-content\/uploads\/2022\/06\/18.-Acuerdo-SO-AC-18-1-I-2022.-Autoriza-subsidios-descuentos.doc\" target=\"_blank\" rel=\"noopener\"><strong><span style=\"text-decoration: underline\"><span style=\"color: #0000ff;text-decoration: underline\">Acuerdo\u00a0 SO\/AC-018\/1-I-2022, que<\/span><\/span><\/strong> <strong><span style=\"text-decoration: underline\"><span style=\"color: #0000ff;text-decoration: underline\">faculta al Presidente Municipal Constitucional de Cuernavaca, Morelos, y\/o a quien este tenga a bien designar para la aplicaci\u00f3n de subsidios en las infracciones de tr\u00e1nsito, licencias, permisos de construcci\u00f3n, alineamientos, usos de suelo, multas por infracciones a los reglamentos y normatividades que rigen al Ayuntamiento de Cuernavaca, actas de nacimiento, defunci\u00f3n, divorcio y servicios diversos; en cumplimiento a lo dispuesto por lo establecido en la Ley de Ingresos vigente en el Municipio de Cuernavaca, Morelos<\/span><\/span><\/strong><\/a><\/td>\n<td>Exenci\u00f3n AIR<\/td>\n<\/tr>\n<\/tbody>\n<\/table>\n                <\/div>\r\n                        <div post_id=\"3370\" itemcount=\"19\" header_id=\"header-1655231150216\" id=\"header-1655231150216\" style=\"\" class=\"accordions-head head1655231150216 border-none\" toggle-text=\"\" main-text=\"SO\/AC-019\/1-I-2022, que faculta a la S\u00edndica Municipal, para la aplicaci\u00f3n de descuentos por concepto de multas de juzgados c\u00edvicos, rindiendo el informe correspondiente a las y los integrantes del Cabildo de los ingresos o egresos que esto genere\">\r\n                                            <span id=\"accordion-icons-1655231150216\" class=\"accordion-icons\">\r\n                            <span class=\"accordion-icon-active accordion-plus\"><i class=\"fas fa-chevron-up\"><\/i><\/span>\r\n                            <span class=\"accordion-icon-inactive accordion-minus\"><i class=\"fas fa-chevron-right\"><\/i><\/span>\r\n                        <\/span>\r\n                        <span id=\"header-text-1655231150216\" class=\"accordions-head-title\">SO\/AC-019\/1-I-2022, que faculta a la S\u00edndica Municipal, para la aplicaci\u00f3n de descuentos por concepto de multas de juzgados c\u00edvicos, rindiendo el informe correspondiente a las y los integrantes del Cabildo de los ingresos o egresos que esto genere<\/span>\r\n                                    <\/div>\r\n                <div class=\"accordion-content content1655231150216 \">\r\n                    <table width=\"1834\">\n<tbody>\n<tr>\n<td width=\"375\">Nombre de la Regulaci\u00f3n<\/td>\n<td width=\"263\">N\u00famero de Expediente<\/td>\n<td width=\"263\">Tipo de documeno<\/td>\n<td width=\"273\">Autoridad que la emite<\/td>\n<td width=\"240\">Autoridad o autoridades que la aplican<\/td>\n<td width=\"223\">Fecha en que ha sido actualizada<\/td>\n<td width=\"197\">Tipo de ordenamiento jur\u00eddico<\/td>\n<\/tr>\n<tr>\n<td width=\"375\">SO\/AC-019\/1-I-2022, que faculta a la S\u00edndica Municipal, para la aplicaci\u00f3n de descuentos por concepto de multas de juzgados c\u00edvicos, rindiendo el informe correspondiente a las y los integrantes del Cabildo de los ingresos o egresos que esto genere<\/td>\n<td width=\"263\">SDEyT\/DMR\/AIR\/01\/2022-SA<\/td>\n<td width=\"263\">Exenci\u00f3n de elaborar el AIR<\/td>\n<td width=\"273\">Cabildo<\/td>\n<td width=\"240\">Sindicatura Municipal<\/td>\n<td width=\"223\">01\/01\/2022<\/td>\n<td width=\"197\">Acuerdo<\/td>\n<\/tr>\n<\/tbody>\n<\/table>\n<table width=\"1651\">\n<tbody>\n<tr>\n<td width=\"215\">\u00c1mbito de aplicaci\u00f3n<\/td>\n<td width=\"211\">\u00cdndice de la Regulaci\u00f3n<\/td>\n<td width=\"221\">Objeto de la Regulaci\u00f3n<\/td>\n<td width=\"217\">Materia<\/td>\n<td width=\"237\">Sectores y sujetos regulados<\/td>\n<td width=\"227\">Tr\u00e1mites y Servicios relacionados con la Regulaci\u00f3n<\/td>\n<td width=\"323\">Identificaci\u00f3n de fundamentos jur\u00eddicos para la realizaci\u00f3n de inspecciones y visitas domiciliarias<\/td>\n<\/tr>\n<tr>\n<td width=\"215\">Interna en el Ayuntamiento de Cuernavaca<\/td>\n<td width=\"211\">P\u00e1gina 1. Considerandos; P\u00e1gina 2. Art\u00edculos dispositivos y art\u00edculos transitorios, y P\u00e1gina 3. Lugar, firmas y r\u00fabricas.<\/td>\n<td width=\"221\">Se faculta a la S\u00edndica Municipal, para la aplicaci\u00f3n de descuentos por concepto de multas de Juzgados C\u00edvicos, rindiendo el informe correspondiente a las y los integrantes del Cabildo de los ingresos o egresos que esto genere.<\/td>\n<td width=\"217\">Administrativa<\/td>\n<td width=\"237\">Ning\u00fan sector<\/td>\n<td width=\"227\">Ninguno<\/td>\n<td width=\"323\">Ninguno<\/td>\n<\/tr>\n<\/tbody>\n<\/table>\n<table width=\"506\">\n<tbody>\n<tr>\n<td width=\"303\">Nombre de la Regulaci\u00f3n<\/td>\n<td width=\"203\">Tipo de documento<\/td>\n<\/tr>\n<tr>\n<td width=\"303\"><strong><span style=\"text-decoration: underline\"><span style=\"color: #0000ff\"><a style=\"color: #0000ff;text-decoration: underline\" href=\"https:\/\/cuernavaca.gob.mx\/dmer\/wp-content\/uploads\/2022\/06\/19.-Acuerdo-SO-AC-19-1-I-2022.-Autoriza-subsidios-juzgado-civico.doc\" target=\"_blank\" rel=\"noopener\">SO\/AC-019\/1-I-2022, que faculta a la S\u00edndica Municipal, para la aplicaci\u00f3n de descuentos por concepto de multas de juzgados c\u00edvicos, rindiendo el informe correspondiente a las y los integrantes del Cabildo de los ingresos o egresos que esto genere<\/a><\/span><\/span><\/strong><\/td>\n<td><a href=\"https:\/\/cuernavaca.gob.mx\/dmer\/wp-content\/uploads\/2022\/06\/SO\uf022AC-019\uf0221-I-2022-que-faculta-a-la-Sindica-Municipal-para-la-aplicacion-de-descuentos-por-concepto-de-multas-d.docx\" target=\"_blank\" rel=\"noopener\"><strong><span style=\"text-decoration: underline\"><span style=\"color: #0000ff;text-decoration: underline\">Exenci\u00f3n AIR<\/span><\/span><\/strong><\/a><\/td>\n<\/tr>\n<\/tbody>\n<\/table>\n                <\/div>\r\n                        <div post_id=\"3370\" itemcount=\"20\" header_id=\"header-1655231378670\" id=\"header-1655231378670\" style=\"\" class=\"accordions-head head1655231378670 border-none\" toggle-text=\"\" main-text=\"SO\/AC-020\/1-I-2022, que autoriza al Presidente Municipal Constitucional de Cuernavaca, Morelos, y al Titular de la Tesorer\u00eda Municipal, para llevar a cabo todo tipo de aumentos, disminuciones y transferencias presupuestales durante el periodo de su gesti\u00f3n, para el buen manejo de las finanzas del Municipio de Cuernavaca, Morelos, rindiendo el informe correspondiente a las y los integrantes del Cabildo de los ingresos o egresos que esto genere\">\r\n                                            <span id=\"accordion-icons-1655231378670\" class=\"accordion-icons\">\r\n                            <span class=\"accordion-icon-active accordion-plus\"><i class=\"fas fa-chevron-up\"><\/i><\/span>\r\n                            <span class=\"accordion-icon-inactive accordion-minus\"><i class=\"fas fa-chevron-right\"><\/i><\/span>\r\n                        <\/span>\r\n                        <span id=\"header-text-1655231378670\" class=\"accordions-head-title\">SO\/AC-020\/1-I-2022, que autoriza al Presidente Municipal Constitucional de Cuernavaca, Morelos, y al Titular de la Tesorer\u00eda Municipal, para llevar a cabo todo tipo de aumentos, disminuciones y transferencias presupuestales durante el periodo de su gesti\u00f3n, para el buen manejo de las finanzas del Municipio de Cuernavaca, Morelos, rindiendo el informe correspondiente a las y los integrantes del Cabildo de los ingresos o egresos que esto genere<\/span>\r\n                                    <\/div>\r\n                <div class=\"accordion-content content1655231378670 \">\r\n                    <table width=\"1834\">\n<tbody>\n<tr>\n<td width=\"375\">Nombre de la Regulaci\u00f3n<\/td>\n<td width=\"263\">N\u00famero de Expediente<\/td>\n<td width=\"263\">Tipo de documeno<\/td>\n<td width=\"273\">Autoridad que la emite<\/td>\n<td width=\"240\">Autoridad o autoridades que la aplican<\/td>\n<td width=\"223\">Fecha en que ha sido actualizada<\/td>\n<td width=\"197\">Tipo de ordenamiento jur\u00eddico<\/td>\n<\/tr>\n<tr>\n<td width=\"375\">Acuerdo SO\/AC-020\/1-I-2022, que autoriza al Presidente Municipal Constitucional de Cuernavaca, Morelos, y al Titular de la Tesorer\u00eda Municipal, para llevar a cabo todo tipo de aumentos, disminuciones y transferencias presupuestales durante el periodo de su gesti\u00f3n, para el buen manejo de las finanzas del Municipio de Cuernavaca, Morelos, rindiendo el informe correspondiente a las y los integrantes del Cabildo de los ingresos o egresos que esto genere<\/td>\n<td width=\"263\">SDEyT\/DMR\/AIR\/01\/2022-SA<\/td>\n<td width=\"263\">Exenci\u00f3n de elaborar el AIR<\/td>\n<td width=\"273\">Cabildo<\/td>\n<td width=\"240\">Presidencia Municipal y Tesorer\u00eda Municipal<\/td>\n<td width=\"223\">01\/01\/2022<\/td>\n<td width=\"197\">Acuerdo<\/td>\n<\/tr>\n<\/tbody>\n<\/table>\n<table width=\"1651\">\n<tbody>\n<tr>\n<td width=\"215\">\u00c1mbito de aplicaci\u00f3n<\/td>\n<td width=\"211\">\u00cdndice de la Regulaci\u00f3n<\/td>\n<td width=\"221\">Objeto de la Regulaci\u00f3n<\/td>\n<td width=\"217\">Materia<\/td>\n<td width=\"237\">Sectores y sujetos regulados<\/td>\n<td width=\"227\">Tr\u00e1mites y Servicios relacionados con la Regulaci\u00f3n<\/td>\n<td width=\"323\">Identificaci\u00f3n de fundamentos jur\u00eddicos para la realizaci\u00f3n de inspecciones y visitas domiciliarias<\/td>\n<\/tr>\n<tr>\n<td width=\"215\">Interna en el Ayuntamiento de Cuernavaca<\/td>\n<td width=\"211\">P\u00e1gina 1. Considerandos; P\u00e1gina 2. Art\u00edculos dispositivos y art\u00edculos transitorios, y P\u00e1gina 3. Lugar, firmas y r\u00fabricas.<\/td>\n<td width=\"221\">Se autoriza al Presidente Municipal Constitucional, y al Titular de la Tesorer\u00eda Municipal, para llevar a cabo todo tipo de aumentos, disminuciones y transferencias presupuestales durante el periodo de su gesti\u00f3n, para el buen manejo de las finanzas del Municipio de Cuernavaca, Morelos, rindiendo el informe correspondiente a las y los integrantes del Cabildo de los ingresos o egresos que esto genere.<\/td>\n<td width=\"217\">Administrativa<\/td>\n<td width=\"237\">Ning\u00fan sector<\/td>\n<td width=\"227\">Ninguno<\/td>\n<td width=\"323\">Ninguno<\/td>\n<\/tr>\n<\/tbody>\n<\/table>\n<table width=\"506\">\n<tbody>\n<tr>\n<td width=\"303\">Nombre de la Regulaci\u00f3n<\/td>\n<td width=\"203\">Tipo de documento<\/td>\n<\/tr>\n<tr>\n<td width=\"303\"><strong><span style=\"text-decoration: underline\"><span style=\"color: #0000ff;text-decoration: underline\"><a style=\"color: #0000ff;text-decoration: underline\" href=\"https:\/\/cuernavaca.gob.mx\/dmer\/wp-content\/uploads\/2022\/06\/20.-Acuerdo-SO-AC-20-I-2022.-Autoriza-transferencias-presupuestales.doc\" target=\"_blank\" rel=\"noopener\">Acuerdo SO\/AC-020\/1-I-2022, que autoriza al Presidente Municipal Constitucional de Cuernavaca, Morelos, y al Titular de la Tesorer\u00eda Municipal, para llevar a cabo todo tipo de aumentos, disminuciones y transferencias presupuestales durante el periodo de su gesti\u00f3n, para el buen manejo de las finanzas del Municipio de Cuernavaca, Morelos, rindiendo el informe correspondiente a las y los integrantes del Cabildo de los ingresos o egresos que esto genere<\/a><\/span><\/span><\/strong><\/td>\n<td><strong><span style=\"text-decoration: underline\"><span style=\"color: #0000ff\"><a style=\"color: #0000ff;text-decoration: underline\" href=\"https:\/\/cuernavaca.gob.mx\/dmer\/wp-content\/uploads\/2022\/06\/SO\uf022AC-020\uf0221-I-2022-que-autoriza-al-Presidente-Municipal-Constitucional-de-Cuernavaca-Morelos-y-al-Titular-de-la-Tesoreria-Municipal-para-llevar-a-cabo-todo-.docx\" target=\"_blank\" rel=\"noopener\">Exenci\u00f3n AIR<\/a><\/span><\/span><\/strong><\/td>\n<\/tr>\n<\/tbody>\n<\/table>\n                <\/div>\r\n                        <div post_id=\"3370\" itemcount=\"21\" header_id=\"header-1655231911025\" id=\"header-1655231911025\" style=\"\" class=\"accordions-head head1655231911025 border-none\" toggle-text=\"\" main-text=\"SO\/AC-021\/1-I-2022, que autoriza la continuidad del Programa de Est\u00edmulos Fiscales por Pago Anticipado de Impuesto Predial con descuento del 15% durante el mes de enero y 10% durante el mes de febrero del a\u00f1o en curso, 50% de descuento a jubilados, pensionados, discapacitados y personas de 65 a\u00f1os y m\u00e1s siempre y cuando se trate de un solo inmueble, que se encuentre inscrito a su nombre o su c\u00f3nyuge; as\u00ed como tambi\u00e9n, autorizaci\u00f3n al presidente municipal constitucional de Cuernavaca, Morelos, y\/o a quien este tenga a bien designar, para realizar descuentos sobre multas y recargos durante el periodo de su gesti\u00f3n, rindiendo el informe correspondiente a las y los integrantes del Cabildo de los ingresos o egresos que esto genere\">\r\n                                            <span id=\"accordion-icons-1655231911025\" class=\"accordion-icons\">\r\n                            <span class=\"accordion-icon-active accordion-plus\"><i class=\"fas fa-chevron-up\"><\/i><\/span>\r\n                            <span class=\"accordion-icon-inactive accordion-minus\"><i class=\"fas fa-chevron-right\"><\/i><\/span>\r\n                        <\/span>\r\n                        <span id=\"header-text-1655231911025\" class=\"accordions-head-title\">SO\/AC-021\/1-I-2022, que autoriza la continuidad del Programa de Est\u00edmulos Fiscales por Pago Anticipado de Impuesto Predial con descuento del 15% durante el mes de enero y 10% durante el mes de febrero del a\u00f1o en curso, 50% de descuento a jubilados, pensionados, discapacitados y personas de 65 a\u00f1os y m\u00e1s siempre y cuando se trate de un solo inmueble, que se encuentre inscrito a su nombre o su c\u00f3nyuge; as\u00ed como tambi\u00e9n, autorizaci\u00f3n al presidente municipal constitucional de Cuernavaca, Morelos, y\/o a quien este tenga a bien designar, para realizar descuentos sobre multas y recargos durante el periodo de su gesti\u00f3n, rindiendo el informe correspondiente a las y los integrantes del Cabildo de los ingresos o egresos que esto genere<\/span>\r\n                                    <\/div>\r\n                <div class=\"accordion-content content1655231911025 \">\r\n                    <table width=\"1834\">\n<tbody>\n<tr>\n<td width=\"375\">Nombre de la Regulaci\u00f3n<\/td>\n<td width=\"263\">N\u00famero de Expediente<\/td>\n<td width=\"263\">Tipo de documeno<\/td>\n<td width=\"273\">Autoridad que la emite<\/td>\n<td width=\"240\">Autoridad o autoridades que la aplican<\/td>\n<td width=\"223\">Fecha en que ha sido actualizada<\/td>\n<td width=\"197\">Tipo de ordenamiento jur\u00eddico<\/td>\n<\/tr>\n<tr>\n<td width=\"375\">Acuerdo SO\/AC-021\/1-I-2022, que autoriza la continuidad del Programa de Est\u00edmulos Fiscales por Pago Anticipado de Impuesto Predial con descuento del 15% durante el mes de enero y 10% durante el mes de febrero del a\u00f1o en curso, 50% de descuento a jubilados, pensionados, discapacitados y personas de 65 a\u00f1os y m\u00e1s siempre y cuando se trate de un solo inmueble, que se encuentre inscrito a su nombre o su c\u00f3nyuge; as\u00ed como tambi\u00e9n, autorizaci\u00f3n al presidente municipal constitucional de Cuernavaca, Morelos, y\/o a quien este tenga a bien designar, para realizar descuentos sobre multas y recargos durante el periodo de su gesti\u00f3n, rindiendo el informe correspondiente a las y los integrantes del Cabildo de los ingresos o egresos que esto genere<\/td>\n<td width=\"263\">SDEyT\/DMR\/AIR\/01\/2022-SA<\/td>\n<td width=\"263\">Exenci\u00f3n de elaborar el AIR<\/td>\n<td width=\"273\">Cabildo<\/td>\n<td width=\"240\">Tesorer\u00eda Municipal<\/td>\n<td width=\"223\">01\/01\/2022<\/td>\n<td width=\"197\">Acuerdo<\/td>\n<\/tr>\n<\/tbody>\n<\/table>\n<table width=\"1651\">\n<tbody>\n<tr>\n<td width=\"215\">\u00c1mbito de aplicaci\u00f3n<\/td>\n<td width=\"211\">\u00cdndice de la Regulaci\u00f3n<\/td>\n<td width=\"221\">Objeto de la Regulaci\u00f3n<\/td>\n<td width=\"217\">Materia<\/td>\n<td width=\"237\">Sectores y sujetos regulados<\/td>\n<td width=\"227\">Tr\u00e1mites y Servicios relacionados con la Regulaci\u00f3n<\/td>\n<td width=\"323\">Identificaci\u00f3n de fundamentos jur\u00eddicos para la realizaci\u00f3n de inspecciones y visitas domiciliarias<\/td>\n<\/tr>\n<tr>\n<td width=\"215\">Interna en el Ayuntamiento de Cuernavaca<\/td>\n<td width=\"211\">P\u00e1gina 1. Considerandos; P\u00e1gina 2. a la 3. Art\u00edculos dispositivos y art\u00edculos transitorios, y P\u00e1gina 4. Lugar, firmas y r\u00fabricas.<\/td>\n<td width=\"221\">Se autoriza la continuidad del programa de est\u00edmulos fiscales por pago anticipado de impuesto predial con descuento del 15% durante el mes de enero y 10% durante el mes de febrero del a\u00f1o en curso, 50% de descuento a jubilados, pensionados, discapacitados y personas de 65 a\u00f1os y m\u00e1s siempre y cuando se trate de un solo inmueble, que se encuentre inscrito a su nombre o su c\u00f3nyuge; as\u00ed como tambi\u00e9n, autorizaci\u00f3n al Presidente Municipal Constitucional de Cuernavaca, Morelos, y\/o a quien este tenga a bien designar, para realizar descuentos sobre multas y recargos durante el periodo de su gesti\u00f3n, rindiendo el informe correspondiente a las y los integrantes del cabildo de los ingresos o egresos que esto genere.<\/td>\n<td width=\"217\">Administrativa<\/td>\n<td width=\"237\">Ning\u00fan sector<\/td>\n<td width=\"227\">Ninguno<\/td>\n<td width=\"323\">Ninguno<\/td>\n<\/tr>\n<\/tbody>\n<\/table>\n<table width=\"506\">\n<tbody>\n<tr>\n<td width=\"303\">Nombre de la Regulaci\u00f3n<\/td>\n<td width=\"203\">Tipo de documento<\/td>\n<\/tr>\n<tr>\n<td width=\"303\"><strong><span style=\"text-decoration: underline\"><span style=\"color: #0000ff\"><a style=\"color: #0000ff;text-decoration: underline\" href=\"https:\/\/cuernavaca.gob.mx\/dmer\/wp-content\/uploads\/2022\/06\/21.-Acuerdo-SO-AC-21-1-I-2022.-Autoriza-descuentos-impuesto-predial.doc\" target=\"_blank\" rel=\"noopener\">Acuerdo SO\/AC-021\/1-I-2022, que autoriza la continuidad del Programa de Est\u00edmulos Fiscales por Pago Anticipado de Impuesto Predial con descuento del 15% durante el mes de enero y 10% durante el mes de febrero del a\u00f1o en curso, 50% de descuento a jubilados, pensionados, discapacitados y personas de 65 a\u00f1os y m\u00e1s siempre y cuando se trate de un solo inmueble, que se encuentre inscrito a su nombre o su c\u00f3nyuge; as\u00ed como tambi\u00e9n, autorizaci\u00f3n al presidente municipal constitucional de Cuernavaca, Morelos, y\/o a quien este tenga a bien designar, para realizar descuentos sobre multas y recargos durante el periodo de su gesti\u00f3n, rindiendo el informe correspondiente a las y los integrantes del Cabildo de los ingresos o egresos que esto genere<\/a><\/span><\/span><\/strong><\/td>\n<td><strong><span style=\"text-decoration: underline\"><span style=\"color: #0000ff;text-decoration: underline\"><a style=\"color: #0000ff;text-decoration: underline\" href=\"https:\/\/cuernavaca.gob.mx\/dmer\/wp-content\/uploads\/2022\/06\/SO\uf022AC-021\uf0221-I-2022-que-autoriza-la-continuidad-del-Programa-de-Estimulos-Fiscales-por-Pago-Anticipado-de-Impuesto-Predial-con-descuento-.docx\" target=\"_blank\" rel=\"noopener\">Exenci\u00f3n AIR<\/a><\/span><\/span><\/strong><\/td>\n<\/tr>\n<\/tbody>\n<\/table>\n                <\/div>\r\n                        <div post_id=\"3370\" itemcount=\"22\" header_id=\"header-1655232228960\" id=\"header-1655232228960\" style=\"\" class=\"accordions-head head1655232228960 border-none\" toggle-text=\"\" main-text=\"SO\/AC-022\/1-I-2022, que autoriza al Presidente Municipal Constitucional de Cuernavaca, Morelos, para que suscriba en nombre y representaci\u00f3n de este Ayuntamiento la autorizaci\u00f3n para tener la continuidad del servicio de recolecci\u00f3n de basura con las empresas\u00a0 TRIDESA, S.A. de C.V. y KS Ambiental S.A. de C.V., as\u00ed como tambi\u00e9n la aprobaci\u00f3n de la elaboraci\u00f3n del contrato que corresponde con cl\u00e1usulas especiales, en funci\u00f3n de la situaci\u00f3n jur\u00eddica y financiera que guarda la prestaci\u00f3n del servicio\">\r\n                                            <span id=\"accordion-icons-1655232228960\" class=\"accordion-icons\">\r\n                            <span class=\"accordion-icon-active accordion-plus\"><i class=\"fas fa-chevron-up\"><\/i><\/span>\r\n                            <span class=\"accordion-icon-inactive accordion-minus\"><i class=\"fas fa-chevron-right\"><\/i><\/span>\r\n                        <\/span>\r\n                        <span id=\"header-text-1655232228960\" class=\"accordions-head-title\">SO\/AC-022\/1-I-2022, que autoriza al Presidente Municipal Constitucional de Cuernavaca, Morelos, para que suscriba en nombre y representaci\u00f3n de este Ayuntamiento la autorizaci\u00f3n para tener la continuidad del servicio de recolecci\u00f3n de basura con las empresas\u00a0 TRIDESA, S.A. de C.V. y KS Ambiental S.A. de C.V., as\u00ed como tambi\u00e9n la aprobaci\u00f3n de la elaboraci\u00f3n del contrato que corresponde con cl\u00e1usulas especiales, en funci\u00f3n de la situaci\u00f3n jur\u00eddica y financiera que guarda la prestaci\u00f3n del servicio<\/span>\r\n                                    <\/div>\r\n                <div class=\"accordion-content content1655232228960 \">\r\n                    <table width=\"1834\">\n<tbody>\n<tr>\n<td width=\"375\">Nombre de la Regulaci\u00f3n<\/td>\n<td width=\"263\">N\u00famero de Expediente<\/td>\n<td width=\"263\">Tipo de documeno<\/td>\n<td width=\"273\">Autoridad que la emite<\/td>\n<td width=\"240\">Autoridad o autoridades que la aplican<\/td>\n<td width=\"223\">Fecha en que ha sido actualizada<\/td>\n<td width=\"197\">Tipo de ordenamiento jur\u00eddico<\/td>\n<\/tr>\n<tr>\n<td width=\"375\">Acuerdo SO\/AC-022\/1-I-2022, que autoriza al Presidente Municipal Constitucional de Cuernavaca, Morelos, para que suscriba en nombre y representaci\u00f3n de este Ayuntamiento la autorizaci\u00f3n para tener la continuidad del servicio de recolecci\u00f3n de basura con las empresas\u00a0 TRIDESA, S.A. de C.V. y KS Ambiental S.A. de C.V., as\u00ed como tambi\u00e9n la aprobaci\u00f3n de la elaboraci\u00f3n del contrato que corresponde con cl\u00e1usulas especiales, en funci\u00f3n de la situaci\u00f3n jur\u00eddica y financiera que guarda la prestaci\u00f3n del servicio<\/td>\n<td width=\"263\">SDEyT\/DMR\/AIR\/01\/2022-SA<\/td>\n<td width=\"263\">Exenci\u00f3n de elaborar el AIR<\/td>\n<td width=\"273\">Cabildo<\/td>\n<td width=\"240\">Tesorer\u00eda Municipal<\/td>\n<td width=\"223\">01\/01\/2022<\/td>\n<td width=\"197\">Acuerdo<\/td>\n<\/tr>\n<\/tbody>\n<\/table>\n<table width=\"1651\">\n<tbody>\n<tr>\n<td width=\"215\">\u00c1mbito de aplicaci\u00f3n<\/td>\n<td width=\"211\">\u00cdndice de la Regulaci\u00f3n<\/td>\n<td width=\"221\">Objeto de la Regulaci\u00f3n<\/td>\n<td width=\"217\">Materia<\/td>\n<td width=\"237\">Sectores y sujetos regulados<\/td>\n<td width=\"227\">Tr\u00e1mites y Servicios relacionados con la Regulaci\u00f3n<\/td>\n<td width=\"323\">Identificaci\u00f3n de fundamentos jur\u00eddicos para la realizaci\u00f3n de inspecciones y visitas domiciliarias<\/td>\n<\/tr>\n<tr>\n<td width=\"215\">Interna en el Ayuntamiento de Cuernavaca<\/td>\n<td width=\"211\">P\u00e1gina 1. Considerandos; P\u00e1gina 2. a la 3. Art\u00edculos dispositivos y art\u00edculos transitorios, y P\u00e1gina 4. Lugar, firmas y r\u00fabricas.<\/td>\n<td width=\"221\">Se autoriza al presidente Municipal Constitucional de Cuernavaca, Morelos, para que suscriba en nombre y representaci\u00f3n de este Ayuntamiento la autorizaci\u00f3n para tener la continuidad del servicio de recolecci\u00f3n de basura con las empresas\u00a0 TRIDESA, S.A. DE C.V. y KS AMBIENTAL S.A. DE C.V., as\u00ed como tambi\u00e9n la aprobaci\u00f3n de la elaboraci\u00f3n del contrato que corresponde con cl\u00e1usulas especiales, en funci\u00f3n de la situaci\u00f3n jur\u00eddica y financiera que guarda la prestaci\u00f3n del servicio.<\/td>\n<td width=\"217\">Administrativa<\/td>\n<td width=\"237\">Ning\u00fan sector<\/td>\n<td width=\"227\">Ninguno<\/td>\n<td width=\"323\">Ninguno<\/td>\n<\/tr>\n<\/tbody>\n<\/table>\n<table width=\"506\">\n<tbody>\n<tr>\n<td width=\"303\">Nombre de la Regulaci\u00f3n<\/td>\n<td width=\"203\">Tipo de documento<\/td>\n<\/tr>\n<tr>\n<td width=\"303\"><strong><span style=\"text-decoration: underline\"><span style=\"color: #0000ff\"><a style=\"color: #0000ff;text-decoration: underline\" href=\"https:\/\/cuernavaca.gob.mx\/dmer\/wp-content\/uploads\/2022\/06\/22.-Acuerdo-SO-AC-22-1-I-2022.-Autoriza-continuidad-contrato-ks-ambiental.doc\" target=\"_blank\" rel=\"noopener\">Acuerdo SO\/AC-022\/1-I-2022, que autoriza al Presidente Municipal Constitucional de Cuernavaca, Morelos, para que suscriba en nombre y representaci\u00f3n de este Ayuntamiento la autorizaci\u00f3n para tener la continuidad del servicio de recolecci\u00f3n de basura con las empresas\u00a0 TRIDESA, S.A. de C.V. y KS Ambiental S.A. de C.V., as\u00ed como tambi\u00e9n la aprobaci\u00f3n de la elaboraci\u00f3n del contrato que corresponde con cl\u00e1usulas especiales, en funci\u00f3n de la situaci\u00f3n jur\u00eddica y financiera que guarda la prestaci\u00f3n del servicio<\/a><\/span><\/span><\/strong><\/td>\n<td><strong><span style=\"text-decoration: underline\"><span style=\"color: #0000ff\"><a style=\"color: #0000ff;text-decoration: underline\" href=\"https:\/\/cuernavaca.gob.mx\/dmer\/wp-content\/uploads\/2022\/06\/SO\uf022AC-022\uf0221-I-2022-que-autoriza-al-Presidente-Municipal-Constitucional-de-Cuernavaca-Morelos-para-que-suscriba-en-nombre-y-represe.docx\" target=\"_blank\" rel=\"noopener\">Exenci\u00f3n AIR<\/a><\/span><\/span><\/strong><\/td>\n<\/tr>\n<\/tbody>\n<\/table>\n                <\/div>\r\n                        <div post_id=\"3370\" itemcount=\"23\" header_id=\"header-1655232555691\" id=\"header-1655232555691\" style=\"\" class=\"accordions-head head1655232555691 border-none\" toggle-text=\"\" main-text=\"SO\/AC-023\/1-I-2022, que autoriza que los servidores p\u00fablicos entrantes a la Administraci\u00f3n P\u00fablica Municipal del Ayuntamiento de Cuernavaca 2022-2024, su nombramiento tendr\u00e1 una vigencia de 4 meses, a partir del momento de su designaci\u00f3n, debiendo en su caso ser ratificados por el Presidente Municipal conforme a las facultades conferidas por la Ley del Servicio Civil vigente en el Estado de Morelos\">\r\n                                            <span id=\"accordion-icons-1655232555691\" class=\"accordion-icons\">\r\n                            <span class=\"accordion-icon-active accordion-plus\"><i class=\"fas fa-chevron-up\"><\/i><\/span>\r\n                            <span class=\"accordion-icon-inactive accordion-minus\"><i class=\"fas fa-chevron-right\"><\/i><\/span>\r\n                        <\/span>\r\n                        <span id=\"header-text-1655232555691\" class=\"accordions-head-title\">SO\/AC-023\/1-I-2022, que autoriza que los servidores p\u00fablicos entrantes a la Administraci\u00f3n P\u00fablica Municipal del Ayuntamiento de Cuernavaca 2022-2024, su nombramiento tendr\u00e1 una vigencia de 4 meses, a partir del momento de su designaci\u00f3n, debiendo en su caso ser ratificados por el Presidente Municipal conforme a las facultades conferidas por la Ley del Servicio Civil vigente en el Estado de Morelos<\/span>\r\n                                    <\/div>\r\n                <div class=\"accordion-content content1655232555691 \">\r\n                    <table width=\"1834\">\n<tbody>\n<tr>\n<td width=\"375\">Nombre de la Regulaci\u00f3n<\/td>\n<td width=\"263\">N\u00famero de Expediente<\/td>\n<td width=\"263\">Tipo de documeno<\/td>\n<td width=\"273\">Autoridad que la emite<\/td>\n<td width=\"240\">Autoridad o autoridades que la aplican<\/td>\n<td width=\"223\">Fecha en que ha sido actualizada<\/td>\n<td width=\"197\">Tipo de ordenamiento jur\u00eddico<\/td>\n<\/tr>\n<tr>\n<td width=\"375\">Acuerdo SO\/AC-023\/1-I-2022, que autoriza que los servidores p\u00fablicos entrantes a la Administraci\u00f3n P\u00fablica Municipal del Ayuntamiento de Cuernavaca 2022-2024, su nombramiento tendr\u00e1 una vigencia de 4 meses, a partir del momento de su designaci\u00f3n, debiendo en su caso ser ratificados por el Presidente Municipal conforme a las facultades conferidas por la Ley del Servicio Civil vigente en el Estado de Morelos<\/td>\n<td width=\"263\">SDEyT\/DMR\/AIR\/01\/2022-SA<\/td>\n<td width=\"263\">Exenci\u00f3n de elaborar el AIR<\/td>\n<td width=\"273\">Cabildo<\/td>\n<td width=\"240\">Secretar\u00eda de Administraci\u00f3n<\/td>\n<td width=\"223\">01\/01\/2022<\/td>\n<td width=\"197\">Acuerdo<\/td>\n<\/tr>\n<\/tbody>\n<\/table>\n<table width=\"1651\">\n<tbody>\n<tr>\n<td width=\"215\">\u00c1mbito de aplicaci\u00f3n<\/td>\n<td width=\"211\">\u00cdndice de la Regulaci\u00f3n<\/td>\n<td width=\"221\">Objeto de la Regulaci\u00f3n<\/td>\n<td width=\"217\">Materia<\/td>\n<td width=\"237\">Sectores y sujetos regulados<\/td>\n<td width=\"227\">Tr\u00e1mites y Servicios relacionados con la Regulaci\u00f3n<\/td>\n<td width=\"323\">Identificaci\u00f3n de fundamentos jur\u00eddicos para la realizaci\u00f3n de inspecciones y visitas domiciliarias<\/td>\n<\/tr>\n<tr>\n<td width=\"215\">Interna en el Ayuntamiento de Cuernavaca<\/td>\n<td width=\"211\">P\u00e1gina 1. Considerandos; P\u00e1gina 2. a la 3. Art\u00edculos dispositivos y art\u00edculos transitorios, y P\u00e1gina 4. Lugar, firmas y r\u00fabricas.<\/td>\n<td width=\"221\">Se autoriza que los servidores p\u00fablicos entrantes a la administraci\u00f3n p\u00fablica municipal del Ayuntamiento de Cuernavaca 2022-2024, su nombramiento tenga una vigencia de 4 meses, a partir del momento de su designaci\u00f3n, debiendo en su caso ser ratificados por el Presidente Municipal conforme a las facultades conferidas por la Ley del Servicio Civil vigente en el Estado de Morelos, para que en caso de continuar, ser evaluados en un t\u00e9rmino posterior de 8 y 12 meses, bajo los par\u00e1metros de gesti\u00f3n de resultados establecidos por el cabildo.<\/td>\n<td width=\"217\">Administrativa<\/td>\n<td width=\"237\">Ning\u00fan sector<\/td>\n<td width=\"227\">Ninguno<\/td>\n<td width=\"323\">Ninguno<\/td>\n<\/tr>\n<\/tbody>\n<\/table>\n<table width=\"506\">\n<tbody>\n<tr>\n<td width=\"303\">Nombre de la Regulaci\u00f3n<\/td>\n<td width=\"203\">Tipo de documento<\/td>\n<\/tr>\n<tr>\n<td width=\"303\"><strong><span style=\"text-decoration: underline\"><span style=\"color: #0000ff\"><a style=\"color: #0000ff;text-decoration: underline\" href=\"https:\/\/cuernavaca.gob.mx\/dmer\/wp-content\/uploads\/2022\/06\/23.-Acuerdo-SO-AC-23-1-I-2022.-Autoriza-contratos-4-meses-servidores-publicos.doc\" target=\"_blank\" rel=\"noopener\">Acuerdo SO\/AC-023\/1-I-2022, que autoriza que los servidores p\u00fablicos entrantes a la Administraci\u00f3n P\u00fablica Municipal del Ayuntamiento de Cuernavaca 2022-2024, su nombramiento tendr\u00e1 una vigencia de 4 meses, a partir del momento de su designaci\u00f3n, debiendo en su caso ser ratificados por el Presidente Municipal conforme a las facultades conferidas por la Ley del Servicio Civil vigente en el Estado de Morelos<\/a><\/span><\/span><\/strong><\/td>\n<td><strong><span style=\"text-decoration: underline\"><span style=\"color: #0000ff\"><a style=\"color: #0000ff;text-decoration: underline\" href=\"https:\/\/cuernavaca.gob.mx\/dmer\/wp-content\/uploads\/2022\/06\/SO\uf022AC-023\uf0221-I-2022-que-autoriza-que-los-servidores-publicos-entrantes-a-la-Administracion-Publica-Municipal-del-Ayuntamiento-de-.docx\" target=\"_blank\" rel=\"noopener\">Exenci\u00f3n AIR<\/a><\/span><\/span><\/strong><\/td>\n<\/tr>\n<\/tbody>\n<\/table>\n                <\/div>\r\n                        <div post_id=\"3370\" itemcount=\"24\" header_id=\"header-1655232777213\" id=\"header-1655232777213\" style=\"\" class=\"accordions-head head1655232777213 border-none\" toggle-text=\"\" main-text=\"SE\/AC-024\/05-I-2022, por el que se integra el Consejo Local de Tutelas del Municipio de Cuernavaca, Morelos\">\r\n                                            <span id=\"accordion-icons-1655232777213\" class=\"accordion-icons\">\r\n                            <span class=\"accordion-icon-active accordion-plus\"><i class=\"fas fa-chevron-up\"><\/i><\/span>\r\n                            <span class=\"accordion-icon-inactive accordion-minus\"><i class=\"fas fa-chevron-right\"><\/i><\/span>\r\n                        <\/span>\r\n                        <span id=\"header-text-1655232777213\" class=\"accordions-head-title\">SE\/AC-024\/05-I-2022, por el que se integra el Consejo Local de Tutelas del Municipio de Cuernavaca, Morelos<\/span>\r\n                                    <\/div>\r\n                <div class=\"accordion-content content1655232777213 \">\r\n                    <table width=\"1834\">\n<tbody>\n<tr>\n<td width=\"375\">Nombre de la Regulaci\u00f3n<\/td>\n<td width=\"263\">N\u00famero de Expediente<\/td>\n<td width=\"263\">Tipo de documeno<\/td>\n<td width=\"273\">Autoridad que la emite<\/td>\n<td width=\"240\">Autoridad o autoridades que la aplican<\/td>\n<td width=\"223\">Fecha en que ha sido actualizada<\/td>\n<td width=\"197\">Tipo de ordenamiento jur\u00eddico<\/td>\n<\/tr>\n<tr>\n<td width=\"375\">Acuerdo SE\/AC-024\/05-I-2022, por el que se integra el Consejo Local de Tutelas del Municipio de Cuernavaca, Morelos<\/td>\n<td width=\"263\">SDEyT\/DMR\/AIR\/01\/2022-SA<\/td>\n<td width=\"263\">Exenci\u00f3n de elaborar el AIR<\/td>\n<td width=\"273\">Cabildo<\/td>\n<td width=\"240\">Consejo Local de Tutelas<\/td>\n<td width=\"223\">05\/01\/2022<\/td>\n<td width=\"197\">Acuerdo<\/td>\n<\/tr>\n<\/tbody>\n<\/table>\n<table width=\"1651\">\n<tbody>\n<tr>\n<td width=\"215\">\u00c1mbito de aplicaci\u00f3n<\/td>\n<td width=\"211\">\u00cdndice de la Regulaci\u00f3n<\/td>\n<td width=\"221\">Objeto de la Regulaci\u00f3n<\/td>\n<td width=\"217\">Materia<\/td>\n<td width=\"237\">Sectores y sujetos regulados<\/td>\n<td width=\"227\">Tr\u00e1mites y Servicios relacionados con la Regulaci\u00f3n<\/td>\n<td width=\"323\">Identificaci\u00f3n de fundamentos jur\u00eddicos para la realizaci\u00f3n de inspecciones y visitas domiciliarias<\/td>\n<\/tr>\n<tr>\n<td width=\"215\">Interna en el Ayuntamiento de Cuernavaca<\/td>\n<td width=\"211\">P\u00e1gina 1. a la 2. Considerandos; P\u00e1gina 2. a la 3. Art\u00edculos dispositivos y art\u00edculos transitorios, y P\u00e1gina 4. Lugar, firmas y r\u00fabricas.<\/td>\n<td width=\"221\">Se integra el Consejo Local de Tutelas del Municipio de Cuernavaca, Morelos.<\/p>\n<p>I. PRESIDENTA: Marisol Rodr\u00edguez Gonz\u00e1lez, Licenciada en Comunicaci\u00f3n Humana.<br \/>\nII. VOCAL: Mar\u00eda de Jes\u00fas L\u00f3pez Ch\u00e1vez, Maestra en Administraci\u00f3n y Procuraci\u00f3n de Justicia.<br \/>\nIII. VOCAL: Cecilia Blanchet Pezet, Presidenta y fundadora de Ministerios de Amor A.C.<br \/>\nIV. SECRETARIA T\u00c9CNICA: Francisco Javier Rom\u00e1n Rom\u00e1n. Procurador Municipal de protecci\u00f3n de Ni\u00f1as, Ni\u00f1os, Adolescentes y la Familia de Cuernavaca.<\/td>\n<td width=\"217\">Administrativa<\/td>\n<td width=\"237\">Ning\u00fan sector<\/td>\n<td width=\"227\">Ninguno<\/td>\n<td width=\"323\">Ninguno<\/td>\n<\/tr>\n<\/tbody>\n<\/table>\n<table width=\"506\">\n<tbody>\n<tr>\n<td width=\"303\">Nombre de la Regulaci\u00f3n<\/td>\n<td width=\"203\">Tipo de documento<\/td>\n<\/tr>\n<tr>\n<td width=\"303\"><a href=\"https:\/\/cuernavaca.gob.mx\/dmer\/wp-content\/uploads\/2022\/06\/24.-ACUERDO-SE-AC-24-05-I-2022.-Consejo-de-Tutelas.docx\" target=\"_blank\" rel=\"noopener\">Acuerdo SE\/AC-024\/05-I-2022, por el que se integra el Consejo Local de Tutelas del Municipio de Cuernavaca, Morelos<\/a><\/td>\n<td>Exenci\u00f3n AIR<\/td>\n<\/tr>\n<\/tbody>\n<\/table>\n                <\/div>\r\n                        <div post_id=\"3370\" itemcount=\"25\" header_id=\"header-1655233143061\" id=\"header-1655233143061\" style=\"\" class=\"accordions-head head1655233143061 border-none\" toggle-text=\"\" main-text=\"Acuerdo SE\/AC-025\/05-I-2022, mediante el cual se designa al ciudadano Jos\u00e9 Luis Silva D\u00edaz como Juez C\u00edvico del Ayuntamiento de Cuernavaca\">\r\n                                            <span id=\"accordion-icons-1655233143061\" class=\"accordion-icons\">\r\n                            <span class=\"accordion-icon-active accordion-plus\"><i class=\"fas fa-chevron-up\"><\/i><\/span>\r\n                            <span class=\"accordion-icon-inactive accordion-minus\"><i class=\"fas fa-chevron-right\"><\/i><\/span>\r\n                        <\/span>\r\n                        <span id=\"header-text-1655233143061\" class=\"accordions-head-title\">Acuerdo SE\/AC-025\/05-I-2022, mediante el cual se designa al ciudadano Jos\u00e9 Luis Silva D\u00edaz como Juez C\u00edvico del Ayuntamiento de Cuernavaca<\/span>\r\n                                    <\/div>\r\n                <div class=\"accordion-content content1655233143061 \">\r\n                    <table width=\"1834\">\n<tbody>\n<tr>\n<td width=\"375\">Nombre de la Regulaci\u00f3n<\/td>\n<td width=\"263\">N\u00famero de Expediente<\/td>\n<td width=\"263\">Tipo de documeno<\/td>\n<td width=\"273\">Autoridad que la emite<\/td>\n<td width=\"240\">Autoridad o autoridades que la aplican<\/td>\n<td width=\"223\">Fecha en que ha sido actualizada<\/td>\n<td width=\"197\">Tipo de ordenamiento jur\u00eddico<\/td>\n<\/tr>\n<tr>\n<td width=\"375\">Acuerdo SE\/AC-025\/05-I-2022, mediante el cual se designa al ciudadano Jos\u00e9 Luis Silva D\u00edaz como Juez C\u00edvico del Ayuntamiento de Cuernavaca<\/td>\n<td width=\"263\">SDEyT\/DMR\/AIR\/01\/2022-SA<\/td>\n<td width=\"263\">Exenci\u00f3n de elaborar el AIR<\/td>\n<td width=\"273\">Cabildo<\/td>\n<td width=\"240\">Sindicatura Municipal<\/td>\n<td width=\"223\">05\/01\/2022<\/td>\n<td width=\"197\">Acuerdo<\/td>\n<\/tr>\n<\/tbody>\n<\/table>\n<table width=\"1651\">\n<tbody>\n<tr>\n<td width=\"215\">\u00c1mbito de aplicaci\u00f3n<\/td>\n<td width=\"211\">\u00cdndice de la Regulaci\u00f3n<\/td>\n<td width=\"221\">Objeto de la Regulaci\u00f3n<\/td>\n<td width=\"217\">Materia<\/td>\n<td width=\"237\">Sectores y sujetos regulados<\/td>\n<td width=\"227\">Tr\u00e1mites y Servicios relacionados con la Regulaci\u00f3n<\/td>\n<td width=\"323\">Identificaci\u00f3n de fundamentos jur\u00eddicos para la realizaci\u00f3n de inspecciones y visitas domiciliarias<\/td>\n<\/tr>\n<tr>\n<td width=\"215\">Interna en el Ayuntamiento de Cuernavaca<\/td>\n<td width=\"211\">P\u00e1gina 1.\u00a0 Considerandos; P\u00e1gina 2. Art\u00edculos dispositivos y art\u00edculos transitorios, y P\u00e1gina 3. Lugar, firmas y r\u00fabricas.<\/td>\n<td width=\"221\">Se designa como Juez C\u00edvico del Ayuntamiento de Cuernavaca, al Ciudadano Jos\u00e9 Luis Silva D\u00edaz.<\/td>\n<td width=\"217\">Administrativa<\/td>\n<td width=\"237\">Ning\u00fan sector<\/td>\n<td width=\"227\">Ninguno<\/td>\n<td width=\"323\">Ninguno<\/td>\n<\/tr>\n<\/tbody>\n<\/table>\n<table width=\"506\">\n<tbody>\n<tr>\n<td width=\"303\">Nombre de la Regulaci\u00f3n<\/td>\n<td width=\"203\">Tipo de documento<\/td>\n<\/tr>\n<tr>\n<td width=\"303\"><strong><span style=\"text-decoration: underline\"><span style=\"color: #0000ff\"><a style=\"color: #0000ff;text-decoration: underline\" href=\"https:\/\/cuernavaca.gob.mx\/dmer\/wp-content\/uploads\/2022\/06\/25.-ACUERDO-SE-AC-25-05-I-2022.-Designacion-Juez-Civico-Jose-Luis-Silva.docx\" target=\"_blank\" rel=\"noopener\">Acuerdo SE\/AC-025\/05-I-2022, mediante el cual se designa al ciudadano Jos\u00e9 Luis Silva D\u00edaz como Juez C\u00edvico del Ayuntamiento de Cuernavaca<\/a><\/span><\/span><\/strong><\/td>\n<td>Exenci\u00f3n AIR<\/td>\n<\/tr>\n<\/tbody>\n<\/table>\n                <\/div>\r\n                        <div post_id=\"3370\" itemcount=\"26\" header_id=\"header-1655233337907\" id=\"header-1655233337907\" style=\"\" class=\"accordions-head head1655233337907 border-none\" toggle-text=\"\" main-text=\"SE\/AC-026\/05-I-2022, mediante el cual se designa de la ciudadana Jenyffer Uribe Chaparro como Juez C\u00edvico del Ayuntamiento de Cuernavaca\">\r\n                                            <span id=\"accordion-icons-1655233337907\" class=\"accordion-icons\">\r\n                            <span class=\"accordion-icon-active accordion-plus\"><i class=\"fas fa-chevron-up\"><\/i><\/span>\r\n                            <span class=\"accordion-icon-inactive accordion-minus\"><i class=\"fas fa-chevron-right\"><\/i><\/span>\r\n                        <\/span>\r\n                        <span id=\"header-text-1655233337907\" class=\"accordions-head-title\">SE\/AC-026\/05-I-2022, mediante el cual se designa de la ciudadana Jenyffer Uribe Chaparro como Juez C\u00edvico del Ayuntamiento de Cuernavaca<\/span>\r\n                                    <\/div>\r\n                <div class=\"accordion-content content1655233337907 \">\r\n                    <table width=\"1834\">\n<tbody>\n<tr>\n<td width=\"375\">Nombre de la Regulaci\u00f3n<\/td>\n<td width=\"263\">N\u00famero de Expediente<\/td>\n<td width=\"263\">Tipo de documeno<\/td>\n<td width=\"273\">Autoridad que la emite<\/td>\n<td width=\"240\">Autoridad o autoridades que la aplican<\/td>\n<td width=\"223\">Fecha en que ha sido actualizada<\/td>\n<td width=\"197\">Tipo de ordenamiento jur\u00eddico<\/td>\n<\/tr>\n<tr>\n<td width=\"375\">Acuerdo SE\/AC-026\/05-I-2022, mediante el cual se designa de la ciudadana Jenyffer Uribe Chaparro como Juez C\u00edvico del Ayuntamiento de Cuernavaca<\/td>\n<td width=\"263\">SDEyT\/DMR\/AIR\/01\/2022-SA<\/td>\n<td width=\"263\">Exenci\u00f3n de elaborar el AIR<\/td>\n<td width=\"273\">Cabildo<\/td>\n<td width=\"240\">Sindicatura Municipal<\/td>\n<td width=\"223\">05\/01\/2022<\/td>\n<td width=\"197\">Acuerdo<\/td>\n<\/tr>\n<\/tbody>\n<\/table>\n<table width=\"1651\">\n<tbody>\n<tr>\n<td width=\"215\">\u00c1mbito de aplicaci\u00f3n<\/td>\n<td width=\"211\">\u00cdndice de la Regulaci\u00f3n<\/td>\n<td width=\"221\">Objeto de la Regulaci\u00f3n<\/td>\n<td width=\"217\">Materia<\/td>\n<td width=\"237\">Sectores y sujetos regulados<\/td>\n<td width=\"227\">Tr\u00e1mites y Servicios relacionados con la Regulaci\u00f3n<\/td>\n<td width=\"323\">Identificaci\u00f3n de fundamentos jur\u00eddicos para la realizaci\u00f3n de inspecciones y visitas domiciliarias<\/td>\n<\/tr>\n<tr>\n<td width=\"215\">Interna en el Ayuntamiento de Cuernavaca<\/td>\n<td width=\"211\">P\u00e1gina 1.\u00a0 Considerandos; P\u00e1gina 2. Art\u00edculos dispositivos y art\u00edculos transitorios, y P\u00e1gina 3. Lugar, firmas y r\u00fabricas.<\/td>\n<td width=\"221\">Se designa como Juez C\u00edvico del Ayuntamiento de Cuernavaca, de la Ciudadana Jenyffer Uribe Chaparro.<\/td>\n<td width=\"217\">Administrativa<\/td>\n<td width=\"237\">Ning\u00fan sector<\/td>\n<td width=\"227\">Ninguno<\/td>\n<td width=\"323\">Ninguno<\/td>\n<\/tr>\n<\/tbody>\n<\/table>\n<table width=\"506\">\n<tbody>\n<tr>\n<td width=\"303\">Nombre de la Regulaci\u00f3n<\/td>\n<td width=\"203\">Tipo de documento<\/td>\n<\/tr>\n<tr>\n<td width=\"303\"><strong><span style=\"text-decoration: underline\"><span style=\"color: #0000ff\"><a style=\"color: #0000ff;text-decoration: underline\" href=\"https:\/\/cuernavaca.gob.mx\/dmer\/wp-content\/uploads\/2022\/06\/26.-ACUERDO-SE-AC-26-05-I-2022.-Designacion-Juez-Civico-Jenyfer-Uribe.docx\" target=\"_blank\" rel=\"noopener\">Acuerdo SE\/AC-026\/05-I-2022, mediante el cual se designa de la ciudadana Jenyffer Uribe Chaparro como Juez C\u00edvico del Ayuntamiento de Cuernavaca<\/a><\/span><\/span><\/strong><\/td>\n<td>Exenci\u00f3n AIR<\/td>\n<\/tr>\n<\/tbody>\n<\/table>\n                <\/div>\r\n                        <div post_id=\"3370\" itemcount=\"27\" header_id=\"header-1655233648444\" id=\"header-1655233648444\" style=\"\" class=\"accordions-head head1655233648444 border-none\" toggle-text=\"\" main-text=\"SE\/AC-027\/05-I-2022, mediante el cual se designa al ciudadano Israel Nava Guerra como Juez C\u00edvico del Ayuntamiento De Cuernavaca\">\r\n                                            <span id=\"accordion-icons-1655233648444\" class=\"accordion-icons\">\r\n                            <span class=\"accordion-icon-active accordion-plus\"><i class=\"fas fa-chevron-up\"><\/i><\/span>\r\n                            <span class=\"accordion-icon-inactive accordion-minus\"><i class=\"fas fa-chevron-right\"><\/i><\/span>\r\n                        <\/span>\r\n                        <span id=\"header-text-1655233648444\" class=\"accordions-head-title\">SE\/AC-027\/05-I-2022, mediante el cual se designa al ciudadano Israel Nava Guerra como Juez C\u00edvico del Ayuntamiento De Cuernavaca<\/span>\r\n                                    <\/div>\r\n                <div class=\"accordion-content content1655233648444 \">\r\n                    <table width=\"1834\">\n<tbody>\n<tr>\n<td width=\"375\">Nombre de la Regulaci\u00f3n<\/td>\n<td width=\"263\">N\u00famero de Expediente<\/td>\n<td width=\"263\">Tipo de documeno<\/td>\n<td width=\"273\">Autoridad que la emite<\/td>\n<td width=\"240\">Autoridad o autoridades que la aplican<\/td>\n<td width=\"223\">Fecha en que ha sido actualizada<\/td>\n<td width=\"197\">Tipo de ordenamiento jur\u00eddico<\/td>\n<\/tr>\n<tr>\n<td width=\"375\">Acuerdo SE\/AC-027\/05-I-2022, mediante el cual se designa al ciudadano Israel Nava Guerra como Juez C\u00edvico del Ayuntamiento De Cuernavaca<\/td>\n<td width=\"263\">SDEyT\/DMR\/AIR\/01\/2022-SA<\/td>\n<td width=\"263\">Exenci\u00f3n de elaborar el AIR<\/td>\n<td width=\"273\">Cabildo<\/td>\n<td width=\"240\">Sindicatura Municipal<\/td>\n<td width=\"223\">05\/01\/2022<\/td>\n<td width=\"197\">Acuerdo<\/td>\n<\/tr>\n<\/tbody>\n<\/table>\n<table width=\"1651\">\n<tbody>\n<tr>\n<td width=\"215\">\u00c1mbito de aplicaci\u00f3n<\/td>\n<td width=\"211\">\u00cdndice de la Regulaci\u00f3n<\/td>\n<td width=\"221\">Objeto de la Regulaci\u00f3n<\/td>\n<td width=\"217\">Materia<\/td>\n<td width=\"237\">Sectores y sujetos regulados<\/td>\n<td width=\"227\">Tr\u00e1mites y Servicios relacionados con la Regulaci\u00f3n<\/td>\n<td width=\"323\">Identificaci\u00f3n de fundamentos jur\u00eddicos para la realizaci\u00f3n de inspecciones y visitas domiciliarias<\/td>\n<\/tr>\n<tr>\n<td width=\"215\">Interna en el Ayuntamiento de Cuernavaca<\/td>\n<td width=\"211\">P\u00e1gina 1.\u00a0 Considerandos; P\u00e1gina 2. Art\u00edculos dispositivos y art\u00edculos transitorios, y P\u00e1gina 3. Lugar, firmas y r\u00fabricas.<\/td>\n<td width=\"221\">Se designa como Juez C\u00edvico del Ayuntamiento de Cuernavaca, al Ciudadano Israel Nava Guerra.<\/td>\n<td width=\"217\">Administrativa<\/td>\n<td width=\"237\">Ning\u00fan sector<\/td>\n<td width=\"227\">Ninguno<\/td>\n<td width=\"323\">Ninguno<\/td>\n<\/tr>\n<\/tbody>\n<\/table>\n<table width=\"506\">\n<tbody>\n<tr>\n<td width=\"303\">Nombre de la Regulaci\u00f3n<\/td>\n<td width=\"203\">Tipo de documento<\/td>\n<\/tr>\n<tr>\n<td width=\"303\"><strong><span style=\"text-decoration: underline\"><span style=\"color: #0000ff\"><a style=\"color: #0000ff;text-decoration: underline\" href=\"https:\/\/cuernavaca.gob.mx\/dmer\/wp-content\/uploads\/2022\/06\/27.-ACUERDO-SE-AC-27-05-I-2022.-Designacion-Juez-Civico-Israel-Nava-Guerra.docx\" target=\"_blank\" rel=\"noopener\">Acuerdo SE\/AC-027\/05-I-2022, mediante el cual se designa al ciudadano Israel Nava Guerra como Juez C\u00edvico del Ayuntamiento De Cuernavaca<\/a><\/span><\/span><\/strong><\/td>\n<td>Exenci\u00f3n AIR<\/td>\n<\/tr>\n<\/tbody>\n<\/table>\n                <\/div>\r\n                        <div post_id=\"3370\" itemcount=\"28\" header_id=\"header-1655234065340\" id=\"header-1655234065340\" style=\"\" class=\"accordions-head head1655234065340 border-none\" toggle-text=\"\" main-text=\"SO\/AC-028\/12-I-2022, mediante el cual se autoriza que la gaceta municipal sea publicada de manera permanente a trav\u00e9s de medios digitales y en forma extraordinaria en medio impreso, cuando as\u00ed se requiera y conforme a la disponibilidad presupuestal\">\r\n                                            <span id=\"accordion-icons-1655234065340\" class=\"accordion-icons\">\r\n                            <span class=\"accordion-icon-active accordion-plus\"><i class=\"fas fa-chevron-up\"><\/i><\/span>\r\n                            <span class=\"accordion-icon-inactive accordion-minus\"><i class=\"fas fa-chevron-right\"><\/i><\/span>\r\n                        <\/span>\r\n                        <span id=\"header-text-1655234065340\" class=\"accordions-head-title\">SO\/AC-028\/12-I-2022, mediante el cual se autoriza que la gaceta municipal sea publicada de manera permanente a trav\u00e9s de medios digitales y en forma extraordinaria en medio impreso, cuando as\u00ed se requiera y conforme a la disponibilidad presupuestal<\/span>\r\n                                    <\/div>\r\n                <div class=\"accordion-content content1655234065340 \">\r\n                    <table width=\"1834\">\n<tbody>\n<tr>\n<td width=\"375\">Nombre de la Regulaci\u00f3n<\/td>\n<td width=\"263\">N\u00famero de Expediente<\/td>\n<td width=\"263\">Tipo de documeno<\/td>\n<td width=\"273\">Autoridad que la emite<\/td>\n<td width=\"240\">Autoridad o autoridades que la aplican<\/td>\n<td width=\"223\">Fecha en que ha sido actualizada<\/td>\n<td width=\"197\">Tipo de ordenamiento jur\u00eddico<\/td>\n<\/tr>\n<tr>\n<td width=\"375\">Acuerdo SO\/AC-028\/12-I-2022, mediante el cual se autoriza que la gaceta municipal sea publicada de manera permanente a trav\u00e9s de medios digitales y en forma extraordinaria en medio impreso, cuando as\u00ed se requiera y conforme a la disponibilidad presupuestal<\/td>\n<td width=\"263\">SDEyT\/DMR\/AIR\/01\/2022-SA<\/td>\n<td width=\"263\">Exenci\u00f3n de elaborar el AIR<\/td>\n<td width=\"273\">Cabildo<\/td>\n<td width=\"240\">Presidencia Municipal<\/td>\n<td width=\"223\">12\/01\/2022<\/td>\n<td width=\"197\">Acuerdo<\/td>\n<\/tr>\n<\/tbody>\n<\/table>\n<table width=\"1651\">\n<tbody>\n<tr>\n<td width=\"215\">\u00c1mbito de aplicaci\u00f3n<\/td>\n<td width=\"211\">\u00cdndice de la Regulaci\u00f3n<\/td>\n<td width=\"221\">Objeto de la Regulaci\u00f3n<\/td>\n<td width=\"217\">Materia<\/td>\n<td width=\"237\">Sectores y sujetos regulados<\/td>\n<td width=\"227\">Tr\u00e1mites y Servicios relacionados con la Regulaci\u00f3n<\/td>\n<td width=\"323\">Identificaci\u00f3n de fundamentos jur\u00eddicos para la realizaci\u00f3n de inspecciones y visitas domiciliarias<\/td>\n<\/tr>\n<tr>\n<td width=\"215\">Interna en el Ayuntamiento de Cuernavaca<\/td>\n<td width=\"211\">P\u00e1gina 1.\u00a0 Considerandos; P\u00e1gina 2. a la 3. Art\u00edculos dispositivos y art\u00edculos transitorios, y P\u00e1gina 4. Lugar, firmas y r\u00fabricas.<\/td>\n<td width=\"221\">Se Autoriza que la gaceta municipal sea publicada de manera permanente a trav\u00e9s de medios digitales y en forma extraordinaria en medio impreso, cuando as\u00ed se requiera y conforme a la disponibilidad presupuestal.<\/td>\n<td width=\"217\">Administrativa<\/td>\n<td width=\"237\">Ning\u00fan sector<\/td>\n<td width=\"227\">Ninguno<\/td>\n<td width=\"323\">Ninguno<\/td>\n<\/tr>\n<\/tbody>\n<\/table>\n<table width=\"506\">\n<tbody>\n<tr>\n<td width=\"303\">Nombre de la Regulaci\u00f3n<\/td>\n<td width=\"203\">Tipo de documento<\/td>\n<\/tr>\n<tr>\n<td width=\"303\"><strong><span style=\"text-decoration: underline\"><span style=\"color: #0000ff;text-decoration: underline\"><a style=\"color: #0000ff;text-decoration: underline\" href=\"https:\/\/cuernavaca.gob.mx\/dmer\/wp-content\/uploads\/2022\/06\/28.-ACUERDO-SO-AC-28-12-I-2022-DE-AUTORIZACION-PARA-PUBLICAR-DE-MANERA-DIGITAL-LA-GACETA-MUNICIPAL.docx\" target=\"_blank\" rel=\"noopener\">Acuerdo SO\/AC-028\/12-I-2022, mediante el cual se autoriza que la gaceta municipal sea publicada de manera permanente a trav\u00e9s de medios digitales y en forma extraordinaria en medio impreso, cuando as\u00ed se requiera y conforme a la disponibilidad presupuestal<\/a><\/span><\/span><\/strong><\/td>\n<td><strong><span style=\"text-decoration: underline\"><span style=\"color: #0000ff;text-decoration: underline\"><a style=\"color: #0000ff;text-decoration: underline\" href=\"https:\/\/cuernavaca.gob.mx\/dmer\/wp-content\/uploads\/2022\/06\/SO\uf022AC-028\uf02212-I-2022-mediante-el-cual-se-autoriza-que-la-gaceta-municipal-.docx\" target=\"_blank\" rel=\"noopener\">Exenci\u00f3n AIR<\/a><\/span><\/span><\/strong><\/td>\n<\/tr>\n<\/tbody>\n<\/table>\n                <\/div>\r\n                        <div post_id=\"3370\" itemcount=\"29\" header_id=\"header-1655234257037\" id=\"header-1655234257037\" style=\"\" class=\"accordions-head head1655234257037 border-none\" toggle-text=\"\" main-text=\"Acuerdo SO\/AC-029\/12-I-2022, mediante el cual se autoriza que la documentaci\u00f3n anexa a las convocatorias que al efecto se realicen para el desahogo de las sesiones de Cabildo, sea enviada de manera permanente a trav\u00e9s de medios digitales\">\r\n                                            <span id=\"accordion-icons-1655234257037\" class=\"accordion-icons\">\r\n                            <span class=\"accordion-icon-active accordion-plus\"><i class=\"fas fa-chevron-up\"><\/i><\/span>\r\n                            <span class=\"accordion-icon-inactive accordion-minus\"><i class=\"fas fa-chevron-right\"><\/i><\/span>\r\n                        <\/span>\r\n                        <span id=\"header-text-1655234257037\" class=\"accordions-head-title\">Acuerdo SO\/AC-029\/12-I-2022, mediante el cual se autoriza que la documentaci\u00f3n anexa a las convocatorias que al efecto se realicen para el desahogo de las sesiones de Cabildo, sea enviada de manera permanente a trav\u00e9s de medios digitales<\/span>\r\n                                    <\/div>\r\n                <div class=\"accordion-content content1655234257037 \">\r\n                    <table width=\"1834\">\n<tbody>\n<tr>\n<td width=\"375\">Nombre de la Regulaci\u00f3n<\/td>\n<td width=\"263\">N\u00famero de Expediente<\/td>\n<td width=\"263\">Tipo de documeno<\/td>\n<td width=\"273\">Autoridad que la emite<\/td>\n<td width=\"240\">Autoridad o autoridades que la aplican<\/td>\n<td width=\"223\">Fecha en que ha sido actualizada<\/td>\n<td width=\"197\">Tipo de ordenamiento jur\u00eddico<\/td>\n<\/tr>\n<tr>\n<td width=\"375\">Acuerdo SO\/AC-029\/12-I-2022, mediante el cual se autoriza que la documentaci\u00f3n anexa a las convocatorias que al efecto se realicen para el desahogo de las sesiones de Cabildo, sea enviada de manera permanente a trav\u00e9s de medios digitales<\/td>\n<td width=\"263\">SDEyT\/DMR\/AIR\/01\/2022-SA<\/td>\n<td width=\"263\">Exenci\u00f3n de elaborar el AIR<\/td>\n<td width=\"273\">Cabildo<\/td>\n<td width=\"240\">Cabildo<\/td>\n<td width=\"223\">12\/01\/2022<\/td>\n<td width=\"197\">Acuerdo<\/td>\n<\/tr>\n<\/tbody>\n<\/table>\n<table width=\"1651\">\n<tbody>\n<tr>\n<td width=\"215\">\u00c1mbito de aplicaci\u00f3n<\/td>\n<td width=\"211\">\u00cdndice de la Regulaci\u00f3n<\/td>\n<td width=\"221\">Objeto de la Regulaci\u00f3n<\/td>\n<td width=\"217\">Materia<\/td>\n<td width=\"237\">Sectores y sujetos regulados<\/td>\n<td width=\"227\">Tr\u00e1mites y Servicios relacionados con la Regulaci\u00f3n<\/td>\n<td width=\"323\">Identificaci\u00f3n de fundamentos jur\u00eddicos para la realizaci\u00f3n de inspecciones y visitas domiciliarias<\/td>\n<\/tr>\n<tr>\n<td width=\"215\">Interna en el Ayuntamiento de Cuernavaca<\/td>\n<td width=\"211\">P\u00e1gina 1.\u00a0 Considerandos; P\u00e1gina 2. a la 3. Art\u00edculos dispositivos y art\u00edculos transitorios, y P\u00e1gina 4. Lugar, firmas y r\u00fabricas.<\/td>\n<td width=\"221\">Se autoriza que la documentaci\u00f3n anexa a las convocatorias que al efecto se realicen para el desahogo de las sesiones de cabildo, sea enviada de manera permanente a trav\u00e9s de medios digitales.<\/td>\n<td width=\"217\">Administrativa<\/td>\n<td width=\"237\">Ning\u00fan sector<\/td>\n<td width=\"227\">Ninguno<\/td>\n<td width=\"323\">Ninguno<\/td>\n<\/tr>\n<\/tbody>\n<\/table>\n<table width=\"506\">\n<tbody>\n<tr>\n<td width=\"303\">Nombre de la Regulaci\u00f3n<\/td>\n<td width=\"203\">Tipo de documento<\/td>\n<\/tr>\n<tr>\n<td width=\"303\"><strong><span style=\"text-decoration: underline\"><span style=\"color: #0000ff\"><a style=\"color: #0000ff;text-decoration: underline\" href=\"https:\/\/cuernavaca.gob.mx\/dmer\/wp-content\/uploads\/2022\/06\/29.-ACUERDO-SO-AC-29-12-I-2022-AUTORIZACION-PARA-ENVIAR-DE-MANERA-DIGITAL-ANEXOS-DE-CONVOCATORIAS..docx\" target=\"_blank\" rel=\"noopener\">Acuerdo SO\/AC-029\/12-I-2022, mediante el cual se autoriza que la documentaci\u00f3n anexa a las convocatorias que al efecto se realicen para el desahogo de las sesiones de Cabildo, sea enviada de manera permanente a trav\u00e9s de medios digitales<\/a><\/span><\/span><\/strong><\/td>\n<td><strong><span style=\"text-decoration: underline\"><span style=\"color: #0000ff\"><a style=\"color: #0000ff;text-decoration: underline\" href=\"https:\/\/cuernavaca.gob.mx\/dmer\/wp-content\/uploads\/2022\/06\/SO\uf022AC-029\uf02212-I-2022-mediante-el-cual-se-autoriza-que-la-documentacion-anexa-a-las-convocatorias-que-al-efecto-se-realicen-para-el-.docx\" target=\"_blank\" rel=\"noopener\">Exenci\u00f3n AIR<\/a><\/span><\/span><\/strong><\/td>\n<\/tr>\n<\/tbody>\n<\/table>\n                <\/div>\r\n                        <div post_id=\"3370\" itemcount=\"30\" header_id=\"header-1655234792260\" id=\"header-1655234792260\" style=\"\" class=\"accordions-head head1655234792260 border-none\" toggle-text=\"\" main-text=\"Acuerdo SO\/AC-030\/12-I-2022, mediante el cual se autoriza al Presidente Municipal, Jos\u00e9 Luis Uriostegui Salgado para que con la finalidad de llevar a cabo el buen funcionamiento de la Administraci\u00f3n P\u00fablica Municipal y con facultades que sean otorgados de un apoderado legal, celebre en nombre del Ayuntamiento y del Municipio de Cuernavaca, Morelos, todos los actos e instrumentos jur\u00eddicos necesarios para el desempe\u00f1o de los negocios administrativos y eficaz presentaci\u00f3n de los servicios p\u00fablicos municipales, con\u00a0 excepci\u00f3n de los actos reservados al Cabildo, informando al Cabildo del ejercicio de esta facultad\">\r\n                                            <span id=\"accordion-icons-1655234792260\" class=\"accordion-icons\">\r\n                            <span class=\"accordion-icon-active accordion-plus\"><i class=\"fas fa-chevron-up\"><\/i><\/span>\r\n                            <span class=\"accordion-icon-inactive accordion-minus\"><i class=\"fas fa-chevron-right\"><\/i><\/span>\r\n                        <\/span>\r\n                        <span id=\"header-text-1655234792260\" class=\"accordions-head-title\">Acuerdo SO\/AC-030\/12-I-2022, mediante el cual se autoriza al Presidente Municipal, Jos\u00e9 Luis Uriostegui Salgado para que con la finalidad de llevar a cabo el buen funcionamiento de la Administraci\u00f3n P\u00fablica Municipal y con facultades que sean otorgados de un apoderado legal, celebre en nombre del Ayuntamiento y del Municipio de Cuernavaca, Morelos, todos los actos e instrumentos jur\u00eddicos necesarios para el desempe\u00f1o de los negocios administrativos y eficaz presentaci\u00f3n de los servicios p\u00fablicos municipales, con\u00a0 excepci\u00f3n de los actos reservados al Cabildo, informando al Cabildo del ejercicio de esta facultad<\/span>\r\n                                    <\/div>\r\n                <div class=\"accordion-content content1655234792260 \">\r\n                    <table width=\"1834\">\n<tbody>\n<tr>\n<td width=\"375\">Nombre de la Regulaci\u00f3n<\/td>\n<td width=\"263\">N\u00famero de Expediente<\/td>\n<td width=\"263\">Tipo de documeno<\/td>\n<td width=\"273\">Autoridad que la emite<\/td>\n<td width=\"240\">Autoridad o autoridades que la aplican<\/td>\n<td width=\"223\">Fecha en que ha sido actualizada<\/td>\n<td width=\"197\">Tipo de ordenamiento jur\u00eddico<\/td>\n<\/tr>\n<tr>\n<td width=\"375\">Acuerdo SO\/AC-030\/12-I-2022, mediante el cual se autoriza al Presidente Municipal, Jos\u00e9 Luis Uriostegui Salgado para que con la finalidad de llevar a cabo el buen funcionamiento de la Administraci\u00f3n P\u00fablica Municipal y con facultades que sean otorgados de un apoderado legal, celebre en nombre del Ayuntamiento y del Municipio de Cuernavaca, Morelos, todos los actos e instrumentos jur\u00eddicos necesarios para el desempe\u00f1o de los negocios administrativos y eficaz presentaci\u00f3n de los servicios p\u00fablicos municipales, con\u00a0 excepci\u00f3n de los actos reservados al Cabildo, informando al Cabildo del ejercicio de esta facultad<\/td>\n<td width=\"263\">SDEyT\/DMR\/AIR\/01\/2022-SA<\/td>\n<td width=\"263\">Exenci\u00f3n de elaborar el AIR<\/td>\n<td width=\"273\">Cabildo<\/td>\n<td width=\"240\">Presidencia Municipal<\/td>\n<td width=\"223\">12\/01\/2022<\/td>\n<td width=\"197\">Acuerdo<\/td>\n<\/tr>\n<\/tbody>\n<\/table>\n<table width=\"1651\">\n<tbody>\n<tr>\n<td width=\"215\">\u00c1mbito de aplicaci\u00f3n<\/td>\n<td width=\"211\">\u00cdndice de la Regulaci\u00f3n<\/td>\n<td width=\"221\">Objeto de la Regulaci\u00f3n<\/td>\n<td width=\"217\">Materia<\/td>\n<td width=\"237\">Sectores y sujetos regulados<\/td>\n<td width=\"227\">Tr\u00e1mites y Servicios relacionados con la Regulaci\u00f3n<\/td>\n<td width=\"323\">Identificaci\u00f3n de fundamentos jur\u00eddicos para la realizaci\u00f3n de inspecciones y visitas domiciliarias<\/td>\n<\/tr>\n<tr>\n<td width=\"215\">Interna en el Ayuntamiento de Cuernavaca<\/td>\n<td width=\"211\">P\u00e1gina 1.\u00a0 Considerandos; P\u00e1gina 2. Art\u00edculos dispositivos y art\u00edculos transitorios, y P\u00e1gina 3. Lugar, firmas y r\u00fabricas.<\/td>\n<td width=\"221\">Se autoriza al Presidente Municipal, Jos\u00e9 Luis Uri\u00f3stegui Salgado para celebrar y suscribir actos y contratos necesarios para el desempe\u00f1o de los negocios administrativos y eficaz prestaci\u00f3n de los servicios p\u00fablicos municipales, en su car\u00e1cter de apoderado legal.<\/td>\n<td width=\"217\">Administrativa<\/td>\n<td width=\"237\">Ning\u00fan sector<\/td>\n<td width=\"227\">Ninguno<\/td>\n<td width=\"323\">Ninguno<\/td>\n<\/tr>\n<\/tbody>\n<\/table>\n<table width=\"506\">\n<tbody>\n<tr>\n<td width=\"303\">Nombre de la Regulaci\u00f3n<\/td>\n<td width=\"203\">Tipo de documento<\/td>\n<\/tr>\n<tr>\n<td width=\"303\"><strong><span style=\"text-decoration: underline\"><span style=\"color: #0000ff\"><a style=\"color: #0000ff;text-decoration: underline\" href=\"https:\/\/cuernavaca.gob.mx\/dmer\/wp-content\/uploads\/2022\/06\/30.-ACUERDO-SO-AC-30-12-I-2022-AUTORIZACION-DEL-PRESIDENTE-MUNICIPAL-CELEBRAR-INSTRUMENTOS-JURIDICOS-EN-SU-CARACTER-DE-APODERADO-LEGAL..docx\" target=\"_blank\" rel=\"noopener\">Acuerdo SO\/AC-030\/12-I-2022, mediante el cual se autoriza al Presidente Municipal, Jos\u00e9 Luis Uriostegui Salgado para que con la finalidad de llevar a cabo el buen funcionamiento de la Administraci\u00f3n P\u00fablica Municipal y con facultades que sean otorgados de un apoderado legal, celebre en nombre del Ayuntamiento y del Municipio de Cuernavaca, Morelos, todos los actos e instrumentos jur\u00eddicos necesarios para el desempe\u00f1o de los negocios administrativos y eficaz presentaci\u00f3n de los servicios p\u00fablicos municipales, con\u00a0 excepci\u00f3n de los actos reservados al Cabildo, informando al Cabildo del ejercicio de esta facultad<\/a><\/span><\/span><\/strong><\/td>\n<td><strong><span style=\"text-decoration: underline\"><span style=\"color: #0000ff;text-decoration: underline\"><a style=\"color: #0000ff;text-decoration: underline\" href=\"https:\/\/cuernavaca.gob.mx\/dmer\/wp-content\/uploads\/2022\/06\/SO\uf022AC-030\uf02212-I-2022-mediante-el-cual-se-autoriza-al-Presidente-Municipal-Jose-Luis-Uriostegui-Salgado-para-que-con-la-finalidad-de-llevar-a-cabo-.docx\" target=\"_blank\" rel=\"noopener\">Exenci\u00f3n AIR<\/a><\/span><\/span><\/strong><\/td>\n<\/tr>\n<\/tbody>\n<\/table>\n                <\/div>\r\n                        <div post_id=\"3370\" itemcount=\"31\" header_id=\"header-1655235437141\" id=\"header-1655235437141\" style=\"\" class=\"accordions-head head1655235437141 border-none\" toggle-text=\"\" main-text=\"Acuerdo SO\/AC-031\/12-I-2022, mediante el cual se somete a aprobaci\u00f3n el proyecto del Reglamento de Gobierno y la Administraci\u00f3n P\u00fablica Municipal de Cuernavaca, Morelos\">\r\n                                            <span id=\"accordion-icons-1655235437141\" class=\"accordion-icons\">\r\n                            <span class=\"accordion-icon-active accordion-plus\"><i class=\"fas fa-chevron-up\"><\/i><\/span>\r\n                            <span class=\"accordion-icon-inactive accordion-minus\"><i class=\"fas fa-chevron-right\"><\/i><\/span>\r\n                        <\/span>\r\n                        <span id=\"header-text-1655235437141\" class=\"accordions-head-title\">Acuerdo SO\/AC-031\/12-I-2022, mediante el cual se somete a aprobaci\u00f3n el proyecto del Reglamento de Gobierno y la Administraci\u00f3n P\u00fablica Municipal de Cuernavaca, Morelos<\/span>\r\n                                    <\/div>\r\n                <div class=\"accordion-content content1655235437141 \">\r\n                    <table width=\"1834\">\n<tbody>\n<tr>\n<td width=\"375\">Nombre de la Regulaci\u00f3n<\/td>\n<td width=\"263\">N\u00famero de Expediente<\/td>\n<td width=\"263\">Tipo de documeno<\/td>\n<td width=\"273\">Autoridad que la emite<\/td>\n<td width=\"240\">Autoridad o autoridades que la aplican<\/td>\n<td width=\"223\">Fecha en que ha sido actualizada<\/td>\n<td width=\"197\">Tipo de ordenamiento jur\u00eddico<\/td>\n<\/tr>\n<tr>\n<td width=\"375\">Acuerdo SO\/AC-031\/12-I-2022, mediante el cual se somete a aprobaci\u00f3n el proyecto del Reglamento de Gobierno y la Administraci\u00f3n P\u00fablica Municipal de Cuernavaca, Morelos<\/td>\n<td width=\"263\">SDEyT\/DMR\/AIR\/01\/2022-SA<\/td>\n<td width=\"263\">Exenci\u00f3n de elaborar el AIR<\/td>\n<td width=\"273\">Cabildo<\/td>\n<td width=\"240\">Secretar\u00edas y Dependencias del Ayuntamiento de Cuernavaca<\/td>\n<td width=\"223\">12\/01\/2022<\/td>\n<td width=\"197\">Reglamento<\/td>\n<\/tr>\n<\/tbody>\n<\/table>\n<table width=\"1651\">\n<tbody>\n<tr>\n<td width=\"215\">\u00c1mbito de aplicaci\u00f3n<\/td>\n<td width=\"211\">\u00cdndice de la Regulaci\u00f3n<\/td>\n<td width=\"221\">Objeto de la Regulaci\u00f3n<\/td>\n<td width=\"217\">Materia<\/td>\n<td width=\"237\">Sectores y sujetos regulados<\/td>\n<td width=\"227\">Tr\u00e1mites y Servicios relacionados con la Regulaci\u00f3n<\/td>\n<td width=\"323\">Identificaci\u00f3n de fundamentos jur\u00eddicos para la realizaci\u00f3n de inspecciones y visitas domiciliarias<\/td>\n<\/tr>\n<tr>\n<td width=\"215\">Interna en el Ayuntamiento de Cuernavaca<\/td>\n<td width=\"211\">T\u00cdTULO PRIMERO<br \/>\nDEL GOBIERNO MUNICIPALCAP\u00cdTULO I<br \/>\nDISPOSICIONES GENERALES.\u00a0 CAP\u00cdTULO II<br \/>\nDEL AYUNTAMIENTO<br \/>\nY DE LAS FUNCIONES DEL CABILDO\u00a0\u00a0\u00a0\u00a0\u00a0\u00a0\u00a0\u00a0\u00a0\u00a0\u00a0\u00a0\u00a0\u00a0\u00a0\u00a0\u00a0\u00a0\u00a0\u00a0\u00a0\u00a0\u00a0\u00a0 CAP\u00cdTULO III<br \/>\nDE LA PRESIDENCIA MUNICIPAL CAP\u00cdTULO IV<br \/>\nDE LA SINDICATURA\u00a0\u00a0\u00a0\u00a0\u00a0\u00a0\u00a0\u00a0\u00a0\u00a0\u00a0\u00a0\u00a0\u00a0\u00a0\u00a0\u00a0\u00a0\u00a0\u00a0\u00a0\u00a0\u00a0\u00a0 CAP\u00cdTULO V<br \/>\nDE LAS REGIDURIAS.\u00a0\u00a0\u00a0\u00a0\u00a0\u00a0\u00a0\u00a0\u00a0\u00a0\u00a0\u00a0\u00a0\u00a0\u00a0\u00a0\u00a0\u00a0\u00a0 T\u00cdTULO SEGUNDO<br \/>\nDE LA ADMINISTRACI\u00d3N P\u00daBLICA CENTRALIZADACAP\u00cdTULO I<br \/>\nDE LAS DEPENDENCIAS DE LA ADMINISTRACI\u00d3N P\u00daBLICA MUNICIPAL<br \/>\nCAP\u00cdTULO II<br \/>\nDE LA PRESIDENCIA MUNICIPAL<br \/>\nCAP\u00cdTULO III<br \/>\nDE LA SECRETAR\u00cdA DEL AYUNTAMIENTO.\u00a0\u00a0\u00a0\u00a0\u00a0\u00a0\u00a0\u00a0\u00a0\u00a0\u00a0\u00a0\u00a0\u00a0\u00a0\u00a0\u00a0\u00a0\u00a0\u00a0\u00a0\u00a0\u00a0\u00a0\u00a0\u00a0\u00a0\u00a0 CAP\u00cdTULO IV<br \/>\nDE LA SECRETAR\u00cdA DE ADMINISTRACI\u00d3N<br \/>\nCAP\u00cdTULO V<br \/>\nDE LA TESORER\u00cdA MUNICIPAL<br \/>\nCAP\u00cdTULO VI<br \/>\nDE LA CONTRALOR\u00cdA MUNICIPAL<br \/>\nCAP\u00cdTULO VII<br \/>\nDE LA SECRETAR\u00cdA DE PROTECCI\u00d3N Y AUXILIO CIUDADANO<br \/>\nCAP\u00cdTULO VIII<br \/>\nDE LA SECRETAR\u00cdA DE DESARROLLO URBANO Y OBRAS P\u00daBLICAS<br \/>\nCAP\u00cdTULO IX<br \/>\nDE LA SECRETAR\u00cdA DE DESARROLLO SUSTENTABLE Y SERVICIOS P\u00daBLICOS<br \/>\nCAP\u00cdTULO X<br \/>\nDE LA SECRETAR\u00cdA DE DESARROLLO ECON\u00d3MICO Y TURISMO<br \/>\nCAP\u00cdTULO XI<br \/>\nDE LA SECRETAR\u00cdA DE DESARROLLO HUMANO Y PARTICIPACI\u00d3N SOCIAL<br \/>\nCAP\u00cdTULO XII<br \/>\nDE LA CONSEJER\u00cdA JUR\u00cdDICA<br \/>\nT\u00cdTULO TERCERO<br \/>\nDE LA ADMINISTRACI\u00d3N P\u00daBLICA DESCENTRALIZADA Y DE LAS AUTORIDADES Y ORGANISMOS AUXILIARESCAP\u00cdTULO I<br \/>\nDE LA ADMINISTRACI\u00d3N P\u00daBLICA PARAMUNICIPAL<br \/>\nCAP\u00cdTULO II<br \/>\nDE LAS AUTORIDADES AUXILIARES<br \/>\nCAP\u00cdTULO III<br \/>\nDE LOS ORGANISMOS AUXILIARES.\u00a0\u00a0\u00a0\u00a0\u00a0\u00a0\u00a0\u00a0\u00a0\u00a0\u00a0\u00a0\u00a0\u00a0\u00a0\u00a0\u00a0\u00a0\u00a0\u00a0\u00a0\u00a0\u00a0\u00a0\u00a0\u00a0\u00a0\u00a0\u00a0\u00a0\u00a0\u00a0\u00a0\u00a0\u00a0\u00a0\u00a0\u00a0\u00a0\u00a0 TRANSITORIOS PRIMERO AL S\u00c9PTIMO<\/td>\n<td width=\"221\">El presente Reglamento es de inter\u00e9s p\u00fablico y de observancia general y obligatoria en el territorio del municipio de Cuernavaca y obligatorio para todas las dependencias y entidades de la administraci\u00f3n p\u00fablica municipal. tiene por objeto regular la organizaci\u00f3n y funcionamiento del gobierno municipal de Cuernavaca y de las dependencias, unidades administrativas y organismos que integran la Administraci\u00f3n P\u00fablica del Ayuntamiento, de conformidad con la Constituci\u00f3n Pol\u00edtica de los Estados Unidos Mexicanos, la Constituci\u00f3n Pol\u00edtica del Estado Libre y Soberano de Morelos, la Ley Org\u00e1nica Municipal del Estado de Morelos, el Bando Municipal de Cuernavaca y dem\u00e1s disposiciones legales aplicables.<\/td>\n<td width=\"217\">Administrativa<\/td>\n<td width=\"237\">Ning\u00fan sector<\/td>\n<td width=\"227\">Ninguno<\/td>\n<td width=\"323\">Ninguno<\/td>\n<\/tr>\n<\/tbody>\n<\/table>\n<table width=\"506\">\n<tbody>\n<tr>\n<td width=\"303\">Nombre de la Regulaci\u00f3n<\/td>\n<td width=\"203\">Tipo de documento<\/td>\n<\/tr>\n<tr>\n<td width=\"303\"><strong><span style=\"text-decoration: underline\"><span style=\"color: #0000ff\"><a style=\"color: #0000ff;text-decoration: underline\" href=\"https:\/\/cuernavaca.gob.mx\/dmer\/wp-content\/uploads\/2022\/06\/31.-ACUERDO-SO-AC-31-12-I-2022-AUTORIZACION-DE-PROYECTO-DEL-RGAPMC.docx\" target=\"_blank\" rel=\"noopener\">Acuerdo SO\/AC-031\/12-I-2022, mediante el cual se somete a aprobaci\u00f3n el proyecto del Reglamento de Gobierno y la Administraci\u00f3n P\u00fablica Municipal de Cuernavaca, Morelos<\/a><\/span><\/span><\/strong><\/td>\n<td>Exenci\u00f3n AIR<\/td>\n<\/tr>\n<\/tbody>\n<\/table>\n                <\/div>\r\n                        <div post_id=\"3370\" itemcount=\"32\" header_id=\"header-1655392187846\" id=\"header-1655392187846\" style=\"\" class=\"accordions-head head1655392187846 border-none\" toggle-text=\"\" main-text=\"Acuerdo SE\/AC-57\/27-III-2022 por el que se declara la validez y calificaci\u00f3n de la elecci\u00f3n de Ayudante Municipal del poblado de San Miguel Acapantzingo, celebrada el d\u00eda 20 de marzo de 2022\">\r\n                                            <span id=\"accordion-icons-1655392187846\" class=\"accordion-icons\">\r\n                            <span class=\"accordion-icon-active accordion-plus\"><i class=\"fas fa-chevron-up\"><\/i><\/span>\r\n                            <span class=\"accordion-icon-inactive accordion-minus\"><i class=\"fas fa-chevron-right\"><\/i><\/span>\r\n                        <\/span>\r\n                        <span id=\"header-text-1655392187846\" class=\"accordions-head-title\">Acuerdo SE\/AC-57\/27-III-2022 por el que se declara la validez y calificaci\u00f3n de la elecci\u00f3n de Ayudante Municipal del poblado de San Miguel Acapantzingo, celebrada el d\u00eda 20 de marzo de 2022<\/span>\r\n                                    <\/div>\r\n                <div class=\"accordion-content content1655392187846 \">\r\n                    <table width=\"1834\">\n<tbody>\n<tr>\n<td width=\"375\">Nombre de la Regulaci\u00f3n<\/td>\n<td width=\"263\">N\u00famero de Expediente<\/td>\n<td width=\"263\">Tipo de documeno<\/td>\n<td width=\"273\">Autoridad que la emite<\/td>\n<td width=\"240\">Autoridad o autoridades que la aplican<\/td>\n<td width=\"223\">Fecha en que ha sido actualizada<\/td>\n<td width=\"197\">Tipo de ordenamiento jur\u00eddico<\/td>\n<\/tr>\n<tr>\n<td width=\"375\">Acuerdo SE\/AC-57\/27-III-2022 por el que se declara la validez y calificaci\u00f3n de la elecci\u00f3n de Ayudante Municipal del poblado de San Miguel Acapantzingo, celebrada el d\u00eda 20 de marzo de 2022<\/td>\n<td width=\"263\">SDEyT\/DMR\/04\/2022-Sa<\/td>\n<td width=\"263\">Exenci\u00f3n de elaborar el AIR<\/td>\n<td width=\"273\">Tesorer\u00eda Municipal<\/td>\n<td width=\"240\">Tesorer\u00eda Municipal<\/td>\n<td width=\"223\">09\/03\/2022<\/td>\n<td width=\"197\">Acuerdo<\/td>\n<\/tr>\n<\/tbody>\n<\/table>\n<table width=\"1651\">\n<tbody>\n<tr>\n<td width=\"215\">\u00c1mbito de aplicaci\u00f3n<\/td>\n<td width=\"211\">\u00cdndice de la Regulaci\u00f3n<\/td>\n<td width=\"221\">Objeto de la Regulaci\u00f3n<\/td>\n<td width=\"217\">Materia<\/td>\n<td width=\"237\">Sectores y sujetos regulados<\/td>\n<td width=\"227\">Tr\u00e1mites y Servicios relacionados con la Regulaci\u00f3n<\/td>\n<td width=\"323\">Identificaci\u00f3n de fundamentos jur\u00eddicos para la realizaci\u00f3n de inspecciones y visitas domiciliarias<\/td>\n<\/tr>\n<tr>\n<td width=\"215\">En el municipio de Cuernavaca<\/td>\n<td width=\"211\">Art\u00edculos Primero al Quinto<\/td>\n<td width=\"221\">Es v\u00e1lida y legal la elecci\u00f3n para Ayudante Municipal de Cuernavaca, celebrada el d\u00eda veinte de marzo del dos mil veintid\u00f3s, aprob\u00e1ndose el resultado de la Elecci\u00f3n en el Poblado de Acapantzingo.<\/td>\n<td width=\"217\">Administrativa<\/td>\n<td width=\"237\">Interno en el Municipio<\/td>\n<td width=\"227\">Ninguno<\/td>\n<td width=\"323\">Ninguno<\/td>\n<\/tr>\n<\/tbody>\n<\/table>\n<table width=\"506\">\n<tbody>\n<tr>\n<td width=\"303\">Nombre de la Regulaci\u00f3n<\/td>\n<td width=\"203\">Tipo de documento<\/td>\n<\/tr>\n<tr>\n<td width=\"303\"><strong><span style=\"text-decoration: underline\"><span style=\"color: #0000ff\"><a style=\"color: #0000ff;text-decoration: underline\" href=\"https:\/\/cuernavaca.gob.mx\/dmer\/wp-content\/uploads\/2022\/06\/57.-ACUERDO-SE-AC-57-27-III-2022.-VALIDEZ-Y-CALIFICACION-ACAPANTZINGO-1.docx\" target=\"_blank\" rel=\"noopener\">Acuerdo SE\/AC-57\/27-III-2022 por el que se declara la validez y calificaci\u00f3n de la elecci\u00f3n de Ayudante Municipal del poblado de San Miguel Acapantzingo, celebrada el d\u00eda 20 de marzo de 2022<\/a><\/span><\/span><\/strong><\/td>\n<td width=\"203\">Exenci\u00f3n AIR<\/td>\n<\/tr>\n<\/tbody>\n<\/table>\n                <\/div>\r\n                        <div post_id=\"3370\" itemcount=\"33\" header_id=\"header-1655392657884\" id=\"header-1655392657884\" style=\"\" class=\"accordions-head head1655392657884 border-none\" toggle-text=\"\" main-text=\"Acuerdo SE\/AC-58\/27-III-2022 por el que se declara la validez y calificaci\u00f3n de la elecci\u00f3n de Ayudante Municipal del poblado de Amatitl\u00e1n, celebrada el d\u00eda 20 de marzo de 2022\">\r\n                                            <span id=\"accordion-icons-1655392657884\" class=\"accordion-icons\">\r\n                            <span class=\"accordion-icon-active accordion-plus\"><i class=\"fas fa-chevron-up\"><\/i><\/span>\r\n                            <span class=\"accordion-icon-inactive accordion-minus\"><i class=\"fas fa-chevron-right\"><\/i><\/span>\r\n                        <\/span>\r\n                        <span id=\"header-text-1655392657884\" class=\"accordions-head-title\">Acuerdo SE\/AC-58\/27-III-2022 por el que se declara la validez y calificaci\u00f3n de la elecci\u00f3n de Ayudante Municipal del poblado de Amatitl\u00e1n, celebrada el d\u00eda 20 de marzo de 2022<\/span>\r\n                                    <\/div>\r\n                <div class=\"accordion-content content1655392657884 \">\r\n                    <table width=\"1834\">\n<tbody>\n<tr>\n<td width=\"375\">Nombre de la Regulaci\u00f3n<\/td>\n<td width=\"263\">N\u00famero de Expediente<\/td>\n<td width=\"263\">Tipo de documeno<\/td>\n<td width=\"273\">Autoridad que la emite<\/td>\n<td width=\"240\">Autoridad o autoridades que la aplican<\/td>\n<td width=\"223\">Fecha en que ha sido actualizada<\/td>\n<td width=\"197\">Tipo de ordenamiento jur\u00eddico<\/td>\n<\/tr>\n<tr>\n<td width=\"375\">Acuerdo SE\/AC-58\/27-III-2022 por el que se declara la validez y calificaci\u00f3n de la elecci\u00f3n de Ayudante Municipal del poblado de Amatitl\u00e1n, celebrada el d\u00eda 20 de marzo de 2022<\/td>\n<td width=\"263\">SDEyT\/DMR\/06\/2022-SA<\/td>\n<td width=\"263\">Exenci\u00f3n de elaborar el AIR<\/td>\n<td width=\"273\">Tesorer\u00eda Municipal<\/td>\n<td width=\"240\">Tesorer\u00eda Municipal<\/td>\n<td width=\"223\">27\/03\/2022<\/td>\n<td width=\"197\">Acuerdo<\/td>\n<\/tr>\n<\/tbody>\n<\/table>\n<table width=\"1651\">\n<tbody>\n<tr>\n<td width=\"215\">\u00c1mbito de aplicaci\u00f3n<\/td>\n<td width=\"211\">\u00cdndice de la Regulaci\u00f3n<\/td>\n<td width=\"221\">Objeto de la Regulaci\u00f3n<\/td>\n<td width=\"217\">Materia<\/td>\n<td width=\"237\">Sectores y sujetos regulados<\/td>\n<td width=\"227\">Tr\u00e1mites y Servicios relacionados con la Regulaci\u00f3n<\/td>\n<td width=\"323\">Identificaci\u00f3n de fundamentos jur\u00eddicos para la realizaci\u00f3n de inspecciones y visitas domiciliarias<\/td>\n<\/tr>\n<tr>\n<td width=\"215\">En el municipio de Cuernavaca<\/td>\n<td width=\"211\">Art\u00edculos Primero al Quinto<\/td>\n<td>Es v\u00e1lida y legal la elecci\u00f3n para Ayudante Municipal de Cuernavaca, celebrada el d\u00eda veinte de marzo del dos mil veintid\u00f3s, aprob\u00e1ndose el resultado de la Elecci\u00f3n en el Poblado de Amatitl\u00e1n.<\/td>\n<td width=\"217\">Administrativa<\/td>\n<td width=\"237\">Interno en el Municipio<\/td>\n<td width=\"227\">Ninguno<\/td>\n<td width=\"323\">Ninguno<\/td>\n<\/tr>\n<\/tbody>\n<\/table>\n<table width=\"506\">\n<tbody>\n<tr>\n<td width=\"303\">Nombre de la Regulaci\u00f3n<\/td>\n<td width=\"203\">Tipo de documento<\/td>\n<\/tr>\n<tr>\n<td width=\"303\"><strong><span style=\"text-decoration: underline\"><span style=\"color: #0000ff;text-decoration: underline\"><a style=\"color: #0000ff;text-decoration: underline\" href=\"https:\/\/cuernavaca.gob.mx\/dmer\/wp-content\/uploads\/2022\/06\/58.-ACUERDO-SE-AC-58-27-III-2022.-VALIDEZ-Y-CALIFICACION-AMATITLAN-1.docx\" target=\"_blank\" rel=\"noopener\">Acuerdo SE\/AC-58\/27-III-2022 por el que se declara la validez y calificaci\u00f3n de la elecci\u00f3n de Ayudante Municipal del poblado de Amatitl\u00e1n, celebrada el d\u00eda 20 de marzo de 2022<\/a><\/span><\/span><\/strong><\/td>\n<td width=\"203\"><strong><span style=\"text-decoration: underline\"><span style=\"color: #0000ff;text-decoration: underline\"><a style=\"color: #0000ff;text-decoration: underline\" href=\"https:\/\/cuernavaca.gob.mx\/dmer\/wp-content\/uploads\/2022\/06\/Exencion-Acuerdo-SE\uf022AC-58\uf02227-III-2022-por-el-que-se-declara-la-validez-y-calificacion-de-la-eleccion-de-Ayudante-Municipal-del-poblado-de-Amatitlan-celebrada-el-dia-20-de-marzo-de-2022.docx\" target=\"_blank\" rel=\"noopener\">Exenci\u00f3n AIR<\/a><\/span><\/span><\/strong><\/td>\n<\/tr>\n<\/tbody>\n<\/table>\n                <\/div>\r\n                        <div post_id=\"3370\" itemcount=\"34\" header_id=\"header-1655392970727\" id=\"header-1655392970727\" style=\"\" class=\"accordions-head head1655392970727 border-none\" toggle-text=\"\" main-text=\"Acuerdo SE\/AC-59\/27-III-2022 por el que se declara la validez y calificaci\u00f3n de la elecci\u00f3n de Ayudante Municipal del poblado de San Lorenzo Chamilpa, celebrada el d\u00eda 20 de marzo de 2022\">\r\n                                            <span id=\"accordion-icons-1655392970727\" class=\"accordion-icons\">\r\n                            <span class=\"accordion-icon-active accordion-plus\"><i class=\"fas fa-chevron-up\"><\/i><\/span>\r\n                            <span class=\"accordion-icon-inactive accordion-minus\"><i class=\"fas fa-chevron-right\"><\/i><\/span>\r\n                        <\/span>\r\n                        <span id=\"header-text-1655392970727\" class=\"accordions-head-title\">Acuerdo SE\/AC-59\/27-III-2022 por el que se declara la validez y calificaci\u00f3n de la elecci\u00f3n de Ayudante Municipal del poblado de San Lorenzo Chamilpa, celebrada el d\u00eda 20 de marzo de 2022<\/span>\r\n                                    <\/div>\r\n                <div class=\"accordion-content content1655392970727 \">\r\n                    <table width=\"1834\">\n<tbody>\n<tr>\n<td width=\"375\">Nombre de la Regulaci\u00f3n<\/td>\n<td width=\"263\">N\u00famero de Expediente<\/td>\n<td width=\"263\">Tipo de documeno<\/td>\n<td width=\"273\">Autoridad que la emite<\/td>\n<td width=\"240\">Autoridad o autoridades que la aplican<\/td>\n<td width=\"223\">Fecha en que ha sido actualizada<\/td>\n<td width=\"197\">Tipo de ordenamiento jur\u00eddico<\/td>\n<\/tr>\n<tr>\n<td width=\"375\">Acuerdo SE\/AC-59\/27-III-2022 por el que se declara la validez y calificaci\u00f3n de la elecci\u00f3n de Ayudante Municipal del poblado de San Lorenzo Chamilpa, celebrada el d\u00eda 20 de marzo de 2022<\/td>\n<td width=\"263\">SDEyT\/DMR\/06\/2022-SA<\/td>\n<td width=\"263\">Exenci\u00f3n de elaborar el AIR<\/td>\n<td width=\"273\">Tesorer\u00eda Municipal<\/td>\n<td width=\"240\">Tesorer\u00eda Municipal<\/td>\n<td width=\"223\">27\/03\/2022<\/td>\n<td width=\"197\">Acuerdo<\/td>\n<\/tr>\n<\/tbody>\n<\/table>\n<table width=\"1651\">\n<tbody>\n<tr>\n<td width=\"215\">\u00c1mbito de aplicaci\u00f3n<\/td>\n<td width=\"211\">\u00cdndice de la Regulaci\u00f3n<\/td>\n<td width=\"221\">Objeto de la Regulaci\u00f3n<\/td>\n<td width=\"217\">Materia<\/td>\n<td width=\"237\">Sectores y sujetos regulados<\/td>\n<td width=\"227\">Tr\u00e1mites y Servicios relacionados con la Regulaci\u00f3n<\/td>\n<td width=\"323\">Identificaci\u00f3n de fundamentos jur\u00eddicos para la realizaci\u00f3n de inspecciones y visitas domiciliarias<\/td>\n<\/tr>\n<tr>\n<td width=\"215\">En el municipio de Cuernavaca<\/td>\n<td width=\"211\">Art\u00edculos Primero al Quinto<\/td>\n<td>Es v\u00e1lida y legal la elecci\u00f3n para Ayudante Municipal de Cuernavaca, celebrada el d\u00eda veinte de marzo del dos mil veintid\u00f3s, aprob\u00e1ndose el resultado de la Elecci\u00f3n en el Poblado de San Lorenzo Chamilpa.<\/td>\n<td width=\"217\">Administrativa<\/td>\n<td width=\"237\">Interno en el Municipio<\/td>\n<td width=\"227\">Ninguno<\/td>\n<td width=\"323\">Ninguno<\/td>\n<\/tr>\n<\/tbody>\n<\/table>\n<table width=\"506\">\n<tbody>\n<tr>\n<td width=\"303\">Nombre de la Regulaci\u00f3n<\/td>\n<td width=\"203\">Tipo de documento<\/td>\n<\/tr>\n<tr>\n<td width=\"303\"><strong><span style=\"text-decoration: underline\"><span style=\"color: #0000ff;text-decoration: underline\"><a style=\"color: #0000ff;text-decoration: underline\" href=\"https:\/\/cuernavaca.gob.mx\/dmer\/wp-content\/uploads\/2022\/06\/59.-ACUERDO-SE-AC-59-27-III-2022.-VALIDEZ-Y-CALIFICACION-CHAMILPA-1.docx\" target=\"_blank\" rel=\"noopener\">Acuerdo SE\/AC-59\/27-III-2022 por el que se declara la validez y calificaci\u00f3n de la elecci\u00f3n de Ayudante Municipal del poblado de San Lorenzo Chamilpa, celebrada el d\u00eda 20 de marzo de 2022<\/a><\/span><\/span><\/strong><\/td>\n<td width=\"203\">Exenci\u00f3n AIR<\/td>\n<\/tr>\n<\/tbody>\n<\/table>\n                <\/div>\r\n                        <div post_id=\"3370\" itemcount=\"35\" header_id=\"header-1655394506127\" id=\"header-1655394506127\" style=\"\" class=\"accordions-head head1655394506127 border-none\" toggle-text=\"\" main-text=\"Acuerdo SE\/AC-60\/27-III-2022 por el que se declara la validez y calificaci\u00f3n de la elecci\u00f3n de Ayudante Municipal del poblado de Chapultepec, celebrada el d\u00eda 20 de marzo de 2022\">\r\n                                            <span id=\"accordion-icons-1655394506127\" class=\"accordion-icons\">\r\n                            <span class=\"accordion-icon-active accordion-plus\"><i class=\"fas fa-chevron-up\"><\/i><\/span>\r\n                            <span class=\"accordion-icon-inactive accordion-minus\"><i class=\"fas fa-chevron-right\"><\/i><\/span>\r\n                        <\/span>\r\n                        <span id=\"header-text-1655394506127\" class=\"accordions-head-title\">Acuerdo SE\/AC-60\/27-III-2022 por el que se declara la validez y calificaci\u00f3n de la elecci\u00f3n de Ayudante Municipal del poblado de Chapultepec, celebrada el d\u00eda 20 de marzo de 2022<\/span>\r\n                                    <\/div>\r\n                <div class=\"accordion-content content1655394506127 \">\r\n                    <table width=\"1834\">\n<tbody>\n<tr>\n<td width=\"375\">Nombre de la Regulaci\u00f3n<\/td>\n<td width=\"263\">N\u00famero de Expediente<\/td>\n<td width=\"263\">Tipo de documeno<\/td>\n<td width=\"273\">Autoridad que la emite<\/td>\n<td width=\"240\">Autoridad o autoridades que la aplican<\/td>\n<td width=\"223\">Fecha en que ha sido actualizada<\/td>\n<td width=\"197\">Tipo de ordenamiento jur\u00eddico<\/td>\n<\/tr>\n<tr>\n<td width=\"375\">Acuerdo SE\/AC-60\/27-III-2022 por el que se declara la validez y calificaci\u00f3n de la elecci\u00f3n de Ayudante Municipal del poblado de Chapultepec, celebrada el d\u00eda 20 de marzo de 2022<\/td>\n<td width=\"263\">SDEyT\/DMR\/06\/2022-SA<\/td>\n<td width=\"263\">Exenci\u00f3n de elaborar el AIR<\/td>\n<td width=\"273\">Tesorer\u00eda Municipal<\/td>\n<td width=\"240\">Tesorer\u00eda Municipal<\/td>\n<td width=\"223\">27\/03\/2022<\/td>\n<td width=\"197\">Acuerdo<\/td>\n<\/tr>\n<\/tbody>\n<\/table>\n<table width=\"1651\">\n<tbody>\n<tr>\n<td width=\"215\">\u00c1mbito de aplicaci\u00f3n<\/td>\n<td width=\"211\">\u00cdndice de la Regulaci\u00f3n<\/td>\n<td width=\"221\">Objeto de la Regulaci\u00f3n<\/td>\n<td width=\"217\">Materia<\/td>\n<td width=\"237\">Sectores y sujetos regulados<\/td>\n<td width=\"227\">Tr\u00e1mites y Servicios relacionados con la Regulaci\u00f3n<\/td>\n<td width=\"323\">Identificaci\u00f3n de fundamentos jur\u00eddicos para la realizaci\u00f3n de inspecciones y visitas domiciliarias<\/td>\n<\/tr>\n<tr>\n<td width=\"215\">En el municipio de Cuernavaca<\/td>\n<td width=\"211\">Art\u00edculos Primero al Quinto<\/td>\n<td>Es v\u00e1lida y legal la elecci\u00f3n para Ayudante Municipal de Cuernavaca, celebrada el d\u00eda veinte de marzo del dos mil veintid\u00f3s, aprob\u00e1ndose el resultado de la Elecci\u00f3n en el Poblado de Chapultepec.<\/td>\n<td width=\"217\">Administrativa<\/td>\n<td width=\"237\">Interno en el Municipio<\/td>\n<td width=\"227\">Ninguno<\/td>\n<td width=\"323\">Ninguno<\/td>\n<\/tr>\n<\/tbody>\n<\/table>\n<table width=\"506\">\n<tbody>\n<tr>\n<td width=\"303\">Nombre de la Regulaci\u00f3n<\/td>\n<td width=\"203\">Tipo de documento<\/td>\n<\/tr>\n<tr>\n<td width=\"303\"><strong><span style=\"text-decoration: underline\"><a href=\"https:\/\/cuernavaca.gob.mx\/dmer\/wp-content\/uploads\/2022\/06\/60.-ACUERDO-SE-AC-60-III-27-2022-VALIDEZ-Y-CALIFICACION-CHAPULTEPEC.-1.docx\" target=\"_blank\" rel=\"noopener\">Acuerdo SE\/AC-60\/27-III-2022 por el que se declara la validez y calificaci\u00f3n de la elecci\u00f3n de Ayudante Municipal del poblado de Chapultepec, celebrada el d\u00eda 20 de marzo de 2022<\/a><\/span><\/strong><\/td>\n<td width=\"203\"><strong><span style=\"text-decoration: underline\"><span style=\"color: #0000ff;text-decoration: underline\"><a style=\"color: #0000ff;text-decoration: underline\" href=\"https:\/\/cuernavaca.gob.mx\/dmer\/wp-content\/uploads\/2022\/06\/Exencion-Acuerdo-SE\uf022AC-60\uf02227-III-2022-por-el-que-se-declara-la-validez-y-calificacion-de-la-eleccion-de-Ayudante-Municipal-del-poblado-de-Chapultepec-celebrada-el-dia-20-de-marzo-de-2022.docx\" target=\"_blank\" rel=\"noopener\">Exenci\u00f3n AIR<\/a><\/span><\/span><\/strong><\/td>\n<\/tr>\n<\/tbody>\n<\/table>\n                <\/div>\r\n                        <div post_id=\"3370\" itemcount=\"36\" header_id=\"header-1655395286094\" id=\"header-1655395286094\" style=\"\" class=\"accordions-head head1655395286094 border-none\" toggle-text=\"\" main-text=\"Acuerdo SE\/AC-61\/27-III-2022 por el que se declara la validez y calificaci\u00f3n de la elecci\u00f3n de Ayudante Municipal del poblado de Chipitl\u00e1n, celebrada el d\u00eda 20 de marzo de 2022\">\r\n                                            <span id=\"accordion-icons-1655395286094\" class=\"accordion-icons\">\r\n                            <span class=\"accordion-icon-active accordion-plus\"><i class=\"fas fa-chevron-up\"><\/i><\/span>\r\n                            <span class=\"accordion-icon-inactive accordion-minus\"><i class=\"fas fa-chevron-right\"><\/i><\/span>\r\n                        <\/span>\r\n                        <span id=\"header-text-1655395286094\" class=\"accordions-head-title\">Acuerdo SE\/AC-61\/27-III-2022 por el que se declara la validez y calificaci\u00f3n de la elecci\u00f3n de Ayudante Municipal del poblado de Chipitl\u00e1n, celebrada el d\u00eda 20 de marzo de 2022<\/span>\r\n                                    <\/div>\r\n                <div class=\"accordion-content content1655395286094 \">\r\n                    <table width=\"1834\">\n<tbody>\n<tr>\n<td width=\"375\">Nombre de la Regulaci\u00f3n<\/td>\n<td width=\"263\">N\u00famero de Expediente<\/td>\n<td width=\"263\">Tipo de documeno<\/td>\n<td width=\"273\">Autoridad que la emite<\/td>\n<td width=\"240\">Autoridad o autoridades que la aplican<\/td>\n<td width=\"223\">Fecha en que ha sido actualizada<\/td>\n<td width=\"197\">Tipo de ordenamiento jur\u00eddico<\/td>\n<\/tr>\n<tr>\n<td width=\"375\">Acuerdo SE\/AC-61\/27-III-2022 por el que se declara la validez y calificaci\u00f3n de la elecci\u00f3n de Ayudante Municipal del poblado de Chipitl\u00e1n, celebrada el d\u00eda 20 de marzo de 2022<\/td>\n<td width=\"263\">SDEyT\/DMR\/06\/2022-SA<\/td>\n<td width=\"263\">Exenci\u00f3n de elaborar el AIR<\/td>\n<td width=\"273\">Tesorer\u00eda Municipal<\/td>\n<td width=\"240\">Tesorer\u00eda Municipal<\/td>\n<td width=\"223\">27\/03\/2022<\/td>\n<td width=\"197\">Acuerdo<\/td>\n<\/tr>\n<\/tbody>\n<\/table>\n<table width=\"1651\">\n<tbody>\n<tr>\n<td width=\"215\">\u00c1mbito de aplicaci\u00f3n<\/td>\n<td width=\"211\">\u00cdndice de la Regulaci\u00f3n<\/td>\n<td width=\"221\">Objeto de la Regulaci\u00f3n<\/td>\n<td width=\"217\">Materia<\/td>\n<td width=\"237\">Sectores y sujetos regulados<\/td>\n<td width=\"227\">Tr\u00e1mites y Servicios relacionados con la Regulaci\u00f3n<\/td>\n<td width=\"323\">Identificaci\u00f3n de fundamentos jur\u00eddicos para la realizaci\u00f3n de inspecciones y visitas domiciliarias<\/td>\n<\/tr>\n<tr>\n<td width=\"215\">En el municipio de Cuernavaca<\/td>\n<td width=\"211\">Art\u00edculos Primero al Quinto<\/td>\n<td>- Es v\u00e1lida y legal la elecci\u00f3n para Ayudante Municipal de Cuernavaca, celebrada el d\u00eda veinte de marzo del dos mil veintid\u00f3s, aprob\u00e1ndose el resultado de la Elecci\u00f3n en el Poblado de Chipitlan.<\/td>\n<td width=\"217\">Administrativa<\/td>\n<td width=\"237\">Interno en el Municipio<\/td>\n<td width=\"227\">Ninguno<\/td>\n<td width=\"323\">Ninguno<\/td>\n<\/tr>\n<\/tbody>\n<\/table>\n<table width=\"506\">\n<tbody>\n<tr>\n<td width=\"303\">Nombre de la Regulaci\u00f3n<\/td>\n<td width=\"203\">Tipo de documento<\/td>\n<\/tr>\n<tr>\n<td width=\"303\"><strong><span style=\"text-decoration: underline\"><span style=\"color: #0000ff\"><a style=\"color: #0000ff;text-decoration: underline\" href=\"https:\/\/cuernavaca.gob.mx\/dmer\/wp-content\/uploads\/2022\/06\/61.-ACUERDO-SE-AC-61-27-III-2022.-VALIDEZ-Y-CALIFICACION-CHIPITLAN.-1.docx\" target=\"_blank\" rel=\"noopener\">Acuerdo SE\/AC-61\/27-III-2022 por el que se declara la validez y calificaci\u00f3n de la elecci\u00f3n de Ayudante Municipal del poblado de Chipitl\u00e1n, celebrada el d\u00eda 20 de marzo de 2022<\/a><\/span><\/span><\/strong><\/td>\n<td width=\"203\"><strong><span style=\"text-decoration: underline\"><a href=\"https:\/\/cuernavaca.gob.mx\/dmer\/wp-content\/uploads\/2022\/06\/Exencion-Acuerdo-SE\uf022AC-61\uf02227-III-2022-por-el-que-se-declara-la-validez-y-calificacion-de-la-eleccion-de-Ayudante-Municipal-del-poblado-de-Chipitlan-celebrada-el-dia-20-de-marzo-de-2022.docx\" target=\"_blank\" rel=\"noopener\">Exenci\u00f3n AIR<\/a><\/span><\/strong><\/td>\n<\/tr>\n<\/tbody>\n<\/table>\n                <\/div>\r\n                        <div post_id=\"3370\" itemcount=\"37\" header_id=\"header-1655395537790\" id=\"header-1655395537790\" style=\"\" class=\"accordions-head head1655395537790 border-none\" toggle-text=\"\" main-text=\"Acuerdo SE\/AC-62\/27-III-2022 aprobaci\u00f3n del proyecto de acuerdo, por el que se declara la validez y calificaci\u00f3n de la elecci\u00f3n de Ayudante Municipal del poblado de San Ant\u00f3n, celebrada el d\u00eda 20 de marzo de 2022\">\r\n                                            <span id=\"accordion-icons-1655395537790\" class=\"accordion-icons\">\r\n                            <span class=\"accordion-icon-active accordion-plus\"><i class=\"fas fa-chevron-up\"><\/i><\/span>\r\n                            <span class=\"accordion-icon-inactive accordion-minus\"><i class=\"fas fa-chevron-right\"><\/i><\/span>\r\n                        <\/span>\r\n                        <span id=\"header-text-1655395537790\" class=\"accordions-head-title\">Acuerdo SE\/AC-62\/27-III-2022 aprobaci\u00f3n del proyecto de acuerdo, por el que se declara la validez y calificaci\u00f3n de la elecci\u00f3n de Ayudante Municipal del poblado de San Ant\u00f3n, celebrada el d\u00eda 20 de marzo de 2022<\/span>\r\n                                    <\/div>\r\n                <div class=\"accordion-content content1655395537790 \">\r\n                    <table width=\"1834\">\n<tbody>\n<tr>\n<td width=\"375\">Nombre de la Regulaci\u00f3n<\/td>\n<td width=\"263\">N\u00famero de Expediente<\/td>\n<td width=\"263\">Tipo de documeno<\/td>\n<td width=\"273\">Autoridad que la emite<\/td>\n<td width=\"240\">Autoridad o autoridades que la aplican<\/td>\n<td width=\"223\">Fecha en que ha sido actualizada<\/td>\n<td width=\"197\">Tipo de ordenamiento jur\u00eddico<\/td>\n<\/tr>\n<tr>\n<td width=\"375\">Acuerdo SE\/AC-62\/27-III-2022 aprobaci\u00f3n del proyecto de acuerdo, por el que se declara la validez y calificaci\u00f3n de la elecci\u00f3n de Ayudante Municipal del poblado de San Ant\u00f3n, celebrada el d\u00eda 20 de marzo de 2022<\/td>\n<td>SDEyT\/DMR\/06\/2022-SA<\/td>\n<td width=\"263\">Exenci\u00f3n de elaborar el AIR<\/td>\n<td width=\"273\">Tesorer\u00eda Municipal<\/td>\n<td width=\"240\">Tesorer\u00eda Municipal<\/td>\n<td width=\"223\">27\/03\/2022<\/td>\n<td width=\"197\">Acuerdo<\/td>\n<\/tr>\n<\/tbody>\n<\/table>\n<table width=\"1651\">\n<tbody>\n<tr>\n<td width=\"215\">\u00c1mbito de aplicaci\u00f3n<\/td>\n<td width=\"211\">\u00cdndice de la Regulaci\u00f3n<\/td>\n<td width=\"221\">Objeto de la Regulaci\u00f3n<\/td>\n<td width=\"217\">Materia<\/td>\n<td width=\"237\">Sectores y sujetos regulados<\/td>\n<td width=\"227\">Tr\u00e1mites y Servicios relacionados con la Regulaci\u00f3n<\/td>\n<td width=\"323\">Identificaci\u00f3n de fundamentos jur\u00eddicos para la realizaci\u00f3n de inspecciones y visitas domiciliarias<\/td>\n<\/tr>\n<tr>\n<td width=\"215\">En el municipio de Cuernavaca<\/td>\n<td width=\"211\">Art\u00edculos Primero al Quinto<\/td>\n<td width=\"221\">Es v\u00e1lida y legal la elecci\u00f3n para Ayudante Municipal de Cuernavaca, celebrada el d\u00eda veinte de marzo del dos mil veintid\u00f3s, aprob\u00e1ndose el resultado de la Elecci\u00f3n en el Poblado de San Ant\u00f3n.<\/td>\n<td width=\"217\">Administrativa<\/td>\n<td width=\"237\">Interno en el Municipio<\/td>\n<td width=\"227\">Ninguno<\/td>\n<td width=\"323\">Ninguno<\/td>\n<\/tr>\n<\/tbody>\n<\/table>\n<table width=\"506\">\n<tbody>\n<tr>\n<td width=\"303\">Nombre de la Regulaci\u00f3n<\/td>\n<td width=\"203\">Tipo de documento<\/td>\n<\/tr>\n<tr>\n<td width=\"303\"><strong><span style=\"text-decoration: underline\"><span style=\"color: #0000ff;text-decoration: underline\"><a style=\"color: #0000ff;text-decoration: underline\" href=\"https:\/\/cuernavaca.gob.mx\/dmer\/wp-content\/uploads\/2022\/06\/62.-ACUERDO-SE-AC-62-27-III-2022.-VALIDEZ-Y-CALIFICACION-SAN-ANTON.-1.docx\" target=\"_blank\" rel=\"noopener\">Acuerdo SE\/AC-62\/27-III-2022 aprobaci\u00f3n del proyecto de acuerdo, por el que se declara la validez y calificaci\u00f3n de la elecci\u00f3n de Ayudante Municipal del poblado de San Ant\u00f3n, celebrada el d\u00eda 20 de marzo de 2022<\/a><\/span><\/span><\/strong><\/td>\n<td width=\"203\">Exenci\u00f3n AIR<\/td>\n<\/tr>\n<\/tbody>\n<\/table>\n                <\/div>\r\n                        <div post_id=\"3370\" itemcount=\"38\" header_id=\"header-1655396173574\" id=\"header-1655396173574\" style=\"\" class=\"accordions-head head1655396173574 border-none\" toggle-text=\"\" main-text=\"Acuerdo SE\/AC-63\/27-III-2022 por el que se declara la validez y calificaci\u00f3n de la elecci\u00f3n de Ayudante Municipal del poblado de Santa Mar\u00eda Ahuacatitl\u00e1n, celebrada el d\u00eda 20 de marzo de 2022\">\r\n                                            <span id=\"accordion-icons-1655396173574\" class=\"accordion-icons\">\r\n                            <span class=\"accordion-icon-active accordion-plus\"><i class=\"fas fa-chevron-up\"><\/i><\/span>\r\n                            <span class=\"accordion-icon-inactive accordion-minus\"><i class=\"fas fa-chevron-right\"><\/i><\/span>\r\n                        <\/span>\r\n                        <span id=\"header-text-1655396173574\" class=\"accordions-head-title\">Acuerdo SE\/AC-63\/27-III-2022 por el que se declara la validez y calificaci\u00f3n de la elecci\u00f3n de Ayudante Municipal del poblado de Santa Mar\u00eda Ahuacatitl\u00e1n, celebrada el d\u00eda 20 de marzo de 2022<\/span>\r\n                                    <\/div>\r\n                <div class=\"accordion-content content1655396173574 \">\r\n                    <table width=\"1834\">\n<tbody>\n<tr>\n<td width=\"375\">Nombre de la Regulaci\u00f3n<\/td>\n<td width=\"263\">N\u00famero de Expediente<\/td>\n<td width=\"263\">Tipo de documeno<\/td>\n<td width=\"273\">Autoridad que la emite<\/td>\n<td width=\"240\">Autoridad o autoridades que la aplican<\/td>\n<td width=\"223\">Fecha en que ha sido actualizada<\/td>\n<td width=\"197\">Tipo de ordenamiento jur\u00eddico<\/td>\n<\/tr>\n<tr>\n<td width=\"375\">Acuerdo SE\/AC-63\/27-III-2022 por el que se declara la validez y calificaci\u00f3n de la elecci\u00f3n de Ayudante Municipal del poblado de Santa Mar\u00eda Ahuacatitl\u00e1n, celebrada el d\u00eda 20 de marzo de 2022<\/td>\n<td width=\"263\">SDEyT\/DMR\/06\/2022-SA<\/td>\n<td width=\"263\">Exenci\u00f3n de elaborar el AIR<\/td>\n<td width=\"273\">Tesorer\u00eda Municipal<\/td>\n<td width=\"240\">Tesorer\u00eda Municipal<\/td>\n<td width=\"223\">27\/03\/2022<\/td>\n<td width=\"197\">Acuerdo<\/td>\n<\/tr>\n<\/tbody>\n<\/table>\n<table width=\"1651\">\n<tbody>\n<tr>\n<td width=\"215\">\u00c1mbito de aplicaci\u00f3n<\/td>\n<td width=\"211\">\u00cdndice de la Regulaci\u00f3n<\/td>\n<td width=\"221\">Objeto de la Regulaci\u00f3n<\/td>\n<td width=\"217\">Materia<\/td>\n<td width=\"237\">Sectores y sujetos regulados<\/td>\n<td width=\"227\">Tr\u00e1mites y Servicios relacionados con la Regulaci\u00f3n<\/td>\n<td width=\"323\">Identificaci\u00f3n de fundamentos jur\u00eddicos para la realizaci\u00f3n de inspecciones y visitas domiciliarias<\/td>\n<\/tr>\n<tr>\n<td width=\"215\">En el municipio de Cuernavaca<\/td>\n<td width=\"211\">Art\u00edculos Primero al Quinto<\/td>\n<td width=\"221\">Es v\u00e1lida y legal la elecci\u00f3n para Ayudante Municipal de Cuernavaca, celebrada el d\u00eda veinte de marzo del dos mil veintid\u00f3s, aprob\u00e1ndose el resultado de la Elecci\u00f3n en el Poblado de Santa Mar\u00eda Ahuacatitlan<\/td>\n<td width=\"217\">Administrativa<\/td>\n<td width=\"237\">Interno en el Municipio<\/td>\n<td width=\"227\">Ninguno<\/td>\n<td width=\"323\">Ninguno<\/td>\n<\/tr>\n<\/tbody>\n<\/table>\n<table width=\"506\">\n<tbody>\n<tr>\n<td width=\"303\">Nombre de la Regulaci\u00f3n<\/td>\n<td width=\"203\">Tipo de documento<\/td>\n<\/tr>\n<tr>\n<td width=\"303\"><strong><span style=\"text-decoration: underline\"><span style=\"color: #0000ff;text-decoration: underline\"><a style=\"color: #0000ff;text-decoration: underline\" href=\"https:\/\/cuernavaca.gob.mx\/dmer\/wp-content\/uploads\/2022\/06\/63.-ACUERDO-SE-AC-63-27-III-2022-VALIDEZ-Y-CALIFICACION-SANTA-MARIA.-1.docx\" target=\"_blank\" rel=\"noopener\">Acuerdo SE\/AC-63\/27-III-2022 por el que se declara la validez y calificaci\u00f3n de la elecci\u00f3n de Ayudante Municipal del poblado de Santa Mar\u00eda Ahuacatitl\u00e1n, celebrada el d\u00eda 20 de marzo de 2022<\/a><\/span><\/span><\/strong><\/td>\n<td width=\"203\">Exenci\u00f3n AIR<\/td>\n<\/tr>\n<\/tbody>\n<\/table>\n                <\/div>\r\n                        <div post_id=\"3370\" itemcount=\"39\" header_id=\"header-1655396478975\" id=\"header-1655396478975\" style=\"\" class=\"accordions-head head1655396478975 border-none\" toggle-text=\"\" main-text=\"Acuerdo SE\/AC-64\/27-III-2022 por el que se declara la validez y calificaci\u00f3n de la elecci\u00f3n de Ayudante Municipal del poblado de Tetela del Monte, celebrada el d\u00eda 20 de marzo de 2022\">\r\n                                            <span id=\"accordion-icons-1655396478975\" class=\"accordion-icons\">\r\n                            <span class=\"accordion-icon-active accordion-plus\"><i class=\"fas fa-chevron-up\"><\/i><\/span>\r\n                            <span class=\"accordion-icon-inactive accordion-minus\"><i class=\"fas fa-chevron-right\"><\/i><\/span>\r\n                        <\/span>\r\n                        <span id=\"header-text-1655396478975\" class=\"accordions-head-title\">Acuerdo SE\/AC-64\/27-III-2022 por el que se declara la validez y calificaci\u00f3n de la elecci\u00f3n de Ayudante Municipal del poblado de Tetela del Monte, celebrada el d\u00eda 20 de marzo de 2022<\/span>\r\n                                    <\/div>\r\n                <div class=\"accordion-content content1655396478975 \">\r\n                    <table width=\"1834\">\n<tbody>\n<tr>\n<td width=\"375\">Nombre de la Regulaci\u00f3n<\/td>\n<td width=\"263\">N\u00famero de Expediente<\/td>\n<td width=\"263\">Tipo de documeno<\/td>\n<td width=\"273\">Autoridad que la emite<\/td>\n<td width=\"240\">Autoridad o autoridades que la aplican<\/td>\n<td width=\"223\">Fecha en que ha sido actualizada<\/td>\n<td width=\"197\">Tipo de ordenamiento jur\u00eddico<\/td>\n<\/tr>\n<tr>\n<td width=\"375\">Acuerdo SE\/AC-64\/27-III-2022 por el que se declara la validez y calificaci\u00f3n de la elecci\u00f3n de Ayudante Municipal del poblado de Tetela del Monte, celebrada el d\u00eda 20 de marzo de 2022<\/td>\n<td width=\"263\">SDEyT\/DMR\/06\/2022-SA<\/td>\n<td width=\"263\">Exenci\u00f3n de elaborar el AIR<\/td>\n<td width=\"273\">Tesorer\u00eda Municipal<\/td>\n<td width=\"240\">Tesorer\u00eda Municipal<\/td>\n<td width=\"223\">27\/03\/2022<\/td>\n<td width=\"197\">Acuerdo<\/td>\n<\/tr>\n<\/tbody>\n<\/table>\n<table width=\"1651\">\n<tbody>\n<tr>\n<td width=\"215\">\u00c1mbito de aplicaci\u00f3n<\/td>\n<td width=\"211\">\u00cdndice de la Regulaci\u00f3n<\/td>\n<td width=\"221\">Objeto de la Regulaci\u00f3n<\/td>\n<td width=\"217\">Materia<\/td>\n<td width=\"237\">Sectores y sujetos regulados<\/td>\n<td width=\"227\">Tr\u00e1mites y Servicios relacionados con la Regulaci\u00f3n<\/td>\n<td width=\"323\">Identificaci\u00f3n de fundamentos jur\u00eddicos para la realizaci\u00f3n de inspecciones y visitas domiciliarias<\/td>\n<\/tr>\n<tr>\n<td width=\"215\">En el municipio de Cuernavaca<\/td>\n<td width=\"211\">Art\u00edculos Primero al Quinto<\/td>\n<td width=\"221\">Es v\u00e1lida y legal la elecci\u00f3n para Ayudante Municipal de Cuernavaca, celebrada el d\u00eda veinte de marzo del dos mil veintid\u00f3s, aprob\u00e1ndose el resultado de la Elecci\u00f3n en el Poblado de Tetela del Monte<\/td>\n<td width=\"217\">Administrativa<\/td>\n<td width=\"237\">Interno en el Municipio<\/td>\n<td width=\"227\">Ninguno<\/td>\n<td width=\"323\">Ninguno<\/td>\n<\/tr>\n<\/tbody>\n<\/table>\n<table width=\"506\">\n<tbody>\n<tr>\n<td width=\"303\">Nombre de la Regulaci\u00f3n<\/td>\n<td width=\"203\">Tipo de documento<\/td>\n<\/tr>\n<tr>\n<td width=\"303\"><strong><span style=\"text-decoration: underline\"><span style=\"color: #0000ff\"><a style=\"color: #0000ff;text-decoration: underline\" href=\"https:\/\/cuernavaca.gob.mx\/dmer\/wp-content\/uploads\/2022\/06\/64.-ACUERDO-SE-AC-64-27-III-2022-VALIDEZ-Y-CALIFICACION-TETELA-DEL-MONTE.-1.docx\" target=\"_blank\" rel=\"noopener\">Acuerdo SE\/AC-64\/27-III-2022 por el que se declara la validez y calificaci\u00f3n de la elecci\u00f3n de Ayudante Municipal del poblado de Tetela del Monte, celebrada el d\u00eda 20 de marzo de 2022<\/a><\/span><\/span><\/strong><\/td>\n<td width=\"203\"><strong><span style=\"text-decoration: underline\"><span style=\"color: #0000ff;text-decoration: underline\"><a style=\"color: #0000ff;text-decoration: underline\" href=\"https:\/\/cuernavaca.gob.mx\/dmer\/wp-content\/uploads\/2022\/06\/Exencion-Acuerdo-SE\uf022AC-64\uf02227-III-2022-por-el-que-se-declara-la-validez-y-calificacion-de-la-eleccion-de-Ayudante-Municipal-del-poblado-de-Tetela-del-Monte-celebrada-el-dia-20-de-marzo-de-2022.docx\" target=\"_blank\" rel=\"noopener\">Exenci\u00f3n AIR<\/a><\/span><\/span><\/strong><\/td>\n<\/tr>\n<\/tbody>\n<\/table>\n                <\/div>\r\n                        <div post_id=\"3370\" itemcount=\"40\" header_id=\"header-1655396793606\" id=\"header-1655396793606\" style=\"\" class=\"accordions-head head1655396793606 border-none\" toggle-text=\"\" main-text=\"Acuerdo SE\/AC-65\/27-III-2022 por el que se declara la nulidad de la elecci\u00f3n de Ayudante Municipal del poblado de Tlaltenango, celebrada el d\u00eda 20 de marzo de 2022 y se ordena reponer la misma de manera extraordinaria\">\r\n                                            <span id=\"accordion-icons-1655396793606\" class=\"accordion-icons\">\r\n                            <span class=\"accordion-icon-active accordion-plus\"><i class=\"fas fa-chevron-up\"><\/i><\/span>\r\n                            <span class=\"accordion-icon-inactive accordion-minus\"><i class=\"fas fa-chevron-right\"><\/i><\/span>\r\n                        <\/span>\r\n                        <span id=\"header-text-1655396793606\" class=\"accordions-head-title\">Acuerdo SE\/AC-65\/27-III-2022 por el que se declara la nulidad de la elecci\u00f3n de Ayudante Municipal del poblado de Tlaltenango, celebrada el d\u00eda 20 de marzo de 2022 y se ordena reponer la misma de manera extraordinaria<\/span>\r\n                                    <\/div>\r\n                <div class=\"accordion-content content1655396793606 \">\r\n                    <table width=\"1834\">\n<tbody>\n<tr>\n<td width=\"375\">Nombre de la Regulaci\u00f3n<\/td>\n<td width=\"263\">N\u00famero de Expediente<\/td>\n<td width=\"263\">Tipo de documeno<\/td>\n<td width=\"273\">Autoridad que la emite<\/td>\n<td width=\"240\">Autoridad o autoridades que la aplican<\/td>\n<td width=\"223\">Fecha en que ha sido actualizada<\/td>\n<td width=\"197\">Tipo de ordenamiento jur\u00eddico<\/td>\n<\/tr>\n<tr>\n<td width=\"375\">Acuerdo SE\/AC-65\/27-III-2022 por el que se declara la nulidad de la elecci\u00f3n de Ayudante Municipal del poblado de Tlaltenango, celebrada el d\u00eda 20 de marzo de 2022 y se ordena reponer la misma de manera extraordinaria<\/td>\n<td width=\"263\">SDEyT\/DMR\/06\/2022-SA<\/td>\n<td width=\"263\">Exenci\u00f3n de elaborar el AIR<\/td>\n<td width=\"273\">Tesorer\u00eda Municipal<\/td>\n<td width=\"240\">Tesorer\u00eda Municipal<\/td>\n<td width=\"223\">27\/03\/2022<\/td>\n<td width=\"197\">Acuerdo<\/td>\n<\/tr>\n<\/tbody>\n<\/table>\n<table width=\"1651\">\n<tbody>\n<tr>\n<td width=\"215\">\u00c1mbito de aplicaci\u00f3n<\/td>\n<td width=\"211\">\u00cdndice de la Regulaci\u00f3n<\/td>\n<td width=\"221\">Objeto de la Regulaci\u00f3n<\/td>\n<td width=\"217\">Materia<\/td>\n<td width=\"237\">Sectores y sujetos regulados<\/td>\n<td width=\"227\">Tr\u00e1mites y Servicios relacionados con la Regulaci\u00f3n<\/td>\n<td width=\"323\">Identificaci\u00f3n de fundamentos jur\u00eddicos para la realizaci\u00f3n de inspecciones y visitas domiciliarias<\/td>\n<\/tr>\n<tr>\n<td width=\"215\">En el municipio de Cuernavaca<\/td>\n<td width=\"211\">Art\u00edculos Primero al Quinto<\/td>\n<td width=\"221\">Se declara no v\u00e1lida la elecci\u00f3n para Ayudante Municipal de Cuernavaca, celebrada el d\u00eda veinte de marzo del dos mil veintid\u00f3s<\/td>\n<td width=\"217\">Administrativa<\/td>\n<td width=\"237\">Interno en el Municipio<\/td>\n<td width=\"227\">Ninguno<\/td>\n<td width=\"323\">Ninguno<\/td>\n<\/tr>\n<\/tbody>\n<\/table>\n<table width=\"506\">\n<tbody>\n<tr>\n<td width=\"303\">Nombre de la Regulaci\u00f3n<\/td>\n<td width=\"203\">Tipo de documento<\/td>\n<\/tr>\n<tr>\n<td width=\"303\"><strong><span style=\"text-decoration: underline\"><span style=\"color: #0000ff;text-decoration: underline\"><a style=\"color: #0000ff;text-decoration: underline\" href=\"https:\/\/cuernavaca.gob.mx\/dmer\/wp-content\/uploads\/2022\/06\/65.-ACUERDO-SE-AC-65-27-III-2022-REPOSICION-ELECCION-TLALTENANGO-1.docx\" target=\"_blank\" rel=\"noopener\">Acuerdo SE\/AC-65\/27-III-2022 por el que se declara la nulidad de la elecci\u00f3n de Ayudante Municipal del poblado de Tlaltenango, celebrada el d\u00eda 20 de marzo de 2022 y se ordena reponer la misma de manera extraordinaria<\/a><\/span><\/span><\/strong><\/td>\n<td width=\"203\"><span style=\"text-decoration: underline\"><strong><span style=\"color: #0000ff;text-decoration: underline\"><a style=\"color: #0000ff;text-decoration: underline\" href=\"https:\/\/cuernavaca.gob.mx\/dmer\/wp-content\/uploads\/2022\/06\/Exencion-Acuerdo-SE\uf022AC-65\uf02227-III-2022-por-el-que-se-declara-la-nulidad-de-la-eleccion-de-Ayudante-Municipal-del-poblado-de-Tlaltenango.docx\" target=\"_blank\" rel=\"noopener\">Exenci\u00f3n AIR<\/a><\/span><\/strong><\/span><\/td>\n<\/tr>\n<\/tbody>\n<\/table>\n                <\/div>\r\n                        <div post_id=\"3370\" itemcount=\"41\" header_id=\"header-1655397070210\" id=\"header-1655397070210\" style=\"\" class=\"accordions-head head1655397070210 border-none\" toggle-text=\"\" main-text=\"Acuerdo SE\/AC-66\/30-III-2022 a trav\u00e9s del cual se autoriza emitir convocatoria para la elecci\u00f3n extraordinaria de Ayudante Municipal del poblado de Tlaltenango\">\r\n                                            <span id=\"accordion-icons-1655397070210\" class=\"accordion-icons\">\r\n                            <span class=\"accordion-icon-active accordion-plus\"><i class=\"fas fa-chevron-up\"><\/i><\/span>\r\n                            <span class=\"accordion-icon-inactive accordion-minus\"><i class=\"fas fa-chevron-right\"><\/i><\/span>\r\n                        <\/span>\r\n                        <span id=\"header-text-1655397070210\" class=\"accordions-head-title\">Acuerdo SE\/AC-66\/30-III-2022 a trav\u00e9s del cual se autoriza emitir convocatoria para la elecci\u00f3n extraordinaria de Ayudante Municipal del poblado de Tlaltenango<\/span>\r\n                                    <\/div>\r\n                <div class=\"accordion-content content1655397070210 \">\r\n                    <table width=\"1834\">\n<tbody>\n<tr>\n<td width=\"375\">Nombre de la Regulaci\u00f3n<\/td>\n<td width=\"263\">N\u00famero de Expediente<\/td>\n<td width=\"263\">Tipo de documeno<\/td>\n<td width=\"273\">Autoridad que la emite<\/td>\n<td width=\"240\">Autoridad o autoridades que la aplican<\/td>\n<td width=\"223\">Fecha en que ha sido actualizada<\/td>\n<td width=\"197\">Tipo de ordenamiento jur\u00eddico<\/td>\n<\/tr>\n<tr>\n<td width=\"375\">Acuerdo SE\/AC-66\/30-III-2022 a trav\u00e9s del cual se autoriza emitir convocatoria para la elecci\u00f3n extraordinaria de Ayudante Municipal del poblado de Tlaltenango<\/td>\n<td width=\"263\">SDEyT\/DMR\/06\/2022-SA<\/td>\n<td width=\"263\">Exenci\u00f3n de elaborar el AIR<\/td>\n<td width=\"273\">Tesorer\u00eda Municipal<\/td>\n<td width=\"240\">Tesorer\u00eda Municipal<\/td>\n<td width=\"223\">27\/03\/2022<\/td>\n<td width=\"197\">Acuerdo<\/td>\n<\/tr>\n<\/tbody>\n<\/table>\n<table width=\"1651\">\n<tbody>\n<tr>\n<td width=\"215\">\u00c1mbito de aplicaci\u00f3n<\/td>\n<td width=\"211\">\u00cdndice de la Regulaci\u00f3n<\/td>\n<td width=\"221\">Objeto de la Regulaci\u00f3n<\/td>\n<td width=\"217\">Materia<\/td>\n<td width=\"237\">Sectores y sujetos regulados<\/td>\n<td width=\"227\">Tr\u00e1mites y Servicios relacionados con la Regulaci\u00f3n<\/td>\n<td width=\"323\">Identificaci\u00f3n de fundamentos jur\u00eddicos para la realizaci\u00f3n de inspecciones y visitas domiciliarias<\/td>\n<\/tr>\n<tr>\n<td width=\"215\">En el municipio de Cuernavaca<\/td>\n<td width=\"211\">Art\u00edculos Primero al Quinto<\/td>\n<td width=\"221\">Se autoriza expedir convocatoria a trav\u00e9s del cual se autoriza emitir convocatoria para la elecci\u00f3n extraordinaria de Ayudante Municipal del Poblado de Tlaltenango.<\/td>\n<td width=\"217\">Administrativa<\/td>\n<td width=\"237\">Interno en el Municipio<\/td>\n<td width=\"227\">Ninguno<\/td>\n<td width=\"323\">Ninguno<\/td>\n<\/tr>\n<\/tbody>\n<\/table>\n<table width=\"506\">\n<tbody>\n<tr>\n<td width=\"303\">Nombre de la Regulaci\u00f3n<\/td>\n<td width=\"203\">Tipo de documento<\/td>\n<\/tr>\n<tr>\n<td width=\"303\"><strong><span style=\"text-decoration: underline\"><span style=\"color: #0000ff;text-decoration: underline\"><a style=\"color: #0000ff;text-decoration: underline\" href=\"https:\/\/cuernavaca.gob.mx\/dmer\/wp-content\/uploads\/2022\/06\/66.-ACUERDO-SE-AC-66-30-III-2022.-CONVOCATORIA-EXTRAORDINARIA-TLALTENANGO-1.docx\" target=\"_blank\" rel=\"noopener\">Acuerdo SE\/AC-66\/30-III-2022 a trav\u00e9s del cual se autoriza emitir convocatoria para la elecci\u00f3n extraordinaria de Ayudante Municipal del poblado de Tlaltenango<\/a><\/span><\/span><\/strong><\/td>\n<td width=\"203\"><strong><span style=\"text-decoration: underline\"><span style=\"color: #0000ff;text-decoration: underline\"><a style=\"color: #0000ff;text-decoration: underline\" href=\"https:\/\/cuernavaca.gob.mx\/dmer\/wp-content\/uploads\/2022\/06\/Exencion-Acuerdo-SE\uf022AC-66\uf02230-III-2022-a-traves-del-cual-se-autoriza-emitir-convocatoria-para-la-eleccion-extraordinaria-de-Ayudante-Municipal-del-poblado-de-Tlaltenango.docx\" target=\"_blank\" rel=\"noopener\">Exenci\u00f3n AIR<\/a><\/span><\/span><\/strong><\/td>\n<\/tr>\n<\/tbody>\n<\/table>\n                <\/div>\r\n                        <div post_id=\"3370\" itemcount=\"42\" header_id=\"header-1655397407623\" id=\"header-1655397407623\" style=\"\" class=\"accordions-head head1655397407623 border-none\" toggle-text=\"\" main-text=\"Acuerdo SE\/AC-67\/30-III-2022 a trav\u00e9s del cual se autoriza el dictamen n\u00famero SM\/CJ\/DGC\/01\/2022, emitido por la Consejer\u00eda Jur\u00eddica, correspondiente a la devoluci\u00f3n por pago duplicado realizado por la ciudadana mireya \u201cn\u201d, lo anterior con fundamento en lo establecido por los art\u00edculos 55 fracci\u00f3n xxi, 108 fracci\u00f3n ii y 111 fracci\u00f3n i del reglamento de gobierno y la administraci\u00f3n p\u00fablica municipal de cuernavaca, morelos\">\r\n                                            <span id=\"accordion-icons-1655397407623\" class=\"accordion-icons\">\r\n                            <span class=\"accordion-icon-active accordion-plus\"><i class=\"fas fa-chevron-up\"><\/i><\/span>\r\n                            <span class=\"accordion-icon-inactive accordion-minus\"><i class=\"fas fa-chevron-right\"><\/i><\/span>\r\n                        <\/span>\r\n                        <span id=\"header-text-1655397407623\" class=\"accordions-head-title\">Acuerdo SE\/AC-67\/30-III-2022 a trav\u00e9s del cual se autoriza el dictamen n\u00famero SM\/CJ\/DGC\/01\/2022, emitido por la Consejer\u00eda Jur\u00eddica, correspondiente a la devoluci\u00f3n por pago duplicado realizado por la ciudadana mireya \u201cn\u201d, lo anterior con fundamento en lo establecido por los art\u00edculos 55 fracci\u00f3n xxi, 108 fracci\u00f3n ii y 111 fracci\u00f3n i del reglamento de gobierno y la administraci\u00f3n p\u00fablica municipal de cuernavaca, morelos<\/span>\r\n                                    <\/div>\r\n                <div class=\"accordion-content content1655397407623 \">\r\n                    <table width=\"1834\">\n<tbody>\n<tr>\n<td width=\"375\">Nombre de la Regulaci\u00f3n<\/td>\n<td width=\"263\">N\u00famero de Expediente<\/td>\n<td width=\"263\">Tipo de documeno<\/td>\n<td width=\"273\">Autoridad que la emite<\/td>\n<td width=\"240\">Autoridad o autoridades que la aplican<\/td>\n<td width=\"223\">Fecha en que ha sido actualizada<\/td>\n<td width=\"197\">Tipo de ordenamiento jur\u00eddico<\/td>\n<\/tr>\n<tr>\n<td width=\"375\">Acuerdo SE\/AC-67\/30-III-2022 a trav\u00e9s del cual se autoriza el dictamen n\u00famero SM\/CJ\/DGC\/01\/2022, emitido por la Consejer\u00eda Jur\u00eddica, correspondiente a la devoluci\u00f3n por pago duplicado realizado por la ciudadana mireya \u201cn\u201d, lo anterior con fundamento en lo establecido por los art\u00edculos 55 fracci\u00f3n xxi, 108 fracci\u00f3n ii y 111 fracci\u00f3n i del reglamento de gobierno y la administraci\u00f3n p\u00fablica municipal de cuernavaca, morelos<\/td>\n<td width=\"263\">SDEyT\/DMR\/06\/2022-SA<\/td>\n<td width=\"263\">Exenci\u00f3n de elaborar el AIR<\/td>\n<td width=\"273\">Tesorer\u00eda Municipal<\/td>\n<td width=\"240\">Tesorer\u00eda Municipal<\/td>\n<td width=\"223\">27\/03\/2022<\/td>\n<td width=\"197\">Acuerdo<\/td>\n<\/tr>\n<\/tbody>\n<\/table>\n<table width=\"1651\">\n<tbody>\n<tr>\n<td width=\"215\">\u00c1mbito de aplicaci\u00f3n<\/td>\n<td width=\"211\">\u00cdndice de la Regulaci\u00f3n<\/td>\n<td width=\"221\">Objeto de la Regulaci\u00f3n<\/td>\n<td width=\"217\">Materia<\/td>\n<td width=\"237\">Sectores y sujetos regulados<\/td>\n<td width=\"227\">Tr\u00e1mites y Servicios relacionados con la Regulaci\u00f3n<\/td>\n<td width=\"323\">Identificaci\u00f3n de fundamentos jur\u00eddicos para la realizaci\u00f3n de inspecciones y visitas domiciliarias<\/td>\n<\/tr>\n<tr>\n<td width=\"215\">En el municipio de Cuernavaca<\/td>\n<td style=\"text-align: center\" width=\"211\">Art\u00edculos Primero al Segundo<\/td>\n<td width=\"221\">Se autoriza el Dictamen n\u00famero SM\/CJ\/DGC\/01\/2022, emitido por la Consejer\u00eda Jur\u00eddica, correspondiente a la devoluci\u00f3n por pago duplicado realizado por la Ciudadana Mireya \u201cN\u201d, lo anterior con fundamento en lo establecido por los art\u00edculos 55 fracci\u00f3n XXI, 108 fracci\u00f3n II y 111 fracci\u00f3n I del Reglamento de Gobierno y la Administraci\u00f3n P\u00fablica Municipal de Cuernavaca, Morelos.<\/td>\n<td width=\"217\">Administrativa<\/td>\n<td width=\"237\">Interno en el Municipio<\/td>\n<td width=\"227\">Ninguno<\/td>\n<td width=\"323\">Ninguno<\/td>\n<\/tr>\n<\/tbody>\n<\/table>\n<table width=\"506\">\n<tbody>\n<tr>\n<td width=\"303\">Nombre de la Regulaci\u00f3n<\/td>\n<td width=\"203\">Tipo de documento<\/td>\n<\/tr>\n<tr>\n<td width=\"303\"><strong><span style=\"text-decoration: underline\"><span style=\"color: #0000ff;text-decoration: underline\"><a style=\"color: #0000ff;text-decoration: underline\" href=\"https:\/\/cuernavaca.gob.mx\/dmer\/wp-content\/uploads\/2022\/06\/67.-ACUERDO-SE-AC-67-30-III-2022.-DEVOLUCION-C.-MIRNA-MACIAS-1.docx\" target=\"_blank\" rel=\"noopener\">Acuerdo SE\/AC-67\/30-III-2022 a trav\u00e9s del cual se autoriza el dictamen n\u00famero SM\/CJ\/DGC\/01\/2022, emitido por la Consejer\u00eda Jur\u00eddica, correspondiente a la devoluci\u00f3n por pago duplicado realizado por la ciudadana mireya \u201cn\u201d, lo anterior con fundamento en lo establecido por los art\u00edculos 55 fracci\u00f3n xxi, 108 fracci\u00f3n ii y 111 fracci\u00f3n i del reglamento de gobierno y la administraci\u00f3n p\u00fablica municipal de cuernavaca, morelos<\/a><\/span><\/span><\/strong><\/td>\n<td width=\"203\"><strong><span style=\"text-decoration: underline\"><span style=\"color: #0000ff;text-decoration: underline\"><a style=\"color: #0000ff;text-decoration: underline\" href=\"https:\/\/cuernavaca.gob.mx\/dmer\/wp-content\/uploads\/2022\/06\/Exencion-Acuerdo-SE\uf022AC-67\uf02230-III-2022-a-traves-del-cual-se-autoriza-el-dictamen-numero-SM\uf022CJ\uf022DGC\uf02201\uf0222022-emitido-por-la-Consejeria-Juridica.docx\" target=\"_blank\" rel=\"noopener\">Exenci\u00f3n AIR<\/a><\/span><\/span><\/strong><\/td>\n<\/tr>\n<\/tbody>\n<\/table>\n                <\/div>\r\n                        <div post_id=\"3370\" itemcount=\"43\" header_id=\"header-1655397677943\" id=\"header-1655397677943\" style=\"\" class=\"accordions-head head1655397677943 border-none\" toggle-text=\"\" main-text=\"Acuerdo SE\/AC-68\/30-III-2022 a trav\u00e9s del cual se autoriza el Programa Anual de Obra P\u00fablica de Cuernavaca, Morelos, para el ejercicio fiscal 2022, de conformidad con lo establecido en el articulo 19 de la Ley de Obra P\u00fablica y Servicios relacionados con la misma del Estado de Morelos\">\r\n                                            <span id=\"accordion-icons-1655397677943\" class=\"accordion-icons\">\r\n                            <span class=\"accordion-icon-active accordion-plus\"><i class=\"fas fa-chevron-up\"><\/i><\/span>\r\n                            <span class=\"accordion-icon-inactive accordion-minus\"><i class=\"fas fa-chevron-right\"><\/i><\/span>\r\n                        <\/span>\r\n                        <span id=\"header-text-1655397677943\" class=\"accordions-head-title\">Acuerdo SE\/AC-68\/30-III-2022 a trav\u00e9s del cual se autoriza el Programa Anual de Obra P\u00fablica de Cuernavaca, Morelos, para el ejercicio fiscal 2022, de conformidad con lo establecido en el articulo 19 de la Ley de Obra P\u00fablica y Servicios relacionados con la misma del Estado de Morelos<\/span>\r\n                                    <\/div>\r\n                <div class=\"accordion-content content1655397677943 \">\r\n                    <table width=\"1834\">\n<tbody>\n<tr>\n<td width=\"375\">Nombre de la Regulaci\u00f3n<\/td>\n<td width=\"263\">N\u00famero de Expediente<\/td>\n<td width=\"263\">Tipo de documeno<\/td>\n<td width=\"273\">Autoridad que la emite<\/td>\n<td width=\"240\">Autoridad o autoridades que la aplican<\/td>\n<td width=\"223\">Fecha en que ha sido actualizada<\/td>\n<td width=\"197\">Tipo de ordenamiento jur\u00eddico<\/td>\n<\/tr>\n<tr>\n<td width=\"375\">Acuerdo SE\/AC-68\/30-III-2022 a trav\u00e9s del cual se autoriza el Programa Anual de Obra P\u00fablica de Cuernavaca, Morelos, para el ejercicio fiscal 2022, de conformidad con lo establecido en el articulo 19 de la Ley de Obra P\u00fablica y Servicios relacionados con la misma del Estado de Morelos<\/td>\n<td width=\"263\">SDEyT\/DMR\/06\/2022-SA<\/td>\n<td width=\"263\">Exenci\u00f3n de elaborar el AIR<\/td>\n<td width=\"273\">Tesorer\u00eda Municipal<\/td>\n<td width=\"240\">Tesorer\u00eda Municipal<\/td>\n<td width=\"223\">27\/03\/2022<\/td>\n<td width=\"197\">Acuerdo<\/td>\n<\/tr>\n<\/tbody>\n<\/table>\n<table width=\"1651\">\n<tbody>\n<tr>\n<td width=\"215\">\u00c1mbito de aplicaci\u00f3n<\/td>\n<td width=\"211\">\u00cdndice de la Regulaci\u00f3n<\/td>\n<td width=\"221\">Objeto de la Regulaci\u00f3n<\/td>\n<td width=\"217\">Materia<\/td>\n<td width=\"237\">Sectores y sujetos regulados<\/td>\n<td width=\"227\">Tr\u00e1mites y Servicios relacionados con la Regulaci\u00f3n<\/td>\n<td width=\"323\">Identificaci\u00f3n de fundamentos jur\u00eddicos para la realizaci\u00f3n de inspecciones y visitas domiciliarias<\/td>\n<\/tr>\n<tr>\n<td width=\"215\">En el municipio de Cuernavaca<\/td>\n<td style=\"text-align: center\" width=\"211\">Art\u00edculos Primero al Tercero<\/td>\n<td style=\"text-align: center\" width=\"221\">Se autoriza el Programa Anual de Obra P\u00fablica de Cuernavaca, Morelos, para el ejercicio fiscal 2022, de conformidad con lo establecido en el art\u00edculo 19 de la Ley de Obra P\u00fablica y Servicios relacionados con la misma del Estado de Morelos.<\/td>\n<td width=\"217\">Administrativa<\/td>\n<td width=\"237\">Interno en el Municipio<\/td>\n<td width=\"227\">Ninguno<\/td>\n<td width=\"323\">Ninguno<\/td>\n<\/tr>\n<\/tbody>\n<\/table>\n<table width=\"506\">\n<tbody>\n<tr>\n<td width=\"303\">Nombre de la Regulaci\u00f3n<\/td>\n<td width=\"203\">Tipo de documento<\/td>\n<\/tr>\n<tr>\n<td width=\"303\"><strong><span style=\"text-decoration: underline\"><span style=\"color: #0000ff;text-decoration: underline\"><a style=\"color: #0000ff;text-decoration: underline\" href=\"https:\/\/cuernavaca.gob.mx\/dmer\/wp-content\/uploads\/2022\/06\/68.-ACUERDO-SE-AC-68-30-III-2022.-PROGRAMA-ANUAL-OBRA-PUBLICA-1.docx\" target=\"_blank\" rel=\"noopener\">Acuerdo SE\/AC-68\/30-III-2022 a trav\u00e9s del cual se autoriza el Programa Anual de Obra P\u00fablica de Cuernavaca, Morelos, para el ejercicio fiscal 2022, de conformidad con lo establecido en el articulo 19 de la Ley de Obra P\u00fablica y Servicios relacionados con la misma del Estado de Morelos<\/a><\/span><\/span><\/strong><\/td>\n<td width=\"203\"><strong><span style=\"text-decoration: underline\"><span style=\"color: #0000ff;text-decoration: underline\"><a style=\"color: #0000ff;text-decoration: underline\" href=\"https:\/\/cuernavaca.gob.mx\/dmer\/wp-content\/uploads\/2022\/06\/Exencion-Acuerdo-SE\uf022AC-68\uf02230-III-2022-a-traves-del-cual-se-autoriza-el-Programa-Anual-de-Obra-Publica-.docx\" target=\"_blank\" rel=\"noopener\">Exenci\u00f3n AIR<\/a><\/span><\/span><\/strong><\/td>\n<\/tr>\n<\/tbody>\n<\/table>\n                <\/div>\r\n                        <div post_id=\"3370\" itemcount=\"44\" header_id=\"header-1655743584427\" id=\"header-1655743584427\" style=\"\" class=\"accordions-head head1655743584427 border-none\" toggle-text=\"\" main-text=\"Acuerdo SO\/AC-86\/04-V-2022 a trav\u00e9s del cual se concede la pensi\u00f3n por jubilaci\u00f3n a favor de la ciudadana X\u00f3chitl Mart\u00ednez Bosques, en cumplimiento a lo ordenado por el Tribunal de Justicia Administrativa del Estado de Morelos, dentro del juicio administrativo TJA\/1\u00aaS\/51\/2021\">\r\n                                            <span id=\"accordion-icons-1655743584427\" class=\"accordion-icons\">\r\n                            <span class=\"accordion-icon-active accordion-plus\"><i class=\"fas fa-chevron-up\"><\/i><\/span>\r\n                            <span class=\"accordion-icon-inactive accordion-minus\"><i class=\"fas fa-chevron-right\"><\/i><\/span>\r\n                        <\/span>\r\n                        <span id=\"header-text-1655743584427\" class=\"accordions-head-title\">Acuerdo SO\/AC-86\/04-V-2022 a trav\u00e9s del cual se concede la pensi\u00f3n por jubilaci\u00f3n a favor de la ciudadana X\u00f3chitl Mart\u00ednez Bosques, en cumplimiento a lo ordenado por el Tribunal de Justicia Administrativa del Estado de Morelos, dentro del juicio administrativo TJA\/1\u00aaS\/51\/2021<\/span>\r\n                                    <\/div>\r\n                <div class=\"accordion-content content1655743584427 \">\r\n                    <table width=\"1834\">\n<tbody>\n<tr>\n<td width=\"375\">Nombre de la Regulaci\u00f3n<\/td>\n<td width=\"263\">N\u00famero de Expediente<\/td>\n<td width=\"263\">Tipo de documeno<\/td>\n<td width=\"273\">Autoridad que la emite<\/td>\n<td width=\"240\">Autoridad o autoridades que la aplican<\/td>\n<td width=\"223\">Fecha en que ha sido actualizada<\/td>\n<td width=\"197\">Tipo de ordenamiento jur\u00eddico<\/td>\n<\/tr>\n<tr>\n<td width=\"375\">Acuerdo SO\/AC-86\/04-V-2022 a trav\u00e9s del cual se concede la pensi\u00f3n por jubilaci\u00f3n a favor de la ciudadana X\u00f3chitl Mart\u00ednez Bosques, en cumplimiento a lo ordenado por el Tribunal de Justicia Administrativa del Estado de Morelos, dentro del juicio administrativo TJA\/1\u00aaS\/51\/2021<\/td>\n<td width=\"263\">SDEyT\/DMR\/10\/2022-DIF<\/td>\n<td width=\"263\">Exenci\u00f3n de elaborar el AIR<\/td>\n<td width=\"273\">Secretar\u00eda del Ayuntamiento<\/td>\n<td width=\"240\">Secretaria de ayuntamiento<\/td>\n<td width=\"223\">02\/02\/2022<\/td>\n<td width=\"197\">Acuerdo<\/td>\n<\/tr>\n<\/tbody>\n<\/table>\n<table width=\"1651\">\n<tbody>\n<tr>\n<td width=\"215\">\u00c1mbito de aplicaci\u00f3n<\/td>\n<td width=\"211\">\u00cdndice de la Regulaci\u00f3n<\/td>\n<td width=\"221\">Objeto de la Regulaci\u00f3n<\/td>\n<td width=\"217\">Materia<\/td>\n<td width=\"237\">Sectores y sujetos regulados<\/td>\n<td width=\"227\">Tr\u00e1mites y Servicios relacionados con la Regulaci\u00f3n<\/td>\n<td width=\"323\">Identificaci\u00f3n de fundamentos jur\u00eddicos para la realizaci\u00f3n de inspecciones y visitas domiciliarias<\/td>\n<\/tr>\n<tr>\n<td width=\"215\">En el municipio de Cuernavaca<\/td>\n<td width=\"211\">Art\u00edculos Primero al Septimo<\/td>\n<td width=\"221\">Se concede Pensi\u00f3n por Jubilaci\u00f3n a la ciudadana XOCHITL MARTINEZ BOSQUES, en cumplimiento a lo ordenado por el Tribunal de Justicia Administrativa del Estado de Morelos, dentro del Juicio Administrativo TJA\/1\u00aaS\/51\/2021, quien presta sus servicios en el Ayuntamiento de Cuernavaca, Morelos, desempe\u00f1ado como \u00faltimo cargo el de Polic\u00eda en la Direcci\u00f3n General de la Polic\u00eda Preventiva<\/td>\n<td width=\"217\">Administrativa<\/td>\n<td width=\"237\">Interno en el Municipio<\/td>\n<td width=\"227\">Ninguno<\/td>\n<td width=\"323\">Ninguno<\/td>\n<\/tr>\n<\/tbody>\n<\/table>\n<table width=\"506\">\n<tbody>\n<tr>\n<td width=\"303\">Nombre de la Regulaci\u00f3n<\/td>\n<td width=\"203\">Tipo de documento<\/td>\n<\/tr>\n<tr>\n<td width=\"303\"><strong><span style=\"text-decoration: underline\"><span style=\"color: #0000ff;text-decoration: underline\"><a style=\"color: #0000ff;text-decoration: underline\" href=\"https:\/\/cuernavaca.gob.mx\/dmer\/wp-content\/uploads\/2022\/06\/86.-ACUERDO-SO-AC-86-04-V-2022.-PESNION-XOCHITL-MARTINEZ-BOSQUES.docx\" target=\"_blank\" rel=\"noopener\">Acuerdo SO\/AC-86\/04-V-2022 a trav\u00e9s del cual se concede la pensi\u00f3n por jubilaci\u00f3n a favor de la ciudadana X\u00f3chitl Mart\u00ednez Bosques, en cumplimiento a lo ordenado por el Tribunal de Justicia Administrativa del Estado de Morelos, dentro del juicio administrativo TJA\/1\u00aaS\/51\/2021<\/a><\/span><\/span><\/strong><\/td>\n<td width=\"203\"><strong><span style=\"text-decoration: underline\"><span style=\"color: #0000ff;text-decoration: underline\"><a style=\"color: #0000ff;text-decoration: underline\" href=\"https:\/\/cuernavaca.gob.mx\/dmer\/wp-content\/uploads\/2022\/06\/Exencion-Acuerdo-SO\uf022AC-86\uf02204-V-2022-a-traves-del-cual-se-concede-la-pension-por-jubilacion-a-favor-de-la-ciudadana-Xochitl-.docx\" target=\"_blank\" rel=\"noopener\">Exenci\u00f3n AIR<\/a><\/span><\/span><\/strong><\/td>\n<\/tr>\n<\/tbody>\n<\/table>\n                <\/div>\r\n                        <div post_id=\"3370\" itemcount=\"45\" header_id=\"header-1655744756814\" id=\"header-1655744756814\" style=\"\" class=\"accordions-head head1655744756814 border-none\" toggle-text=\"\" main-text=\"Acuerdo SO\/AC-87\/04-V-2022 a trav\u00e9s del cual se autoriza al Presidente y Sindica Municipal a celebrar contrato de arrendamiento de 10 patrullas, aplicando la excepci\u00f3n prevista en materia de seguridad de p\u00fablica y con compromiso plurianual\">\r\n                                            <span id=\"accordion-icons-1655744756814\" class=\"accordion-icons\">\r\n                            <span class=\"accordion-icon-active accordion-plus\"><i class=\"fas fa-chevron-up\"><\/i><\/span>\r\n                            <span class=\"accordion-icon-inactive accordion-minus\"><i class=\"fas fa-chevron-right\"><\/i><\/span>\r\n                        <\/span>\r\n                        <span id=\"header-text-1655744756814\" class=\"accordions-head-title\">Acuerdo SO\/AC-87\/04-V-2022 a trav\u00e9s del cual se autoriza al Presidente y Sindica Municipal a celebrar contrato de arrendamiento de 10 patrullas, aplicando la excepci\u00f3n prevista en materia de seguridad de p\u00fablica y con compromiso plurianual<\/span>\r\n                                    <\/div>\r\n                <div class=\"accordion-content content1655744756814 \">\r\n                    <table width=\"1834\">\n<tbody>\n<tr>\n<td width=\"375\">Nombre de la Regulaci\u00f3n<\/td>\n<td width=\"263\">N\u00famero de Expediente<\/td>\n<td width=\"263\">Tipo de documeno<\/td>\n<td width=\"273\">Autoridad que la emite<\/td>\n<td width=\"240\">Autoridad o autoridades que la aplican<\/td>\n<td width=\"223\">Fecha en que ha sido actualizada<\/td>\n<td width=\"197\">Tipo de ordenamiento jur\u00eddico<\/td>\n<\/tr>\n<tr>\n<td width=\"375\">Acuerdo SO\/AC-87\/04-V-2022 a trav\u00e9s del cual se autoriza al Presidente y Sindica Municipal a celebrar contrato de arrendamiento de 10 patrullas, aplicando la excepci\u00f3n prevista en materia de seguridad de p\u00fablica y con compromiso plurianual<\/td>\n<td width=\"263\">SDEyT\/DMR\/10\/2022-DIF<\/td>\n<td width=\"263\">Exenci\u00f3n de elaborar el AIR<\/td>\n<td width=\"273\">Secretar\u00eda del Ayuntamiento<\/td>\n<td width=\"240\">Secretaria de ayuntamiento<\/td>\n<td width=\"223\">02\/02\/2022<\/td>\n<td width=\"197\">Acuerdo<\/td>\n<\/tr>\n<\/tbody>\n<\/table>\n<table width=\"1651\">\n<tbody>\n<tr>\n<td width=\"215\">\u00c1mbito de aplicaci\u00f3n<\/td>\n<td width=\"211\">\u00cdndice de la Regulaci\u00f3n<\/td>\n<td width=\"221\">Objeto de la Regulaci\u00f3n<\/td>\n<td width=\"217\">Materia<\/td>\n<td width=\"237\">Sectores y sujetos regulados<\/td>\n<td width=\"227\">Tr\u00e1mites y Servicios relacionados con la Regulaci\u00f3n<\/td>\n<td width=\"323\">Identificaci\u00f3n de fundamentos jur\u00eddicos para la realizaci\u00f3n de inspecciones y visitas domiciliarias<\/td>\n<\/tr>\n<tr>\n<td width=\"215\">En el municipio de Cuernavaca<\/td>\n<td width=\"211\">Articulos Primero al Cuarto<\/td>\n<td width=\"221\">Se autoriza al presidente y sindica municipal a celebrar contrato de arrendamiento de 10 patrullas, aplicando la excepci\u00f3n prevista en materia de Seguridad De P\u00fablica y con compromiso plurianual<\/td>\n<td width=\"217\">Administrativa<\/td>\n<td width=\"237\">Interno en el Municipio<\/td>\n<td width=\"227\">Ninguno<\/td>\n<td width=\"323\">Ninguno<\/td>\n<\/tr>\n<\/tbody>\n<\/table>\n<table width=\"506\">\n<tbody>\n<tr>\n<td width=\"303\">Nombre de la Regulaci\u00f3n<\/td>\n<td width=\"203\">Tipo de documento<\/td>\n<\/tr>\n<tr>\n<td width=\"303\"><strong><span style=\"text-decoration: underline\"><span style=\"color: #0000ff\"><a style=\"color: #0000ff;text-decoration: underline\" href=\"https:\/\/cuernavaca.gob.mx\/dmer\/wp-content\/uploads\/2022\/06\/87.-ACUERDO-SO-AC87-04-V-2022.-AUTORIZACION-CONTRATO-ARRENDAMIENTO-PATRULLAS..docx\" target=\"_blank\" rel=\"noopener\">Acuerdo SO\/AC-87\/04-V-2022 a trav\u00e9s del cual se autoriza al Presidente y Sindica Municipal a celebrar contrato de arrendamiento de 10 patrullas, aplicando la excepci\u00f3n prevista en materia de seguridad de p\u00fablica y con compromiso plurianual<\/a><\/span><\/span><\/strong><\/td>\n<td width=\"203\"><strong><span style=\"text-decoration: underline\"><span style=\"color: #0000ff;text-decoration: underline\"><a style=\"color: #0000ff;text-decoration: underline\" href=\"https:\/\/cuernavaca.gob.mx\/dmer\/wp-content\/uploads\/2022\/06\/Exencion-Acuerdo-SO\uf022AC-87\uf02204-V-2022-a-traves-del-cual-se-autoriza-al-Presidente-.docx\" target=\"_blank\" rel=\"noopener\">Exenci\u00f3n AIR<\/a><\/span><\/span><\/strong><\/td>\n<\/tr>\n<\/tbody>\n<\/table>\n                <\/div>\r\n                        <div post_id=\"3370\" itemcount=\"46\" header_id=\"header-1655747339086\" id=\"header-1655747339086\" style=\"\" class=\"accordions-head head1655747339086 border-none\" toggle-text=\"\" main-text=\"Acuerdo SO\/AC-88\/18-V-2022 a trav\u00e9s del cual se concede la pensi\u00f3n por jubilaci\u00f3n correspondiente a su nueva jerarqu\u00eda inmediata superior a favor del ciudadano Jorge Gardu\u00f1o Mart\u00ednez, en cumplimiento a lo ordenado por el Tribunal de Justicia Administrativa del Estado de Morelos, dentro del juicio administrativo TJA\/3\u00aaS\/45\/202\">\r\n                                            <span id=\"accordion-icons-1655747339086\" class=\"accordion-icons\">\r\n                            <span class=\"accordion-icon-active accordion-plus\"><i class=\"fas fa-chevron-up\"><\/i><\/span>\r\n                            <span class=\"accordion-icon-inactive accordion-minus\"><i class=\"fas fa-chevron-right\"><\/i><\/span>\r\n                        <\/span>\r\n                        <span id=\"header-text-1655747339086\" class=\"accordions-head-title\">Acuerdo SO\/AC-88\/18-V-2022 a trav\u00e9s del cual se concede la pensi\u00f3n por jubilaci\u00f3n correspondiente a su nueva jerarqu\u00eda inmediata superior a favor del ciudadano Jorge Gardu\u00f1o Mart\u00ednez, en cumplimiento a lo ordenado por el Tribunal de Justicia Administrativa del Estado de Morelos, dentro del juicio administrativo TJA\/3\u00aaS\/45\/202<\/span>\r\n                                    <\/div>\r\n                <div class=\"accordion-content content1655747339086 \">\r\n                    <table width=\"1834\">\n<tbody>\n<tr>\n<td width=\"375\">Nombre de la Regulaci\u00f3n<\/td>\n<td width=\"263\">N\u00famero de Expediente<\/td>\n<td width=\"263\">Tipo de documeno<\/td>\n<td width=\"273\">Autoridad que la emite<\/td>\n<td width=\"240\">Autoridad o autoridades que la aplican<\/td>\n<td width=\"223\">Fecha en que ha sido actualizada<\/td>\n<td width=\"197\">Tipo de ordenamiento jur\u00eddico<\/td>\n<\/tr>\n<tr>\n<td width=\"375\">Acuerdo SO\/AC-88\/18-V-2022 a trav\u00e9s del cual se concede la pensi\u00f3n por jubilaci\u00f3n correspondiente a su nueva jerarqu\u00eda inmediata superior a favor del ciudadano Jorge Gardu\u00f1o Mart\u00ednez, en cumplimiento a lo ordenado por el Tribunal de Justicia Administrativa del Estado de Morelos, dentro del juicio administrativo TJA\/3\u00aaS\/45\/2021<\/td>\n<td>SDEyT\/DMR\/10\/2022-DIF<\/td>\n<td width=\"263\">Exenci\u00f3n de elaborar el AIR<\/td>\n<td width=\"273\">Secretar\u00eda del Ayuntamiento<\/td>\n<td width=\"240\">Secretaria de ayuntamiento<\/td>\n<td width=\"223\">22\/02\/2022<\/td>\n<td width=\"197\">Acuerdo<\/td>\n<\/tr>\n<\/tbody>\n<\/table>\n<table width=\"1651\">\n<tbody>\n<tr>\n<td width=\"215\">\u00c1mbito de aplicaci\u00f3n<\/td>\n<td width=\"211\">\u00cdndice de la Regulaci\u00f3n<\/td>\n<td width=\"221\">Objeto de la Regulaci\u00f3n<\/td>\n<td width=\"217\">Materia<\/td>\n<td width=\"237\">Sectores y sujetos regulados<\/td>\n<td width=\"227\">Tr\u00e1mites y Servicios relacionados con la Regulaci\u00f3n<\/td>\n<td width=\"323\">Identificaci\u00f3n de fundamentos jur\u00eddicos para la realizaci\u00f3n de inspecciones y visitas domiciliarias<\/td>\n<\/tr>\n<tr>\n<td width=\"215\">En el municipio de Cuernavaca<\/td>\n<td width=\"211\">Art\u00edculos del Primero al Cuarto<\/td>\n<td width=\"221\">\n<table width=\"221\">\n<tbody>\n<tr>\n<td width=\"221\">Se modifica la pensi\u00f3n por jubilaci\u00f3n otorgada al ciudadano JORGE GARDU\u00d1O MART\u00cdNEZ, en cumplimiento a la sentencia de fecha veintid\u00f3s de febrero de dos mil veintiuno, emitida por el Pleno del Tribunal de Justicia Administrativa del Estado de Morelos, en el Juicio Administrativo n\u00famero TJA\/3\u00aaS\/45\/2021, del \u00edndice de la Tercera Sala del Tribunal de Justicia Administrativa.<\/td>\n<\/tr>\n<\/tbody>\n<\/table>\n<\/td>\n<td width=\"217\">Administrativa<\/td>\n<td width=\"237\">Interno en el Municipio<\/td>\n<td width=\"227\">Ninguno<\/td>\n<td width=\"323\">Ninguno<\/td>\n<\/tr>\n<\/tbody>\n<\/table>\n<table width=\"506\">\n<tbody>\n<tr>\n<td width=\"303\">Nombre de la Regulaci\u00f3n<\/td>\n<td width=\"203\">Tipo de documento<\/td>\n<\/tr>\n<tr>\n<td width=\"303\"><strong><span style=\"text-decoration: underline\"><span style=\"color: #0000ff;text-decoration: underline\"><a style=\"color: #0000ff;text-decoration: underline\" href=\"https:\/\/cuernavaca.gob.mx\/dmer\/wp-content\/uploads\/2022\/06\/88.-ACUERDO-SO-AC-88-18-V-2022.-PENSION-JORGE-GARDUNO.docx\" target=\"_blank\" rel=\"noopener\">Acuerdo SO\/AC-88\/18-V-2022 a trav\u00e9s del cual se concede la pensi\u00f3n por jubilaci\u00f3n correspondiente a su nueva jerarqu\u00eda inmediata superior a favor del ciudadano Jorge Gardu\u00f1o Mart\u00ednez, en cumplimiento a lo ordenado por el Tribunal de Justicia Administrativa del Estado de Morelos, dentro del juicio administrativo TJA\/3\u00aaS\/45\/2021<\/a><\/span><\/span><\/strong><\/td>\n<td width=\"203\"><strong><span style=\"text-decoration: underline\"><span style=\"color: #0000ff;text-decoration: underline\"><a style=\"color: #0000ff;text-decoration: underline\" href=\"https:\/\/cuernavaca.gob.mx\/dmer\/wp-content\/uploads\/2022\/06\/Exencion-Acuerdo-SO\uf022AC-88\uf02218-V-2022-a-traves-del-cual-se-concede-la-pension-por-jubilacion-correspondiente-a-.docx\" target=\"_blank\" rel=\"noopener\">Exenci\u00f3n AIR<\/a><\/span><\/span><\/strong><\/td>\n<\/tr>\n<\/tbody>\n<\/table>\n                <\/div>\r\n                        <div post_id=\"3370\" itemcount=\"47\" header_id=\"header-1655751706326\" id=\"header-1655751706326\" style=\"\" class=\"accordions-head head1655751706326 border-none\" toggle-text=\"\" main-text=\"Acuerdo SO\/AC-89\/18-V-2022 a trav\u00e9s del cual se concede la pensi\u00f3n por jubilaci\u00f3n a favor del ciudadano Jes\u00fas Ortega Pantoja, en cumplimiento a lo ordenado por el Juzgado D\u00e9cimo de Distrito del Estado de Morelos, dentro del juicio de amparo 55\/2021\">\r\n                                            <span id=\"accordion-icons-1655751706326\" class=\"accordion-icons\">\r\n                            <span class=\"accordion-icon-active accordion-plus\"><i class=\"fas fa-chevron-up\"><\/i><\/span>\r\n                            <span class=\"accordion-icon-inactive accordion-minus\"><i class=\"fas fa-chevron-right\"><\/i><\/span>\r\n                        <\/span>\r\n                        <span id=\"header-text-1655751706326\" class=\"accordions-head-title\">Acuerdo SO\/AC-89\/18-V-2022 a trav\u00e9s del cual se concede la pensi\u00f3n por jubilaci\u00f3n a favor del ciudadano Jes\u00fas Ortega Pantoja, en cumplimiento a lo ordenado por el Juzgado D\u00e9cimo de Distrito del Estado de Morelos, dentro del juicio de amparo 55\/2021<\/span>\r\n                                    <\/div>\r\n                <div class=\"accordion-content content1655751706326 \">\r\n                    <table width=\"1834\">\n<tbody>\n<tr>\n<td width=\"375\">Nombre de la Regulaci\u00f3n<\/td>\n<td width=\"263\">N\u00famero de Expediente<\/td>\n<td width=\"263\">Tipo de documeno<\/td>\n<td width=\"273\">Autoridad que la emite<\/td>\n<td width=\"240\">Autoridad o autoridades que la aplican<\/td>\n<td width=\"223\">Fecha en que ha sido actualizada<\/td>\n<td width=\"197\">Tipo de ordenamiento jur\u00eddico<\/td>\n<\/tr>\n<tr>\n<td width=\"375\">Acuerdo SO\/AC-89\/18-V-2022 a trav\u00e9s del cual se concede la pensi\u00f3n por jubilaci\u00f3n a favor del ciudadano Jes\u00fas Ortega Pantoja, en cumplimiento a lo ordenado por el Juzgado D\u00e9cimo de Distrito del Estado de Morelos, dentro del juicio de amparo 55\/2021<\/td>\n<td>SDEyT\/DMR\/10\/2022-DIF<\/td>\n<td width=\"263\">Exenci\u00f3n de elaborar el AIR<\/td>\n<td width=\"273\">Secretar\u00eda del Ayuntamiento<\/td>\n<td width=\"240\">Secretaria de ayuntamiento<\/td>\n<td width=\"223\">02\/02\/2022<\/td>\n<td width=\"197\">Acuerdo<\/td>\n<\/tr>\n<\/tbody>\n<\/table>\n<table width=\"1651\">\n<tbody>\n<tr>\n<td width=\"215\">\u00c1mbito de aplicaci\u00f3n<\/td>\n<td width=\"211\">\u00cdndice de la Regulaci\u00f3n<\/td>\n<td width=\"221\">Objeto de la Regulaci\u00f3n<\/td>\n<td width=\"217\">Materia<\/td>\n<td width=\"237\">Sectores y sujetos regulados<\/td>\n<td width=\"227\">Tr\u00e1mites y Servicios relacionados con la Regulaci\u00f3n<\/td>\n<td width=\"323\">Identificaci\u00f3n de fundamentos jur\u00eddicos para la realizaci\u00f3n de inspecciones y visitas domiciliarias<\/td>\n<\/tr>\n<tr>\n<td width=\"215\">En el municipio de Cuernavaca<\/td>\n<td width=\"211\">Articulo del Primero al Tercero<\/td>\n<td width=\"221\">Se concede Pensi\u00f3n por Jubilaci\u00f3n al ciudadano JESUS ORTEGA PANTOJA, en cumplimiento a lo ordenado por el Juzgado D\u00e9cimo de Distrito en el Estado de Morelos, dentro del JUICIO DE AMPARO 55\/2021, quien presta sus servicios en el Ayuntamiento de Cuernavaca, Morelos, desempe\u00f1ado como \u00faltimo cargo el de Polic\u00eda Segundo en la Direcci\u00f3n General de la Polic\u00eda Preventiva.<\/td>\n<td width=\"217\">Administrativa<\/td>\n<td width=\"237\">Interno en el Municipio<\/td>\n<td width=\"227\">Ninguno<\/td>\n<td width=\"323\">Ninguno<\/td>\n<\/tr>\n<\/tbody>\n<\/table>\n<table width=\"506\">\n<tbody>\n<tr>\n<td width=\"303\">Nombre de la Regulaci\u00f3n<\/td>\n<td width=\"203\">Tipo de documento<\/td>\n<\/tr>\n<tr>\n<td width=\"303\"><strong><span style=\"text-decoration: underline\"><span style=\"color: #0000ff;text-decoration: underline\"><a style=\"color: #0000ff;text-decoration: underline\" href=\"https:\/\/cuernavaca.gob.mx\/dmer\/wp-content\/uploads\/2022\/06\/89.-ACUERDO-SO-AC-89-18-V-2022.-PENSION-JESUS-PANTOJA.docx\" target=\"_blank\" rel=\"noopener\">Acuerdo SO\/AC-89\/18-V-2022 a trav\u00e9s del cual se concede la pensi\u00f3n por jubilaci\u00f3n a favor del ciudadano Jes\u00fas Ortega Pantoja, en cumplimiento a lo ordenado por el Juzgado D\u00e9cimo de Distrito del Estado de Morelos, dentro del juicio de amparo 55\/2021<\/a><\/span><\/span><\/strong><\/td>\n<td width=\"203\"><strong><span style=\"text-decoration: underline\"><span style=\"color: #0000ff;text-decoration: underline\"><a style=\"color: #0000ff;text-decoration: underline\" href=\"https:\/\/cuernavaca.gob.mx\/dmer\/wp-content\/uploads\/2022\/06\/Exencion-Acuerdo-SO\uf022AC-89\uf02218-V-2022-a-traves-del-cual-se-concede-la-pension-por-jubilacion-.docx\" target=\"_blank\" rel=\"noopener\">Exenci\u00f3n AIR<\/a><\/span><\/span><\/strong><\/td>\n<\/tr>\n<\/tbody>\n<\/table>\n                <\/div>\r\n                        <div post_id=\"3370\" itemcount=\"48\" header_id=\"header-1655752015590\" id=\"header-1655752015590\" style=\"\" class=\"accordions-head head1655752015590 border-none\" toggle-text=\"\" main-text=\"Acuerdo SO\/AC-90\/18-V-2022 a trav\u00e9s del cual se concede la pensi\u00f3n por jubilaci\u00f3n a favor de la ciudadana Margarita Arizmendi Gonz\u00e1lez, en cumplimiento a lo ordenado por el Tribunal de Justicia Administrativa del Estado de Morelos, dentro del juicio administrativo TJA\/1\u00aaS\/349\/2019\">\r\n                                            <span id=\"accordion-icons-1655752015590\" class=\"accordion-icons\">\r\n                            <span class=\"accordion-icon-active accordion-plus\"><i class=\"fas fa-chevron-up\"><\/i><\/span>\r\n                            <span class=\"accordion-icon-inactive accordion-minus\"><i class=\"fas fa-chevron-right\"><\/i><\/span>\r\n                        <\/span>\r\n                        <span id=\"header-text-1655752015590\" class=\"accordions-head-title\">Acuerdo SO\/AC-90\/18-V-2022 a trav\u00e9s del cual se concede la pensi\u00f3n por jubilaci\u00f3n a favor de la ciudadana Margarita Arizmendi Gonz\u00e1lez, en cumplimiento a lo ordenado por el Tribunal de Justicia Administrativa del Estado de Morelos, dentro del juicio administrativo TJA\/1\u00aaS\/349\/2019<\/span>\r\n                                    <\/div>\r\n                <div class=\"accordion-content content1655752015590 \">\r\n                    <table width=\"1834\">\n<tbody>\n<tr>\n<td width=\"375\">Nombre de la Regulaci\u00f3n<\/td>\n<td width=\"263\">N\u00famero de Expediente<\/td>\n<td width=\"263\">Tipo de documeno<\/td>\n<td width=\"273\">Autoridad que la emite<\/td>\n<td width=\"240\">Autoridad o autoridades que la aplican<\/td>\n<td width=\"223\">Fecha en que ha sido actualizada<\/td>\n<td width=\"197\">Tipo de ordenamiento jur\u00eddico<\/td>\n<\/tr>\n<tr>\n<td width=\"375\">Acuerdo SO\/AC-90\/18-V-2022 a trav\u00e9s del cual se concede la pensi\u00f3n por jubilaci\u00f3n a favor de la ciudadana Margarita Arizmendi Gonz\u00e1lez, en cumplimiento a lo ordenado por el Tribunal de Justicia Administrativa del Estado de Morelos, dentro del juicio administrativo TJA\/1\u00aaS\/349\/2019<\/td>\n<td width=\"263\">SDEyT\/DMR\/10\/2022-SA<\/td>\n<td width=\"263\">Exenci\u00f3n de elaborar el AIR<\/td>\n<td width=\"273\">Secretar\u00eda del Ayuntamiento<\/td>\n<td width=\"240\">Secretaria de ayuntamiento<\/td>\n<td width=\"223\">02\/02\/2022<\/td>\n<td width=\"197\">Acuerdo<\/td>\n<\/tr>\n<\/tbody>\n<\/table>\n<table width=\"1651\">\n<tbody>\n<tr>\n<td width=\"215\">\u00c1mbito de aplicaci\u00f3n<\/td>\n<td width=\"211\">\u00cdndice de la Regulaci\u00f3n<\/td>\n<td width=\"221\">Objeto de la Regulaci\u00f3n<\/td>\n<td width=\"217\">Materia<\/td>\n<td width=\"237\">Sectores y sujetos regulados<\/td>\n<td width=\"227\">Tr\u00e1mites y Servicios relacionados con la Regulaci\u00f3n<\/td>\n<td width=\"323\">Identificaci\u00f3n de fundamentos jur\u00eddicos para la realizaci\u00f3n de inspecciones y visitas domiciliarias<\/td>\n<\/tr>\n<tr>\n<td width=\"215\">En el municipio de Cuernavaca<\/td>\n<td width=\"211\">Articulo del Primero al Tercero<\/td>\n<td width=\"221\">Se concede Pensi\u00f3n por Jubilaci\u00f3n a la ciudadana MARGARITA ARIZMENDI GONZALEZ, en cumplimiento a lo ordenado por el Tribunal de Justicia Administrativa del Estado de Morelos, dentro del Juicio Administrativo TJA\/1\u00aaS\/349\/2019, quien presta sus servicios en el Ayuntamiento\u00a0 de Cuernavaca, Morelos, desempe\u00f1ado como \u00faltimo cargo el de Polic\u00eda en la Direcci\u00f3n General de la Polic\u00eda Preventiva.<\/td>\n<td width=\"217\">Administrativa<\/td>\n<td width=\"237\">Interno en el Municipio<\/td>\n<td width=\"227\">Ninguno<\/td>\n<td width=\"323\">Ninguno<\/td>\n<\/tr>\n<\/tbody>\n<\/table>\n<table width=\"506\">\n<tbody>\n<tr>\n<td width=\"303\">Nombre de la Regulaci\u00f3n<\/td>\n<td width=\"203\">Tipo de documento<\/td>\n<\/tr>\n<tr>\n<td width=\"303\"><strong><span style=\"text-decoration: underline\"><span style=\"color: #0000ff;text-decoration: underline\"><a style=\"color: #0000ff;text-decoration: underline\" href=\"https:\/\/cuernavaca.gob.mx\/dmer\/wp-content\/uploads\/2022\/06\/90.-ACUERDO-SO-AC-90-1-V-2022.-PENSION-MARGARITA-ARIZMENDI.docx\" target=\"_blank\" rel=\"noopener\">Acuerdo SO\/AC-90\/18-V-2022 a trav\u00e9s del cual se concede la pensi\u00f3n por jubilaci\u00f3n a favor de la ciudadana Margarita Arizmendi Gonz\u00e1lez, en cumplimiento a lo ordenado por el Tribunal de Justicia Administrativa del Estado de Morelos, dentro del juicio administrativo TJA\/1\u00aaS\/349\/2019<\/a><\/span><\/span><\/strong><\/td>\n<td width=\"203\"><strong><span style=\"text-decoration: underline\"><span style=\"color: #0000ff\"><a style=\"color: #0000ff;text-decoration: underline\" href=\"https:\/\/cuernavaca.gob.mx\/dmer\/wp-content\/uploads\/2022\/06\/Exencion-Acuerdo-SO\uf022AC-90\uf02218-V-2022-a-traves-del-cual-se-concede-la-pension-.docx\" target=\"_blank\" rel=\"noopener\">Exenci\u00f3n AIR<\/a><\/span><\/span><\/strong><\/td>\n<\/tr>\n<\/tbody>\n<\/table>\n                <\/div>\r\n                        <div post_id=\"3370\" itemcount=\"49\" header_id=\"header-1655754595296\" id=\"header-1655754595296\" style=\"\" class=\"accordions-head head1655754595296 border-none\" toggle-text=\"\" main-text=\"Acuerdo SO\/AC-91\/18-V-2022 a trav\u00e9s del cual se concede la pensi\u00f3n por jubilaci\u00f3n a favor del ciudadano Bonifacio Corona Felicitas, en cumplimiento a lo ordenado por el Tribunal de Justicia Administrativa del Estado de Morelos, dentro del juicio administrativo TJA\/3\u00aaS\/175\/2019\">\r\n                                            <span id=\"accordion-icons-1655754595296\" class=\"accordion-icons\">\r\n                            <span class=\"accordion-icon-active accordion-plus\"><i class=\"fas fa-chevron-up\"><\/i><\/span>\r\n                            <span class=\"accordion-icon-inactive accordion-minus\"><i class=\"fas fa-chevron-right\"><\/i><\/span>\r\n                        <\/span>\r\n                        <span id=\"header-text-1655754595296\" class=\"accordions-head-title\">Acuerdo SO\/AC-91\/18-V-2022 a trav\u00e9s del cual se concede la pensi\u00f3n por jubilaci\u00f3n a favor del ciudadano Bonifacio Corona Felicitas, en cumplimiento a lo ordenado por el Tribunal de Justicia Administrativa del Estado de Morelos, dentro del juicio administrativo TJA\/3\u00aaS\/175\/2019<\/span>\r\n                                    <\/div>\r\n                <div class=\"accordion-content content1655754595296 \">\r\n                    <table width=\"1834\">\n<tbody>\n<tr>\n<td width=\"375\">Nombre de la Regulaci\u00f3n<\/td>\n<td width=\"263\">N\u00famero de Expediente<\/td>\n<td width=\"263\">Tipo de documeno<\/td>\n<td width=\"273\">Autoridad que la emite<\/td>\n<td width=\"240\">Autoridad o autoridades que la aplican<\/td>\n<td width=\"223\">Fecha en que ha sido actualizada<\/td>\n<td width=\"197\">Tipo de ordenamiento jur\u00eddico<\/td>\n<\/tr>\n<tr>\n<td width=\"375\">Acuerdo SO\/AC-91\/18-V-2022 a trav\u00e9s del cual se concede la pensi\u00f3n por jubilaci\u00f3n a favor del ciudadano Bonifacio Corona Felicitas, en cumplimiento a lo ordenado por el Tribunal de Justicia Administrativa del Estado de Morelos, dentro del juicio administrativo TJA\/3\u00aaS\/175\/2019<\/td>\n<td width=\"263\">SDEyT\/DMR\/10\/2022-SA<\/td>\n<td width=\"263\">Exenci\u00f3n de elaborar el AIR<\/td>\n<td width=\"273\">Secretar\u00eda del Ayuntamiento<\/td>\n<td width=\"240\">Secretaria de ayuntamiento<\/td>\n<td width=\"223\">02\/02\/2022<\/td>\n<td width=\"197\">Acuerdo<\/td>\n<\/tr>\n<\/tbody>\n<\/table>\n<table width=\"1651\">\n<tbody>\n<tr>\n<td width=\"215\">\u00c1mbito de aplicaci\u00f3n<\/td>\n<td width=\"211\">\u00cdndice de la Regulaci\u00f3n<\/td>\n<td width=\"221\">Objeto de la Regulaci\u00f3n<\/td>\n<td width=\"217\">Materia<\/td>\n<td width=\"237\">Sectores y sujetos regulados<\/td>\n<td width=\"227\">Tr\u00e1mites y Servicios relacionados con la Regulaci\u00f3n<\/td>\n<td width=\"323\">Identificaci\u00f3n de fundamentos jur\u00eddicos para la realizaci\u00f3n de inspecciones y visitas domiciliarias<\/td>\n<\/tr>\n<tr>\n<td width=\"215\">En el municipio de Cuernavaca<\/td>\n<td width=\"211\">Articulo del Primero al Tercero<\/td>\n<td width=\"221\">Se concede Pensi\u00f3n por Jubilaci\u00f3n al ciudadano BONIFACIO CORONA FELICITAS, en cumplimiento a lo ordenado por el Tribunal de Justicia Administrativa del Estado de Morelos, dentro del Juicio Administrativo TJA\/3\u00aaS\/175\/2020, quien presta sus servicios en el Ayuntamiento de Cuernavaca, Morelos, desempe\u00f1ado como \u00faltimo cargo el de Polic\u00eda Tercero en la Direcci\u00f3n General de la Polic\u00eda Preventiva.<\/td>\n<td width=\"217\">Administrativa<\/td>\n<td width=\"237\">Interno en el Municipio<\/td>\n<td width=\"227\">Ninguno<\/td>\n<td width=\"323\">Ninguno<\/td>\n<\/tr>\n<\/tbody>\n<\/table>\n<table width=\"506\">\n<tbody>\n<tr>\n<td width=\"303\">Nombre de la Regulaci\u00f3n<\/td>\n<td width=\"203\">Tipo de documento<\/td>\n<\/tr>\n<tr>\n<td width=\"303\"><strong><span style=\"text-decoration: underline\"><a href=\"https:\/\/cuernavaca.gob.mx\/dmer\/wp-content\/uploads\/2022\/06\/91.-ACUERDO-SO-AC-91-18-V-2022.-PENSION-BONIFACIO-CORONA..docx\" target=\"_blank\" rel=\"noopener\">Acuerdo SO\/AC-91\/18-V-2022 a trav\u00e9s del cual se concede la pensi\u00f3n por jubilaci\u00f3n a favor del ciudadano Bonifacio Corona Felicitas, en cumplimiento a lo ordenado por el Tribunal de Justicia Administrativa del Estado de Morelos, dentro del juicio administrativo TJA\/3\u00aaS\/175\/2019<\/a><\/span><\/strong><\/td>\n<td width=\"203\"><strong><span style=\"text-decoration: underline\"><span style=\"color: #0000ff;text-decoration: underline\"><a style=\"color: #0000ff;text-decoration: underline\" href=\"https:\/\/cuernavaca.gob.mx\/dmer\/wp-content\/uploads\/2022\/06\/Exencion-Acuerdo-SO\uf022AC-91\uf02218-V-2022-a-traves-del-cual-se-concede-la-pension-.docx\" target=\"_blank\" rel=\"noopener\">Exenci\u00f3n AIR<\/a><\/span><\/span><\/strong><\/td>\n<\/tr>\n<\/tbody>\n<\/table>\n                <\/div>\r\n                        <div post_id=\"3370\" itemcount=\"50\" header_id=\"header-1655754821086\" id=\"header-1655754821086\" style=\"\" class=\"accordions-head head1655754821086 border-none\" toggle-text=\"\" main-text=\"Acuerdo SO\/AC-92\/18-V-2022 a trav\u00e9s del cual se autoriza el Reglamento Interior de la Secretar\u00eda de Desarrollo Econ\u00f3mico y Turismo del Municipio de Cuernavaca\">\r\n                                            <span id=\"accordion-icons-1655754821086\" class=\"accordion-icons\">\r\n                            <span class=\"accordion-icon-active accordion-plus\"><i class=\"fas fa-chevron-up\"><\/i><\/span>\r\n                            <span class=\"accordion-icon-inactive accordion-minus\"><i class=\"fas fa-chevron-right\"><\/i><\/span>\r\n                        <\/span>\r\n                        <span id=\"header-text-1655754821086\" class=\"accordions-head-title\">Acuerdo SO\/AC-92\/18-V-2022 a trav\u00e9s del cual se autoriza el Reglamento Interior de la Secretar\u00eda de Desarrollo Econ\u00f3mico y Turismo del Municipio de Cuernavaca<\/span>\r\n                                    <\/div>\r\n                <div class=\"accordion-content content1655754821086 \">\r\n                    <table width=\"1834\">\n<tbody>\n<tr>\n<td width=\"375\">Nombre de la Regulaci\u00f3n<\/td>\n<td width=\"263\">N\u00famero de Expediente<\/td>\n<td width=\"263\">Tipo de documeno<\/td>\n<td width=\"273\">Autoridad que la emite<\/td>\n<td width=\"240\">Autoridad o autoridades que la aplican<\/td>\n<td width=\"223\">Fecha en que ha sido actualizada<\/td>\n<td width=\"197\">Tipo de ordenamiento jur\u00eddico<\/td>\n<\/tr>\n<tr>\n<td width=\"375\">Acuerdo SO\/AC-92\/18-V-2022 a trav\u00e9s del cual se autoriza el Reglamento Interior de la Secretar\u00eda de Desarrollo Econ\u00f3mico y Turismo del Municipio de Cuernavaca<\/td>\n<td>SDEyT\/DMR\/10\/2022-SA<\/td>\n<td width=\"263\">Exenci\u00f3n de elaborar el AIR<\/td>\n<td width=\"273\">Secretar\u00eda del Ayuntamiento<\/td>\n<td width=\"240\">Secretaria de ayuntamiento<\/td>\n<td width=\"223\">02\/02\/2022<\/td>\n<td width=\"197\">Acuerdo<\/td>\n<\/tr>\n<\/tbody>\n<\/table>\n<table width=\"1651\">\n<tbody>\n<tr>\n<td width=\"215\">\u00c1mbito de aplicaci\u00f3n<\/td>\n<td width=\"211\">\u00cdndice de la Regulaci\u00f3n<\/td>\n<td width=\"221\">Objeto de la Regulaci\u00f3n<\/td>\n<td width=\"217\">Materia<\/td>\n<td width=\"237\">Sectores y sujetos regulados<\/td>\n<td width=\"227\">Tr\u00e1mites y Servicios relacionados con la Regulaci\u00f3n<\/td>\n<td width=\"323\">Identificaci\u00f3n de fundamentos jur\u00eddicos para la realizaci\u00f3n de inspecciones y visitas domiciliarias<\/td>\n<\/tr>\n<tr>\n<td width=\"215\">En el municipio de Cuernavaca<\/td>\n<td width=\"211\">Articulo del Primero al Tercero<\/td>\n<td width=\"221\">Rem\u00edtase el presente Reglamento al Presidente Municipal de Cuernavaca, para los efectos de lo dispuesto por los art\u00edculos 41, fracci\u00f3n I, y 64 de la Ley Org\u00e1nica Municipal del Estado de Morelos. Asimismo, deber\u00e1 publicarse en la Gaceta Municipal, en t\u00e9rminos de los art\u00edculos 38, fracci\u00f3n L, y el citado 64 de la misma Ley Org\u00e1nica Municipal.<\/td>\n<td width=\"217\">Administrativa<\/td>\n<td width=\"237\">Interno en el Municipio<\/td>\n<td width=\"227\">Ninguno<\/td>\n<td width=\"323\">Ninguno<\/td>\n<\/tr>\n<\/tbody>\n<\/table>\n<table width=\"506\">\n<tbody>\n<tr>\n<td width=\"303\">Nombre de la Regulaci\u00f3n<\/td>\n<td width=\"203\">Tipo de documento<\/td>\n<\/tr>\n<tr>\n<td width=\"303\"><span style=\"color: #0000ff\"><strong><span style=\"text-decoration: underline\"><a style=\"color: #0000ff;text-decoration: underline\" href=\"https:\/\/cuernavaca.gob.mx\/dmer\/wp-content\/uploads\/2022\/06\/92.-ACUERDO-SO-AC-92-18-V-2022.-REGLAMENTO-INTERNO-DESARROLLO-ECONOMICO.docx\" target=\"_blank\" rel=\"noopener\">Acuerdo SO\/AC-92\/18-V-2022 a trav\u00e9s del cual se autoriza el Reglamento Interior de la Secretar\u00eda de Desarrollo Econ\u00f3mico y Turismo del Municipio de Cuernavaca<\/a><\/span><\/strong><\/span><\/td>\n<td width=\"203\"><strong><span style=\"text-decoration: underline\"><a href=\"https:\/\/cuernavaca.gob.mx\/dmer\/wp-content\/uploads\/2022\/06\/Exencion-Acuerdo-SO\uf022AC-92\uf02218-V-2022-a-traves-del-cual-se-autoriza-el-Reglamento-Interior-de-la-Secretaria-de-Desarrollo-Economico.docx\" target=\"_blank\" rel=\"noopener\">Exenci\u00f3n AIR<\/a><\/span><\/strong><\/td>\n<\/tr>\n<\/tbody>\n<\/table>\n                <\/div>\r\n                        <div post_id=\"3370\" itemcount=\"51\" header_id=\"header-1655921164783\" id=\"header-1655921164783\" style=\"\" class=\"accordions-head head1655921164783 border-none\" toggle-text=\"\" main-text=\"Acuerdo SE\/AC-93\/30-V-2022 a trav\u00e9s del cual se aprueba el corte de caja del Ayuntamiento de Cuernavaca, correspondiente al mes de abril del a\u00f1o 2022, lo anterior con fundamento en lo dispuesto por el art\u00edculo 82 fracci\u00f3n XI de la Ley Org\u00e1nica Municipal del Estado de Morelos\">\r\n                                            <span id=\"accordion-icons-1655921164783\" class=\"accordion-icons\">\r\n                            <span class=\"accordion-icon-active accordion-plus\"><i class=\"fas fa-chevron-up\"><\/i><\/span>\r\n                            <span class=\"accordion-icon-inactive accordion-minus\"><i class=\"fas fa-chevron-right\"><\/i><\/span>\r\n                        <\/span>\r\n                        <span id=\"header-text-1655921164783\" class=\"accordions-head-title\">Acuerdo SE\/AC-93\/30-V-2022 a trav\u00e9s del cual se aprueba el corte de caja del Ayuntamiento de Cuernavaca, correspondiente al mes de abril del a\u00f1o 2022, lo anterior con fundamento en lo dispuesto por el art\u00edculo 82 fracci\u00f3n XI de la Ley Org\u00e1nica Municipal del Estado de Morelos<\/span>\r\n                                    <\/div>\r\n                <div class=\"accordion-content content1655921164783 \">\r\n                    <table width=\"1834\">\n<tbody>\n<tr>\n<td width=\"375\">Nombre de la Regulaci\u00f3n<\/td>\n<td width=\"263\">N\u00famero de Expediente<\/td>\n<td width=\"263\">Tipo de documeno<\/td>\n<td width=\"273\">Autoridad que la emite<\/td>\n<td width=\"240\">Autoridad o autoridades que la aplican<\/td>\n<td width=\"223\">Fecha en que ha sido actualizada<\/td>\n<td width=\"197\">Tipo de ordenamiento jur\u00eddico<\/td>\n<\/tr>\n<tr>\n<td width=\"375\">Acuerdo SE\/AC-93\/30-V-2022 a trav\u00e9s del cual se aprueba el corte de caja del Ayuntamiento de Cuernavaca, correspondiente al mes de abril del a\u00f1o 2022, lo anterior con fundamento en lo dispuesto por el art\u00edculo 82 fracci\u00f3n XI de la Ley Org\u00e1nica Municipal del Estado de Morelos<\/td>\n<td>SDEyT\/DMR\/AIR\/093\/2022<\/td>\n<td width=\"263\">Exenci\u00f3n de elaborar el AIR<\/td>\n<td width=\"273\">Secretar\u00eda del Ayuntamiento<\/td>\n<td width=\"240\">Secretaria de ayuntamiento<\/td>\n<td width=\"223\">01\/01\/2022<\/td>\n<td width=\"197\">Acuerdo<\/td>\n<\/tr>\n<\/tbody>\n<\/table>\n<table width=\"1651\">\n<tbody>\n<tr>\n<td width=\"215\">\u00c1mbito de aplicaci\u00f3n<\/td>\n<td width=\"211\">\u00cdndice de la Regulaci\u00f3n<\/td>\n<td width=\"221\">Objeto de la Regulaci\u00f3n<\/td>\n<td width=\"217\">Materia<\/td>\n<td width=\"237\">Sectores y sujetos regulados<\/td>\n<td width=\"227\">Tr\u00e1mites y Servicios relacionados con la Regulaci\u00f3n<\/td>\n<td width=\"323\">Identificaci\u00f3n de fundamentos jur\u00eddicos para la realizaci\u00f3n de inspecciones y visitas domiciliarias<\/td>\n<\/tr>\n<tr>\n<td width=\"215\">En el municipio de Cuernavaca<\/td>\n<td width=\"211\">Articulo del Primero al Noveno<\/td>\n<td width=\"221\">Con la finalidad de mantener unas finanzas sanas en el Municipio de Cuernavaca, se autorizan las adecuaciones (ampliaci\u00f3n, reducci\u00f3n y transferencias) presupuestales efectuadas por cada Secretar\u00eda entre sus respectivas cuentas y proyectos en el mes de Abril de 2022, por un monto de $185,926,806.25 (CIENTO OCHENTA Y CINCO MILLONES NOVECIENTOS VEINTISEIS MIL OCHOCIENTOS SEIS PESOS 25\/100 M.N.).<\/td>\n<td width=\"217\">Administrativa<\/td>\n<td width=\"237\">Interno en el Municipio<\/td>\n<td width=\"227\">Ninguno<\/td>\n<td width=\"323\">Ninguno<\/td>\n<\/tr>\n<\/tbody>\n<\/table>\n<table width=\"506\">\n<tbody>\n<tr>\n<td width=\"303\">Nombre de la Regulaci\u00f3n<\/td>\n<td width=\"203\">Tipo de documento<\/td>\n<\/tr>\n<tr>\n<td width=\"303\"><span style=\"text-decoration: underline;color: #0000ff\"><strong><a style=\"color: #0000ff;text-decoration: underline\" href=\"https:\/\/cuernavaca.gob.mx\/dmer\/wp-content\/uploads\/2022\/06\/93.-ACUERDO-SE-AC-93-30-V-2022.-CORTE-DE-CAJA-ABRIL-2022-1.docx\" target=\"_blank\" rel=\"noopener\">Acuerdo SE\/AC-93\/30-V-2022 a trav\u00e9s del cual se aprueba el corte de caja del Ayuntamiento de Cuernavaca, correspondiente al mes de abril del a\u00f1o 2022, lo anterior con fundamento en lo dispuesto por el art\u00edculo 82 fracci\u00f3n XI de la Ley Org\u00e1nica Municipal del Estado de Morelos<\/a><\/strong><\/span><\/td>\n<td width=\"203\"><strong><span style=\"text-decoration: underline\"><span style=\"color: #0000ff;text-decoration: underline\"><a style=\"color: #0000ff;text-decoration: underline\" href=\"https:\/\/cuernavaca.gob.mx\/dmer\/wp-content\/uploads\/2022\/06\/Exencion-Acuerdo-SO\uf022AC-93\uf02218-V-2022-a-traves-del-cual-se-autoriza-el-Reglamento-Interior-de-la-Secretaria-de-Desarrollo-Economico.docx\" target=\"_blank\" rel=\"noopener\">Exenci\u00f3n AIR<\/a><\/span><\/span><\/strong><\/td>\n<\/tr>\n<\/tbody>\n<\/table>\n                <\/div>\r\n                        <div post_id=\"3370\" itemcount=\"52\" header_id=\"header-1655996644704\" id=\"header-1655996644704\" style=\"\" class=\"accordions-head head1655996644704 border-none\" toggle-text=\"\" main-text=\"Acuerdo SO\/AC-94\/01-VI-2022 a trav\u00e9s del cual se autoriza la distribuci\u00f3n del FAEDE Estatal 2022, realizada y aprobada por el Consejo Municipal de Desarrollo Rural Sustentable del Municipio de Cuernavaca\">\r\n                                            <span id=\"accordion-icons-1655996644704\" class=\"accordion-icons\">\r\n                            <span class=\"accordion-icon-active accordion-plus\"><i class=\"fas fa-chevron-up\"><\/i><\/span>\r\n                            <span class=\"accordion-icon-inactive accordion-minus\"><i class=\"fas fa-chevron-right\"><\/i><\/span>\r\n                        <\/span>\r\n                        <span id=\"header-text-1655996644704\" class=\"accordions-head-title\">Acuerdo SO\/AC-94\/01-VI-2022 a trav\u00e9s del cual se autoriza la distribuci\u00f3n del FAEDE Estatal 2022, realizada y aprobada por el Consejo Municipal de Desarrollo Rural Sustentable del Municipio de Cuernavaca<\/span>\r\n                                    <\/div>\r\n                <div class=\"accordion-content content1655996644704 \">\r\n                    <table width=\"1834\">\n<tbody>\n<tr>\n<td width=\"375\">Nombre de la Regulaci\u00f3n<\/td>\n<td width=\"263\">N\u00famero de Expediente<\/td>\n<td width=\"263\">Tipo de documeno<\/td>\n<td width=\"273\">Autoridad que la emite<\/td>\n<td width=\"240\">Autoridad o autoridades que la aplican<\/td>\n<td width=\"223\">Fecha en que ha sido actualizada<\/td>\n<td width=\"197\">Tipo de ordenamiento jur\u00eddico<\/td>\n<\/tr>\n<tr>\n<td width=\"375\">Acuerdo SO\/AC-94\/01-VI-2022 a trav\u00e9s del cual se autoriza la distribuci\u00f3n del FAEDE Estatal 2022, realizada y aprobada por el Consejo Municipal de Desarrollo Rural Sustentable del Municipio de Cuernavaca<\/td>\n<td width=\"263\">SDEyT\/DMR\/AIR\/094\/2022<\/td>\n<td width=\"263\">Exenci\u00f3n de elaborar el AIR<\/td>\n<td width=\"273\">Secretar\u00eda del Ayuntamiento<\/td>\n<td width=\"240\">Secretaria de ayuntamiento<\/td>\n<td width=\"223\">02\/02\/2022<\/td>\n<td width=\"197\">Acuerdo<\/td>\n<\/tr>\n<\/tbody>\n<\/table>\n<table width=\"1651\">\n<tbody>\n<tr>\n<td width=\"215\">\u00c1mbito de aplicaci\u00f3n<\/td>\n<td width=\"211\">\u00cdndice de la Regulaci\u00f3n<\/td>\n<td width=\"221\">Objeto de la Regulaci\u00f3n<\/td>\n<td width=\"217\">Materia<\/td>\n<td width=\"237\">Sectores y sujetos regulados<\/td>\n<td width=\"227\">Tr\u00e1mites y Servicios relacionados con la Regulaci\u00f3n<\/td>\n<td width=\"323\">Identificaci\u00f3n de fundamentos jur\u00eddicos para la realizaci\u00f3n de inspecciones y visitas domiciliarias<\/td>\n<\/tr>\n<tr>\n<td width=\"215\">En el municipio de Cuernavaca<\/td>\n<td width=\"211\">Articulo del Primero al Segundo<\/td>\n<td width=\"221\">Se autoriza la modificaci\u00f3n del recurso FAEDE en los t\u00e9rminos que a continuaci\u00f3n se establecen: Distribuci\u00f3n de recursos FAEDE Estatal 2022, por un monto de 4\u2019744,560.00 (cuatro millones setecientos cuarenta y cuatro mil quinientos sesenta pesos 00\/100 M.N.)<\/td>\n<td width=\"217\">Administrativa<\/td>\n<td width=\"237\">Interno en el Municipio<\/td>\n<td width=\"227\">Ninguno<\/td>\n<td width=\"323\">Ninguno<\/td>\n<\/tr>\n<\/tbody>\n<\/table>\n<table width=\"506\">\n<tbody>\n<tr>\n<td width=\"303\">Nombre de la Regulaci\u00f3n<\/td>\n<td width=\"203\">Tipo de documento<\/td>\n<\/tr>\n<tr>\n<td width=\"303\"><strong><span style=\"text-decoration: underline\"><span style=\"color: #0000ff\"><a style=\"color: #0000ff;text-decoration: underline\" href=\"https:\/\/cuernavaca.gob.mx\/dmer\/wp-content\/uploads\/2022\/06\/94.-ACUERDO-SO-AC-94-01-VI-2022.-PRESUPUESTO-FAEDE-2022.docx\" target=\"_blank\" rel=\"noopener\">Acuerdo SO\/AC-94\/01-VI-2022 a trav\u00e9s del cual se autoriza la distribuci\u00f3n del FAEDE Estatal 2022, realizada y aprobada por el Consejo Municipal de Desarrollo Rural Sustentable del Municipio de Cuernavaca<\/a><\/span><\/span><\/strong><\/td>\n<td width=\"203\"><strong><span style=\"text-decoration: underline\"><span style=\"color: #0000ff;text-decoration: underline\"><a style=\"color: #0000ff;text-decoration: underline\" href=\"https:\/\/cuernavaca.gob.mx\/dmer\/wp-content\/uploads\/2022\/06\/Exencion-Acuerdo-SO\uf022AC-94\uf02218-V-2022-a-traves-del-cual-se-autoriza-el-Reglamento-Interior-de-la-Secretaria-de-Desarrollo-Economico.docx\" target=\"_blank\" rel=\"noopener\">Exenci\u00f3n AIR<\/a><\/span><\/span><\/strong><\/td>\n<\/tr>\n<\/tbody>\n<\/table>\n                <\/div>\r\n                        <div post_id=\"3370\" itemcount=\"53\" header_id=\"header-1655997012193\" id=\"header-1655997012193\" style=\"\" class=\"accordions-head head1655997012193 border-none\" toggle-text=\"\" main-text=\"Acuerdo SO\/AC-95\/01-VI-2022 a trav\u00e9s del cual se concede pensi\u00f3n por jubilaci\u00f3n correspondiente a su nueva jerarqu\u00eda inmediata superior al ciudadano Dionicio Leyva Basave, en cumplimiento a lo ordenado por el Tribunal de Justicia Administrativa del Estado de Morelos, dentro del juicio administrativo TJA\/2\u00aas\/350\/2019\">\r\n                                            <span id=\"accordion-icons-1655997012193\" class=\"accordion-icons\">\r\n                            <span class=\"accordion-icon-active accordion-plus\"><i class=\"fas fa-chevron-up\"><\/i><\/span>\r\n                            <span class=\"accordion-icon-inactive accordion-minus\"><i class=\"fas fa-chevron-right\"><\/i><\/span>\r\n                        <\/span>\r\n                        <span id=\"header-text-1655997012193\" class=\"accordions-head-title\">Acuerdo SO\/AC-95\/01-VI-2022 a trav\u00e9s del cual se concede pensi\u00f3n por jubilaci\u00f3n correspondiente a su nueva jerarqu\u00eda inmediata superior al ciudadano Dionicio Leyva Basave, en cumplimiento a lo ordenado por el Tribunal de Justicia Administrativa del Estado de Morelos, dentro del juicio administrativo TJA\/2\u00aas\/350\/2019<\/span>\r\n                                    <\/div>\r\n                <div class=\"accordion-content content1655997012193 \">\r\n                    <table width=\"1834\">\n<tbody>\n<tr>\n<td width=\"375\">Nombre de la Regulaci\u00f3n<\/td>\n<td width=\"263\">N\u00famero de Expediente<\/td>\n<td width=\"263\">Tipo de documeno<\/td>\n<td width=\"273\">Autoridad que la emite<\/td>\n<td width=\"240\">Autoridad o autoridades que la aplican<\/td>\n<td width=\"223\">Fecha en que ha sido actualizada<\/td>\n<td width=\"197\">Tipo de ordenamiento jur\u00eddico<\/td>\n<\/tr>\n<tr>\n<td width=\"375\">Acuerdo SO\/AC-95\/01-VI-2022 a trav\u00e9s del cual se concede pensi\u00f3n por jubilaci\u00f3n correspondiente a su nueva jerarqu\u00eda inmediata superior al ciudadano Dionicio Leyva Basave, en cumplimiento a lo ordenado por el Tribunal de Justicia Administrativa del Estado de Morelos, dentro del juicio administrativo TJA\/2\u00aas\/350\/2019<\/td>\n<td width=\"263\">SDEyT\/DMR\/AIR\/095<\/td>\n<td width=\"263\">Exenci\u00f3n de elaborar el AIR<\/td>\n<td width=\"273\">Secretar\u00eda del Ayuntamiento<\/td>\n<td width=\"240\">Secretaria de ayuntamiento<\/td>\n<td width=\"223\">02\/02\/2022<\/td>\n<td width=\"197\">Acuerdo<\/td>\n<\/tr>\n<\/tbody>\n<\/table>\n<table width=\"1651\">\n<tbody>\n<tr>\n<td width=\"215\">\u00c1mbito de aplicaci\u00f3n<\/td>\n<td width=\"211\">\u00cdndice de la Regulaci\u00f3n<\/td>\n<td width=\"221\">Objeto de la Regulaci\u00f3n<\/td>\n<td width=\"217\">Materia<\/td>\n<td width=\"237\">Sectores y sujetos regulados<\/td>\n<td width=\"227\">Tr\u00e1mites y Servicios relacionados con la Regulaci\u00f3n<\/td>\n<td width=\"323\">Identificaci\u00f3n de fundamentos jur\u00eddicos para la realizaci\u00f3n de inspecciones y visitas domiciliarias<\/td>\n<\/tr>\n<tr>\n<td width=\"215\">En el municipio de Cuernavaca<\/td>\n<td width=\"211\">Articulo del Primero al Tercero<\/td>\n<td width=\"221\">Se concede Pensi\u00f3n por Jubilaci\u00f3n y Jerarqu\u00eda Inmediata Superior al ciudadano DIONICIO LEYVA BASAVE, quien ha prest\u00f3 sus servicios en el Ayuntamiento de Cuernavaca, Morelos, en donde desempe\u00f1\u00f3 como \u00faltimo cargo el de: Polic\u00eda Tercero en la Subsecretar\u00eda de Polic\u00eda Preventiva, por lo que se considerar\u00e1 como \u00faltimo cargo el de POLIC\u00cdA SEGUNDO, en cumplimiento a la resoluci\u00f3n definitiva dictada en el expediente TJA\/2\u00aaS\/350\/2019.<\/td>\n<td width=\"217\">Administrativa<\/td>\n<td width=\"237\">Interno en el Municipio<\/td>\n<td width=\"227\">Ninguno<\/td>\n<td width=\"323\">Ninguno<\/td>\n<\/tr>\n<\/tbody>\n<\/table>\n<table width=\"506\">\n<tbody>\n<tr>\n<td width=\"303\">Nombre de la Regulaci\u00f3n<\/td>\n<td width=\"203\">Tipo de documento<\/td>\n<\/tr>\n<tr>\n<td width=\"303\"><strong><span style=\"text-decoration: underline\"><span style=\"color: #0000ff;text-decoration: underline\"><a style=\"color: #0000ff;text-decoration: underline\" href=\"https:\/\/cuernavaca.gob.mx\/dmer\/wp-content\/uploads\/2022\/06\/95.-ACUERDO-SO-AC-95-01-VI-2022.-PENSION-DIONICIO-LEYVA.docx\" target=\"_blank\" rel=\"noopener\">Acuerdo SO\/AC-95\/01-VI-2022 a trav\u00e9s del cual se concede pensi\u00f3n por jubilaci\u00f3n correspondiente a su nueva jerarqu\u00eda inmediata superior al ciudadano Dionicio Leyva Basave, en cumplimiento a lo ordenado por el Tribunal de Justicia Administrativa del Estado de Morelos, dentro del juicio administrativo TJA\/2\u00aas\/350\/2019<\/a><\/span><\/span><\/strong><\/td>\n<td width=\"203\"><strong><span style=\"text-decoration: underline\"><span style=\"color: #0000ff;text-decoration: underline\"><a style=\"color: #0000ff;text-decoration: underline\" href=\"https:\/\/cuernavaca.gob.mx\/dmer\/wp-content\/uploads\/2022\/06\/Exencion-Acuerdo-SO\uf022AC-95\uf02218-V-2022-a-traves-del-cual-se-autoriza-el-Reglamento-Interior-de-la-Secretaria-de-Desarrollo-Economico.docx\" target=\"_blank\" rel=\"noopener\">Exenci\u00f3n AIR<\/a><\/span><\/span><\/strong><\/td>\n<\/tr>\n<\/tbody>\n<\/table>\n                <\/div>\r\n                        <div post_id=\"3370\" itemcount=\"54\" header_id=\"header-1655997335970\" id=\"header-1655997335970\" style=\"\" class=\"accordions-head head1655997335970 border-none\" toggle-text=\"\" main-text=\"Acuerdo SO\/AC-96\/01-VI-2022 a trav\u00e9s del cual se concede pensi\u00f3n por jubilaci\u00f3n al ciudadano Francisco Alday Contreras, en cumplimiento a lo ordenado por el Tribunal de Justicia Administrativa del Estado de Morelos, dentro del juicio administrativo TJA\/2\u00aaS\/226\/2020\">\r\n                                            <span id=\"accordion-icons-1655997335970\" class=\"accordion-icons\">\r\n                            <span class=\"accordion-icon-active accordion-plus\"><i class=\"fas fa-chevron-up\"><\/i><\/span>\r\n                            <span class=\"accordion-icon-inactive accordion-minus\"><i class=\"fas fa-chevron-right\"><\/i><\/span>\r\n                        <\/span>\r\n                        <span id=\"header-text-1655997335970\" class=\"accordions-head-title\">Acuerdo SO\/AC-96\/01-VI-2022 a trav\u00e9s del cual se concede pensi\u00f3n por jubilaci\u00f3n al ciudadano Francisco Alday Contreras, en cumplimiento a lo ordenado por el Tribunal de Justicia Administrativa del Estado de Morelos, dentro del juicio administrativo TJA\/2\u00aaS\/226\/2020<\/span>\r\n                                    <\/div>\r\n                <div class=\"accordion-content content1655997335970 \">\r\n                    <table width=\"1834\">\n<tbody>\n<tr>\n<td width=\"375\">Nombre de la Regulaci\u00f3n<\/td>\n<td width=\"263\">N\u00famero de Expediente<\/td>\n<td width=\"263\">Tipo de documeno<\/td>\n<td width=\"273\">Autoridad que la emite<\/td>\n<td width=\"240\">Autoridad o autoridades que la aplican<\/td>\n<td width=\"223\">Fecha en que ha sido actualizada<\/td>\n<td width=\"197\">Tipo de ordenamiento jur\u00eddico<\/td>\n<\/tr>\n<tr>\n<td width=\"375\">Acuerdo SO\/AC-96\/01-VI-2022 a trav\u00e9s del cual se concede pensi\u00f3n por jubilaci\u00f3n al ciudadano Francisco Alday Contreras, en cumplimiento a lo ordenado por el Tribunal de Justicia Administrativa del Estado de Morelos, dentro del juicio administrativo TJA\/2\u00aaS\/226\/2020<\/td>\n<td width=\"263\">SDEyT\/DMR\/AIR\/096\/2022<\/td>\n<td width=\"263\">Exenci\u00f3n de elaborar el AIR<\/td>\n<td width=\"273\">Secretar\u00eda del Ayuntamiento<\/td>\n<td width=\"240\">Secretaria de ayuntamiento<\/td>\n<td width=\"223\">02\/02\/2022<\/td>\n<td width=\"197\">Acuerdo<\/td>\n<\/tr>\n<\/tbody>\n<\/table>\n<table width=\"1651\">\n<tbody>\n<tr>\n<td width=\"215\">\u00c1mbito de aplicaci\u00f3n<\/td>\n<td width=\"211\">\u00cdndice de la Regulaci\u00f3n<\/td>\n<td width=\"221\">Objeto de la Regulaci\u00f3n<\/td>\n<td width=\"217\">Materia<\/td>\n<td width=\"237\">Sectores y sujetos regulados<\/td>\n<td width=\"227\">Tr\u00e1mites y Servicios relacionados con la Regulaci\u00f3n<\/td>\n<td width=\"323\">Identificaci\u00f3n de fundamentos jur\u00eddicos para la realizaci\u00f3n de inspecciones y visitas domiciliarias<\/td>\n<\/tr>\n<tr>\n<td width=\"215\">En el municipio de Cuernavaca<\/td>\n<td width=\"211\">Articulo del Primero al Tercero<\/td>\n<td width=\"221\">Se concede Pensi\u00f3n por Jubilaci\u00f3n al ciudadano FRANCISCO ALDAY CONTRERAS, en cumplimiento a lo ordenado por el Tribunal de Justicia Administrativa del Estado de Morelos, dentro del Juicio Administrativo TJA\/2\u00aaS\/226\/2020, quien presta sus servicios en el Ayuntamiento de Cuernavaca, Morelos, desempe\u00f1ando como \u00faltimo cargo el de Polic\u00eda UR en la Direcci\u00f3n General de la Polic\u00eda Preventiva.<\/td>\n<td width=\"217\">Administrativa<\/td>\n<td width=\"237\">Interno en el Municipio<\/td>\n<td width=\"227\">Ninguno<\/td>\n<td width=\"323\">Ninguno<\/td>\n<\/tr>\n<\/tbody>\n<\/table>\n<table width=\"506\">\n<tbody>\n<tr>\n<td width=\"303\">Nombre de la Regulaci\u00f3n<\/td>\n<td width=\"203\">Tipo de documento<\/td>\n<\/tr>\n<tr>\n<td width=\"303\"><strong><span style=\"text-decoration: underline\"><span style=\"color: #0000ff;text-decoration: underline\"><a style=\"color: #0000ff;text-decoration: underline\" href=\"https:\/\/cuernavaca.gob.mx\/dmer\/wp-content\/uploads\/2022\/06\/96.-ACUERDO-SO-AC-96-01-VI-2022.-PENSION-FRANCISCO-ALDAY.docx\" target=\"_blank\" rel=\"noopener\">Acuerdo SO\/AC-96\/01-VI-2022 a trav\u00e9s del cual se concede pensi\u00f3n por jubilaci\u00f3n al ciudadano Francisco Alday Contreras, en cumplimiento a lo ordenado por el Tribunal de Justicia Administrativa del Estado de Morelos, dentro del juicio administrativo TJA\/2\u00aaS\/226\/2020<\/a><\/span><\/span><\/strong><\/td>\n<td width=\"203\"><strong><span style=\"text-decoration: underline\"><span style=\"color: #0000ff;text-decoration: underline\"><a style=\"color: #0000ff;text-decoration: underline\" href=\"https:\/\/cuernavaca.gob.mx\/dmer\/wp-content\/uploads\/2022\/06\/Exencion-Acuerdo-SO\uf022AC-96\uf02218-V-2022-a-traves-del-cual-se-autoriza-el-Reglamento-Interior-de-la-Secretaria-de-Desarrollo-Economico.docx\" target=\"_blank\" rel=\"noopener\">Exenci\u00f3n AIR<\/a><\/span><\/span><\/strong><\/td>\n<\/tr>\n<\/tbody>\n<\/table>\n                <\/div>\r\n                        <div post_id=\"3370\" itemcount=\"55\" header_id=\"header-1655997734441\" id=\"header-1655997734441\" style=\"\" class=\"accordions-head head1655997734441 border-none\" toggle-text=\"\" main-text=\"Acuerdo SO\/AC-97\/01-VI-2022 a trav\u00e9s del cual se concede pensi\u00f3n por jubilaci\u00f3n al ciudadano Jos\u00e9 Luis Giles Ortiz, en cumplimiento a lo ordenado por el Tribunal de Justicia Administrativa del Estado de Morelos, dentro del juicio administrativo TJA\/3\u00aaS\/170\/2020\">\r\n                                            <span id=\"accordion-icons-1655997734441\" class=\"accordion-icons\">\r\n                            <span class=\"accordion-icon-active accordion-plus\"><i class=\"fas fa-chevron-up\"><\/i><\/span>\r\n                            <span class=\"accordion-icon-inactive accordion-minus\"><i class=\"fas fa-chevron-right\"><\/i><\/span>\r\n                        <\/span>\r\n                        <span id=\"header-text-1655997734441\" class=\"accordions-head-title\">Acuerdo SO\/AC-97\/01-VI-2022 a trav\u00e9s del cual se concede pensi\u00f3n por jubilaci\u00f3n al ciudadano Jos\u00e9 Luis Giles Ortiz, en cumplimiento a lo ordenado por el Tribunal de Justicia Administrativa del Estado de Morelos, dentro del juicio administrativo TJA\/3\u00aaS\/170\/2020<\/span>\r\n                                    <\/div>\r\n                <div class=\"accordion-content content1655997734441 \">\r\n                    <table width=\"1834\">\n<tbody>\n<tr>\n<td width=\"375\">Nombre de la Regulaci\u00f3n<\/td>\n<td width=\"263\">N\u00famero de Expediente<\/td>\n<td width=\"263\">Tipo de documeno<\/td>\n<td width=\"273\">Autoridad que la emite<\/td>\n<td width=\"240\">Autoridad o autoridades que la aplican<\/td>\n<td width=\"223\">Fecha en que ha sido actualizada<\/td>\n<td width=\"197\">Tipo de ordenamiento jur\u00eddico<\/td>\n<\/tr>\n<tr>\n<td width=\"375\">Acuerdo SO\/AC-97\/01-VI-2022 a trav\u00e9s del cual se concede pensi\u00f3n por jubilaci\u00f3n al ciudadano Jos\u00e9 Luis Giles Ortiz, en cumplimiento a lo ordenado por el Tribunal de Justicia Administrativa del Estado de Morelos, dentro del juicio administrativo TJA\/3\u00aaS\/170\/2020<\/td>\n<td width=\"263\">SDEyT\/DMR\/AIR\/097\/2022<\/td>\n<td width=\"263\">Exenci\u00f3n de elaborar el AIR<\/td>\n<td width=\"273\">Secretar\u00eda del Ayuntamiento<\/td>\n<td width=\"240\">Secretaria de ayuntamiento<\/td>\n<td width=\"223\">02\/02\/2022<\/td>\n<td width=\"197\">Acuerdo<\/td>\n<\/tr>\n<\/tbody>\n<\/table>\n<table width=\"1651\">\n<tbody>\n<tr>\n<td width=\"215\">\u00c1mbito de aplicaci\u00f3n<\/td>\n<td width=\"211\">\u00cdndice de la Regulaci\u00f3n<\/td>\n<td width=\"221\">Objeto de la Regulaci\u00f3n<\/td>\n<td width=\"217\">Materia<\/td>\n<td width=\"237\">Sectores y sujetos regulados<\/td>\n<td width=\"227\">Tr\u00e1mites y Servicios relacionados con la Regulaci\u00f3n<\/td>\n<td width=\"323\">Identificaci\u00f3n de fundamentos jur\u00eddicos para la realizaci\u00f3n de inspecciones y visitas domiciliarias<\/td>\n<\/tr>\n<tr>\n<td width=\"215\">En el municipio de Cuernavaca<\/td>\n<td width=\"211\">Articulo del Primero al Cuarto<\/td>\n<td width=\"221\">Se concede Pensi\u00f3n por Jubilaci\u00f3n al ciudadano JOSE LUIS GILES ORTIZ, quien ha prestado sus servicios en el Ayuntamiento de Cuernavaca, Morelos donde desempe\u00f1\u00f3 como \u00faltimo cargo el de: Polic\u00eda Tercero en la Direcci\u00f3n General de la Polic\u00eda Preventiva, en cumplimiento a lo ordenado por el Tribunal de Justicia Administrativa del Estado de Morelos en la resoluci\u00f3n dictada en el expediente TJA\/3\u00aaS\/170\/2020.<\/td>\n<td width=\"217\">Administrativa<\/td>\n<td width=\"237\">Interno en el Municipio<\/td>\n<td width=\"227\">Ninguno<\/td>\n<td width=\"323\">Ninguno<\/td>\n<\/tr>\n<\/tbody>\n<\/table>\n<table width=\"506\">\n<tbody>\n<tr>\n<td width=\"303\">Nombre de la Regulaci\u00f3n<\/td>\n<td width=\"203\">Tipo de documento<\/td>\n<\/tr>\n<tr>\n<td width=\"303\"><strong><span style=\"text-decoration: underline\"><span style=\"color: #0000ff;text-decoration: underline\"><a style=\"color: #0000ff;text-decoration: underline\" href=\"https:\/\/cuernavaca.gob.mx\/dmer\/wp-content\/uploads\/2022\/06\/97.-ACUERDO-SO-AC-97-01-VI-2022.-PENSION-JOSE-LUIS-GILES.docx\" target=\"_blank\" rel=\"noopener\">Acuerdo SO\/AC-97\/01-VI-2022 a trav\u00e9s del cual se concede pensi\u00f3n por jubilaci\u00f3n al ciudadano Jos\u00e9 Luis Giles Ortiz, en cumplimiento a lo ordenado por el Tribunal de Justicia Administrativa del Estado de Morelos, dentro del juicio administrativo TJA\/3\u00aaS\/170\/2020<\/a><\/span><\/span><\/strong><\/td>\n<td width=\"203\"><strong><span style=\"text-decoration: underline\"><span style=\"color: #0000ff;text-decoration: underline\"><a style=\"color: #0000ff;text-decoration: underline\" href=\"https:\/\/cuernavaca.gob.mx\/dmer\/wp-content\/uploads\/2022\/06\/Exencion-Acuerdo-SO\uf022AC-97\uf02218-V-2022-a-traves-del-cual-se-autoriza-el-Reglamento-Interior-de-la-Secretaria-de-Desarrollo-Economico.docx\" target=\"_blank\" rel=\"noopener\">Exenci\u00f3n AIR<\/a><\/span><\/span><\/strong><\/td>\n<\/tr>\n<\/tbody>\n<\/table>\n                <\/div>\r\n                        <div post_id=\"3370\" itemcount=\"56\" header_id=\"header-1655997943280\" id=\"header-1655997943280\" style=\"\" class=\"accordions-head head1655997943280 border-none\" toggle-text=\"\" main-text=\"Acuerdo SO\/AC-98\/01-VI-2022 a trav\u00e9s del cual el Gobierno Municipal de Cuernavaca en medida de sus capacidades y facultades, se compromete a realizar las acciones pertinentes para la protecci\u00f3n y cuidado del equilibrio ecol\u00f3gico y del medio ambiente en el Municipio de Cuernavaca, Morelos\">\r\n                                            <span id=\"accordion-icons-1655997943280\" class=\"accordion-icons\">\r\n                            <span class=\"accordion-icon-active accordion-plus\"><i class=\"fas fa-chevron-up\"><\/i><\/span>\r\n                            <span class=\"accordion-icon-inactive accordion-minus\"><i class=\"fas fa-chevron-right\"><\/i><\/span>\r\n                        <\/span>\r\n                        <span id=\"header-text-1655997943280\" class=\"accordions-head-title\">Acuerdo SO\/AC-98\/01-VI-2022 a trav\u00e9s del cual el Gobierno Municipal de Cuernavaca en medida de sus capacidades y facultades, se compromete a realizar las acciones pertinentes para la protecci\u00f3n y cuidado del equilibrio ecol\u00f3gico y del medio ambiente en el Municipio de Cuernavaca, Morelos<\/span>\r\n                                    <\/div>\r\n                <div class=\"accordion-content content1655997943280 \">\r\n                    <table width=\"1834\">\n<tbody>\n<tr>\n<td width=\"375\">Nombre de la Regulaci\u00f3n<\/td>\n<td width=\"263\">N\u00famero de Expediente<\/td>\n<td width=\"263\">Tipo de documeno<\/td>\n<td width=\"273\">Autoridad que la emite<\/td>\n<td width=\"240\">Autoridad o autoridades que la aplican<\/td>\n<td width=\"223\">Fecha en que ha sido actualizada<\/td>\n<td width=\"197\">Tipo de ordenamiento jur\u00eddico<\/td>\n<\/tr>\n<tr>\n<td width=\"375\">Acuerdo SO\/AC-98\/01-VI-2022 a trav\u00e9s del cual el Gobierno Municipal de Cuernavaca en medida de sus capacidades y facultades, se compromete a realizar las acciones pertinentes para la protecci\u00f3n y cuidado del equilibrio ecol\u00f3gico y del medio ambiente en el Municipio de Cuernavaca, Morelos<\/td>\n<td>SDEyT\/DMR\/AIR\/098\/2022<\/td>\n<td width=\"263\">Exenci\u00f3n de elaborar el AIR<\/td>\n<td width=\"273\">Secretar\u00eda del Ayuntamiento<\/td>\n<td width=\"240\">Secretaria de ayuntamiento<\/td>\n<td width=\"223\">02\/02\/2022<\/td>\n<td width=\"197\">Acuerdo<\/td>\n<\/tr>\n<\/tbody>\n<\/table>\n<table width=\"1651\">\n<tbody>\n<tr>\n<td width=\"215\">\u00c1mbito de aplicaci\u00f3n<\/td>\n<td width=\"211\">\u00cdndice de la Regulaci\u00f3n<\/td>\n<td width=\"221\">Objeto de la Regulaci\u00f3n<\/td>\n<td width=\"217\">Materia<\/td>\n<td width=\"237\">Sectores y sujetos regulados<\/td>\n<td width=\"227\">Tr\u00e1mites y Servicios relacionados con la Regulaci\u00f3n<\/td>\n<td width=\"323\">Identificaci\u00f3n de fundamentos jur\u00eddicos para la realizaci\u00f3n de inspecciones y visitas domiciliarias<\/td>\n<\/tr>\n<tr>\n<td width=\"215\">En el municipio de Cuernavaca<\/td>\n<td width=\"211\">Articulo del Primero al Septimo<\/td>\n<td width=\"221\">Emitir una serie de lineamientos destinados a preservar y restaurar el equilibrio ecol\u00f3gico y proteger el medio ambiente.<\/td>\n<td width=\"217\">Administrativa<\/td>\n<td width=\"237\">Interno en el Municipio<\/td>\n<td width=\"227\">Ninguno<\/td>\n<td width=\"323\">Ninguno<\/td>\n<\/tr>\n<\/tbody>\n<\/table>\n<table width=\"506\">\n<tbody>\n<tr>\n<td width=\"303\">Nombre de la Regulaci\u00f3n<\/td>\n<td width=\"203\">Tipo de documento<\/td>\n<\/tr>\n<tr>\n<td width=\"303\"><strong><span style=\"text-decoration: underline\"><span style=\"color: #0000ff;text-decoration: underline\"><a style=\"color: #0000ff;text-decoration: underline\" href=\"https:\/\/cuernavaca.gob.mx\/dmer\/wp-content\/uploads\/2022\/06\/98.-ACUERDO-SO-AC-98-01-VI-2022.-ACUERDO-DE-MEDIO-AMBIENTE..docx\" target=\"_blank\" rel=\"noopener\">Acuerdo SO\/AC-98\/01-VI-2022 a trav\u00e9s del cual el Gobierno Municipal de Cuernavaca en medida de sus capacidades y facultades, se compromete a realizar las acciones pertinentes para la protecci\u00f3n y cuidado del equilibrio ecol\u00f3gico y del medio ambiente en el Municipio de Cuernavaca, Morelos<\/a><\/span><\/span><\/strong><\/td>\n<td width=\"203\"><strong><span style=\"text-decoration: underline\"><span style=\"color: #0000ff;text-decoration: underline\"><a style=\"color: #0000ff;text-decoration: underline\" href=\"https:\/\/cuernavaca.gob.mx\/dmer\/wp-content\/uploads\/2022\/06\/Exencion-Acuerdo-SO\uf022AC-98\uf02218-V-2022-a-traves-del-cual-se-autoriza-el-Reglamento-Interior-de-la-Secretaria-de-Desarrollo-Economico.docx\" target=\"_blank\" rel=\"noopener\">Exenci\u00f3n AIR<\/a><\/span><\/span><\/strong><\/td>\n<\/tr>\n<\/tbody>\n<\/table>\n                <\/div>\r\n            <\/div>\r\n    <script>\r\n        jQuery(document).ready(function($) {\r\n            accordions_active_index_3370 = [];\r\n                })\r\n    <\/script>    <script>\r\n        jQuery(document).ready(function($) {\r\n            accordion_3370 = $(\"#accordions-3370 .items\").accordion({\r\n                event: \"click\",\r\n                collapsible: true,\r\n                heightStyle: \"content\",\r\n                animate: (\"linear\", 1000),\r\n                navigation: true,\r\n                active: 999,\r\n                            });\r\n        })\r\n    <\/script>\r\n        <script>\r\n        jQuery(document).ready(function($){\r\n            $( \"#accordions-3370 .items\" ).on( \"accordionactivate\", function( event, ui ) {\r\n                            } );\r\n            if(typeof accordions_active_index_3370 != 'undefined'){\r\n                for(var k in accordions_active_index_3370) {\r\n                    console.log(accordions_active_index_3370[k]);\r\n                    index = accordions_active_index_3370[k];\r\n                    $(\"#accordions-3370 .items\").accordion(\"option\", \"active\", index);\r\n                }\r\n            }\r\n                                            })\r\n    <\/script>\r\n                <\/div><\/div>\n\t\t\t\t<\/div>\n\t\t\t\t<\/div>\n\t\t\t\t\t\t<\/div>\n\t\t\t\t\t<\/div>\n\t\t<\/div>\n\t\t\t\t\t\t\t\t<\/div>\n\t\t\t\t\t<\/div>\n\t\t<\/section>\n\t\t\t\t\t\t\t\t\t<\/div>\n\t\t\t<\/div>\n\t\t\t\t\t<\/div>\n\t\t","protected":false},"excerpt":{"rendered":"","protected":false},"author":6,"featured_media":0,"parent":0,"menu_order":0,"comment_status":"closed","ping_status":"closed","template":"","meta":[],"_links":{"self":[{"href":"https:\/\/cuernavaca.gob.mx\/dmer\/index.php?rest_route=\/wp\/v2\/pages\/3720"}],"collection":[{"href":"https:\/\/cuernavaca.gob.mx\/dmer\/index.php?rest_route=\/wp\/v2\/pages"}],"about":[{"href":"https:\/\/cuernavaca.gob.mx\/dmer\/index.php?rest_route=\/wp\/v2\/types\/page"}],"author":[{"embeddable":true,"href":"https:\/\/cuernavaca.gob.mx\/dmer\/index.php?rest_route=\/wp\/v2\/users\/6"}],"replies":[{"embeddable":true,"href":"https:\/\/cuernavaca.gob.mx\/dmer\/index.php?rest_route=%2Fwp%2Fv2%2Fcomments&post=3720"}],"version-history":[{"count":7,"href":"https:\/\/cuernavaca.gob.mx\/dmer\/index.php?rest_route=\/wp\/v2\/pages\/3720\/revisions"}],"predecessor-version":[{"id":3727,"href":"https:\/\/cuernavaca.gob.mx\/dmer\/index.php?rest_route=\/wp\/v2\/pages\/3720\/revisions\/3727"}],"wp:attachment":[{"href":"https:\/\/cuernavaca.gob.mx\/dmer\/index.php?rest_route=%2Fwp%2Fv2%2Fmedia&parent=3720"}],"curies":[{"name":"wp","href":"https:\/\/api.w.org\/{rel}","templated":true}]}}