{"id":5647,"date":"2024-04-25T12:06:40","date_gmt":"2024-04-25T18:06:40","guid":{"rendered":"https:\/\/cuernavaca.gob.mx\/dmer\/?page_id=5647"},"modified":"2024-04-25T12:07:13","modified_gmt":"2024-04-25T18:07:13","slug":"registro-municipal-de-regulaciones-2023","status":"publish","type":"page","link":"https:\/\/cuernavaca.gob.mx\/dmer\/?page_id=5647","title":{"rendered":"Registro Municipal de Regulaciones 2023"},"content":{"rendered":"\t\t<div data-elementor-type=\"wp-page\" data-elementor-id=\"5647\" class=\"elementor elementor-5647\">\n\t\t\t\t\t\t<div class=\"elementor-inner\">\n\t\t\t\t<div class=\"elementor-section-wrap\">\n\t\t\t\t\t\t\t\t\t<section class=\"elementor-section elementor-top-section elementor-element elementor-element-3e28c07 elementor-section-boxed elementor-section-height-default elementor-section-height-default\" data-id=\"3e28c07\" data-element_type=\"section\">\n\t\t\t\t\t\t<div class=\"elementor-container elementor-column-gap-default\">\n\t\t\t\t\t\t\t<div class=\"elementor-row\">\n\t\t\t\t\t<div class=\"elementor-column elementor-col-100 elementor-top-column elementor-element elementor-element-6e5dccf\" data-id=\"6e5dccf\" data-element_type=\"column\">\n\t\t\t<div class=\"elementor-column-wrap elementor-element-populated\">\n\t\t\t\t\t\t\t<div class=\"elementor-widget-wrap\">\n\t\t\t\t\t\t<div class=\"elementor-element elementor-element-6b02868 elementor-widget elementor-widget-shortcode\" data-id=\"6b02868\" data-element_type=\"widget\" data-widget_type=\"shortcode.default\">\n\t\t\t\t<div class=\"elementor-widget-container\">\n\t\t\t\t\t<div class=\"elementor-shortcode\">\n<table id=\"tablepress-18\" class=\"tablepress tablepress-id-18 tablepress-responsive\">\n<thead>\n<tr class=\"row-1 odd\">\n\t<th class=\"column-1\">No.<\/th><th class=\"column-2\">Nombre de la Regulaci\u00f3n <\/th><th class=\"column-3\">N\u00famero de Expediente<\/th><th class=\"column-4\">Tipo de documeno<\/th><th class=\"column-5\">Autoridad que la emite<\/th><th class=\"column-6\">Autoridad o autoridades que la aplican<\/th><th class=\"column-7\">Fecha en que ha sido actualizada<\/th><th class=\"column-8\">Tipo de ordenamiento jur\u00eddico<\/th><th class=\"column-9\">\u00c1mbito de aplicaci\u00f3n<\/th><th class=\"column-10\">\u00cdndice de la Regulaci\u00f3n<\/th><th class=\"column-11\">Objeto de la Regulaci\u00f3n<\/th><th class=\"column-12\">Materia <\/th><th class=\"column-13\">Sectores y sujetos regulados<\/th><th class=\"column-14\">Tr\u00e1mites y Servicios relacionados con la Regulaci\u00f3n<\/th><th class=\"column-15\">Identificaci\u00f3n de fundamentos jur\u00eddicos para la realizaci\u00f3n de inspecciones y visitas domiciliarias<\/th>\n<\/tr>\n<\/thead>\n<tbody class=\"row-hover\">\n<tr class=\"row-2 even\">\n\t<td class=\"column-1\">1<\/td><td class=\"column-2\"><a href=\"https:\/\/cuernavaca.gob.mx\/dmer\/wp-content\/uploads\/2024\/04\/495.-ACUERDO-SO-AC-495-29-XI-2023.-ACUERDO-MODIFICACION-ACUERDO-SO-AC-376-14-VI-2023-AUTORIZA-PAGAR-3-MDP-SENTENCIAS-Y-RESOLUCIONES.docx\" rel=\"noopener\" target=\"_blank\">Acuerdo SO\/AC-495\/29-XI-2023 que aprueba la modificaci\u00f3n del similar so\/ac-376\/14-vi-2023, autorizando realizar los pagos correspondientes por la cantidad faltante de $3,106,882.73 (tres millones ciento seis mil ochocientos ochenta y dos pesos 73\/100 m.n.<\/a><\/td><td class=\"column-3\">SDEyT\/DMR\/02\/2024-SA<\/td><td class=\"column-4\"><a href=\"https:\/\/cuernavaca.gob.mx\/dmer\/wp-content\/uploads\/2024\/04\/Exencion-Acuerdo-SOAC-49529-XI-2023-QUE-APRUEBA-LA-MODIFICACION-DEL-SIMILAR-SOAC.docx\" rel=\"noopener\" target=\"_blank\">Exenci\u00f3n de elaborar el AIR<\/a><\/td><td class=\"column-5\">Cabildo<\/td><td class=\"column-6\">Secretar\u00eda de Administraci\u00f3n <\/td><td class=\"column-7\">2023-11-29 00:00:00<\/td><td class=\"column-8\">Acuerdo<\/td><td class=\"column-9\">Interna en el Ayuntamiento de Cuernavaca<\/td><td class=\"column-10\">P\u00e1gina 1. a la 2 Considerandos; P\u00e1gina 3. a la 5. Art\u00edculos permanentes y transitorios, y P\u00e1gina 5 y 6. Lugar, firmas y r\u00fabricas.<\/td><td class=\"column-11\">Se aprueba la modificaci\u00f3n del similar SO\/AC-376\/14-VI-2023.<\/td><td class=\"column-12\">Administrativa<\/td><td class=\"column-13\">Ning\u00fan sector<\/td><td class=\"column-14\">Ninguno<\/td><td class=\"column-15\">Ninguno<\/td>\n<\/tr>\n<tr class=\"row-3 odd\">\n\t<td class=\"column-1\">2<\/td><td class=\"column-2\"><a href=\"https:\/\/cuernavaca.gob.mx\/dmer\/wp-content\/uploads\/2024\/04\/496.-ACUERDO-SO-AC-496-29-XI-23.-ACUERDO-CORTE-DE-CAJA-OCTUBRE-2023-1.docx\" rel=\"noopener\" target=\"_blank\">ACUERDO SO\/AC-496-\/29-XI-2023 QUE APRUEBA EL CORTE DE CAJA DEL AYUNTAMIENTO DE CUERNAVACA, CORRESPONDIENTE AL MES DE OCTUBRE DE 2023, LO ANTERIOR CON FUNDAMENTO EN LO DISPUESTO POR EL ART\u00cdCULO 82 FRACCI\u00d3N XI DE LA LEY ORG\u00c1NICA MUNICIPAL DEL ESTADO DE MORELOS<\/a><\/td><td class=\"column-3\">SDEyT\/DMR\/02\/2024-SA<\/td><td class=\"column-4\"><a href=\"https:\/\/cuernavaca.gob.mx\/dmer\/wp-content\/uploads\/2024\/04\/Exencion-Acuerdo-SOAC-496-29-XI-2023-QUE-APRUEBA-EL-CORTE-DE-CAJA-DEL-AYUNTAMIENTO-DE-CUERNAVACA-CORRESPONDIENTE-AL-.docx\" rel=\"noopener\" target=\"_blank\">Exenci\u00f3n de elaborar el AIR<\/a><\/td><td class=\"column-5\">Cabildo<\/td><td class=\"column-6\">Tesorer\u00eda Municipal<\/td><td class=\"column-7\">2023-11-29 00:00:00<\/td><td class=\"column-8\">Acuerdo<\/td><td class=\"column-9\">Interna en el Ayuntamiento de Cuernavaca<\/td><td class=\"column-10\">P\u00e1gina 1. considerandos; p\u00e1gina 2. acuerdo; P\u00e1gina 3 a 6. art\u00edculos; P\u00e1gina 6 y 7. transitorios, lugar, firmas y r\u00fabricas<\/td><td class=\"column-11\">APRUEBA EL CORTE DE CAJA DEL AYUNTAMIENTO DE CUERNAVACA, CORRESPONDIENTE AL MES DE OCTUBRE DE 2023<\/td><td class=\"column-12\">Administrativa<\/td><td class=\"column-13\">Ning\u00fan sector<\/td><td class=\"column-14\">Ninguno<\/td><td class=\"column-15\">Ninguno<\/td>\n<\/tr>\n<tr class=\"row-4 even\">\n\t<td class=\"column-1\">3<\/td><td class=\"column-2\"><a href=\"https:\/\/cuernavaca.gob.mx\/dmer\/wp-content\/uploads\/2024\/04\/497.-ACUERDO-SO-AC-497-29-XI-2023.-ACUERDO-ESTIMULOS-FISCALES-70-DESCUENTO-INFRACCIONES-DE-TRANSITO-VIGENCIA-31-DICIEMBRE.docx\" rel=\"noopener\" target=\"_blank\">ACUERDO SO\/AC-497\/29-XI-2023 POR EL QUE SE AUTORIZA AL PRESIDENTE MUNICIPAL O A QUIEN ESTE TENGA A BIEN DESIGNAR, LA APLICACI\u00d3N DE EST\u00cdMULOS FISCALES DE HASTA UN 70% DE DESCUENTO EN EL PAGO DEL IMPORTE POR CONCEPTO DE INFRACCIONES DE TR\u00c1NSITO COMETIDAS<\/a><\/td><td class=\"column-3\">SDEyT\/DMR\/02\/2024-SA<\/td><td class=\"column-4\"><a href=\"https:\/\/cuernavaca.gob.mx\/dmer\/wp-content\/uploads\/2024\/04\/Exencion-Acuerdo-SOAC-49729-XI-2023-POR-EL-QUE-SE-AUTORIZA-AL-PRESIDENTE-MUNICIPAL-O-A-QUIEN-ESTE-TENGA-A-BIEN-DESIGNAR-LA-APLICACION-DE-ESTIMULOS-FISCALES-DE-HASTA-UN-70-DE.docx\" rel=\"noopener\" target=\"_blank\">Exenci\u00f3n de elaborar el AIR<\/a><\/td><td class=\"column-5\">Cabildo<\/td><td class=\"column-6\">Presidencia Municipal, Tesorer\u00eda Municipal y Direccion de comunicaci\u00f3n social<\/td><td class=\"column-7\">2023-11-29 00:00:00<\/td><td class=\"column-8\">Acuerdo<\/td><td class=\"column-9\">Interna en el Ayuntamiento de Cuernavaca<\/td><td class=\"column-10\">P\u00e1gina 1. considerandos; P\u00e1gina 2. acuerdo; P\u00e1gina 2 a 3. art\u00edculos y transitorios; P\u00e1gina 3 y 4. lugar firmas y r\u00fabricas<\/td><td class=\"column-11\">SE AUTORIZA AL PRESIDENTE MUNICIPAL O A QUIEN ESTE TENGA A BIEN DESIGNAR, LA APLICACI\u00d3N DE EST\u00cdMULOS FISCALES DE HASTA UN 70% DE DESCUENTO EN EL PAGO DEL IMPORTE POR CONCEPTO DE INFRACCIONES DE TR\u00c1NSITO COMETIDAS HASTA EL D\u00cdA 15 DE NOVIEMBRE DE 2023<\/td><td class=\"column-12\">Administrativa<\/td><td class=\"column-13\">Tr\u00e1nsito<\/td><td class=\"column-14\">Ninguno<\/td><td class=\"column-15\">Ninguno<\/td>\n<\/tr>\n<tr class=\"row-5 odd\">\n\t<td class=\"column-1\">4<\/td><td class=\"column-2\"><a href=\"https:\/\/cuernavaca.gob.mx\/dmer\/wp-content\/uploads\/2024\/04\/498.-ACUERDO-SO-AC-498-29-XI-2023.-ACUERDO-DESINCORPORACION-BIENES-MUEBLES-Y-VEHICULOS-NO-APTOS-SERVICIO-PUBLICO.docx\" rel=\"noopener\" target=\"_blank\">ACUERDO  SO\/AC-498\/29-XI-2023 QUE AUTORIZA LA DESINCORPORACI\u00d3N DE LOS BIENES MUEBLES Y VEH\u00cdCULOS QUE YA NO SON APTOS PARA EL SERVICIO P\u00daBLICO<\/a><\/td><td class=\"column-3\">SDEyT\/DMR\/02\/2024-SA<\/td><td class=\"column-4\"><a href=\"https:\/\/cuernavaca.gob.mx\/dmer\/wp-content\/uploads\/2024\/04\/Exencion-Acuerdo-SOAC-49829-XI-2023-QUE-AUTORIZA-LA-DESINCORPORACION-DE-LOS-BIENES-MUEBLES-Y-VEHICULOS-.docx\" rel=\"noopener\" target=\"_blank\">Exenci\u00f3n de elaborar el AIR<\/a><\/td><td class=\"column-5\">Cabildo<\/td><td class=\"column-6\">Secretar\u00eda de Administraci\u00f3n <\/td><td class=\"column-7\">2023-11-29 00:00:00<\/td><td class=\"column-8\">Acuerdo<\/td><td class=\"column-9\">Interna en el Ayuntamiento de Cuernavaca<\/td><td class=\"column-10\">P\u00e1gina 1 a 3. considerandos; p\u00e1gina 3 y 4. acuerdo y transitorios; p\u00e1gina 4 y 5. lugar, firmas y r\u00fabricas<\/td><td class=\"column-11\">AUTORIZA LA DESINCORPORACI\u00d3N DE LOS BIENES MUEBLES Y VEH\u00cdCULOS QUE YA NO SON APTOS PARA EL SERVICIO P\u00daBLICO<\/td><td class=\"column-12\">Administrativa<\/td><td class=\"column-13\">Ning\u00fan sector<\/td><td class=\"column-14\">Ninguno<\/td><td class=\"column-15\">Ninguno<\/td>\n<\/tr>\n<tr class=\"row-6 even\">\n\t<td class=\"column-1\">5<\/td><td class=\"column-2\"><a href=\"https:\/\/cuernavaca.gob.mx\/dmer\/wp-content\/uploads\/2024\/04\/499.-ACUERDO-SO-AC-499-29-XI-2023.-ACUERDO-PENSION-CESANTIA-ALFREDO-SORIA-ROCHA.docx\" rel=\"noopener\" target=\"_blank\">ACUERDO SO\/AC-499\/29-XI-2023 POR EL QUE SE CONCEDE PENSI\u00d3N POR CESANT\u00cdA EN EDAD AVANZADA AL CIUDADANO ALFREDO SORIA ROCHA, EN CUMPLIMIENTO A LO ORDENADO POR EL JUZGADO SEXTO DE DISTRITO EN EL ESTADO DE MORELOS, DENTRO DEL JUICIO DE AMPARO 694\/2023<\/a><\/td><td class=\"column-3\">SDEyT\/DMR\/02\/2024-SA<\/td><td class=\"column-4\"><a href=\"https:\/\/cuernavaca.gob.mx\/dmer\/?page_id=1744\" rel=\"noopener\" target=\"_blank\">Exenci\u00f3n de elaborar el AIR<\/a><\/td><td class=\"column-5\">Cabildo<\/td><td class=\"column-6\">Consejer\u00eda Jur\u00eddica, Secretar\u00eda de Administraci\u00f3n y Tesorer\u00eda Municipal<\/td><td class=\"column-7\">2023-11-29 00:00:00<\/td><td class=\"column-8\">Acuerdo<\/td><td class=\"column-9\">Interna en el Ayuntamiento de Cuernavaca<\/td><td class=\"column-10\">P\u00e1gina 1 a 3. considerandos; P\u00e1gina 4 acuerdo; P\u00e1gina 5 y 6. Transitorios, lugar, firmas y r\u00fabricas<\/td><td class=\"column-11\">SE CONCEDE PENSI\u00d3N POR CESANT\u00cdA EN EDAD AVANZADA AL CIUDADANO ALFREDO SORIA ROCHA<\/td><td class=\"column-12\">Administrativa<\/td><td class=\"column-13\">Ning\u00fan sector<\/td><td class=\"column-14\">Ninguno<\/td><td class=\"column-15\">Ninguno<\/td>\n<\/tr>\n<tr class=\"row-7 odd\">\n\t<td class=\"column-1\">6<\/td><td class=\"column-2\"><a href=\"https:\/\/cuernavaca.gob.mx\/dmer\/wp-content\/uploads\/2024\/04\/500.-ACUERDO-SO-AC-500-29-XI-2023.-ACUERDO-PENSION-CESANTIA-JOAQUIN-GUZMAN-MORENO.docx\" rel=\"noopener\" target=\"_blank\">ACUERDO  SO\/AC-500\/29-XI-2023 POR EL QUE SE CONCEDE PENSI\u00d3N POR CESANT\u00cdA EN EDAD AVANZADA AL CIUDADANO JOAQU\u00cdN GUZM\u00c1N MORENO, EN CUMPLIMIENTO A LO ORDENADO POR EL JUZGADO CUARTO DE DISTRITO EN EL ESTADO DE MORELOS, DENTRO DEL JUICIO DE AMPARO 561\/2023<\/a><\/td><td class=\"column-3\">SDEyT\/DMR\/02\/2024-SA<\/td><td class=\"column-4\"><a href=\"https:\/\/cuernavaca.gob.mx\/dmer\/wp-content\/uploads\/2024\/04\/Exencion-Acuerdo-SOAC-50029-XI-2023-POR-EL-QUE-SE-CONCEDE-PENSION-POR-CESANTIA-EN-EDAD-AVANZADA-AL-CIUDADANO-JOAQUIN-GUZMAN-.docx\" rel=\"noopener\" target=\"_blank\">Exenci\u00f3n de elaborar el AIR<\/a><\/td><td class=\"column-5\">Cabildo<\/td><td class=\"column-6\">Consejer\u00eda Jur\u00eddica, Secretar\u00eda de Administraci\u00f3n y Tesorer\u00eda Municipal<\/td><td class=\"column-7\">2023-11-29 00:00:00<\/td><td class=\"column-8\">Acuerdo<\/td><td class=\"column-9\">Interna en el Ayuntamiento de Cuernavaca<\/td><td class=\"column-10\">P\u00e1gina 1 a 3. considerandos; P\u00e1gina 4 acuerdo; P\u00e1gina 4 y 5. Transitorios; P\u00e1gina 5 y 6 lugar, firmas y r\u00fabricas<\/td><td class=\"column-11\">SE CONCEDE PENSI\u00d3N POR CESANT\u00cdA EN EDAD AVANZADA AL CIUDADANO JOAQU\u00cdN GUZM\u00c1N MORENO<\/td><td class=\"column-12\">Administrativa<\/td><td class=\"column-13\">Ning\u00fan sector<\/td><td class=\"column-14\">Ninguno<\/td><td class=\"column-15\">Ninguno<\/td>\n<\/tr>\n<tr class=\"row-8 even\">\n\t<td class=\"column-1\">7<\/td><td class=\"column-2\"><a href=\"https:\/\/cuernavaca.gob.mx\/dmer\/wp-content\/uploads\/2024\/04\/501.-ACUERDO-SO-AC-501-29-XI-2023.-ACUERDO-PENSION-CESANTIA-JORGE-ORTEGA-GONZALEZ.docx\" rel=\"noopener\" target=\"_blank\">ACUERDO SO\/AC-501\/29-XI-2023 POR EL QUE SE CONCEDE PENSI\u00d3N POR CESANT\u00cdA EN EDAD AVANZADA AL CIUDADANO JORGE ORTEGA GONZ\u00c1LEZ, EN CUMPLIMIENTO A LO ORDENADO POR EL JUZGADO CUARTO DE DISTRITO EN EL ESTADO DE MORELOS, DENTRO DEL JUICIO DE AMPARO 645\/2023<\/a><\/td><td class=\"column-3\">SDEyT\/DMR\/02\/2024-SA<\/td><td class=\"column-4\"><a href=\"https:\/\/cuernavaca.gob.mx\/dmer\/wp-content\/uploads\/2024\/04\/Exencion-Acuerdo-SOAC-50129-XI-2023-POR-EL-QUE-SE-CONCEDE-PENSION-POR-CESANTIA-EN-EDAD-AVANZADA-AL-CIUDADANO-JORGE-.docx\" rel=\"noopener\" target=\"_blank\">Exenci\u00f3n de elaborar el AIR<\/a><\/td><td class=\"column-5\">Cabildo<\/td><td class=\"column-6\">Consejer\u00eda Jur\u00eddica, Secretar\u00eda de Administraci\u00f3n y Tesorer\u00eda Municipal<\/td><td class=\"column-7\">2023-11-29 00:00:00<\/td><td class=\"column-8\">Acuerdo<\/td><td class=\"column-9\">Interna en el Ayuntamiento de Cuernavaca<\/td><td class=\"column-10\">P\u00e1gina 1 a 4. considerandos; P\u00e1gina 4 y 5 acuerdo;  P\u00e1gina 5 a 7. Transitorios, lugar, firmas y r\u00fabricas<\/td><td class=\"column-11\">SE CONCEDE PENSI\u00d3N POR CESANT\u00cdA EN EDAD AVANZADA AL CIUDADANO JORGE ORTEGA GONZ\u00c1LEZ<\/td><td class=\"column-12\">Administrativa<\/td><td class=\"column-13\">Ning\u00fan sector<\/td><td class=\"column-14\">Ninguno<\/td><td class=\"column-15\">Ninguno<\/td>\n<\/tr>\n<tr class=\"row-9 odd\">\n\t<td class=\"column-1\">8<\/td><td class=\"column-2\"><a href=\"https:\/\/cuernavaca.gob.mx\/dmer\/wp-content\/uploads\/2024\/04\/502.-ACUERDO-SO-AC-502-29-XI-2023.-ACUERDO-PENSION-CESANTIA-JOSE-MANUEL-HERNANDEZ-VELAZQUEZ.docx\" rel=\"noopener\" target=\"_blank\">ACUERDO SO\/AC-502\/29-XI-2023 POR EL QUE SE CONCEDE PENSI\u00d3N POR CESANT\u00cdA EN EDAD AVANZADA AL CIUDADANO JOS\u00c9 MANUEL HERN\u00c1NDEZ VEL\u00c1ZQUEZ, EN CUMPLIMIENTO A LO ORDENADO POR EL JUZGADO S\u00c9PTIMO DE DISTRITO EN EL ESTADO DE MORELOS, DENTRO DEL JUICIO DE AMPARO 97<\/a><\/td><td class=\"column-3\">SDEyT\/DMR\/02\/2024-SA<\/td><td class=\"column-4\"><a href=\"https:\/\/cuernavaca.gob.mx\/dmer\/wp-content\/uploads\/2024\/04\/Exencion-Acuerdo-SOAC-50229-XI-2023-POR-EL-QUE-SE-CONCEDE-PENSION-POR-CESANTIA-EN-EDAD-AVANZADA-AL-CIUDADANO-JOSE-MANUEL-.docx\" rel=\"noopener\" target=\"_blank\">Exenci\u00f3n de elaborar el AIR<\/a><\/td><td class=\"column-5\">Cabildo<\/td><td class=\"column-6\">Consejer\u00eda Jur\u00eddica, Secretar\u00eda de Administraci\u00f3n y Tesorer\u00eda Municipal<\/td><td class=\"column-7\">2023-11-29 00:00:00<\/td><td class=\"column-8\">Acuerdo<\/td><td class=\"column-9\">Interna en el Ayuntamiento de Cuernavaca<\/td><td class=\"column-10\">P\u00e1gina 1 a 3. considerandos; P\u00e1gina 4 acuerdo; P\u00e1gina 4 y 5. Transitorios; P\u00e1gina 5 y 6 lugar, firmas y r\u00fabricas<\/td><td class=\"column-11\">SE CONCEDE PENSI\u00d3N POR CESANT\u00cdA EN EDAD AVANZADA AL CIUDADANO JOS\u00c9 MANUEL HERN\u00c1NDEZ VEL\u00c1ZQUEZ<\/td><td class=\"column-12\">Administrativa<\/td><td class=\"column-13\">Ning\u00fan sector<\/td><td class=\"column-14\">Ninguno<\/td><td class=\"column-15\">Ninguno<\/td>\n<\/tr>\n<tr class=\"row-10 even\">\n\t<td class=\"column-1\">9<\/td><td class=\"column-2\"><a href=\"https:\/\/cuernavaca.gob.mx\/dmer\/wp-content\/uploads\/2024\/04\/503.-ACUERDO-SO-AC-503-29-XI-2023.-ACUERDO-PENSION-CESANTIA-LILIAN-CISNEROS-GONZALEZ.docx\" rel=\"noopener\" target=\"_blank\">ACUERDO SO\/AC-503\/29-XI-2023 POR EL QUE SE CONCEDE PENSI\u00d3N POR CESANT\u00cdA EN EDAD AVANZADA A LA CIUDADANA LILIAN CISNEROS GONZ\u00c1LEZ, EN CUMPLIMIENTO A LO ORDENADO POR EL JUZGADO SEXTO DE DISTRITO EN EL ESTADO DE MORELOS, DENTRO DEL JUICIO DE AMPARO 790\/2023<\/a><\/td><td class=\"column-3\">SDEyT\/DMR\/02\/2024-SA<\/td><td class=\"column-4\"><a href=\"https:\/\/cuernavaca.gob.mx\/dmer\/wp-content\/uploads\/2024\/04\/Exencion-Acuerdo-SOAC-50329-XI-2023-POR-EL-QUE-SE-CONCEDE-PENSION-POR-CESANTIA-EN-EDAD-AVANZADA-A-LA-CIUDADANA-LILIAN-.docx\" rel=\"noopener\" target=\"_blank\">Exenci\u00f3n de elaborar el AIR<\/a><\/td><td class=\"column-5\">Cabildo<\/td><td class=\"column-6\">Consejer\u00eda Jur\u00eddica, Secretar\u00eda de Administraci\u00f3n y Tesorer\u00eda Municipal<\/td><td class=\"column-7\">2023-11-29 00:00:00<\/td><td class=\"column-8\">Acuerdo<\/td><td class=\"column-9\">Interna en el Ayuntamiento de Cuernavaca<\/td><td class=\"column-10\">P\u00e1gina 1 a 4. considerandos; P\u00e1gina 4 y 5 acuerdo; P\u00e1gina 5. Transitorios y lugar; P\u00e1gina 6. firmas y r\u00fabricas<\/td><td class=\"column-11\">SE CONCEDE PENSI\u00d3N POR CESANT\u00cdA EN EDAD AVANZADA A LA CIUDADANA LILIAN CISNEROS GONZ\u00c1LEZ<\/td><td class=\"column-12\">Administrativa<\/td><td class=\"column-13\">Ning\u00fan sector<\/td><td class=\"column-14\">Ninguno<\/td><td class=\"column-15\">Ninguno<\/td>\n<\/tr>\n<tr class=\"row-11 odd\">\n\t<td class=\"column-1\">10<\/td><td class=\"column-2\"><a href=\"https:\/\/cuernavaca.gob.mx\/dmer\/wp-content\/uploads\/2024\/04\/504.-ACUERDO-SO-AC-504-29-XI-2023.-ACUERDO-PENSION-JUBILACION-ALFREDO-SORIANO-GARCIA.docx\" rel=\"noopener\" target=\"_blank\">ACUERDO  SO\/AC-504\/29-XI-2023 POR EL QUE SE CONCEDE PENSI\u00d3N POR JUBILACI\u00d3N AL CIUDADANO ALFREDO SORIANO GARC\u00cdA, EN CUMPLIMIENTO A LO ORDENADO POR EL JUZGADO D\u00c9CIMO DE DISTRITO EN EL ESTADO DE MORELOS, DENTRO DEL JUICIO DE AMPARO 601\/2023<\/a><\/td><td class=\"column-3\">SDEyT\/DMR\/02\/2024-SA<\/td><td class=\"column-4\"><a href=\"https:\/\/cuernavaca.gob.mx\/dmer\/wp-content\/uploads\/2024\/04\/Exencion-Acuerdo-SOAC-50429-XI-2023-POR-EL-QUE-SE-CONCEDE-PENSION-POR-JUBILACION-AL-CIUDADANO-ALFREDO-SORIANO-GARCIA-EN-CUMPLIMIENTO-A-LO-ORDENADO-POR-EL-JUZGADO-DECIMO-.docx\" rel=\"noopener\" target=\"_blank\">Exenci\u00f3n de elaborar el AIR<\/a><\/td><td class=\"column-5\">Cabildo<\/td><td class=\"column-6\">Consejer\u00eda Jur\u00eddica, Secretar\u00eda de Administraci\u00f3n y Tesorer\u00eda Municipal<\/td><td class=\"column-7\">2023-11-29 00:00:00<\/td><td class=\"column-8\">Acuerdo<\/td><td class=\"column-9\">Interna en el Ayuntamiento de Cuernavaca<\/td><td class=\"column-10\">P\u00e1gina 1 a 3. considerandos; P\u00e1gina 3 y 4 acuerdo; P\u00e1gina 4 y 5. Transitorios; P\u00e1gina 5 y 6 lugar, firmas y r\u00fabricas<\/td><td class=\"column-11\">SE CONCEDE PENSI\u00d3N POR JUBILACI\u00d3N AL CIUDADANO ALFREDO SORIANO GARC\u00cdA<\/td><td class=\"column-12\">Administrativa<\/td><td class=\"column-13\">Ning\u00fan sector<\/td><td class=\"column-14\">Ninguno<\/td><td class=\"column-15\">Ninguno<\/td>\n<\/tr>\n<tr class=\"row-12 even\">\n\t<td class=\"column-1\">11<\/td><td class=\"column-2\"><a href=\"https:\/\/cuernavaca.gob.mx\/dmer\/wp-content\/uploads\/2024\/04\/505.-ACUERDO-SO-AC-505-29-XI-2023.-ACUERDO-PENSION-JUBILACION-DOMINGO-HERNADEZ-PERALTA.docx\" rel=\"noopener\" target=\"_blank\">ACUERDO SO\/AC-505\/29-XI-2023 POR EL QUE SE CONCEDE PENSI\u00d3N POR JUBILACI\u00d3N AL CIUDADANO DOMINGO HERN\u00c1NDEZ PERALTA, EN CUMPLIMIENTO A LO ORDENADO POR EL JUZGADO SEXTO DE DISTRITO EN EL ESTADO DE MORELOS, DENTRO DEL JUICIO DE AMPARO 702\/2023<\/a><\/td><td class=\"column-3\">SDEyT\/DMR\/02\/2024-SA<\/td><td class=\"column-4\"><a href=\"https:\/\/cuernavaca.gob.mx\/dmer\/wp-content\/uploads\/2024\/04\/Exencion-Acuerdo-SSOAC-50529-XI-2023-POR-EL-QUE-SE-CONCEDE-PENSION-POR-JUBILACION-AL-CIUDADANO-DOMINGO-HERNANDEZ-PERALTA.docx\" rel=\"noopener\" target=\"_blank\">Exenci\u00f3n de elaborar el AIR<\/a><\/td><td class=\"column-5\">Cabildo<\/td><td class=\"column-6\">Consejer\u00eda Jur\u00eddica, Secretar\u00eda de Administraci\u00f3n y Tesorer\u00eda Municipal<\/td><td class=\"column-7\">2023-11-29 00:00:00<\/td><td class=\"column-8\">Acuerdo<\/td><td class=\"column-9\">Interna en el Ayuntamiento de Cuernavaca<\/td><td class=\"column-10\">P\u00e1gina 1 a 3. considerandos; P\u00e1gina 3. acuerdo; P\u00e1gina 4 y 5. Transitorios; P\u00e1gina 5 y 6 lugar, firmas y r\u00fabricas<\/td><td class=\"column-11\">SE CONCEDE PENSI\u00d3N POR JUBILACI\u00d3N AL CIUDADANO DOMINGO HERN\u00c1NDEZ PERALTA<\/td><td class=\"column-12\">Administrativa<\/td><td class=\"column-13\">Ning\u00fan sector<\/td><td class=\"column-14\">Ninguno<\/td><td class=\"column-15\">Ninguno<\/td>\n<\/tr>\n<tr class=\"row-13 odd\">\n\t<td class=\"column-1\">12<\/td><td class=\"column-2\"><a href=\"https:\/\/cuernavaca.gob.mx\/dmer\/wp-content\/uploads\/2024\/04\/506.-ACUERDO-SO-AC-506-29-XI-2023.-ACUERDO-PENSION-JUBILACION-FABIAN-LOPEZ-SOTELO.docx\" rel=\"noopener\" target=\"_blank\">ACUERDO SO\/AC-506\/29-XI-2023 POR EL QUE SE CONCEDE PENSI\u00d3N POR JUBILACI\u00d3N AL CIUDADANO FABI\u00c1N L\u00d3PEZ SOTELO, EN CUMPLIMIENTO A LO ORDENADO POR EL JUZGADO SEXTO DE DISTRITO EN EL ESTADO DE MORELOS, DENTRO DEL JUICIO DE AMPARO 781\/2023<\/a><\/td><td class=\"column-3\">SDEyT\/DMR\/02\/2024-SA<\/td><td class=\"column-4\"><a href=\"https:\/\/cuernavaca.gob.mx\/dmer\/wp-content\/uploads\/2024\/04\/Exencion-Acuerdo-SOAC-50629-XI-2023-POR-EL-QUE-SE-CONCEDE-PENSION-POR-JUBILACION-AL-CIUDADANO-FABIAN-LOPEZ-SOTELO-EN-CUMPLIMIENTO-A-LO-ORDEN.docx\" rel=\"noopener\" target=\"_blank\">Exenci\u00f3n de elaborar el AIR<\/a><\/td><td class=\"column-5\">Cabildo<\/td><td class=\"column-6\">Consejer\u00eda Jur\u00eddica, Secretar\u00eda de Administraci\u00f3n y Tesorer\u00eda Municipal<\/td><td class=\"column-7\">2023-11-29 00:00:00<\/td><td class=\"column-8\">Acuerdo<\/td><td class=\"column-9\">Interna en el Ayuntamiento de Cuernavaca<\/td><td class=\"column-10\">P\u00e1gina 1 a 3. considerandos; P\u00e1gina 4. acuerdo; P\u00e1gina 4 y 5. Transitorios; P\u00e1gina 5 y 6 lugar, firmas y r\u00fabricas<\/td><td class=\"column-11\">SE CONCEDE PENSI\u00d3N POR JUBILACI\u00d3N AL CIUDADANO FABI\u00c1N L\u00d3PEZ SOTELO<\/td><td class=\"column-12\">Administrativa<\/td><td class=\"column-13\">Ning\u00fan sector<\/td><td class=\"column-14\">Ninguno<\/td><td class=\"column-15\">Ninguno<\/td>\n<\/tr>\n<tr class=\"row-14 even\">\n\t<td class=\"column-1\">13<\/td><td class=\"column-2\"><a href=\"https:\/\/cuernavaca.gob.mx\/dmer\/wp-content\/uploads\/2024\/04\/507.-ACUERDO-SO-AC-507-29-XI-2023.-ACUERDO-PENSION-POR-JUBILACION-JOSE-LUIS-AVILA-VILLANUEVA.docx\" rel=\"noopener\" target=\"_blank\">ACUERDO SO\/AC-507\/29-XI-2023 POR EL QUE SE CONCEDE PENSI\u00d3N POR JUBILACI\u00d3N AL CIUDADANO JOS\u00c9 LUIS \u00c1VILA VILLANUEVA, EN CUMPLIMIENTO A LO ORDENADO POR EL JUZGADO OCTAVO DE DISTRITO EN EL ESTADO DE MORELOS, DENTRO DEL JUICIO DE AMPARO 623\/2023<\/a><\/td><td class=\"column-3\">SDEyT\/DMR\/02\/2024-SA<\/td><td class=\"column-4\"><a href=\"https:\/\/cuernavaca.gob.mx\/dmer\/wp-content\/uploads\/2024\/04\/Exencion-Acuerdo-SOAC-50729-XI-2023-POR-EL-QUE-SE-CONCEDE-PENSION-POR-JUBILACION-AL-CIUDADANO-JOSE-LUIS-AVILA-VILLANUEVA-EN-CUMPLIMIENTO-A-LO-ORDENADO-POR-EL-JUZGADO-OCTAVO-DE-DISTRITO-EN-EL-.docx\" rel=\"noopener\" target=\"_blank\">Exenci\u00f3n de elaborar el AIR<\/a><\/td><td class=\"column-5\">Cabildo<\/td><td class=\"column-6\">Consejer\u00eda Jur\u00eddica, Secretar\u00eda de Administraci\u00f3n y Tesorer\u00eda Municipal<\/td><td class=\"column-7\">2023-11-29 00:00:00<\/td><td class=\"column-8\">Acuerdo<\/td><td class=\"column-9\">Interna en el Ayuntamiento de Cuernavaca<\/td><td class=\"column-10\">P\u00e1gina 1 a 3. considerandos; P\u00e1gina 4. acuerdo; P\u00e1gina 4 y 5. Transitorios; P\u00e1gina 5 y 6 lugar, firmas y r\u00fabricas<\/td><td class=\"column-11\">SE CONCEDE PENSI\u00d3N POR JUBILACI\u00d3N AL CIUDADANO JOS\u00c9 LUIS \u00c1VILA VILLANUEVA<\/td><td class=\"column-12\">Administrativa<\/td><td class=\"column-13\">Ning\u00fan sector<\/td><td class=\"column-14\">Ninguno<\/td><td class=\"column-15\">Ninguno<\/td>\n<\/tr>\n<tr class=\"row-15 odd\">\n\t<td class=\"column-1\">14<\/td><td class=\"column-2\"><a href=\"https:\/\/cuernavaca.gob.mx\/dmer\/wp-content\/uploads\/2024\/04\/508.-ACUERDO-SO-AC-508-29-XI-2023.-ACUERDO-PENSION-JUBILACION-MARGARITO-LEAL-JORGE.docx\" rel=\"noopener\" target=\"_blank\">ACUERDO SO\/AC-508\/29-XI-2023 POR EL QUE SE CONCEDE PENSI\u00d3N POR JUBILACI\u00d3N AL CIUDADANO MARGARITO LEAL JORGE, EN CUMPLIMIENTO A LO ORDENADO POR EL JUZGADO CUARTO DE DISTRITO EN EL ESTADO DE MORELOS, DENTRO DEL JUICIO DE AMPARO 562\/2023<\/a><\/td><td class=\"column-3\">SDEyT\/DMR\/02\/2024-SA<\/td><td class=\"column-4\"><a href=\"https:\/\/cuernavaca.gob.mx\/dmer\/wp-content\/uploads\/2024\/04\/Exencion-Acuerdo-SOAC-50829-XI-2023-POR-EL-QUE-SE-CONCEDE-PENSION-POR-JUBILACION-AL-CIUDADANO-MARGARITO-LEAL-JORGE-EN-CUMPLIMIENTO-.docx\" rel=\"noopener\" target=\"_blank\">Exenci\u00f3n de elaborar el AIR<\/a><\/td><td class=\"column-5\">Cabildo<\/td><td class=\"column-6\">Consejer\u00eda Jur\u00eddica, Secretar\u00eda de Administraci\u00f3n y Tesorer\u00eda Municipal<\/td><td class=\"column-7\">2023-11-29 00:00:00<\/td><td class=\"column-8\">Acuerdo<\/td><td class=\"column-9\">Interna en el Ayuntamiento de Cuernavaca<\/td><td class=\"column-10\">P\u00e1gina 1 a 3. considerandos; P\u00e1gina 4. acuerdo; P\u00e1gina 4 y 5. Transitorios; P\u00e1gina 5 y 6 lugar, firmas y r\u00fabricas<\/td><td class=\"column-11\">SE CONCEDE PENSI\u00d3N POR JUBILACI\u00d3N AL CIUDADANO MARGARITO LEAL JORGE<\/td><td class=\"column-12\">Administrativa<\/td><td class=\"column-13\">Ning\u00fan sector<\/td><td class=\"column-14\">Ninguno<\/td><td class=\"column-15\">Ninguno<\/td>\n<\/tr>\n<tr class=\"row-16 even\">\n\t<td class=\"column-1\">15<\/td><td class=\"column-2\"><a href=\"https:\/\/cuernavaca.gob.mx\/dmer\/wp-content\/uploads\/2024\/04\/509.-ACUERDO-SO-AC-509-29-XI-2023.-ACUERDO-PENSION-POR-JUBILACION-MARIA-DE-LA-PAZ-AGUILAR-CERON.docx\" rel=\"noopener\" target=\"_blank\">ACUERDO SO\/AC-509\/29-XI-2023 POR EL QUE SE CONCEDE PENSI\u00d3N POR JUBILACI\u00d3N A LA CIUDADANA MAR\u00cdA DE LA PAZ AGUILAR CER\u00d3N, EN CUMPLIMIENTO A LO ORDENADO POR EL JUZGADO SEGUNDO DE DISTRITO EN EL ESTADO DE MORELOS, DENTRO DEL JUICIO DE AMPARO 855\/2023<\/a><\/td><td class=\"column-3\">SDEyT\/DMR\/02\/2024-SA<\/td><td class=\"column-4\"><a href=\"https:\/\/cuernavaca.gob.mx\/dmer\/wp-content\/uploads\/2024\/04\/Exencion-Acuerdo-SOAC-50929-XI-2023-POR-EL-QUE-SE-CONCEDE-PENSION-POR-JUBILACION-A-LA-CIUDADANA-MARIA-DE-LA-PAZ-AGUILAR-CERON-EN-CUMPLIMIENTO-.docx\" rel=\"noopener\" target=\"_blank\">Exenci\u00f3n de elaborar el AIR<\/a><\/td><td class=\"column-5\">Cabildo<\/td><td class=\"column-6\">Consejer\u00eda Jur\u00eddica, Secretar\u00eda de Administraci\u00f3n y Tesorer\u00eda Municipal<\/td><td class=\"column-7\">2023-11-29 00:00:00<\/td><td class=\"column-8\">Acuerdo<\/td><td class=\"column-9\">Interna en el Ayuntamiento de Cuernavaca<\/td><td class=\"column-10\">P\u00e1gina 1 a 3. considerandos; P\u00e1gina 3 y 4 acuerdo; P\u00e1gina 4 y 5. Transitorios; P\u00e1gina 5 y 6 lugar, firmas y r\u00fabricas<\/td><td class=\"column-11\">SE CONCEDE PENSI\u00d3N POR JUBILACI\u00d3N A LA CIUDADANA MAR\u00cdA DE LA PAZ AGUILAR CER\u00d3N<\/td><td class=\"column-12\">Administrativa<\/td><td class=\"column-13\">Ning\u00fan sector<\/td><td class=\"column-14\">Ninguno<\/td><td class=\"column-15\">Ninguno<\/td>\n<\/tr>\n<tr class=\"row-17 odd\">\n\t<td class=\"column-1\">16<\/td><td class=\"column-2\"><a href=\"https:\/\/cuernavaca.gob.mx\/dmer\/wp-content\/uploads\/2024\/04\/510.-ACUERDO-SO-AC-510-29-XI-2023.-ACUERDO-PENSION-POR-JUBILACION-SONIA-MORALES-PERALTA.docx\" rel=\"noopener\" target=\"_blank\">ACUERDO SO\/AC-510\/29-XI-2023 POR EL QUE SE CONCEDE PENSI\u00d3N POR JUBILACI\u00d3N A LA CIUDADANA SONIA MORALES PERALTA, EN CUMPLIMIENTO A LO ORDENADO POR EL JUZGADO TERCERO DE DISTRITO EN EL ESTADO DE MORELOS DENTRO DEL JUICIO DE AMPARO 547\/2023<\/a><\/td><td class=\"column-3\">SDEyT\/DMR\/02\/2024-SA<\/td><td class=\"column-4\"><a href=\"https:\/\/cuernavaca.gob.mx\/dmer\/wp-content\/uploads\/2024\/04\/Exencion-Acuerdo-SOAC-51029-XI-2023-POR-EL-QUE-SE-CONCEDE-PENSION-POR-JUBILACION-A-LA-CIUDADANA-SONIA-MORALES-PERALTA.docx\" rel=\"noopener\" target=\"_blank\">Exenci\u00f3n de elaborar el AIR<\/a><\/td><td class=\"column-5\">Cabildo<\/td><td class=\"column-6\">Consejer\u00eda Jur\u00eddica, Secretar\u00eda de Administraci\u00f3n y Tesorer\u00eda Municipal<\/td><td class=\"column-7\">2023-11-29 00:00:00<\/td><td class=\"column-8\">Acuerdo<\/td><td class=\"column-9\">Interna en el Ayuntamiento de Cuernavaca<\/td><td class=\"column-10\">P\u00e1gina 1 a 3. considerandos; P\u00e1gina 3 y 4 acuerdo; P\u00e1gina 4 y 5. Transitorios; P\u00e1gina 5 y 6 lugar, firmas y r\u00fabricas<\/td><td class=\"column-11\">SE CONCEDE PENSI\u00d3N POR JUBILACI\u00d3N A LA CIUDADANA SONIA MORALES PERALTA<\/td><td class=\"column-12\">Administrativa<\/td><td class=\"column-13\">Ning\u00fan sector<\/td><td class=\"column-14\">Ninguno<\/td><td class=\"column-15\">Ninguno<\/td>\n<\/tr>\n<tr class=\"row-18 even\">\n\t<td class=\"column-1\">17<\/td><td class=\"column-2\"><a href=\"https:\/\/cuernavaca.gob.mx\/dmer\/wp-content\/uploads\/2024\/04\/511.-ACUERDO-SO-AC-511-29-XI-2023.-ACUERDO-PENSION-POR-JUBILACION-SUSANNE-ALICIA-BALBUENA-CORONA.docx\" rel=\"noopener\" target=\"_blank\">ACUERDO SO\/AC-511\/29-XI-2023 POR EL QUE SE CONCEDE PENSI\u00d3N POR JUBILACI\u00d3N A LA CIUDADANA SUSANNE ALICIA BALBUENA CORONA, EN CUMPLIMIENTO A LO ORDENADO POR EL TRIBUNAL DE JUSTICIA ADMINISTRATIVA DEL ESTADO DE MORELOS DENTRO DEL JUICIO ADMINISTRATIVO TJA\/5\u00aa<\/a><\/td><td class=\"column-3\">SDEyT\/DMR\/02\/2024-SA<\/td><td class=\"column-4\"><a href=\"https:\/\/cuernavaca.gob.mx\/dmer\/wp-content\/uploads\/2024\/04\/Exencion-Acuerdo-SOAC-51129-XI-2023-POR-EL-QUE-SE-CONCEDE-PENSION-POR-JUBILACION-A-LA-CIUDADANA-SUSANNE-ALICIA-BALBUENA-CORONA-EN-CUMPLIMIENTO-A-LO-ORDENADO-POR-EL-.docx\" rel=\"noopener\" target=\"_blank\">Exenci\u00f3n de elaborar el AIR<\/a><\/td><td class=\"column-5\">Cabildo<\/td><td class=\"column-6\">Consejer\u00eda Jur\u00eddica, Secretar\u00eda de Administraci\u00f3n y Tesorer\u00eda Municipal<\/td><td class=\"column-7\">2023-11-29 00:00:00<\/td><td class=\"column-8\">Acuerdo<\/td><td class=\"column-9\">Interna en el Ayuntamiento de Cuernavaca<\/td><td class=\"column-10\">P\u00e1gina 1 a 4. considerandos; P\u00e1gina 4 y 5 acuerdo; P\u00e1gina 5 y 6. Transitorios y lugar; P\u00e1gina 6 y 7. firmas y r\u00fabricas<\/td><td class=\"column-11\">SE CONCEDE PENSI\u00d3N POR JUBILACI\u00d3N A LA CIUDADANA SUSANNE ALICIA BALBUENA CORONA<\/td><td class=\"column-12\">Administrativa<\/td><td class=\"column-13\">Ning\u00fan sector<\/td><td class=\"column-14\">Ninguno<\/td><td class=\"column-15\">Ninguno<\/td>\n<\/tr>\n<tr class=\"row-19 odd\">\n\t<td class=\"column-1\">18<\/td><td class=\"column-2\"><a href=\"https:\/\/cuernavaca.gob.mx\/dmer\/wp-content\/uploads\/2024\/04\/512.-ACUERDO-SO-AC-512-29-XI-2023.-ACUERDO-PENSION-POR-JUBILACION-FRANCISCO-ISAAC-RANGEL-FLORES.docx\" rel=\"noopener\" target=\"_blank\">ACUERDO SO\/AC-512\/29-XI-2023 POR EL QUE SE CONCEDE PENSI\u00d3N POR JUBILACI\u00d3N Y JERARQU\u00cdA INMEDIATA SUPERIOR AL CIUDADANO FRANCISCO ISAAC RANGEL FLORES, EN CUMPLIMIENTO A LO ORDENADO POR EL TRIBUNAL DE JUSTICIA ADMINISTRATIVA DEL ESTADO DE MORELOS DENTRO DEL<\/a><\/td><td class=\"column-3\">SDEyT\/DMR\/02\/2024-SA<\/td><td class=\"column-4\"><a href=\"https:\/\/cuernavaca.gob.mx\/dmer\/wp-content\/uploads\/2024\/04\/Exencion-Acuerdo-SOAC-51229-XI-2023-POR-EL-QUE-SE-CONCEDE-PENSION-POR-JUBILACION-Y-JERARQUIA-INMEDIATA-SUPERIOR-AL-CIUDADANO-FRANCISCO-ISAAC-RANGEL-FLORES-.docx\" rel=\"noopener\" target=\"_blank\">Exenci\u00f3n de elaborar el AIR<\/a><\/td><td class=\"column-5\">Cabildo<\/td><td class=\"column-6\">Consejer\u00eda Jur\u00eddica, Secretar\u00eda de Administraci\u00f3n y Tesorer\u00eda Municipal<\/td><td class=\"column-7\">2023-11-29 00:00:00<\/td><td class=\"column-8\">Acuerdo<\/td><td class=\"column-9\">Interna en el Ayuntamiento de Cuernavaca<\/td><td class=\"column-10\">P\u00e1gina 1 a 4. considerandos; P\u00e1gina 4 y 5 acuerdo; P\u00e1gina 5 y 6. Transitorios y lugar; P\u00e1gina 6 y 7. firmas y r\u00fabricas<\/td><td class=\"column-11\">SE CONCEDE PENSI\u00d3N POR JUBILACI\u00d3N Y JERARQU\u00cdA INMEDIATA SUPERIOR AL CIUDADANO FRANCISCO ISAAC RANGEL FLORES<\/td><td class=\"column-12\">Administrativa<\/td><td class=\"column-13\">Ning\u00fan sector<\/td><td class=\"column-14\">Ninguno<\/td><td class=\"column-15\">Ninguno<\/td>\n<\/tr>\n<tr class=\"row-20 even\">\n\t<td class=\"column-1\">19<\/td><td class=\"column-2\"><a href=\"https:\/\/cuernavaca.gob.mx\/dmer\/wp-content\/uploads\/2024\/04\/513.-ACUERDO-SO-AC-513-29-XI-2023.-ACUERDO-PENSION-POR-JUBILACION-JORGE-CRUZ-RENDON.docx\" rel=\"noopener\" target=\"_blank\">ACUERDO SO\/AC-513\/29-XI-2023 POR EL QUE SE CONCEDE PENSI\u00d3N POR JUBILACI\u00d3N Y JERARQU\u00cdA INMEDIATA SUPERIOR AL CIUDADANO JORGE CRUZ REND\u00d3N, EN CUMPLIMIENTO A LO ORDENADO POR EL TRIBUNAL DE JUSTICIA ADMINISTRATIVA DEL ESTADO DE MORELOS DENTRO DEL JUICIO ADMIN<\/a><\/td><td class=\"column-3\">SDEyT\/DMR\/02\/2024-SA<\/td><td class=\"column-4\"><a href=\"https:\/\/cuernavaca.gob.mx\/dmer\/wp-content\/uploads\/2024\/04\/Exencion-Acuerdo-SOAC-51329-XI-2023-POR-EL-QUE-SE-CONCEDE-PENSION-POR-JUBILACION-Y-JERARQUIA-INMEDIATA-SUPERIOR-AL-CIUDADANO-JORGE-CRUZ-RENDON-EN-CUMPLIMIENTO-.docx\" rel=\"noopener\" target=\"_blank\">Exenci\u00f3n de elaborar el AIR<\/a><\/td><td class=\"column-5\">Cabildo<\/td><td class=\"column-6\">Consejer\u00eda Jur\u00eddica, Secretar\u00eda de Administraci\u00f3n y Tesorer\u00eda Municipal<\/td><td class=\"column-7\">2023-11-29 00:00:00<\/td><td class=\"column-8\">Acuerdo<\/td><td class=\"column-9\">Interna en el Ayuntamiento de Cuernavaca<\/td><td class=\"column-10\">P\u00e1gina 1 a 4. considerandos; P\u00e1gina 4 y 5 acuerdo; P\u00e1gina 5 y 6. Transitorios y lugar; P\u00e1gina 6 y 7. firmas y r\u00fabricas<\/td><td class=\"column-11\">SE CONCEDE PENSI\u00d3N POR JUBILACI\u00d3N Y JERARQU\u00cdA INMEDIATA SUPERIOR AL CIUDADANO JORGE CRUZ REND\u00d3N<\/td><td class=\"column-12\">Administrativa<\/td><td class=\"column-13\">Ning\u00fan sector<\/td><td class=\"column-14\">Ninguno<\/td><td class=\"column-15\">Ninguno<\/td>\n<\/tr>\n<tr class=\"row-21 odd\">\n\t<td class=\"column-1\">20<\/td><td class=\"column-2\"><a href=\"https:\/\/cuernavaca.gob.mx\/dmer\/wp-content\/uploads\/2024\/04\/514.-ACUERDO-SO-AC-514-29-XI-2023.-ACUERDO-PENSION-POR-JUBILACION-TOMAS-LIBRADO-SALGADO.docx\" rel=\"noopener\" target=\"_blank\">ACUERDO  SO\/AC-514\/29-XI-2023 POR EL QUE SE CONCEDE PENSI\u00d3N POR JUBILACI\u00d3N Y JERARQU\u00cdA INMEDIATA SUPERIOR AL CIUDADANO TOM\u00c1S LIBRADO SALGADO, EN CUMPLIMIENTO A LO ORDENADO POR EL TRIBUNAL DE JUSTICIA ADMINISTRATIVA DEL ESTADO DE MORELOS DENTRO DEL JUICIO <\/a><\/td><td class=\"column-3\">SDEyT\/DMR\/02\/2024-SA<\/td><td class=\"column-4\"><a href=\"https:\/\/cuernavaca.gob.mx\/dmer\/wp-content\/uploads\/2024\/04\/Exencion-Acuerdo-SOAC-51429-XI-2023-POR-EL-QUE-SE-CONCEDE-PENSION-POR-JUBILACION-Y-JERARQUIA-INMEDIATA-SUPERIOR-AL-CIUDADANO-TOMAS-LIBRADO-SALGADO-EN-CUMPLIMIENTO-.docx\" rel=\"noopener\" target=\"_blank\">Exenci\u00f3n de elaborar el AIR<\/a><\/td><td class=\"column-5\">Cabildo<\/td><td class=\"column-6\">Consejer\u00eda Jur\u00eddica, Secretar\u00eda de Administraci\u00f3n y Tesorer\u00eda Municipal<\/td><td class=\"column-7\">2023-11-29 00:00:00<\/td><td class=\"column-8\">Acuerdo<\/td><td class=\"column-9\">Interna en el Ayuntamiento de Cuernavaca<\/td><td class=\"column-10\">P\u00e1gina 1 a 3. considerandos; P\u00e1gina 4 y 5. acuerdo; P\u00e1gina 5. Transitorios y lugar; P\u00e1gina 6 firmas y r\u00fabricas<\/td><td class=\"column-11\">SE CONCEDE PENSI\u00d3N POR JUBILACI\u00d3N Y JERARQU\u00cdA INMEDIATA SUPERIOR AL CIUDADANO TOM\u00c1S LIBRADO SALGADO<\/td><td class=\"column-12\">Administrativa<\/td><td class=\"column-13\">Ning\u00fan sector<\/td><td class=\"column-14\">Ninguno<\/td><td class=\"column-15\">Ninguno<\/td>\n<\/tr>\n<tr class=\"row-22 even\">\n\t<td class=\"column-1\">21<\/td><td class=\"column-2\"><a href=\"https:\/\/cuernavaca.gob.mx\/dmer\/wp-content\/uploads\/2024\/04\/517.-ACUERDO-SO-AC-517-13-XII-2023.-ACUERDO-50-PREDIAL-Y-30-A-FAMILIARES-EN-LINEA-RECTA.docx\">ACUERDO SO\/AC-517\/13-XII-2023 QUE AUTORIZA LA APLICACI\u00d3N DE ESTIMULOS FISCALES DE UN 50% EN IMPUESTO PREDIAL Y SERVICIOS P\u00daBLICOS MUNICIPALES A TRABAJADORES SINDICALIZADOS, JUBILADOS, PENSIONADOS E INCAPACITADOS PERMANENTES DEL AYUNTAMIENTO DE CUERNAVACA,<\/a><\/td><td class=\"column-3\">SDEyT\/DMR\/01\/2024-SA<\/td><td class=\"column-4\"><a href=\"https:\/\/cuernavaca.gob.mx\/dmer\/wp-content\/uploads\/2024\/04\/Exencion-Acuerdo-SOAC-51713-XII-2023-.pdf\">Exenci\u00f3n de elaborar el AIR<\/a><\/td><td class=\"column-5\">Cabildo<\/td><td class=\"column-6\">Tesorer\u00eda Municipal<\/td><td class=\"column-7\">2023-12-13 00:00:00<\/td><td class=\"column-8\">Acuerdo<\/td><td class=\"column-9\">Interna en el Ayuntamiento de Cuernavaca<\/td><td class=\"column-10\">P\u00e1gina 1. considerandos; p\u00e1gina 2 y 3. acuerdo; P\u00e1gina 3 . transitorios y lugar; P\u00e1gina 4 firmas y r\u00fabricas<\/td><td class=\"column-11\">AUTORIZA LA APLICACI\u00d3N DE ESTIMULOS FISCALES DE UN 50% EN IMPUESTO PREDIAL Y SERVICIOS P\u00daBLICOS MUNICIPALES A TRABAJADORES SINDICALIZADOS, JUBILADOS, PENSIONADOS E INCAPACITADOS PERMANENTES DEL AYUNTAMIENTO DE CUERNAVACA, AS\u00cd COMO EL 30% A FAMILIARES EN LINEA RECTA, PARA EL PAGO ANTICIPADO DEL EJERCICIO FISCAL 2024<\/td><td class=\"column-12\">Administrativa<\/td><td class=\"column-13\">Ning\u00fan sector<\/td><td class=\"column-14\">Ninguno<\/td><td class=\"column-15\">Ninguno<\/td>\n<\/tr>\n<tr class=\"row-23 odd\">\n\t<td class=\"column-1\">22<\/td><td class=\"column-2\"><a href=\"https:\/\/cuernavaca.gob.mx\/dmer\/wp-content\/uploads\/2024\/04\/518.-ACUERDO-SO-AC-518-13-XII-2023.-ACUERDO-REGLAMENTO-MUCIC.docx\">ACUERDO  SO\/AC-518\/13-XII-2023 QUE APRUEBA EL REGLAMENTO DEL MUSEO DE LA CIUDAD DE CUERNAVACA<\/a><\/td><td class=\"column-3\">SDEyT\/DMR\/01\/2024-SA<\/td><td class=\"column-4\"><a href=\"https:\/\/cuernavaca.gob.mx\/dmer\/wp-content\/uploads\/2024\/04\/Exencion-Acuerdo-SOAC-51813-XII-2023-QUE-APRUEBA-EL-REGLAMENTO-DEL-MUSEO-DE-LA-CIUDAD-DE-CUERNAVACA.docx\">Exenci\u00f3n de elaborar el AIR<\/a><\/td><td class=\"column-5\">Cabildo<\/td><td class=\"column-6\">Secretar\u00eda de Desarrollo Humano y Participaci\u00f3n Social<\/td><td class=\"column-7\">2023-12-13 00:00:00<\/td><td class=\"column-8\">Reglamento<\/td><td class=\"column-9\">Interna en el Ayuntamiento de Cuernavaca<\/td><td class=\"column-10\">P\u00e1gina 1 y 2; Considerandos; Pagina 3. Acuerdo; P\u00e1gina 3 a 13. Cap\u00edtulos y art\u00edculos; P\u00e1gina 13 a 14. transitorios y lugar; P\u00e1gina 14 a 15. firmas y r\u00fabricas<\/td><td class=\"column-11\">REGLAMENTO DEL MUSEO DE LA CIUDAD DE CUERNAVACA<\/td><td class=\"column-12\">Administrativa<\/td><td class=\"column-13\">Cultura<\/td><td class=\"column-14\">Ninguno<\/td><td class=\"column-15\">Ninguno<\/td>\n<\/tr>\n<tr class=\"row-24 even\">\n\t<td class=\"column-1\">23<\/td><td class=\"column-2\"><a href=\"https:\/\/cuernavaca.gob.mx\/dmer\/wp-content\/uploads\/2024\/04\/519.-ACUERDO-SO-AC-519-13-XII-2023.-ACUERDO-PENSION-CESANTIA-ALBINO-ROGEL-DOMINGUEZ.docx\">ACUERDO  SO\/AC-519\/13-XII-2023 POR EL QUE SE CONCEDE PENSI\u00d3N POR CESANT\u00cdA EN EDAD AVANZADA AL CIUDADANO ALBINO ROGEL DOM\u00cdNGUEZ, EN CUMPLIMIENTO A LO ORDENADO POR EL JUZGADO TERCERO DE DISTRITO EN EL ESTADO DE MORELOS, DENTRO DEL JUICIO DE AMPARO 663\/2023<\/a><\/td><td class=\"column-3\">SDEyT\/DMR\/01\/2024-SA<\/td><td class=\"column-4\"><a href=\"https:\/\/cuernavaca.gob.mx\/dmer\/wp-content\/uploads\/2024\/04\/Exencion-Acuerdo-SOAC-51913-XII-2023-.pdf\">Exenci\u00f3n de elaborar el AIR<\/a><\/td><td class=\"column-5\">Cabildo<\/td><td class=\"column-6\">Consejer\u00eda Jur\u00eddica, Secretar\u00eda de Administraci\u00f3n y Tesorer\u00eda Municipal<\/td><td class=\"column-7\">2023-12-13 00:00:00<\/td><td class=\"column-8\">Acuerdo<\/td><td class=\"column-9\">Interna en el Ayuntamiento de Cuernavaca<\/td><td class=\"column-10\">P\u00e1gina 1 a 3. considerandos; P\u00e1gina 4. acuerdo; P\u00e1gina 5. Transitorios y lugar; P\u00e1gina 5 y 6 firmas y r\u00fabricas<\/td><td class=\"column-11\">SE CONCEDE PENSI\u00d3N POR CESANT\u00cdA EN EDAD AVANZADA AL CIUDADANO ALBINO ROGEL DOM\u00cdNGUEZ<\/td><td class=\"column-12\">Administrativa<\/td><td class=\"column-13\">Ning\u00fan sector<\/td><td class=\"column-14\">Ninguno<\/td><td class=\"column-15\">Ninguno<\/td>\n<\/tr>\n<tr class=\"row-25 odd\">\n\t<td class=\"column-1\">24<\/td><td class=\"column-2\">ACUERDO SO\/AC-520\/13-XII-2023 POR EL QUE SE CONCEDE PENSI\u00d3N POR CESANT\u00cdA EN EDAD AVANZADA A LA CIUDADANA MAR\u00cdA MIRIAM PRIETO JURADO EN CUMPLIMIENTO A LO ORDENADO POR EL JUZGADO CUARTO DE DISTRITO EN EL ESTADO DE MORELOS, DENTRO DEL JUICIO DE AMPARO 613\/20<\/td><td class=\"column-3\">SDEyT\/DMR\/01\/2024-SA<\/td><td class=\"column-4\">Exenci\u00f3n de elaborar el AIR<\/td><td class=\"column-5\">Cabildo<\/td><td class=\"column-6\">Consejer\u00eda Jur\u00eddica, Secretar\u00eda de Administraci\u00f3n y Tesorer\u00eda Municipal<\/td><td class=\"column-7\">2023-12-13 00:00:00<\/td><td class=\"column-8\">Acuerdo<\/td><td class=\"column-9\">Interna en el Ayuntamiento de Cuernavaca<\/td><td class=\"column-10\">P\u00e1gina 1 a 4. considerandos; P\u00e1gina 5. acuerdo; P\u00e1gina 5. Transitorios y lugar; P\u00e1gina 5 y 6 firmas y r\u00fabricas<\/td><td class=\"column-11\">SE CONCEDE PENSI\u00d3N POR CESANT\u00cdA EN EDAD AVANZADA A LA CIUDADANA MAR\u00cdA MIRIAM PRIETO JURADO <\/td><td class=\"column-12\">Administrativa<\/td><td class=\"column-13\">Ning\u00fan sector<\/td><td class=\"column-14\">Ninguno<\/td><td class=\"column-15\">Ninguno<\/td>\n<\/tr>\n<tr class=\"row-26 even\">\n\t<td class=\"column-1\">25<\/td><td class=\"column-2\">ACUERDO  SO\/AC-521\/13-XII-2023 POR EL QUE SE CONCEDE PENSI\u00d3N POR JUBILACI\u00d3N AL CIUDADANO AD\u00c1N ORT\u00cdZ QUINTERO, EN CUMPLIMIENTO A LO ORDENADO POR EL JUZGADO SEGUNDO DE DISTRITO EN EL ESTADO DE MORELOS, DENTRO DEL JUICIO DE AMPARO 953\/2023<\/td><td class=\"column-3\">SDEyT\/DMR\/01\/2024-SA<\/td><td class=\"column-4\">Exenci\u00f3n de elaborar el AIR<\/td><td class=\"column-5\">Cabildo<\/td><td class=\"column-6\">Consejer\u00eda Jur\u00eddica, Secretar\u00eda de Administraci\u00f3n y Tesorer\u00eda Municipal<\/td><td class=\"column-7\">2023-12-13 00:00:00<\/td><td class=\"column-8\">Acuerdo<\/td><td class=\"column-9\">Interna en el Ayuntamiento de Cuernavaca<\/td><td class=\"column-10\">P\u00e1gina 1 a 3. considerandos; P\u00e1gina 3 y 4. acuerdo; P\u00e1gina 4 y 5. Transitorios y lugar; P\u00e1gina 5 y 6 firmas y r\u00fabricas<\/td><td class=\"column-11\">SE CONCEDE PENSI\u00d3N POR JUBILACI\u00d3N AL CIUDADANO AD\u00c1N ORT\u00cdZ QUINTERO<\/td><td class=\"column-12\">Administrativa<\/td><td class=\"column-13\">Ning\u00fan sector<\/td><td class=\"column-14\">Ninguno<\/td><td class=\"column-15\">Ninguno<\/td>\n<\/tr>\n<tr class=\"row-27 odd\">\n\t<td class=\"column-1\">26<\/td><td class=\"column-2\">ACUERDO SO\/AC-522\/13-XII-2023 POR EL QUE SE CONCEDE PENSI\u00d3N POR JUBILACI\u00d3N AL CIUDADANO ERASMO VEL\u00c1ZQUEZ RODR\u00cdGUEZ, EN CUMPLIMIENTO A LO ORDENADO POR EL TRIBUNAL DE JUSTICIA ADMINISTRATIVA DEL ESTADO DE MORELOS, DENTRO DEL JUICIO ADMINISTRATIVO TJA\/5\u00aaSERA<\/td><td class=\"column-3\">SDEyT\/DMR\/01\/2024-SA<\/td><td class=\"column-4\">Exenci\u00f3n de elaborar el AIR<\/td><td class=\"column-5\">Cabildo<\/td><td class=\"column-6\">Consejer\u00eda Jur\u00eddica, Secretar\u00eda de Administraci\u00f3n y Tesorer\u00eda Municipal<\/td><td class=\"column-7\">2023-12-13 00:00:00<\/td><td class=\"column-8\">Acuerdo<\/td><td class=\"column-9\">Interna en el Ayuntamiento de Cuernavaca<\/td><td class=\"column-10\">P\u00e1gina 1 a 6. considerandos; P\u00e1gina 6 y 7. acuerdo; P\u00e1gina 7 y 8. Transitorios y lugar; P\u00e1gina 8 y 9 firmas y r\u00fabricas<\/td><td class=\"column-11\">SE CONCEDE PENSI\u00d3N POR JUBILACI\u00d3N AL CIUDADANO ERASMO VEL\u00c1ZQUEZ RODR\u00cdGUEZ<\/td><td class=\"column-12\">Administrativa<\/td><td class=\"column-13\">Ning\u00fan sector<\/td><td class=\"column-14\">Ninguno<\/td><td class=\"column-15\">Ninguno<\/td>\n<\/tr>\n<tr class=\"row-28 even\">\n\t<td class=\"column-1\">27<\/td><td class=\"column-2\">ACUERDO SO\/AC-524\/13-XII-2023 POR EL QUE SE CONCEDE PENSI\u00d3N POR CESANT\u00cdA EN EDAD AVANZADA AL CIUDADANO GILBERTO BARRERA HERN\u00c1NDEZ EN CUMPLIMIENTO A LO ORDENADO POR EL JUZGADO CUARTO DE DISTRITO EN EL ESTADO DE MORELOS, DENTRO DEL JUICIO DE AMPARO 209\/2023<\/td><td class=\"column-3\">SDEyT\/DMR\/01\/2024-SA<\/td><td class=\"column-4\">Exenci\u00f3n de elaborar el AIR<\/td><td class=\"column-5\">Cabildo<\/td><td class=\"column-6\">Consejer\u00eda Jur\u00eddica, Secretar\u00eda de Administraci\u00f3n y Tesorer\u00eda Municipal<\/td><td class=\"column-7\">2023-12-13 00:00:00<\/td><td class=\"column-8\">Acuerdo<\/td><td class=\"column-9\">Interna en el Ayuntamiento de Cuernavaca<\/td><td class=\"column-10\">P\u00e1gina 1 a 4. considerandos; P\u00e1gina 5. acuerdo; P\u00e1gina 6. Transitorios y lugar; P\u00e1gina 6 y 7 firmas y r\u00fabricas<\/td><td class=\"column-11\">SE CONCEDE PENSI\u00d3N POR CESANT\u00cdA EN EDAD AVANZADA AL CIUDADANO GILBERTO BARRERA HERN\u00c1NDEZ<\/td><td class=\"column-12\">Administrativa<\/td><td class=\"column-13\">Ning\u00fan sector<\/td><td class=\"column-14\">Ninguno<\/td><td class=\"column-15\">Ninguno<\/td>\n<\/tr>\n<tr class=\"row-29 odd\">\n\t<td class=\"column-1\">28<\/td><td class=\"column-2\">ACUERDO  SO\/AC-526\/13-XII-2023 POR EL QUE SE CONCEDE PENSI\u00d3N POR JUBILACI\u00d3N AL CIUDADANO MARLON OMAR TORRES SILVESTRE, EN CUMPLIMIENTO A LO ORDENADO POR EL TRIBUNAL DE JUSTICIA ADMINISTRATIVA DEL ESTADO DE MORELOS, DENTRO DEL JUICIO ADMINISTRATIVO TJA\/5\u00aaS<\/td><td class=\"column-3\">SDEyT\/DMR\/03\/2024-SA<\/td><td class=\"column-4\">Exenci\u00f3n de elaborar el AIR<\/td><td class=\"column-5\">Cabildo<\/td><td class=\"column-6\">Consejer\u00eda Jur\u00eddica, Secretar\u00eda de Administraci\u00f3n y Tesorer\u00eda Municipal<\/td><td class=\"column-7\">2023-12-13 00:00:00<\/td><td class=\"column-8\">Acuerdo<\/td><td class=\"column-9\">Interna en el Ayuntamiento de Cuernavaca<\/td><td class=\"column-10\">P\u00e1gina 1 a 3. considerandos; P\u00e1gina 4. acuerdo; P\u00e1gina 5. Transitorios y lugar; P\u00e1gina 6 firmas y r\u00fabricas<\/td><td class=\"column-11\">SE CONCEDE PENSI\u00d3N POR JUBILACI\u00d3N AL CIUDADANO MARLON OMAR TORRES SILVESTRE<\/td><td class=\"column-12\">Administrativa<\/td><td class=\"column-13\">Ning\u00fan sector<\/td><td class=\"column-14\">Ninguno<\/td><td class=\"column-15\">Ninguno<\/td>\n<\/tr>\n<tr class=\"row-30 even\">\n\t<td class=\"column-1\">29<\/td><td class=\"column-2\">ACUERDO SO\/AC-527\/13-XII-2023 POR EL QUE SE CONCEDE PENSI\u00d3N POR JUBILACI\u00d3N AL CIUDADANO NAHUM BALBUENA CRUZ, EN CUMPLIMIENTO A LO ORDENADO POR EL TRIBUNAL DE JUSTICIA ADMINISTRATIVA DEL ESTADO DE MORELOS, DENTRO DEL JUICIO ADMINISTRATIVO TJA\/5\u00aaSERA\/JDNF-0<\/td><td class=\"column-3\">SDEyT\/DMR\/03\/2024-SA<\/td><td class=\"column-4\">Exenci\u00f3n de elaborar el AIR<\/td><td class=\"column-5\">Cabildo<\/td><td class=\"column-6\">Consejer\u00eda Jur\u00eddica, Secretar\u00eda de Administraci\u00f3n y Tesorer\u00eda Municipal<\/td><td class=\"column-7\">2023-12-13 00:00:00<\/td><td class=\"column-8\">Acuerdo<\/td><td class=\"column-9\">Interna en el Ayuntamiento de Cuernavaca<\/td><td class=\"column-10\">P\u00e1gina 1 a 3. considerandos; P\u00e1gina 4. acuerdo; P\u00e1gina 5. Transitorios y lugar; P\u00e1gina 6 firmas y r\u00fabricas<\/td><td class=\"column-11\">SE CONCEDE PENSI\u00d3N POR JUBILACI\u00d3N AL CIUDADANO NAHUM BALBUENA CRUZ<\/td><td class=\"column-12\">Administrativa<\/td><td class=\"column-13\">Ning\u00fan sector<\/td><td class=\"column-14\">Ninguno<\/td><td class=\"column-15\">Ninguno<\/td>\n<\/tr>\n<tr class=\"row-31 odd\">\n\t<td class=\"column-1\">30<\/td><td class=\"column-2\">ACUERDO SO\/AC-529\/13-XII-2023 POR EL QUE SE CONCEDE PENSI\u00d3N POR JUBILACI\u00d3N Y JERARQU\u00cdA INMEDIATA SUPERIOR AL CIUDADANO OMAR TER\u00c1N MART\u00cdNEZ, EN CUMPLIMIENTO A LO ORDENADO POR EL TRIBUNAL DE JUSTICIA ADMINISTRATIVA DEL ESTADO DE MORELOS, DENTRO DEL JUICIO A<\/td><td class=\"column-3\">SDEyT\/DMR\/03\/2024-SA<\/td><td class=\"column-4\">Exenci\u00f3n de elaborar el AIR<\/td><td class=\"column-5\">Cabildo<\/td><td class=\"column-6\">Consejer\u00eda Jur\u00eddica, Secretar\u00eda de Administraci\u00f3n y Tesorer\u00eda Municipal<\/td><td class=\"column-7\">2023-12-13 00:00:00<\/td><td class=\"column-8\">Acuerdo<\/td><td class=\"column-9\">Interna en el Ayuntamiento de Cuernavaca<\/td><td class=\"column-10\">P\u00e1gina 1 a 4. considerandos; P\u00e1gina 4 y 5. acuerdo; P\u00e1gina 6. Transitorios y lugar; P\u00e1gina 6 y 7 firmas y r\u00fabricas<\/td><td class=\"column-11\">SE CONCEDE PENSI\u00d3N POR JUBILACI\u00d3N Y JERARQU\u00cdA INMEDIATA SUPERIOR AL CIUDADANO OMAR TER\u00c1N MART\u00cdNEZ<\/td><td class=\"column-12\">Administrativa<\/td><td class=\"column-13\">Ning\u00fan sector<\/td><td class=\"column-14\">Ninguno<\/td><td class=\"column-15\">Ninguno<\/td>\n<\/tr>\n<tr class=\"row-32 even\">\n\t<td class=\"column-1\">31<\/td><td class=\"column-2\">ACUERDO  SO\/AC-530\/13-XII-2023 POR EL QUE SE CONCEDE PENSI\u00d3N POR JUBILACI\u00d3N Y JERARQU\u00cdA INMEDIATA SUPERIOR AL CIUDADANO ROGELIO GARC\u00cdA GARC\u00cdA, EN CUMPLIMIENTO A LO ORDENADO POR EL TRIBUNAL DE JUSTICIA ADMINISTRATIVA DEL ESTADO DE MORELOS, DENTRO DEL JUICI<\/td><td class=\"column-3\">SDEyT\/DMR\/03\/2024-SA<\/td><td class=\"column-4\">Exenci\u00f3n de elaborar el AIR<\/td><td class=\"column-5\">Cabildo<\/td><td class=\"column-6\">Consejer\u00eda Jur\u00eddica, Secretar\u00eda de Administraci\u00f3n y Tesorer\u00eda Municipal<\/td><td class=\"column-7\">2023-12-13 00:00:00<\/td><td class=\"column-8\">Acuerdo<\/td><td class=\"column-9\">Interna en el Ayuntamiento de Cuernavaca<\/td><td class=\"column-10\">P\u00e1gina 1 a 4. considerandos; P\u00e1gina 4 y 5. acuerdo; P\u00e1gina 5 y 6. Transitorios y lugar; P\u00e1gina 6 y 7 firmas y r\u00fabricas<\/td><td class=\"column-11\">SE CONCEDE PENSI\u00d3N POR JUBILACI\u00d3N Y JERARQU\u00cdA INMEDIATA SUPERIOR AL CIUDADANO ROGELIO GARC\u00cdA GARC\u00cdA<\/td><td class=\"column-12\">Administrativa<\/td><td class=\"column-13\">Ning\u00fan sector<\/td><td class=\"column-14\">Ninguno<\/td><td class=\"column-15\">Ninguno<\/td>\n<\/tr>\n<tr class=\"row-33 odd\">\n\t<td class=\"column-1\">32<\/td><td class=\"column-2\">ACUERDO SO\/AC-531\/13-XII-2023 POR EL QUE SE CONCEDE PENSI\u00d3N POR JUBILACI\u00d3N Y JERARQU\u00cdA INMEDIATA SUPERIOR AL CIUDADANO VALDEMAR CORONEL G\u00d3MEZ, EN CUMPLIMIENTO A LO ORDENADO POR EL TRIBUNAL DE JUSTICIA ADMINISTRATIVA DEL ESTADO DE MORELOS, DENTRO DEL JUICI<\/td><td class=\"column-3\">SDEyT\/DMR\/03\/2024-SA<\/td><td class=\"column-4\">Exenci\u00f3n de elaborar el AIR<\/td><td class=\"column-5\">Cabildo<\/td><td class=\"column-6\">Consejer\u00eda Jur\u00eddica, Secretar\u00eda de Administraci\u00f3n y Tesorer\u00eda Municipal<\/td><td class=\"column-7\">2023-12-13 00:00:00<\/td><td class=\"column-8\">Acuerdo<\/td><td class=\"column-9\">Interna en el Ayuntamiento de Cuernavaca<\/td><td class=\"column-10\">P\u00e1gina 1 a 8. considerandos; P\u00e1gina 9. acuerdo; P\u00e1gina 10. Transitorios y lugar; P\u00e1gina 10 y 11 firmas y r\u00fabricas<\/td><td class=\"column-11\">SE CONCEDE PENSI\u00d3N POR JUBILACI\u00d3N Y JERARQU\u00cdA INMEDIATA SUPERIOR AL CIUDADANO VALDEMAR CORONEL G\u00d3MEZ<\/td><td class=\"column-12\">Administrativa<\/td><td class=\"column-13\">Ning\u00fan sector<\/td><td class=\"column-14\">Ninguno<\/td><td class=\"column-15\">Ninguno<\/td>\n<\/tr>\n<tr class=\"row-34 even\">\n\t<td class=\"column-1\">33<\/td><td class=\"column-2\">ACUERDO  SO\/AC-532\/13-XII-2023 POR EL QUE SE CONCEDE PENSI\u00d3N POR JUBILACI\u00d3N AL CIUDADANO MEDARDO BALDERAS RODR\u00cdGUEZ, EN CUMPLIMIENTO A LO ORDENADO POR EL JUZGADO TERCERO DE DISTRITO EN EL ESTADO DE MORELOS, DENTRO DEL JUICIO DE AMPARO 599\/2023<\/td><td class=\"column-3\">SDEyT\/DMR\/03\/2024-SA<\/td><td class=\"column-4\">Exenci\u00f3n de elaborar el AIR<\/td><td class=\"column-5\">Cabildo<\/td><td class=\"column-6\">Consejer\u00eda Jur\u00eddica, Secretar\u00eda de Administraci\u00f3n y Tesorer\u00eda Municipal<\/td><td class=\"column-7\">2023-12-13 00:00:00<\/td><td class=\"column-8\">Acuerdo<\/td><td class=\"column-9\">Interna en el Ayuntamiento de Cuernavaca<\/td><td class=\"column-10\">P\u00e1gina 1 a 3. considerandos; P\u00e1gina 3 y 4. acuerdo; P\u00e1gina 5 y 6. Transitorios y lugar; P\u00e1gina 6 y 7 firmas y r\u00fabricas<\/td><td class=\"column-11\">SE CONCEDE PENSI\u00d3N POR JUBILACI\u00d3N AL CIUDADANO MEDARDO BALDERAS RODR\u00cdGUEZ<\/td><td class=\"column-12\">Administrativa<\/td><td class=\"column-13\">Ning\u00fan sector<\/td><td class=\"column-14\">Ninguno<\/td><td class=\"column-15\">Ninguno<\/td>\n<\/tr>\n<tr class=\"row-35 odd\">\n\t<td class=\"column-1\">34<\/td><td class=\"column-2\">ACUERDO SO\/AC-533\/13-XII-2023 POR EL QUE SE CONCEDE PENSI\u00d3N POR JUBILACI\u00d3N AL CIUDADANO JUAN GONZ\u00c1LEZ D\u00cdAZ, EN CUMPLIMIENTO A LO ORDENADO POR EL JUZGADO NOVENO DE DISTRITO EN EL ESTADO DE MORELOS, DENTRO DEL JUICIO DE AMPARO 576\/2023<\/td><td class=\"column-3\">SDEyT\/DMR\/03\/2024-SA<\/td><td class=\"column-4\">Exenci\u00f3n de elaborar el AIR<\/td><td class=\"column-5\">Cabildo<\/td><td class=\"column-6\">Consejer\u00eda Jur\u00eddica, Secretar\u00eda de Administraci\u00f3n y Tesorer\u00eda Municipal<\/td><td class=\"column-7\">2023-12-13 00:00:00<\/td><td class=\"column-8\">Acuerdo<\/td><td class=\"column-9\">Interna en el Ayuntamiento de Cuernavaca<\/td><td class=\"column-10\">P\u00e1gina 1 a 4. considerandos; P\u00e1gina 4. acuerdo; P\u00e1gina 5. Transitorios y lugar; P\u00e1gina 6. firmas y r\u00fabricas<\/td><td class=\"column-11\">SE CONCEDE PENSI\u00d3N POR JUBILACI\u00d3N AL CIUDADANO JUAN GONZ\u00c1LEZ D\u00cdAZ<\/td><td class=\"column-12\">Administrativa<\/td><td class=\"column-13\">Ning\u00fan sector<\/td><td class=\"column-14\">Ninguno<\/td><td class=\"column-15\">Ninguno<\/td>\n<\/tr>\n<tr class=\"row-36 even\">\n\t<td class=\"column-1\">35<\/td><td class=\"column-2\">ACUERDO SO\/AC-534\/13-XII-2023 POR EL QUE SE CONCEDE PENSI\u00d3N POR JUBILACI\u00d3N AL CIUDADANO MARCOS ROM\u00c1N ROSAS, EN CUMPLIMIENTO A LO ORDENADO POR EL JUZGADO OCTAVO DE DISTRITO EN EL ESTADO DE MORELOS, DENTRO DEL JUICIO DE AMPARO 661\/2023<\/td><td class=\"column-3\">SDEyT\/DMR\/03\/2024-SA<\/td><td class=\"column-4\">Exenci\u00f3n de elaborar el AIR<\/td><td class=\"column-5\">Cabildo<\/td><td class=\"column-6\">Consejer\u00eda Jur\u00eddica, Secretar\u00eda de Administraci\u00f3n y Tesorer\u00eda Municipal<\/td><td class=\"column-7\">2023-12-13 00:00:00<\/td><td class=\"column-8\">Acuerdo<\/td><td class=\"column-9\">Interna en el Ayuntamiento de Cuernavaca<\/td><td class=\"column-10\">P\u00e1gina 1 a 3. considerandos; P\u00e1gina 3. acuerdo; P\u00e1gina 4. Transitorios y lugar; P\u00e1gina 5. firmas y r\u00fabricas<\/td><td class=\"column-11\">SE CONCEDE PENSI\u00d3N POR JUBILACI\u00d3N AL CIUDADANO MARCOS ROM\u00c1N ROSAS<\/td><td class=\"column-12\">Administrativa<\/td><td class=\"column-13\">Ning\u00fan sector<\/td><td class=\"column-14\">Ninguno<\/td><td class=\"column-15\">Ninguno<\/td>\n<\/tr>\n<tr class=\"row-37 odd\">\n\t<td class=\"column-1\">36<\/td><td class=\"column-2\">ACUERDO SO\/AC-535\/13-XII-2023 POR EL QUE SE CONCEDE PENSI\u00d3N POR JUBILACI\u00d3N Y JERARQU\u00cdA INMEDIATA SUPERIOR AL CIUDADANO FRANCISCO ALDAY CONTRERAS, EN CUMPLIMIENTO A LO ORDENADO POR EL TRIBUNAL DE JUSTICIA ADMINISTRATIVA DEL ESTADO DE MORELOS, DENTRO DEL JU<\/td><td class=\"column-3\">SDEyT\/DMR\/03\/2024-SA<\/td><td class=\"column-4\">Exenci\u00f3n de elaborar el AIR<\/td><td class=\"column-5\">Cabildo<\/td><td class=\"column-6\">Consejer\u00eda Jur\u00eddica, Secretar\u00eda de Administraci\u00f3n y Tesorer\u00eda Municipal<\/td><td class=\"column-7\">2023-12-13 00:00:00<\/td><td class=\"column-8\">Acuerdo<\/td><td class=\"column-9\">Interna en el Ayuntamiento de Cuernavaca<\/td><td class=\"column-10\">P\u00e1gina 1 a 3. considerandos; P\u00e1gina 4. acuerdo; P\u00e1gina 4 y  5. Transitorios y lugar; P\u00e1gina 5 y 6. firmas y r\u00fabricas<\/td><td class=\"column-11\">SE CONCEDE PENSI\u00d3N POR JUBILACI\u00d3N Y JERARQU\u00cdA INMEDIATA SUPERIOR AL CIUDADANO FRANCISCO ALDAY CONTRERAS<\/td><td class=\"column-12\">Administrativa<\/td><td class=\"column-13\">Ning\u00fan sector<\/td><td class=\"column-14\">Ninguno<\/td><td class=\"column-15\">Ninguno<\/td>\n<\/tr>\n<tr class=\"row-38 even\">\n\t<td class=\"column-1\">37<\/td><td class=\"column-2\">ACUERDO SO\/AC-536\/20-XII-2023 QUE AUTORIZA EL DICTAMEN N\u00daMERO SM\/CJ\/05\/2023, EMITIDO POR LA CONSEJER\u00cdA JUR\u00cdDICA, CORRESPONDIENTE A LA DEVOLUCI\u00d3N DE LA CANTIDAD DE $23,766.34 (VEINTITR\u00c9S MIL SETECIENTOS SESENTA Y SEIS PESOS 34\/100 M.N.), A LA MORAL PICACHO<\/td><td class=\"column-3\">SDEyT\/DMR\/03\/2024-SA<\/td><td class=\"column-4\">Exenci\u00f3n de elaborar el AIR<\/td><td class=\"column-5\">Cabildo<\/td><td class=\"column-6\">Consejer\u00eda Jur\u00eddica, Secretar\u00eda de Administraci\u00f3n y Tesorer\u00eda Municipal<\/td><td class=\"column-7\">2023-12-20 00:00:00<\/td><td class=\"column-8\">Acuerdo<\/td><td class=\"column-9\">Interna en el Ayuntamiento de Cuernavaca<\/td><td class=\"column-10\">P\u00e1gina 1 a 2. considerandos; P\u00e1gina 2 y 3. acuerdo; P\u00e1gina 3. Transitorios y lugar; P\u00e1gina 4. firmas y r\u00fabricas<\/td><td class=\"column-11\">AUTORIZA EL DICTAMEN N\u00daMERO SM\/CJ\/05\/2023, EMITIDO POR LA CONSEJER\u00cdA JUR\u00cdDICA, CORRESPONDIENTE A LA DEVOLUCI\u00d3N DE LA CANTIDAD DE $23,766.34 (VEINTITR\u00c9S MIL SETECIENTOS SESENTA Y SEIS PESOS 34\/100 M.N.), A LA MORAL PICACHO AUTOMOTRIZ DE MORELOS S.A. DE C.V., POR PAGO DUPLICADO POR CONCEPTO DE VISITA DE INSPECCI\u00d3N A LAS INSTALACIONES EN SITUACI\u00d3N DE RIESGO ORDINARIO<\/td><td class=\"column-12\">Administrativa<\/td><td class=\"column-13\">Ning\u00fan sector<\/td><td class=\"column-14\">Ninguno<\/td><td class=\"column-15\">Ninguno<\/td>\n<\/tr>\n<tr class=\"row-39 odd\">\n\t<td class=\"column-1\">38<\/td><td class=\"column-2\">ACUERDO SO\/AC-537\/20-XII-2023 QUE AUTORIZA EL CENTRO DE ATENCI\u00d3N DE LLAMADAS DE EMERGENCIA (CALLE) 9-1-1 DE CUERNAVACA, MORELOS Y SU PERMANENCIA DE MANERA INDEFINIDA, AS\u00cd COMO TAMBIEN, LAS REFORMAS AL REGLAMENTO DE GOBIERNO Y LA ADMINISTRACI\u00d3N P\u00daBLICA MUN<\/td><td class=\"column-3\">SDEyT\/DMR\/03\/2024-SA<\/td><td class=\"column-4\">Exenci\u00f3n de elaborar el AIR<\/td><td class=\"column-5\">Cabildo<\/td><td class=\"column-6\">Secretar\u00eda de Protecci\u00f3n y Auxilio Ciudadano<\/td><td class=\"column-7\">2023-12-20 00:00:00<\/td><td class=\"column-8\">Acuerdo<\/td><td class=\"column-9\">Interna en el Ayuntamiento de Cuernavaca<\/td><td class=\"column-10\">P\u00e1gina 1 a 2. considerandos; P\u00e1gina 3 a 6. acuerdo; P\u00e1gina 7. Transitorios y lugar; P\u00e1gina 7 a 8. firmas y r\u00fabricas<\/td><td class=\"column-11\">AUTORIZA EL CENTRO DE ATENCI\u00d3N DE LLAMADAS DE EMERGENCIA (CALLE) 9-1-1 DE CUERNAVACA, MORELOS Y SU PERMANENCIA DE MANERA INDEFINIDA<\/td><td class=\"column-12\">Administrativa<\/td><td class=\"column-13\">Ning\u00fan sector<\/td><td class=\"column-14\">Ninguno<\/td><td class=\"column-15\">Ninguno<\/td>\n<\/tr>\n<tr class=\"row-40 even\">\n\t<td class=\"column-1\">39<\/td><td class=\"column-2\">ACUERDO SO\/AC-538-\/20-XII-2023 QUE APRUEBA EL CORTE DE CAJA DEL AYUNTAMIENTO DE CUERNAVACA, CORRESPONDIENTE AL MES DE NOVIEMBRE DE 2023, LO ANTERIOR CON FUNDAMENTO EN LO DISPUESTO POR EL ART\u00cdCULO 82 FRACCI\u00d3N XI DE LA LEY ORG\u00c1NICA MUNICIPAL DEL ESTADO DE M<\/td><td class=\"column-3\">SDEyT\/DMR\/03\/2024-SA<\/td><td class=\"column-4\">Exenci\u00f3n de elaborar el AIR<\/td><td class=\"column-5\">Cabildo<\/td><td class=\"column-6\">Tesorer\u00eda Municipal<\/td><td class=\"column-7\">2023-12-20 00:00:00<\/td><td class=\"column-8\">Acuerdo<\/td><td class=\"column-9\">Interna en el Ayuntamiento de Cuernavaca<\/td><td class=\"column-10\">P\u00e1gina 1. considerandos; P\u00e1gina 2 a 5. acuerdo; P\u00e1gina 5. Transitorios y lugar; P\u00e1gina 5 a 6. firmas y r\u00fabricas<\/td><td class=\"column-11\">APRUEBA EL CORTE DE CAJA DEL AYUNTAMIENTO DE CUERNAVACA, CORRESPONDIENTE AL MES DE NOVIEMBRE DE 2023<\/td><td class=\"column-12\">Administrativa<\/td><td class=\"column-13\">Ning\u00fan sector<\/td><td class=\"column-14\">Ninguno<\/td><td class=\"column-15\">Ninguno<\/td>\n<\/tr>\n<tr class=\"row-41 odd\">\n\t<td class=\"column-1\">40<\/td><td class=\"column-2\">ACUERDO SO\/AC-539-\/20-XII-2023 QUE AUTORIZA LA MODIFICACI\u00d3N DEL FAEDE 2021 Y 2022, LA MODIFICACI\u00d3N DEL FAEDE ESTATAL 2023, REALIZADA Y APROBADA POR EL CONSEJO MUNICIPAL DE DESARROLLO RURAL SUSTENTABLE DEL MUNICIPIO DE CUERNAVACA<\/td><td class=\"column-3\">SDEyT\/DMR\/03\/2024-SA<\/td><td class=\"column-4\">Exenci\u00f3n de elaborar el AIR<\/td><td class=\"column-5\">Cabildo<\/td><td class=\"column-6\">Secretar\u00eda del Ayuntamiento, Tesorer\u00eda Municipal, Secretar\u00eda de Desarrollo Econ\u00f3mico y Turismo y Consejer\u00eda Jur\u00eddica Municipal<\/td><td class=\"column-7\">2023-12-20 00:00:00<\/td><td class=\"column-8\">Acuerdo<\/td><td class=\"column-9\">Interna en el Ayuntamiento de Cuernavaca<\/td><td class=\"column-10\">P\u00e1gina 1 a 2. considerandos; P\u00e1gina 3. acuerdo; P\u00e1gina 3. Transitorios y lugar; P\u00e1gina 4. firmas y r\u00fabricas<\/td><td class=\"column-11\">AUTORIZA LA MODIFICACI\u00d3N DEL FAEDE 2021 Y 2022, LA MODIFICACI\u00d3N DEL FAEDE ESTATAL 2023<\/td><td class=\"column-12\">Administrativa<\/td><td class=\"column-13\">Ning\u00fan sector<\/td><td class=\"column-14\">Ninguno<\/td><td class=\"column-15\">Ninguno<\/td>\n<\/tr>\n<tr class=\"row-42 even\">\n\t<td class=\"column-1\">41<\/td><td class=\"column-2\">ACUERDO  SO\/AC-540\/20-XII-2023 PRESUPUESTO DE EGRESOS DEL MUNICIPIO DE CUERNAVACA, MORELOS PARA EL EJERCICIO FISCAL 2024<\/td><td class=\"column-3\">SDEyT\/DMR\/03\/2024-SA<\/td><td class=\"column-4\">Exenci\u00f3n de elaborar el AIR<\/td><td class=\"column-5\">Cabildo<\/td><td class=\"column-6\">Todas las Dependencias<\/td><td class=\"column-7\">2023-12-20 00:00:00<\/td><td class=\"column-8\">Acuerdo<\/td><td class=\"column-9\">Interna en el Ayuntamiento de Cuernavaca<\/td><td class=\"column-10\">P\u00e1gina 1. \u00cdndice; P\u00e1gina 2. Motivos; P\u00e1gina 2 a 11. considerandos; P\u00e1gina 11 a 65. Acuerdos; P\u00e1gina 66 a 68. Transitorios, Lugar y Firmas; 69 a 270. Anexos<\/td><td class=\"column-11\">PRESUPUESTO DE EGRESOS DEL MUNICIPIO DE CUERNAVACA, MORELOS PARA EL EJERCICIO FISCAL 2024<\/td><td class=\"column-12\">Administrativa<\/td><td class=\"column-13\">Ning\u00fan sector<\/td><td class=\"column-14\">Ninguno<\/td><td class=\"column-15\">Ninguno<\/td>\n<\/tr>\n<tr class=\"row-43 odd\">\n\t<td class=\"column-1\">42<\/td><td class=\"column-2\">ACUERDO  SO\/AC-541\/20-XII-2023 PRESENTACI\u00d3N DEL OFICIO N\u00daMERO SSB\/CSR-05.-0606-2023, SUSCRITO POR LA ENCARGADA DE CFE SUMINISTRADOR DE SERVICIOS B\u00c1SICOS EN LA ZONA COMERCIAL CUERNAVACA, A TRAVES DEL CUAL INFORMA QUE REFERENTE AL RESULTADO DEL CENSO DE ALU<\/td><td class=\"column-3\">SDEyT\/DMR\/03\/2024-SA<\/td><td class=\"column-4\">Exenci\u00f3n de elaborar el AIR<\/td><td class=\"column-5\">Cabildo<\/td><td class=\"column-6\">Secretar\u00eda del Ayuntamiento, Tesorer\u00eda Municipal y Sistema de Agua Potable y Alcantarillado de Cuernavaca<\/td><td class=\"column-7\">2023-12-20 00:00:00<\/td><td class=\"column-8\">Acuerdo<\/td><td class=\"column-9\">Interna en el Ayuntamiento de Cuernavaca<\/td><td class=\"column-10\">P\u00e1gina 1 a 3. considerandos; P\u00e1gina 3. acuerdo; P\u00e1gina 4. Transitorios y lugar; P\u00e1gina 5. firmas y r\u00fabricas<\/td><td class=\"column-11\">PRESENTACI\u00d3N DEL OFICIO N\u00daMERO SSB\/CSR-05.-0606-2023, SUSCRITO POR LA ENCARGADA DE CFE SUMINISTRADOR DE SERVICIOS B\u00c1SICOS EN LA ZONA COMERCIAL CUERNAVACA<\/td><td class=\"column-12\">Administrativa<\/td><td class=\"column-13\">Ning\u00fan sector<\/td><td class=\"column-14\">Ninguno<\/td><td class=\"column-15\">Ninguno<\/td>\n<\/tr>\n<tr class=\"row-44 even\">\n\t<td class=\"column-1\">43<\/td><td class=\"column-2\">ACUERDO   SO\/AC-542\/20-XII-2023 POR EL QUE SE CONCEDE PENSI\u00d3N POR JUBILACI\u00d3N AL CIUDADANO ANTONIO JU\u00c1REZ CERVANTES<\/td><td class=\"column-3\">SDEyT\/DMR\/03\/2024-SA<\/td><td class=\"column-4\">Exenci\u00f3n de elaborar el AIR<\/td><td class=\"column-5\">Cabildo<\/td><td class=\"column-6\">Secretar\u00eda de Administraci\u00f3n <\/td><td class=\"column-7\">2023-12-20 00:00:00<\/td><td class=\"column-8\">Acuerdo<\/td><td class=\"column-9\">Interna en el Ayuntamiento de Cuernavaca<\/td><td class=\"column-10\">P\u00e1gina 1 a 2. considerandos; P\u00e1gina 2. acuerdo; P\u00e1gina 3. Transitorios y lugar; P\u00e1gina 4. firmas y r\u00fabricas<\/td><td class=\"column-11\">SE CONCEDE PENSI\u00d3N POR JUBILACI\u00d3N AL CIUDADANO ANTONIO JU\u00c1REZ CERVANTES<\/td><td class=\"column-12\">Administrativa<\/td><td class=\"column-13\">Ning\u00fan sector<\/td><td class=\"column-14\">Ninguno<\/td><td class=\"column-15\">Ninguno<\/td>\n<\/tr>\n<tr class=\"row-45 odd\">\n\t<td class=\"column-1\">44<\/td><td class=\"column-2\">ACUERDO SO\/AC-543\/20-XII-2023 POR EL QUE SE CONCEDE PENSI\u00d3N POR CESANT\u00cdA EN EDAD AVANZADA AL CIUDADANO CRIS\u00d3FORO AR\u00c9VALO<\/td><td class=\"column-3\">SDEyT\/DMR\/03\/2024-SA<\/td><td class=\"column-4\">Exenci\u00f3n de elaborar el AIR<\/td><td class=\"column-5\">Cabildo<\/td><td class=\"column-6\">Secretar\u00eda de Administraci\u00f3n <\/td><td class=\"column-7\">2023-12-20 00:00:00<\/td><td class=\"column-8\">Acuerdo<\/td><td class=\"column-9\">Interna en el Ayuntamiento de Cuernavaca<\/td><td class=\"column-10\">P\u00e1gina 1 a 2. considerandos; P\u00e1gina 2. acuerdo; P\u00e1gina 3. Transitorios y lugar; P\u00e1gina 4. firmas y r\u00fabricas<\/td><td class=\"column-11\">SE CONCEDE PENSI\u00d3N POR CESANT\u00cdA EN EDAD AVANZADA AL CIUDADANO CRIS\u00d3FORO AR\u00c9VALO<\/td><td class=\"column-12\">Administrativa<\/td><td class=\"column-13\">Ning\u00fan sector<\/td><td class=\"column-14\">Ninguno<\/td><td class=\"column-15\">Ninguno<\/td>\n<\/tr>\n<tr class=\"row-46 even\">\n\t<td class=\"column-1\">45<\/td><td class=\"column-2\">ACUERDO SO\/AC-544\/20-XII-2023 POR EL QUE SE CONCEDE PENSI\u00d3N POR CESANT\u00cdA EN EDAD AVANZADA AL CIUDADANO HEBERTO D\u00cdAZ MILL\u00c1N<\/td><td class=\"column-3\">SDEyT\/DMR\/03\/2024-SA<\/td><td class=\"column-4\">Exenci\u00f3n de elaborar el AIR<\/td><td class=\"column-5\">Cabildo<\/td><td class=\"column-6\">Secretar\u00eda de Administraci\u00f3n <\/td><td class=\"column-7\">2023-12-20 00:00:00<\/td><td class=\"column-8\">Acuerdo<\/td><td class=\"column-9\">Interna en el Ayuntamiento de Cuernavaca<\/td><td class=\"column-10\">P\u00e1gina 1 a 2. considerandos; P\u00e1gina 2. acuerdo; P\u00e1gina 3. Transitorios y lugar; P\u00e1gina 4. firmas y r\u00fabricas<\/td><td class=\"column-11\">SE CONCEDE PENSI\u00d3N POR CESANT\u00cdA EN EDAD AVANZADA AL CIUDADANO HEBERTO D\u00cdAZ MILL\u00c1N<\/td><td class=\"column-12\">Administrativa<\/td><td class=\"column-13\">Ning\u00fan sector<\/td><td class=\"column-14\">Ninguno<\/td><td class=\"column-15\">Ninguno<\/td>\n<\/tr>\n<tr class=\"row-47 odd\">\n\t<td class=\"column-1\">46<\/td><td class=\"column-2\">ACUERDO SO\/AC-545\/20-XII-2023 POR EL QUE SE CONCEDE PENSI\u00d3N POR CESANT\u00cdA EN EDAD AVANZADA AL CIUDADANO JAVIER VILCHIS TORAL<\/td><td class=\"column-3\">SDEyT\/DMR\/03\/2024-SA<\/td><td class=\"column-4\">Exenci\u00f3n de elaborar el AIR<\/td><td class=\"column-5\">Cabildo<\/td><td class=\"column-6\">Secretar\u00eda de Administraci\u00f3n <\/td><td class=\"column-7\">2023-12-20 00:00:00<\/td><td class=\"column-8\">Acuerdo<\/td><td class=\"column-9\">Interna en el Ayuntamiento de Cuernavaca<\/td><td class=\"column-10\">P\u00e1gina 1 a 2. considerandos; P\u00e1gina 2. acuerdo; P\u00e1gina 3. Transitorios y lugar; P\u00e1gina 4. firmas y r\u00fabricas<\/td><td class=\"column-11\">SE CONCEDE PENSI\u00d3N POR CESANT\u00cdA EN EDAD AVANZADA AL CIUDADANO JAVIER VILCHIS TORAL<\/td><td class=\"column-12\">Administrativa<\/td><td class=\"column-13\">Ning\u00fan sector<\/td><td class=\"column-14\">Ninguno<\/td><td class=\"column-15\">Ninguno<\/td>\n<\/tr>\n<tr class=\"row-48 even\">\n\t<td class=\"column-1\">47<\/td><td class=\"column-2\">Acuerdo SE\/AC-281\/15-III-2023 que autoriza la instalaci\u00f3n de la Junta Electoral Municipal, con fundamento en lo dispuesto por el art\u00edculo 106 de la Ley Org\u00e1nica Municipal del estado de Morelos y 9 del Reglamento para la Elecci\u00f3n de las Autoridades Auxiliares Municipales de Cuernavaca, Morelos, del poblado de Ahuatepec de Cuernavaca, Morelos<\/td><td class=\"column-3\">SDEyT\/DMR\/09\/2023-SA<\/td><td class=\"column-4\">Exenci\u00f3n de elaborar el AIR<\/td><td class=\"column-5\">Cabildo<\/td><td class=\"column-6\">Secretar\u00eda del Ayuntamiento<\/td><td class=\"column-7\">2023-03-15 00:00:00<\/td><td class=\"column-8\">Acuerdo<\/td><td class=\"column-9\">Poblado de Ahuatepec<\/td><td class=\"column-10\">P\u00e1gina 1 a 2. considerandos; P\u00e1gina 2 y 8. acuerdo; P\u00e1gina 8. Transitorios y lugar; P\u00e1gina 9. firmas y r\u00fabricas<\/td><td class=\"column-11\">Autoriza la instalaci\u00f3n de la Junta Electoral Municipa<\/td><td class=\"column-12\">Administrativa<\/td><td class=\"column-13\">Colonias y Poblados<\/td><td class=\"column-14\">Ninguno<\/td><td class=\"column-15\">Ninguno<\/td>\n<\/tr>\n<tr class=\"row-49 odd\">\n\t<td class=\"column-1\">48<\/td><td class=\"column-2\">Acuerdo  SE\/AC-282\/15-III-2023 que autoriza las obras que ser\u00e1n ejecutadas por el Municipio de Cuernavaca, las cuales fueron aprobadas mediante Decreto n\u00famero quinientos setenta y nueve, dentro del Presupuesto de Egresos del Gobierno del Estado de Morelos para el ejercicio fiscal del 01 de enero al 31 de diciembre de 2023, publicado en el Periodico Oficial \u201cTierra y Libertad\u201d n\u00famero 6155, de fecha 29 de diciembre de 2022<\/td><td class=\"column-3\">SDEyT\/DMR\/09\/2023-SA<\/td><td class=\"column-4\">Exenci\u00f3n de elaborar el AIR<\/td><td class=\"column-5\">Cabildo<\/td><td class=\"column-6\">Secretar\u00eda de Desarrollo Urbano y Obras P\u00fablicas<\/td><td class=\"column-7\">2023-03-15 00:00:00<\/td><td class=\"column-8\">Acuerdo<\/td><td class=\"column-9\">Interna en el Ayuntamiento de Cuernavaca<\/td><td class=\"column-10\">P\u00e1gina 1 a 2. considerandos; P\u00e1gina 2 y 3. acuerdo; P\u00e1gina 3. Transitorios y lugar; P\u00e1gina 3 y 4. firmas y r\u00fabricas<\/td><td class=\"column-11\">Autoriza las obras que ser\u00e1n ejecutadas por el Municipio de Cuernavaca<\/td><td class=\"column-12\">Administrativa<\/td><td class=\"column-13\">Obras P\u00fablicas<\/td><td class=\"column-14\">Ninguno<\/td><td class=\"column-15\">Ninguno<\/td>\n<\/tr>\n<tr class=\"row-50 even\">\n\t<td class=\"column-1\">49<\/td><td class=\"column-2\">Acuerdo SO\/AC-283\/22-III-2023 por el que se concede pensi\u00f3n por jubilaci\u00f3n al ciudadano Abad Bruno Capistr\u00e1n, en cumplimiento a lo ordenado por el Juzgado Octavo de Distrito en el Estado de Morelos, dentro del juicio de amparo 1205\/2021-II-LG<\/td><td class=\"column-3\">SDEyT\/DMR\/09\/2023-SA<\/td><td class=\"column-4\">Exenci\u00f3n de elaborar el AIR<\/td><td class=\"column-5\">Cabildo<\/td><td class=\"column-6\">Secretar\u00eda de Administraci\u00f3n <\/td><td class=\"column-7\">2023-03-22 00:00:00<\/td><td class=\"column-8\">Acuerdo<\/td><td class=\"column-9\">Interna en el Ayuntamiento de Cuernavaca<\/td><td class=\"column-10\">P\u00e1gina 1 a 2. considerandos; P\u00e1gina 3. acuerdo; P\u00e1gina 3. Transitorios y lugar; P\u00e1gina 4 y 5. firmas y r\u00fabricas<\/td><td class=\"column-11\">Se concede pensi\u00f3n por jubilaci\u00f3n al ciudadano Abad Bruno Capistr\u00e1n<\/td><td class=\"column-12\">Administrativa<\/td><td class=\"column-13\">Ning\u00fan sector<\/td><td class=\"column-14\">Ninguno<\/td><td class=\"column-15\">Ninguno<\/td>\n<\/tr>\n<tr class=\"row-51 odd\">\n\t<td class=\"column-1\">50<\/td><td class=\"column-2\">Acuerdo SO\/AC-284\/22-III-2023 por el que se concede pensi\u00f3n por jubilaci\u00f3n al ciudadano Arturo Buenos Aires Guzm\u00e1n, en cumplimiento a lo ordenado por el Juzgado Sexto de Distrito en el Estado de Morelos, dentro del juicio de amparo 793\/2022-III<\/td><td class=\"column-3\">SDEyT\/DMR\/09\/2023-SA<\/td><td class=\"column-4\">Exenci\u00f3n de elaborar el AIR<\/td><td class=\"column-5\">Cabildo<\/td><td class=\"column-6\">Secretar\u00eda de Administraci\u00f3n <\/td><td class=\"column-7\">2023-03-22 00:00:00<\/td><td class=\"column-8\">Acuerdo<\/td><td class=\"column-9\">Interna en el Ayuntamiento de Cuernavaca<\/td><td class=\"column-10\">P\u00e1gina 1 a 2. considerandos; P\u00e1gina 3. acuerdo; P\u00e1gina 3. Transitorios y lugar; P\u00e1gina 4 y 5. firmas y r\u00fabricas<\/td><td class=\"column-11\">Se concede pensi\u00f3n por jubilaci\u00f3n al ciudadano Arturo Buenos Aires Guzm\u00e1n<\/td><td class=\"column-12\">Administrativa<\/td><td class=\"column-13\">Ning\u00fan sector<\/td><td class=\"column-14\">Ninguno<\/td><td class=\"column-15\">Ninguno<\/td>\n<\/tr>\n<tr class=\"row-52 even\">\n\t<td class=\"column-1\">51<\/td><td class=\"column-2\">Acuerdo SO\/AC-285\/22-III-2023 por el que se concede pensi\u00f3n por jubilaci\u00f3n al ciudadano Ferm\u00edn Corona Laureano, en cumplimiento a lo ordenado por el Juzgado Primero de Distrito en el Estado de Morelos, dentro del juicio de amparo 1211\/2020<\/td><td class=\"column-3\">SDEyT\/DMR\/09\/2023-SA<\/td><td class=\"column-4\">Exenci\u00f3n de elaborar el AIR<\/td><td class=\"column-5\">Cabildo<\/td><td class=\"column-6\">Secretar\u00eda de Administraci\u00f3n <\/td><td class=\"column-7\">2023-03-22 00:00:00<\/td><td class=\"column-8\">Acuerdo<\/td><td class=\"column-9\">Interna en el Ayuntamiento de Cuernavaca<\/td><td class=\"column-10\">P\u00e1gina 1 a 2. considerandos; P\u00e1gina 3. acuerdo; P\u00e1gina 4. Transitorios y lugar; P\u00e1gina 4 y 5. firmas y r\u00fabricas<\/td><td class=\"column-11\">Se concede pensi\u00f3n por jubilaci\u00f3n al ciudadano Ferm\u00edn Corona Laureano<\/td><td class=\"column-12\">Administrativa<\/td><td class=\"column-13\">Ning\u00fan sector<\/td><td class=\"column-14\">Ninguno<\/td><td class=\"column-15\">Ninguno<\/td>\n<\/tr>\n<tr class=\"row-53 odd\">\n\t<td class=\"column-1\">52<\/td><td class=\"column-2\">Acuerdo SO\/AC-286\/22-III-2023 por el que se concede pensi\u00f3n por jubilaci\u00f3n al ciudadano Adri\u00e1n Deonisio Piedra, en cumplimiento a lo ordenado por el Juzgado Octavo de Distrito en el Estado de Morelos, dentro del juicio de amparo 364\/2022-I-ALEX<\/td><td class=\"column-3\">SDEyT\/DMR\/09\/2023-SA<\/td><td class=\"column-4\">Exenci\u00f3n de elaborar el AIR<\/td><td class=\"column-5\">Cabildo<\/td><td class=\"column-6\">Secretar\u00eda de Administraci\u00f3n <\/td><td class=\"column-7\">2023-03-22 00:00:00<\/td><td class=\"column-8\">Acuerdo<\/td><td class=\"column-9\">Interna en el Ayuntamiento de Cuernavaca<\/td><td class=\"column-10\">P\u00e1gina 1 a 3. considerandos; P\u00e1gina 3. acuerdo; P\u00e1gina 4. Transitorios y lugar; P\u00e1gina 4 y 5. firmas y r\u00fabricas<\/td><td class=\"column-11\">Se concede pensi\u00f3n por jubilaci\u00f3n al ciudadano Adri\u00e1n Deonisio Piedra<\/td><td class=\"column-12\">Administrativa<\/td><td class=\"column-13\">Ning\u00fan sector<\/td><td class=\"column-14\">Ninguno<\/td><td class=\"column-15\">Ninguno<\/td>\n<\/tr>\n<tr class=\"row-54 even\">\n\t<td class=\"column-1\">53<\/td><td class=\"column-2\">Acuerdo SO\/AC-287\/22-III-2023 por el que se concede pensi\u00f3n por cesant\u00eda en edad avanzada al ciudadano \u00c1ngel Eduardo G\u00e1lvez Arag\u00f3n, en cumplimiento a lo ordenado por el Juzgado Octavo de Distrito en el Estado de Morelos, dentro del juicio de amparo 999\/2021-MMO<\/td><td class=\"column-3\">SDEyT\/DMR\/09\/2023-SA<\/td><td class=\"column-4\">Exenci\u00f3n de elaborar el AIR<\/td><td class=\"column-5\">Cabildo<\/td><td class=\"column-6\">Secretar\u00eda de Administraci\u00f3n <\/td><td class=\"column-7\">2023-03-22 00:00:00<\/td><td class=\"column-8\">Acuerdo<\/td><td class=\"column-9\">Interna en el Ayuntamiento de Cuernavaca<\/td><td class=\"column-10\">P\u00e1gina 1 a 3. considerandos; P\u00e1gina 3. acuerdo; P\u00e1gina 4. Transitorios y lugar; P\u00e1gina 4 y 5. firmas y r\u00fabricas<\/td><td class=\"column-11\">Se concede pensi\u00f3n por cesant\u00eda en edad avanzada al ciudadano \u00c1ngel Eduardo G\u00e1lvez Arag\u00f3n<\/td><td class=\"column-12\">Administrativa<\/td><td class=\"column-13\">Ning\u00fan sector<\/td><td class=\"column-14\">Ninguno<\/td><td class=\"column-15\">Ninguno<\/td>\n<\/tr>\n<tr class=\"row-55 odd\">\n\t<td class=\"column-1\">54<\/td><td class=\"column-2\">Acuerdo SO\/AC-288\/22-III-2023 por el que se concede pensi\u00f3n por cesant\u00eda en edad avanzada al ciudadano Fernando Col\u00edn Banda, en cumplimiento a lo ordenado por el Juzgado Primero de Distrito en el Estado de Morelos, dentro del juicio de amparo 1212\/2020<\/td><td class=\"column-3\">SDEyT\/DMR\/09\/2023-SA<\/td><td class=\"column-4\">Exenci\u00f3n de elaborar el AIR<\/td><td class=\"column-5\">Cabildo<\/td><td class=\"column-6\">Secretar\u00eda de Administraci\u00f3n <\/td><td class=\"column-7\">2023-03-22 00:00:00<\/td><td class=\"column-8\">Acuerdo<\/td><td class=\"column-9\">Interna en el Ayuntamiento de Cuernavaca<\/td><td class=\"column-10\">P\u00e1gina 1 a 3. considerandos; P\u00e1gina 3. acuerdo; P\u00e1gina 4. Transitorios y lugar; P\u00e1gina 4 y 5. firmas y r\u00fabricas<\/td><td class=\"column-11\">Se concede pensi\u00f3n por cesant\u00eda en edad avanzada al ciudadano Fernando Col\u00edn Banda<\/td><td class=\"column-12\">Administrativa<\/td><td class=\"column-13\">Ning\u00fan sector<\/td><td class=\"column-14\">Ninguno<\/td><td class=\"column-15\">Ninguno<\/td>\n<\/tr>\n<tr class=\"row-56 even\">\n\t<td class=\"column-1\">55<\/td><td class=\"column-2\">Acuerdo SO\/AC-289\/22-III-2023 por el que se concede pensi\u00f3n por viudez a favor de la ciudadana Lourdes Rojas Dom\u00ednguez, en virtud de tener la calidad de c\u00f3nyuge sup\u00e9rstite del finado Enrique Telles D\u00edaz, en cumplimiento a lo ordenado por el Juzgado Primero de Distrito en el Estado de Morelos, dentro del juicio de amparo 587\/2020-D<\/td><td class=\"column-3\">SDEyT\/DMR\/09\/2023-SA<\/td><td class=\"column-4\">Exenci\u00f3n de elaborar el AIR<\/td><td class=\"column-5\">Cabildo<\/td><td class=\"column-6\">Secretar\u00eda de Administraci\u00f3n <\/td><td class=\"column-7\">2023-03-22 00:00:00<\/td><td class=\"column-8\">Acuerdo<\/td><td class=\"column-9\">Interna en el Ayuntamiento de Cuernavaca<\/td><td class=\"column-10\">P\u00e1gina 1 a 3. considerandos; P\u00e1gina 3 y 4. acuerdo; P\u00e1gina 4. Transitorios y lugar; P\u00e1gina 4 y 5. firmas y r\u00fabricas<\/td><td class=\"column-11\">Se concede pensi\u00f3n por viudez a favor de la ciudadana Lourdes Rojas Dom\u00ednguez<\/td><td class=\"column-12\">Administrativa<\/td><td class=\"column-13\">Ning\u00fan sector<\/td><td class=\"column-14\">Ninguno<\/td><td class=\"column-15\">Ninguno<\/td>\n<\/tr>\n<tr class=\"row-57 odd\">\n\t<td class=\"column-1\">56<\/td><td class=\"column-2\">Acuerdo SO\/AC-290\/22-III-2023 por el que se concede pensi\u00f3n por viudez a favor de la ciudadana Prisca Barrera Castrej\u00f3n, en virtud de tener la calidad de c\u00f3nyuge sup\u00e9rstite del finado pensionado Ernesto Marquez Cort\u00e9s<\/td><td class=\"column-3\">SDEyT\/DMR\/09\/2023-SA<\/td><td class=\"column-4\">Exenci\u00f3n de elaborar el AIR<\/td><td class=\"column-5\">Cabildo<\/td><td class=\"column-6\">Secretar\u00eda de Administraci\u00f3n <\/td><td class=\"column-7\">2023-03-22 00:00:00<\/td><td class=\"column-8\">Acuerdo<\/td><td class=\"column-9\">Interna en el Ayuntamiento de Cuernavaca<\/td><td class=\"column-10\">P\u00e1gina 1 a 2. considerandos; P\u00e1gina 3. acuerdo; P\u00e1gina 4. Transitorios y lugar; P\u00e1gina 4 y 5. firmas y r\u00fabricas<\/td><td class=\"column-11\">Se concede pensi\u00f3n por viudez a favor de la ciudadana Prisca Barrera Castrej\u00f3n<\/td><td class=\"column-12\">Administrativa<\/td><td class=\"column-13\">Ning\u00fan sector<\/td><td class=\"column-14\">Ninguno<\/td><td class=\"column-15\">Ninguno<\/td>\n<\/tr>\n<tr class=\"row-58 even\">\n\t<td class=\"column-1\">57<\/td><td class=\"column-2\">Acuerdo SO\/AC-291\/22-III-2023 por el que se concede pensi\u00f3n por jubilaci\u00f3n al ciudadano Roberto Mata Ramos, en cumplimiento a lo ordenado por el Juzgado Cuarto de Distrito en el Estado de Morelos, dentro del juicio de amparo 1221\/2020<\/td><td class=\"column-3\">SDEyT\/DMR\/09\/2023-SA<\/td><td class=\"column-4\">Exenci\u00f3n de elaborar el AIR<\/td><td class=\"column-5\">Cabildo<\/td><td class=\"column-6\">Secretar\u00eda de Administraci\u00f3n <\/td><td class=\"column-7\">2023-03-22 00:00:00<\/td><td class=\"column-8\">Acuerdo<\/td><td class=\"column-9\">Interna en el Ayuntamiento de Cuernavaca<\/td><td class=\"column-10\">P\u00e1gina 1 a 3. considerandos; P\u00e1gina 3. acuerdo; P\u00e1gina 4. Transitorios y lugar; P\u00e1gina 4 y 5. firmas y r\u00fabricas<\/td><td class=\"column-11\">Se concede pensi\u00f3n por jubilaci\u00f3n al ciudadano Roberto Mata Ramos<\/td><td class=\"column-12\">Administrativa<\/td><td class=\"column-13\">Ning\u00fan sector<\/td><td class=\"column-14\">Ninguno<\/td><td class=\"column-15\">Ninguno<\/td>\n<\/tr>\n<tr class=\"row-59 odd\">\n\t<td class=\"column-1\">58<\/td><td class=\"column-2\">Acuerdo SO\/AC-292\/22-III-2023 por el que se concede pensi\u00f3n por jubilaci\u00f3n a la ciudadana Emma Praxedis Cosme, en cumplimiento a lo ordenado por el Juzgado Cuarto de Distrito en el Estado de Morelos, dentro del juicio de amparo 590\/2022<\/td><td class=\"column-3\">SDEyT\/DMR\/09\/2023-SA<\/td><td class=\"column-4\">Exenci\u00f3n de elaborar el AIR<\/td><td class=\"column-5\">Cabildo<\/td><td class=\"column-6\">Secretar\u00eda de Administraci\u00f3n <\/td><td class=\"column-7\">2023-03-22 00:00:00<\/td><td class=\"column-8\">Acuerdo<\/td><td class=\"column-9\">Interna en el Ayuntamiento de Cuernavaca<\/td><td class=\"column-10\">P\u00e1gina 1 a 3. considerandos; P\u00e1gina 3. acuerdo; P\u00e1gina 4. Transitorios y lugar; P\u00e1gina 4 y 5. firmas y r\u00fabricas<\/td><td class=\"column-11\">Se concede pensi\u00f3n por jubilaci\u00f3n a la ciudadana Emma Praxedis Cosme<\/td><td class=\"column-12\">Administrativa<\/td><td class=\"column-13\">Ning\u00fan sector<\/td><td class=\"column-14\">Ninguno<\/td><td class=\"column-15\">Ninguno<\/td>\n<\/tr>\n<tr class=\"row-60 even\">\n\t<td class=\"column-1\">59<\/td><td class=\"column-2\">Acuerdo SO\/AC-293\/22-III-2023 por el que se concede pensi\u00f3n por cesant\u00eda en edad avanzada a la ciudadana Mar\u00eda Guadalupe G\u00f3mez Col\u00edn, en cumplimiento a lo ordenado por el Juzgado Octavo de Distrito en el Estado de Morelos, dentro del juicio de amparo 1161\/2020-II-ALEX<\/td><td class=\"column-3\">SDEyT\/DMR\/09\/2023-SA<\/td><td class=\"column-4\">Exenci\u00f3n de elaborar el AIR<\/td><td class=\"column-5\">Cabildo<\/td><td class=\"column-6\">Secretar\u00eda de Administraci\u00f3n <\/td><td class=\"column-7\">2023-03-22 00:00:00<\/td><td class=\"column-8\">Acuerdo<\/td><td class=\"column-9\">Interna en el Ayuntamiento de Cuernavaca<\/td><td class=\"column-10\">P\u00e1gina 1 a 3. considerandos; P\u00e1gina 3. acuerdo; P\u00e1gina 4. Transitorios y lugar; P\u00e1gina 4 y 5. firmas y r\u00fabricas<\/td><td class=\"column-11\">Se concede pensi\u00f3n por cesant\u00eda en edad avanzada a la ciudadana Mar\u00eda Guadalupe G\u00f3mez Col\u00edn<\/td><td class=\"column-12\">Administrativa<\/td><td class=\"column-13\">Ning\u00fan sector<\/td><td class=\"column-14\">Ninguno<\/td><td class=\"column-15\">Ninguno<\/td>\n<\/tr>\n<tr class=\"row-61 odd\">\n\t<td class=\"column-1\">60<\/td><td class=\"column-2\">Acuerdo SO\/AC-294\/22-III-2023 por el que se concede pensi\u00f3n por jubilaci\u00f3n al ciudadano Jes\u00fas Garc\u00eda Ram\u00edrez, en cumplimiento a lo ordenado por el Juzgado S\u00e9ptimo de Distrito en el Estado de Morelos, dentro del juicio de amparo 913\/2022<\/td><td class=\"column-3\">SDEyT\/DMR\/09\/2023-SA<\/td><td class=\"column-4\">Exenci\u00f3n de elaborar el AIR<\/td><td class=\"column-5\">Cabildo<\/td><td class=\"column-6\">Secretar\u00eda de Administraci\u00f3n <\/td><td class=\"column-7\">2023-03-22 00:00:00<\/td><td class=\"column-8\">Acuerdo<\/td><td class=\"column-9\">Interna en el Ayuntamiento de Cuernavaca<\/td><td class=\"column-10\">P\u00e1gina 1 a 3. considerandos; P\u00e1gina 3. acuerdo; P\u00e1gina 4. Transitorios y lugar; P\u00e1gina 4 y 5. firmas y r\u00fabricas<\/td><td class=\"column-11\">Se concede pensi\u00f3n por jubilaci\u00f3n al ciudadano Jes\u00fas Garc\u00eda Ram\u00edrez<\/td><td class=\"column-12\">Administrativa<\/td><td class=\"column-13\">Ning\u00fan sector<\/td><td class=\"column-14\">Ninguno<\/td><td class=\"column-15\">Ninguno<\/td>\n<\/tr>\n<tr class=\"row-62 even\">\n\t<td class=\"column-1\">61<\/td><td class=\"column-2\">Acuerdo SO\/AC-295\/22-III-2023 por el que se concede pensi\u00f3n por jubilaci\u00f3n al ciudadano Jos\u00e9 David Heredia Nieves, en cumplimiento a lo ordenado por el Juzgado Noveno de Distrito en el Estado de Morelos, dentro del juicio de amparo 903\/2022<\/td><td class=\"column-3\">SDEyT\/DMR\/09\/2023-SA<\/td><td class=\"column-4\">Exenci\u00f3n de elaborar el AIR<\/td><td class=\"column-5\">Cabildo<\/td><td class=\"column-6\">Secretar\u00eda de Administraci\u00f3n <\/td><td class=\"column-7\">2023-03-22 00:00:00<\/td><td class=\"column-8\">Acuerdo<\/td><td class=\"column-9\">Interna en el Ayuntamiento de Cuernavaca<\/td><td class=\"column-10\">P\u00e1gina 1 a 4. considerandos; P\u00e1gina 4. acuerdo; P\u00e1gina 5. Transitorios y lugar; P\u00e1gina 5 y 6. firmas y r\u00fabricas<\/td><td class=\"column-11\">Se concede pensi\u00f3n por jubilaci\u00f3n al ciudadano Jos\u00e9 David Heredia Nieves<\/td><td class=\"column-12\">Administrativa<\/td><td class=\"column-13\">Ning\u00fan sector<\/td><td class=\"column-14\">Ninguno<\/td><td class=\"column-15\">Ninguno<\/td>\n<\/tr>\n<tr class=\"row-63 odd\">\n\t<td class=\"column-1\">62<\/td><td class=\"column-2\">Acuerdo SO\/AC-296\/22-III-2023 que aprueba el dictamen por el que se concede pensi\u00f3n por jubilaci\u00f3n a la ciudadana Jocelyn Roxana Garc\u00eda Maldonado<\/td><td class=\"column-3\">SDEyT\/DMR\/09\/2023-SA<\/td><td class=\"column-4\">Exenci\u00f3n de elaborar el AIR<\/td><td class=\"column-5\">Cabildo<\/td><td class=\"column-6\">Secretar\u00eda de Administraci\u00f3n <\/td><td class=\"column-7\">2023-03-22 00:00:00<\/td><td class=\"column-8\">Acuerdo<\/td><td class=\"column-9\">Interna en el Ayuntamiento de Cuernavaca<\/td><td class=\"column-10\">P\u00e1gina 1 a 2. considerandos; P\u00e1gina 2. acuerdo; P\u00e1gina 3. Transitorios y lugar; P\u00e1gina 4. firmas y r\u00fabricas<\/td><td class=\"column-11\">Se aprueba el dictamen por el que se concede pensi\u00f3n por jubilaci\u00f3n a la ciudadana Jocelyn Roxana Garc\u00eda Maldonado<\/td><td class=\"column-12\">Administrativa<\/td><td class=\"column-13\">Ning\u00fan sector<\/td><td class=\"column-14\">Ninguno<\/td><td class=\"column-15\">Ninguno<\/td>\n<\/tr>\n<tr class=\"row-64 even\">\n\t<td class=\"column-1\">63<\/td><td class=\"column-2\">Acuerdo SO\/AC-297\/22-III-2023 por el que se concede pensi\u00f3n por viudez a la ciudadana Mar\u00eda Guadalupe \u00c1lvarez Rangel, c\u00f3nyuge sup\u00e9rstite del finado Carlos Javier Orihuela Mar\u00edn<\/td><td class=\"column-3\">SDEyT\/DMR\/09\/2023-SA<\/td><td class=\"column-4\">Exenci\u00f3n de elaborar el AIR<\/td><td class=\"column-5\">Cabildo<\/td><td class=\"column-6\">Secretar\u00eda de Administraci\u00f3n <\/td><td class=\"column-7\">2023-03-22 00:00:00<\/td><td class=\"column-8\">Acuerdo<\/td><td class=\"column-9\">Interna en el Ayuntamiento de Cuernavaca<\/td><td class=\"column-10\">P\u00e1gina 1 a 2. considerandos; P\u00e1gina 2 a 3. acuerdo; P\u00e1gina 3. Transitorios y lugar; P\u00e1gina 4. firmas y r\u00fabricas<\/td><td class=\"column-11\">Se concede pensi\u00f3n por viudez a la ciudadana Mar\u00eda Guadalupe \u00c1lvarez Rangel<\/td><td class=\"column-12\">Administrativa<\/td><td class=\"column-13\">Ning\u00fan sector<\/td><td class=\"column-14\">Ninguno<\/td><td class=\"column-15\">Ninguno<\/td>\n<\/tr>\n<tr class=\"row-65 odd\">\n\t<td class=\"column-1\">64<\/td><td class=\"column-2\">Acuerdo SO\/AC-298\/22-III-2023 por el que se concede pensi\u00f3n por cesant\u00eda en edad avanzada al ciudadano Rafael Sotelo L\u00f3pez<\/td><td class=\"column-3\">SDEyT\/DMR\/09\/2023-SA<\/td><td class=\"column-4\">Exenci\u00f3n de elaborar el AIR<\/td><td class=\"column-5\">Cabildo<\/td><td class=\"column-6\">Secretar\u00eda de Administraci\u00f3n <\/td><td class=\"column-7\">2023-03-22 00:00:00<\/td><td class=\"column-8\">Acuerdo<\/td><td class=\"column-9\">Interna en el Ayuntamiento de Cuernavaca<\/td><td class=\"column-10\">P\u00e1gina 1 a 2. considerandos; P\u00e1gina 2 a 3. acuerdo; P\u00e1gina 3. Transitorios y lugar; P\u00e1gina 4. firmas y r\u00fabricas<\/td><td class=\"column-11\">Se concede pensi\u00f3n por cesant\u00eda en edad avanzada al ciudadano Rafael Sotelo L\u00f3pez<\/td><td class=\"column-12\">Administrativa<\/td><td class=\"column-13\">Ning\u00fan sector<\/td><td class=\"column-14\">Ninguno<\/td><td class=\"column-15\">Ninguno<\/td>\n<\/tr>\n<tr class=\"row-66 even\">\n\t<td class=\"column-1\">65<\/td><td class=\"column-2\">Acuerdo SO\/AC-299\/22-III-2023 por el que se concede pensi\u00f3n por viudez a favor de la Ciudadana Cristina Bobadilla Ortega, c\u00f3nyuge sup\u00e9rstite del finado pensionado Ignacio Castrej\u00f3n D\u00e1vila, en cumplimiento a lo ordenado por el Juzgado S\u00e9ptimo de Distrito en el Estado de Morelos, dentro del juicio de amparo 1317\/2022<\/td><td class=\"column-3\">SDEyT\/DMR\/09\/2023-SA<\/td><td class=\"column-4\">Exenci\u00f3n de elaborar el AIR<\/td><td class=\"column-5\">Cabildo<\/td><td class=\"column-6\">Consejer\u00eda Jur\u00eddica, Secretar\u00eda de Administraci\u00f3n y Tesorer\u00eda Municipal<\/td><td class=\"column-7\">2023-03-22 00:00:00<\/td><td class=\"column-8\">Acuerdo<\/td><td class=\"column-9\">Interna en el Ayuntamiento de Cuernavaca<\/td><td class=\"column-10\">P\u00e1gina 1 a 3. considerandos; P\u00e1gina 3 y 4. acuerdo; P\u00e1gina 4 y 5. Transitorios y lugar; P\u00e1gina 5 y 6. firmas y r\u00fabricas<\/td><td class=\"column-11\">Se concede pensi\u00f3n por viudez a favor de la Ciudadana Cristina Bobadilla Ortega<\/td><td class=\"column-12\">Administrativa<\/td><td class=\"column-13\">Ning\u00fan sector<\/td><td class=\"column-14\">Ninguno<\/td><td class=\"column-15\">Ninguno<\/td>\n<\/tr>\n<tr class=\"row-67 odd\">\n\t<td class=\"column-1\">66<\/td><td class=\"column-2\">Acuerdo SO\/AC-300\/22-III-2023 por el que se autoriza el Programa de Regularizaci\u00f3n de Predios con Construcci\u00f3n Ocultos a la Acci\u00f3n Fiscal; otorgando el beneficio de cubrir \u00fanicamente el pago correspondiente al ejercicio fiscal 2023, aplicando dicho est\u00edmulo fiscal conforme a la tabla de valores unitarios de 2007, con una vigencia al 31 de diciembre de 2023. <\/td><td class=\"column-3\">SDEyT\/DMR\/09\/2023-SA<\/td><td class=\"column-4\">Exenci\u00f3n de elaborar el AIR<\/td><td class=\"column-5\">Cabildo<\/td><td class=\"column-6\">Tesorer\u00eda Municipal<\/td><td class=\"column-7\">2023-03-22 00:00:00<\/td><td class=\"column-8\">Acuerdo<\/td><td class=\"column-9\">Interna en el Ayuntamiento de Cuernavaca<\/td><td class=\"column-10\">P\u00e1gina 1 a 4. considerandos; P\u00e1gina 4 y 5. acuerdo; P\u00e1gina 5. Transitorios y lugar; P\u00e1gina 6. firmas y r\u00fabricas<\/td><td class=\"column-11\">Se autoriza el Programa de Regularizaci\u00f3n de Predios con Construcci\u00f3n Ocultos a la Acci\u00f3n Fiscal<\/td><td class=\"column-12\">Administrativa<\/td><td class=\"column-13\">Ning\u00fan sector<\/td><td class=\"column-14\">Ninguno<\/td><td class=\"column-15\">Ninguno<\/td>\n<\/tr>\n<tr class=\"row-68 even\">\n\t<td class=\"column-1\">67<\/td><td class=\"column-2\">Acuerdo SO\/AC-301\/22-III-2023 por el que se autoriza al presidente municipal o a quien este tenga a bien designar, la aplicaci\u00f3n de un est\u00edmulo fiscal del 100% en el pago de los derechos que se causen por los refrendos por cada unidad, en las licencias de anuncios en via p\u00fablica, particularmente a los que no fueron colocados, as\u00ed como en las multas y recargos que se hayan generado por los ejercicios fiscales del 2018 al 2022, teniendo una vigencia hasta el 31 de mayo de 2023; rindiendo el informe correspondiente a las y los integrantes del Cabildo sobre aplicaci\u00f3n del est\u00edmulo. <\/td><td class=\"column-3\">SDEyT\/DMR\/09\/2023-SA<\/td><td class=\"column-4\">Exenci\u00f3n de elaborar el AIR<\/td><td class=\"column-5\">Cabildo<\/td><td class=\"column-6\">Tesorer\u00eda Municipal y Direcci\u00f3n General de Comunicaci\u00f3n Social<\/td><td class=\"column-7\">2023-03-22 00:00:00<\/td><td class=\"column-8\">Acuerdo<\/td><td class=\"column-9\">Interna en el Ayuntamiento de Cuernavaca<\/td><td class=\"column-10\">P\u00e1gina 1 a 2. considerandos; P\u00e1gina 2 y 3. acuerdo; P\u00e1gina 3. Transitorios y lugar; P\u00e1gina 4. firmas y r\u00fabricas<\/td><td class=\"column-11\">Se autoriza al presidente municipal o a quien este tenga a bien designar<\/td><td class=\"column-12\">Administrativa<\/td><td class=\"column-13\">Ning\u00fan sector<\/td><td class=\"column-14\">Anuncios en v\u00eda p\u00fablica<\/td><td class=\"column-15\">Ninguno<\/td>\n<\/tr>\n<tr class=\"row-69 odd\">\n\t<td class=\"column-1\">68<\/td><td class=\"column-2\">Acuerdo SO\/AC-302\/22-III-2023 por el que se autoriza la regularizaci\u00f3n de las actividades permitidas en las licencias de funcionamiento expedidas con el tipo de giro \u201coficinas administrativas\u201d, ajustandolas al cat\u00e1logo del Sistema De Apertura R\u00e1pida de Empresas (SARE), con el impedimento de autorizar la actividad econ\u00f3mica de servicios de \u201cgestor\u00eda\u201d, a trav\u00e9s del cual se emiten permisos, licencias, placas y tr\u00e1mites vehiculares. <\/td><td class=\"column-3\">SDEyT\/DMR\/09\/2023-SA<\/td><td class=\"column-4\">Exenci\u00f3n de elaborar el AIR<\/td><td class=\"column-5\">Cabildo<\/td><td class=\"column-6\">Secretar\u00eda de Desarrollo Econ\u00f3mico y Turismo<\/td><td class=\"column-7\">2023-03-22 00:00:00<\/td><td class=\"column-8\">Acuerdo<\/td><td class=\"column-9\">Interna en el Ayuntamiento de Cuernavaca<\/td><td class=\"column-10\">P\u00e1gina 1 a 4. considerandos; P\u00e1gina 4 y 5. acuerdo; P\u00e1gina 5. Transitorios y lugar; P\u00e1gina 6. firmas y r\u00fabricas<\/td><td class=\"column-11\">SE AUTORIZA LA REGULARIZACI\u00d3N DE LAS ACTIVIDADES PERMITIDAS EN LAS LICENCIAS DE FUNCIONAMIENTO EXPEDIDAS CON EL TIPO DE GIRO \u201cOFICINAS ADMINISTRATIVAS\u201d<\/td><td class=\"column-12\">Administrativa<\/td><td class=\"column-13\">Ning\u00fan sector<\/td><td class=\"column-14\">Licencias de funcionamiento expedidas<\/td><td class=\"column-15\">Ninguno<\/td>\n<\/tr>\n<tr class=\"row-70 even\">\n\t<td class=\"column-1\">69<\/td><td class=\"column-2\">Acuerdo SO\/AC-303\/22-III-2023 por el que se autoriza emitir la convocatoria para la elecci\u00f3n de autoridad auxiliar del poblado de ahuatepec<\/td><td class=\"column-3\">SDEyT\/DMR\/09\/2023-SA<\/td><td class=\"column-4\">Exenci\u00f3n de elaborar el AIR<\/td><td class=\"column-5\">Cabildo<\/td><td class=\"column-6\">Secretar\u00eda del Ayuntamiento<\/td><td class=\"column-7\">2023-03-22 00:00:00<\/td><td class=\"column-8\">Acuerdo<\/td><td class=\"column-9\">Poblado de Ahuatepec<\/td><td class=\"column-10\">P\u00e1gina 1 a 2. considerandos; P\u00e1gina 2 y 3. acuerdo; P\u00e1gina 3. Transitorios y lugar; P\u00e1gina 4. firmas y r\u00fabricas<\/td><td class=\"column-11\">Se autoriza emitir la convocatoria para la elecci\u00f3n de autoridad auxiliar del poblado de ahuatepec <\/td><td class=\"column-12\">Administrativa<\/td><td class=\"column-13\">Poblado de Ahuatepec<\/td><td class=\"column-14\">Ninguno<\/td><td class=\"column-15\">Ninguno<\/td>\n<\/tr>\n<tr class=\"row-71 odd\">\n\t<td class=\"column-1\">70<\/td><td class=\"column-2\">Acuerdo SO\/AC-304\/22-III-2023 que autoriza la modificaci\u00f3n al art\u00edculo 72 del Presupuesto de Egresos para el ejercicio fiscal 2023, donde se determinan los montos m\u00e1ximos de adquisiciones p\u00fablicas de bienes y servicios con recursos propios del Ayuntamiento<\/td><td class=\"column-3\">SDEyT\/DMR\/09\/2023-SA<\/td><td class=\"column-4\">Exenci\u00f3n de elaborar el AIR<\/td><td class=\"column-5\">Cabildo<\/td><td class=\"column-6\">Secretar\u00eda de Administraci\u00f3n <\/td><td class=\"column-7\">2023-03-22 00:00:00<\/td><td class=\"column-8\">Acuerdo<\/td><td class=\"column-9\">Interna en el Ayuntamiento de Cuernavaca<\/td><td class=\"column-10\">P\u00e1gina 1 . considerandos; P\u00e1gina 2 . acuerdo; P\u00e1gina 3. Transitorios y lugar; P\u00e1gina 4. firmas y r\u00fabricas<\/td><td class=\"column-11\">Se autoriza la modificaci\u00f3n al art\u00edculo 72 del Presupuesto de Egresos para el ejercicio fiscal 2023<\/td><td class=\"column-12\">Administrativa<\/td><td class=\"column-13\">Ning\u00fan sector<\/td><td class=\"column-14\">Ninguno<\/td><td class=\"column-15\">Ninguno<\/td>\n<\/tr>\n<tr class=\"row-72 even\">\n\t<td class=\"column-1\">71<\/td><td class=\"column-2\">Acuerdo SO\/AC-305\/22-III-2023 que aprueba el Corte de Caja del Ayuntamiento de cuernavaca, correspondiente al mes de febrero del a\u00f1o 2023, lo anterior con fundamento en lo dispuesto por el art\u00edculo 82 fracci\u00f3n XI de la Ley Org\u00e1nica Municipal del Estado de Morelos y 15 de la Ley de Fiscalizaci\u00f3n y Rendicion de Cuentas del Estado de Morelos<\/td><td class=\"column-3\">SDEyT\/DMR\/09\/2023-SA<\/td><td class=\"column-4\">Exenci\u00f3n de elaborar el AIR<\/td><td class=\"column-5\">Cabildo<\/td><td class=\"column-6\">Tesorer\u00eda Municipal<\/td><td class=\"column-7\">2023-03-22 00:00:00<\/td><td class=\"column-8\">Acuerdo<\/td><td class=\"column-9\">Interna en el Ayuntamiento de Cuernavaca<\/td><td class=\"column-10\">P\u00e1gina 1 . considerandos; P\u00e1gina 2 a 4. acuerdo; P\u00e1gina 4. Transitorios y lugar; P\u00e1gina 5. firmas y r\u00fabricas<\/td><td class=\"column-11\">Se aprueba el Corte de Caja del Ayuntamiento de cuernavaca, correspondiente al mes de febrero del a\u00f1o 2023<\/td><td class=\"column-12\">Administrativa<\/td><td class=\"column-13\">Ning\u00fan sector<\/td><td class=\"column-14\">Ninguno<\/td><td class=\"column-15\">Ninguno<\/td>\n<\/tr>\n<tr class=\"row-73 odd\">\n\t<td class=\"column-1\">72<\/td><td class=\"column-2\">Dictamen del An\u00e1lisis de Impacto Regulatorio de la Propuesta regulatoria del   Acuerdo SE\/AC-306\/31-III-2023 por el que se autoriza al Presidente Municipal o a quien este tenga a bien designar, la aplicaci\u00f3n de est\u00edmulos fiscales de hasta un 50% de descuento en el pago del importe por concepto de dict\u00e1menes de inspecci\u00f3n de seguridad, de un 80% de descuento en el pago del importe por concepto de visita de inspecci\u00f3n a las instalaciones en situaci\u00f3n de riesgo ordinario y hasta un 75% de descuento en adeudos, multas y recargos de los \u00faltimos cinco a\u00f1os anteriores, por incumplimiento a las normas en materia de protecci\u00f3n civil, a las instalaciones de negocios con una superficie de 1 a 99 metros cuadrados, quedando exceptuados de dichos est\u00edmulos fiscales los establecimientos de cadenas comerciales y giros rojos que enajenan bebidas alcoh\u00f3licas. Dicha autorizaci\u00f3n tendr\u00e1 una vigencia hasta el 31 de julio de 2023, rindiendo el informe correspondiente a las y los integrantes del cabildo sobre los ingresos y egresos que estos generen por el \u00e1rea de tesorer\u00eda<\/td><td class=\"column-3\">SDEyT\/DMR\/12\/2023-SA<\/td><td class=\"column-4\">Exenci\u00f3n de elaborar el AIR<\/td><td class=\"column-5\">Cabildo<\/td><td class=\"column-6\">Tesorer\u00eda Municipal y Direcci\u00f3n General de Comunicaci\u00f3n Social<\/td><td class=\"column-7\">2023-03-31 00:00:00<\/td><td class=\"column-8\">Acuerdo<\/td><td class=\"column-9\">Interna en el Ayuntamiento de Cuernavaca<\/td><td class=\"column-10\">P\u00e1gina 1 a 2. considerandos; P\u00e1gina 3 a 39. acuerdo; P\u00e1gina 40. Transitorios y lugar; P\u00e1gina 41. firmas y r\u00fabricas<\/td><td class=\"column-11\">Se autoriza al Presidente Municipal o a quien este tenga a bien designar, la aplicaci\u00f3n de est\u00edmulos fiscales de hasta un 50% de descuento en el pago del importe por concepto de dict\u00e1menes de inspecci\u00f3n de seguridad, de un 80% de descuento en el pago del importe por concepto de visita de inspecci\u00f3n a las instalaciones en situaci\u00f3n de riesgo ordinario y hasta un 75% de descuento en adeudos, multas y recargos de los \u00faltimos cinco a\u00f1os anteriores, por incumplimiento a las normas en materia de protecci\u00f3n civil, a las instalaciones de negocios con una superficie de 1 a 99 metros cuadrados, quedando exceptuados de dichos est\u00edmulos fiscales los establecimientos de cadenas comerciales y giros rojos que enajenan bebidas alcoh\u00f3licas<\/td><td class=\"column-12\">Administrativa<\/td><td class=\"column-13\">Ning\u00fan sector<\/td><td class=\"column-14\">Ninguno<\/td><td class=\"column-15\">Ninguno<\/td>\n<\/tr>\n<tr class=\"row-74 even\">\n\t<td class=\"column-1\">73<\/td><td class=\"column-2\">Solicitud de elaboraci\u00f3n del An\u00e1lisis de Impacto Regulatorio del  Acuerdo SE\/AC-307\/31-III-2023 que aprueba el Reglamento de Tr\u00e1nsito y Vialidad para el Municipio de Cuernavaca, Morelos    <\/td><td class=\"column-3\">SDEyT\/DMR\/12\/2023-SA<\/td><td class=\"column-4\">Exenci\u00f3n de elaborar el AIR<\/td><td class=\"column-5\">Cabildo<\/td><td class=\"column-6\"><\/td><td class=\"column-7\">2023-03-31 00:00:00<\/td><td class=\"column-8\">Acuerdo<\/td><td class=\"column-9\">Municipio de Cuernavaca<\/td><td class=\"column-10\">P\u00e1gina 1 a 2. considerandos; P\u00e1gina 3 y 4. acuerdo; P\u00e1gina 4. Transitorios y lugar; P\u00e1gina 5. firmas y r\u00fabricas<\/td><td class=\"column-11\">SE APRUEBA EL REGLAMENTO DE TR\u00c1NSITO Y VIALIDAD PARA EL MUNICIPIO DE CUERNAVACA, MORELOS<\/td><td class=\"column-12\">Administrativa<\/td><td class=\"column-13\">P\u00fablico Municipal<\/td><td class=\"column-14\">REGLAMENTO DE TR\u00c1NSITO Y VIALIDAD<br \/>\nPARA EL MUNICIPIO DE CUERNAVACA, MORELOS<\/td><td class=\"column-15\">Ninguno<\/td>\n<\/tr>\n<tr class=\"row-75 odd\">\n\t<td class=\"column-1\">74<\/td><td class=\"column-2\">Acuerdo SE\/AC-308\/31-III-2023 que autoriza las modificaciones al presupuesto de egresos del Municipio de Cuernavaca, Morelos para el ejercicio fiscal 2023, aprobado mediante acuerdo de Cabildo SO\/AC-227\/23-XII-2022, en fecha 23 de diciembre del 2022.<\/td><td class=\"column-3\">SDEyT\/DMR\/12\/2023-SA<\/td><td class=\"column-4\">Exenci\u00f3n de elaborar el AIR<\/td><td class=\"column-5\">Cabildo<\/td><td class=\"column-6\">Tesorer\u00eda Municipal y Presidencia Municipal<\/td><td class=\"column-7\">2023-03-31 00:00:00<\/td><td class=\"column-8\">Acuerdo<\/td><td class=\"column-9\">Interna en el Ayuntamiento de Cuernavaca<\/td><td class=\"column-10\">P\u00e1gina 1 . considerandos; P\u00e1gina 2 a 36. acuerdo; P\u00e1gina 36. Transitorios y lugar; P\u00e1gina 37. firmas y r\u00fabricas<\/td><td class=\"column-11\"> Se autoriza las modificaciones al presupuesto de egresos del Municipio de Cuernavaca, Morelos para el ejercicio fiscal 2023<\/td><td class=\"column-12\">Administrativa<\/td><td class=\"column-13\">P\u00fablico Municipal, P\u00fablico no financiero<\/td><td class=\"column-14\">Ninguno<\/td><td class=\"column-15\">Ninguno<\/td>\n<\/tr>\n<tr class=\"row-76 even\">\n\t<td class=\"column-1\">75<\/td><td class=\"column-2\">Acuerdo SE\/AC-309\/31-III-2023 que autoriza el dict\u00e1men n\u00famero SM\/CJ\/01\/2023, emitido por la Consejer\u00eda Jur\u00eddica, correspondiente a la devoluci\u00f3n de la cantidad de $22,651.00 (veintid\u00f3s mil seiscientos cincuenta y un pesos 00\/100 m.n.) a la moral inmobiliaria \u201cn\u201d, por error involuntario en pago por concepto de impuesto predial y servicios p\u00fablicos municipales, lo anterior con fundamento en lo establecido por los art\u00edculos 55 fracci\u00f3n XXI y 108 fracci\u00f3n II del Reglamento de Gobierno y la Administraci\u00f3n P\u00fablica Municipal de Cuernavaca, Morelos<\/td><td class=\"column-3\">SDEyT\/DMR\/12\/2023-SA<\/td><td class=\"column-4\">Exenci\u00f3n de elaborar el AIR<\/td><td class=\"column-5\">Cabildo<\/td><td class=\"column-6\">Tesorer\u00eda Municipal<\/td><td class=\"column-7\">2023-03-31 00:00:00<\/td><td class=\"column-8\">Acuerdo<\/td><td class=\"column-9\">Particular<\/td><td class=\"column-10\">P\u00e1gina 1 a 2. considerandos; P\u00e1gina 2. acuerdo; P\u00e1gina 2. Transitorios y lugar; P\u00e1gina 3. firmas y r\u00fabricas<\/td><td class=\"column-11\">Se autoriza el dict\u00e1men n\u00famero SM\/CJ\/01\/2023, emitido por la Consejer\u00eda Jur\u00eddica, correspondiente a la devoluci\u00f3n de la cantidad de $22,651.00 (veintid\u00f3s mil seiscientos cincuenta y un pesos 00\/100 m.n.) a la moral inmobiliaria \u201cn\u201d, por error involuntario en pago por concepto de impuesto predial y servicios p\u00fablicos municipales<\/td><td class=\"column-12\">Administrativa<\/td><td class=\"column-13\">Ning\u00fan sector<\/td><td class=\"column-14\">Ninguno<\/td><td class=\"column-15\">Ninguno<\/td>\n<\/tr>\n<tr class=\"row-77 odd\">\n\t<td class=\"column-1\">76<\/td><td class=\"column-2\">Acuerdo SE\/AC-310\/31-III-2023 que autoriza el dict\u00e1men n\u00famero SM\/CJ\/02\/2023, emitido por la Consejer\u00eda Jur\u00eddica, correspondiente a la devoluci\u00f3n de la cantidad de $37,346.32 (treinta y siete mil trescientos cuarenta y seis pesos 32\/100 m.n.) al ciudadano Jes\u00fas \u201cn\u201d, por error involuntario en pago por concepto de impuesto sobre adquisici\u00f3n de bienes inmuebles y recargos, lo anterior con fundamento en lo establecido por los art\u00edculos 55 fracci\u00f3n XXI y 108 fracci\u00f3n II del Reglamento de Gobierno yla Administraci\u00f3n P\u00fablica Municipal de Cuernavaca, Morelos<\/td><td class=\"column-3\">SDEyT\/DMR\/12\/2023-SA<\/td><td class=\"column-4\">Exenci\u00f3n de elaborar el AIR<\/td><td class=\"column-5\">Cabildo<\/td><td class=\"column-6\">Tesorer\u00eda Municipal<\/td><td class=\"column-7\">2023-03-31 00:00:00<\/td><td class=\"column-8\">Acuerdo<\/td><td class=\"column-9\">Particular<\/td><td class=\"column-10\">P\u00e1gina 1 a 2. considerandos; P\u00e1gina 2 y 3. acuerdo; P\u00e1gina 3. Transitorios y lugar; P\u00e1gina 4. firmas y r\u00fabricas<\/td><td class=\"column-11\">Se autoriza el dict\u00e1men n\u00famero SM\/CJ\/02\/2023, emitido por la Consejer\u00eda Jur\u00eddica, correspondiente a la devoluci\u00f3n de la cantidad de $37,346.32 (treinta y siete mil trescientos cuarenta y seis pesos 32\/100 m.n.) al ciudadano Jes\u00fas \u201cn\u201d, por error involuntario en pago por concepto de impuesto sobre adquisici\u00f3n de bienes inmuebles y recargos<\/td><td class=\"column-12\">Administrativa<\/td><td class=\"column-13\">Ning\u00fan sector<\/td><td class=\"column-14\">Ninguno<\/td><td class=\"column-15\">Ninguno<\/td>\n<\/tr>\n<tr class=\"row-78 even\">\n\t<td class=\"column-1\">77<\/td><td class=\"column-2\">Acuerdo SE\/AC-311\/31-III-2023 que autoriza al Presidente Municipal Jos\u00e9 Luis Uri\u00f3stegui Salgado, S\u00edndica Municipal Catalina Ver\u00f3nica Atenco P\u00e9rez y Secretario del Ayuntamiento Carlos De la Rosa Segura, para que, a nombre y en representaci\u00f3n del Ayuntamiento, suscriban un convenio de coordinaci\u00f3n con el Gobierno Federal y Estatal, para el proceso tendiente a la formulaci\u00f3n, aprobaci\u00f3n, expedici\u00f3n, ejecuci\u00f3n, evaluaci\u00f3n y modificaci\u00f3n del Programa de ordenamiento ecol\u00f3gico territorial del municipio de Cuernavaca, Morelos<\/td><td class=\"column-3\">SDEyT\/DMR\/12\/2023-SA<\/td><td class=\"column-4\">Exenci\u00f3n de elaborar el AIR<\/td><td class=\"column-5\">Cabildo<\/td><td class=\"column-6\">Presidencia Municipal y Secretar\u00eda de Desarrollo Sustentable y Servicios P\u00fablicos<\/td><td class=\"column-7\">2023-03-31 00:00:00<\/td><td class=\"column-8\">Acuerdo<\/td><td class=\"column-9\">Interna en el Ayuntamiento de Cuernavaca<\/td><td class=\"column-10\">P\u00e1gina 1 a 2. considerandos; P\u00e1gina 2 y 3. acuerdo; P\u00e1gina 3. Transitorios y lugar; P\u00e1gina 4. firmas y r\u00fabricas<\/td><td class=\"column-11\">Se autoriza al Presidente Municipal Jos\u00e9 Luis Uri\u00f3stegui Salgado, S\u00edndica Municipal Catalina Ver\u00f3nica Atenco P\u00e9rez y Secretario del Ayuntamiento Carlos De la Rosa Segura, para que, a nombre y en representaci\u00f3n del Ayuntamiento, suscriban un convenio de coordinaci\u00f3n con el Gobierno Federal y Estatal<\/td><td class=\"column-12\">Administrativa<\/td><td class=\"column-13\">Ning\u00fan sector<\/td><td class=\"column-14\">Ninguno<\/td><td class=\"column-15\">Ninguno<\/td>\n<\/tr>\n<tr class=\"row-79 odd\">\n\t<td class=\"column-1\">78<\/td><td class=\"column-2\">Acuerdo  SE\/AC-312\/31-III-2023 que autoriza el informe de conclusi\u00f3n del Programa anual de obra p\u00fablica del ejercicio fiscal 2022 del Municipio de Cuernavaca, Morelos<\/td><td class=\"column-3\">SDEyT\/DMR\/12\/2023-SA<\/td><td class=\"column-4\">Exenci\u00f3n de elaborar el AIR<\/td><td class=\"column-5\">Cabildo<\/td><td class=\"column-6\">Secretar\u00eda del Ayuntamiento, Secretar\u00eda de Desarrollo Urbano y Obras P\u00fablicas y Contralor\u00eda Municipal <\/td><td class=\"column-7\">2023-03-31 00:00:00<\/td><td class=\"column-8\">Acuerdo<\/td><td class=\"column-9\">Interna en el Ayuntamiento de Cuernavaca<\/td><td class=\"column-10\">P\u00e1gina 1. considerandos; P\u00e1gina 2 y 12. acuerdo; P\u00e1gina 12. Transitorios y lugar; P\u00e1gina 13. firmas y r\u00fabricas<\/td><td class=\"column-11\">SE AUTORIZA EL INFORME DE CONCLUSI\u00d3N DEL PROGRAMA ANUAL DE OBRA P\u00daBLICA DEL EJERCICIO FISCAL 2022 DEL MUNICIPIO DE CUERNAVACA, MORELOS<\/td><td class=\"column-12\">Administrativa<\/td><td class=\"column-13\">Ning\u00fan sector<\/td><td class=\"column-14\">Ninguno<\/td><td class=\"column-15\">Ninguno<\/td>\n<\/tr>\n<tr class=\"row-80 even\">\n\t<td class=\"column-1\">79<\/td><td class=\"column-2\">Acuerdo SE\/AC-313\/31-III-2023 que autoriza ejercer el Recurso del Fondo de Aportaciones para la infraestructura social municipal y de las demarcaciones territoriales del Distrito Federal para el ejercicio fiscal 2023 y el programa anual de obra p\u00fablica en Cuernavaca, Morelos, para el ejercicio fiscal 2023, de conformidad con lo establecido en el articulo 19 de la Ley De Obra P\u00fablica y Servicios Relacionados con la misma del Estado de Morelos<\/td><td class=\"column-3\">SDEyT\/DMR\/12\/2023-SA<\/td><td class=\"column-4\">Exenci\u00f3n de elaborar el AIR<\/td><td class=\"column-5\">Cabildo<\/td><td class=\"column-6\">Secretar\u00eda del Ayuntamiento, Secretar\u00eda de Desarrollo Urbano y Obras P\u00fablicas y Contralor\u00eda Municipal <\/td><td class=\"column-7\">2023-03-31 00:00:00<\/td><td class=\"column-8\">Acuerdo<\/td><td class=\"column-9\">Interna en el Ayuntamiento de Cuernavaca<\/td><td class=\"column-10\">P\u00e1gina 1. considerandos; P\u00e1gina 2 y 8. acuerdo; P\u00e1gina 8. Transitorios y lugar; P\u00e1gina 9. firmas y r\u00fabricas<\/td><td class=\"column-11\">Se  autoriza ejercer el Recurso del Fondo de Aportaciones para la infraestructura social municipal y de las demarcaciones territoriales del Distrito Federal para el ejercicio fiscal 2023 y el programa anual de obra p\u00fablica en Cuernavaca, Morelos, para el ejercicio fiscal 2023<\/td><td class=\"column-12\">Administrativa<\/td><td class=\"column-13\">Ning\u00fan sector<\/td><td class=\"column-14\">Ninguno<\/td><td class=\"column-15\">Ninguno<\/td>\n<\/tr>\n<tr class=\"row-81 odd\">\n\t<td class=\"column-1\">80<\/td><td class=\"column-2\">Acuerdo SO\/AC-314\/5-IV-2023 que aprueba el Reglamento interior de la Secretar\u00eda de Desarrollo Urbano y Obras P\u00fablicas del Ayuntamiento de Cuernavaca<\/td><td class=\"column-3\">SDEyT\/DMR\/12\/2023-SA<\/td><td class=\"column-4\">Exenci\u00f3n de elaborar el AIR<\/td><td class=\"column-5\">Cabildo<\/td><td class=\"column-6\">Secretar\u00eda de Desarrollo Urbano y Obras P\u00fablicas<\/td><td class=\"column-7\">2023-03-31 00:00:00<\/td><td class=\"column-8\">Reglamento<\/td><td class=\"column-9\">Interna en el Ayuntamiento de Cuernavaca<\/td><td class=\"column-10\">P\u00e1gina 1 a 3. considerandos; P\u00e1gina 3 y 40. acuerdo; P\u00e1gina 40. Transitorios y lugar; P\u00e1gina 41. firmas y r\u00fabricas<\/td><td class=\"column-11\">Se aprueba el Reglamento interior de la Secretar\u00eda de Desarrollo Urbano y Obras P\u00fablicas del Ayuntamiento de Cuernavaca<\/td><td class=\"column-12\">Administrativa<\/td><td class=\"column-13\">Secretar\u00eda de Desarrollo Urbano y Obras P\u00fablicas<\/td><td class=\"column-14\">Ninguno<\/td><td class=\"column-15\">Ninguno<\/td>\n<\/tr>\n<tr class=\"row-82 even\">\n\t<td class=\"column-1\">81<\/td><td class=\"column-2\">Acuerdo SO\/AC-315\/5-IV-2023 que autoriza la distribuci\u00f3n del FAEDE estatal 2023, as\u00ed como el refrendo y modificaci\u00f3n del FAEDE estatal 2021 y 2022, realizada y aprobada por el Consejo Municipal de Desarrollo Rural Sustentable del Municipio de Cuernavaca<\/td><td class=\"column-3\">SDEyT\/DMR\/12\/2023-SA<\/td><td class=\"column-4\">Exenci\u00f3n de elaborar el AIR<\/td><td class=\"column-5\">Cabildo<\/td><td class=\"column-6\">Secretar\u00eda del Ayuntamiento, a la Tesorer\u00eda Municipal, Secretar\u00eda de Desarrollo Econ\u00f3mico y Turismo, Consejer\u00eda Jur\u00eddica Municipal y dependencias operativas y normativas involucradas<\/td><td class=\"column-7\">2023-03-31 00:00:00<\/td><td class=\"column-8\">Acuerdo<\/td><td class=\"column-9\">Interna en el Ayuntamiento de Cuernavaca<\/td><td class=\"column-10\">P\u00e1gina 1 a 3. considerandos; P\u00e1gina 3 y 4. acuerdo; P\u00e1gina 4. Transitorios y lugar; P\u00e1gina 5. firmas y r\u00fabricas<\/td><td class=\"column-11\">Se autoriza la distribuci\u00f3n del FAEDE estatal 2023, as\u00ed como el refrendo y modificaci\u00f3n del FAEDE estatal 2021 y 2022<\/td><td class=\"column-12\">Administrativa<\/td><td class=\"column-13\">Ning\u00fan sector<\/td><td class=\"column-14\">Ninguno<\/td><td class=\"column-15\">Ninguno<\/td>\n<\/tr>\n<tr class=\"row-83 odd\">\n\t<td class=\"column-1\">82<\/td><td class=\"column-2\">Acuerdo SO\/AC-316\/05-IV-2023 que autoriza la selecci\u00f3n de los dos semifinalistas que participar\u00e1n en el parlamento infantil 2023 del Congreso del Estado de Morelos<\/td><td class=\"column-3\">SDEyT\/DMR\/12\/2023-SA<\/td><td class=\"column-4\">Exenci\u00f3n de elaborar el AIR<\/td><td class=\"column-5\">Cabildo<\/td><td class=\"column-6\">Secretar\u00eda de Desarrollo Humano y Participaci\u00f3n Social<\/td><td class=\"column-7\">2023-03-31 00:00:00<\/td><td class=\"column-8\">Acuerdo<\/td><td class=\"column-9\">Interna en el Ayuntamiento de Cuernavaca<\/td><td class=\"column-10\">P\u00e1gina 1 a 2. considerandos; P\u00e1gina 3. acuerdo; P\u00e1gina 3. Transitorios y lugar; P\u00e1gina 4. firmas y r\u00fabricas<\/td><td class=\"column-11\">Se autoriza la selecci\u00f3n de los dos semifinalistas que participar\u00e1n en el parlamento infantil 2023 del Congreso del Estado de Morelos<\/td><td class=\"column-12\">Administrativa<\/td><td class=\"column-13\">Ning\u00fan sector<\/td><td class=\"column-14\">Ninguno<\/td><td class=\"column-15\">Ninguno<\/td>\n<\/tr>\n<tr class=\"row-84 even\">\n\t<td class=\"column-1\">83<\/td><td class=\"column-2\">Acuerdo SO\/AC-317\/19-IV-2023 que presenta y ratifica la solicitud de intenci\u00f3n de hermanamiento con la ciudad y puerto de Acapulco de Ju\u00e1rez Guerrero, emitida por el Presidente Municipal Jos\u00e9 Luis Uri\u00f3stegui Salgado<\/td><td class=\"column-3\">SDEyT\/DMR\/13\/2023-SA<\/td><td class=\"column-4\">Exenci\u00f3n de elaborar el AIR<\/td><td class=\"column-5\">Cabildo<\/td><td class=\"column-6\">Presidencia Municipal, Consejer\u00eda Jur\u00eddica, Secretar\u00eda del Ayuntamiento, Secretar\u00eda Desarrollo Econ\u00f3mico y Turismo <\/td><td class=\"column-7\">2023-04-19 00:00:00<\/td><td class=\"column-8\">Acuerdo<\/td><td class=\"column-9\">Interna en el Ayuntamiento de Cuernavaca<\/td><td class=\"column-10\">P\u00e1gina 1 a 2. considerandos; P\u00e1gina 2 y 3. acuerdo; P\u00e1gina 3. Transitorios y lugar; P\u00e1gina 4. firmas y r\u00fabricas<\/td><td class=\"column-11\">Se presenta y ratifica la solicitud de intenci\u00f3n de hermanamiento con la ciudad y puerto de Acapulco de Ju\u00e1rez Guerrero<\/td><td class=\"column-12\">Administrativa<\/td><td class=\"column-13\">Ning\u00fan sector<\/td><td class=\"column-14\">Ninguno<\/td><td class=\"column-15\">Ninguno<\/td>\n<\/tr>\n<tr class=\"row-85 odd\">\n\t<td class=\"column-1\">84<\/td><td class=\"column-2\">Acuerdo  SO\/AC-318\/19-IV-2023 que aprueba el Reglamento interior de la Tesorer\u00eda Municipal del Ayuntamiento de Cuernavaca<\/td><td class=\"column-3\">SDEyT\/DMR\/13\/2023-SA<\/td><td class=\"column-4\">Exenci\u00f3n de elaborar el AIR<\/td><td class=\"column-5\">Cabildo<\/td><td class=\"column-6\">Tesorer\u00eda Municipal<\/td><td class=\"column-7\">2023-04-19 00:00:00<\/td><td class=\"column-8\">Reglamento<\/td><td class=\"column-9\">Interna en el Ayuntamiento de Cuernavaca<\/td><td class=\"column-10\">P\u00e1gina 1 a 2. considerandos; P\u00e1gina 2 y 37. acuerdo; P\u00e1gina 38. Transitorios y lugar; P\u00e1gina 39. firmas y r\u00fabricas<\/td><td class=\"column-11\">Se aprueba el Reglamento interior de la Tesorer\u00eda Municipal del Ayuntamiento de Cuernavaca<\/td><td class=\"column-12\">Administrativa<\/td><td class=\"column-13\">Tesorer\u00eda Municipal<\/td><td class=\"column-14\">Ninguno<\/td><td class=\"column-15\">Ninguno<\/td>\n<\/tr>\n<tr class=\"row-86 even\">\n\t<td class=\"column-1\">85<\/td><td class=\"column-2\">Acuerdo SO\/AC-319\/19-IV-2023 por el que se autoriza est\u00edmulo fiscal de hasta el 95% para el pago a comerciantes con permiso vigente, ubicados en el centro hist\u00f3rico y periferia de Cuernavaca correspondiente al a\u00f1o fiscal 2023, que cumplan con los requisitos legales y el procedimiento establecido por la Comisi\u00f3n de Regulaci\u00f3n y Ordenamiento del Comercio en V\u00eda P\u00fablica, teniendo una vigencia de 60 d\u00edas naturales<\/td><td class=\"column-3\">SDEyT\/DMR\/13\/2023-SA<\/td><td class=\"column-4\">Exenci\u00f3n de elaborar el AIR<\/td><td class=\"column-5\">Cabildo<\/td><td class=\"column-6\">Tesorer\u00eda Municipal, Secretar\u00edas del Ayuntamiento y Consejer\u00eda Jur\u00eddica<\/td><td class=\"column-7\">2023-04-19 00:00:00<\/td><td class=\"column-8\">Acuerdo<\/td><td class=\"column-9\">Interna en el Ayuntamiento de Cuernavaca<\/td><td class=\"column-10\">P\u00e1gina 1 a 2. considerandos; P\u00e1gina 2 a 4. acuerdo; P\u00e1gina 5 a 9. Transitorios y lugar; P\u00e1gina 9 y 10. firmas y r\u00fabricas<\/td><td class=\"column-11\">Se autoriza est\u00edmulo fiscal de hasta el 95% para el pago a comerciantes con permiso vigente, ubicados en el centro hist\u00f3rico y periferia de Cuernavaca correspondiente al a\u00f1o fiscal 2023<\/td><td class=\"column-12\">Administrativa<\/td><td class=\"column-13\">Ning\u00fan sector<\/td><td class=\"column-14\">Ninguno<\/td><td class=\"column-15\">Ninguno<\/td>\n<\/tr>\n<tr class=\"row-87 odd\">\n\t<td class=\"column-1\">86<\/td><td class=\"column-2\">Acuerdo SO\/AC-320\/3-V-2023 por el que se concede pensi\u00f3n por jubilaci\u00f3n al ciudadano Jorge Mondrag\u00f3n Alday, en cumplimiento a lo ordenado por el Tribunal de Justicia Administrativa del Estado de Morelos, dentro del juicio administrativo TJA\/4\u00aaSERA\/JRNF-091\/2021<\/td><td class=\"column-3\">SDEyT\/DMR\/13\/2023-SA<\/td><td class=\"column-4\">Exenci\u00f3n de elaborar el AIR<\/td><td class=\"column-5\">Cabildo<\/td><td class=\"column-6\">Consejer\u00eda Jur\u00eddica, Secretar\u00eda de Administraci\u00f3n y Tesorer\u00eda Municipal<\/td><td class=\"column-7\">2023-05-03 00:00:00<\/td><td class=\"column-8\">Acuerdo<\/td><td class=\"column-9\">Interna en el Ayuntamiento de Cuernavaca<\/td><td class=\"column-10\">P\u00e1gina 1 a 3. considerandos; P\u00e1gina 3 y 4. acuerdo; P\u00e1gina 4 y 5. Transitorios y lugar; P\u00e1gina 5 y 6. firmas y r\u00fabricas<\/td><td class=\"column-11\">Se concede pensi\u00f3n por jubilaci\u00f3n al ciudadano Jorge Mondrag\u00f3n Alday<\/td><td class=\"column-12\">Administrativa<\/td><td class=\"column-13\">Ning\u00fan sector<\/td><td class=\"column-14\">Ninguno<\/td><td class=\"column-15\">Ninguno<\/td>\n<\/tr>\n<tr class=\"row-88 even\">\n\t<td class=\"column-1\">87<\/td><td class=\"column-2\">Acuerdo SO\/AC-321\/3-V-2023 por el que se concede pensi\u00f3n por jubilaci\u00f3n al ciudadano \u00c1ngel Ben\u00edtez Ram\u00edrez, en cumplimiento a lo ordenado por el Tribunal de Justicia Administrativa del Estado de Morelos, dentro del juicio administrativo TJA\/5\u00aaSERA\/JDNF-033\/2022<\/td><td class=\"column-3\">SDEyT\/DMR\/13\/2023-SA<\/td><td class=\"column-4\">Exenci\u00f3n de elaborar el AIR<\/td><td class=\"column-5\">Cabildo<\/td><td class=\"column-6\">Consejer\u00eda Jur\u00eddica, Secretar\u00eda de Administraci\u00f3n y Tesorer\u00eda Municipal<\/td><td class=\"column-7\">2023-05-03 00:00:00<\/td><td class=\"column-8\">Acuerdo<\/td><td class=\"column-9\">Interna en el Ayuntamiento de Cuernavaca<\/td><td class=\"column-10\">P\u00e1gina 1 a 3. considerandos; P\u00e1gina 3 y 4. acuerdo; P\u00e1gina 4 y 5. Transitorios y lugar; P\u00e1gina 5 y 6. firmas y r\u00fabricas<\/td><td class=\"column-11\">Se concede pensi\u00f3n por jubilaci\u00f3n al ciudadano \u00c1ngel Ben\u00edtez Ram\u00edrez<\/td><td class=\"column-12\">Administrativa<\/td><td class=\"column-13\">Ning\u00fan sector<\/td><td class=\"column-14\">Ninguno<\/td><td class=\"column-15\">Ninguno<\/td>\n<\/tr>\n<tr class=\"row-89 odd\">\n\t<td class=\"column-1\">88<\/td><td class=\"column-2\">Acuerdo SO\/AC-322\/3-V-2023 por el que se concede pensi\u00f3n por jubilaci\u00f3n al ciudadano Mario Alberto Moreno Abarca en cumplimiento a lo ordenado por el Tribunal de Justicia Administrativa del Estado de Morelos, dentro del juicio administrativo TJA\/5\u00aaSERA\/JDNF-114\/2021<\/td><td class=\"column-3\">SDEyT\/DMR\/13\/2023-SA<\/td><td class=\"column-4\">Exenci\u00f3n de elaborar el AIR<\/td><td class=\"column-5\">Cabildo<\/td><td class=\"column-6\">Consejer\u00eda Jur\u00eddica, Secretar\u00eda de Administraci\u00f3n y Tesorer\u00eda Municipal<\/td><td class=\"column-7\">2023-05-03 00:00:00<\/td><td class=\"column-8\">Acuerdo<\/td><td class=\"column-9\">Interna en el Ayuntamiento de Cuernavaca<\/td><td class=\"column-10\">P\u00e1gina 1 a 3. considerandos; P\u00e1gina 3 y 4. acuerdo; P\u00e1gina 4 y 5. Transitorios y lugar; P\u00e1gina 5 y 6. firmas y r\u00fabricas<\/td><td class=\"column-11\">Se concede pensi\u00f3n por jubilaci\u00f3n al ciudadano Mario Alberto Moreno Abarca<\/td><td class=\"column-12\">Administrativa<\/td><td class=\"column-13\">Ning\u00fan sector<\/td><td class=\"column-14\">Ninguno<\/td><td class=\"column-15\">Ninguno<\/td>\n<\/tr>\n<tr class=\"row-90 even\">\n\t<td class=\"column-1\">89<\/td><td class=\"column-2\">Acuerdo SO\/AC-323\/3-V-2023 por el que se concede pensi\u00f3n por cesant\u00eda en edad avanzada al ciudadano Felipe Contreras Dami\u00e1n en cumplimiento a lo ordenado por el Tribunal de Justicia Administrativa del Estado de Morelos, dentro del juicio administrativo TJA\/5\u00aaSERA\/JDNF-103\/2021<\/td><td class=\"column-3\">SDEyT\/DMR\/13\/2023-SA<\/td><td class=\"column-4\">Exenci\u00f3n de elaborar el AIR<\/td><td class=\"column-5\">Cabildo<\/td><td class=\"column-6\">Consejer\u00eda Jur\u00eddica, Secretar\u00eda de Administraci\u00f3n y Tesorer\u00eda Municipal<\/td><td class=\"column-7\">2023-05-03 00:00:00<\/td><td class=\"column-8\">Acuerdo<\/td><td class=\"column-9\">Interna en el Ayuntamiento de Cuernavaca<\/td><td class=\"column-10\">P\u00e1gina 1 a 5. considerandos; P\u00e1gina 5. acuerdo; P\u00e1gina 6. Transitorios y lugar; P\u00e1gina 7. firmas y r\u00fabricas<\/td><td class=\"column-11\">Se concede pensi\u00f3n por cesant\u00eda en edad avanzada al ciudadano Felipe Contreras Dami\u00e1n<\/td><td class=\"column-12\">Administrativa<\/td><td class=\"column-13\">Ning\u00fan sector<\/td><td class=\"column-14\">Ninguno<\/td><td class=\"column-15\">Ninguno<\/td>\n<\/tr>\n<tr class=\"row-91 odd\">\n\t<td class=\"column-1\">90<\/td><td class=\"column-2\">Acuerdo  SO\/AC-324\/3-V-2023 por el que se concede pensi\u00f3n por cesant\u00eda en edad avanzada y jerarqu\u00eda inmediata superior al ciudadano Jos\u00e9 Delfino Melchor Rojas en cumplimiento a lo ordenado por el Tribunal de Justicia Administrativa del Estado de Morelos, dentro del juicio administrativo TJA\/4\u00aaSERA\/JRNF-129\/2022<\/td><td class=\"column-3\">SDEyT\/DMR\/13\/2023-SA<\/td><td class=\"column-4\">Exenci\u00f3n de elaborar el AIR<\/td><td class=\"column-5\">Cabildo<\/td><td class=\"column-6\">Consejer\u00eda Jur\u00eddica, Secretar\u00eda de Administraci\u00f3n y Tesorer\u00eda Municipal<\/td><td class=\"column-7\">2023-05-03 00:00:00<\/td><td class=\"column-8\">Acuerdo<\/td><td class=\"column-9\">Interna en el Ayuntamiento de Cuernavaca<\/td><td class=\"column-10\">P\u00e1gina 1 a 4. considerandos; P\u00e1gina 5. acuerdo; P\u00e1gina 6. Transitorios y lugar; P\u00e1gina 7. firmas y r\u00fabricas<\/td><td class=\"column-11\">Se concede pensi\u00f3n por cesant\u00eda en edad avanzada y jerarqu\u00eda inmediata superior al ciudadano Jos\u00e9 Delfino Melchor Rojas<\/td><td class=\"column-12\">Administrativa<\/td><td class=\"column-13\">Ning\u00fan sector<\/td><td class=\"column-14\">Ninguno<\/td><td class=\"column-15\">Ninguno<\/td>\n<\/tr>\n<tr class=\"row-92 even\">\n\t<td class=\"column-1\">91<\/td><td class=\"column-2\">Acuerdo SO\/AC-325\/3-V-2023 por el que se concede pensi\u00f3n por jubilaci\u00f3n al ciudadano Francisco Javier Camacho Alonso en cumplimiento a lo ordenado por el Juzgado Segundo de Distrito en el Estado de Morelos, dentro del juicio de amparo 1504\/2021<\/td><td class=\"column-3\">SDEyT\/DMR\/13\/2023-SA<\/td><td class=\"column-4\">Exenci\u00f3n de elaborar el AIR<\/td><td class=\"column-5\">Cabildo<\/td><td class=\"column-6\">Consejer\u00eda Jur\u00eddica, Secretar\u00eda de Administraci\u00f3n y Tesorer\u00eda Municipal<\/td><td class=\"column-7\">2023-05-03 00:00:00<\/td><td class=\"column-8\">Acuerdo<\/td><td class=\"column-9\">Interna en el Ayuntamiento de Cuernavaca<\/td><td class=\"column-10\">P\u00e1gina 1 a 4. considerandos; P\u00e1gina 4. acuerdo; P\u00e1gina 5. Transitorios y lugar; P\u00e1gina 6. firmas y r\u00fabricas<\/td><td class=\"column-11\">Se concede pensi\u00f3n por jubilaci\u00f3n al ciudadano Francisco Javier Camacho Alonso<\/td><td class=\"column-12\">Administrativa<\/td><td class=\"column-13\">Ning\u00fan sector<\/td><td class=\"column-14\">Ninguno<\/td><td class=\"column-15\">Ninguno<\/td>\n<\/tr>\n<tr class=\"row-93 odd\">\n\t<td class=\"column-1\">92<\/td><td class=\"column-2\">Acuerdo  SO\/AC-326\/3-V-2023 por el que se concede pensi\u00f3n por jubilaci\u00f3n y jerarqu\u00eda inmediata superior al ciudadano M\u00e1ximo D\u00edaz S\u00e1nchez en cumplimiento a lo ordenado por pleno del Tribunal de Justicia Administrativa del Estado de Morelos, dentro del juicio administrativo TJA\/5\u00aaSERA\/JDN-066\/2021<\/td><td class=\"column-3\">SDEyT\/DMR\/13\/2023-SA<\/td><td class=\"column-4\">Exenci\u00f3n de elaborar el AIR<\/td><td class=\"column-5\">Cabildo<\/td><td class=\"column-6\">Consejer\u00eda Jur\u00eddica, Secretar\u00eda de Administraci\u00f3n y Tesorer\u00eda Municipal<\/td><td class=\"column-7\">2023-05-03 00:00:00<\/td><td class=\"column-8\">Acuerdo<\/td><td class=\"column-9\">Interna en el Ayuntamiento de Cuernavaca<\/td><td class=\"column-10\">P\u00e1gina 1 a 4. considerandos; P\u00e1gina 4 y 5. acuerdo; P\u00e1gina 5 y 6. Transitorios y lugar; P\u00e1gina 7. firmas y r\u00fabricas<\/td><td class=\"column-11\">Se concede pensi\u00f3n por jubilaci\u00f3n y jerarqu\u00eda inmediata superior al ciudadano M\u00e1ximo D\u00edaz S\u00e1nchez<\/td><td class=\"column-12\">Administrativa<\/td><td class=\"column-13\">Ning\u00fan sector<\/td><td class=\"column-14\">Ninguno<\/td><td class=\"column-15\">Ninguno<\/td>\n<\/tr>\n<tr class=\"row-94 even\">\n\t<td class=\"column-1\">93<\/td><td class=\"column-2\">Acuerdo SO\/AC-327\/3-V-2023 por el que se concede pensi\u00f3n por jubilaci\u00f3n y jerarqu\u00eda inmediata superior a la ciudadana Ma. Candelaria Cabrera Mozo en cumplimiento a lo ordenado por pleno del Tribunal de Justicia Administrativa del Estado de Morelos, dentro del juicio administrativo TJA\/4\u00aaSERA\/JRAEM-061\/2021<\/td><td class=\"column-3\">SDEyT\/DMR\/13\/2023-SA<\/td><td class=\"column-4\">Exenci\u00f3n de elaborar el AIR<\/td><td class=\"column-5\">Cabildo<\/td><td class=\"column-6\">Consejer\u00eda Jur\u00eddica, Secretar\u00eda de Administraci\u00f3n y Tesorer\u00eda Municipal<\/td><td class=\"column-7\">2023-05-03 00:00:00<\/td><td class=\"column-8\">Acuerdo<\/td><td class=\"column-9\">Interna en el Ayuntamiento de Cuernavaca<\/td><td class=\"column-10\">P\u00e1gina 1 a 9. considerandos; P\u00e1gina 10. acuerdo; P\u00e1gina 11. Transitorios y lugar; P\u00e1gina 12. firmas y r\u00fabricas<\/td><td class=\"column-11\">Se concede pensi\u00f3n por jubilaci\u00f3n y jerarqu\u00eda inmediata superior a la ciudadana Ma. Candelaria Cabrera Mozo<\/td><td class=\"column-12\">Administrativa<\/td><td class=\"column-13\">Ning\u00fan sector<\/td><td class=\"column-14\">Ninguno<\/td><td class=\"column-15\">Ninguno<\/td>\n<\/tr>\n<tr class=\"row-95 odd\">\n\t<td class=\"column-1\">94<\/td><td class=\"column-2\">Acuerdo SO\/AC-328\/3-V-2023 por el que se concede pensi\u00f3n por jubilaci\u00f3n y jerarqu\u00eda inmediata superior al ciudadano Fernando Mart\u00ednez Monroy en cumplimiento a lo ordenado por el pleno del Tribunal de Justicia Administrativa del Estado de Morelos, dentro del juicio administrativo TJA\/2\u00aaS\/217\/2020<\/td><td class=\"column-3\">SDEyT\/DMR\/13\/2023-SA<\/td><td class=\"column-4\">Exenci\u00f3n de elaborar el AIR<\/td><td class=\"column-5\">Cabildo<\/td><td class=\"column-6\">Consejer\u00eda Jur\u00eddica, Secretar\u00eda de Administraci\u00f3n y Tesorer\u00eda Municipal<\/td><td class=\"column-7\">2023-05-03 00:00:00<\/td><td class=\"column-8\">Acuerdo<\/td><td class=\"column-9\">Interna en el Ayuntamiento de Cuernavaca<\/td><td class=\"column-10\">P\u00e1gina 1 a 3. considerandos; P\u00e1gina 3 y 4. acuerdo; P\u00e1gina 4 y 5. Transitorios y lugar; P\u00e1gina 6. firmas y r\u00fabricas<\/td><td class=\"column-11\">Se concede pensi\u00f3n por jubilaci\u00f3n y jerarqu\u00eda inmediata superior al ciudadano Fernando Mart\u00ednez Monroy<\/td><td class=\"column-12\">Administrativa<\/td><td class=\"column-13\">Ning\u00fan sector<\/td><td class=\"column-14\">Ninguno<\/td><td class=\"column-15\">Ninguno<\/td>\n<\/tr>\n<tr class=\"row-96 even\">\n\t<td class=\"column-1\">95<\/td><td class=\"column-2\">Acuerdo SO\/AC-329\/3-V-2023 por el que se concede pensi\u00f3n por jubilaci\u00f3n al ciudadano Israel Alberto Francisco en cumplimiento a lo ordenado por el Tribunal de Justicia Administrativa del Estado de Morelos, dentro del juicio administrativo TJA\/5\u00aaSERA\/JDNF-100\/2021<\/td><td class=\"column-3\">SDEyT\/DMR\/13\/2023-SA<\/td><td class=\"column-4\">Exenci\u00f3n de elaborar el AIR<\/td><td class=\"column-5\">Cabildo<\/td><td class=\"column-6\">Consejer\u00eda Jur\u00eddica, Secretar\u00eda de Administraci\u00f3n y Tesorer\u00eda Municipal<\/td><td class=\"column-7\">2023-05-03 00:00:00<\/td><td class=\"column-8\">Acuerdo<\/td><td class=\"column-9\">Interna en el Ayuntamiento de Cuernavaca<\/td><td class=\"column-10\">P\u00e1gina 1 a 3. considerandos; P\u00e1gina 3 y 4. acuerdo; P\u00e1gina 4 y 5. Transitorios y lugar; P\u00e1gina 6. firmas y r\u00fabricas<\/td><td class=\"column-11\">Se concede pensi\u00f3n por jubilaci\u00f3n al ciudadano Israel Alberto Francisco<\/td><td class=\"column-12\">Administrativa<\/td><td class=\"column-13\">Ning\u00fan sector<\/td><td class=\"column-14\">Ninguno<\/td><td class=\"column-15\">Ninguno<\/td>\n<\/tr>\n<tr class=\"row-97 odd\">\n\t<td class=\"column-1\">96<\/td><td class=\"column-2\">Acuerdo SO\/AC-330\/3-V-2023 por el que se concede pensi\u00f3n por viudez a favor de la ciudadana Guadalupe Bonifacio Florencio por tener la calidad de c\u00f3nyuge sup\u00e9rstite del Finado Jos\u00e9 S\u00e1nchez S\u00e1nchez<\/td><td class=\"column-3\">SDEyT\/DMR\/13\/2023-SA<\/td><td class=\"column-4\">Exenci\u00f3n de elaborar el AIR<\/td><td class=\"column-5\">Cabildo<\/td><td class=\"column-6\">Consejer\u00eda Jur\u00eddica, Secretar\u00eda de Administraci\u00f3n y Tesorer\u00eda Municipal<\/td><td class=\"column-7\">2023-05-03 00:00:00<\/td><td class=\"column-8\">Acuerdo<\/td><td class=\"column-9\">Interna en el Ayuntamiento de Cuernavaca<\/td><td class=\"column-10\">P\u00e1gina 1 a 2. considerandos; P\u00e1gina 3 acuerdo; P\u00e1gina 4. Transitorios y lugar; P\u00e1gina 5. firmas y r\u00fabricas<\/td><td class=\"column-11\">Se concede pensi\u00f3n por viudez a favor de la ciudadana Guadalupe Bonifacio Florencio<\/td><td class=\"column-12\">Administrativa<\/td><td class=\"column-13\">Ning\u00fan sector<\/td><td class=\"column-14\">Ninguno<\/td><td class=\"column-15\">Ninguno<\/td>\n<\/tr>\n<tr class=\"row-98 even\">\n\t<td class=\"column-1\">97<\/td><td class=\"column-2\">Acuerdo SO\/AC-331\/3-V-2023 por el que se concede pensi\u00f3n por viudez a favor de la ciudadana Marina Medina Cruz, en virtud de tener la calidad de c\u00f3nyuge sup\u00e9rstite del finado pensionado J. Santos Esquivel Vel\u00e1zquez<\/td><td class=\"column-3\">SDEyT\/DMR\/13\/2023-SA<\/td><td class=\"column-4\">Exenci\u00f3n de elaborar el AIR<\/td><td class=\"column-5\">Cabildo<\/td><td class=\"column-6\">Consejer\u00eda Jur\u00eddica, Secretar\u00eda de Administraci\u00f3n y Tesorer\u00eda Municipal<\/td><td class=\"column-7\">2023-05-03 00:00:00<\/td><td class=\"column-8\">Acuerdo<\/td><td class=\"column-9\">Interna en el Ayuntamiento de Cuernavaca<\/td><td class=\"column-10\">P\u00e1gina 1 a 2. considerandos; P\u00e1gina 3 acuerdo; P\u00e1gina 4. Transitorios y lugar; P\u00e1gina 5. firmas y r\u00fabricas<\/td><td class=\"column-11\">Se concede pensi\u00f3n por viudez a favor de la ciudadana Marina Medina Cruz<\/td><td class=\"column-12\">Administrativa<\/td><td class=\"column-13\">Ning\u00fan sector<\/td><td class=\"column-14\">Ninguno<\/td><td class=\"column-15\">Ninguno<\/td>\n<\/tr>\n<tr class=\"row-99 odd\">\n\t<td class=\"column-1\">98<\/td><td class=\"column-2\">Acuerdo SO\/AC-332\/3-V-2023 que autoriza el dictamen n\u00famero SM\/CJ\/03\/2023, emitido por la Consejer\u00eda Jur\u00eddica, correspondiente a la devoluci\u00f3n de la cantidad de $72,142.00 (Setenta y dos mil ciento cuarenta y dos pesos 00\/100 m.n.), al ciudadano Erick \u201cn\u201d, por pago duplicado por concepto de rezago del impuesto predial y rezagos de los servicios p\u00fablicos municipales del periodo 1\/2019 a 6\/2022, lo anterior con fundamento en lo establecido por los art\u00edculos 55 fracci\u00f3n XXI y 108 fracci\u00f3n II del Reglamento de Gobierno y la Administraci\u00f3n P\u00fablica Municipal de Cuernavaca, Morelos<\/td><td class=\"column-3\">SDEyT\/DMR\/13\/2023-SA<\/td><td class=\"column-4\">Exenci\u00f3n de elaborar el AIR<\/td><td class=\"column-5\">Cabildo<\/td><td class=\"column-6\">Tesorer\u00eda Municipal<\/td><td class=\"column-7\">2023-05-03 00:00:00<\/td><td class=\"column-8\">Acuerdo<\/td><td class=\"column-9\">Interna en el Ayuntamiento de Cuernavaca<\/td><td class=\"column-10\">P\u00e1gina 1 a 2. considerandos; P\u00e1gina 2 y 3 acuerdo; P\u00e1gina 3. Transitorios y lugar; P\u00e1gina 4. firmas y r\u00fabricas<\/td><td class=\"column-11\">Se autoriza el dictamen n\u00famero SM\/CJ\/03\/2023, emitido por la Consejer\u00eda Jur\u00eddica, correspondiente a la devoluci\u00f3n de la cantidad de $72,142.00 (Setenta y dos mil ciento cuarenta y dos pesos 00\/100 m.n.), al ciudadano Erick \u201cn\u201d, por pago duplicado por concepto de rezago del impuesto predial y rezagos de los servicios p\u00fablicos municipales<\/td><td class=\"column-12\">Administrativa<\/td><td class=\"column-13\">Ning\u00fan sector<\/td><td class=\"column-14\">Ninguno<\/td><td class=\"column-15\">Ninguno<\/td>\n<\/tr>\n<tr class=\"row-100 even\">\n\t<td class=\"column-1\">99<\/td><td class=\"column-2\">Acuerdo SO\/AC-333\/3-V-2023 por el que se autoriza la disposici\u00f3n de hasta $2,000,000.00 (Dos millones de pesos 00\/100 m.n.), para la rehabilitaci\u00f3n total del sistema contra incendios del centro comercial Adolfo L\u00f3pez Mateos<\/td><td class=\"column-3\">SDEyT\/DMR\/13\/2023-SA<\/td><td class=\"column-4\">Exenci\u00f3n de elaborar el AIR<\/td><td class=\"column-5\">Cabildo<\/td><td class=\"column-6\">Tesorer\u00eda Municipal<\/td><td class=\"column-7\">2023-05-03 00:00:00<\/td><td class=\"column-8\">Acuerdo<\/td><td class=\"column-9\">Interna en el Ayuntamiento de Cuernavaca<\/td><td class=\"column-10\">P\u00e1gina 1 a 2. considerandos; P\u00e1gina 2 y 3 acuerdo; P\u00e1gina 3. Transitorios y lugar; P\u00e1gina 4. firmas y r\u00fabricas<\/td><td class=\"column-11\">Se autoriza la disposici\u00f3n de hasta $2,000,000.00 (Dos millones de pesos 00\/100 m.n.), para la rehabilitaci\u00f3n total del sistema contra incendios del centro comercial Adolfo L\u00f3pez Mateos<\/td><td class=\"column-12\">Administrativa<\/td><td class=\"column-13\">Ning\u00fan sector<\/td><td class=\"column-14\">Ninguno<\/td><td class=\"column-15\">Ninguno<\/td>\n<\/tr>\n<tr class=\"row-101 odd\">\n\t<td class=\"column-1\">100<\/td><td class=\"column-2\">Acuerdo SO\/AC-334\/17-V-2023 POR EL QUE SE AUTORIZA AL PRESIDENTE MUNICIPAL O A QUIEN ESTE TENGA A BIEN DESIGNAR, LA APLICACI\u00d3N DE EST\u00cdMULOS FISCALES DE HASTA UN 70% DE DESCUENTO EN EL PAGO DEL IMPORTE POR CONCEPTO DE INFRACCIONES DE TR\u00c1NSITO, DICHA AUTORIZACI\u00d3N TENDR\u00c1 UNA VIGENCIA HASTA EL 31 DE JULIO DE 2023, RINDIENDO EL INFORME CORRESPONDIENTE A LAS Y LOS INTEGRANTES DEL CABILDO SOBRE LOS INGRESOS Y EGRESOS QUE ESTOS GENEREN<\/td><td class=\"column-3\">SDEyT\/DMR\/14\/2023-SA<\/td><td class=\"column-4\">Exenci\u00f3n de elaborar el AIR<\/td><td class=\"column-5\">Cabildo<\/td><td class=\"column-6\">Tesorer\u00eda Municipal y Direcci\u00f3n General de Comunicaci\u00f3n Social<\/td><td class=\"column-7\">2023-05-03 00:00:00<\/td><td class=\"column-8\">Acuerdo<\/td><td class=\"column-9\">Interna en el Ayuntamiento de Cuernavaca<\/td><td class=\"column-10\">P\u00e1gina 1 a 2. considerandos; P\u00e1gina 2 y 3 acuerdo; P\u00e1gina 3. Transitorios y lugar; P\u00e1gina 4. firmas y r\u00fabricas<\/td><td class=\"column-11\">SE AUTORIZA AL PRESIDENTE MUNICIPAL O A QUIEN ESTE TENGA A BIEN DESIGNAR, LA APLICACI\u00d3N DE EST\u00cdMULOS FISCALES DE HASTA UN 70% DE DESCUENTO EN EL PAGO DEL IMPORTE POR CONCEPTO DE INFRACCIONES DE TR\u00c1NSITO<\/td><td class=\"column-12\">Administrativa<\/td><td class=\"column-13\">Ning\u00fan sector<\/td><td class=\"column-14\">Ninguno<\/td><td class=\"column-15\">Ninguno<\/td>\n<\/tr>\n<tr class=\"row-102 even\">\n\t<td class=\"column-1\">101<\/td><td class=\"column-2\">Acuerdo SO\/AC-335\/17-V-2023 POR EL QUE SE AUTORIZA AL PRESIDENTE MUNICIPAL O A QUIEN ESTE TENGA A BIEN DESIGNAR, LA APLICACI\u00d3N DE EST\u00cdMULOS FISCALES DE HASTA UN 60% EN MULTAS Y RECARGOS, Y DE HASTA UN 80% A PERSONAS TITULARES DE LA TERCERA EDAD, POR CONCEPTO DE IMPUESTO PREDIAL Y SERVICIOS P\u00daBLICOS MUNICIPALES DE LOS \u00daLTIMOS CINCO A\u00d1OS, DICHA AUTORIZACI\u00d3N TENDR\u00c1 UNA VIGENCIA HASTA EL 31 DE AGOSTO DE 2023, RINDIENDO EL INFORME CORRESPONDIENTE A LAS Y LOS INTEGRANTES DEL CABILDO SOBRE LOS INGRESOS Y EGRESOS QUE ESTOS GENEREN<\/td><td class=\"column-3\">SDEyT\/DMR\/14\/2023-SA<\/td><td class=\"column-4\">Exenci\u00f3n de elaborar el AIR<\/td><td class=\"column-5\">Cabildo<\/td><td class=\"column-6\">Tesorer\u00eda Municipal y Direcci\u00f3n General de Comunicaci\u00f3n Social<\/td><td class=\"column-7\">2023-05-03 00:00:00<\/td><td class=\"column-8\">Acuerdo<\/td><td class=\"column-9\">Interna en el Ayuntamiento de Cuernavaca<\/td><td class=\"column-10\">P\u00e1gina 1 a 2. considerandos; P\u00e1gina 2 y 3 acuerdo; P\u00e1gina 3. Transitorios y lugar; P\u00e1gina 4. firmas y r\u00fabricas<\/td><td class=\"column-11\">SE AUTORIZA AL PRESIDENTE MUNICIPAL O A QUIEN ESTE TENGA A BIEN DESIGNAR, LA APLICACI\u00d3N DE EST\u00cdMULOS FISCALES DE HASTA UN 60% EN MULTAS Y RECARGOS, Y DE HASTA UN 80% A PERSONAS TITULARES DE LA TERCERA EDAD, POR CONCEPTO DE IMPUESTO PREDIAL Y SERVICIOS P\u00daBLICOS MUNICIPALES DE LOS \u00daLTIMOS CINCO A\u00d1OS<\/td><td class=\"column-12\">Administrativa<\/td><td class=\"column-13\">Ning\u00fan sector<\/td><td class=\"column-14\">Ninguno<\/td><td class=\"column-15\">Ninguno<\/td>\n<\/tr>\n<tr class=\"row-103 odd\">\n\t<td class=\"column-1\">102<\/td><td class=\"column-2\">Acuerdo SO\/AC-336\/17-V-2023 POR EL QUE SE AUTORIZA LA APLICACI\u00d3N DE EST\u00cdMULOS FISCALES DE HASTA UN 50% EN MULTAS Y RECARGOS, QUE SE CAUSEN POR EL REFRENDO EXTEMPOR\u00c1NEO DE LICENCIAS DE FUNCIONAMIENTO GENERADOS DURANTE LOS \u00daLTIMOS CINCO A\u00d1OS, Y SE OTORGA UNA PR\u00d3RROGA PARA EL REFRENDO CORRESPONDIENTE AL EJERCICIO FISCAL 2023, TENIENDO UNA VIGENCIA HASTA EL 31 DE AGOSTO DE 2023, RINDIENDO EL INFORME CORRESPONDIENTE A LAS Y LOS INTEGRANTES DEL CABILDO DE LOS INGRESOS O EGRESOS QUE ESTO GENERE<\/td><td class=\"column-3\">SDEyT\/DMR\/14\/2023-SA<\/td><td class=\"column-4\">Exenci\u00f3n de elaborar el AIR<\/td><td class=\"column-5\">Cabildo<\/td><td class=\"column-6\">Tesorer\u00eda Municipal<\/td><td class=\"column-7\">2023-05-03 00:00:00<\/td><td class=\"column-8\">Acuerdo<\/td><td class=\"column-9\">Interna en el Ayuntamiento de Cuernavaca<\/td><td class=\"column-10\">P\u00e1gina 1 a 2. considerandos; P\u00e1gina 3 acuerdo; P\u00e1gina 3. Transitorios y lugar; P\u00e1gina 4. firmas y r\u00fabricas<\/td><td class=\"column-11\">SE AUTORIZA LA APLICACI\u00d3N DE EST\u00cdMULOS FISCALES DE HASTA UN 50% EN MULTAS Y RECARGOS, QUE SE CAUSEN POR EL REFRENDO EXTEMPOR\u00c1NEO DE LICENCIAS DE FUNCIONAMIENTO GENERADOS DURANTE LOS \u00daLTIMOS CINCO A\u00d1OS<\/td><td class=\"column-12\">Administrativa<\/td><td class=\"column-13\">Ning\u00fan sector<\/td><td class=\"column-14\">Ninguno<\/td><td class=\"column-15\">Ninguno<\/td>\n<\/tr>\n<tr class=\"row-104 even\">\n\t<td class=\"column-1\">103<\/td><td class=\"column-2\">Acuerdo SO\/AC-337\/17-V-2023 QUE APRUEBA EL CORTE DE CAJA DEL AYUNTAMIENTO DE CUERNAVACA, CORRESPONDIENTE AL MES DE MARZO Y PRIMER TRIMESTRE 2023, LO ANTERIOR CON FUNDAMENTO EN LO DISPUESTO POR EL ART\u00cdCULO 82 FRACCI\u00d3N XI DE LA LEY ORG\u00c1NICA MUNICIPAL DEL ESTADO DE MORELOS Y 15 DE LA LEY DE FISCALIZACI\u00d3N Y RENDICI\u00d3N DE CUENTAS DEL ESTADO DE MORELOS<\/td><td class=\"column-3\">SDEyT\/DMR\/14\/2023-SA<\/td><td class=\"column-4\">Exenci\u00f3n de elaborar el AIR<\/td><td class=\"column-5\">Cabildo<\/td><td class=\"column-6\">Tesorer\u00eda Municipal<\/td><td class=\"column-7\">2023-05-03 00:00:00<\/td><td class=\"column-8\">Acuerdo<\/td><td class=\"column-9\">Interna en el Ayuntamiento de Cuernavaca<\/td><td class=\"column-10\">P\u00e1gina 1. considerandos; P\u00e1gina 2 a 5. acuerdo; P\u00e1gina 5. Transitorios y lugar; P\u00e1gina 6. firmas y r\u00fabricas<\/td><td class=\"column-11\">SE APRUEBA EL CORTE DE CAJA DEL AYUNTAMIENTO DE CUERNAVACA, CORRESPONDIENTE AL MES DE MARZO Y PRIMER TRIMESTRE 2023<\/td><td class=\"column-12\">Administrativa<\/td><td class=\"column-13\">Ning\u00fan sector<\/td><td class=\"column-14\">Ninguno<\/td><td class=\"column-15\">Ninguno<\/td>\n<\/tr>\n<tr class=\"row-105 odd\">\n\t<td class=\"column-1\">104<\/td><td class=\"column-2\">Acuerdo SO\/AC-338\/17-V-2023 QUE AUTORIZA EL PROGRAMA PARA LA DISPOSICI\u00d3N DE $1,000,000.00 (UN MILL\u00d3N DE PESOS 00\/100 M.N.), APROBADO POR EL CONGRESO DEL ESTADO DE MORELOS EN SU PRESUPUESTO DE EGRESOS PARA EL EJERCICIO FISCAL DEL 01 DE ENERO AL 31 DE DICIEMBRE DE 2023, RECURSOS ETIQUETADOS EN DOS PROYECTOS DENOMINADOS SD511 - MEJORAMIENTO, AMPLIACI\u00d3N Y CONTRATACI\u00d3N DE PERSONAL PARA LA PROTECCI\u00d3N ANIMAL EN EL MUNICIPIO DE CUERNAVACA Y SD512 - PROGRAMA DE CONTROL DE POBLACI\u00d3N CANINA Y CONCIENTIZACI\u00d3N DE LA TENENCIA RESPONSABLE DE ANIMALES DOM\u00c9STICOS EN EL MUNICIPIO DE CUERNAVACA, MORELOS<\/td><td class=\"column-3\">SDEyT\/DMR\/14\/2023-SA<\/td><td class=\"column-4\">Exenci\u00f3n de elaborar el AIR<\/td><td class=\"column-5\">Cabildo<\/td><td class=\"column-6\">Secretar\u00eda de Desarrollo Sustentable y Servicios P\u00fablicos<\/td><td class=\"column-7\">2023-05-03 00:00:00<\/td><td class=\"column-8\">Acuerdo<\/td><td class=\"column-9\">Interna en el Ayuntamiento de Cuernavaca<\/td><td class=\"column-10\">P\u00e1gina 1 y 2. considerandos; P\u00e1gina 3. acuerdo; P\u00e1gina 3. Transitorios y lugar; P\u00e1gina 4. firmas y r\u00fabricas<\/td><td class=\"column-11\">AUTORIZA EL PROGRAMA PARA LA DISPOSICI\u00d3N DE $1,000,000.00 (UN MILL\u00d3N DE PESOS 00\/100 M.N.), APROBADO POR EL CONGRESO DEL ESTADO DE MORELOS EN SU PRESUPUESTO DE EGRESOS PARA EL EJERCICIO FISCAL DEL 01 DE ENERO AL 31 DE DICIEMBRE DE 2023<\/td><td class=\"column-12\">Administrativa<\/td><td class=\"column-13\">Ning\u00fan sector<\/td><td class=\"column-14\">Ninguno<\/td><td class=\"column-15\">Ninguno<\/td>\n<\/tr>\n<tr class=\"row-106 even\">\n\t<td class=\"column-1\">105<\/td><td class=\"column-2\">Acuerdo  SO\/AC-339\/17-V-2023 QUE AUTORIZA EL PROGRAMA PARA LA DISPOSICI\u00d3N DE $500,000.00 (QUINIENTOS MIL DE PESOS 00\/100 M.N.), APROBADO POR EL CONGRESO DEL ESTADO DE MORELOS EN SU PRESUPUESTO DE EGRESOS PARA EL EJERCICIO FISCAL DEL 01 DE ENERO AL 31 DE DICIEMBRE DE 2023, RECURSO ETIQUETADO EN EL PROYECTO DENOMINADO PM509 \u2013 \u201cFORTALECIMIENTO OPERATIVO DEL INSTITUTO DE LA MUJER DE CUERNAVACA, MORELOS\u201d<\/td><td class=\"column-3\">SDEyT\/DMR\/14\/2023-SA<\/td><td class=\"column-4\">Exenci\u00f3n de elaborar el AIR<\/td><td class=\"column-5\">Cabildo<\/td><td class=\"column-6\">Instituto de la Mujer de Cuernavaca<\/td><td class=\"column-7\">2023-05-03 00:00:00<\/td><td class=\"column-8\">Acuerdo<\/td><td class=\"column-9\">Interna en el Ayuntamiento de Cuernavaca<\/td><td class=\"column-10\">P\u00e1gina 1 y 2. considerandos; P\u00e1gina 2. acuerdo; P\u00e1gina 3. Transitorios y lugar; P\u00e1gina 4 y 5. firmas y r\u00fabricas<\/td><td class=\"column-11\">AUTORIZA EL PROGRAMA PARA LA DISPOSICI\u00d3N DE $500,000.00 (QUINIENTOS MIL DE PESOS 00\/100 M.N.), APROBADO POR EL CONGRESO DEL ESTADO DE MORELOS EN SU PRESUPUESTO DE EGRESOS PARA EL EJERCICIO FISCAL DEL 01 DE ENERO AL 31 DE DICIEMBRE DE 2023<\/td><td class=\"column-12\">Administrativa<\/td><td class=\"column-13\">Ning\u00fan sector<\/td><td class=\"column-14\">Ninguno<\/td><td class=\"column-15\">Ninguno<\/td>\n<\/tr>\n<tr class=\"row-107 odd\">\n\t<td class=\"column-1\">106<\/td><td class=\"column-2\">Acuerdo  SO\/AC-340\/17-V-2023 QUE AUTORIZA LA DESIGNACI\u00d3N DE LA PERSONA TITULAR DE LA SECRETAR\u00cdA DE DESARROLLO HUMANO Y PARTICIPACI\u00d3N SOCIAL DEL AYUNTAMIENTO DE CUERNAVACA, MORELOS, COMO LA AUTORIDAD ENCARGADA DE LA ADMINISTRACI\u00d3N DEL PARQUE DENVER, A TRAV\u00c9S DEL INSTITUTO DEL DEPORTE DE CUERNAVACA, MORELOS<\/td><td class=\"column-3\">SDEyT\/DMR\/14\/2023-SA<\/td><td class=\"column-4\">Exenci\u00f3n de elaborar el AIR<\/td><td class=\"column-5\">Cabildo<\/td><td class=\"column-6\">Secretar\u00eda de Desarrollo Humano y Participaci\u00f3n Social<\/td><td class=\"column-7\">2023-05-03 00:00:00<\/td><td class=\"column-8\">Acuerdo<\/td><td class=\"column-9\">Interna en el Ayuntamiento de Cuernavaca<\/td><td class=\"column-10\">P\u00e1gina 1 y 3. considerandos; P\u00e1gina 3 y 4. acuerdo; P\u00e1gina 4. Transitorios y lugar; P\u00e1gina 4 y 5. firmas y r\u00fabricas<\/td><td class=\"column-11\">SE AUTORIZA LA DESIGNACI\u00d3N DE LA PERSONA TITULAR DE LA SECRETAR\u00cdA DE DESARROLLO HUMANO Y PARTICIPACI\u00d3N SOCIAL DEL AYUNTAMIENTO DE CUERNAVACA, MORELOS, COMO LA AUTORIDAD ENCARGADA DE LA ADMINISTRACI\u00d3N DEL PARQUE DENVER, A TRAV\u00c9S DEL INSTITUTO DEL DEPORTE DE CUERNAVACA, MORELOS<\/td><td class=\"column-12\">Administrativa<\/td><td class=\"column-13\">Ning\u00fan sector<\/td><td class=\"column-14\">Ninguno<\/td><td class=\"column-15\">Ninguno<\/td>\n<\/tr>\n<tr class=\"row-108 even\">\n\t<td class=\"column-1\">107<\/td><td class=\"column-2\">Acuerdo  SO\/AC-341\/17-V-2023 QUE APRUEBA QUE LA PERSONA TITULAR DE LA SECRETAR\u00cdA DE DESARROLLO HUMANO Y PARTICIPACI\u00d3N SOCIAL DEL AYUNTAMIENTO DE CUERNAVACA, IMPLEMENTE ACCIONES PARA LLEVAR A CABO MEDIDAS DE CONCIENTIZACI\u00d3N CONTRA EL BULLYNG, SUS CAUSAS Y FORMAS DE PREVENCI\u00d3N, ASIMISMO, PARA SUSCRIBIR CONVENIOS CON LA SOCIEDAD CIVIL Y\/O EL SISTEMA DIF DEL ESTADO DE MORELOS, PARA GENERAR ALIANZAS QUE PERMITAN COADYUVAR PARA SU ATENCI\u00d3N Y ERRADICACI\u00d3N<\/td><td class=\"column-3\">SDEyT\/DMR\/14\/2023-SA<\/td><td class=\"column-4\">Exenci\u00f3n de elaborar el AIR<\/td><td class=\"column-5\">Cabildo<\/td><td class=\"column-6\">Secretar\u00eda de Desarrollo Humano y Participaci\u00f3n Social<\/td><td class=\"column-7\">2023-05-03 00:00:00<\/td><td class=\"column-8\">Acuerdo<\/td><td class=\"column-9\">Interna en el Ayuntamiento de Cuernavaca<\/td><td class=\"column-10\">P\u00e1gina 1 y 3. considerandos; P\u00e1gina 3 y 4. acuerdo; P\u00e1gina 4. Transitorios y lugar; P\u00e1gina 5. firmas y r\u00fabricas<\/td><td class=\"column-11\">SE APRUEBA QUE LA PERSONA TITULAR DE LA SECRETAR\u00cdA DE DESARROLLO HUMANO Y PARTICIPACI\u00d3N SOCIAL DEL AYUNTAMIENTO DE CUERNAVACA, IMPLEMENTE ACCIONES PARA LLEVAR A CABO MEDIDAS DE CONCIENTIZACI\u00d3N CONTRA EL BULLYNG<\/td><td class=\"column-12\">Administrativa<\/td><td class=\"column-13\">Ning\u00fan sector<\/td><td class=\"column-14\">Ninguno<\/td><td class=\"column-15\">Ninguno<\/td>\n<\/tr>\n<tr class=\"row-109 odd\">\n\t<td class=\"column-1\">108<\/td><td class=\"column-2\">Acuerdo  SO\/AC-342\/17-V-2023 MEDIANTE EL CUAL SE APRUEBA LA DECLARATORIA DE \u00c1RBOLES NOTABLES Y\/O PATRIMONIALES DE CUERNAVACA Y SE ESTABLECEN LAS BASES PARA SU PROTECCI\u00d3N, LABORES DE MANTENIMIENTO PARA SU CONSERVACI\u00d3N Y EL REGISTRO DE ESPECIES ARB\u00d3REAS<\/td><td class=\"column-3\">SDEyT\/DMR\/14\/2023-SA<\/td><td class=\"column-4\">Exenci\u00f3n de elaborar el AIR<\/td><td class=\"column-5\">Cabildo<\/td><td class=\"column-6\">Secretar\u00eda de Desarrollo Sustentable y Servicios P\u00fablicos<\/td><td class=\"column-7\">2023-05-03 00:00:00<\/td><td class=\"column-8\">Acuerdo<\/td><td class=\"column-9\">Interna en el Ayuntamiento de Cuernavaca<\/td><td class=\"column-10\">P\u00e1gina 1 y 2. considerandos; P\u00e1gina 2 y 9. acuerdo; P\u00e1gina 9. Transitorios y lugar; P\u00e1gina 10. firmas y r\u00fabricas<\/td><td class=\"column-11\">SE APRUEBA LA DECLARATORIA DE \u00c1RBOLES NOTABLES Y\/O PATRIMONIALES DE CUERNAVACA Y SE ESTABLECEN LAS BASES PARA SU PROTECCI\u00d3N, LABORES DE MANTENIMIENTO PARA SU CONSERVACI\u00d3N Y EL REGISTRO DE ESPECIES ARB\u00d3REAS<\/td><td class=\"column-12\">Administrativa<\/td><td class=\"column-13\">Ning\u00fan sector<\/td><td class=\"column-14\">Ninguno<\/td><td class=\"column-15\">Ninguno<\/td>\n<\/tr>\n<tr class=\"row-110 even\">\n\t<td class=\"column-1\">109<\/td><td class=\"column-2\">Acuerdo SO\/AC-343\/17-V-2023 QUE APRUEBA LA CELEBRACI\u00d3N DEL CABILDO DIVERSO EN SU PRIMERA EMISI\u00d3N<\/td><td class=\"column-3\">SDEyT\/DMR\/14\/2023-SA<\/td><td class=\"column-4\">Exenci\u00f3n de elaborar el AIR<\/td><td class=\"column-5\">Cabildo<\/td><td class=\"column-6\">Cabildo<\/td><td class=\"column-7\">2023-05-03 00:00:00<\/td><td class=\"column-8\">Acuerdo<\/td><td class=\"column-9\">Interna en el Ayuntamiento de Cuernavaca<\/td><td class=\"column-10\">P\u00e1gina 1 a 3. considerandos; P\u00e1gina 4. acuerdo; P\u00e1gina 4. Transitorios y lugar; P\u00e1gina 4 y 5. firmas y r\u00fabricas<\/td><td class=\"column-11\">SE APRUEBA LA CELEBRACI\u00d3N DEL CABILDO DIVERSO EN SU PRIMERA EMISI\u00d3N<\/td><td class=\"column-12\">Administrativa<\/td><td class=\"column-13\">Ning\u00fan sector<\/td><td class=\"column-14\">Ninguno<\/td><td class=\"column-15\">Ninguno<\/td>\n<\/tr>\n<tr class=\"row-111 odd\">\n\t<td class=\"column-1\">110<\/td><td class=\"column-2\">Acuerdo  SE\/AC-344\/24-V-2023 QUE APRUEBA EL INICIO DE LOS TRABAJOS DE FORMULACI\u00d3N DEL PROGRAMA DE DESARROLLO URBANO SUSTENTABLE DE CUERNAVACA<\/td><td class=\"column-3\">SDEyT\/DMR\/14\/2023-SA<\/td><td class=\"column-4\">Exenci\u00f3n de elaborar el AIR<\/td><td class=\"column-5\">Cabildo<\/td><td class=\"column-6\">Secretar\u00eda de Desarrollo Urbano y Obras P\u00fablicas<\/td><td class=\"column-7\">2023-05-24 00:00:00<\/td><td class=\"column-8\">Acuerdo<\/td><td class=\"column-9\">Interna en el Ayuntamiento de Cuernavaca<\/td><td class=\"column-10\">P\u00e1gina 1 a 3. considerandos; P\u00e1gina 3 y 4. acuerdo; P\u00e1gina 4. Transitorios y lugar; P\u00e1gina 4 y 5. firmas y r\u00fabricas<\/td><td class=\"column-11\">SE APRUEBA EL INICIO DE LOS TRABAJOS DE FORMULACI\u00d3N DEL PROGRAMA DE DESARROLLO URBANO SUSTENTABLE DE CUERNAVACA<\/td><td class=\"column-12\">Administrativa<\/td><td class=\"column-13\">Ning\u00fan sector<\/td><td class=\"column-14\">Ninguno<\/td><td class=\"column-15\">Ninguno<\/td>\n<\/tr>\n<tr class=\"row-112 even\">\n\t<td class=\"column-1\">111<\/td><td class=\"column-2\">Acuerdo  SE\/AC-345\/24-V-2023 QUE AUTORIZA APLICAR RECURSO HASTA POR $2,800,000.00 (DOS MILLONES OCHOCIENTOS MIL PESOS 00\/100 M.N.), DEL FONDO DE CONTINGENCIA PARA LA CONCLUSI\u00d3N DE CINCO OBRAS INICIADAS CON EL FONDO DE INFRAESTRUCTURA REGIONAL MUNICIPAL, ASIGNADAS POR EL CONGRESO DEL ESTADO DE MORELOS<\/td><td class=\"column-3\">SDEyT\/DMR\/14\/2023-SA<\/td><td class=\"column-4\">Exenci\u00f3n de elaborar el AIR<\/td><td class=\"column-5\">Cabildo<\/td><td class=\"column-6\">Tesorer\u00eda Municipal<\/td><td class=\"column-7\">2023-05-24 00:00:00<\/td><td class=\"column-8\">Acuerdo<\/td><td class=\"column-9\">Interna en el Ayuntamiento de Cuernavaca<\/td><td class=\"column-10\">P\u00e1gina 1 a 2. considerandos; P\u00e1gina 3 y 4. acuerdo; P\u00e1gina 4. Transitorios y lugar; P\u00e1gina 4 y 5. firmas y r\u00fabricas<\/td><td class=\"column-11\">SE AUTORIZA APLICAR RECURSO HASTA POR $2,800,000.00 (DOS MILLONES OCHOCIENTOS MIL PESOS 00\/100 M.N.), DEL FONDO DE CONTINGENCIA PARA LA CONCLUSI\u00d3N DE CINCO OBRAS INICIADAS CON EL FONDO DE INFRAESTRUCTURA REGIONAL MUNICIPAL<\/td><td class=\"column-12\">Administrativa<\/td><td class=\"column-13\">Ning\u00fan sector<\/td><td class=\"column-14\">Ninguno<\/td><td class=\"column-15\">Ninguno<\/td>\n<\/tr>\n<tr class=\"row-113 odd\">\n\t<td class=\"column-1\">112<\/td><td class=\"column-2\">Acuerdo  SE\/AC-346\/24-V-2023 QUE AUTORIZA APLICAR RECURSO POR $200,000.00 (DOSCIENTOS MIL PESOS 00\/100 M.N.), PARA EL PROGRAMA DE DESARME VOLUNTARIO, QUE SE EFECTUAR\u00c1 EN COORDINACI\u00d3N CON LA SECRETAR\u00cdA DE LA DEFENSA NACIONAL, EN CUMPLIMIENTO AL PROGRAMA DE PREVENCI\u00d3N INTEGRAL DEL DELITOESTADO DE MORELOS<\/td><td class=\"column-3\">SDEyT\/DMR\/14\/2023-SA<\/td><td class=\"column-4\">Exenci\u00f3n de elaborar el AIR<\/td><td class=\"column-5\">Cabildo<\/td><td class=\"column-6\">Secretar\u00eda de Protecci\u00f3n y Auxilio Ciudadano<\/td><td class=\"column-7\">2023-05-24 00:00:00<\/td><td class=\"column-8\">Acuerdo<\/td><td class=\"column-9\">Interna en el Ayuntamiento de Cuernavaca<\/td><td class=\"column-10\">P\u00e1gina 1 a 2. considerandos; P\u00e1gina 2 y 3. acuerdo; P\u00e1gina 3. Transitorios y lugar; P\u00e1gina 3 y 4. firmas y r\u00fabricas<\/td><td class=\"column-11\">SE AUTORIZA APLICAR RECURSO POR $200,000.00 (DOSCIENTOS MIL PESOS 00\/100 M.N.), PARA EL PROGRAMA DE DESARME VOLUNTARIO<\/td><td class=\"column-12\">Administrativa<\/td><td class=\"column-13\">Ning\u00fan sector<\/td><td class=\"column-14\">Ninguno<\/td><td class=\"column-15\">Ninguno<\/td>\n<\/tr>\n<tr class=\"row-114 even\">\n\t<td class=\"column-1\">113<\/td><td class=\"column-2\"> ACUERDO SE\/AC-347\/24-V-2023 QUE AUTORIZA EL REGLAMENTO DEL CATASTRO DEL MUNICIPIO DE CUERNAVACA, MORELOS<\/td><td class=\"column-3\">SDEyT\/DMR\/14\/2023-SA<\/td><td class=\"column-4\">Exenci\u00f3n de elaborar el AIR<\/td><td class=\"column-5\">Cabildo<\/td><td class=\"column-6\">Tesorer\u00eda Municipal<\/td><td class=\"column-7\">2023-05-24 00:00:00<\/td><td class=\"column-8\">Reglamento<\/td><td class=\"column-9\">Interna en el Ayuntamiento de Cuernavaca<\/td><td class=\"column-10\">P\u00e1gina 1 a 2. considerandos; P\u00e1gina 2 a 39. acuerdo; P\u00e1gina 39. Transitorios y lugar; P\u00e1gina 40. firmas y r\u00fabricas<\/td><td class=\"column-11\">SE AUTORIZA EL REGLAMENTO DEL CATASTRO DEL MUNICIPIO DE CUERNAVACA, MORELOS<\/td><td class=\"column-12\">Administrativa<\/td><td class=\"column-13\">Ning\u00fan sector<\/td><td class=\"column-14\">Ninguno<\/td><td class=\"column-15\">Ninguno<\/td>\n<\/tr>\n<tr class=\"row-115 odd\">\n\t<td class=\"column-1\">114<\/td><td class=\"column-2\">Acuerdo  SO\/AC-348\/31-V-2023 POR EL QUE SE CONCEDE PENSI\u00d3N POR JUBILACI\u00d3N AL CIUDADANO FRANCISCO ORDU\u00d1O RAMOS, EN CUMPLIMIENTO A LO ORDENADO POR EL TRIBUNAL DE JUSTICIA ADMINISTRATIVA DEL ESTADO DE MORELOS, DENTRO DEL JUICIO ADMINISTRATIVO TJA\/5\u00aaSERA\/JDN-032\/2022<\/td><td class=\"column-3\">SDEyT\/DMR\/14\/2023-SA<\/td><td class=\"column-4\">Exenci\u00f3n de elaborar el AIR<\/td><td class=\"column-5\">Cabildo<\/td><td class=\"column-6\">Consejer\u00eda Jur\u00eddica, Secretar\u00eda de Administraci\u00f3n y Tesorer\u00eda Municipal<\/td><td class=\"column-7\">2023-05-30 00:00:00<\/td><td class=\"column-8\">Acuerdo<\/td><td class=\"column-9\">Interna en el Ayuntamiento de Cuernavaca<\/td><td class=\"column-10\">P\u00e1gina 1 a 4. considerandos; P\u00e1gina 4 y 5. acuerdo; P\u00e1gina 5 y 6. Transitorios y lugar; P\u00e1gina 6 y 7. firmas y r\u00fabricas<\/td><td class=\"column-11\">SE CONCEDE PENSI\u00d3N POR JUBILACI\u00d3N AL CIUDADANO FRANCISCO ORDU\u00d1O RAMOS, EN CUMPLIMIENTO A LO ORDENADO POR EL TRIBUNAL DE JUSTICIA ADMINISTRATIVA DEL ESTADO DE MORELOS<\/td><td class=\"column-12\">Administrativa<\/td><td class=\"column-13\">Ning\u00fan sector<\/td><td class=\"column-14\">Ninguno<\/td><td class=\"column-15\">Ninguno<\/td>\n<\/tr>\n<tr class=\"row-116 even\">\n\t<td class=\"column-1\">115<\/td><td class=\"column-2\">Acuerdo SO\/AC-349\/31-V-2023 POR EL QUE SE CONCEDE PENSI\u00d3N POR JUBILACI\u00d3N AL CIUDADANO HUMBERTO PIOQUINTO SALGADO, EN CUMPLIMIENTO A LO ORDENADO POR EL JUZGADO TERCERO DE DISTRITO EN EL ESTADO DE MORELOS, DENTRO DEL JUICIO DE AMPARO 1418\/2022<\/td><td class=\"column-3\">SDEyT\/DMR\/14\/2023-SA<\/td><td class=\"column-4\">Exenci\u00f3n de elaborar el AIR<\/td><td class=\"column-5\">Cabildo<\/td><td class=\"column-6\">Consejer\u00eda Jur\u00eddica, Secretar\u00eda de Administraci\u00f3n y Tesorer\u00eda Municipal<\/td><td class=\"column-7\">2023-05-30 00:00:00<\/td><td class=\"column-8\">Acuerdo<\/td><td class=\"column-9\">Interna en el Ayuntamiento de Cuernavaca<\/td><td class=\"column-10\">P\u00e1gina 1 a 3. considerandos; P\u00e1gina 3 y 4. acuerdo; P\u00e1gina 4. Transitorios y lugar; P\u00e1gina 5. firmas y r\u00fabricas<\/td><td class=\"column-11\">SE CONCEDE PENSI\u00d3N POR JUBILACI\u00d3N AL CIUDADANO HUMBERTO PIOQUINTO SALGADO<\/td><td class=\"column-12\">Administrativa<\/td><td class=\"column-13\">Ning\u00fan sector<\/td><td class=\"column-14\">Ninguno<\/td><td class=\"column-15\">Ninguno<\/td>\n<\/tr>\n<tr class=\"row-117 odd\">\n\t<td class=\"column-1\">116<\/td><td class=\"column-2\">Acuerdo  SO\/AC-350\/31-V-2023 POR EL QUE SE CONCEDE PENSI\u00d3N POR JUBILACI\u00d3N AL CIUDADANO J. GUADALUPE MONTERO GARC\u00cdA, EN CUMPLIMIENTO A LO ORDENADO POR EL JUZGADO CUARTO DE DISTRITO EN EL ESTADO DE MORELOS, DENTRO DEL JUICIO DE AMPARO 502\/2022<\/td><td class=\"column-3\">SDEyT\/DMR\/14\/2023-SA<\/td><td class=\"column-4\">Exenci\u00f3n de elaborar el AIR<\/td><td class=\"column-5\">Cabildo<\/td><td class=\"column-6\">Consejer\u00eda Jur\u00eddica, Secretar\u00eda de Administraci\u00f3n y Tesorer\u00eda Municipal<\/td><td class=\"column-7\">2023-05-30 00:00:00<\/td><td class=\"column-8\">Acuerdo<\/td><td class=\"column-9\">Interna en el Ayuntamiento de Cuernavaca<\/td><td class=\"column-10\">P\u00e1gina 1 a 4. considerandos; P\u00e1gina 5. acuerdo; P\u00e1gina 5 y 6. Transitorios y lugar; P\u00e1gina 6 y 7. firmas y r\u00fabricas<\/td><td class=\"column-11\">SE CONCEDE PENSI\u00d3N POR JUBILACI\u00d3N AL CIUDADANO J. GUADALUPE MONTERO GARC\u00cdA<\/td><td class=\"column-12\">Administrativa<\/td><td class=\"column-13\">Ning\u00fan sector<\/td><td class=\"column-14\">Ninguno<\/td><td class=\"column-15\">Ninguno<\/td>\n<\/tr>\n<tr class=\"row-118 even\">\n\t<td class=\"column-1\">117<\/td><td class=\"column-2\">Acuerdo   SO\/AC-351\/31-V-2023 POR EL QUE SE CONCEDE PENSI\u00d3N POR JUBILACI\u00d3N A LA CIUDADANA LILIANA ISLAS GELASIO, EN CUMPLIMIENTO A LO ORDENADO POR EL JUZGADO SEGUNDO DE DISTRITO EN EL ESTADO DE MORELOS, DENTRO DEL JUICIO DE AMPARO 1478\/2022<\/td><td class=\"column-3\">SDEyT\/DMR\/14\/2023-SA<\/td><td class=\"column-4\">Exenci\u00f3n de elaborar el AIR<\/td><td class=\"column-5\">Cabildo<\/td><td class=\"column-6\">Consejer\u00eda Jur\u00eddica, Secretar\u00eda de Administraci\u00f3n y Tesorer\u00eda Municipal<\/td><td class=\"column-7\">2023-05-30 00:00:00<\/td><td class=\"column-8\">Acuerdo<\/td><td class=\"column-9\">Interna en el Ayuntamiento de Cuernavaca<\/td><td class=\"column-10\">P\u00e1gina 1 a 4. considerandos; P\u00e1gina 4. acuerdo; P\u00e1gina 5. Transitorios y lugar; P\u00e1gina 5 y 6. firmas y r\u00fabricas<\/td><td class=\"column-11\">SE CONCEDE PENSI\u00d3N POR JUBILACI\u00d3N A LA CIUDADANA LILIANA ISLAS GELASIO<\/td><td class=\"column-12\">Administrativa<\/td><td class=\"column-13\">Ning\u00fan sector<\/td><td class=\"column-14\">Ninguno<\/td><td class=\"column-15\">Ninguno<\/td>\n<\/tr>\n<tr class=\"row-119 odd\">\n\t<td class=\"column-1\">118<\/td><td class=\"column-2\">Acuerdo   SO\/AC-352\/31-V-2023 POR EL QUE SE CONCEDE PENSI\u00d3N POR JUBILACI\u00d3N AL CIUDADANO V\u00cdCTOR MANUEL \u00c1VILA S\u00c1NCHEZ, EN CUMPLIMIENTO A LO ORDENADO POR EL TRIBUNAL DE JUSTICIA ADMINISTRATIVA DEL ESTADO DE MORELOS, DENTRO DEL JUICIO ADMINISTRATIVO TJA\/4\u00aaSERA\/JRNF-111\/2021<\/td><td class=\"column-3\">SDEyT\/DMR\/14\/2023-SA<\/td><td class=\"column-4\">Exenci\u00f3n de elaborar el AIR<\/td><td class=\"column-5\">Cabildo<\/td><td class=\"column-6\">Consejer\u00eda Jur\u00eddica, Secretar\u00eda de Administraci\u00f3n y Tesorer\u00eda Municipal<\/td><td class=\"column-7\">2023-05-30 00:00:00<\/td><td class=\"column-8\">Acuerdo<\/td><td class=\"column-9\">Interna en el Ayuntamiento de Cuernavaca<\/td><td class=\"column-10\">P\u00e1gina 1 a 3. considerandos; P\u00e1gina 3. acuerdo; P\u00e1gina 4. Transitorios y lugar; P\u00e1gina 5. firmas y r\u00fabricas<\/td><td class=\"column-11\">SE CONCEDE PENSI\u00d3N POR JUBILACI\u00d3N AL CIUDADANO V\u00cdCTOR MANUEL \u00c1VILA S\u00c1NCHEZ<\/td><td class=\"column-12\">Administrativa<\/td><td class=\"column-13\">Ning\u00fan sector<\/td><td class=\"column-14\">Ninguno<\/td><td class=\"column-15\">Ninguno<\/td>\n<\/tr>\n<tr class=\"row-120 even\">\n\t<td class=\"column-1\">119<\/td><td class=\"column-2\">Acuerdo  SO\/AC-353\/31-V-2023 POR EL QUE SE CONCEDE PENSI\u00d3N POR JUBILACI\u00d3N AL CIUDADANO V\u00cdCTOR MANUEL ORTIZ FIGUEROA, EN CUMPLIMIENTO A LO ORDENADO POR EL JUZGADO OCTAVO DE DISTRITO EN EL ESTADO DE MORELOS, DENTRO DEL JUICIO DE AMPARO 1636\/2022<\/td><td class=\"column-3\">SDEyT\/DMR\/14\/2023-SA<\/td><td class=\"column-4\">Exenci\u00f3n de elaborar el AIR<\/td><td class=\"column-5\">Cabildo<\/td><td class=\"column-6\">Consejer\u00eda Jur\u00eddica, Secretar\u00eda de Administraci\u00f3n y Tesorer\u00eda Municipal<\/td><td class=\"column-7\">2023-05-30 00:00:00<\/td><td class=\"column-8\">Acuerdo<\/td><td class=\"column-9\">Interna en el Ayuntamiento de Cuernavaca<\/td><td class=\"column-10\">P\u00e1gina 1 a 4. considerandos; P\u00e1gina 4. acuerdo; P\u00e1gina 4 y 5. Transitorios y lugar; P\u00e1gina 5 y 6. firmas y r\u00fabricas<\/td><td class=\"column-11\">SE CONCEDE PENSI\u00d3N POR JUBILACI\u00d3N AL CIUDADANO V\u00cdCTOR MANUEL ORTIZ FIGUEROA<\/td><td class=\"column-12\">Administrativa<\/td><td class=\"column-13\">Ning\u00fan sector<\/td><td class=\"column-14\">Ninguno<\/td><td class=\"column-15\">Ninguno<\/td>\n<\/tr>\n<tr class=\"row-121 odd\">\n\t<td class=\"column-1\">120<\/td><td class=\"column-2\">Acuerdo SO\/AC-354\/31-V-2023 POR EL QUE SE CONCEDE PENSI\u00d3N POR JUBILACI\u00d3N Y JERARQU\u00cdA INMEDIATA SUPERIOR A LA CIUDADANA MAR\u00cdA IN\u00c9S CATAL\u00c1N GONZ\u00c1LEZ, EN CUMPLIMIENTO A LO ORDENADO POR EL PLENO DEL TRIBUNAL DE JUSTICIA ADMINISTRATIVA DEL ESTADO DE MORELOS, DENTRO DEL JUICIO ADMINISTRATIVO TJA\/5\u00aaSERA\/JDN-027\/2022<\/td><td class=\"column-3\">SDEyT\/DMR\/14\/2023-SA<\/td><td class=\"column-4\">Exenci\u00f3n de elaborar el AIR<\/td><td class=\"column-5\">Cabildo<\/td><td class=\"column-6\">Consejer\u00eda Jur\u00eddica, Secretar\u00eda de Administraci\u00f3n y Tesorer\u00eda Municipal<\/td><td class=\"column-7\">2023-05-30 00:00:00<\/td><td class=\"column-8\">Acuerdo<\/td><td class=\"column-9\">Interna en el Ayuntamiento de Cuernavaca<\/td><td class=\"column-10\">P\u00e1gina 1 a 3. considerandos; P\u00e1gina 3. acuerdo; P\u00e1gina 4. Transitorios y lugar; P\u00e1gina 4 y 5. firmas y r\u00fabricas<\/td><td class=\"column-11\">SE CONCEDE PENSI\u00d3N POR JUBILACI\u00d3N Y JERARQU\u00cdA INMEDIATA SUPERIOR A LA CIUDADANA MAR\u00cdA IN\u00c9S CATAL\u00c1N GONZ\u00c1LEZ<\/td><td class=\"column-12\">Administrativa<\/td><td class=\"column-13\">Ning\u00fan sector<\/td><td class=\"column-14\">Ninguno<\/td><td class=\"column-15\">Ninguno<\/td>\n<\/tr>\n<tr class=\"row-122 even\">\n\t<td class=\"column-1\">121<\/td><td class=\"column-2\">Acuerdo  SO\/AC-355\/31-V-2023 POR EL QUE SE CONCEDE PENSI\u00d3N POR JUBILACI\u00d3N Y JERARQU\u00cdA INMEDIATA SUPERIOR AL CIUDADANO NABOR SALINAS S\u00c1NCHEZ, EN CUMPLIMIENTO A LO ORDENADO POR EL PLENO DEL TRIBUNAL DE JUSTICIA ADMINISTRATIVA DEL ESTADO DE MORELOS, DENTRO DEL JUICIO ADMINISTRATIVO TJA\/5\u00aaSERA\/JDN-121\/2021<\/td><td class=\"column-3\">SDEyT\/DMR\/14\/2023-SA<\/td><td class=\"column-4\">Exenci\u00f3n de elaborar el AIR<\/td><td class=\"column-5\">Cabildo<\/td><td class=\"column-6\">Consejer\u00eda Jur\u00eddica, Secretar\u00eda de Administraci\u00f3n y Tesorer\u00eda Municipal<\/td><td class=\"column-7\">2023-05-30 00:00:00<\/td><td class=\"column-8\">Acuerdo<\/td><td class=\"column-9\">Interna en el Ayuntamiento de Cuernavaca<\/td><td class=\"column-10\">P\u00e1gina 1 a 3. considerandos; P\u00e1gina 3 y 4. acuerdo; P\u00e1gina 4 y 5. Transitorios y lugar; P\u00e1gina 5 y 6. firmas y r\u00fabricas<\/td><td class=\"column-11\">SE CONCEDE PENSI\u00d3N POR JUBILACI\u00d3N Y JERARQU\u00cdA INMEDIATA SUPERIOR AL CIUDADANO NABOR SALINAS S\u00c1NCHEZ<\/td><td class=\"column-12\">Administrativa<\/td><td class=\"column-13\">Ning\u00fan sector<\/td><td class=\"column-14\">Ninguno<\/td><td class=\"column-15\">Ninguno<\/td>\n<\/tr>\n<tr class=\"row-123 odd\">\n\t<td class=\"column-1\">122<\/td><td class=\"column-2\">Acuerdo  SO\/AC-356\/31-V-2023 POR EL QUE SE CONCEDE PENSI\u00d3N POR JUBILACI\u00d3N Y JERARQU\u00cdA INMEDIATA SUPERIOR A LA CIUDADANA ANDREA FERREL OLIN, EN CUMPLIMIENTO A LO ORDENADO POR EL PLENO DEL TRIBUNAL  DE JUSTICIA ADMINISTRATIVA DEL ESTADO DE MORELOS, DENTRO DEL JUICIO ADMINISTRATIVO TJA\/5\u00aaSERA\/JDN-073\/2021<\/td><td class=\"column-3\">SDEyT\/DMR\/14\/2023-SA<\/td><td class=\"column-4\">Exenci\u00f3n de elaborar el AIR<\/td><td class=\"column-5\">Cabildo<\/td><td class=\"column-6\">Consejer\u00eda Jur\u00eddica, Secretar\u00eda de Administraci\u00f3n y Tesorer\u00eda Municipal<\/td><td class=\"column-7\">2023-05-30 00:00:00<\/td><td class=\"column-8\">Acuerdo<\/td><td class=\"column-9\">Interna en el Ayuntamiento de Cuernavaca<\/td><td class=\"column-10\">P\u00e1gina 1 a 5. considerandos; P\u00e1gina 5. acuerdo; P\u00e1gina 6. Transitorios y lugar; P\u00e1gina 7. firmas y r\u00fabricas<\/td><td class=\"column-11\">SE CONCEDE PENSI\u00d3N POR JUBILACI\u00d3N Y JERARQU\u00cdA INMEDIATA SUPERIOR A LA CIUDADANA ANDREA FERREL OLIN, EN CUMPLIMIENTO A LO ORDENADO POR EL PLENO DEL TRIBUNAL  DE JUSTICIA ADMINISTRATIVA DEL ESTADO DE MORELOS, DENTRO DEL JUICIO ADMINISTRATIVO TJA\/5\u00aaSERA\/JDN-073\/2021<\/td><td class=\"column-12\">Administrativa<\/td><td class=\"column-13\">Ning\u00fan sector<\/td><td class=\"column-14\">Ninguno<\/td><td class=\"column-15\">Ninguno<\/td>\n<\/tr>\n<tr class=\"row-124 even\">\n\t<td class=\"column-1\">123<\/td><td class=\"column-2\">Acuerdo SO\/AC-357\/31-V-2023 POR EL QUE SE CONCEDE PENSI\u00d3N POR JUBILACI\u00d3N A LA CIUDADANA MA. DOLORES VALLE MART\u00cdNEZ, EN CUMPLIMIENTO A LO ORDENADO POR EL TRIBUNAL DE JUSTICIA ADMINISTRATIVA DEL ESTADO DE MORELOS, DENTRO DEL JUICIO ADMINISTRATIVO TJA\/4\u00aaSERA\/JRNF-029\/2022<\/td><td class=\"column-3\">SDEyT\/DMR\/14\/2023-SA<\/td><td class=\"column-4\">Exenci\u00f3n de elaborar el AIR<\/td><td class=\"column-5\">Cabildo<\/td><td class=\"column-6\">Consejer\u00eda Jur\u00eddica, Secretar\u00eda de Administraci\u00f3n y Tesorer\u00eda Municipal<\/td><td class=\"column-7\">2023-05-30 00:00:00<\/td><td class=\"column-8\">Acuerdo<\/td><td class=\"column-9\">Interna en el Ayuntamiento de Cuernavaca<\/td><td class=\"column-10\">P\u00e1gina 1 a 3. considerandos; P\u00e1gina 4. acuerdo; P\u00e1gina 4 y 5. Transitorios y lugar; P\u00e1gina 5 y 6. firmas y r\u00fabricas<\/td><td class=\"column-11\">SE CONCEDE PENSI\u00d3N POR JUBILACI\u00d3N A LA CIUDADANA MA. DOLORES VALLE MART\u00cdNEZ<\/td><td class=\"column-12\">Administrativa<\/td><td class=\"column-13\">Ning\u00fan sector<\/td><td class=\"column-14\">Ninguno<\/td><td class=\"column-15\">Ninguno<\/td>\n<\/tr>\n<tr class=\"row-125 odd\">\n\t<td class=\"column-1\">124<\/td><td class=\"column-2\">Acuerdo SO\/AC-358\/31-V-2023 POR EL QUE SE CONCEDE PENSI\u00d3N POR JUBILACI\u00d3N AL CIUDADANO JOS\u00c9 LUIS RAM\u00cdREZ VALENCIA, EN CUMPLIMIENTO A LO ORDENADO POR EL JUZGADO S\u00c9PTIMO DE DISTRITO EN EL ESTADO DE MORELOS, DENTRO DEL JUICIO DE AMPARO 87\/2022-C4<\/td><td class=\"column-3\">SDEyT\/DMR\/14\/2023-SA<\/td><td class=\"column-4\">Exenci\u00f3n de elaborar el AIR<\/td><td class=\"column-5\">Cabildo<\/td><td class=\"column-6\">Consejer\u00eda Jur\u00eddica, Secretar\u00eda de Administraci\u00f3n y Tesorer\u00eda Municipal<\/td><td class=\"column-7\">2023-05-30 00:00:00<\/td><td class=\"column-8\">Acuerdo<\/td><td class=\"column-9\">Interna en el Ayuntamiento de Cuernavaca<\/td><td class=\"column-10\">P\u00e1gina 1 a 3. considerandos; P\u00e1gina 3. acuerdo; P\u00e1gina 4. Transitorios y lugar; P\u00e1gina 5. firmas y r\u00fabricas<\/td><td class=\"column-11\">SE CONCEDE PENSI\u00d3N POR JUBILACI\u00d3N AL CIUDADANO JOS\u00c9 LUIS RAM\u00cdREZ VALENCIA<\/td><td class=\"column-12\">Administrativa<\/td><td class=\"column-13\">Ning\u00fan sector<\/td><td class=\"column-14\">Ninguno<\/td><td class=\"column-15\">Ninguno<\/td>\n<\/tr>\n<tr class=\"row-126 even\">\n\t<td class=\"column-1\">125<\/td><td class=\"column-2\">Acuerdo SO\/AC-359\/31-V-2023 POR EL QUE SE CONCEDE PENSI\u00d3N POR CESANT\u00cdA EN EDAD AVANZADA AL CIUDADANO OBDULIO MARCELINO ZEFERINO, EN CUMPLIMIENTO A LO ORDENADO POR EL JUZGADO TERCERO DE DISTRITO EN EL ESTADO DE MORELOS, DENTRO DEL JUICIO DE AMPARO 1147\/202<\/td><td class=\"column-3\">SDEyT\/DMR\/14\/2023-SA<\/td><td class=\"column-4\">Exenci\u00f3n de elaborar el AIR<\/td><td class=\"column-5\">Cabildo<\/td><td class=\"column-6\">Consejer\u00eda Jur\u00eddica, Secretar\u00eda de Administraci\u00f3n y Tesorer\u00eda Municipal<\/td><td class=\"column-7\">2023-05-30 00:00:00<\/td><td class=\"column-8\">Acuerdo<\/td><td class=\"column-9\">Interna en el Ayuntamiento de Cuernavaca<\/td><td class=\"column-10\">P\u00e1gina 1 a 3. considerandos; P\u00e1gina 3 y 4. acuerdo; P\u00e1gina 4. Transitorios y lugar; P\u00e1gina 5. firmas y r\u00fabricas<\/td><td class=\"column-11\">SE CONCEDE PENSI\u00d3N POR CESANT\u00cdA EN EDAD AVANZADA AL CIUDADANO OBDULIO MARCELINO ZEFERINO<\/td><td class=\"column-12\">Administrativa<\/td><td class=\"column-13\">Ning\u00fan sector<\/td><td class=\"column-14\">Ninguno<\/td><td class=\"column-15\">Ninguno<\/td>\n<\/tr>\n<\/tbody>\n<\/table>\n<!-- #tablepress-18 from cache --><\/div>\n\t\t\t\t<\/div>\n\t\t\t\t<\/div>\n\t\t\t\t\t\t<\/div>\n\t\t\t\t\t<\/div>\n\t\t<\/div>\n\t\t\t\t\t\t\t\t<\/div>\n\t\t\t\t\t<\/div>\n\t\t<\/section>\n\t\t\t\t\t\t\t\t\t<\/div>\n\t\t\t<\/div>\n\t\t\t\t\t<\/div>\n\t\t","protected":false},"excerpt":{"rendered":"","protected":false},"author":6,"featured_media":0,"parent":0,"menu_order":0,"comment_status":"closed","ping_status":"closed","template":"","meta":[],"_links":{"self":[{"href":"https:\/\/cuernavaca.gob.mx\/dmer\/index.php?rest_route=\/wp\/v2\/pages\/5647"}],"collection":[{"href":"https:\/\/cuernavaca.gob.mx\/dmer\/index.php?rest_route=\/wp\/v2\/pages"}],"about":[{"href":"https:\/\/cuernavaca.gob.mx\/dmer\/index.php?rest_route=\/wp\/v2\/types\/page"}],"author":[{"embeddable":true,"href":"https:\/\/cuernavaca.gob.mx\/dmer\/index.php?rest_route=\/wp\/v2\/users\/6"}],"replies":[{"embeddable":true,"href":"https:\/\/cuernavaca.gob.mx\/dmer\/index.php?rest_route=%2Fwp%2Fv2%2Fcomments&post=5647"}],"version-history":[{"count":4,"href":"https:\/\/cuernavaca.gob.mx\/dmer\/index.php?rest_route=\/wp\/v2\/pages\/5647\/revisions"}],"predecessor-version":[{"id":5651,"href":"https:\/\/cuernavaca.gob.mx\/dmer\/index.php?rest_route=\/wp\/v2\/pages\/5647\/revisions\/5651"}],"wp:attachment":[{"href":"https:\/\/cuernavaca.gob.mx\/dmer\/index.php?rest_route=%2Fwp%2Fv2%2Fmedia&parent=5647"}],"curies":[{"name":"wp","href":"https:\/\/api.w.org\/{rel}","templated":true}]}}