{"id":17670,"date":"2022-08-23T12:50:39","date_gmt":"2022-08-23T17:50:39","guid":{"rendered":"https:\/\/cuernavaca.gob.mx\/?page_id=17670"},"modified":"2024-12-11T12:32:54","modified_gmt":"2024-12-11T18:32:54","slug":"galerias-eventos","status":"publish","type":"page","link":"https:\/\/cuernavaca.gob.mx\/?page_id=17670","title":{"rendered":"Galer\u00edas Eventos"},"content":{"rendered":"\t\t<div data-elementor-type=\"wp-page\" data-elementor-id=\"17670\" class=\"elementor elementor-17670\">\n\t\t\t\t\t\t\t\t\t<section class=\"elementor-section elementor-top-section elementor-element elementor-element-27e74a9 elementor-section-full_width elementor-section-stretched elementor-section-height-default elementor-section-height-default\" data-id=\"27e74a9\" data-element_type=\"section\" data-settings=\"{&quot;background_background&quot;:&quot;classic&quot;,&quot;stretch_section&quot;:&quot;section-stretched&quot;}\">\n\t\t\t\t\t\t<div class=\"elementor-container elementor-column-gap-extended\">\n\t\t\t\t\t<div class=\"elementor-column elementor-col-100 elementor-top-column elementor-element elementor-element-94676a2\" data-id=\"94676a2\" data-element_type=\"column\">\n\t\t\t<div class=\"elementor-widget-wrap elementor-element-populated\">\n\t\t\t\t\t\t\t\t<div class=\"elementor-element elementor-element-214b2b2 elementor-widget elementor-widget-heading\" data-id=\"214b2b2\" data-element_type=\"widget\" data-widget_type=\"heading.default\">\n\t\t\t\t<div class=\"elementor-widget-container\">\n\t\t\t<style>\/*! elementor - v3.6.4 - 13-04-2022 *\/\n.elementor-heading-title{padding:0;margin:0;line-height:1}.elementor-widget-heading .elementor-heading-title[class*=elementor-size-]>a{color:inherit;font-size:inherit;line-height:inherit}.elementor-widget-heading .elementor-heading-title.elementor-size-small{font-size:15px}.elementor-widget-heading .elementor-heading-title.elementor-size-medium{font-size:19px}.elementor-widget-heading .elementor-heading-title.elementor-size-large{font-size:29px}.elementor-widget-heading .elementor-heading-title.elementor-size-xl{font-size:39px}.elementor-widget-heading .elementor-heading-title.elementor-size-xxl{font-size:59px}<\/style><h2 class=\"elementor-heading-title elementor-size-default\">Descarga la foto con el Alcalde<\/h2>\t\t<\/div>\n\t\t\t\t<\/div>\n\t\t\t\t<div class=\"elementor-element elementor-element-53bfe3c elementor-widget elementor-widget-heading\" data-id=\"53bfe3c\" data-element_type=\"widget\" data-widget_type=\"heading.default\">\n\t\t\t\t<div class=\"elementor-widget-container\">\n\t\t\t<p class=\"elementor-heading-title elementor-size-default\">Galer\u00eda de Eventos<\/p>\t\t<\/div>\n\t\t\t\t<\/div>\n\t\t\t\t<div class=\"elementor-element elementor-element-5c4f465 elementor-widget elementor-widget-ova_search_all\" data-id=\"5c4f465\" data-element_type=\"widget\" data-widget_type=\"ova_search_all.default\">\n\t\t\t\t<div class=\"elementor-widget-container\">\n\t\t\t\t\t\t<div class=\"ova_wrap_search_all type1\">\n\n\t\t\t\t<form role=\"search\" method=\"get\" class=\"search-form\" action=\"https:\/\/cuernavaca.gob.mx\/\">\n\n\t\t\t\t\t<div class=\"wrap_field\">\n\t\t\t\t\t\t<i class=\"flaticon-loupe\"><\/i>\n\t\t\t\t\t\t<input type=\"text\" class=\"search-field\" placeholder=\"\u00bfQu\u00e9 estas buscando?\" value=\"\" aria-label=\"\u00bfQu\u00e9 estas buscando?\" name=\"s\" \/>\n\t\t\t\t\t<\/div>\n\n\t\t\t\t    <button class=\"search-submit second_font\" type=\"submit\" title=\"Search\">Search<\/button>\n\t\t   \t\t\t \t\n\t\t\t\t<\/form>\t\t\t\t\t\t\t\t\t\n\t\t\t<\/div>\n\n\t\t\t\t<\/div>\n\t\t\t\t<\/div>\n\t\t\t\t\t<\/div>\n\t\t<\/div>\n\t\t\t\t\t\t\t<\/div>\n\t\t<\/section>\n\t\t\t\t<section class=\"elementor-section elementor-top-section elementor-element elementor-element-1666e9c elementor-section-boxed elementor-section-height-default elementor-section-height-default\" data-id=\"1666e9c\" data-element_type=\"section\">\n\t\t\t\t\t\t<div class=\"elementor-container elementor-column-gap-default\">\n\t\t\t\t\t<div class=\"elementor-column elementor-col-100 elementor-top-column elementor-element elementor-element-827a45a\" data-id=\"827a45a\" data-element_type=\"column\">\n\t\t\t<div class=\"elementor-widget-wrap elementor-element-populated\">\n\t\t\t\t\t\t\t\t<section class=\"elementor-section elementor-inner-section elementor-element elementor-element-e0e0291 elementor-section-boxed elementor-section-height-default elementor-section-height-default\" data-id=\"e0e0291\" data-element_type=\"section\">\n\t\t\t\t\t\t<div class=\"elementor-container elementor-column-gap-default\">\n\t\t\t\t\t<div class=\"elementor-column elementor-col-33 elementor-inner-column elementor-element elementor-element-12f9d63\" data-id=\"12f9d63\" data-element_type=\"column\">\n\t\t\t<div class=\"elementor-widget-wrap elementor-element-populated\">\n\t\t\t\t\t\t\t\t<div class=\"elementor-element elementor-element-34351a9 elementor-widget elementor-widget-spacer\" data-id=\"34351a9\" data-element_type=\"widget\" data-widget_type=\"spacer.default\">\n\t\t\t\t<div class=\"elementor-widget-container\">\n\t\t\t<style>\/*! elementor - v3.6.4 - 13-04-2022 *\/\n.e-container.e-container--row .elementor-spacer-inner{width:var(--spacer-size)}.e-container.e-container--column .elementor-spacer-inner,.elementor-column .elementor-spacer-inner{height:var(--spacer-size)}<\/style>\t\t<div class=\"elementor-spacer\">\n\t\t\t<div class=\"elementor-spacer-inner\"><\/div>\n\t\t<\/div>\n\t\t\t\t<\/div>\n\t\t\t\t<\/div>\n\t\t\t\t<div class=\"elementor-element elementor-element-f197c44 tarjetaGaleria elementor-widget elementor-widget-ova_feature_box_2\" data-id=\"f197c44\" data-element_type=\"widget\" data-widget_type=\"ova_feature_box_2.default\">\n\t\t\t\t<div class=\"elementor-widget-container\">\n\t\t\t\t\t<a class=\"ova_feature_box_2\" href=\"https:\/\/cuernavaca.gob.mx\/?page_id=17601\">\n\t\t\t<span class=\"ova-content\">\n\t\t\t\t<span class=\"wrap-icon\">\n\t\t\t\t\t<span class=\"icon\">\n\t\t\t\t\t\t<i class=\"lnr lnr-camera\"><\/i>\n\t\t\t\t\t<\/span>\n\t\t\t\t<\/span>\n\t\t\t\t\n\t\t\t\t<span class=\"number second_font\">\n\t\t\t\t\t22\/ago\/2022\t\t\t\t<\/span>\n\t\t\t\t<span class=\"title second_font\">\n\t\t\t\t\tD\u00eda del Bombero \t\t\t\t<\/span>\n\t\t\t<\/span>\n\t\t<\/a>\n\t\t\t\t<\/div>\n\t\t\t\t<\/div>\n\t\t\t\t\t<\/div>\n\t\t<\/div>\n\t\t\t\t<div class=\"elementor-column elementor-col-33 elementor-inner-column elementor-element elementor-element-22382be\" data-id=\"22382be\" data-element_type=\"column\">\n\t\t\t<div class=\"elementor-widget-wrap elementor-element-populated\">\n\t\t\t\t\t\t\t\t<div class=\"elementor-element elementor-element-a4d749a elementor-widget elementor-widget-spacer\" data-id=\"a4d749a\" data-element_type=\"widget\" data-widget_type=\"spacer.default\">\n\t\t\t\t<div class=\"elementor-widget-container\">\n\t\t\t\t\t<div class=\"elementor-spacer\">\n\t\t\t<div class=\"elementor-spacer-inner\"><\/div>\n\t\t<\/div>\n\t\t\t\t<\/div>\n\t\t\t\t<\/div>\n\t\t\t\t<div class=\"elementor-element elementor-element-02adff1 tarjetaGaleria elementor-widget elementor-widget-ova_feature_box_2\" data-id=\"02adff1\" data-element_type=\"widget\" data-widget_type=\"ova_feature_box_2.default\">\n\t\t\t\t<div class=\"elementor-widget-container\">\n\t\t\t\t\t<a class=\"ova_feature_box_2\" href=\"https:\/\/cuernavaca.gob.mx\/?page_id=18362\">\n\t\t\t<span class=\"ova-content\">\n\t\t\t\t<span class=\"wrap-icon\">\n\t\t\t\t\t<span class=\"icon\">\n\t\t\t\t\t\t<i class=\"lnr lnr-camera\"><\/i>\n\t\t\t\t\t<\/span>\n\t\t\t\t<\/span>\n\t\t\t\t\n\t\t\t\t<span class=\"number second_font\">\n\t\t\t\t\t08\/sep\/2022\t\t\t\t<\/span>\n\t\t\t\t<span class=\"title second_font\">\n\t\t\t\t\tEntrega de reconocimientos a hijos e hijas de trabajadores sindicalizados\t\t\t\t<\/span>\n\t\t\t<\/span>\n\t\t<\/a>\n\t\t\t\t<\/div>\n\t\t\t\t<\/div>\n\t\t\t\t\t<\/div>\n\t\t<\/div>\n\t\t\t\t<div class=\"elementor-column elementor-col-33 elementor-inner-column elementor-element elementor-element-1ea7c81\" data-id=\"1ea7c81\" data-element_type=\"column\">\n\t\t\t<div class=\"elementor-widget-wrap elementor-element-populated\">\n\t\t\t\t\t\t\t\t<div class=\"elementor-element elementor-element-95f9be0 elementor-widget elementor-widget-spacer\" data-id=\"95f9be0\" data-element_type=\"widget\" data-widget_type=\"spacer.default\">\n\t\t\t\t<div class=\"elementor-widget-container\">\n\t\t\t\t\t<div class=\"elementor-spacer\">\n\t\t\t<div class=\"elementor-spacer-inner\"><\/div>\n\t\t<\/div>\n\t\t\t\t<\/div>\n\t\t\t\t<\/div>\n\t\t\t\t<div class=\"elementor-element elementor-element-4c69f6b tarjetaGaleria elementor-widget elementor-widget-ova_feature_box_2\" data-id=\"4c69f6b\" data-element_type=\"widget\" data-widget_type=\"ova_feature_box_2.default\">\n\t\t\t\t<div class=\"elementor-widget-container\">\n\t\t\t\t\t<a class=\"ova_feature_box_2\" href=\"https:\/\/cuernavaca.gob.mx\/?page_id=18645\">\n\t\t\t<span class=\"ova-content\">\n\t\t\t\t<span class=\"wrap-icon\">\n\t\t\t\t\t<span class=\"icon\">\n\t\t\t\t\t\t<i class=\"lnr lnr-camera\"><\/i>\n\t\t\t\t\t<\/span>\n\t\t\t\t<\/span>\n\t\t\t\t\n\t\t\t\t<span class=\"number second_font\">\n\t\t\t\t\t13\/sep\/2022\t\t\t\t<\/span>\n\t\t\t\t<span class=\"title second_font\">\n\t\t\t\t\tCeremonia ni\u00f1os h\u00e9roes y obras de rescate de espacios p\u00fablicos patios de la estaci\u00f3n\t\t\t\t<\/span>\n\t\t\t<\/span>\n\t\t<\/a>\n\t\t\t\t<\/div>\n\t\t\t\t<\/div>\n\t\t\t\t\t<\/div>\n\t\t<\/div>\n\t\t\t\t\t\t\t<\/div>\n\t\t<\/section>\n\t\t\t\t<section class=\"elementor-section elementor-inner-section elementor-element elementor-element-cf30a1f elementor-section-boxed elementor-section-height-default elementor-section-height-default\" data-id=\"cf30a1f\" data-element_type=\"section\">\n\t\t\t\t\t\t<div class=\"elementor-container elementor-column-gap-default\">\n\t\t\t\t\t<div class=\"elementor-column elementor-col-33 elementor-inner-column elementor-element elementor-element-80fabdc\" data-id=\"80fabdc\" data-element_type=\"column\">\n\t\t\t<div class=\"elementor-widget-wrap elementor-element-populated\">\n\t\t\t\t\t\t\t\t<div class=\"elementor-element elementor-element-b8772b2 elementor-widget elementor-widget-spacer\" data-id=\"b8772b2\" data-element_type=\"widget\" data-widget_type=\"spacer.default\">\n\t\t\t\t<div class=\"elementor-widget-container\">\n\t\t\t\t\t<div class=\"elementor-spacer\">\n\t\t\t<div class=\"elementor-spacer-inner\"><\/div>\n\t\t<\/div>\n\t\t\t\t<\/div>\n\t\t\t\t<\/div>\n\t\t\t\t<div class=\"elementor-element elementor-element-58f16d8 tarjetaGaleria elementor-widget elementor-widget-ova_feature_box_2\" data-id=\"58f16d8\" data-element_type=\"widget\" data-widget_type=\"ova_feature_box_2.default\">\n\t\t\t\t<div class=\"elementor-widget-container\">\n\t\t\t\t\t<a class=\"ova_feature_box_2\" href=\"https:\/\/cuernavaca.gob.mx\/?page_id=18966\">\n\t\t\t<span class=\"ova-content\">\n\t\t\t\t<span class=\"wrap-icon\">\n\t\t\t\t\t<span class=\"icon\">\n\t\t\t\t\t\t<i class=\"lnr lnr-camera\"><\/i>\n\t\t\t\t\t<\/span>\n\t\t\t\t<\/span>\n\t\t\t\t\n\t\t\t\t<span class=\"number second_font\">\n\t\t\t\t\t16\/sep\/2022\t\t\t\t<\/span>\n\t\t\t\t<span class=\"title second_font\">\n\t\t\t\t\tDesfile C\u00edvico y recorrido Jard\u00edn Ju\u00e1rez\t\t\t\t<\/span>\n\t\t\t<\/span>\n\t\t<\/a>\n\t\t\t\t<\/div>\n\t\t\t\t<\/div>\n\t\t\t\t\t<\/div>\n\t\t<\/div>\n\t\t\t\t<div class=\"elementor-column elementor-col-33 elementor-inner-column elementor-element elementor-element-4c7db4f\" data-id=\"4c7db4f\" data-element_type=\"column\">\n\t\t\t<div class=\"elementor-widget-wrap elementor-element-populated\">\n\t\t\t\t\t\t\t\t<div class=\"elementor-element elementor-element-b87a222 elementor-widget elementor-widget-spacer\" data-id=\"b87a222\" data-element_type=\"widget\" data-widget_type=\"spacer.default\">\n\t\t\t\t<div class=\"elementor-widget-container\">\n\t\t\t\t\t<div class=\"elementor-spacer\">\n\t\t\t<div class=\"elementor-spacer-inner\"><\/div>\n\t\t<\/div>\n\t\t\t\t<\/div>\n\t\t\t\t<\/div>\n\t\t\t\t<div class=\"elementor-element elementor-element-115969b tarjetaGaleria elementor-widget elementor-widget-ova_feature_box_2\" data-id=\"115969b\" data-element_type=\"widget\" data-widget_type=\"ova_feature_box_2.default\">\n\t\t\t\t<div class=\"elementor-widget-container\">\n\t\t\t\t\t<a class=\"ova_feature_box_2\" href=\"https:\/\/cuernavaca.gob.mx\/?page_id=19356\">\n\t\t\t<span class=\"ova-content\">\n\t\t\t\t<span class=\"wrap-icon\">\n\t\t\t\t\t<span class=\"icon\">\n\t\t\t\t\t\t<i class=\"lnr lnr-camera\"><\/i>\n\t\t\t\t\t<\/span>\n\t\t\t\t<\/span>\n\t\t\t\t\n\t\t\t\t<span class=\"number second_font\">\n\t\t\t\t\t24\/sep\/2022\t\t\t\t<\/span>\n\t\t\t\t<span class=\"title second_font\">\n\t\t\t\t\tCeremonia de graduaci\u00f3n de la Maestr\u00eda de Juicios Orales UNIM\t\t\t\t<\/span>\n\t\t\t<\/span>\n\t\t<\/a>\n\t\t\t\t<\/div>\n\t\t\t\t<\/div>\n\t\t\t\t\t<\/div>\n\t\t<\/div>\n\t\t\t\t<div class=\"elementor-column elementor-col-33 elementor-inner-column elementor-element elementor-element-e8c97ab\" data-id=\"e8c97ab\" data-element_type=\"column\">\n\t\t\t<div class=\"elementor-widget-wrap elementor-element-populated\">\n\t\t\t\t\t\t\t\t<div class=\"elementor-element elementor-element-ee3866c elementor-widget elementor-widget-spacer\" data-id=\"ee3866c\" data-element_type=\"widget\" data-widget_type=\"spacer.default\">\n\t\t\t\t<div class=\"elementor-widget-container\">\n\t\t\t\t\t<div class=\"elementor-spacer\">\n\t\t\t<div class=\"elementor-spacer-inner\"><\/div>\n\t\t<\/div>\n\t\t\t\t<\/div>\n\t\t\t\t<\/div>\n\t\t\t\t<div class=\"elementor-element elementor-element-9efef96 tarjetaGaleria elementor-widget elementor-widget-ova_feature_box_2\" data-id=\"9efef96\" data-element_type=\"widget\" data-widget_type=\"ova_feature_box_2.default\">\n\t\t\t\t<div class=\"elementor-widget-container\">\n\t\t\t\t\t<a class=\"ova_feature_box_2\" href=\"https:\/\/cuernavaca.gob.mx\/?page_id=19456\">\n\t\t\t<span class=\"ova-content\">\n\t\t\t\t<span class=\"wrap-icon\">\n\t\t\t\t\t<span class=\"icon\">\n\t\t\t\t\t\t<i class=\"lnr lnr-camera\"><\/i>\n\t\t\t\t\t<\/span>\n\t\t\t\t<\/span>\n\t\t\t\t\n\t\t\t\t<span class=\"number second_font\">\n\t\t\t\t\t27\/sep\/2022\t\t\t\t<\/span>\n\t\t\t\t<span class=\"title second_font\">\n\t\t\t\t\tEscuela Primaria Urbana Federal &quot;Ni\u00f1os H\u00e9roes&quot;\t\t\t\t<\/span>\n\t\t\t<\/span>\n\t\t<\/a>\n\t\t\t\t<\/div>\n\t\t\t\t<\/div>\n\t\t\t\t\t<\/div>\n\t\t<\/div>\n\t\t\t\t\t\t\t<\/div>\n\t\t<\/section>\n\t\t\t\t<section class=\"elementor-section elementor-inner-section elementor-element elementor-element-e1000ee elementor-section-boxed elementor-section-height-default elementor-section-height-default\" data-id=\"e1000ee\" data-element_type=\"section\">\n\t\t\t\t\t\t<div class=\"elementor-container elementor-column-gap-default\">\n\t\t\t\t\t<div class=\"elementor-column elementor-col-33 elementor-inner-column elementor-element elementor-element-f6be44f\" data-id=\"f6be44f\" data-element_type=\"column\">\n\t\t\t<div class=\"elementor-widget-wrap elementor-element-populated\">\n\t\t\t\t\t\t\t\t<div class=\"elementor-element elementor-element-8f4bcc3 elementor-widget elementor-widget-spacer\" data-id=\"8f4bcc3\" data-element_type=\"widget\" data-widget_type=\"spacer.default\">\n\t\t\t\t<div class=\"elementor-widget-container\">\n\t\t\t\t\t<div class=\"elementor-spacer\">\n\t\t\t<div class=\"elementor-spacer-inner\"><\/div>\n\t\t<\/div>\n\t\t\t\t<\/div>\n\t\t\t\t<\/div>\n\t\t\t\t<div class=\"elementor-element elementor-element-1add668 tarjetaGaleria elementor-widget elementor-widget-ova_feature_box_2\" data-id=\"1add668\" data-element_type=\"widget\" data-widget_type=\"ova_feature_box_2.default\">\n\t\t\t\t<div class=\"elementor-widget-container\">\n\t\t\t\t\t<a class=\"ova_feature_box_2\" href=\"https:\/\/cuernavaca.gob.mx\/?page_id=20068\">\n\t\t\t<span class=\"ova-content\">\n\t\t\t\t<span class=\"wrap-icon\">\n\t\t\t\t\t<span class=\"icon\">\n\t\t\t\t\t\t<i class=\"lnr lnr-camera\"><\/i>\n\t\t\t\t\t<\/span>\n\t\t\t\t<\/span>\n\t\t\t\t\n\t\t\t\t<span class=\"number second_font\">\n\t\t\t\t\t11\/oct\/2022\t\t\t\t<\/span>\n\t\t\t\t<span class=\"title second_font\">\n\t\t\t\t\tEncuentro por la lucha contra el c\u00e1ncer de mama\t\t\t\t<\/span>\n\t\t\t<\/span>\n\t\t<\/a>\n\t\t\t\t<\/div>\n\t\t\t\t<\/div>\n\t\t\t\t\t<\/div>\n\t\t<\/div>\n\t\t\t\t<div class=\"elementor-column elementor-col-33 elementor-inner-column elementor-element elementor-element-367e16f\" data-id=\"367e16f\" data-element_type=\"column\">\n\t\t\t<div class=\"elementor-widget-wrap elementor-element-populated\">\n\t\t\t\t\t\t\t\t<div class=\"elementor-element elementor-element-f0407d6 elementor-widget elementor-widget-spacer\" data-id=\"f0407d6\" data-element_type=\"widget\" data-widget_type=\"spacer.default\">\n\t\t\t\t<div class=\"elementor-widget-container\">\n\t\t\t\t\t<div class=\"elementor-spacer\">\n\t\t\t<div class=\"elementor-spacer-inner\"><\/div>\n\t\t<\/div>\n\t\t\t\t<\/div>\n\t\t\t\t<\/div>\n\t\t\t\t<div class=\"elementor-element elementor-element-06d7493 tarjetaGaleria elementor-widget elementor-widget-ova_feature_box_2\" data-id=\"06d7493\" data-element_type=\"widget\" data-widget_type=\"ova_feature_box_2.default\">\n\t\t\t\t<div class=\"elementor-widget-container\">\n\t\t\t\t\t<a class=\"ova_feature_box_2\" href=\"https:\/\/cuernavaca.gob.mx\/?page_id=20237\">\n\t\t\t<span class=\"ova-content\">\n\t\t\t\t<span class=\"wrap-icon\">\n\t\t\t\t\t<span class=\"icon\">\n\t\t\t\t\t\t<i class=\"lnr lnr-camera\"><\/i>\n\t\t\t\t\t<\/span>\n\t\t\t\t<\/span>\n\t\t\t\t\n\t\t\t\t<span class=\"number second_font\">\n\t\t\t\t\t17\/oct\/2022\t\t\t\t<\/span>\n\t\t\t\t<span class=\"title second_font\">\n\t\t\t\t\tPersonal del ICTSGEM\t\t\t\t<\/span>\n\t\t\t<\/span>\n\t\t<\/a>\n\t\t\t\t<\/div>\n\t\t\t\t<\/div>\n\t\t\t\t\t<\/div>\n\t\t<\/div>\n\t\t\t\t<div class=\"elementor-column elementor-col-33 elementor-inner-column elementor-element elementor-element-13c9168\" data-id=\"13c9168\" data-element_type=\"column\">\n\t\t\t<div class=\"elementor-widget-wrap elementor-element-populated\">\n\t\t\t\t\t\t\t\t<div class=\"elementor-element elementor-element-1db546f elementor-widget elementor-widget-spacer\" data-id=\"1db546f\" data-element_type=\"widget\" data-widget_type=\"spacer.default\">\n\t\t\t\t<div class=\"elementor-widget-container\">\n\t\t\t\t\t<div class=\"elementor-spacer\">\n\t\t\t<div class=\"elementor-spacer-inner\"><\/div>\n\t\t<\/div>\n\t\t\t\t<\/div>\n\t\t\t\t<\/div>\n\t\t\t\t<div class=\"elementor-element elementor-element-1d326f3 tarjetaGaleria elementor-widget elementor-widget-ova_feature_box_2\" data-id=\"1d326f3\" data-element_type=\"widget\" data-widget_type=\"ova_feature_box_2.default\">\n\t\t\t\t<div class=\"elementor-widget-container\">\n\t\t\t\t\t<a class=\"ova_feature_box_2\" href=\"https:\/\/cuernavaca.gob.mx\/?page_id=20242\">\n\t\t\t<span class=\"ova-content\">\n\t\t\t\t<span class=\"wrap-icon\">\n\t\t\t\t\t<span class=\"icon\">\n\t\t\t\t\t\t<i class=\"lnr lnr-camera\"><\/i>\n\t\t\t\t\t<\/span>\n\t\t\t\t<\/span>\n\t\t\t\t\n\t\t\t\t<span class=\"number second_font\">\n\t\t\t\t\t17\/oct\/2022\t\t\t\t<\/span>\n\t\t\t\t<span class=\"title second_font\">\n\t\t\t\t\tAnuncio expo venta de Cempas\u00fachil y Pan de Muerto\t\t\t\t<\/span>\n\t\t\t<\/span>\n\t\t<\/a>\n\t\t\t\t<\/div>\n\t\t\t\t<\/div>\n\t\t\t\t\t<\/div>\n\t\t<\/div>\n\t\t\t\t\t\t\t<\/div>\n\t\t<\/section>\n\t\t\t\t<section class=\"elementor-section elementor-inner-section elementor-element elementor-element-0b93c66 elementor-section-boxed elementor-section-height-default elementor-section-height-default\" data-id=\"0b93c66\" data-element_type=\"section\">\n\t\t\t\t\t\t<div class=\"elementor-container elementor-column-gap-default\">\n\t\t\t\t\t<div class=\"elementor-column elementor-col-33 elementor-inner-column elementor-element elementor-element-94bac8a\" data-id=\"94bac8a\" data-element_type=\"column\">\n\t\t\t<div class=\"elementor-widget-wrap elementor-element-populated\">\n\t\t\t\t\t\t\t\t<div class=\"elementor-element elementor-element-3fb1460 elementor-widget elementor-widget-spacer\" data-id=\"3fb1460\" data-element_type=\"widget\" data-widget_type=\"spacer.default\">\n\t\t\t\t<div class=\"elementor-widget-container\">\n\t\t\t\t\t<div class=\"elementor-spacer\">\n\t\t\t<div class=\"elementor-spacer-inner\"><\/div>\n\t\t<\/div>\n\t\t\t\t<\/div>\n\t\t\t\t<\/div>\n\t\t\t\t<div class=\"elementor-element elementor-element-d88305c tarjetaGaleria elementor-widget elementor-widget-ova_feature_box_2\" data-id=\"d88305c\" data-element_type=\"widget\" data-widget_type=\"ova_feature_box_2.default\">\n\t\t\t\t<div class=\"elementor-widget-container\">\n\t\t\t\t\t<a class=\"ova_feature_box_2\" href=\"https:\/\/cuernavaca.gob.mx\/?page_id=20911\">\n\t\t\t<span class=\"ova-content\">\n\t\t\t\t<span class=\"wrap-icon\">\n\t\t\t\t\t<span class=\"icon\">\n\t\t\t\t\t\t<i class=\"lnr lnr-camera\"><\/i>\n\t\t\t\t\t<\/span>\n\t\t\t\t<\/span>\n\t\t\t\t\n\t\t\t\t<span class=\"number second_font\">\n\t\t\t\t\t28\/oct\/2022\t\t\t\t<\/span>\n\t\t\t\t<span class=\"title second_font\">\n\t\t\t\t\tCabildo abierto Acapantzingo y Concurso de ofrendas\t\t\t\t<\/span>\n\t\t\t<\/span>\n\t\t<\/a>\n\t\t\t\t<\/div>\n\t\t\t\t<\/div>\n\t\t\t\t\t<\/div>\n\t\t<\/div>\n\t\t\t\t<div class=\"elementor-column elementor-col-33 elementor-inner-column elementor-element elementor-element-93c7284\" data-id=\"93c7284\" data-element_type=\"column\">\n\t\t\t<div class=\"elementor-widget-wrap elementor-element-populated\">\n\t\t\t\t\t\t\t\t<div class=\"elementor-element elementor-element-9e4a8f0 elementor-widget elementor-widget-spacer\" data-id=\"9e4a8f0\" data-element_type=\"widget\" data-widget_type=\"spacer.default\">\n\t\t\t\t<div class=\"elementor-widget-container\">\n\t\t\t\t\t<div class=\"elementor-spacer\">\n\t\t\t<div class=\"elementor-spacer-inner\"><\/div>\n\t\t<\/div>\n\t\t\t\t<\/div>\n\t\t\t\t<\/div>\n\t\t\t\t<div class=\"elementor-element elementor-element-3661a91 tarjetaGaleria elementor-widget elementor-widget-ova_feature_box_2\" data-id=\"3661a91\" data-element_type=\"widget\" data-widget_type=\"ova_feature_box_2.default\">\n\t\t\t\t<div class=\"elementor-widget-container\">\n\t\t\t\t\t<a class=\"ova_feature_box_2\" href=\"https:\/\/cuernavaca.gob.mx\/?page_id=21226\">\n\t\t\t<span class=\"ova-content\">\n\t\t\t\t<span class=\"wrap-icon\">\n\t\t\t\t\t<span class=\"icon\">\n\t\t\t\t\t\t<i class=\"lnr lnr-camera\"><\/i>\n\t\t\t\t\t<\/span>\n\t\t\t\t<\/span>\n\t\t\t\t\n\t\t\t\t<span class=\"number second_font\">\n\t\t\t\t\t6\/nov\/2022\t\t\t\t<\/span>\n\t\t\t\t<span class=\"title second_font\">\n\t\t\t\t\tInauguraci\u00f3n escultura &quot;Carro del Sol&quot; de Miriam P\u00e9rez\t\t\t\t<\/span>\n\t\t\t<\/span>\n\t\t<\/a>\n\t\t\t\t<\/div>\n\t\t\t\t<\/div>\n\t\t\t\t\t<\/div>\n\t\t<\/div>\n\t\t\t\t<div class=\"elementor-column elementor-col-33 elementor-inner-column elementor-element elementor-element-2e735ad\" data-id=\"2e735ad\" data-element_type=\"column\">\n\t\t\t<div class=\"elementor-widget-wrap elementor-element-populated\">\n\t\t\t\t\t\t\t\t<div class=\"elementor-element elementor-element-76f1681 elementor-widget elementor-widget-spacer\" data-id=\"76f1681\" data-element_type=\"widget\" data-widget_type=\"spacer.default\">\n\t\t\t\t<div class=\"elementor-widget-container\">\n\t\t\t\t\t<div class=\"elementor-spacer\">\n\t\t\t<div class=\"elementor-spacer-inner\"><\/div>\n\t\t<\/div>\n\t\t\t\t<\/div>\n\t\t\t\t<\/div>\n\t\t\t\t<div class=\"elementor-element elementor-element-f79642b tarjetaGaleria elementor-widget elementor-widget-ova_feature_box_2\" data-id=\"f79642b\" data-element_type=\"widget\" data-widget_type=\"ova_feature_box_2.default\">\n\t\t\t\t<div class=\"elementor-widget-container\">\n\t\t\t\t\t<a class=\"ova_feature_box_2\" href=\"https:\/\/cuernavaca.gob.mx\/?page_id=21853\">\n\t\t\t<span class=\"ova-content\">\n\t\t\t\t<span class=\"wrap-icon\">\n\t\t\t\t\t<span class=\"icon\">\n\t\t\t\t\t\t<i class=\"lnr lnr-camera\"><\/i>\n\t\t\t\t\t<\/span>\n\t\t\t\t<\/span>\n\t\t\t\t\n\t\t\t\t<span class=\"number second_font\">\n\t\t\t\t\t19\/nov\/2022\t\t\t\t<\/span>\n\t\t\t\t<span class=\"title second_font\">\n\t\t\t\t\tJornada de limpieza comunitaria col. Antonio Barona\t\t\t\t<\/span>\n\t\t\t<\/span>\n\t\t<\/a>\n\t\t\t\t<\/div>\n\t\t\t\t<\/div>\n\t\t\t\t\t<\/div>\n\t\t<\/div>\n\t\t\t\t\t\t\t<\/div>\n\t\t<\/section>\n\t\t\t\t<section class=\"elementor-section elementor-inner-section elementor-element elementor-element-d76e876 elementor-section-boxed elementor-section-height-default elementor-section-height-default\" data-id=\"d76e876\" data-element_type=\"section\">\n\t\t\t\t\t\t<div class=\"elementor-container elementor-column-gap-default\">\n\t\t\t\t\t<div class=\"elementor-column elementor-col-33 elementor-inner-column elementor-element elementor-element-932b3df\" data-id=\"932b3df\" data-element_type=\"column\">\n\t\t\t<div class=\"elementor-widget-wrap elementor-element-populated\">\n\t\t\t\t\t\t\t\t<div class=\"elementor-element elementor-element-076884c elementor-widget elementor-widget-spacer\" data-id=\"076884c\" data-element_type=\"widget\" data-widget_type=\"spacer.default\">\n\t\t\t\t<div class=\"elementor-widget-container\">\n\t\t\t\t\t<div class=\"elementor-spacer\">\n\t\t\t<div class=\"elementor-spacer-inner\"><\/div>\n\t\t<\/div>\n\t\t\t\t<\/div>\n\t\t\t\t<\/div>\n\t\t\t\t<div class=\"elementor-element elementor-element-7c63092 tarjetaGaleria elementor-widget elementor-widget-ova_feature_box_2\" data-id=\"7c63092\" data-element_type=\"widget\" data-widget_type=\"ova_feature_box_2.default\">\n\t\t\t\t<div class=\"elementor-widget-container\">\n\t\t\t\t\t<a class=\"ova_feature_box_2\" href=\"https:\/\/cuernavaca.gob.mx\/?page_id=22194\">\n\t\t\t<span class=\"ova-content\">\n\t\t\t\t<span class=\"wrap-icon\">\n\t\t\t\t\t<span class=\"icon\">\n\t\t\t\t\t\t<i class=\"lnr lnr-camera\"><\/i>\n\t\t\t\t\t<\/span>\n\t\t\t\t<\/span>\n\t\t\t\t\n\t\t\t\t<span class=\"number second_font\">\n\t\t\t\t\t29\/nov\/2022\t\t\t\t<\/span>\n\t\t\t\t<span class=\"title second_font\">\n\t\t\t\t\tVecinos colonia Lagunilla\t\t\t\t<\/span>\n\t\t\t<\/span>\n\t\t<\/a>\n\t\t\t\t<\/div>\n\t\t\t\t<\/div>\n\t\t\t\t\t<\/div>\n\t\t<\/div>\n\t\t\t\t<div class=\"elementor-column elementor-col-33 elementor-inner-column elementor-element elementor-element-1de038a\" data-id=\"1de038a\" data-element_type=\"column\">\n\t\t\t<div class=\"elementor-widget-wrap elementor-element-populated\">\n\t\t\t\t\t\t\t\t<div class=\"elementor-element elementor-element-4b59334 elementor-widget elementor-widget-spacer\" data-id=\"4b59334\" data-element_type=\"widget\" data-widget_type=\"spacer.default\">\n\t\t\t\t<div class=\"elementor-widget-container\">\n\t\t\t\t\t<div class=\"elementor-spacer\">\n\t\t\t<div class=\"elementor-spacer-inner\"><\/div>\n\t\t<\/div>\n\t\t\t\t<\/div>\n\t\t\t\t<\/div>\n\t\t\t\t<div class=\"elementor-element elementor-element-a7bf01e tarjetaGaleria elementor-widget elementor-widget-ova_feature_box_2\" data-id=\"a7bf01e\" data-element_type=\"widget\" data-widget_type=\"ova_feature_box_2.default\">\n\t\t\t\t<div class=\"elementor-widget-container\">\n\t\t\t\t\t<a class=\"ova_feature_box_2\" href=\"https:\/\/cuernavaca.gob.mx\/?page_id=22985\">\n\t\t\t<span class=\"ova-content\">\n\t\t\t\t<span class=\"wrap-icon\">\n\t\t\t\t\t<span class=\"icon\">\n\t\t\t\t\t\t<i class=\"lnr lnr-camera\"><\/i>\n\t\t\t\t\t<\/span>\n\t\t\t\t<\/span>\n\t\t\t\t\n\t\t\t\t<span class=\"number second_font\">\n\t\t\t\t\t14\/dic\/2022\t\t\t\t<\/span>\n\t\t\t\t<span class=\"title second_font\">\n\t\t\t\t\t1er Informe de Actividades\t\t\t\t<\/span>\n\t\t\t<\/span>\n\t\t<\/a>\n\t\t\t\t<\/div>\n\t\t\t\t<\/div>\n\t\t\t\t\t<\/div>\n\t\t<\/div>\n\t\t\t\t<div class=\"elementor-column elementor-col-33 elementor-inner-column elementor-element elementor-element-51d2a81\" data-id=\"51d2a81\" data-element_type=\"column\">\n\t\t\t<div class=\"elementor-widget-wrap elementor-element-populated\">\n\t\t\t\t\t\t\t\t<div class=\"elementor-element elementor-element-2c45a42 elementor-widget elementor-widget-spacer\" data-id=\"2c45a42\" data-element_type=\"widget\" data-widget_type=\"spacer.default\">\n\t\t\t\t<div class=\"elementor-widget-container\">\n\t\t\t\t\t<div class=\"elementor-spacer\">\n\t\t\t<div class=\"elementor-spacer-inner\"><\/div>\n\t\t<\/div>\n\t\t\t\t<\/div>\n\t\t\t\t<\/div>\n\t\t\t\t<div class=\"elementor-element elementor-element-78d1242 tarjetaGaleria elementor-widget elementor-widget-ova_feature_box_2\" data-id=\"78d1242\" data-element_type=\"widget\" data-widget_type=\"ova_feature_box_2.default\">\n\t\t\t\t<div class=\"elementor-widget-container\">\n\t\t\t\t\t<a class=\"ova_feature_box_2\" href=\"https:\/\/cuernavaca.gob.mx\/?page_id=23188\">\n\t\t\t<span class=\"ova-content\">\n\t\t\t\t<span class=\"wrap-icon\">\n\t\t\t\t\t<span class=\"icon\">\n\t\t\t\t\t\t<i class=\"lnr lnr-camera\"><\/i>\n\t\t\t\t\t<\/span>\n\t\t\t\t<\/span>\n\t\t\t\t\n\t\t\t\t<span class=\"number second_font\">\n\t\t\t\t\t19\/dic\/2022\t\t\t\t<\/span>\n\t\t\t\t<span class=\"title second_font\">\n\t\t\t\t\tVecinos Alta Tensi\u00f3n de Ocotepec y Miguel Hidalgo de Chamilpa\t\t\t\t<\/span>\n\t\t\t<\/span>\n\t\t<\/a>\n\t\t\t\t<\/div>\n\t\t\t\t<\/div>\n\t\t\t\t\t<\/div>\n\t\t<\/div>\n\t\t\t\t\t\t\t<\/div>\n\t\t<\/section>\n\t\t\t\t<section class=\"elementor-section elementor-inner-section elementor-element elementor-element-36f6c3a elementor-section-boxed elementor-section-height-default elementor-section-height-default\" data-id=\"36f6c3a\" data-element_type=\"section\">\n\t\t\t\t\t\t<div class=\"elementor-container elementor-column-gap-default\">\n\t\t\t\t\t<div class=\"elementor-column elementor-col-33 elementor-inner-column elementor-element elementor-element-3d0c98f\" data-id=\"3d0c98f\" data-element_type=\"column\">\n\t\t\t<div class=\"elementor-widget-wrap elementor-element-populated\">\n\t\t\t\t\t\t\t\t<div class=\"elementor-element elementor-element-b9b7d8f elementor-widget elementor-widget-spacer\" data-id=\"b9b7d8f\" data-element_type=\"widget\" data-widget_type=\"spacer.default\">\n\t\t\t\t<div class=\"elementor-widget-container\">\n\t\t\t\t\t<div class=\"elementor-spacer\">\n\t\t\t<div class=\"elementor-spacer-inner\"><\/div>\n\t\t<\/div>\n\t\t\t\t<\/div>\n\t\t\t\t<\/div>\n\t\t\t\t<div class=\"elementor-element elementor-element-14b5962 tarjetaGaleria elementor-widget elementor-widget-ova_feature_box_2\" data-id=\"14b5962\" data-element_type=\"widget\" data-widget_type=\"ova_feature_box_2.default\">\n\t\t\t\t<div class=\"elementor-widget-container\">\n\t\t\t\t\t<a class=\"ova_feature_box_2\" href=\"https:\/\/cuernavaca.gob.mx\/?page_id=26222\">\n\t\t\t<span class=\"ova-content\">\n\t\t\t\t<span class=\"wrap-icon\">\n\t\t\t\t\t<span class=\"icon\">\n\t\t\t\t\t\t<i class=\"lnr lnr-camera\"><\/i>\n\t\t\t\t\t<\/span>\n\t\t\t\t<\/span>\n\t\t\t\t\n\t\t\t\t<span class=\"number second_font\">\n\t\t\t\t\t14\/mar\/2023\t\t\t\t<\/span>\n\t\t\t\t<span class=\"title second_font\">\n\t\t\t\t\tPresentaci\u00f3n del programa Puntos Celeste\t\t\t\t<\/span>\n\t\t\t<\/span>\n\t\t<\/a>\n\t\t\t\t<\/div>\n\t\t\t\t<\/div>\n\t\t\t\t\t<\/div>\n\t\t<\/div>\n\t\t\t\t<div class=\"elementor-column elementor-col-33 elementor-inner-column elementor-element elementor-element-d963236\" data-id=\"d963236\" data-element_type=\"column\">\n\t\t\t<div class=\"elementor-widget-wrap elementor-element-populated\">\n\t\t\t\t\t\t\t\t<div class=\"elementor-element elementor-element-df4d2cc elementor-widget elementor-widget-spacer\" data-id=\"df4d2cc\" data-element_type=\"widget\" data-widget_type=\"spacer.default\">\n\t\t\t\t<div class=\"elementor-widget-container\">\n\t\t\t\t\t<div class=\"elementor-spacer\">\n\t\t\t<div class=\"elementor-spacer-inner\"><\/div>\n\t\t<\/div>\n\t\t\t\t<\/div>\n\t\t\t\t<\/div>\n\t\t\t\t<div class=\"elementor-element elementor-element-502f2e5 tarjetaGaleria elementor-widget elementor-widget-ova_feature_box_2\" data-id=\"502f2e5\" data-element_type=\"widget\" data-widget_type=\"ova_feature_box_2.default\">\n\t\t\t\t<div class=\"elementor-widget-container\">\n\t\t\t\t\t<a class=\"ova_feature_box_2\" href=\"https:\/\/cuernavaca.gob.mx\/?page_id=26831\">\n\t\t\t<span class=\"ova-content\">\n\t\t\t\t<span class=\"wrap-icon\">\n\t\t\t\t\t<span class=\"icon\">\n\t\t\t\t\t\t<i class=\"lnr lnr-camera\"><\/i>\n\t\t\t\t\t<\/span>\n\t\t\t\t<\/span>\n\t\t\t\t\n\t\t\t\t<span class=\"number second_font\">\n\t\t\t\t\t29\/mar\/2023\t\t\t\t<\/span>\n\t\t\t\t<span class=\"title second_font\">\n\t\t\t\t\tEntrega de la construcci\u00f3n de red de alcantarillado col. La Uni\u00f3n \t\t\t\t<\/span>\n\t\t\t<\/span>\n\t\t<\/a>\n\t\t\t\t<\/div>\n\t\t\t\t<\/div>\n\t\t\t\t\t<\/div>\n\t\t<\/div>\n\t\t\t\t<div class=\"elementor-column elementor-col-33 elementor-inner-column elementor-element elementor-element-982054c\" data-id=\"982054c\" data-element_type=\"column\">\n\t\t\t<div class=\"elementor-widget-wrap elementor-element-populated\">\n\t\t\t\t\t\t\t\t<div class=\"elementor-element elementor-element-107d134 elementor-widget elementor-widget-spacer\" data-id=\"107d134\" data-element_type=\"widget\" data-widget_type=\"spacer.default\">\n\t\t\t\t<div class=\"elementor-widget-container\">\n\t\t\t\t\t<div class=\"elementor-spacer\">\n\t\t\t<div class=\"elementor-spacer-inner\"><\/div>\n\t\t<\/div>\n\t\t\t\t<\/div>\n\t\t\t\t<\/div>\n\t\t\t\t<div class=\"elementor-element elementor-element-c9b04f4 tarjetaGaleria elementor-widget elementor-widget-ova_feature_box_2\" data-id=\"c9b04f4\" data-element_type=\"widget\" data-widget_type=\"ova_feature_box_2.default\">\n\t\t\t\t<div class=\"elementor-widget-container\">\n\t\t\t\t\t<a class=\"ova_feature_box_2\" href=\"https:\/\/cuernavaca.gob.mx\/?page_id=28534\">\n\t\t\t<span class=\"ova-content\">\n\t\t\t\t<span class=\"wrap-icon\">\n\t\t\t\t\t<span class=\"icon\">\n\t\t\t\t\t\t<i class=\"lnr lnr-camera\"><\/i>\n\t\t\t\t\t<\/span>\n\t\t\t\t<\/span>\n\t\t\t\t\n\t\t\t\t<span class=\"number second_font\">\n\t\t\t\t\t21\/may\/2023\t\t\t\t<\/span>\n\t\t\t\t<span class=\"title second_font\">\n\t\t\t\t\tCarrera &quot;Pasos por la Igualdad&quot;\t\t\t\t<\/span>\n\t\t\t<\/span>\n\t\t<\/a>\n\t\t\t\t<\/div>\n\t\t\t\t<\/div>\n\t\t\t\t\t<\/div>\n\t\t<\/div>\n\t\t\t\t\t\t\t<\/div>\n\t\t<\/section>\n\t\t\t\t<section class=\"elementor-section elementor-inner-section elementor-element elementor-element-e191ff0 elementor-section-boxed elementor-section-height-default elementor-section-height-default\" data-id=\"e191ff0\" data-element_type=\"section\">\n\t\t\t\t\t\t<div class=\"elementor-container elementor-column-gap-default\">\n\t\t\t\t\t<div class=\"elementor-column elementor-col-33 elementor-inner-column elementor-element elementor-element-7f49521\" data-id=\"7f49521\" data-element_type=\"column\">\n\t\t\t<div class=\"elementor-widget-wrap elementor-element-populated\">\n\t\t\t\t\t\t\t\t<div class=\"elementor-element elementor-element-1b1aece elementor-widget elementor-widget-spacer\" data-id=\"1b1aece\" data-element_type=\"widget\" data-widget_type=\"spacer.default\">\n\t\t\t\t<div class=\"elementor-widget-container\">\n\t\t\t\t\t<div class=\"elementor-spacer\">\n\t\t\t<div class=\"elementor-spacer-inner\"><\/div>\n\t\t<\/div>\n\t\t\t\t<\/div>\n\t\t\t\t<\/div>\n\t\t\t\t<div class=\"elementor-element elementor-element-a0703c5 tarjetaGaleria elementor-widget elementor-widget-ova_feature_box_2\" data-id=\"a0703c5\" data-element_type=\"widget\" data-widget_type=\"ova_feature_box_2.default\">\n\t\t\t\t<div class=\"elementor-widget-container\">\n\t\t\t\t\t<a class=\"ova_feature_box_2\" href=\"https:\/\/cuernavaca.gob.mx\/?page_id=30022\">\n\t\t\t<span class=\"ova-content\">\n\t\t\t\t<span class=\"wrap-icon\">\n\t\t\t\t\t<span class=\"icon\">\n\t\t\t\t\t\t<i class=\"lnr lnr-camera\"><\/i>\n\t\t\t\t\t<\/span>\n\t\t\t\t<\/span>\n\t\t\t\t\n\t\t\t\t<span class=\"number second_font\">\n\t\t\t\t\t5\/jul\/2023\t\t\t\t<\/span>\n\t\t\t\t<span class=\"title second_font\">\n\t\t\t\t\tPresentaci\u00f3n y abanderamiento de categor\u00edas del Club de Futbol Atl\u00e9tico Real Morelos\t\t\t\t<\/span>\n\t\t\t<\/span>\n\t\t<\/a>\n\t\t\t\t<\/div>\n\t\t\t\t<\/div>\n\t\t\t\t\t<\/div>\n\t\t<\/div>\n\t\t\t\t<div class=\"elementor-column elementor-col-33 elementor-inner-column elementor-element elementor-element-555ace2\" data-id=\"555ace2\" data-element_type=\"column\">\n\t\t\t<div class=\"elementor-widget-wrap elementor-element-populated\">\n\t\t\t\t\t\t\t\t<div class=\"elementor-element elementor-element-d998296 elementor-widget elementor-widget-spacer\" data-id=\"d998296\" data-element_type=\"widget\" data-widget_type=\"spacer.default\">\n\t\t\t\t<div class=\"elementor-widget-container\">\n\t\t\t\t\t<div class=\"elementor-spacer\">\n\t\t\t<div class=\"elementor-spacer-inner\"><\/div>\n\t\t<\/div>\n\t\t\t\t<\/div>\n\t\t\t\t<\/div>\n\t\t\t\t<div class=\"elementor-element elementor-element-1e1165b tarjetaGaleria elementor-widget elementor-widget-ova_feature_box_2\" data-id=\"1e1165b\" data-element_type=\"widget\" data-widget_type=\"ova_feature_box_2.default\">\n\t\t\t\t<div class=\"elementor-widget-container\">\n\t\t\t\t\t<a class=\"ova_feature_box_2\" href=\"https:\/\/cuernavaca.gob.mx\/?page_id=30210\">\n\t\t\t<span class=\"ova-content\">\n\t\t\t\t<span class=\"wrap-icon\">\n\t\t\t\t\t<span class=\"icon\">\n\t\t\t\t\t\t<i class=\"lnr lnr-camera\"><\/i>\n\t\t\t\t\t<\/span>\n\t\t\t\t<\/span>\n\t\t\t\t\n\t\t\t\t<span class=\"number second_font\">\n\t\t\t\t\t8\/jul\/2023\t\t\t\t<\/span>\n\t\t\t\t<span class=\"title second_font\">\n\t\t\t\t\tCelebraci\u00f3n D\u00eda del Abogado con el Consejo Estatal de Abogados\t\t\t\t<\/span>\n\t\t\t<\/span>\n\t\t<\/a>\n\t\t\t\t<\/div>\n\t\t\t\t<\/div>\n\t\t\t\t\t<\/div>\n\t\t<\/div>\n\t\t\t\t<div class=\"elementor-column elementor-col-33 elementor-inner-column elementor-element elementor-element-075bd09\" data-id=\"075bd09\" data-element_type=\"column\">\n\t\t\t<div class=\"elementor-widget-wrap elementor-element-populated\">\n\t\t\t\t\t\t\t\t<div class=\"elementor-element elementor-element-0b7c25c elementor-widget elementor-widget-spacer\" data-id=\"0b7c25c\" data-element_type=\"widget\" data-widget_type=\"spacer.default\">\n\t\t\t\t<div class=\"elementor-widget-container\">\n\t\t\t\t\t<div class=\"elementor-spacer\">\n\t\t\t<div class=\"elementor-spacer-inner\"><\/div>\n\t\t<\/div>\n\t\t\t\t<\/div>\n\t\t\t\t<\/div>\n\t\t\t\t<div class=\"elementor-element elementor-element-f81caf4 tarjetaGaleria elementor-widget elementor-widget-ova_feature_box_2\" data-id=\"f81caf4\" data-element_type=\"widget\" data-widget_type=\"ova_feature_box_2.default\">\n\t\t\t\t<div class=\"elementor-widget-container\">\n\t\t\t\t\t<a class=\"ova_feature_box_2\" href=\"https:\/\/cuernavaca.gob.mx\/?page_id=31711\">\n\t\t\t<span class=\"ova-content\">\n\t\t\t\t<span class=\"wrap-icon\">\n\t\t\t\t\t<span class=\"icon\">\n\t\t\t\t\t\t<i class=\"lnr lnr-camera\"><\/i>\n\t\t\t\t\t<\/span>\n\t\t\t\t<\/span>\n\t\t\t\t\n\t\t\t\t<span class=\"number second_font\">\n\t\t\t\t\t20\/ago\/2023\t\t\t\t<\/span>\n\t\t\t\t<span class=\"title second_font\">\n\t\t\t\t\tJornada de limpieza Carretera Federal Buena Vista del Monte\t\t\t\t<\/span>\n\t\t\t<\/span>\n\t\t<\/a>\n\t\t\t\t<\/div>\n\t\t\t\t<\/div>\n\t\t\t\t\t<\/div>\n\t\t<\/div>\n\t\t\t\t\t\t\t<\/div>\n\t\t<\/section>\n\t\t\t\t<section class=\"elementor-section elementor-inner-section elementor-element elementor-element-5ccfe3c elementor-section-boxed elementor-section-height-default elementor-section-height-default\" data-id=\"5ccfe3c\" data-element_type=\"section\">\n\t\t\t\t\t\t<div class=\"elementor-container elementor-column-gap-default\">\n\t\t\t\t\t<div class=\"elementor-column elementor-col-33 elementor-inner-column elementor-element elementor-element-a916165\" data-id=\"a916165\" data-element_type=\"column\">\n\t\t\t<div class=\"elementor-widget-wrap elementor-element-populated\">\n\t\t\t\t\t\t\t\t<div class=\"elementor-element elementor-element-a8e08f0 elementor-widget elementor-widget-spacer\" data-id=\"a8e08f0\" data-element_type=\"widget\" data-widget_type=\"spacer.default\">\n\t\t\t\t<div class=\"elementor-widget-container\">\n\t\t\t\t\t<div class=\"elementor-spacer\">\n\t\t\t<div class=\"elementor-spacer-inner\"><\/div>\n\t\t<\/div>\n\t\t\t\t<\/div>\n\t\t\t\t<\/div>\n\t\t\t\t<div class=\"elementor-element elementor-element-25c41ab tarjetaGaleria elementor-widget elementor-widget-ova_feature_box_2\" data-id=\"25c41ab\" data-element_type=\"widget\" data-widget_type=\"ova_feature_box_2.default\">\n\t\t\t\t<div class=\"elementor-widget-container\">\n\t\t\t\t\t<a class=\"ova_feature_box_2\" href=\"https:\/\/cuernavaca.gob.mx\/?page_id=31864\">\n\t\t\t<span class=\"ova-content\">\n\t\t\t\t<span class=\"wrap-icon\">\n\t\t\t\t\t<span class=\"icon\">\n\t\t\t\t\t\t<i class=\"lnr lnr-camera\"><\/i>\n\t\t\t\t\t<\/span>\n\t\t\t\t<\/span>\n\t\t\t\t\n\t\t\t\t<span class=\"number second_font\">\n\t\t\t\t\t25\/ago\/2023\t\t\t\t<\/span>\n\t\t\t\t<span class=\"title second_font\">\n\t\t\t\t\tCabildo Abierto en la Col. Universo de Ahuatepec\t\t\t\t<\/span>\n\t\t\t<\/span>\n\t\t<\/a>\n\t\t\t\t<\/div>\n\t\t\t\t<\/div>\n\t\t\t\t\t<\/div>\n\t\t<\/div>\n\t\t\t\t<div class=\"elementor-column elementor-col-33 elementor-inner-column elementor-element elementor-element-053d2f0\" data-id=\"053d2f0\" data-element_type=\"column\">\n\t\t\t<div class=\"elementor-widget-wrap elementor-element-populated\">\n\t\t\t\t\t\t\t\t<div class=\"elementor-element elementor-element-80eeb65 elementor-widget elementor-widget-spacer\" data-id=\"80eeb65\" data-element_type=\"widget\" data-widget_type=\"spacer.default\">\n\t\t\t\t<div class=\"elementor-widget-container\">\n\t\t\t\t\t<div class=\"elementor-spacer\">\n\t\t\t<div class=\"elementor-spacer-inner\"><\/div>\n\t\t<\/div>\n\t\t\t\t<\/div>\n\t\t\t\t<\/div>\n\t\t\t\t<div class=\"elementor-element elementor-element-ee6112d tarjetaGaleria elementor-widget elementor-widget-ova_feature_box_2\" data-id=\"ee6112d\" data-element_type=\"widget\" data-widget_type=\"ova_feature_box_2.default\">\n\t\t\t\t<div class=\"elementor-widget-container\">\n\t\t\t\t\t<a class=\"ova_feature_box_2\" href=\"https:\/\/cuernavaca.gob.mx\/?page_id=32675\">\n\t\t\t<span class=\"ova-content\">\n\t\t\t\t<span class=\"wrap-icon\">\n\t\t\t\t\t<span class=\"icon\">\n\t\t\t\t\t\t<i class=\"lnr lnr-camera\"><\/i>\n\t\t\t\t\t<\/span>\n\t\t\t\t<\/span>\n\t\t\t\t\n\t\t\t\t<span class=\"number second_font\">\n\t\t\t\t\t15\/sep\/2023\t\t\t\t<\/span>\n\t\t\t\t<span class=\"title second_font\">\n\t\t\t\t\tCeremonia Izamiento de L\u00e1baro Patrio \t\t\t\t<\/span>\n\t\t\t<\/span>\n\t\t<\/a>\n\t\t\t\t<\/div>\n\t\t\t\t<\/div>\n\t\t\t\t\t<\/div>\n\t\t<\/div>\n\t\t\t\t<div class=\"elementor-column elementor-col-33 elementor-inner-column elementor-element elementor-element-58599aa\" data-id=\"58599aa\" data-element_type=\"column\">\n\t\t\t<div class=\"elementor-widget-wrap elementor-element-populated\">\n\t\t\t\t\t\t\t\t<div class=\"elementor-element elementor-element-3133107 elementor-widget elementor-widget-spacer\" data-id=\"3133107\" data-element_type=\"widget\" data-widget_type=\"spacer.default\">\n\t\t\t\t<div class=\"elementor-widget-container\">\n\t\t\t\t\t<div class=\"elementor-spacer\">\n\t\t\t<div class=\"elementor-spacer-inner\"><\/div>\n\t\t<\/div>\n\t\t\t\t<\/div>\n\t\t\t\t<\/div>\n\t\t\t\t<div class=\"elementor-element elementor-element-7daa590 tarjetaGaleria elementor-widget elementor-widget-ova_feature_box_2\" data-id=\"7daa590\" data-element_type=\"widget\" data-widget_type=\"ova_feature_box_2.default\">\n\t\t\t\t<div class=\"elementor-widget-container\">\n\t\t\t\t\t<a class=\"ova_feature_box_2\" href=\"https:\/\/cuernavaca.gob.mx\/?page_id=32800\">\n\t\t\t<span class=\"ova-content\">\n\t\t\t\t<span class=\"wrap-icon\">\n\t\t\t\t\t<span class=\"icon\">\n\t\t\t\t\t\t<i class=\"lnr lnr-camera\"><\/i>\n\t\t\t\t\t<\/span>\n\t\t\t\t<\/span>\n\t\t\t\t\n\t\t\t\t<span class=\"number second_font\">\n\t\t\t\t\t15\/sep\/2023\t\t\t\t<\/span>\n\t\t\t\t<span class=\"title second_font\">\n\t\t\t\t\tFestejo Grito de Independencia Cuernavaca\t\t\t\t<\/span>\n\t\t\t<\/span>\n\t\t<\/a>\n\t\t\t\t<\/div>\n\t\t\t\t<\/div>\n\t\t\t\t\t<\/div>\n\t\t<\/div>\n\t\t\t\t\t\t\t<\/div>\n\t\t<\/section>\n\t\t\t\t<section class=\"elementor-section elementor-inner-section elementor-element elementor-element-0359212 elementor-section-boxed elementor-section-height-default elementor-section-height-default\" data-id=\"0359212\" data-element_type=\"section\">\n\t\t\t\t\t\t<div class=\"elementor-container elementor-column-gap-default\">\n\t\t\t\t\t<div class=\"elementor-column elementor-col-33 elementor-inner-column elementor-element elementor-element-86f599f\" data-id=\"86f599f\" data-element_type=\"column\">\n\t\t\t<div class=\"elementor-widget-wrap elementor-element-populated\">\n\t\t\t\t\t\t\t\t<div class=\"elementor-element elementor-element-fa0ae6d elementor-widget elementor-widget-spacer\" data-id=\"fa0ae6d\" data-element_type=\"widget\" data-widget_type=\"spacer.default\">\n\t\t\t\t<div class=\"elementor-widget-container\">\n\t\t\t\t\t<div class=\"elementor-spacer\">\n\t\t\t<div class=\"elementor-spacer-inner\"><\/div>\n\t\t<\/div>\n\t\t\t\t<\/div>\n\t\t\t\t<\/div>\n\t\t\t\t<div class=\"elementor-element elementor-element-71c567c tarjetaGaleria elementor-widget elementor-widget-ova_feature_box_2\" data-id=\"71c567c\" data-element_type=\"widget\" data-widget_type=\"ova_feature_box_2.default\">\n\t\t\t\t<div class=\"elementor-widget-container\">\n\t\t\t\t\t<a class=\"ova_feature_box_2\" href=\"https:\/\/cuernavaca.gob.mx\/?page_id=34852\">\n\t\t\t<span class=\"ova-content\">\n\t\t\t\t<span class=\"wrap-icon\">\n\t\t\t\t\t<span class=\"icon\">\n\t\t\t\t\t\t<i class=\"lnr lnr-camera\"><\/i>\n\t\t\t\t\t<\/span>\n\t\t\t\t<\/span>\n\t\t\t\t\n\t\t\t\t<span class=\"number second_font\">\n\t\t\t\t\t16\/nov\/2023\t\t\t\t<\/span>\n\t\t\t\t<span class=\"title second_font\">\n\t\t\t\t\tVenera Cuernavaca\t\t\t\t<\/span>\n\t\t\t<\/span>\n\t\t<\/a>\n\t\t\t\t<\/div>\n\t\t\t\t<\/div>\n\t\t\t\t\t<\/div>\n\t\t<\/div>\n\t\t\t\t<div class=\"elementor-column elementor-col-33 elementor-inner-column elementor-element elementor-element-e52bf02\" data-id=\"e52bf02\" data-element_type=\"column\">\n\t\t\t<div class=\"elementor-widget-wrap elementor-element-populated\">\n\t\t\t\t\t\t\t\t<div class=\"elementor-element elementor-element-97ee5d9 elementor-widget elementor-widget-spacer\" data-id=\"97ee5d9\" data-element_type=\"widget\" data-widget_type=\"spacer.default\">\n\t\t\t\t<div class=\"elementor-widget-container\">\n\t\t\t\t\t<div class=\"elementor-spacer\">\n\t\t\t<div class=\"elementor-spacer-inner\"><\/div>\n\t\t<\/div>\n\t\t\t\t<\/div>\n\t\t\t\t<\/div>\n\t\t\t\t<div class=\"elementor-element elementor-element-cbdba72 tarjetaGaleria elementor-widget elementor-widget-ova_feature_box_2\" data-id=\"cbdba72\" data-element_type=\"widget\" data-widget_type=\"ova_feature_box_2.default\">\n\t\t\t\t<div class=\"elementor-widget-container\">\n\t\t\t\t\t<a class=\"ova_feature_box_2\" href=\"https:\/\/cuernavaca.gob.mx\/?page_id=35836\">\n\t\t\t<span class=\"ova-content\">\n\t\t\t\t<span class=\"wrap-icon\">\n\t\t\t\t\t<span class=\"icon\">\n\t\t\t\t\t\t<i class=\"lnr lnr-camera\"><\/i>\n\t\t\t\t\t<\/span>\n\t\t\t\t<\/span>\n\t\t\t\t\n\t\t\t\t<span class=\"number second_font\">\n\t\t\t\t\t8\/dic\/2023\t\t\t\t<\/span>\n\t\t\t\t<span class=\"title second_font\">\n\t\t\t\t\t2do Informe de Actividades\t\t\t\t<\/span>\n\t\t\t<\/span>\n\t\t<\/a>\n\t\t\t\t<\/div>\n\t\t\t\t<\/div>\n\t\t\t\t\t<\/div>\n\t\t<\/div>\n\t\t\t\t<div class=\"elementor-column elementor-col-33 elementor-inner-column elementor-element elementor-element-389c97c\" data-id=\"389c97c\" data-element_type=\"column\">\n\t\t\t<div class=\"elementor-widget-wrap elementor-element-populated\">\n\t\t\t\t\t\t\t\t<div class=\"elementor-element elementor-element-852004c elementor-widget elementor-widget-spacer\" data-id=\"852004c\" data-element_type=\"widget\" data-widget_type=\"spacer.default\">\n\t\t\t\t<div class=\"elementor-widget-container\">\n\t\t\t\t\t<div class=\"elementor-spacer\">\n\t\t\t<div class=\"elementor-spacer-inner\"><\/div>\n\t\t<\/div>\n\t\t\t\t<\/div>\n\t\t\t\t<\/div>\n\t\t\t\t<div class=\"elementor-element elementor-element-d415018 tarjetaGaleria elementor-widget elementor-widget-ova_feature_box_2\" data-id=\"d415018\" data-element_type=\"widget\" data-widget_type=\"ova_feature_box_2.default\">\n\t\t\t\t<div class=\"elementor-widget-container\">\n\t\t\t\t\t<a class=\"ova_feature_box_2\" href=\"https:\/\/cuernavaca.gob.mx\/?page_id=41765\">\n\t\t\t<span class=\"ova-content\">\n\t\t\t\t<span class=\"wrap-icon\">\n\t\t\t\t\t<span class=\"icon\">\n\t\t\t\t\t\t<i class=\"lnr lnr-camera\"><\/i>\n\t\t\t\t\t<\/span>\n\t\t\t\t<\/span>\n\t\t\t\t\n\t\t\t\t<span class=\"number second_font\">\n\t\t\t\t\t5\/jul\/2024\t\t\t\t<\/span>\n\t\t\t\t<span class=\"title second_font\">\n\t\t\t\t\tCEREMONIA GRADUACI\u00d3N CETIS 44\t\t\t\t<\/span>\n\t\t\t<\/span>\n\t\t<\/a>\n\t\t\t\t<\/div>\n\t\t\t\t<\/div>\n\t\t\t\t\t<\/div>\n\t\t<\/div>\n\t\t\t\t\t\t\t<\/div>\n\t\t<\/section>\n\t\t\t\t<section class=\"elementor-section elementor-inner-section elementor-element elementor-element-055046d elementor-section-boxed elementor-section-height-default elementor-section-height-default\" data-id=\"055046d\" data-element_type=\"section\">\n\t\t\t\t\t\t<div class=\"elementor-container elementor-column-gap-default\">\n\t\t\t\t\t<div class=\"elementor-column elementor-col-33 elementor-inner-column elementor-element elementor-element-9dc62f1\" data-id=\"9dc62f1\" data-element_type=\"column\">\n\t\t\t<div class=\"elementor-widget-wrap elementor-element-populated\">\n\t\t\t\t\t\t\t\t<div class=\"elementor-element elementor-element-57a7359 elementor-widget elementor-widget-spacer\" data-id=\"57a7359\" data-element_type=\"widget\" data-widget_type=\"spacer.default\">\n\t\t\t\t<div class=\"elementor-widget-container\">\n\t\t\t\t\t<div class=\"elementor-spacer\">\n\t\t\t<div class=\"elementor-spacer-inner\"><\/div>\n\t\t<\/div>\n\t\t\t\t<\/div>\n\t\t\t\t<\/div>\n\t\t\t\t<div class=\"elementor-element elementor-element-f515567 tarjetaGaleria elementor-widget elementor-widget-ova_feature_box_2\" data-id=\"f515567\" data-element_type=\"widget\" data-widget_type=\"ova_feature_box_2.default\">\n\t\t\t\t<div class=\"elementor-widget-container\">\n\t\t\t\t\t<a class=\"ova_feature_box_2\" href=\"https:\/\/cuernavaca.gob.mx\/?page_id=41888\">\n\t\t\t<span class=\"ova-content\">\n\t\t\t\t<span class=\"wrap-icon\">\n\t\t\t\t\t<span class=\"icon\">\n\t\t\t\t\t\t<i class=\"lnr lnr-camera\"><\/i>\n\t\t\t\t\t<\/span>\n\t\t\t\t<\/span>\n\t\t\t\t\n\t\t\t\t<span class=\"number second_font\">\n\t\t\t\t\t8\/jul\/2024\t\t\t\t<\/span>\n\t\t\t\t<span class=\"title second_font\">\n\t\t\t\t\tABANDERAMIENTO EQUIPO JUVENIL DE F\u00daTBOL &quot;TOROS MORELOS&quot;\t\t\t\t<\/span>\n\t\t\t<\/span>\n\t\t<\/a>\n\t\t\t\t<\/div>\n\t\t\t\t<\/div>\n\t\t\t\t\t<\/div>\n\t\t<\/div>\n\t\t\t\t<div class=\"elementor-column elementor-col-33 elementor-inner-column elementor-element elementor-element-e845009\" data-id=\"e845009\" data-element_type=\"column\">\n\t\t\t<div class=\"elementor-widget-wrap elementor-element-populated\">\n\t\t\t\t\t\t\t\t<div class=\"elementor-element elementor-element-ed5d7de elementor-widget elementor-widget-spacer\" data-id=\"ed5d7de\" data-element_type=\"widget\" data-widget_type=\"spacer.default\">\n\t\t\t\t<div class=\"elementor-widget-container\">\n\t\t\t\t\t<div class=\"elementor-spacer\">\n\t\t\t<div class=\"elementor-spacer-inner\"><\/div>\n\t\t<\/div>\n\t\t\t\t<\/div>\n\t\t\t\t<\/div>\n\t\t\t\t<div class=\"elementor-element elementor-element-a43be9d tarjetaGaleria elementor-widget elementor-widget-ova_feature_box_2\" data-id=\"a43be9d\" data-element_type=\"widget\" data-widget_type=\"ova_feature_box_2.default\">\n\t\t\t\t<div class=\"elementor-widget-container\">\n\t\t\t\t\t<a class=\"ova_feature_box_2\" href=\"https:\/\/cuernavaca.gob.mx\/?page_id=42087\">\n\t\t\t<span class=\"ova-content\">\n\t\t\t\t<span class=\"wrap-icon\">\n\t\t\t\t\t<span class=\"icon\">\n\t\t\t\t\t\t<i class=\"lnr lnr-camera\"><\/i>\n\t\t\t\t\t<\/span>\n\t\t\t\t<\/span>\n\t\t\t\t\n\t\t\t\t<span class=\"number second_font\">\n\t\t\t\t\t12\/jul\/2024\t\t\t\t<\/span>\n\t\t\t\t<span class=\"title second_font\">\n\t\t\t\t\tCELEBRACI\u00d3N DEL D\u00cdA DEL ABOGADO\t\t\t\t<\/span>\n\t\t\t<\/span>\n\t\t<\/a>\n\t\t\t\t<\/div>\n\t\t\t\t<\/div>\n\t\t\t\t\t<\/div>\n\t\t<\/div>\n\t\t\t\t<div class=\"elementor-column elementor-col-33 elementor-inner-column elementor-element elementor-element-c701d50\" data-id=\"c701d50\" data-element_type=\"column\">\n\t\t\t<div class=\"elementor-widget-wrap elementor-element-populated\">\n\t\t\t\t\t\t\t\t<div class=\"elementor-element elementor-element-7d9dd82 elementor-widget elementor-widget-spacer\" data-id=\"7d9dd82\" data-element_type=\"widget\" data-widget_type=\"spacer.default\">\n\t\t\t\t<div class=\"elementor-widget-container\">\n\t\t\t\t\t<div class=\"elementor-spacer\">\n\t\t\t<div class=\"elementor-spacer-inner\"><\/div>\n\t\t<\/div>\n\t\t\t\t<\/div>\n\t\t\t\t<\/div>\n\t\t\t\t<div class=\"elementor-element elementor-element-eb591b4 tarjetaGaleria elementor-widget elementor-widget-ova_feature_box_2\" data-id=\"eb591b4\" data-element_type=\"widget\" data-widget_type=\"ova_feature_box_2.default\">\n\t\t\t\t<div class=\"elementor-widget-container\">\n\t\t\t\t\t<a class=\"ova_feature_box_2\" href=\"https:\/\/cuernavaca.gob.mx\/?page_id=42630\">\n\t\t\t<span class=\"ova-content\">\n\t\t\t\t<span class=\"wrap-icon\">\n\t\t\t\t\t<span class=\"icon\">\n\t\t\t\t\t\t<i class=\"lnr lnr-camera\"><\/i>\n\t\t\t\t\t<\/span>\n\t\t\t\t<\/span>\n\t\t\t\t\n\t\t\t\t<span class=\"number second_font\">\n\t\t\t\t\t27\/jul\/2024\t\t\t\t<\/span>\n\t\t\t\t<span class=\"title second_font\">\n\t\t\t\t\tJORNADA DE REFORESTACI\u00d3N BOSQUE DEL AGUA EN AHUATEPEC\t\t\t\t<\/span>\n\t\t\t<\/span>\n\t\t<\/a>\n\t\t\t\t<\/div>\n\t\t\t\t<\/div>\n\t\t\t\t\t<\/div>\n\t\t<\/div>\n\t\t\t\t\t\t\t<\/div>\n\t\t<\/section>\n\t\t\t\t<section class=\"elementor-section elementor-inner-section elementor-element elementor-element-65daad7 elementor-section-boxed elementor-section-height-default elementor-section-height-default\" data-id=\"65daad7\" data-element_type=\"section\">\n\t\t\t\t\t\t<div class=\"elementor-container elementor-column-gap-default\">\n\t\t\t\t\t<div class=\"elementor-column elementor-col-33 elementor-inner-column elementor-element elementor-element-1d82da6\" data-id=\"1d82da6\" data-element_type=\"column\">\n\t\t\t<div class=\"elementor-widget-wrap elementor-element-populated\">\n\t\t\t\t\t\t\t\t<div class=\"elementor-element elementor-element-8796a7f elementor-widget elementor-widget-spacer\" data-id=\"8796a7f\" data-element_type=\"widget\" data-widget_type=\"spacer.default\">\n\t\t\t\t<div class=\"elementor-widget-container\">\n\t\t\t\t\t<div class=\"elementor-spacer\">\n\t\t\t<div class=\"elementor-spacer-inner\"><\/div>\n\t\t<\/div>\n\t\t\t\t<\/div>\n\t\t\t\t<\/div>\n\t\t\t\t<div class=\"elementor-element elementor-element-ec1730e tarjetaGaleria elementor-widget elementor-widget-ova_feature_box_2\" data-id=\"ec1730e\" data-element_type=\"widget\" data-widget_type=\"ova_feature_box_2.default\">\n\t\t\t\t<div class=\"elementor-widget-container\">\n\t\t\t\t\t<a class=\"ova_feature_box_2\" href=\"https:\/\/cuernavaca.gob.mx\/?page_id=43927&amp;\">\n\t\t\t<span class=\"ova-content\">\n\t\t\t\t<span class=\"wrap-icon\">\n\t\t\t\t\t<span class=\"icon\">\n\t\t\t\t\t\t<i class=\"lnr lnr-camera\"><\/i>\n\t\t\t\t\t<\/span>\n\t\t\t\t<\/span>\n\t\t\t\t\n\t\t\t\t<span class=\"number second_font\">\n\t\t\t\t\t9\/sep\/2024\t\t\t\t<\/span>\n\t\t\t\t<span class=\"title second_font\">\n\t\t\t\t\tCeremonia de Entrega de la Medalla al M\u00e9rito Juvenil \u201cCuauhn\u00e1huac\u201d 2024\t\t\t\t<\/span>\n\t\t\t<\/span>\n\t\t<\/a>\n\t\t\t\t<\/div>\n\t\t\t\t<\/div>\n\t\t\t\t\t<\/div>\n\t\t<\/div>\n\t\t\t\t<div class=\"elementor-column elementor-col-33 elementor-inner-column elementor-element elementor-element-5655d27\" data-id=\"5655d27\" data-element_type=\"column\">\n\t\t\t<div class=\"elementor-widget-wrap elementor-element-populated\">\n\t\t\t\t\t\t\t\t<div class=\"elementor-element elementor-element-47569df elementor-widget elementor-widget-spacer\" data-id=\"47569df\" data-element_type=\"widget\" data-widget_type=\"spacer.default\">\n\t\t\t\t<div class=\"elementor-widget-container\">\n\t\t\t\t\t<div class=\"elementor-spacer\">\n\t\t\t<div class=\"elementor-spacer-inner\"><\/div>\n\t\t<\/div>\n\t\t\t\t<\/div>\n\t\t\t\t<\/div>\n\t\t\t\t<div class=\"elementor-element elementor-element-d6471fe tarjetaGaleria elementor-widget elementor-widget-ova_feature_box_2\" data-id=\"d6471fe\" data-element_type=\"widget\" data-widget_type=\"ova_feature_box_2.default\">\n\t\t\t\t<div class=\"elementor-widget-container\">\n\t\t\t\t\t<a class=\"ova_feature_box_2\" href=\"https:\/\/cuernavaca.gob.mx\/?page_id=44288\">\n\t\t\t<span class=\"ova-content\">\n\t\t\t\t<span class=\"wrap-icon\">\n\t\t\t\t\t<span class=\"icon\">\n\t\t\t\t\t\t<i class=\"lnr lnr-camera\"><\/i>\n\t\t\t\t\t<\/span>\n\t\t\t\t<\/span>\n\t\t\t\t\n\t\t\t\t<span class=\"number second_font\">\n\t\t\t\t\t15\/sep\/2024\t\t\t\t<\/span>\n\t\t\t\t<span class=\"title second_font\">\n\t\t\t\t\tGrito de Independencia Ayuntamiento de Cuernavaca\t\t\t\t<\/span>\n\t\t\t<\/span>\n\t\t<\/a>\n\t\t\t\t<\/div>\n\t\t\t\t<\/div>\n\t\t\t\t\t<\/div>\n\t\t<\/div>\n\t\t\t\t<div class=\"elementor-column elementor-col-33 elementor-inner-column elementor-element elementor-element-944efd9\" data-id=\"944efd9\" data-element_type=\"column\">\n\t\t\t<div class=\"elementor-widget-wrap elementor-element-populated\">\n\t\t\t\t\t\t\t\t<div class=\"elementor-element elementor-element-d149f4b elementor-widget elementor-widget-spacer\" data-id=\"d149f4b\" data-element_type=\"widget\" data-widget_type=\"spacer.default\">\n\t\t\t\t<div class=\"elementor-widget-container\">\n\t\t\t\t\t<div class=\"elementor-spacer\">\n\t\t\t<div class=\"elementor-spacer-inner\"><\/div>\n\t\t<\/div>\n\t\t\t\t<\/div>\n\t\t\t\t<\/div>\n\t\t\t\t<div class=\"elementor-element elementor-element-3572a40 tarjetaGaleria elementor-widget elementor-widget-ova_feature_box_2\" data-id=\"3572a40\" data-element_type=\"widget\" data-widget_type=\"ova_feature_box_2.default\">\n\t\t\t\t<div class=\"elementor-widget-container\">\n\t\t\t\t\t<a class=\"ova_feature_box_2\" href=\"https:\/\/cuernavaca.gob.mx\/?page_id=45136\">\n\t\t\t<span class=\"ova-content\">\n\t\t\t\t<span class=\"wrap-icon\">\n\t\t\t\t\t<span class=\"icon\">\n\t\t\t\t\t\t<i class=\"lnr lnr-camera\"><\/i>\n\t\t\t\t\t<\/span>\n\t\t\t\t<\/span>\n\t\t\t\t\n\t\t\t\t<span class=\"number second_font\">\n\t\t\t\t\t15\/oct\/2024\t\t\t\t<\/span>\n\t\t\t\t<span class=\"title second_font\">\n\t\t\t\t\tENTREGA DE RECONOCIMIENTOS A FUNDADORES DE MERCADOS MUNICIPALES DE CUERNAVACA\t\t\t\t<\/span>\n\t\t\t<\/span>\n\t\t<\/a>\n\t\t\t\t<\/div>\n\t\t\t\t<\/div>\n\t\t\t\t\t<\/div>\n\t\t<\/div>\n\t\t\t\t\t\t\t<\/div>\n\t\t<\/section>\n\t\t\t\t<section class=\"elementor-section elementor-inner-section elementor-element elementor-element-1480d1a elementor-section-boxed elementor-section-height-default elementor-section-height-default\" data-id=\"1480d1a\" data-element_type=\"section\">\n\t\t\t\t\t\t<div class=\"elementor-container elementor-column-gap-default\">\n\t\t\t\t\t<div class=\"elementor-column elementor-col-33 elementor-inner-column elementor-element elementor-element-4e1aac8\" data-id=\"4e1aac8\" data-element_type=\"column\">\n\t\t\t<div class=\"elementor-widget-wrap elementor-element-populated\">\n\t\t\t\t\t\t\t\t<div class=\"elementor-element elementor-element-be75d5c elementor-widget elementor-widget-spacer\" data-id=\"be75d5c\" data-element_type=\"widget\" data-widget_type=\"spacer.default\">\n\t\t\t\t<div class=\"elementor-widget-container\">\n\t\t\t\t\t<div class=\"elementor-spacer\">\n\t\t\t<div class=\"elementor-spacer-inner\"><\/div>\n\t\t<\/div>\n\t\t\t\t<\/div>\n\t\t\t\t<\/div>\n\t\t\t\t<div class=\"elementor-element elementor-element-485dc37 tarjetaGaleria elementor-widget elementor-widget-ova_feature_box_2\" data-id=\"485dc37\" data-element_type=\"widget\" data-widget_type=\"ova_feature_box_2.default\">\n\t\t\t\t<div class=\"elementor-widget-container\">\n\t\t\t\t\t<a class=\"ova_feature_box_2\" href=\"https:\/\/cuernavaca.gob.mx\/?page_id=46727\">\n\t\t\t<span class=\"ova-content\">\n\t\t\t\t<span class=\"wrap-icon\">\n\t\t\t\t\t<span class=\"icon\">\n\t\t\t\t\t\t<i class=\"lnr lnr-camera\"><\/i>\n\t\t\t\t\t<\/span>\n\t\t\t\t<\/span>\n\t\t\t\t\n\t\t\t\t<span class=\"number second_font\">\n\t\t\t\t\t10\/dic\/2024\t\t\t\t<\/span>\n\t\t\t\t<span class=\"title second_font\">\n\t\t\t\t\t3ER INFORME DE GOBIERNO\t\t\t\t<\/span>\n\t\t\t<\/span>\n\t\t<\/a>\n\t\t\t\t<\/div>\n\t\t\t\t<\/div>\n\t\t\t\t\t<\/div>\n\t\t<\/div>\n\t\t\t\t<div class=\"elementor-column elementor-col-33 elementor-inner-column elementor-element elementor-element-20883da\" data-id=\"20883da\" data-element_type=\"column\">\n\t\t\t<div class=\"elementor-widget-wrap elementor-element-populated\">\n\t\t\t\t\t\t\t\t<div class=\"elementor-element elementor-element-0c5af0c elementor-widget elementor-widget-spacer\" data-id=\"0c5af0c\" data-element_type=\"widget\" data-widget_type=\"spacer.default\">\n\t\t\t\t<div class=\"elementor-widget-container\">\n\t\t\t\t\t<div class=\"elementor-spacer\">\n\t\t\t<div class=\"elementor-spacer-inner\"><\/div>\n\t\t<\/div>\n\t\t\t\t<\/div>\n\t\t\t\t<\/div>\n\t\t\t\t\t<\/div>\n\t\t<\/div>\n\t\t\t\t<div class=\"elementor-column elementor-col-33 elementor-inner-column elementor-element elementor-element-9dc37f8\" data-id=\"9dc37f8\" data-element_type=\"column\">\n\t\t\t<div class=\"elementor-widget-wrap elementor-element-populated\">\n\t\t\t\t\t\t\t\t<div class=\"elementor-element elementor-element-a6e7f0d elementor-widget elementor-widget-spacer\" data-id=\"a6e7f0d\" data-element_type=\"widget\" data-widget_type=\"spacer.default\">\n\t\t\t\t<div class=\"elementor-widget-container\">\n\t\t\t\t\t<div class=\"elementor-spacer\">\n\t\t\t<div class=\"elementor-spacer-inner\"><\/div>\n\t\t<\/div>\n\t\t\t\t<\/div>\n\t\t\t\t<\/div>\n\t\t\t\t\t<\/div>\n\t\t<\/div>\n\t\t\t\t\t\t\t<\/div>\n\t\t<\/section>\n\t\t\t\t<div class=\"elementor-element elementor-element-0cd7ca1 elementor-widget elementor-widget-spacer\" data-id=\"0cd7ca1\" data-element_type=\"widget\" data-widget_type=\"spacer.default\">\n\t\t\t\t<div class=\"elementor-widget-container\">\n\t\t\t\t\t<div class=\"elementor-spacer\">\n\t\t\t<div class=\"elementor-spacer-inner\"><\/div>\n\t\t<\/div>\n\t\t\t\t<\/div>\n\t\t\t\t<\/div>\n\t\t\t\t\t<\/div>\n\t\t<\/div>\n\t\t\t\t\t\t\t<\/div>\n\t\t<\/section>\n\t\t\t\t\t\t\t<\/div>\n\t\t","protected":false},"excerpt":{"rendered":"<p>Descarga la foto con el Alcalde Galer\u00eda de Eventos Search 22\/ago\/2022 D\u00eda del Bombero 08\/sep\/2022 Entrega de reconocimientos a hijos e hijas de trabajadores sindicalizados 13\/sep\/2022 Ceremonia ni\u00f1os h\u00e9roes y obras de rescate de espacios p\u00fablicos patios de la estaci\u00f3n 16\/sep\/2022 Desfile C\u00edvico y recorrido Jard\u00edn Ju\u00e1rez 24\/sep\/2022 Ceremonia de graduaci\u00f3n de la Maestr\u00eda de [&hellip;]<\/p>\n","protected":false},"author":1,"featured_media":1808,"parent":0,"menu_order":0,"comment_status":"closed","ping_status":"closed","template":"","meta":[],"aioseo_notices":[],"_links":{"self":[{"href":"https:\/\/cuernavaca.gob.mx\/index.php?rest_route=\/wp\/v2\/pages\/17670"}],"collection":[{"href":"https:\/\/cuernavaca.gob.mx\/index.php?rest_route=\/wp\/v2\/pages"}],"about":[{"href":"https:\/\/cuernavaca.gob.mx\/index.php?rest_route=\/wp\/v2\/types\/page"}],"author":[{"embeddable":true,"href":"https:\/\/cuernavaca.gob.mx\/index.php?rest_route=\/wp\/v2\/users\/1"}],"replies":[{"embeddable":true,"href":"https:\/\/cuernavaca.gob.mx\/index.php?rest_route=%2Fwp%2Fv2%2Fcomments&post=17670"}],"version-history":[{"count":136,"href":"https:\/\/cuernavaca.gob.mx\/index.php?rest_route=\/wp\/v2\/pages\/17670\/revisions"}],"predecessor-version":[{"id":46766,"href":"https:\/\/cuernavaca.gob.mx\/index.php?rest_route=\/wp\/v2\/pages\/17670\/revisions\/46766"}],"wp:featuredmedia":[{"embeddable":true,"href":"https:\/\/cuernavaca.gob.mx\/index.php?rest_route=\/wp\/v2\/media\/1808"}],"wp:attachment":[{"href":"https:\/\/cuernavaca.gob.mx\/index.php?rest_route=%2Fwp%2Fv2%2Fmedia&parent=17670"}],"curies":[{"name":"wp","href":"https:\/\/api.w.org\/{rel}","templated":true}]}}