{"id":68,"date":"2020-07-10T03:09:24","date_gmt":"2020-07-10T03:09:24","guid":{"rendered":"http:\/\/demo.ovathemes.com\/egovt\/?page_id=68"},"modified":"2026-04-16T13:35:16","modified_gmt":"2026-04-16T19:35:16","slug":"home","status":"publish","type":"page","link":"https:\/\/cuernavaca.gob.mx\/","title":{"rendered":"Home"},"content":{"rendered":"\t\t<div data-elementor-type=\"wp-page\" data-elementor-id=\"68\" class=\"elementor elementor-68\">\n\t\t\t\t\t\t\t\t\t<section class=\"elementor-section elementor-top-section elementor-element elementor-element-c8bb95e elementor-hidden-desktop elementor-hidden-tablet elementor-hidden-mobile elementor-section-boxed elementor-section-height-default elementor-section-height-default\" data-id=\"c8bb95e\" data-element_type=\"section\">\n\t\t\t\t\t\t<div class=\"elementor-container elementor-column-gap-default\">\n\t\t\t\t\t<div class=\"elementor-column elementor-col-100 elementor-top-column elementor-element elementor-element-6ff1bba\" data-id=\"6ff1bba\" data-element_type=\"column\">\n\t\t\t<div class=\"elementor-widget-wrap elementor-element-populated\">\n\t\t\t\t\t\t\t\t<div class=\"elementor-element elementor-element-a392b87 elementor-widget elementor-widget-slider_revolution\" data-id=\"a392b87\" data-element_type=\"widget\" data-widget_type=\"slider_revolution.default\">\n\t\t\t\t<div class=\"elementor-widget-container\">\n\t\t\t\n\t\t<div class=\"wp-block-themepunch-revslider\">\n\t\t\t<!-- START Home 1 REVOLUTION SLIDER 6.5.9 --><p class=\"rs-p-wp-fix\"><\/p>\n\t\t\t<rs-module-wrap id=\"rev_slider_1_1_wrapper\" data-source=\"gallery\" style=\"visibility:hidden;background:transparent;padding:0;margin:0px auto;margin-top:0;margin-bottom:0;\">\n\t\t\t\t<rs-module id=\"rev_slider_1_1\" style=\"\" data-version=\"6.5.9\">\n\t\t\t\t\t<rs-slides>\n\t\t\t\t\t\t<rs-slide style=\"position: absolute;\" data-key=\"rs-199\" data-title=\"Slide\" data-thumb=\"\/\/cuernavaca.gob.mx\/wp-content\/uploads\/2020\/07\/WhatsApp-Image-2022-08-03-at-2.21.32-PM.jpeg\" data-link=\"\/\/cuernavaca.gob.mx\/wp-content\/uploads\/2020\/07\/Tabloide-Artesanias-2025.pdf\"data-tag=\"l\" data-target=\"_blank\" data-seoz=\"front\" data-in=\"o:0;\" data-out=\"a:false;\">\n\t\t\t\t\t\t\t<img loading=\"lazy\" src=\"\/\/cuernavaca.gob.mx\/wp-content\/plugins\/revslider\/public\/assets\/assets\/dummy.png\" alt=\"Slide\" title=\"WhatsApp Image 2022-08-03 at 2.21.32 PM\" width=\"1280\" height=\"600\" class=\"rev-slidebg tp-rs-img rs-lazyload\" data-lazyload=\"\/\/cuernavaca.gob.mx\/wp-content\/plugins\/revslider\/public\/assets\/assets\/transparent.png\" data-bg=\"c:#193d83;\" data-no-retina>\n<!--\n\t\t\t\t\t\t\t--><rs-layer\n\t\t\t\t\t\t\t\tid=\"slider-1-slide-199-layer-3\" \n\t\t\t\t\t\t\t\tdata-type=\"image\"\n\t\t\t\t\t\t\t\tdata-rsp_ch=\"on\"\n\t\t\t\t\t\t\t\tdata-xy=\"x:l,l,l,c;xo:-32px,-32px,47px,0;y:t,t,t,m;yo:89px,89px,147px,0;\"\n\t\t\t\t\t\t\t\tdata-text=\"w:normal;s:20,20,12,7;l:0,0,15,9;\"\n\t\t\t\t\t\t\t\tdata-dim=\"w:1297px,1297px,683px,482px;h:608px,608px,320px,226px;\"\n\t\t\t\t\t\t\t\tdata-frame_999=\"o:0;st:w;\"\n\t\t\t\t\t\t\t\tstyle=\"z-index:5;\"\n\t\t\t\t\t\t\t><img loading=\"lazy\" src=\"\/\/cuernavaca.gob.mx\/wp-content\/plugins\/revslider\/public\/assets\/assets\/dummy.png\" class=\"tp-rs-img rs-lazyload\" width=\"1600\" height=\"750\" data-lazyload=\"\/\/cuernavaca.gob.mx\/wp-content\/uploads\/2020\/07\/artesanias2025.jpeg\" data-no-retina> \n\t\t\t\t\t\t\t<\/rs-layer><!--\n-->\t\t\t\t\t\t<\/rs-slide>\n\t\t\t\t\t\t<rs-slide style=\"position: absolute;\" data-key=\"rs-198\" data-title=\"Slide\" data-thumb=\"\/\/cuernavaca.gob.mx\/wp-content\/uploads\/2020\/07\/WhatsApp-Image-2022-08-03-at-2.21.32-PM.jpeg\" data-link=\"\/\/cuernavaca.gob.mx\/wp-content\/uploads\/2020\/07\/Tabloide-Presupuesto-Participativo-2025.pdf\"data-tag=\"l\" data-target=\"_blank\" data-seoz=\"front\" data-in=\"o:0;\" data-out=\"a:false;\">\n\t\t\t\t\t\t\t<img loading=\"lazy\" src=\"\/\/cuernavaca.gob.mx\/wp-content\/plugins\/revslider\/public\/assets\/assets\/dummy.png\" alt=\"Slide\" title=\"WhatsApp Image 2022-08-03 at 2.21.32 PM\" width=\"1280\" height=\"600\" class=\"rev-slidebg tp-rs-img rs-lazyload\" data-lazyload=\"\/\/cuernavaca.gob.mx\/wp-content\/plugins\/revslider\/public\/assets\/assets\/transparent.png\" data-bg=\"c:#193d83;\" data-no-retina>\n<!--\n\t\t\t\t\t\t\t--><rs-layer\n\t\t\t\t\t\t\t\tid=\"slider-1-slide-198-layer-3\" \n\t\t\t\t\t\t\t\tdata-type=\"image\"\n\t\t\t\t\t\t\t\tdata-rsp_ch=\"on\"\n\t\t\t\t\t\t\t\tdata-xy=\"x:l,l,l,c;xo:-32px,-32px,47px,0;y:t,t,t,m;yo:89px,89px,147px,0;\"\n\t\t\t\t\t\t\t\tdata-text=\"w:normal;s:20,20,12,7;l:0,0,15,9;\"\n\t\t\t\t\t\t\t\tdata-dim=\"w:1297px,1297px,683px,482px;h:608px,608px,320px,226px;\"\n\t\t\t\t\t\t\t\tdata-frame_999=\"o:0;st:w;\"\n\t\t\t\t\t\t\t\tstyle=\"z-index:5;\"\n\t\t\t\t\t\t\t><img loading=\"lazy\" src=\"\/\/cuernavaca.gob.mx\/wp-content\/plugins\/revslider\/public\/assets\/assets\/dummy.png\" class=\"tp-rs-img rs-lazyload\" width=\"1600\" height=\"750\" data-lazyload=\"\/\/cuernavaca.gob.mx\/wp-content\/uploads\/2020\/07\/presupuestoSocialCiudadano.jpeg\" data-no-retina> \n\t\t\t\t\t\t\t<\/rs-layer><!--\n-->\t\t\t\t\t\t<\/rs-slide>\n\t\t\t\t\t\t<rs-slide style=\"position: absolute;\" data-key=\"rs-197\" data-title=\"Slide\" data-thumb=\"\/\/cuernavaca.gob.mx\/wp-content\/uploads\/2020\/07\/WhatsApp-Image-2022-08-03-at-2.21.32-PM.jpeg\" data-link=\"\/\/cuernavaca.gob.mx\/wp-content\/uploads\/2020\/07\/TabloideLicitacionFeb2025.pdf\"data-tag=\"l\" data-target=\"_blank\" data-seoz=\"front\" data-in=\"o:0;\" data-out=\"a:false;\">\n\t\t\t\t\t\t\t<img loading=\"lazy\" src=\"\/\/cuernavaca.gob.mx\/wp-content\/plugins\/revslider\/public\/assets\/assets\/dummy.png\" alt=\"Slide\" title=\"WhatsApp Image 2022-08-03 at 2.21.32 PM\" width=\"1280\" height=\"600\" class=\"rev-slidebg tp-rs-img rs-lazyload\" data-lazyload=\"\/\/cuernavaca.gob.mx\/wp-content\/plugins\/revslider\/public\/assets\/assets\/transparent.png\" data-bg=\"c:#193d83;\" data-no-retina>\n<!--\n\t\t\t\t\t\t\t--><rs-layer\n\t\t\t\t\t\t\t\tid=\"slider-1-slide-197-layer-3\" \n\t\t\t\t\t\t\t\tdata-type=\"image\"\n\t\t\t\t\t\t\t\tdata-rsp_ch=\"on\"\n\t\t\t\t\t\t\t\tdata-xy=\"x:l,l,l,c;xo:-32px,-32px,47px,0;y:t,t,t,m;yo:89px,89px,147px,0;\"\n\t\t\t\t\t\t\t\tdata-text=\"w:normal;s:20,20,12,7;l:0,0,15,9;\"\n\t\t\t\t\t\t\t\tdata-dim=\"w:1297px,1297px,683px,482px;h:608px,608px,320px,226px;\"\n\t\t\t\t\t\t\t\tdata-frame_999=\"o:0;st:w;\"\n\t\t\t\t\t\t\t\tstyle=\"z-index:5;\"\n\t\t\t\t\t\t\t><img loading=\"lazy\" src=\"\/\/cuernavaca.gob.mx\/wp-content\/plugins\/revslider\/public\/assets\/assets\/dummy.png\" class=\"tp-rs-img rs-lazyload\" width=\"1600\" height=\"750\" data-lazyload=\"\/\/cuernavaca.gob.mx\/wp-content\/uploads\/2020\/07\/licitacionFeb2025-2.jpeg\" data-no-retina> \n\t\t\t\t\t\t\t<\/rs-layer><!--\n-->\t\t\t\t\t\t<\/rs-slide>\n\t\t\t\t\t\t<rs-slide style=\"position: absolute;\" data-key=\"rs-195\" data-title=\"Slide\" data-thumb=\"\/\/cuernavaca.gob.mx\/wp-content\/uploads\/2020\/07\/WhatsApp-Image-2022-08-03-at-2.21.32-PM.jpeg\" data-link=\"\/\/cuernavaca.gob.mx\/wp-content\/uploads\/2020\/07\/Roba-plana-Convocatoria-Box-2025.pdf\"data-tag=\"l\" data-target=\"_blank\" data-seoz=\"front\" data-in=\"o:0;\" data-out=\"a:false;\">\n\t\t\t\t\t\t\t<img loading=\"lazy\" src=\"\/\/cuernavaca.gob.mx\/wp-content\/plugins\/revslider\/public\/assets\/assets\/dummy.png\" alt=\"Slide\" title=\"WhatsApp Image 2022-08-03 at 2.21.32 PM\" width=\"1280\" height=\"600\" class=\"rev-slidebg tp-rs-img rs-lazyload\" data-lazyload=\"\/\/cuernavaca.gob.mx\/wp-content\/plugins\/revslider\/public\/assets\/assets\/transparent.png\" data-bg=\"c:#193d83;\" data-no-retina>\n<!--\n\t\t\t\t\t\t\t--><rs-layer\n\t\t\t\t\t\t\t\tid=\"slider-1-slide-195-layer-3\" \n\t\t\t\t\t\t\t\tdata-type=\"image\"\n\t\t\t\t\t\t\t\tdata-rsp_ch=\"on\"\n\t\t\t\t\t\t\t\tdata-xy=\"x:l,l,l,c;xo:-32px,-32px,47px,0;y:t,t,t,m;yo:89px,89px,147px,0;\"\n\t\t\t\t\t\t\t\tdata-text=\"w:normal;s:20,20,12,7;l:0,0,15,9;\"\n\t\t\t\t\t\t\t\tdata-dim=\"w:1297px,1297px,683px,482px;h:608px,608px,320px,226px;\"\n\t\t\t\t\t\t\t\tdata-frame_999=\"o:0;st:w;\"\n\t\t\t\t\t\t\t\tstyle=\"z-index:5;\"\n\t\t\t\t\t\t\t><img loading=\"lazy\" src=\"\/\/cuernavaca.gob.mx\/wp-content\/plugins\/revslider\/public\/assets\/assets\/dummy.png\" class=\"tp-rs-img rs-lazyload\" width=\"1600\" height=\"750\" data-lazyload=\"\/\/cuernavaca.gob.mx\/wp-content\/uploads\/2020\/07\/boxCuernavaca.jpeg\" data-no-retina> \n\t\t\t\t\t\t\t<\/rs-layer><!--\n-->\t\t\t\t\t\t<\/rs-slide>\n\t\t\t\t\t\t<rs-slide style=\"position: absolute;\" data-key=\"rs-194\" data-title=\"Slide\" data-thumb=\"\/\/cuernavaca.gob.mx\/wp-content\/uploads\/2020\/07\/WhatsApp-Image-2022-08-03-at-2.21.32-PM.jpeg\" data-link=\"\/\/cuernavaca.gob.mx\/wp-content\/uploads\/2020\/07\/Convocatoria-Ayudantes-Municipales-8-cartas-2025.pdf\"data-tag=\"l\" data-target=\"_blank\" data-seoz=\"front\" data-in=\"o:0;\" data-out=\"a:false;\">\n\t\t\t\t\t\t\t<img loading=\"lazy\" src=\"\/\/cuernavaca.gob.mx\/wp-content\/plugins\/revslider\/public\/assets\/assets\/dummy.png\" alt=\"Slide\" title=\"WhatsApp Image 2022-08-03 at 2.21.32 PM\" width=\"1280\" height=\"600\" class=\"rev-slidebg tp-rs-img rs-lazyload\" data-lazyload=\"\/\/cuernavaca.gob.mx\/wp-content\/plugins\/revslider\/public\/assets\/assets\/transparent.png\" data-bg=\"c:#193d83;\" data-no-retina>\n<!--\n\t\t\t\t\t\t\t--><rs-layer\n\t\t\t\t\t\t\t\tid=\"slider-1-slide-194-layer-3\" \n\t\t\t\t\t\t\t\tdata-type=\"image\"\n\t\t\t\t\t\t\t\tdata-rsp_ch=\"on\"\n\t\t\t\t\t\t\t\tdata-xy=\"x:l,l,l,c;xo:-32px,-32px,47px,0;y:t,t,t,m;yo:89px,89px,147px,0;\"\n\t\t\t\t\t\t\t\tdata-text=\"w:normal;s:20,20,12,7;l:0,0,15,9;\"\n\t\t\t\t\t\t\t\tdata-dim=\"w:1297px,1297px,683px,482px;h:608px,608px,320px,226px;\"\n\t\t\t\t\t\t\t\tdata-frame_999=\"o:0;st:w;\"\n\t\t\t\t\t\t\t\tstyle=\"z-index:5;\"\n\t\t\t\t\t\t\t><img loading=\"lazy\" src=\"\/\/cuernavaca.gob.mx\/wp-content\/plugins\/revslider\/public\/assets\/assets\/dummy.png\" class=\"tp-rs-img rs-lazyload\" width=\"1600\" height=\"750\" data-lazyload=\"\/\/cuernavaca.gob.mx\/wp-content\/uploads\/2020\/07\/convocatoriaAyudantes.jpeg\" data-no-retina> \n\t\t\t\t\t\t\t<\/rs-layer><!--\n-->\t\t\t\t\t\t<\/rs-slide>\n\t\t\t\t\t\t<rs-slide style=\"position: absolute;\" data-key=\"rs-193\" data-title=\"Slide\" data-thumb=\"\/\/cuernavaca.gob.mx\/wp-content\/uploads\/2020\/07\/WhatsApp-Image-2022-08-03-at-2.21.32-PM.jpeg\" data-link=\"\/\/cuernavaca.gob.mx\/wp-content\/uploads\/2020\/07\/Roba-plana-Calendario-Cabildos-2025.pdf\"data-tag=\"l\" data-target=\"_blank\" data-seoz=\"front\" data-in=\"o:0;\" data-out=\"a:false;\">\n\t\t\t\t\t\t\t<img loading=\"lazy\" src=\"\/\/cuernavaca.gob.mx\/wp-content\/plugins\/revslider\/public\/assets\/assets\/dummy.png\" alt=\"Slide\" title=\"WhatsApp Image 2022-08-03 at 2.21.32 PM\" width=\"1280\" height=\"600\" class=\"rev-slidebg tp-rs-img rs-lazyload\" data-lazyload=\"\/\/cuernavaca.gob.mx\/wp-content\/plugins\/revslider\/public\/assets\/assets\/transparent.png\" data-bg=\"c:#193d83;\" data-no-retina>\n<!--\n\t\t\t\t\t\t\t--><rs-layer\n\t\t\t\t\t\t\t\tid=\"slider-1-slide-193-layer-3\" \n\t\t\t\t\t\t\t\tdata-type=\"image\"\n\t\t\t\t\t\t\t\tdata-rsp_ch=\"on\"\n\t\t\t\t\t\t\t\tdata-xy=\"x:l,l,l,c;xo:-32px,-32px,47px,0;y:t,t,t,m;yo:89px,89px,147px,0;\"\n\t\t\t\t\t\t\t\tdata-text=\"w:normal;s:20,20,12,7;l:0,0,15,9;\"\n\t\t\t\t\t\t\t\tdata-dim=\"w:1297px,1297px,683px,482px;h:608px,608px,320px,226px;\"\n\t\t\t\t\t\t\t\tdata-frame_999=\"o:0;st:w;\"\n\t\t\t\t\t\t\t\tstyle=\"z-index:5;\"\n\t\t\t\t\t\t\t><img loading=\"lazy\" src=\"\/\/cuernavaca.gob.mx\/wp-content\/plugins\/revslider\/public\/assets\/assets\/dummy.png\" class=\"tp-rs-img rs-lazyload\" width=\"1600\" height=\"750\" data-lazyload=\"\/\/cuernavaca.gob.mx\/wp-content\/uploads\/2020\/07\/cabildoAbierto022025.jpeg\" data-no-retina> \n\t\t\t\t\t\t\t<\/rs-layer><!--\n-->\t\t\t\t\t\t<\/rs-slide>\n\t\t\t\t\t\t<rs-slide style=\"position: absolute;\" data-key=\"rs-192\" data-title=\"Slide\" data-thumb=\"\/\/cuernavaca.gob.mx\/wp-content\/uploads\/2020\/07\/WhatsApp-Image-2022-08-03-at-2.21.32-PM.jpeg\" data-link=\"\/\/cuernavaca.gob.mx\/wp-content\/uploads\/2020\/07\/Tabloide-Foros-de-Consulta-Ciudadana.pdf\"data-tag=\"l\" data-target=\"_blank\" data-seoz=\"front\" data-in=\"o:0;\" data-out=\"a:false;\">\n\t\t\t\t\t\t\t<img loading=\"lazy\" src=\"\/\/cuernavaca.gob.mx\/wp-content\/plugins\/revslider\/public\/assets\/assets\/dummy.png\" alt=\"Slide\" title=\"WhatsApp Image 2022-08-03 at 2.21.32 PM\" width=\"1280\" height=\"600\" class=\"rev-slidebg tp-rs-img rs-lazyload\" data-lazyload=\"\/\/cuernavaca.gob.mx\/wp-content\/plugins\/revslider\/public\/assets\/assets\/transparent.png\" data-bg=\"c:#193d83;\" data-no-retina>\n<!--\n\t\t\t\t\t\t\t--><rs-layer\n\t\t\t\t\t\t\t\tid=\"slider-1-slide-192-layer-3\" \n\t\t\t\t\t\t\t\tdata-type=\"image\"\n\t\t\t\t\t\t\t\tdata-rsp_ch=\"on\"\n\t\t\t\t\t\t\t\tdata-xy=\"x:l,l,l,c;xo:-43px,-43px,47px,0;y:t,t,t,m;yo:132px,132px,147px,0;\"\n\t\t\t\t\t\t\t\tdata-text=\"w:normal;s:20,20,12,7;l:0,0,15,9;\"\n\t\t\t\t\t\t\t\tdata-dim=\"w:1297px,1297px,683px,482px;h:527px,527px,320px,226px;\"\n\t\t\t\t\t\t\t\tdata-frame_999=\"o:0;st:w;\"\n\t\t\t\t\t\t\t\tstyle=\"z-index:5;\"\n\t\t\t\t\t\t\t><img loading=\"lazy\" src=\"\/\/cuernavaca.gob.mx\/wp-content\/plugins\/revslider\/public\/assets\/assets\/dummy.png\" class=\"tp-rs-img rs-lazyload\" width=\"1317\" height=\"535\" data-lazyload=\"\/\/cuernavaca.gob.mx\/wp-content\/uploads\/2020\/07\/banner-foros.png\" data-no-retina> \n\t\t\t\t\t\t\t<\/rs-layer><!--\n-->\t\t\t\t\t\t<\/rs-slide>\n\t\t\t\t\t\t<rs-slide style=\"position: absolute;\" data-key=\"rs-191\" data-title=\"Slide\" data-thumb=\"\/\/cuernavaca.gob.mx\/wp-content\/uploads\/2020\/07\/WhatsApp-Image-2022-08-03-at-2.21.32-PM.jpeg\" data-link=\"\/\/cuernavaca.gob.mx\/wp-content\/uploads\/2020\/07\/Consejo-consultivo-de-juventud-2025.pdf\"data-tag=\"l\" data-target=\"_blank\" data-seoz=\"front\" data-in=\"o:0;\" data-out=\"a:false;\">\n\t\t\t\t\t\t\t<img loading=\"lazy\" src=\"\/\/cuernavaca.gob.mx\/wp-content\/plugins\/revslider\/public\/assets\/assets\/dummy.png\" alt=\"Slide\" title=\"WhatsApp Image 2022-08-03 at 2.21.32 PM\" width=\"1280\" height=\"600\" class=\"rev-slidebg tp-rs-img rs-lazyload\" data-lazyload=\"\/\/cuernavaca.gob.mx\/wp-content\/plugins\/revslider\/public\/assets\/assets\/transparent.png\" data-bg=\"c:#193d83;\" data-no-retina>\n<!--\n\t\t\t\t\t\t\t--><rs-layer\n\t\t\t\t\t\t\t\tid=\"slider-1-slide-191-layer-3\" \n\t\t\t\t\t\t\t\tdata-type=\"image\"\n\t\t\t\t\t\t\t\tdata-rsp_ch=\"on\"\n\t\t\t\t\t\t\t\tdata-xy=\"x:l,l,l,c;xo:-43px,-43px,47px,0;y:t,t,t,m;yo:90px,90px,147px,0;\"\n\t\t\t\t\t\t\t\tdata-text=\"w:normal;s:20,20,12,7;l:0,0,15,9;\"\n\t\t\t\t\t\t\t\tdata-dim=\"w:1297px,1297px,683px,482px;h:608px,608px,320px,226px;\"\n\t\t\t\t\t\t\t\tdata-frame_999=\"o:0;st:w;\"\n\t\t\t\t\t\t\t\tstyle=\"z-index:5;\"\n\t\t\t\t\t\t\t><img loading=\"lazy\" src=\"\/\/cuernavaca.gob.mx\/wp-content\/plugins\/revslider\/public\/assets\/assets\/dummy.png\" class=\"tp-rs-img rs-lazyload\" width=\"1600\" height=\"750\" data-lazyload=\"\/\/cuernavaca.gob.mx\/wp-content\/uploads\/2020\/07\/WhatsApp-Image-2025-02-11-at-3.47.51-PM.jpeg\" data-no-retina> \n\t\t\t\t\t\t\t<\/rs-layer><!--\n-->\t\t\t\t\t\t<\/rs-slide>\n\t\t\t\t\t\t<rs-slide style=\"position: absolute;\" data-key=\"rs-190\" data-title=\"Slide\" data-thumb=\"\/\/cuernavaca.gob.mx\/wp-content\/uploads\/2020\/07\/WhatsApp-Image-2022-08-03-at-2.21.32-PM.jpeg\" data-link=\"\/\/cuernavaca.gob.mx\/wp-content\/uploads\/2020\/07\/ConvocatoriasBecas2025.pdf\"data-tag=\"l\" data-target=\"_blank\" data-seoz=\"front\" data-in=\"o:0;\" data-out=\"a:false;\">\n\t\t\t\t\t\t\t<img loading=\"lazy\" src=\"\/\/cuernavaca.gob.mx\/wp-content\/plugins\/revslider\/public\/assets\/assets\/dummy.png\" alt=\"Slide\" title=\"WhatsApp Image 2022-08-03 at 2.21.32 PM\" width=\"1280\" height=\"600\" class=\"rev-slidebg tp-rs-img rs-lazyload\" data-lazyload=\"\/\/cuernavaca.gob.mx\/wp-content\/plugins\/revslider\/public\/assets\/assets\/transparent.png\" data-bg=\"c:#193d83;\" data-no-retina>\n<!--\n\t\t\t\t\t\t\t--><rs-layer\n\t\t\t\t\t\t\t\tid=\"slider-1-slide-190-layer-3\" \n\t\t\t\t\t\t\t\tdata-type=\"image\"\n\t\t\t\t\t\t\t\tdata-rsp_ch=\"on\"\n\t\t\t\t\t\t\t\tdata-xy=\"x:l,l,l,c;xo:-43px,-43px,47px,0;y:t,t,t,m;yo:90px,90px,147px,0;\"\n\t\t\t\t\t\t\t\tdata-text=\"w:normal;s:20,20,12,7;l:0,0,15,9;\"\n\t\t\t\t\t\t\t\tdata-dim=\"w:1297px,1297px,683px,482px;h:608px,608px,320px,226px;\"\n\t\t\t\t\t\t\t\tdata-frame_999=\"o:0;st:w;\"\n\t\t\t\t\t\t\t\tstyle=\"z-index:5;\"\n\t\t\t\t\t\t\t><img loading=\"lazy\" src=\"\/\/cuernavaca.gob.mx\/wp-content\/plugins\/revslider\/public\/assets\/assets\/dummy.png\" class=\"tp-rs-img rs-lazyload\" width=\"1600\" height=\"750\" data-lazyload=\"\/\/cuernavaca.gob.mx\/wp-content\/uploads\/2020\/07\/WhatsApp-Image-2025-02-10-at-11.53.21-AM-1.jpeg\" data-no-retina> \n\t\t\t\t\t\t\t<\/rs-layer><!--\n-->\t\t\t\t\t\t<\/rs-slide>\n\t\t\t\t\t\t<rs-slide style=\"position: absolute;\" data-key=\"rs-186\" data-title=\"Slide\" data-thumb=\"\/\/cuernavaca.gob.mx\/wp-content\/uploads\/2020\/07\/WhatsApp-Image-2022-08-03-at-2.21.32-PM.jpeg\" data-link=\"\/\/cuernavaca.gob.mx\/wp-content\/uploads\/2020\/07\/Ecard_Matrimonios.pdf\"data-tag=\"l\" data-target=\"_blank\" data-seoz=\"front\" data-in=\"o:0;\" data-out=\"a:false;\">\n\t\t\t\t\t\t\t<img loading=\"lazy\" src=\"\/\/cuernavaca.gob.mx\/wp-content\/plugins\/revslider\/public\/assets\/assets\/dummy.png\" alt=\"Slide\" title=\"WhatsApp Image 2022-08-03 at 2.21.32 PM\" width=\"1280\" height=\"600\" class=\"rev-slidebg tp-rs-img rs-lazyload\" data-lazyload=\"\/\/cuernavaca.gob.mx\/wp-content\/plugins\/revslider\/public\/assets\/assets\/transparent.png\" data-bg=\"c:#f9f9f7;\" data-no-retina>\n<!--\n\t\t\t\t\t\t\t--><rs-layer\n\t\t\t\t\t\t\t\tid=\"slider-1-slide-186-layer-3\" \n\t\t\t\t\t\t\t\tdata-type=\"image\"\n\t\t\t\t\t\t\t\tdata-rsp_ch=\"on\"\n\t\t\t\t\t\t\t\tdata-xy=\"xo:-51px,-51px,47px,-4px;yo:29px,29px,147px,123px;\"\n\t\t\t\t\t\t\t\tdata-text=\"w:normal;s:20,20,12,7;l:0,0,15,9;\"\n\t\t\t\t\t\t\t\tdata-dim=\"w:1297px,1297px,683px,482px;h:725px,725px,320px,226px;\"\n\t\t\t\t\t\t\t\tdata-frame_999=\"o:0;st:w;\"\n\t\t\t\t\t\t\t\tstyle=\"z-index:5;\"\n\t\t\t\t\t\t\t><img loading=\"lazy\" src=\"\/\/cuernavaca.gob.mx\/wp-content\/plugins\/revslider\/public\/assets\/assets\/dummy.png\" class=\"tp-rs-img rs-lazyload\" width=\"1102\" height=\"616\" data-lazyload=\"\/\/cuernavaca.gob.mx\/wp-content\/uploads\/2020\/07\/siAcepto.jpg\" data-no-retina> \n\t\t\t\t\t\t\t<\/rs-layer><!--\n-->\t\t\t\t\t\t<\/rs-slide>\n\t\t\t\t\t\t<rs-slide style=\"position: absolute;\" data-key=\"rs-187\" data-title=\"Slide\" data-thumb=\"\/\/cuernavaca.gob.mx\/wp-content\/uploads\/2020\/07\/WhatsApp-Image-2022-08-03-at-2.21.32-PM.jpeg\" data-link=\"\/\/cuernavaca.gob.mx\/wp-content\/uploads\/2020\/07\/Roba-plana-Cabildo-abierto-enero-2025.pdf\"data-tag=\"l\" data-target=\"_blank\" data-seoz=\"front\" data-in=\"o:0;\" data-out=\"a:false;\">\n\t\t\t\t\t\t\t<img loading=\"lazy\" src=\"\/\/cuernavaca.gob.mx\/wp-content\/plugins\/revslider\/public\/assets\/assets\/dummy.png\" alt=\"Slide\" title=\"WhatsApp Image 2022-08-03 at 2.21.32 PM\" width=\"1280\" height=\"600\" class=\"rev-slidebg tp-rs-img rs-lazyload\" data-lazyload=\"\/\/cuernavaca.gob.mx\/wp-content\/plugins\/revslider\/public\/assets\/assets\/transparent.png\" data-bg=\"c:#193d83;\" data-no-retina>\n<!--\n\t\t\t\t\t\t\t--><rs-layer\n\t\t\t\t\t\t\t\tid=\"slider-1-slide-187-layer-3\" \n\t\t\t\t\t\t\t\tdata-type=\"image\"\n\t\t\t\t\t\t\t\tdata-rsp_ch=\"on\"\n\t\t\t\t\t\t\t\tdata-xy=\"xo:-43px,-43px,47px,-4px;yo:90px,90px,147px,123px;\"\n\t\t\t\t\t\t\t\tdata-text=\"w:normal;s:20,20,12,7;l:0,0,15,9;\"\n\t\t\t\t\t\t\t\tdata-dim=\"w:1297px,1297px,683px,482px;h:608px,608px,320px,226px;\"\n\t\t\t\t\t\t\t\tdata-frame_999=\"o:0;st:w;\"\n\t\t\t\t\t\t\t\tstyle=\"z-index:5;\"\n\t\t\t\t\t\t\t><img loading=\"lazy\" src=\"\/\/cuernavaca.gob.mx\/wp-content\/plugins\/revslider\/public\/assets\/assets\/dummy.png\" class=\"tp-rs-img rs-lazyload\" width=\"1600\" height=\"750\" data-lazyload=\"\/\/cuernavaca.gob.mx\/wp-content\/uploads\/2020\/07\/WhatsApp-Image-2025-01-28-at-1.54.01-PM-1.jpeg\" data-no-retina> \n\t\t\t\t\t\t\t<\/rs-layer><!--\n-->\t\t\t\t\t\t<\/rs-slide>\n\t\t\t\t\t\t<rs-slide style=\"position: absolute;\" data-key=\"rs-184\" data-title=\"Slide\" data-thumb=\"\/\/cuernavaca.gob.mx\/wp-content\/uploads\/2020\/07\/WhatsApp-Image-2022-08-03-at-2.21.32-PM.jpeg\" data-seoz=\"front\" data-in=\"o:0;\" data-out=\"a:false;\">\n\t\t\t\t\t\t\t<img loading=\"lazy\" src=\"\/\/cuernavaca.gob.mx\/wp-content\/plugins\/revslider\/public\/assets\/assets\/dummy.png\" alt=\"Slide\" title=\"WhatsApp Image 2022-08-03 at 2.21.32 PM\" width=\"1280\" height=\"600\" class=\"rev-slidebg tp-rs-img rs-lazyload\" data-lazyload=\"\/\/cuernavaca.gob.mx\/wp-content\/plugins\/revslider\/public\/assets\/assets\/transparent.png\" data-bg=\"c:#193d83;\" data-no-retina>\n<!--\n\t\t\t\t\t\t\t--><rs-layer\n\t\t\t\t\t\t\t\tid=\"slider-1-slide-184-layer-3\" \n\t\t\t\t\t\t\t\tdata-type=\"image\"\n\t\t\t\t\t\t\t\tdata-rsp_ch=\"on\"\n\t\t\t\t\t\t\t\tdata-xy=\"xo:-42px,-42px,47px,-4px;yo:89px,89px,147px,123px;\"\n\t\t\t\t\t\t\t\tdata-text=\"w:normal;s:20,20,12,7;l:0,0,15,9;\"\n\t\t\t\t\t\t\t\tdata-dim=\"w:1297px,1297px,683px,482px;h:608px,608px,320px,226px;\"\n\t\t\t\t\t\t\t\tdata-frame_999=\"o:0;st:w;\"\n\t\t\t\t\t\t\t\tstyle=\"z-index:5;\"\n\t\t\t\t\t\t\t><img loading=\"lazy\" src=\"\/\/cuernavaca.gob.mx\/wp-content\/plugins\/revslider\/public\/assets\/assets\/dummy.png\" class=\"tp-rs-img rs-lazyload\" width=\"1600\" height=\"750\" data-lazyload=\"\/\/cuernavaca.gob.mx\/wp-content\/uploads\/2020\/07\/descuentosTransito.jpeg\" data-no-retina> \n\t\t\t\t\t\t\t<\/rs-layer><!--\n-->\t\t\t\t\t\t<\/rs-slide>\n\t\t\t\t\t\t<rs-slide style=\"position: absolute;\" data-key=\"rs-183\" data-title=\"Slide\" data-thumb=\"\/\/cuernavaca.gob.mx\/wp-content\/uploads\/2020\/07\/WhatsApp-Image-2022-08-03-at-2.21.32-PM.jpeg\" data-seoz=\"front\" data-in=\"o:0;\" data-out=\"a:false;\">\n\t\t\t\t\t\t\t<img loading=\"lazy\" src=\"\/\/cuernavaca.gob.mx\/wp-content\/plugins\/revslider\/public\/assets\/assets\/dummy.png\" alt=\"Slide\" title=\"WhatsApp Image 2022-08-03 at 2.21.32 PM\" width=\"1280\" height=\"600\" class=\"rev-slidebg tp-rs-img rs-lazyload\" data-lazyload=\"\/\/cuernavaca.gob.mx\/wp-content\/plugins\/revslider\/public\/assets\/assets\/transparent.png\" data-bg=\"c:#193d83;\" data-no-retina>\n<!--\n\t\t\t\t\t\t\t--><rs-layer\n\t\t\t\t\t\t\t\tid=\"slider-1-slide-183-layer-3\" \n\t\t\t\t\t\t\t\tdata-type=\"image\"\n\t\t\t\t\t\t\t\tdata-rsp_ch=\"on\"\n\t\t\t\t\t\t\t\tdata-xy=\"xo:-42px,-42px,47px,-4px;yo:89px,89px,147px,123px;\"\n\t\t\t\t\t\t\t\tdata-text=\"w:normal;s:20,20,12,7;l:0,0,15,9;\"\n\t\t\t\t\t\t\t\tdata-dim=\"w:1297px,1297px,683px,482px;h:608px,608px,320px,226px;\"\n\t\t\t\t\t\t\t\tdata-frame_999=\"o:0;st:w;\"\n\t\t\t\t\t\t\t\tstyle=\"z-index:5;\"\n\t\t\t\t\t\t\t><img loading=\"lazy\" src=\"\/\/cuernavaca.gob.mx\/wp-content\/plugins\/revslider\/public\/assets\/assets\/dummy.png\" class=\"tp-rs-img rs-lazyload\" width=\"1600\" height=\"750\" data-lazyload=\"\/\/cuernavaca.gob.mx\/wp-content\/uploads\/2020\/07\/WhatsApp-Image-2025-01-28-at-10.19.45-AM.jpeg\" data-no-retina> \n\t\t\t\t\t\t\t<\/rs-layer><!--\n-->\t\t\t\t\t\t<\/rs-slide>\n\t\t\t\t\t\t<rs-slide style=\"position: absolute;\" data-key=\"rs-182\" data-title=\"Slide\" data-thumb=\"\/\/cuernavaca.gob.mx\/wp-content\/uploads\/2020\/07\/WhatsApp-Image-2022-08-03-at-2.21.32-PM.jpeg\" data-seoz=\"front\" data-in=\"o:0;\" data-out=\"a:false;\">\n\t\t\t\t\t\t\t<img loading=\"lazy\" src=\"\/\/cuernavaca.gob.mx\/wp-content\/plugins\/revslider\/public\/assets\/assets\/dummy.png\" alt=\"Slide\" title=\"WhatsApp Image 2022-08-03 at 2.21.32 PM\" width=\"1280\" height=\"600\" class=\"rev-slidebg tp-rs-img rs-lazyload\" data-lazyload=\"\/\/cuernavaca.gob.mx\/wp-content\/plugins\/revslider\/public\/assets\/assets\/transparent.png\" data-bg=\"c:#193d83;\" data-no-retina>\n<!--\n\t\t\t\t\t\t\t--><rs-layer\n\t\t\t\t\t\t\t\tid=\"slider-1-slide-182-layer-3\" \n\t\t\t\t\t\t\t\tdata-type=\"image\"\n\t\t\t\t\t\t\t\tdata-rsp_ch=\"on\"\n\t\t\t\t\t\t\t\tdata-xy=\"xo:-42px,-42px,47px,-4px;yo:89px,89px,147px,123px;\"\n\t\t\t\t\t\t\t\tdata-text=\"w:normal;s:20,20,12,7;l:0,0,15,9;\"\n\t\t\t\t\t\t\t\tdata-dim=\"w:1297px,1297px,683px,482px;h:608px,608px,320px,226px;\"\n\t\t\t\t\t\t\t\tdata-frame_999=\"o:0;st:w;\"\n\t\t\t\t\t\t\t\tstyle=\"z-index:5;\"\n\t\t\t\t\t\t\t><img loading=\"lazy\" src=\"\/\/cuernavaca.gob.mx\/wp-content\/plugins\/revslider\/public\/assets\/assets\/dummy.png\" class=\"tp-rs-img rs-lazyload\" width=\"1600\" height=\"750\" data-lazyload=\"\/\/cuernavaca.gob.mx\/wp-content\/uploads\/2020\/07\/WhatsApp-Image-2025-01-28-at-1.54.01-PM.jpeg\" data-no-retina> \n\t\t\t\t\t\t\t<\/rs-layer><!--\n-->\t\t\t\t\t\t<\/rs-slide>\n\t\t\t\t\t\t<rs-slide style=\"position: absolute;\" data-key=\"rs-180\" data-title=\"Slide\" data-thumb=\"\/\/cuernavaca.gob.mx\/wp-content\/uploads\/2020\/07\/WhatsApp-Image-2022-08-03-at-2.21.32-PM.jpeg\" data-seoz=\"front\" data-in=\"o:0;\" data-out=\"a:false;\">\n\t\t\t\t\t\t\t<img loading=\"lazy\" src=\"\/\/cuernavaca.gob.mx\/wp-content\/plugins\/revslider\/public\/assets\/assets\/dummy.png\" alt=\"Slide\" title=\"WhatsApp Image 2022-08-03 at 2.21.32 PM\" width=\"1280\" height=\"600\" class=\"rev-slidebg tp-rs-img rs-lazyload\" data-lazyload=\"\/\/cuernavaca.gob.mx\/wp-content\/plugins\/revslider\/public\/assets\/assets\/transparent.png\" data-bg=\"c:#193d83;\" data-no-retina>\n<!--\n\t\t\t\t\t\t\t--><rs-layer\n\t\t\t\t\t\t\t\tid=\"slider-1-slide-180-layer-3\" \n\t\t\t\t\t\t\t\tdata-type=\"image\"\n\t\t\t\t\t\t\t\tdata-rsp_ch=\"on\"\n\t\t\t\t\t\t\t\tdata-xy=\"xo:-42px,-42px,47px,-4px;yo:89px,89px,147px,123px;\"\n\t\t\t\t\t\t\t\tdata-text=\"w:normal;s:20,20,12,7;l:0,0,15,9;\"\n\t\t\t\t\t\t\t\tdata-dim=\"w:1297px,1297px,683px,482px;h:608px,608px,320px,226px;\"\n\t\t\t\t\t\t\t\tdata-frame_999=\"o:0;st:w;\"\n\t\t\t\t\t\t\t\tstyle=\"z-index:5;\"\n\t\t\t\t\t\t\t><img loading=\"lazy\" src=\"\/\/cuernavaca.gob.mx\/wp-content\/plugins\/revslider\/public\/assets\/assets\/dummy.png\" class=\"tp-rs-img rs-lazyload\" width=\"1600\" height=\"750\" data-lazyload=\"\/\/cuernavaca.gob.mx\/wp-content\/uploads\/2020\/07\/pagoAnticipadoPredial.jpeg\" data-no-retina> \n\t\t\t\t\t\t\t<\/rs-layer><!--\n-->\t\t\t\t\t\t<\/rs-slide>\n\t\t\t\t\t\t<rs-slide style=\"position: absolute;\" data-key=\"rs-181\" data-title=\"Slide\" data-thumb=\"\/\/cuernavaca.gob.mx\/wp-content\/uploads\/2020\/07\/WhatsApp-Image-2022-08-03-at-2.21.32-PM.jpeg\" data-link=\"\/\/cuernavaca.gob.mx\/wp-content\/uploads\/2020\/07\/Tabloide-Licitacio\u0301n.pdf\"data-tag=\"l\" data-target=\"_blank\" data-seoz=\"front\" data-in=\"o:0;\" data-out=\"a:false;\">\n\t\t\t\t\t\t\t<img loading=\"lazy\" src=\"\/\/cuernavaca.gob.mx\/wp-content\/plugins\/revslider\/public\/assets\/assets\/dummy.png\" alt=\"Slide\" title=\"WhatsApp Image 2022-08-03 at 2.21.32 PM\" width=\"1280\" height=\"600\" class=\"rev-slidebg tp-rs-img rs-lazyload\" data-lazyload=\"\/\/cuernavaca.gob.mx\/wp-content\/plugins\/revslider\/public\/assets\/assets\/transparent.png\" data-bg=\"c:#193d83;\" data-no-retina>\n<!--\n\t\t\t\t\t\t\t--><rs-layer\n\t\t\t\t\t\t\t\tid=\"slider-1-slide-181-layer-3\" \n\t\t\t\t\t\t\t\tdata-type=\"image\"\n\t\t\t\t\t\t\t\tdata-rsp_ch=\"on\"\n\t\t\t\t\t\t\t\tdata-xy=\"xo:-42px,-42px,47px,-4px;yo:89px,89px,147px,123px;\"\n\t\t\t\t\t\t\t\tdata-text=\"w:normal;s:20,20,12,7;l:0,0,15,9;\"\n\t\t\t\t\t\t\t\tdata-dim=\"w:1297px,1297px,683px,482px;h:608px,608px,320px,226px;\"\n\t\t\t\t\t\t\t\tdata-frame_999=\"o:0;st:w;\"\n\t\t\t\t\t\t\t\tstyle=\"z-index:5;\"\n\t\t\t\t\t\t\t><img loading=\"lazy\" src=\"\/\/cuernavaca.gob.mx\/wp-content\/plugins\/revslider\/public\/assets\/assets\/dummy.png\" class=\"tp-rs-img rs-lazyload\" width=\"1600\" height=\"750\" data-lazyload=\"\/\/cuernavaca.gob.mx\/wp-content\/uploads\/2020\/07\/licitacionEnero16.jpeg\" data-no-retina> \n\t\t\t\t\t\t\t<\/rs-layer><!--\n-->\t\t\t\t\t\t<\/rs-slide>\n\t\t\t\t\t\t<rs-slide style=\"position: absolute;\" data-key=\"rs-178\" data-title=\"Slide\" data-thumb=\"\/\/cuernavaca.gob.mx\/wp-content\/uploads\/2020\/07\/WhatsApp-Image-2022-08-03-at-2.21.32-PM.jpeg\" data-link=\"\/\/s3.us-east-2.amazonaws.com\/gacetas.cuernavaca.gob.mx\/Primavera_eterna_FINAL.pdf\"data-tag=\"l\" data-target=\"_blank\" data-seoz=\"front\" data-in=\"o:0;\" data-out=\"a:false;\">\n\t\t\t\t\t\t\t<img loading=\"lazy\" src=\"\/\/cuernavaca.gob.mx\/wp-content\/plugins\/revslider\/public\/assets\/assets\/dummy.png\" alt=\"Slide\" title=\"WhatsApp Image 2022-08-03 at 2.21.32 PM\" width=\"1280\" height=\"600\" class=\"rev-slidebg tp-rs-img rs-lazyload\" data-lazyload=\"\/\/cuernavaca.gob.mx\/wp-content\/plugins\/revslider\/public\/assets\/assets\/transparent.png\" data-bg=\"c:#8e1670;\" data-no-retina>\n<!--\n\t\t\t\t\t\t\t--><rs-layer\n\t\t\t\t\t\t\t\tid=\"slider-1-slide-178-layer-3\" \n\t\t\t\t\t\t\t\tdata-type=\"image\"\n\t\t\t\t\t\t\t\tdata-rsp_ch=\"on\"\n\t\t\t\t\t\t\t\tdata-xy=\"xo:-42px,-42px,47px,-4px;yo:89px,89px,147px,123px;\"\n\t\t\t\t\t\t\t\tdata-text=\"w:normal;s:20,20,12,7;l:0,0,15,9;\"\n\t\t\t\t\t\t\t\tdata-dim=\"w:1297px,1297px,683px,482px;h:608px,608px,320px,226px;\"\n\t\t\t\t\t\t\t\tdata-frame_999=\"o:0;st:w;\"\n\t\t\t\t\t\t\t\tstyle=\"z-index:5;\"\n\t\t\t\t\t\t\t><img loading=\"lazy\" src=\"\/\/cuernavaca.gob.mx\/wp-content\/plugins\/revslider\/public\/assets\/assets\/dummy.png\" class=\"tp-rs-img rs-lazyload\" width=\"1600\" height=\"750\" data-lazyload=\"\/\/cuernavaca.gob.mx\/wp-content\/uploads\/2020\/07\/WhatsApp-Image-2024-12-13-at-12.49.14-PM.jpeg\" data-no-retina> \n\t\t\t\t\t\t\t<\/rs-layer><!--\n-->\t\t\t\t\t\t<\/rs-slide>\n\t\t\t\t\t\t<rs-slide style=\"position: absolute;\" data-key=\"rs-172\" data-title=\"Slide\" data-thumb=\"\/\/cuernavaca.gob.mx\/wp-content\/uploads\/2020\/07\/WhatsApp-Image-2022-08-03-at-2.21.32-PM.jpeg\" data-link=\"\/\/s3.us-east-2.amazonaws.com\/gacetas.cuernavaca.gob.mx\/Atlas+Municipal+de+Peligros+y+Riesgos+Cuernavaca%2C+Morelos+2024.pdf\"data-tag=\"l\" data-target=\"_blank\" data-seoz=\"front\" data-in=\"o:0;\" data-out=\"a:false;\">\n\t\t\t\t\t\t\t<img loading=\"lazy\" src=\"\/\/cuernavaca.gob.mx\/wp-content\/plugins\/revslider\/public\/assets\/assets\/dummy.png\" alt=\"Slide\" title=\"WhatsApp Image 2022-08-03 at 2.21.32 PM\" width=\"1280\" height=\"600\" class=\"rev-slidebg tp-rs-img rs-lazyload\" data-lazyload=\"\/\/cuernavaca.gob.mx\/wp-content\/plugins\/revslider\/public\/assets\/assets\/transparent.png\" data-bg=\"c:#193d83;\" data-no-retina>\n<!--\n\t\t\t\t\t\t\t--><rs-layer\n\t\t\t\t\t\t\t\tid=\"slider-1-slide-172-layer-3\" \n\t\t\t\t\t\t\t\tdata-type=\"image\"\n\t\t\t\t\t\t\t\tdata-rsp_ch=\"on\"\n\t\t\t\t\t\t\t\tdata-xy=\"xo:-36px,-36px,47px,-4px;yo:107px,107px,147px,123px;\"\n\t\t\t\t\t\t\t\tdata-text=\"w:normal;s:20,20,12,7;l:0,0,15,9;\"\n\t\t\t\t\t\t\t\tdata-dim=\"w:1297px,1297px,683px,482px;h:608px,608px,320px,226px;\"\n\t\t\t\t\t\t\t\tdata-frame_999=\"o:0;st:w;\"\n\t\t\t\t\t\t\t\tstyle=\"z-index:5;\"\n\t\t\t\t\t\t\t><img loading=\"lazy\" src=\"\/\/cuernavaca.gob.mx\/wp-content\/plugins\/revslider\/public\/assets\/assets\/dummy.png\" class=\"tp-rs-img rs-lazyload\" width=\"1600\" height=\"750\" data-lazyload=\"\/\/cuernavaca.gob.mx\/wp-content\/uploads\/2020\/07\/PHOTO-2024-11-11-17-49-34.jpg\" data-no-retina> \n\t\t\t\t\t\t\t<\/rs-layer><!--\n-->\t\t\t\t\t\t<\/rs-slide>\n\t\t\t\t\t\t<rs-slide style=\"position: absolute;\" data-key=\"rs-173\" data-title=\"Slide\" data-thumb=\"\/\/cuernavaca.gob.mx\/wp-content\/uploads\/2020\/07\/WhatsApp-Image-2022-08-03-at-2.21.32-PM.jpeg\" data-link=\"\/\/cuernavaca.gob.mx\/wp-content\/uploads\/2020\/07\/PARA-PUBLICAR-RESP-A-REC-DE-DH.pdf\"data-tag=\"l\" data-target=\"_blank\" data-seoz=\"front\" data-in=\"o:0;\" data-out=\"a:false;\">\n\t\t\t\t\t\t\t<img loading=\"lazy\" src=\"\/\/cuernavaca.gob.mx\/wp-content\/plugins\/revslider\/public\/assets\/assets\/dummy.png\" alt=\"Slide\" title=\"WhatsApp Image 2022-08-03 at 2.21.32 PM\" width=\"1280\" height=\"600\" class=\"rev-slidebg tp-rs-img rs-lazyload\" data-lazyload=\"\/\/cuernavaca.gob.mx\/wp-content\/plugins\/revslider\/public\/assets\/assets\/transparent.png\" data-bg=\"c:#193d83;\" data-no-retina>\n<!--\n\t\t\t\t\t\t\t--><rs-layer\n\t\t\t\t\t\t\t\tid=\"slider-1-slide-173-layer-3\" \n\t\t\t\t\t\t\t\tdata-type=\"image\"\n\t\t\t\t\t\t\t\tdata-rsp_ch=\"on\"\n\t\t\t\t\t\t\t\tdata-xy=\"xo:-36px,-36px,47px,-4px;yo:107px,107px,147px,123px;\"\n\t\t\t\t\t\t\t\tdata-text=\"w:normal;s:20,20,12,7;l:0,0,15,9;\"\n\t\t\t\t\t\t\t\tdata-dim=\"w:1297px,1297px,683px,482px;h:608px,608px,320px,226px;\"\n\t\t\t\t\t\t\t\tdata-frame_999=\"o:0;st:w;\"\n\t\t\t\t\t\t\t\tstyle=\"z-index:5;\"\n\t\t\t\t\t\t\t><img loading=\"lazy\" src=\"\/\/cuernavaca.gob.mx\/wp-content\/plugins\/revslider\/public\/assets\/assets\/dummy.png\" class=\"tp-rs-img rs-lazyload\" width=\"1600\" height=\"750\" data-lazyload=\"\/\/cuernavaca.gob.mx\/wp-content\/uploads\/2020\/07\/WhatsApp-Image-2024-11-11-at-10.58.56-AM.jpeg\" data-no-retina> \n\t\t\t\t\t\t\t<\/rs-layer><!--\n-->\t\t\t\t\t\t<\/rs-slide>\n\t\t\t\t\t\t<rs-slide style=\"position: absolute;\" data-key=\"rs-128\" data-title=\"Slide\" data-thumb=\"\/\/cuernavaca.gob.mx\/wp-content\/uploads\/2020\/07\/WhatsApp-Image-2022-08-03-at-2.21.32-PM.jpeg\" data-link=\"\/\/mujer.cuernavaca.gob.mx\/\"data-tag=\"l\" data-target=\"_blank\" data-seoz=\"front\" data-in=\"o:0;\" data-out=\"a:false;\">\n\t\t\t\t\t\t\t<img loading=\"lazy\" src=\"\/\/cuernavaca.gob.mx\/wp-content\/plugins\/revslider\/public\/assets\/assets\/dummy.png\" alt=\"Slide\" title=\"WhatsApp Image 2022-08-03 at 2.21.32 PM\" width=\"1280\" height=\"600\" class=\"rev-slidebg tp-rs-img rs-lazyload\" data-lazyload=\"\/\/cuernavaca.gob.mx\/wp-content\/plugins\/revslider\/public\/assets\/assets\/transparent.png\" data-bg=\"c:#79008c;\" data-no-retina>\n<!--\n\t\t\t\t\t\t\t--><rs-layer\n\t\t\t\t\t\t\t\tid=\"slider-1-slide-128-layer-3\" \n\t\t\t\t\t\t\t\tdata-type=\"image\"\n\t\t\t\t\t\t\t\tdata-rsp_ch=\"on\"\n\t\t\t\t\t\t\t\tdata-xy=\"xo:-46px,-46px,47px,-4px;yo:86px,86px,147px,123px;\"\n\t\t\t\t\t\t\t\tdata-text=\"w:normal;s:20,20,12,7;l:0,0,15,9;\"\n\t\t\t\t\t\t\t\tdata-dim=\"w:1297px,1297px,683px,482px;h:590px,590px,320px,226px;\"\n\t\t\t\t\t\t\t\tdata-frame_999=\"o:0;st:w;\"\n\t\t\t\t\t\t\t\tstyle=\"z-index:5;\"\n\t\t\t\t\t\t\t><img loading=\"lazy\" src=\"\/\/cuernavaca.gob.mx\/wp-content\/plugins\/revslider\/public\/assets\/assets\/dummy.png\" class=\"tp-rs-img rs-lazyload\" width=\"1299\" height=\"591\" data-lazyload=\"\/\/cuernavaca.gob.mx\/wp-content\/uploads\/2020\/07\/WhatsApp-Image-2024-03-27-at-2.53.00-PM.jpeg\" data-no-retina> \n\t\t\t\t\t\t\t<\/rs-layer><!--\n-->\t\t\t\t\t\t<\/rs-slide>\n\t\t\t\t\t\t<rs-slide style=\"position: absolute;\" data-key=\"rs-127\" data-title=\"Slide\" data-thumb=\"\/\/cuernavaca.gob.mx\/wp-content\/uploads\/2020\/07\/WhatsApp-Image-2022-08-03-at-2.21.32-PM.jpeg\" data-link=\"\/\/cuernavaca.gob.mx\/wp-content\/uploads\/2020\/07\/GUIA-PARA-EL-CIUDADANO-VERSION-FINAL.pdf\"data-tag=\"l\" data-target=\"_blank\" data-seoz=\"front\" data-in=\"o:0;\" data-out=\"a:false;\">\n\t\t\t\t\t\t\t<img loading=\"lazy\" src=\"\/\/cuernavaca.gob.mx\/wp-content\/plugins\/revslider\/public\/assets\/assets\/dummy.png\" alt=\"Slide\" title=\"WhatsApp Image 2022-08-03 at 2.21.32 PM\" width=\"1280\" height=\"600\" class=\"rev-slidebg tp-rs-img rs-lazyload\" data-lazyload=\"\/\/cuernavaca.gob.mx\/wp-content\/plugins\/revslider\/public\/assets\/assets\/transparent.png\" data-bg=\"c:#193d83;\" data-no-retina>\n<!--\n\t\t\t\t\t\t\t--><rs-layer\n\t\t\t\t\t\t\t\tid=\"slider-1-slide-127-layer-3\" \n\t\t\t\t\t\t\t\tdata-type=\"image\"\n\t\t\t\t\t\t\t\tdata-rsp_ch=\"on\"\n\t\t\t\t\t\t\t\tdata-xy=\"xo:-46px,-46px,47px,-4px;yo:86px,86px,147px,123px;\"\n\t\t\t\t\t\t\t\tdata-text=\"w:normal;s:20,20,12,7;l:0,0,15,9;\"\n\t\t\t\t\t\t\t\tdata-dim=\"w:1297px,1297px,683px,482px;h:608px,608px,320px,226px;\"\n\t\t\t\t\t\t\t\tdata-frame_999=\"o:0;st:w;\"\n\t\t\t\t\t\t\t\tstyle=\"z-index:5;\"\n\t\t\t\t\t\t\t><img loading=\"lazy\" src=\"\/\/cuernavaca.gob.mx\/wp-content\/plugins\/revslider\/public\/assets\/assets\/dummy.png\" class=\"tp-rs-img rs-lazyload\" width=\"1280\" height=\"600\" data-lazyload=\"\/\/cuernavaca.gob.mx\/wp-content\/uploads\/2020\/07\/guiaCiudadano.png\" data-no-retina> \n\t\t\t\t\t\t\t<\/rs-layer><!--\n-->\t\t\t\t\t\t<\/rs-slide>\n\t\t\t\t\t\t<rs-slide style=\"position: absolute;\" data-key=\"rs-120\" data-title=\"Slide\" data-thumb=\"\/\/cuernavaca.gob.mx\/wp-content\/uploads\/2020\/07\/WhatsApp-Image-2022-08-03-at-2.21.32-PM.jpeg\" data-link=\"\/\/cuernavaca.gob.mx\/wp-content\/uploads\/2020\/07\/PROGRAMA-ESPECIAL-DE-PROTECCION-CIVIL-DE-SEQUIA-ESTIAJE-E-INCENDIOS-FORESTALES-2024.pdf\"data-tag=\"l\" data-target=\"_blank\" data-seoz=\"front\" data-in=\"o:0;\" data-out=\"a:false;\">\n\t\t\t\t\t\t\t<img loading=\"lazy\" src=\"\/\/cuernavaca.gob.mx\/wp-content\/plugins\/revslider\/public\/assets\/assets\/dummy.png\" alt=\"Slide\" title=\"WhatsApp Image 2022-08-03 at 2.21.32 PM\" width=\"1280\" height=\"600\" class=\"rev-slidebg tp-rs-img rs-lazyload\" data-lazyload=\"\/\/cuernavaca.gob.mx\/wp-content\/plugins\/revslider\/public\/assets\/assets\/transparent.png\" data-bg=\"c:#193d83;\" data-no-retina>\n<!--\n\t\t\t\t\t\t\t--><rs-layer\n\t\t\t\t\t\t\t\tid=\"slider-1-slide-120-layer-3\" \n\t\t\t\t\t\t\t\tdata-type=\"image\"\n\t\t\t\t\t\t\t\tdata-rsp_ch=\"on\"\n\t\t\t\t\t\t\t\tdata-xy=\"xo:-46px,-46px,47px,-4px;yo:86px,86px,147px,123px;\"\n\t\t\t\t\t\t\t\tdata-text=\"w:normal;s:20,20,12,7;l:0,0,15,9;\"\n\t\t\t\t\t\t\t\tdata-dim=\"w:1297px,1297px,683px,482px;h:608px,608px,320px,226px;\"\n\t\t\t\t\t\t\t\tdata-frame_999=\"o:0;st:w;\"\n\t\t\t\t\t\t\t\tstyle=\"z-index:5;\"\n\t\t\t\t\t\t\t><img loading=\"lazy\" src=\"\/\/cuernavaca.gob.mx\/wp-content\/plugins\/revslider\/public\/assets\/assets\/dummy.png\" class=\"tp-rs-img rs-lazyload\" width=\"1600\" height=\"750\" data-lazyload=\"\/\/cuernavaca.gob.mx\/wp-content\/uploads\/2020\/07\/Untitled-design-1.png\" data-no-retina> \n\t\t\t\t\t\t\t<\/rs-layer><!--\n-->\t\t\t\t\t\t<\/rs-slide>\n\t\t\t\t\t\t<rs-slide style=\"position: absolute;\" data-key=\"rs-97\" data-title=\"Slide\" data-thumb=\"\/\/cuernavaca.gob.mx\/wp-content\/uploads\/2020\/07\/WhatsApp-Image-2022-08-03-at-2.21.32-PM.jpeg\" data-link=\"\/\/cuernavaca.gob.mx\/wp-content\/uploads\/2020\/07\/CONVOCATORIA-2024PC.pdf\"data-tag=\"l\" data-target=\"_blank\" data-seoz=\"front\" data-in=\"o:0;\" data-out=\"a:false;\">\n\t\t\t\t\t\t\t<img loading=\"lazy\" src=\"\/\/cuernavaca.gob.mx\/wp-content\/plugins\/revslider\/public\/assets\/assets\/dummy.png\" alt=\"Slide\" title=\"WhatsApp Image 2022-08-03 at 2.21.32 PM\" width=\"1280\" height=\"600\" class=\"rev-slidebg tp-rs-img rs-lazyload\" data-lazyload=\"\/\/cuernavaca.gob.mx\/wp-content\/plugins\/revslider\/public\/assets\/assets\/transparent.png\" data-bg=\"c:#193d83;\" data-no-retina>\n<!--\n\t\t\t\t\t\t\t--><rs-layer\n\t\t\t\t\t\t\t\tid=\"slider-1-slide-97-layer-3\" \n\t\t\t\t\t\t\t\tdata-type=\"image\"\n\t\t\t\t\t\t\t\tdata-rsp_ch=\"on\"\n\t\t\t\t\t\t\t\tdata-xy=\"xo:-46px,-46px,47px,-4px;yo:87px,87px,147px,123px;\"\n\t\t\t\t\t\t\t\tdata-text=\"w:normal;s:20,20,12,7;l:0,0,15,9;\"\n\t\t\t\t\t\t\t\tdata-dim=\"w:1297px,1297px,683px,482px;h:787px,787px,320px,226px;\"\n\t\t\t\t\t\t\t\tdata-frame_999=\"o:0;st:w;\"\n\t\t\t\t\t\t\t\tstyle=\"z-index:5;\"\n\t\t\t\t\t\t\t><img loading=\"lazy\" src=\"\/\/cuernavaca.gob.mx\/wp-content\/plugins\/revslider\/public\/assets\/assets\/dummy.png\" class=\"tp-rs-img rs-lazyload\" width=\"1600\" height=\"971\" data-lazyload=\"\/\/cuernavaca.gob.mx\/wp-content\/uploads\/2020\/07\/policiaMunicipal.jpeg\" data-no-retina> \n\t\t\t\t\t\t\t<\/rs-layer><!--\n-->\t\t\t\t\t\t<\/rs-slide>\n\t\t\t\t\t\t<rs-slide style=\"position: absolute;\" data-key=\"rs-73\" data-title=\"Slide\" data-thumb=\"\/\/cuernavaca.gob.mx\/wp-content\/uploads\/2020\/07\/WhatsApp-Image-2022-08-03-at-2.21.32-PM.jpeg\" data-link=\"\/\/s3.us-east-2.amazonaws.com\/gacetas.cuernavaca.gob.mx\/MANUALARBOLADOCUERNAVACAVERSIONFINAL.pdf\"data-tag=\"l\" data-target=\"_blank\" data-seoz=\"front\" data-in=\"o:0;\" data-out=\"a:false;\">\n\t\t\t\t\t\t\t<img loading=\"lazy\" src=\"\/\/cuernavaca.gob.mx\/wp-content\/plugins\/revslider\/public\/assets\/assets\/dummy.png\" alt=\"Slide\" title=\"WhatsApp Image 2022-08-03 at 2.21.32 PM\" width=\"1280\" height=\"600\" class=\"rev-slidebg tp-rs-img rs-lazyload\" data-lazyload=\"\/\/cuernavaca.gob.mx\/wp-content\/plugins\/revslider\/public\/assets\/assets\/transparent.png\" data-bg=\"c:#193d83;\" data-no-retina>\n<!--\n\t\t\t\t\t\t\t--><rs-layer\n\t\t\t\t\t\t\t\tid=\"slider-1-slide-73-layer-3\" \n\t\t\t\t\t\t\t\tdata-type=\"image\"\n\t\t\t\t\t\t\t\tdata-rsp_ch=\"on\"\n\t\t\t\t\t\t\t\tdata-xy=\"xo:-46px,-46px,47px,-4px;yo:87px,87px,147px,123px;\"\n\t\t\t\t\t\t\t\tdata-text=\"w:normal;s:20,20,12,7;l:0,0,15,9;\"\n\t\t\t\t\t\t\t\tdata-dim=\"w:1297px,1297px,683px,482px;h:608px,608px,320px,226px;\"\n\t\t\t\t\t\t\t\tdata-frame_999=\"o:0;st:w;\"\n\t\t\t\t\t\t\t\tstyle=\"z-index:5;\"\n\t\t\t\t\t\t\t><img loading=\"lazy\" src=\"\/\/cuernavaca.gob.mx\/wp-content\/plugins\/revslider\/public\/assets\/assets\/dummy.png\" class=\"tp-rs-img rs-lazyload\" width=\"1600\" height=\"750\" data-lazyload=\"\/\/cuernavaca.gob.mx\/wp-content\/uploads\/2020\/07\/manual.jpeg\" data-no-retina> \n\t\t\t\t\t\t\t<\/rs-layer><!--\n-->\t\t\t\t\t\t<\/rs-slide>\n\t\t\t\t\t\t<rs-slide style=\"position: absolute;\" data-key=\"rs-51\" data-title=\"Slide\" data-thumb=\"\/\/cuernavaca.gob.mx\/wp-content\/uploads\/2020\/07\/WhatsApp-Image-2022-08-03-at-2.21.32-PM.jpeg\" data-link=\"\/\/cuernavaca.gob.mx\/wp-content\/uploads\/2020\/07\/vehiculos-corralon.pdf\"data-tag=\"l\" data-target=\"_blank\" data-seoz=\"front\" data-in=\"o:0;\" data-out=\"a:false;\">\n\t\t\t\t\t\t\t<img loading=\"lazy\" src=\"\/\/cuernavaca.gob.mx\/wp-content\/plugins\/revslider\/public\/assets\/assets\/dummy.png\" alt=\"Slide\" title=\"WhatsApp Image 2022-08-03 at 2.21.32 PM\" width=\"1280\" height=\"600\" class=\"rev-slidebg tp-rs-img rs-lazyload\" data-lazyload=\"\/\/cuernavaca.gob.mx\/wp-content\/plugins\/revslider\/public\/assets\/assets\/transparent.png\" data-bg=\"c:#193d83;\" data-no-retina>\n<!--\n\t\t\t\t\t\t\t--><rs-layer\n\t\t\t\t\t\t\t\tid=\"slider-1-slide-51-layer-3\" \n\t\t\t\t\t\t\t\tdata-type=\"image\"\n\t\t\t\t\t\t\t\tdata-rsp_ch=\"on\"\n\t\t\t\t\t\t\t\tdata-xy=\"xo:-45px,-45px,47px,-4px;yo:89px,89px,147px,123px;\"\n\t\t\t\t\t\t\t\tdata-text=\"w:normal;s:20,20,12,7;l:0,0,15,9;\"\n\t\t\t\t\t\t\t\tdata-dim=\"w:1297px,1297px,683px,482px;h:608px,608px,320px,226px;\"\n\t\t\t\t\t\t\t\tdata-frame_999=\"o:0;st:w;\"\n\t\t\t\t\t\t\t\tstyle=\"z-index:5;\"\n\t\t\t\t\t\t\t><img loading=\"lazy\" src=\"\/\/cuernavaca.gob.mx\/wp-content\/plugins\/revslider\/public\/assets\/assets\/dummy.png\" class=\"tp-rs-img rs-lazyload\" width=\"1280\" height=\"600\" data-lazyload=\"\/\/cuernavaca.gob.mx\/wp-content\/uploads\/2020\/07\/roboMotocicleta.jpeg\" data-no-retina> \n\t\t\t\t\t\t\t<\/rs-layer><!--\n-->\t\t\t\t\t\t<\/rs-slide>\n\t\t\t\t\t\t<rs-slide style=\"position: absolute;\" data-key=\"rs-45\" data-title=\"Slide\" data-thumb=\"\/\/cuernavaca.gob.mx\/wp-content\/uploads\/2020\/07\/WhatsApp-Image-2022-08-03-at-2.21.32-PM.jpeg\" data-link=\"\/\/cuernavaca.gob.mx\/wp-content\/uploads\/2020\/07\/MANUAL-DE-ACTUACION-PARA-MUJERES-LIBRES-DE-VIOLENCIA3.pdf\"data-tag=\"l\" data-target=\"_blank\" data-seoz=\"front\" data-in=\"o:0;\" data-out=\"a:false;\">\n\t\t\t\t\t\t\t<img loading=\"lazy\" src=\"\/\/cuernavaca.gob.mx\/wp-content\/plugins\/revslider\/public\/assets\/assets\/dummy.png\" alt=\"Slide\" title=\"WhatsApp Image 2022-08-03 at 2.21.32 PM\" width=\"1280\" height=\"600\" class=\"rev-slidebg tp-rs-img rs-lazyload\" data-lazyload=\"\/\/cuernavaca.gob.mx\/wp-content\/plugins\/revslider\/public\/assets\/assets\/transparent.png\" data-bg=\"c:#193d83;\" data-no-retina>\n<!--\n\t\t\t\t\t\t\t--><rs-layer\n\t\t\t\t\t\t\t\tid=\"slider-1-slide-45-layer-3\" \n\t\t\t\t\t\t\t\tdata-type=\"image\"\n\t\t\t\t\t\t\t\tdata-rsp_ch=\"on\"\n\t\t\t\t\t\t\t\tdata-xy=\"xo:-24px,-24px,47px,-4px;yo:90px,90px,147px,123px;\"\n\t\t\t\t\t\t\t\tdata-text=\"w:normal;s:20,20,12,7;l:0,0,15,9;\"\n\t\t\t\t\t\t\t\tdata-dim=\"w:1297px,1297px,683px,482px;h:608px,608px,320px,226px;\"\n\t\t\t\t\t\t\t\tdata-frame_999=\"o:0;st:w;\"\n\t\t\t\t\t\t\t\tstyle=\"z-index:5;\"\n\t\t\t\t\t\t\t><img loading=\"lazy\" src=\"\/\/cuernavaca.gob.mx\/wp-content\/plugins\/revslider\/public\/assets\/assets\/dummy.png\" class=\"tp-rs-img rs-lazyload\" width=\"1600\" height=\"750\" data-lazyload=\"\/\/cuernavaca.gob.mx\/wp-content\/uploads\/2020\/07\/manualViolencia.jpeg\" data-no-retina> \n\t\t\t\t\t\t\t<\/rs-layer><!--\n-->\t\t\t\t\t\t<\/rs-slide>\n\t\t\t\t\t\t<rs-slide style=\"position: absolute;\" data-key=\"rs-42\" data-title=\"Slide\" data-thumb=\"\/\/cuernavaca.gob.mx\/wp-content\/uploads\/2020\/07\/WhatsApp-Image-2022-08-03-at-2.21.32-PM.jpeg\" data-link=\"\/\/predial.cuernavaca.gob.mx\/\"data-tag=\"l\" data-target=\"_blank\" data-seoz=\"front\" data-in=\"o:0;\" data-out=\"a:false;\">\n\t\t\t\t\t\t\t<img loading=\"lazy\" src=\"\/\/cuernavaca.gob.mx\/wp-content\/plugins\/revslider\/public\/assets\/assets\/dummy.png\" alt=\"Slide\" title=\"WhatsApp Image 2022-08-03 at 2.21.32 PM\" width=\"1280\" height=\"600\" class=\"rev-slidebg tp-rs-img rs-lazyload\" data-lazyload=\"\/\/cuernavaca.gob.mx\/wp-content\/plugins\/revslider\/public\/assets\/assets\/transparent.png\" data-bg=\"c:#193d83;\" data-no-retina>\n<!--\n\t\t\t\t\t\t\t--><rs-layer\n\t\t\t\t\t\t\t\tid=\"slider-1-slide-42-layer-3\" \n\t\t\t\t\t\t\t\tdata-type=\"image\"\n\t\t\t\t\t\t\t\tdata-rsp_ch=\"on\"\n\t\t\t\t\t\t\t\tdata-xy=\"xo:-45px,-45px,47px,-4px;yo:158px,158px,147px,123px;\"\n\t\t\t\t\t\t\t\tdata-text=\"w:normal;s:20,20,12,7;l:0,0,15,9;\"\n\t\t\t\t\t\t\t\tdata-dim=\"w:1297px,1297px,683px,482px;h:491px,491px,320px,226px;\"\n\t\t\t\t\t\t\t\tdata-frame_999=\"o:0;st:w;\"\n\t\t\t\t\t\t\t\tstyle=\"z-index:5;\"\n\t\t\t\t\t\t\t><img loading=\"lazy\" src=\"\/\/cuernavaca.gob.mx\/wp-content\/plugins\/revslider\/public\/assets\/assets\/dummy.png\" class=\"tp-rs-img rs-lazyload\" width=\"1806\" height=\"683\" data-lazyload=\"\/\/cuernavaca.gob.mx\/wp-content\/uploads\/2020\/07\/predialTransparente.png\" data-no-retina> \n\t\t\t\t\t\t\t<\/rs-layer><!--\n-->\t\t\t\t\t\t<\/rs-slide>\n\t\t\t\t\t\t<rs-slide style=\"position: absolute;\" data-key=\"rs-41\" data-title=\"Slide\" data-thumb=\"\/\/cuernavaca.gob.mx\/wp-content\/uploads\/2020\/07\/WhatsApp-Image-2022-08-03-at-2.21.32-PM.jpeg\" data-link=\"\/\/cuernavaca.gob.mx\/wp-content\/uploads\/2020\/07\/dictamen-de-seguridad_compressed.pdf\"data-tag=\"l\" data-target=\"_blank\" data-seoz=\"front\" data-in=\"o:0;\" data-out=\"a:false;\">\n\t\t\t\t\t\t\t<img loading=\"lazy\" src=\"\/\/cuernavaca.gob.mx\/wp-content\/plugins\/revslider\/public\/assets\/assets\/dummy.png\" alt=\"Slide\" title=\"WhatsApp Image 2022-08-03 at 2.21.32 PM\" width=\"1280\" height=\"600\" class=\"rev-slidebg tp-rs-img rs-lazyload\" data-lazyload=\"\/\/cuernavaca.gob.mx\/wp-content\/plugins\/revslider\/public\/assets\/assets\/transparent.png\" data-bg=\"c:#193d83;\" data-no-retina>\n<!--\n\t\t\t\t\t\t\t--><rs-layer\n\t\t\t\t\t\t\t\tid=\"slider-1-slide-41-layer-3\" \n\t\t\t\t\t\t\t\tdata-type=\"image\"\n\t\t\t\t\t\t\t\tdata-rsp_ch=\"on\"\n\t\t\t\t\t\t\t\tdata-xy=\"xo:-45px,-45px,47px,-4px;yo:89px,89px,147px,123px;\"\n\t\t\t\t\t\t\t\tdata-text=\"w:normal;s:20,20,12,7;l:0,0,15,9;\"\n\t\t\t\t\t\t\t\tdata-dim=\"w:1297px,1297px,683px,482px;h:608px,608px,320px,226px;\"\n\t\t\t\t\t\t\t\tdata-frame_999=\"o:0;st:w;\"\n\t\t\t\t\t\t\t\tstyle=\"z-index:5;\"\n\t\t\t\t\t\t\t><img loading=\"lazy\" src=\"\/\/cuernavaca.gob.mx\/wp-content\/plugins\/revslider\/public\/assets\/assets\/dummy.png\" class=\"tp-rs-img rs-lazyload\" width=\"1600\" height=\"750\" data-lazyload=\"\/\/cuernavaca.gob.mx\/wp-content\/uploads\/2020\/07\/WhatsApp-Image-2023-02-02-at-7.04.28-PM.jpeg\" data-no-retina> \n\t\t\t\t\t\t\t<\/rs-layer><!--\n-->\t\t\t\t\t\t<\/rs-slide>\n\t\t\t\t\t\t<rs-slide style=\"position: absolute;\" data-key=\"rs-29\" data-title=\"Slide\" data-thumb=\"\/\/cuernavaca.gob.mx\/wp-content\/uploads\/2020\/07\/WhatsApp-Image-2022-08-03-at-2.21.32-PM.jpeg\" data-link=\"\/\/s3.us-east-2.amazonaws.com\/publico.cuernavaca.gob.mx\/PlanDeDesarrollo+Municipal_2022-2024.pdf\"data-tag=\"l\" data-target=\"_blank\" data-seoz=\"front\" data-in=\"o:0;\" data-out=\"a:false;\">\n\t\t\t\t\t\t\t<img loading=\"lazy\" src=\"\/\/cuernavaca.gob.mx\/wp-content\/plugins\/revslider\/public\/assets\/assets\/dummy.png\" alt=\"Slide\" title=\"WhatsApp Image 2022-08-03 at 2.21.32 PM\" width=\"1280\" height=\"600\" class=\"rev-slidebg tp-rs-img rs-lazyload\" data-lazyload=\"\/\/cuernavaca.gob.mx\/wp-content\/plugins\/revslider\/public\/assets\/assets\/transparent.png\" data-bg=\"c:#193d83;\" data-no-retina>\n<!--\n\t\t\t\t\t\t\t--><rs-layer\n\t\t\t\t\t\t\t\tid=\"slider-1-slide-29-layer-3\" \n\t\t\t\t\t\t\t\tdata-type=\"image\"\n\t\t\t\t\t\t\t\tdata-rsp_ch=\"on\"\n\t\t\t\t\t\t\t\tdata-xy=\"xo:-30px,-30px,47px,-4px;yo:90px,90px,147px,123px;\"\n\t\t\t\t\t\t\t\tdata-text=\"w:normal;s:20,20,12,7;l:0,0,15,9;\"\n\t\t\t\t\t\t\t\tdata-dim=\"w:1297px,1297px,683px,482px;h:608px,608px,320px,226px;\"\n\t\t\t\t\t\t\t\tdata-frame_999=\"o:0;st:w;\"\n\t\t\t\t\t\t\t\tstyle=\"z-index:5;\"\n\t\t\t\t\t\t\t><img loading=\"lazy\" src=\"\/\/cuernavaca.gob.mx\/wp-content\/plugins\/revslider\/public\/assets\/assets\/dummy.png\" class=\"tp-rs-img rs-lazyload\" width=\"1280\" height=\"600\" data-lazyload=\"\/\/cuernavaca.gob.mx\/wp-content\/uploads\/2020\/07\/WhatsApp-Image-2022-11-25-at-8.34.42-AM.jpeg\" data-no-retina> \n\t\t\t\t\t\t\t<\/rs-layer><!--\n-->\t\t\t\t\t\t<\/rs-slide>\n\t\t\t\t\t\t<rs-slide style=\"position: absolute;\" data-key=\"rs-26\" data-title=\"Slide\" data-thumb=\"\/\/cuernavaca.gob.mx\/wp-content\/uploads\/2020\/07\/WhatsApp-Image-2022-08-03-at-2.21.32-PM.jpeg\" data-link=\"\/\/cuernavaca.gob.mx\/wp-content\/uploads\/2020\/07\/CODETICACVAMOR-1.pdf\"data-tag=\"l\" data-target=\"_blank\" data-seoz=\"front\" data-in=\"o:0;\" data-out=\"a:false;\">\n\t\t\t\t\t\t\t<img loading=\"lazy\" src=\"\/\/cuernavaca.gob.mx\/wp-content\/plugins\/revslider\/public\/assets\/assets\/dummy.png\" alt=\"Slide\" title=\"WhatsApp Image 2022-08-03 at 2.21.32 PM\" width=\"1280\" height=\"600\" class=\"rev-slidebg tp-rs-img rs-lazyload\" data-lazyload=\"\/\/cuernavaca.gob.mx\/wp-content\/plugins\/revslider\/public\/assets\/assets\/transparent.png\" data-bg=\"c:#193d83;\" data-no-retina>\n<!--\n\t\t\t\t\t\t\t--><rs-layer\n\t\t\t\t\t\t\t\tid=\"slider-1-slide-26-layer-3\" \n\t\t\t\t\t\t\t\tdata-type=\"image\"\n\t\t\t\t\t\t\t\tdata-rsp_ch=\"on\"\n\t\t\t\t\t\t\t\tdata-xy=\"xo:-30px,-30px,47px,-4px;yo:90px,90px,147px,123px;\"\n\t\t\t\t\t\t\t\tdata-text=\"w:normal;s:20,20,12,7;l:0,0,15,9;\"\n\t\t\t\t\t\t\t\tdata-dim=\"w:1297px,1297px,683px,482px;h:608px,608px,320px,226px;\"\n\t\t\t\t\t\t\t\tdata-frame_999=\"o:0;st:w;\"\n\t\t\t\t\t\t\t\tstyle=\"z-index:5;\"\n\t\t\t\t\t\t\t><img loading=\"lazy\" src=\"\/\/cuernavaca.gob.mx\/wp-content\/plugins\/revslider\/public\/assets\/assets\/dummy.png\" class=\"tp-rs-img rs-lazyload\" width=\"1280\" height=\"600\" data-lazyload=\"\/\/cuernavaca.gob.mx\/wp-content\/uploads\/2020\/07\/WhatsApp-Image-2022-11-10-at-9.51.33-AM.jpeg\" data-no-retina> \n\t\t\t\t\t\t\t<\/rs-layer><!--\n-->\t\t\t\t\t\t<\/rs-slide>\n\t\t\t\t\t\t<rs-slide style=\"position: absolute;\" data-key=\"rs-15\" data-title=\"Slide\" data-thumb=\"\/\/cuernavaca.gob.mx\/wp-content\/uploads\/2020\/07\/WhatsApp-Image-2022-08-03-at-2.21.32-PM.jpeg\" data-link=\"\/\/cuernavaca.gob.mx\/dmer\/?page_id=1518\"data-tag=\"l\" data-target=\"_blank\" data-seoz=\"front\" data-in=\"o:0;\" data-out=\"a:false;\">\n\t\t\t\t\t\t\t<img loading=\"lazy\" src=\"\/\/cuernavaca.gob.mx\/wp-content\/plugins\/revslider\/public\/assets\/assets\/dummy.png\" alt=\"Slide\" title=\"WhatsApp Image 2022-08-03 at 2.21.32 PM\" width=\"1280\" height=\"600\" class=\"rev-slidebg tp-rs-img rs-lazyload\" data-lazyload=\"\/\/cuernavaca.gob.mx\/wp-content\/plugins\/revslider\/public\/assets\/assets\/transparent.png\" data-bg=\"c:#193d83;\" data-no-retina>\n<!--\n\t\t\t\t\t\t\t--><rs-layer\n\t\t\t\t\t\t\t\tid=\"slider-1-slide-15-layer-3\" \n\t\t\t\t\t\t\t\tdata-type=\"image\"\n\t\t\t\t\t\t\t\tdata-rsp_ch=\"on\"\n\t\t\t\t\t\t\t\tdata-xy=\"xo:-30px,-30px,47px,-4px;yo:90px,90px,147px,123px;\"\n\t\t\t\t\t\t\t\tdata-text=\"w:normal;s:20,20,12,7;l:0,0,15,9;\"\n\t\t\t\t\t\t\t\tdata-dim=\"w:1297px,1297px,683px,482px;h:608px,608px,320px,226px;\"\n\t\t\t\t\t\t\t\tdata-frame_999=\"o:0;st:w;\"\n\t\t\t\t\t\t\t\tstyle=\"z-index:5;\"\n\t\t\t\t\t\t\t><img loading=\"lazy\" src=\"\/\/cuernavaca.gob.mx\/wp-content\/plugins\/revslider\/public\/assets\/assets\/dummy.png\" class=\"tp-rs-img rs-lazyload\" width=\"1280\" height=\"600\" data-lazyload=\"\/\/cuernavaca.gob.mx\/wp-content\/uploads\/2020\/07\/WhatsApp-Image-2022-09-02-at-3.52.35-PM.jpeg\" data-no-retina> \n\t\t\t\t\t\t\t<\/rs-layer><!--\n-->\t\t\t\t\t\t<\/rs-slide>\n\t\t\t\t\t<\/rs-slides>\n\t\t\t\t<\/rs-module>\n\t\t\t\t<script type=\"text\/javascript\">\n\t\t\t\t\tsetREVStartSize({c: 'rev_slider_1_1',rl:[1240,1240,778,480],el:[810,810,960,720],gw:[1240,1240,778,480],gh:[810,810,960,720],type:'standard',justify:'',layout:'fullwidth',mh:\"0\"});if (window.RS_MODULES!==undefined && window.RS_MODULES.modules!==undefined && window.RS_MODULES.modules[\"revslider11\"]!==undefined) {window.RS_MODULES.modules[\"revslider11\"].once = false;window.revapi1 = undefined;if (window.RS_MODULES.checkMinimal!==undefined) window.RS_MODULES.checkMinimal()}\n\t\t\t\t<\/script>\n\t\t\t<\/rs-module-wrap>\n\t\t\t<!-- END REVOLUTION SLIDER -->\n<\/div>\n\n\t\t\t\t<\/div>\n\t\t\t\t<\/div>\n\t\t\t\t\t<\/div>\n\t\t<\/div>\n\t\t\t\t\t\t\t<\/div>\n\t\t<\/section>\n\t\t\t\t<section class=\"elementor-section elementor-top-section elementor-element elementor-element-37d063e1 elementor-section-full_width elementor-section-stretched elementor-section-height-default elementor-section-height-default\" data-id=\"37d063e1\" data-element_type=\"section\" data-settings=\"{&quot;stretch_section&quot;:&quot;section-stretched&quot;}\">\n\t\t\t\t\t\t<div class=\"elementor-container elementor-column-gap-no\">\n\t\t\t\t\t<div class=\"elementor-column elementor-col-100 elementor-top-column elementor-element elementor-element-3fc517bc\" data-id=\"3fc517bc\" data-element_type=\"column\">\n\t\t\t<div class=\"elementor-widget-wrap elementor-element-populated\">\n\t\t\t\t\t\t\t\t<div class=\"elementor-element elementor-element-11ce0bd3 elementor-widget elementor-widget-ova_slide\" data-id=\"11ce0bd3\" data-element_type=\"widget\" data-settings=\"{&quot;pause_on_hover&quot;:&quot;yes&quot;,&quot;infinite&quot;:&quot;yes&quot;,&quot;autoplay&quot;:&quot;yes&quot;,&quot;autoplay_speed&quot;:3000,&quot;dot_control&quot;:&quot;yes&quot;}\" data-widget_type=\"ova_slide.default\">\n\t\t\t\t<div class=\"elementor-widget-container\">\n\t\t\t\n\n\n\t\t\t<div class=\"ova-slide \">\n\n\t\t\t\t\t<div class=\"slide owl-carousel owl-theme \" data-options=\"{&quot;items&quot;:1,&quot;slideBy&quot;:1,&quot;margin&quot;:&quot;&quot;,&quot;autoplayHoverPause&quot;:true,&quot;loop&quot;:true,&quot;autoplay&quot;:true,&quot;autoplayTimeout&quot;:3000,&quot;smartSpeed&quot;:2000,&quot;dots&quot;:true}\">\n\t\t\t\t\t\t\t\t\t\t\t\t\t<div class=\"item\">\n\t\t\t\t\t\t\t\n\t\t\t\t\t\t\t\t\t\n\t\t\t\t\t\t\t\t\t\t<div class=\"image_slide\">\n\t\t\t\t\t\t\t\t\t\t\t\t\t\t\t\t\t\t\t\t\t\t\t<a href=\"https:\/\/cuernavaca.gob.mx\/wp-content\/uploads\/2026\/04\/convocatoria-beneficiarios.pdf\" target=\"_blank\"><img src=\"https:\/\/cuernavaca.gob.mx\/wp-content\/uploads\/2026\/04\/convocatoria-beneficiarios-banner.jpeg\" alt=\"\"><\/a>\n\t\t\t\t\t\t\t\t\t\t\t\t\t\t\t\t\t\t\t\t\t<\/div>\n\t\t\t\t\t\t\t\t\t\t<div class=\"title_slide\">\n\t\t\t\t\t\t\t\t\t\t\t\t\t\t\t\t\t\t\t\t\t<\/div>\n\t\t\t\t\t\t\t\n\t\t\t\t\t\t\t<\/div>\n\t\t\t\t\t\t\t\t\t\t\t\t\t<div class=\"item\">\n\t\t\t\t\t\t\t\n\t\t\t\t\t\t\t\t\t\n\t\t\t\t\t\t\t\t\t\t<div class=\"image_slide\">\n\t\t\t\t\t\t\t\t\t\t\t\t\t\t\t\t\t\t\t\t\t\t\t<a href=\"https:\/\/cuernavaca.gob.mx\/wp-content\/uploads\/2026\/04\/Roba-plana-Cabildo-Abierto-abril-2026.pdf\" target=\"_blank\"><img src=\"https:\/\/cuernavaca.gob.mx\/wp-content\/uploads\/2026\/04\/WhatsApp-Image-2026-04-16-at-11.35.40-AM.jpeg\" alt=\"\"><\/a>\n\t\t\t\t\t\t\t\t\t\t\t\t\t\t\t\t\t\t\t\t\t<\/div>\n\t\t\t\t\t\t\t\t\t\t<div class=\"title_slide\">\n\t\t\t\t\t\t\t\t\t\t\t\t\t\t\t\t\t\t\t\t\t<\/div>\n\t\t\t\t\t\t\t\n\t\t\t\t\t\t\t<\/div>\n\t\t\t\t\t\t\t\t\t\t\t\t\t<div class=\"item\">\n\t\t\t\t\t\t\t\n\t\t\t\t\t\t\t\t\t\n\t\t\t\t\t\t\t\t\t\t<div class=\"image_slide\">\n\t\t\t\t\t\t\t\t\t\t\t\t\t\t\t\t\t\t\t\t\t\t\t<a href=\"https:\/\/cuernavaca.gob.mx\/wp-content\/uploads\/2026\/04\/TabloideArtesanias2026.pdf\" target=\"_blank\"><img src=\"https:\/\/cuernavaca.gob.mx\/wp-content\/uploads\/2026\/04\/artesaniasAbril26.jpeg\" alt=\"\"><\/a>\n\t\t\t\t\t\t\t\t\t\t\t\t\t\t\t\t\t\t\t\t\t<\/div>\n\t\t\t\t\t\t\t\t\t\t<div class=\"title_slide\">\n\t\t\t\t\t\t\t\t\t\t\t\t\t\t\t\t\t\t\t\t\t<\/div>\n\t\t\t\t\t\t\t\n\t\t\t\t\t\t\t<\/div>\n\t\t\t\t\t\t\t\t\t\t\t\t\t<div class=\"item\">\n\t\t\t\t\t\t\t\n\t\t\t\t\t\t\t\t\t\n\t\t\t\t\t\t\t\t\t\t<div class=\"image_slide\">\n\t\t\t\t\t\t\t\t\t\t\t\t\t\t\t\t\t\t\t\t\t\t\t<a href=\"https:\/\/cuernavaca.gob.mx\/wp-content\/uploads\/2026\/03\/Convocatoria-Jardineria.pdf\" target=\"_blank\"><img src=\"https:\/\/cuernavaca.gob.mx\/wp-content\/uploads\/2026\/03\/jardineria-marzo-2026.jpeg\" alt=\"\"><\/a>\n\t\t\t\t\t\t\t\t\t\t\t\t\t\t\t\t\t\t\t\t\t<\/div>\n\t\t\t\t\t\t\t\t\t\t<div class=\"title_slide\">\n\t\t\t\t\t\t\t\t\t\t\t\t\t\t\t\t\t\t\t\t\t<\/div>\n\t\t\t\t\t\t\t\n\t\t\t\t\t\t\t<\/div>\n\t\t\t\t\t\t\t\t\t\t\t\t\t<div class=\"item\">\n\t\t\t\t\t\t\t\n\t\t\t\t\t\t\t\t\t\n\t\t\t\t\t\t\t\t\t\t<div class=\"image_slide\">\n\t\t\t\t\t\t\t\t\t\t\t\t\t\t\t\t\t\t\t\t\t\t\t<a href=\"https:\/\/cuernavaca.gob.mx\/wp-content\/uploads\/2026\/03\/CONVOCATORIA-TINACOS-2026.pdf\" target=\"_blank\"><img src=\"https:\/\/cuernavaca.gob.mx\/wp-content\/uploads\/2026\/03\/tinacoMarzo2026.jpeg\" alt=\"\"><\/a>\n\t\t\t\t\t\t\t\t\t\t\t\t\t\t\t\t\t\t\t\t\t<\/div>\n\t\t\t\t\t\t\t\t\t\t<div class=\"title_slide\">\n\t\t\t\t\t\t\t\t\t\t\t\t\t\t\t\t\t\t\t\t\t<\/div>\n\t\t\t\t\t\t\t\n\t\t\t\t\t\t\t<\/div>\n\t\t\t\t\t\t\t\t\t\t\t\t\t<div class=\"item\">\n\t\t\t\t\t\t\t\n\t\t\t\t\t\t\t\t\t\n\t\t\t\t\t\t\t\t\t\t<div class=\"image_slide\">\n\t\t\t\t\t\t\t\t\t\t\t\t\t\t\t\t\t\t\t\t\t\t\t<a href=\"https:\/\/cuernavaca.gob.mx\/wp-content\/uploads\/2026\/03\/CONVOCATORIA-CONSEJO-ELECTORAL-INFANTIL-2026.pdf\" target=\"_blank\"><img src=\"https:\/\/cuernavaca.gob.mx\/wp-content\/uploads\/2026\/03\/banner-consejo-electoral.jpg\" alt=\"\"><\/a>\n\t\t\t\t\t\t\t\t\t\t\t\t\t\t\t\t\t\t\t\t\t<\/div>\n\t\t\t\t\t\t\t\t\t\t<div class=\"title_slide\">\n\t\t\t\t\t\t\t\t\t\t\t\t\t\t\t\t\t\t\t\t\t<\/div>\n\t\t\t\t\t\t\t\n\t\t\t\t\t\t\t<\/div>\n\t\t\t\t\t\t\t\t\t\t\t\t\t<div class=\"item\">\n\t\t\t\t\t\t\t\n\t\t\t\t\t\t\t\t\t\n\t\t\t\t\t\t\t\t\t\t<div class=\"image_slide\">\n\t\t\t\t\t\t\t\t\t\t\t\t\t\t\t\t\t\t\t\t\t\t\t<a href=\"https:\/\/cuernavaca.gob.mx\/wp-content\/uploads\/2026\/03\/CONVOCATORIA-POLICIA-CUERNAVACA-2026.pdf\" target=\"_blank\"><img src=\"https:\/\/cuernavaca.gob.mx\/wp-content\/uploads\/2026\/03\/banner-policias2026.jpeg\" alt=\"\"><\/a>\n\t\t\t\t\t\t\t\t\t\t\t\t\t\t\t\t\t\t\t\t\t<\/div>\n\t\t\t\t\t\t\t\t\t\t<div class=\"title_slide\">\n\t\t\t\t\t\t\t\t\t\t\t\t\t\t\t\t\t\t\t\t\t<\/div>\n\t\t\t\t\t\t\t\n\t\t\t\t\t\t\t<\/div>\n\t\t\t\t\t\t\t\t\t\t\t\t\t<div class=\"item\">\n\t\t\t\t\t\t\t\n\t\t\t\t\t\t\t\t\t\n\t\t\t\t\t\t\t\t\t\t<div class=\"image_slide\">\n\t\t\t\t\t\t\t\t\t\t\t\t\t\t\t\t\t\t\t\t\t\t\t<a href=\"https:\/\/cuernavaca.gob.mx\/wp-content\/uploads\/2026\/01\/20260128130757682.pdf\" target=\"_blank\"><img src=\"https:\/\/cuernavaca.gob.mx\/wp-content\/uploads\/2026\/01\/convocatoriaBeneficiariosEnero26.jpeg\" alt=\"\"><\/a>\n\t\t\t\t\t\t\t\t\t\t\t\t\t\t\t\t\t\t\t\t\t<\/div>\n\t\t\t\t\t\t\t\t\t\t<div class=\"title_slide\">\n\t\t\t\t\t\t\t\t\t\t\t\t\t\t\t\t\t\t\t\t\t<\/div>\n\t\t\t\t\t\t\t\n\t\t\t\t\t\t\t<\/div>\n\t\t\t\t\t\t\t\t\t\t\t\t\t<div class=\"item\">\n\t\t\t\t\t\t\t\n\t\t\t\t\t\t\t\t\t\n\t\t\t\t\t\t\t\t\t\t<div class=\"image_slide\">\n\t\t\t\t\t\t\t\t\t\t\t\t\t\t\t\t\t\t\t\t\t\t\t<a href=\"https:\/\/cuernavaca.gob.mx\/wp-content\/uploads\/2026\/01\/ConvocatoriaBecas2026.pdf\" target=\"_blank\"><img src=\"https:\/\/cuernavaca.gob.mx\/wp-content\/uploads\/2026\/01\/becasDeportivasEnero2026.jpeg\" alt=\"\"><\/a>\n\t\t\t\t\t\t\t\t\t\t\t\t\t\t\t\t\t\t\t\t\t<\/div>\n\t\t\t\t\t\t\t\t\t\t<div class=\"title_slide\">\n\t\t\t\t\t\t\t\t\t\t\t\t\t\t\t\t\t\t\t\t\t<\/div>\n\t\t\t\t\t\t\t\n\t\t\t\t\t\t\t<\/div>\n\t\t\t\t\t\t\t\t\t\t\t\t\t<div class=\"item\">\n\t\t\t\t\t\t\t\n\t\t\t\t\t\t\t\t\t\n\t\t\t\t\t\t\t\t\t\t<div class=\"image_slide\">\n\t\t\t\t\t\t\t\t\t\t\t\t\t\t\t\t\t\t\t\t\t\t\t<a href=\"https:\/\/cuernavaca.gob.mx\/wp-content\/uploads\/2026\/01\/Tabloide_Convocatoria_Presupuesto_Participativo_ene2026.pdf\" target=\"_blank\"><img src=\"https:\/\/cuernavaca.gob.mx\/wp-content\/uploads\/2026\/01\/presupuestoCiudadanoEne2026.jpeg\" alt=\"\"><\/a>\n\t\t\t\t\t\t\t\t\t\t\t\t\t\t\t\t\t\t\t\t\t<\/div>\n\t\t\t\t\t\t\t\t\t\t<div class=\"title_slide\">\n\t\t\t\t\t\t\t\t\t\t\t\t\t\t\t\t\t\t\t\t\t<\/div>\n\t\t\t\t\t\t\t\n\t\t\t\t\t\t\t<\/div>\n\t\t\t\t\t\t\t\t\t\t\t\t\t<div class=\"item\">\n\t\t\t\t\t\t\t\n\t\t\t\t\t\t\t\t\t\n\t\t\t\t\t\t\t\t\t\t<div class=\"image_slide\">\n\t\t\t\t\t\t\t\t\t\t\t\t\t\t\t\t\t\t\t\t\t\t\t<a href=\"https:\/\/cuernavaca.gob.mx\/wp-content\/uploads\/2020\/07\/EDICTO.pdf\" target=\"_blank\"><img src=\"https:\/\/cuernavaca.gob.mx\/wp-content\/uploads\/2025\/11\/edicto-banner.jpg\" alt=\"\"><\/a>\n\t\t\t\t\t\t\t\t\t\t\t\t\t\t\t\t\t\t\t\t\t<\/div>\n\t\t\t\t\t\t\t\t\t\t<div class=\"title_slide\">\n\t\t\t\t\t\t\t\t\t\t\t\t\t\t\t\t\t\t\t\t\t<\/div>\n\t\t\t\t\t\t\t\n\t\t\t\t\t\t\t<\/div>\n\t\t\t\t\t\t\t\t\t\t\t\t\t<div class=\"item\">\n\t\t\t\t\t\t\t\n\t\t\t\t\t\t\t\t\t\n\t\t\t\t\t\t\t\t\t\t<div class=\"image_slide\">\n\t\t\t\t\t\t\t\t\t\t\t\t\t\t\t\t\t\t\t\t\t\t\t<a href=\"https:\/\/cuernavaca.gob.mx\/wp-content\/uploads\/2025\/10\/CONVOCATORIA-EDER-HUMBERTO-VELEZ-DOMIGUEZ.pdf\" target=\"_blank\"><img src=\"https:\/\/cuernavaca.gob.mx\/wp-content\/uploads\/2025\/10\/convocatoriaBeneficiadosOctubre2025.jpeg\" alt=\"\"><\/a>\n\t\t\t\t\t\t\t\t\t\t\t\t\t\t\t\t\t\t\t\t\t<\/div>\n\t\t\t\t\t\t\t\t\t\t<div class=\"title_slide\">\n\t\t\t\t\t\t\t\t\t\t\t\t\t\t\t\t\t\t\t\t\t<\/div>\n\t\t\t\t\t\t\t\n\t\t\t\t\t\t\t<\/div>\n\t\t\t\t\t\t\t\t\t\t\t\t\t<div class=\"item\">\n\t\t\t\t\t\t\t\n\t\t\t\t\t\t\t\t\t\n\t\t\t\t\t\t\t\t\t\t<div class=\"image_slide\">\n\t\t\t\t\t\t\t\t\t\t\t\t\t\t\t\t\t\t\t\t\t\t\t<a href=\"https:\/\/cuernavaca.gob.mx\/?page_id=9212\" target=\"_blank\"><img src=\"https:\/\/cuernavaca.gob.mx\/wp-content\/uploads\/2025\/06\/licitaciones-publicas.jpeg\" alt=\"\"><\/a>\n\t\t\t\t\t\t\t\t\t\t\t\t\t\t\t\t\t\t\t\t\t<\/div>\n\t\t\t\t\t\t\t\t\t\t<div class=\"title_slide\">\n\t\t\t\t\t\t\t\t\t\t\t\t\t\t\t\t\t\t\t\t\t<\/div>\n\t\t\t\t\t\t\t\n\t\t\t\t\t\t\t<\/div>\n\t\t\t\t\t\t\t\t\t\t\t\t\t<div class=\"item\">\n\t\t\t\t\t\t\t\n\t\t\t\t\t\t\t\t\t\n\t\t\t\t\t\t\t\t\t\t<div class=\"image_slide\">\n\t\t\t\t\t\t\t\t\t\t\t\t\t\t\t\t\t\t\t\t\t\t\t<a href=\"https:\/\/cuernavaca.gob.mx\/wp-content\/uploads\/2020\/07\/convocatoriaBeneficiarios.pdf\" target=\"_blank\"><img src=\"https:\/\/cuernavaca.gob.mx\/wp-content\/uploads\/2025\/04\/convocatoria-beneficiarios-slide.jpeg\" alt=\"\"><\/a>\n\t\t\t\t\t\t\t\t\t\t\t\t\t\t\t\t\t\t\t\t\t<\/div>\n\t\t\t\t\t\t\t\t\t\t<div class=\"title_slide\">\n\t\t\t\t\t\t\t\t\t\t\t\t\t\t\t\t\t\t\t\t\t<\/div>\n\t\t\t\t\t\t\t\n\t\t\t\t\t\t\t<\/div>\n\t\t\t\t\t\t\t\t\t\t\t\t\t<div class=\"item\">\n\t\t\t\t\t\t\t\n\t\t\t\t\t\t\t\t\t\n\t\t\t\t\t\t\t\t\t\t<div class=\"image_slide\">\n\t\t\t\t\t\t\t\t\t\t\t\t\t\t\t\t\t\t\t\t\t\t\t<a href=\"https:\/\/cuernavaca.gob.mx\/wp-content\/uploads\/2020\/07\/CONVOCATORIA-TOMAS-PERALTA-DORANTES_r.pdf\" target=\"_blank\"><img src=\"https:\/\/cuernavaca.gob.mx\/wp-content\/uploads\/2020\/07\/ConvocatoriaBeneficiado.jpg\" alt=\"\"><\/a>\n\t\t\t\t\t\t\t\t\t\t\t\t\t\t\t\t\t\t\t\t\t<\/div>\n\t\t\t\t\t\t\t\t\t\t<div class=\"title_slide\">\n\t\t\t\t\t\t\t\t\t\t\t\t\t\t\t\t\t\t\t\t\t<\/div>\n\t\t\t\t\t\t\t\n\t\t\t\t\t\t\t<\/div>\n\t\t\t\t\t\t\t\t\t\t\t\t\t<div class=\"item\">\n\t\t\t\t\t\t\t\n\t\t\t\t\t\t\t\t\t\n\t\t\t\t\t\t\t\t\t\t<div class=\"image_slide\">\n\t\t\t\t\t\t\t\t\t\t\t\t\t\t\t\t\t\t\t\t\t\t\t<a href=\"https:\/\/s3.us-east-2.amazonaws.com\/gacetas.cuernavaca.gob.mx\/Primavera_eterna_FINAL.pdf\" target=\"_blank\"><img src=\"https:\/\/cuernavaca.gob.mx\/wp-content\/uploads\/2026\/02\/bannerPrimaveraEterna.jpeg\" alt=\"\"><\/a>\n\t\t\t\t\t\t\t\t\t\t\t\t\t\t\t\t\t\t\t\t\t<\/div>\n\t\t\t\t\t\t\t\t\t\t<div class=\"title_slide\">\n\t\t\t\t\t\t\t\t\t\t\t\t\t\t\t\t\t\t\t\t\t<\/div>\n\t\t\t\t\t\t\t\n\t\t\t\t\t\t\t<\/div>\n\t\t\t\t\t\t\t\t\t\t\t\t\t<div class=\"item\">\n\t\t\t\t\t\t\t\n\t\t\t\t\t\t\t\t\t\n\t\t\t\t\t\t\t\t\t\t<div class=\"image_slide\">\n\t\t\t\t\t\t\t\t\t\t\t\t\t\t\t\t\t\t\t\t\t\t\t<a href=\"https:\/\/s3.us-east-2.amazonaws.com\/gacetas.cuernavaca.gob.mx\/Atlas+Municipal+de+Peligros+y+Riesgos+Cuernavaca%2C+Morelos+2024.pdf\" target=\"_blank\"><img src=\"https:\/\/cuernavaca.gob.mx\/wp-content\/uploads\/2025\/02\/atlasMunicipal2024.jpg\" alt=\"\"><\/a>\n\t\t\t\t\t\t\t\t\t\t\t\t\t\t\t\t\t\t\t\t\t<\/div>\n\t\t\t\t\t\t\t\t\t\t<div class=\"title_slide\">\n\t\t\t\t\t\t\t\t\t\t\t\t\t\t\t\t\t\t\t\t\t<\/div>\n\t\t\t\t\t\t\t\n\t\t\t\t\t\t\t<\/div>\n\t\t\t\t\t\t\t\t\t\t\t\t\t<div class=\"item\">\n\t\t\t\t\t\t\t\n\t\t\t\t\t\t\t\t\t\n\t\t\t\t\t\t\t\t\t\t<div class=\"image_slide\">\n\t\t\t\t\t\t\t\t\t\t\t\t\t\t\t\t\t\t\t\t\t\t\t<a href=\"https:\/\/cuernavaca.gob.mx\/wp-content\/uploads\/2020\/07\/PARA-PUBLICAR-RESP-A-REC-DE-DH.pdf\" target=\"_blank\"><img src=\"https:\/\/cuernavaca.gob.mx\/wp-content\/uploads\/2025\/02\/recomendacionDerechosHumanos-1.png\" alt=\"\"><\/a>\n\t\t\t\t\t\t\t\t\t\t\t\t\t\t\t\t\t\t\t\t\t<\/div>\n\t\t\t\t\t\t\t\t\t\t<div class=\"title_slide\">\n\t\t\t\t\t\t\t\t\t\t\t\t\t\t\t\t\t\t\t\t\t<\/div>\n\t\t\t\t\t\t\t\n\t\t\t\t\t\t\t<\/div>\n\t\t\t\t\t\t\t\t\t\t\t\t\t<div class=\"item\">\n\t\t\t\t\t\t\t\n\t\t\t\t\t\t\t\t\t\n\t\t\t\t\t\t\t\t\t\t<div class=\"image_slide\">\n\t\t\t\t\t\t\t\t\t\t\t\t\t\t\t\t\t\t\t\t\t\t\t<a href=\"https:\/\/mujer.cuernavaca.gob.mx\/\" target=\"_blank\"><img src=\"https:\/\/cuernavaca.gob.mx\/wp-content\/uploads\/2025\/02\/InstitutoMujerSlide.png\" alt=\"\"><\/a>\n\t\t\t\t\t\t\t\t\t\t\t\t\t\t\t\t\t\t\t\t\t<\/div>\n\t\t\t\t\t\t\t\t\t\t<div class=\"title_slide\">\n\t\t\t\t\t\t\t\t\t\t\t\t\t\t\t\t\t\t\t\t\t<\/div>\n\t\t\t\t\t\t\t\n\t\t\t\t\t\t\t<\/div>\n\t\t\t\t\t\t\t\t\t\t\t\t\t<div class=\"item\">\n\t\t\t\t\t\t\t\n\t\t\t\t\t\t\t\t\t\n\t\t\t\t\t\t\t\t\t\t<div class=\"image_slide\">\n\t\t\t\t\t\t\t\t\t\t\t\t\t\t\t\t\t\t\t\t\t\t\t<a href=\"https:\/\/cuernavaca.gob.mx\/wp-content\/uploads\/2020\/07\/GUIA-PARA-EL-CIUDADANO-VERSION-FINAL.pdf\" target=\"_blank\"><img src=\"https:\/\/cuernavaca.gob.mx\/wp-content\/uploads\/2025\/02\/guiaCiudadanoSlide.jpg\" alt=\"\"><\/a>\n\t\t\t\t\t\t\t\t\t\t\t\t\t\t\t\t\t\t\t\t\t<\/div>\n\t\t\t\t\t\t\t\t\t\t<div class=\"title_slide\">\n\t\t\t\t\t\t\t\t\t\t\t\t\t\t\t\t\t\t\t\t\t<\/div>\n\t\t\t\t\t\t\t\n\t\t\t\t\t\t\t<\/div>\n\t\t\t\t\t\t\t\t\t\t\t\t\t<div class=\"item\">\n\t\t\t\t\t\t\t\n\t\t\t\t\t\t\t\t\t\n\t\t\t\t\t\t\t\t\t\t<div class=\"image_slide\">\n\t\t\t\t\t\t\t\t\t\t\t\t\t\t\t\t\t\t\t\t\t\t\t<a href=\"https:\/\/cuernavaca.gob.mx\/wp-content\/uploads\/2020\/07\/PROGRAMA-ESPECIAL-DE-PROTECCION-CIVIL-DE-SEQUIA-ESTIAJE-E-INCENDIOS-FORESTALES-2024.pdf\" target=\"_blank\"><img src=\"https:\/\/cuernavaca.gob.mx\/wp-content\/uploads\/2025\/02\/temporadaSequiaSlide.jpg\" alt=\"\"><\/a>\n\t\t\t\t\t\t\t\t\t\t\t\t\t\t\t\t\t\t\t\t\t<\/div>\n\t\t\t\t\t\t\t\t\t\t<div class=\"title_slide\">\n\t\t\t\t\t\t\t\t\t\t\t\t\t\t\t\t\t\t\t\t\t<\/div>\n\t\t\t\t\t\t\t\n\t\t\t\t\t\t\t<\/div>\n\t\t\t\t\t\t\t\t\t\t\t\t\t<div class=\"item\">\n\t\t\t\t\t\t\t\n\t\t\t\t\t\t\t\t\t\n\t\t\t\t\t\t\t\t\t\t<div class=\"image_slide\">\n\t\t\t\t\t\t\t\t\t\t\t\t\t\t\t\t\t\t\t\t\t\t\t<a href=\"https:\/\/cuernavaca.gob.mx\/wp-content\/uploads\/2020\/07\/CONVOCATORIA-2024PC.pdf\" target=\"_blank\"><img src=\"https:\/\/cuernavaca.gob.mx\/wp-content\/uploads\/2025\/02\/convocatoriaPoliciaSlide.jpg\" alt=\"\"><\/a>\n\t\t\t\t\t\t\t\t\t\t\t\t\t\t\t\t\t\t\t\t\t<\/div>\n\t\t\t\t\t\t\t\t\t\t<div class=\"title_slide\">\n\t\t\t\t\t\t\t\t\t\t\t\t\t\t\t\t\t\t\t\t\t<\/div>\n\t\t\t\t\t\t\t\n\t\t\t\t\t\t\t<\/div>\n\t\t\t\t\t\t\t\t\t\t\t\t\t<div class=\"item\">\n\t\t\t\t\t\t\t\n\t\t\t\t\t\t\t\t\t\n\t\t\t\t\t\t\t\t\t\t<div class=\"image_slide\">\n\t\t\t\t\t\t\t\t\t\t\t\t\t\t\t\t\t\t\t\t\t\t\t<a href=\"https:\/\/s3.us-east-2.amazonaws.com\/gacetas.cuernavaca.gob.mx\/MANUALARBOLADOCUERNAVACAVERSIONFINAL.pdf\" target=\"_blank\"><img src=\"https:\/\/cuernavaca.gob.mx\/wp-content\/uploads\/2025\/02\/arboladoCuernavacaSlide.jpg\" alt=\"\"><\/a>\n\t\t\t\t\t\t\t\t\t\t\t\t\t\t\t\t\t\t\t\t\t<\/div>\n\t\t\t\t\t\t\t\t\t\t<div class=\"title_slide\">\n\t\t\t\t\t\t\t\t\t\t\t\t\t\t\t\t\t\t\t\t\t<\/div>\n\t\t\t\t\t\t\t\n\t\t\t\t\t\t\t<\/div>\n\t\t\t\t\t\t\t\t\t\t\t\t\t<div class=\"item\">\n\t\t\t\t\t\t\t\n\t\t\t\t\t\t\t\t\t\n\t\t\t\t\t\t\t\t\t\t<div class=\"image_slide\">\n\t\t\t\t\t\t\t\t\t\t\t\t\t\t\t\t\t\t\t\t\t\t\t<a href=\"https:\/\/cuernavaca.gob.mx\/wp-content\/uploads\/2020\/07\/vehiculos-corralon.pdf\" target=\"_blank\"><img src=\"https:\/\/cuernavaca.gob.mx\/wp-content\/uploads\/2025\/02\/roboMotoSlide.jpg\" alt=\"\"><\/a>\n\t\t\t\t\t\t\t\t\t\t\t\t\t\t\t\t\t\t\t\t\t<\/div>\n\t\t\t\t\t\t\t\t\t\t<div class=\"title_slide\">\n\t\t\t\t\t\t\t\t\t\t\t\t\t\t\t\t\t\t\t\t\t<\/div>\n\t\t\t\t\t\t\t\n\t\t\t\t\t\t\t<\/div>\n\t\t\t\t\t\t\t\t\t\t\t\t\t<div class=\"item\">\n\t\t\t\t\t\t\t\n\t\t\t\t\t\t\t\t\t\n\t\t\t\t\t\t\t\t\t\t<div class=\"image_slide\">\n\t\t\t\t\t\t\t\t\t\t\t\t\t\t\t\t\t\t\t\t\t\t\t<a href=\"https:\/\/cuernavaca.gob.mx\/wp-content\/uploads\/2020\/07\/MANUAL-DE-ACTUACION-PARA-MUJERES-LIBRES-DE-VIOLENCIA3.pdf\" target=\"_blank\"><img src=\"https:\/\/cuernavaca.gob.mx\/wp-content\/uploads\/2025\/02\/manualViolenciaSlide.jpg\" alt=\"\"><\/a>\n\t\t\t\t\t\t\t\t\t\t\t\t\t\t\t\t\t\t\t\t\t<\/div>\n\t\t\t\t\t\t\t\t\t\t<div class=\"title_slide\">\n\t\t\t\t\t\t\t\t\t\t\t\t\t\t\t\t\t\t\t\t\t<\/div>\n\t\t\t\t\t\t\t\n\t\t\t\t\t\t\t<\/div>\n\t\t\t\t\t\t\t\t\t\t\t\t\t<div class=\"item\">\n\t\t\t\t\t\t\t\n\t\t\t\t\t\t\t\t\t\n\t\t\t\t\t\t\t\t\t\t<div class=\"image_slide\">\n\t\t\t\t\t\t\t\t\t\t\t\t\t\t\t\t\t\t\t\t\t\t\t<a href=\"https:\/\/predial.cuernavaca.gob.mx\/\" target=\"_blank\"><img src=\"https:\/\/cuernavaca.gob.mx\/wp-content\/uploads\/2025\/02\/predialTransparenteSlide.jpg\" alt=\"\"><\/a>\n\t\t\t\t\t\t\t\t\t\t\t\t\t\t\t\t\t\t\t\t\t<\/div>\n\t\t\t\t\t\t\t\t\t\t<div class=\"title_slide\">\n\t\t\t\t\t\t\t\t\t\t\t\t\t\t\t\t\t\t\t\t\t<\/div>\n\t\t\t\t\t\t\t\n\t\t\t\t\t\t\t<\/div>\n\t\t\t\t\t\t\t\t\t\t\t\t\t<div class=\"item\">\n\t\t\t\t\t\t\t\n\t\t\t\t\t\t\t\t\t\n\t\t\t\t\t\t\t\t\t\t<div class=\"image_slide\">\n\t\t\t\t\t\t\t\t\t\t\t\t\t\t\t\t\t\t\t\t\t\t\t<a href=\"https:\/\/cuernavaca.gob.mx\/wp-content\/uploads\/2020\/07\/dictamen-de-seguridad_compressed.pdf\" target=\"_blank\"><img src=\"https:\/\/cuernavaca.gob.mx\/wp-content\/uploads\/2025\/02\/proteccionCivilSlide.jpg\" alt=\"\"><\/a>\n\t\t\t\t\t\t\t\t\t\t\t\t\t\t\t\t\t\t\t\t\t<\/div>\n\t\t\t\t\t\t\t\t\t\t<div class=\"title_slide\">\n\t\t\t\t\t\t\t\t\t\t\t\t\t\t\t\t\t\t\t\t\t<\/div>\n\t\t\t\t\t\t\t\n\t\t\t\t\t\t\t<\/div>\n\t\t\t\t\t\t\t\t\t\t\t\t\t<div class=\"item\">\n\t\t\t\t\t\t\t\n\t\t\t\t\t\t\t\t\t\n\t\t\t\t\t\t\t\t\t\t<div class=\"image_slide\">\n\t\t\t\t\t\t\t\t\t\t\t\t\t\t\t\t\t\t\t\t\t\t\t<a href=\"https:\/\/s3.us-east-2.amazonaws.com\/publico.cuernavaca.gob.mx\/PlanDeDesarrollo+Municipal_2022-2024.pdf\" target=\"_blank\"><img src=\"https:\/\/cuernavaca.gob.mx\/wp-content\/uploads\/2025\/02\/planDesarrolloSlide.jpg\" alt=\"\"><\/a>\n\t\t\t\t\t\t\t\t\t\t\t\t\t\t\t\t\t\t\t\t\t<\/div>\n\t\t\t\t\t\t\t\t\t\t<div class=\"title_slide\">\n\t\t\t\t\t\t\t\t\t\t\t\t\t\t\t\t\t\t\t\t\t<\/div>\n\t\t\t\t\t\t\t\n\t\t\t\t\t\t\t<\/div>\n\t\t\t\t\t\t\t\t\t\t\t\t\t<div class=\"item\">\n\t\t\t\t\t\t\t\n\t\t\t\t\t\t\t\t\t\n\t\t\t\t\t\t\t\t\t\t<div class=\"image_slide\">\n\t\t\t\t\t\t\t\t\t\t\t\t\t\t\t\t\t\t\t\t\t\t\t<a href=\"https:\/\/cuernavaca.gob.mx\/wp-content\/uploads\/2020\/07\/CODETICACVAMOR-1.pdf\" target=\"_blank\"><img src=\"https:\/\/cuernavaca.gob.mx\/wp-content\/uploads\/2025\/02\/codigoEticaSlide.jpg\" alt=\"\"><\/a>\n\t\t\t\t\t\t\t\t\t\t\t\t\t\t\t\t\t\t\t\t\t<\/div>\n\t\t\t\t\t\t\t\t\t\t<div class=\"title_slide\">\n\t\t\t\t\t\t\t\t\t\t\t\t\t\t\t\t\t\t\t\t\t<\/div>\n\t\t\t\t\t\t\t\n\t\t\t\t\t\t\t<\/div>\n\t\t\t\t\t\t\t\t\t\t\t\t\t<div class=\"item\">\n\t\t\t\t\t\t\t\n\t\t\t\t\t\t\t\t\t\n\t\t\t\t\t\t\t\t\t\t<div class=\"image_slide\">\n\t\t\t\t\t\t\t\t\t\t\t\t\t\t\t\t\t\t\t\t\t\t\t<a href=\"https:\/\/cuernavaca.gob.mx\/dmer\/?page_id=1518\" target=\"_blank\"><img src=\"https:\/\/cuernavaca.gob.mx\/wp-content\/uploads\/2025\/02\/tramiteSlide.jpg\" alt=\"\"><\/a>\n\t\t\t\t\t\t\t\t\t\t\t\t\t\t\t\t\t\t\t\t\t<\/div>\n\t\t\t\t\t\t\t\t\t\t<div class=\"title_slide\">\n\t\t\t\t\t\t\t\t\t\t\t\t\t\t\t\t\t\t\t\t\t<\/div>\n\t\t\t\t\t\t\t\n\t\t\t\t\t\t\t<\/div>\n\t\t\t\t\t\t\t\t\t\t\t\t\t<div class=\"item\">\n\t\t\t\t\t\t\t\n\t\t\t\t\t\t\t\t\t\n\t\t\t\t\t\t\t\t\t\t<div class=\"image_slide\">\n\t\t\t\t\t\t\t\t\t\t\t\t\t\t\t\t\t\t\t\t\t\t\t<a href=\"https:\/\/cuernavaca.gob.mx\/wp-content\/uploads\/2020\/07\/CONVOCATORIA-BENEFICIARIOS-TJA-4ASERA-JDB-2182025.pdf\" target=\"_blank\"><img src=\"https:\/\/cuernavaca.gob.mx\/wp-content\/uploads\/2025\/09\/WhatsApp-Image-2025-09-19-at-12.56.39-PM.jpeg\" alt=\"\"><\/a>\n\t\t\t\t\t\t\t\t\t\t\t\t\t\t\t\t\t\t\t\t\t<\/div>\n\t\t\t\t\t\t\t\t\t\t<div class=\"title_slide\">\n\t\t\t\t\t\t\t\t\t\t\t\t\t\t\t\t\t\t\t\t\t<\/div>\n\t\t\t\t\t\t\t\n\t\t\t\t\t\t\t<\/div>\n\t\t\t\t\t\t\t\t\t\t\t<\/div>\n\n\t\t\t<\/div>\n\n\t\t\n\t\t\n\t\t\t\t<\/div>\n\t\t\t\t<\/div>\n\t\t\t\t\t<\/div>\n\t\t<\/div>\n\t\t\t\t\t\t\t<\/div>\n\t\t<\/section>\n\t\t\t\t<section class=\"elementor-section elementor-top-section elementor-element elementor-element-f6c831c elementor-hidden-mobile elementor-section-boxed elementor-section-height-default elementor-section-height-default\" data-id=\"f6c831c\" data-element_type=\"section\" data-settings=\"{&quot;background_background&quot;:&quot;classic&quot;}\">\n\t\t\t\t\t\t<div class=\"elementor-container elementor-column-gap-default\">\n\t\t\t\t\t<div class=\"elementor-column elementor-col-100 elementor-top-column elementor-element elementor-element-c752fc8\" data-id=\"c752fc8\" data-element_type=\"column\">\n\t\t\t<div class=\"elementor-widget-wrap elementor-element-populated\">\n\t\t\t\t\t\t\t\t<section class=\"elementor-section elementor-inner-section elementor-element elementor-element-656a05f elementor-section-boxed elementor-section-height-default elementor-section-height-default\" data-id=\"656a05f\" data-element_type=\"section\" data-settings=\"{&quot;background_background&quot;:&quot;classic&quot;}\">\n\t\t\t\t\t\t<div class=\"elementor-container elementor-column-gap-default\">\n\t\t\t\t\t<div class=\"elementor-column elementor-col-14 elementor-inner-column elementor-element elementor-element-cf4b2de\" data-id=\"cf4b2de\" data-element_type=\"column\">\n\t\t\t<div class=\"elementor-widget-wrap elementor-element-populated\">\n\t\t\t\t\t\t\t\t<div class=\"elementor-element elementor-element-8d8ba96 elementor-widget elementor-widget-ova_feature\" data-id=\"8d8ba96\" data-element_type=\"widget\" data-widget_type=\"ova_feature.default\">\n\t\t\t\t<div class=\"elementor-widget-container\">\n\t\t\t\n\t\t\t\t<div class=\"ova_feature version_2 \">\n\t\t\t<div class=\"items\">\n\t\t\t\t\n\t\t\t\t\n\t\t\t\t\t\t\t<div class=\"icon\">\n\t\t\t\t\t\n\t\t\t\t\t\t\t\t\t\t\t<span class=\"far fa-newspaper\"><\/span>\t\n\t\t\t\t\t\t\t\t\t<\/div>\n\t\t\t\t\n\t\t\t\t\t\t\t\t\t<h3 class=\"title\">\n\t\t\t\t\t\t<a class=\"second_font\" href=\"https:\/\/cuernavaca.gob.mx\/?page_id=70\">\n\t\t\t\t\t\t\tNoticias\t\t\t\t\t\t<\/a>\n\t\t\t\t\t<\/h3>\n\t\t\t\t\n\t\t\t<\/div>\n\t\t<\/div>\n\t\t\t\t<\/div>\n\t\t\t\t<\/div>\n\t\t\t\t\t<\/div>\n\t\t<\/div>\n\t\t\t\t<div class=\"elementor-column elementor-col-14 elementor-inner-column elementor-element elementor-element-ea6dc75\" data-id=\"ea6dc75\" data-element_type=\"column\">\n\t\t\t<div class=\"elementor-widget-wrap elementor-element-populated\">\n\t\t\t\t\t\t\t\t<div class=\"elementor-element elementor-element-9203727 elementor-widget elementor-widget-ova_feature\" data-id=\"9203727\" data-element_type=\"widget\" data-widget_type=\"ova_feature.default\">\n\t\t\t\t<div class=\"elementor-widget-container\">\n\t\t\t\n\t\t\t\t<div class=\"ova_feature version_2 \">\n\t\t\t<div class=\"items\">\n\t\t\t\t\n\t\t\t\t\n\t\t\t\t\t\t\t<div class=\"icon\">\n\t\t\t\t\t\n\t\t\t\t\t\t\t\t\t\t\t<span class=\"fas fa-landmark\"><\/span>\t\n\t\t\t\t\t\t\t\t\t<\/div>\n\t\t\t\t\n\t\t\t\t\t\t\t\t\t<h3 class=\"title\">\n\t\t\t\t\t\t<a class=\"second_font\" href=\"https:\/\/cuernavaca.gob.mx\/?page_id=1315\">\n\t\t\t\t\t\t\tGobierno\t\t\t\t\t\t<\/a>\n\t\t\t\t\t<\/h3>\n\t\t\t\t\n\t\t\t<\/div>\n\t\t<\/div>\n\t\t\t\t<\/div>\n\t\t\t\t<\/div>\n\t\t\t\t\t<\/div>\n\t\t<\/div>\n\t\t\t\t<div class=\"elementor-column elementor-col-14 elementor-inner-column elementor-element elementor-element-ffe8654\" data-id=\"ffe8654\" data-element_type=\"column\">\n\t\t\t<div class=\"elementor-widget-wrap elementor-element-populated\">\n\t\t\t\t\t\t\t\t<div class=\"elementor-element elementor-element-c2fabbf elementor-widget elementor-widget-ova_feature\" data-id=\"c2fabbf\" data-element_type=\"widget\" data-widget_type=\"ova_feature.default\">\n\t\t\t\t<div class=\"elementor-widget-container\">\n\t\t\t\n\t\t\t\t<div class=\"ova_feature version_2 \">\n\t\t\t<div class=\"items\">\n\t\t\t\t\n\t\t\t\t\n\t\t\t\t\t\t\t<div class=\"icon\">\n\t\t\t\t\t\n\t\t\t\t\t\t\t\t\t\t\t<span class=\"fas fa-handshake\"><\/span>\t\n\t\t\t\t\t\t\t\t\t<\/div>\n\t\t\t\t\n\t\t\t\t\t\t\t\t\t<h3 class=\"title\">\n\t\t\t\t\t\t<a class=\"second_font\" href=\"https:\/\/cuernavaca.gob.mx\/dmer\/\">\n\t\t\t\t\t\t\tTr\u00e1mites y Servicios \t\t\t\t\t\t<\/a>\n\t\t\t\t\t<\/h3>\n\t\t\t\t\n\t\t\t<\/div>\n\t\t<\/div>\n\t\t\t\t<\/div>\n\t\t\t\t<\/div>\n\t\t\t\t\t<\/div>\n\t\t<\/div>\n\t\t\t\t<div class=\"elementor-column elementor-col-14 elementor-inner-column elementor-element elementor-element-9cd1c2c\" data-id=\"9cd1c2c\" data-element_type=\"column\">\n\t\t\t<div class=\"elementor-widget-wrap elementor-element-populated\">\n\t\t\t\t\t\t\t\t<div class=\"elementor-element elementor-element-d4bca5b elementor-widget elementor-widget-ova_feature\" data-id=\"d4bca5b\" data-element_type=\"widget\" data-widget_type=\"ova_feature.default\">\n\t\t\t\t<div class=\"elementor-widget-container\">\n\t\t\t\n\t\t\t\t<div class=\"ova_feature version_2 \">\n\t\t\t<div class=\"items\">\n\t\t\t\t\n\t\t\t\t\n\t\t\t\t\t\t\t<div class=\"icon\">\n\t\t\t\t\t\n\t\t\t\t\t\t\t\t\t\t\t<span class=\"fas fa-car\"><\/span>\t\n\t\t\t\t\t\t\t\t\t<\/div>\n\t\t\t\t\n\t\t\t\t\t\t\t\t\t<h3 class=\"title\">\n\t\t\t\t\t\t<a class=\"second_font\" href=\"https:\/\/cuernavaca.gob.mx\/?ova_dep=secretaria-de-proteccion-y-auxilio-ciudadano\">\n\t\t\t\t\t\t\tSeguridad<br>p\u00fablica\t\t\t\t\t\t<\/a>\n\t\t\t\t\t<\/h3>\n\t\t\t\t\n\t\t\t<\/div>\n\t\t<\/div>\n\t\t\t\t<\/div>\n\t\t\t\t<\/div>\n\t\t\t\t\t<\/div>\n\t\t<\/div>\n\t\t\t\t<div class=\"elementor-column elementor-col-14 elementor-inner-column elementor-element elementor-element-5a38696\" data-id=\"5a38696\" data-element_type=\"column\">\n\t\t\t<div class=\"elementor-widget-wrap elementor-element-populated\">\n\t\t\t\t\t\t\t\t<div class=\"elementor-element elementor-element-01b59ba elementor-widget elementor-widget-ova_feature\" data-id=\"01b59ba\" data-element_type=\"widget\" data-widget_type=\"ova_feature.default\">\n\t\t\t\t<div class=\"elementor-widget-container\">\n\t\t\t\n\t\t\t\t<div class=\"ova_feature version_2 \">\n\t\t\t<div class=\"items\">\n\t\t\t\t\n\t\t\t\t\n\t\t\t\t\t\t\t<div class=\"icon\">\n\t\t\t\t\t\n\t\t\t\t\t\t\t\t\t\t\t<span class=\"fas fa-leaf\"><\/span>\t\n\t\t\t\t\t\t\t\t\t<\/div>\n\t\t\t\t\n\t\t\t\t\t\t\t\t\t<h3 class=\"title\">\n\t\t\t\t\t\t<a class=\"second_font\" href=\"https:\/\/cuernavaca.gob.mx\/?page_id=6528\">\n\t\t\t\t\t\t\tParques y jardines\t\t\t\t\t\t<\/a>\n\t\t\t\t\t<\/h3>\n\t\t\t\t\n\t\t\t<\/div>\n\t\t<\/div>\n\t\t\t\t<\/div>\n\t\t\t\t<\/div>\n\t\t\t\t\t<\/div>\n\t\t<\/div>\n\t\t\t\t<div class=\"elementor-column elementor-col-14 elementor-inner-column elementor-element elementor-element-eed4c71\" data-id=\"eed4c71\" data-element_type=\"column\">\n\t\t\t<div class=\"elementor-widget-wrap elementor-element-populated\">\n\t\t\t\t\t\t\t\t<div class=\"elementor-element elementor-element-b294dcc elementor-widget elementor-widget-ova_feature\" data-id=\"b294dcc\" data-element_type=\"widget\" data-widget_type=\"ova_feature.default\">\n\t\t\t\t<div class=\"elementor-widget-container\">\n\t\t\t\n\t\t\t\t<div class=\"ova_feature version_2 \">\n\t\t\t<div class=\"items\">\n\t\t\t\t\n\t\t\t\t\n\t\t\t\t\t\t\t<div class=\"icon\">\n\t\t\t\t\t\n\t\t\t\t\t\t\t\t\t\t\t<span class=\"fas fa-balance-scale\"><\/span>\t\n\t\t\t\t\t\t\t\t\t<\/div>\n\t\t\t\t\n\t\t\t\t\t\t\t\t\t<h3 class=\"title\">\n\t\t\t\t\t\t<a class=\"second_font\" href=\"https:\/\/cuernavaca.gob.mx\/contraloria\">\n\t\t\t\t\t\t\tContraloria\t\t\t\t\t\t<\/a>\n\t\t\t\t\t<\/h3>\n\t\t\t\t\n\t\t\t<\/div>\n\t\t<\/div>\n\t\t\t\t<\/div>\n\t\t\t\t<\/div>\n\t\t\t\t\t<\/div>\n\t\t<\/div>\n\t\t\t\t<div class=\"elementor-column elementor-col-14 elementor-inner-column elementor-element elementor-element-a8bfbe2\" data-id=\"a8bfbe2\" data-element_type=\"column\">\n\t\t\t<div class=\"elementor-widget-wrap elementor-element-populated\">\n\t\t\t\t\t\t\t\t<div class=\"elementor-element elementor-element-c47dc08 elementor-widget elementor-widget-ova_feature\" data-id=\"c47dc08\" data-element_type=\"widget\" data-widget_type=\"ova_feature.default\">\n\t\t\t\t<div class=\"elementor-widget-container\">\n\t\t\t\n\t\t\t\t<div class=\"ova_feature version_2 \">\n\t\t\t<div class=\"items\">\n\t\t\t\t\n\t\t\t\t\n\t\t\t\t\t\t\t<div class=\"icon\">\n\t\t\t\t\t\n\t\t\t\t\t\t\t\t\t\t\t<span class=\"fas fa-file-alt\"><\/span>\t\n\t\t\t\t\t\t\t\t\t<\/div>\n\t\t\t\t\n\t\t\t\t\t\t\t\t\t<h3 class=\"title\">\n\t\t\t\t\t\t<a class=\"second_font\" href=\"https:\/\/cuernavaca.gob.mx\/?page_id=50612\">\n\t\t\t\t\t\t\tProgramas\t\t\t\t\t\t<\/a>\n\t\t\t\t\t<\/h3>\n\t\t\t\t\n\t\t\t<\/div>\n\t\t<\/div>\n\t\t\t\t<\/div>\n\t\t\t\t<\/div>\n\t\t\t\t\t<\/div>\n\t\t<\/div>\n\t\t\t\t\t\t\t<\/div>\n\t\t<\/section>\n\t\t\t\t\t<\/div>\n\t\t<\/div>\n\t\t\t\t\t\t\t<\/div>\n\t\t<\/section>\n\t\t\t\t<section class=\"elementor-section elementor-top-section elementor-element elementor-element-dbd209e elementor-hidden-desktop elementor-hidden-tablet elementor-section-boxed elementor-section-height-default elementor-section-height-default\" data-id=\"dbd209e\" data-element_type=\"section\" data-settings=\"{&quot;background_background&quot;:&quot;classic&quot;}\">\n\t\t\t\t\t\t<div class=\"elementor-container elementor-column-gap-default\">\n\t\t\t\t\t<div class=\"elementor-column elementor-col-100 elementor-top-column elementor-element elementor-element-e53804b\" data-id=\"e53804b\" data-element_type=\"column\">\n\t\t\t<div class=\"elementor-widget-wrap elementor-element-populated\">\n\t\t\t\t\t\t\t\t<section class=\"elementor-section elementor-inner-section elementor-element elementor-element-8fa2096 elementor-section-boxed elementor-section-height-default elementor-section-height-default\" data-id=\"8fa2096\" data-element_type=\"section\" data-settings=\"{&quot;background_background&quot;:&quot;classic&quot;}\">\n\t\t\t\t\t\t<div class=\"elementor-container elementor-column-gap-default\">\n\t\t\t\t\t<div class=\"elementor-column elementor-col-33 elementor-inner-column elementor-element elementor-element-0edbccc\" data-id=\"0edbccc\" data-element_type=\"column\">\n\t\t\t<div class=\"elementor-widget-wrap elementor-element-populated\">\n\t\t\t\t\t\t\t\t<div class=\"elementor-element elementor-element-ff097fa elementor-view-default elementor-mobile-position-top elementor-vertical-align-top elementor-widget elementor-widget-icon-box\" data-id=\"ff097fa\" data-element_type=\"widget\" data-widget_type=\"icon-box.default\">\n\t\t\t\t<div class=\"elementor-widget-container\">\n\t\t\t<link rel=\"stylesheet\" href=\"https:\/\/cuernavaca.gob.mx\/wp-content\/plugins\/elementor\/assets\/css\/widget-icon-box.min.css\">\t\t<div class=\"elementor-icon-box-wrapper\">\n\t\t\t\t\t\t<div class=\"elementor-icon-box-icon\">\n\t\t\t\t<a class=\"elementor-icon elementor-animation-shrink\" href=\"https:\/\/cuernavaca.gob.mx\/?page_id=70\">\n\t\t\t\t<i aria-hidden=\"true\" class=\"far fa-newspaper\"><\/i>\t\t\t\t<\/a>\n\t\t\t<\/div>\n\t\t\t\t\t\t<div class=\"elementor-icon-box-content\">\n\t\t\t\t<h3 class=\"elementor-icon-box-title\">\n\t\t\t\t\t<a href=\"https:\/\/cuernavaca.gob.mx\/?page_id=70\" >\n\t\t\t\t\t\tNoticias\t\t\t\t\t<\/a>\n\t\t\t\t<\/h3>\n\t\t\t\t\t\t\t<\/div>\n\t\t<\/div>\n\t\t\t\t<\/div>\n\t\t\t\t<\/div>\n\t\t\t\t\t<\/div>\n\t\t<\/div>\n\t\t\t\t<div class=\"elementor-column elementor-col-33 elementor-inner-column elementor-element elementor-element-07b131c\" data-id=\"07b131c\" data-element_type=\"column\">\n\t\t\t<div class=\"elementor-widget-wrap elementor-element-populated\">\n\t\t\t\t\t\t\t\t<div class=\"elementor-element elementor-element-c60f45b elementor-view-default elementor-mobile-position-top elementor-vertical-align-top elementor-widget elementor-widget-icon-box\" data-id=\"c60f45b\" data-element_type=\"widget\" data-widget_type=\"icon-box.default\">\n\t\t\t\t<div class=\"elementor-widget-container\">\n\t\t\t\t\t<div class=\"elementor-icon-box-wrapper\">\n\t\t\t\t\t\t<div class=\"elementor-icon-box-icon\">\n\t\t\t\t<a class=\"elementor-icon elementor-animation-shrink\" href=\"https:\/\/cuernavaca.gob.mx\/?page_id=1315\">\n\t\t\t\t<i aria-hidden=\"true\" class=\"fas fa-landmark\"><\/i>\t\t\t\t<\/a>\n\t\t\t<\/div>\n\t\t\t\t\t\t<div class=\"elementor-icon-box-content\">\n\t\t\t\t<h3 class=\"elementor-icon-box-title\">\n\t\t\t\t\t<a href=\"https:\/\/cuernavaca.gob.mx\/?page_id=1315\" >\n\t\t\t\t\t\tGobierno\t\t\t\t\t<\/a>\n\t\t\t\t<\/h3>\n\t\t\t\t\t\t\t<\/div>\n\t\t<\/div>\n\t\t\t\t<\/div>\n\t\t\t\t<\/div>\n\t\t\t\t\t<\/div>\n\t\t<\/div>\n\t\t\t\t<div class=\"elementor-column elementor-col-33 elementor-inner-column elementor-element elementor-element-82b39ba\" data-id=\"82b39ba\" data-element_type=\"column\">\n\t\t\t<div class=\"elementor-widget-wrap elementor-element-populated\">\n\t\t\t\t\t\t\t\t<div class=\"elementor-element elementor-element-8a2a6ff elementor-view-default elementor-mobile-position-top elementor-vertical-align-top elementor-widget elementor-widget-icon-box\" data-id=\"8a2a6ff\" data-element_type=\"widget\" data-widget_type=\"icon-box.default\">\n\t\t\t\t<div class=\"elementor-widget-container\">\n\t\t\t\t\t<div class=\"elementor-icon-box-wrapper\">\n\t\t\t\t\t\t<div class=\"elementor-icon-box-icon\">\n\t\t\t\t<a class=\"elementor-icon elementor-animation-shrink\" href=\"https:\/\/cuernavaca.gob.mx\/dmer\/\">\n\t\t\t\t<i aria-hidden=\"true\" class=\"fas fa-handshake\"><\/i>\t\t\t\t<\/a>\n\t\t\t<\/div>\n\t\t\t\t\t\t<div class=\"elementor-icon-box-content\">\n\t\t\t\t<h3 class=\"elementor-icon-box-title\">\n\t\t\t\t\t<a href=\"https:\/\/cuernavaca.gob.mx\/dmer\/\" >\n\t\t\t\t\t\tTr\u00e1mites y Servicios\t\t\t\t\t<\/a>\n\t\t\t\t<\/h3>\n\t\t\t\t\t\t\t<\/div>\n\t\t<\/div>\n\t\t\t\t<\/div>\n\t\t\t\t<\/div>\n\t\t\t\t\t<\/div>\n\t\t<\/div>\n\t\t\t\t\t\t\t<\/div>\n\t\t<\/section>\n\t\t\t\t<section class=\"elementor-section elementor-inner-section elementor-element elementor-element-08bbe9b elementor-section-boxed elementor-section-height-default elementor-section-height-default\" data-id=\"08bbe9b\" data-element_type=\"section\" data-settings=\"{&quot;background_background&quot;:&quot;classic&quot;}\">\n\t\t\t\t\t\t<div class=\"elementor-container elementor-column-gap-default\">\n\t\t\t\t\t<div class=\"elementor-column elementor-col-33 elementor-inner-column elementor-element elementor-element-ddbe78c\" data-id=\"ddbe78c\" data-element_type=\"column\">\n\t\t\t<div class=\"elementor-widget-wrap elementor-element-populated\">\n\t\t\t\t\t\t\t\t<div class=\"elementor-element elementor-element-2c5235f elementor-view-default elementor-mobile-position-top elementor-vertical-align-top elementor-widget elementor-widget-icon-box\" data-id=\"2c5235f\" data-element_type=\"widget\" data-widget_type=\"icon-box.default\">\n\t\t\t\t<div class=\"elementor-widget-container\">\n\t\t\t\t\t<div class=\"elementor-icon-box-wrapper\">\n\t\t\t\t\t\t<div class=\"elementor-icon-box-icon\">\n\t\t\t\t<a class=\"elementor-icon elementor-animation-shrink\" href=\"https:\/\/cuernavaca.gob.mx\/?ova_dep=secretaria-de-proteccion-y-auxilio-ciudadano\">\n\t\t\t\t<i aria-hidden=\"true\" class=\"fas fa-car\"><\/i>\t\t\t\t<\/a>\n\t\t\t<\/div>\n\t\t\t\t\t\t<div class=\"elementor-icon-box-content\">\n\t\t\t\t<h3 class=\"elementor-icon-box-title\">\n\t\t\t\t\t<a href=\"https:\/\/cuernavaca.gob.mx\/?ova_dep=secretaria-de-proteccion-y-auxilio-ciudadano\" >\n\t\t\t\t\t\tSeguridad <br>P\u00fablica\t\t\t\t\t<\/a>\n\t\t\t\t<\/h3>\n\t\t\t\t\t\t\t<\/div>\n\t\t<\/div>\n\t\t\t\t<\/div>\n\t\t\t\t<\/div>\n\t\t\t\t\t<\/div>\n\t\t<\/div>\n\t\t\t\t<div class=\"elementor-column elementor-col-33 elementor-inner-column elementor-element elementor-element-0ed18ff\" data-id=\"0ed18ff\" data-element_type=\"column\">\n\t\t\t<div class=\"elementor-widget-wrap elementor-element-populated\">\n\t\t\t\t\t\t\t\t<div class=\"elementor-element elementor-element-ade3fd1 elementor-view-default elementor-mobile-position-top elementor-vertical-align-top elementor-widget elementor-widget-icon-box\" data-id=\"ade3fd1\" data-element_type=\"widget\" data-widget_type=\"icon-box.default\">\n\t\t\t\t<div class=\"elementor-widget-container\">\n\t\t\t\t\t<div class=\"elementor-icon-box-wrapper\">\n\t\t\t\t\t\t<div class=\"elementor-icon-box-icon\">\n\t\t\t\t<a class=\"elementor-icon elementor-animation-shrink\" href=\"https:\/\/cuernavaca.gob.mx\/?page_id=6528\">\n\t\t\t\t<i aria-hidden=\"true\" class=\"fas fa-leaf\"><\/i>\t\t\t\t<\/a>\n\t\t\t<\/div>\n\t\t\t\t\t\t<div class=\"elementor-icon-box-content\">\n\t\t\t\t<h3 class=\"elementor-icon-box-title\">\n\t\t\t\t\t<a href=\"https:\/\/cuernavaca.gob.mx\/?page_id=6528\" >\n\t\t\t\t\t\tParques y jardines\t\t\t\t\t<\/a>\n\t\t\t\t<\/h3>\n\t\t\t\t\t\t\t<\/div>\n\t\t<\/div>\n\t\t\t\t<\/div>\n\t\t\t\t<\/div>\n\t\t\t\t\t<\/div>\n\t\t<\/div>\n\t\t\t\t<div class=\"elementor-column elementor-col-33 elementor-inner-column elementor-element elementor-element-b788242\" data-id=\"b788242\" data-element_type=\"column\">\n\t\t\t<div class=\"elementor-widget-wrap elementor-element-populated\">\n\t\t\t\t\t\t\t\t<div class=\"elementor-element elementor-element-2d5cca6 elementor-view-default elementor-mobile-position-top elementor-vertical-align-top elementor-widget elementor-widget-icon-box\" data-id=\"2d5cca6\" data-element_type=\"widget\" data-widget_type=\"icon-box.default\">\n\t\t\t\t<div class=\"elementor-widget-container\">\n\t\t\t\t\t<div class=\"elementor-icon-box-wrapper\">\n\t\t\t\t\t\t<div class=\"elementor-icon-box-icon\">\n\t\t\t\t<a class=\"elementor-icon elementor-animation-shrink\" href=\"https:\/\/cuernavaca.gob.mx\/contraloria\">\n\t\t\t\t<i aria-hidden=\"true\" class=\"fas fa-balance-scale\"><\/i>\t\t\t\t<\/a>\n\t\t\t<\/div>\n\t\t\t\t\t\t<div class=\"elementor-icon-box-content\">\n\t\t\t\t<h3 class=\"elementor-icon-box-title\">\n\t\t\t\t\t<a href=\"https:\/\/cuernavaca.gob.mx\/contraloria\" >\n\t\t\t\t\t\tContralor\u00eda\t\t\t\t\t<\/a>\n\t\t\t\t<\/h3>\n\t\t\t\t\t\t\t<\/div>\n\t\t<\/div>\n\t\t\t\t<\/div>\n\t\t\t\t<\/div>\n\t\t\t\t\t<\/div>\n\t\t<\/div>\n\t\t\t\t\t\t\t<\/div>\n\t\t<\/section>\n\t\t\t\t<section class=\"elementor-section elementor-inner-section elementor-element elementor-element-6f72858 elementor-section-boxed elementor-section-height-default elementor-section-height-default\" data-id=\"6f72858\" data-element_type=\"section\" data-settings=\"{&quot;background_background&quot;:&quot;classic&quot;}\">\n\t\t\t\t\t\t<div class=\"elementor-container elementor-column-gap-default\">\n\t\t\t\t\t<div class=\"elementor-column elementor-col-33 elementor-inner-column elementor-element elementor-element-40d6c12\" data-id=\"40d6c12\" data-element_type=\"column\">\n\t\t\t<div class=\"elementor-widget-wrap\">\n\t\t\t\t\t\t\t\t\t<\/div>\n\t\t<\/div>\n\t\t\t\t<div class=\"elementor-column elementor-col-33 elementor-inner-column elementor-element elementor-element-304a954\" data-id=\"304a954\" data-element_type=\"column\">\n\t\t\t<div class=\"elementor-widget-wrap elementor-element-populated\">\n\t\t\t\t\t\t\t\t<div class=\"elementor-element elementor-element-b63904a elementor-view-default elementor-mobile-position-top elementor-vertical-align-top elementor-widget elementor-widget-icon-box\" data-id=\"b63904a\" data-element_type=\"widget\" data-widget_type=\"icon-box.default\">\n\t\t\t\t<div class=\"elementor-widget-container\">\n\t\t\t\t\t<div class=\"elementor-icon-box-wrapper\">\n\t\t\t\t\t\t<div class=\"elementor-icon-box-icon\">\n\t\t\t\t<a class=\"elementor-icon elementor-animation-shrink\" href=\"https:\/\/cuernavaca.gob.mx\/?page_id=50612\">\n\t\t\t\t<i aria-hidden=\"true\" class=\"fas fa-file-alt\"><\/i>\t\t\t\t<\/a>\n\t\t\t<\/div>\n\t\t\t\t\t\t<div class=\"elementor-icon-box-content\">\n\t\t\t\t<h3 class=\"elementor-icon-box-title\">\n\t\t\t\t\t<a href=\"https:\/\/cuernavaca.gob.mx\/?page_id=50612\" >\n\t\t\t\t\t\tProgramas\t\t\t\t\t<\/a>\n\t\t\t\t<\/h3>\n\t\t\t\t\t\t\t<\/div>\n\t\t<\/div>\n\t\t\t\t<\/div>\n\t\t\t\t<\/div>\n\t\t\t\t\t<\/div>\n\t\t<\/div>\n\t\t\t\t<div class=\"elementor-column elementor-col-33 elementor-inner-column elementor-element elementor-element-7a51b1f\" data-id=\"7a51b1f\" data-element_type=\"column\">\n\t\t\t<div class=\"elementor-widget-wrap\">\n\t\t\t\t\t\t\t\t\t<\/div>\n\t\t<\/div>\n\t\t\t\t\t\t\t<\/div>\n\t\t<\/section>\n\t\t\t\t\t<\/div>\n\t\t<\/div>\n\t\t\t\t\t\t\t<\/div>\n\t\t<\/section>\n\t\t\t\t<section class=\"elementor-section elementor-top-section elementor-element elementor-element-3102046 elementor-section-stretched elementor-section-full_width elementor-section-height-default elementor-section-height-default\" data-id=\"3102046\" data-element_type=\"section\" data-settings=\"{&quot;background_background&quot;:&quot;classic&quot;,&quot;stretch_section&quot;:&quot;section-stretched&quot;}\">\n\t\t\t\t\t\t<div class=\"elementor-container elementor-column-gap-default\">\n\t\t\t\t\t<div class=\"elementor-column elementor-col-25 elementor-top-column elementor-element elementor-element-a176a32\" data-id=\"a176a32\" data-element_type=\"column\">\n\t\t\t<div class=\"elementor-widget-wrap\">\n\t\t\t\t\t\t\t\t\t<\/div>\n\t\t<\/div>\n\t\t\t\t<div class=\"elementor-column elementor-col-25 elementor-top-column elementor-element elementor-element-308ddc0\" data-id=\"308ddc0\" data-element_type=\"column\">\n\t\t\t<div class=\"elementor-widget-wrap elementor-element-populated\">\n\t\t\t\t\t\t\t\t<div class=\"elementor-element elementor-element-0fe0bda elementor-widget elementor-widget-image\" data-id=\"0fe0bda\" data-element_type=\"widget\" data-widget_type=\"image.default\">\n\t\t\t\t<div class=\"elementor-widget-container\">\n\t\t\t<style>\/*! elementor - v3.6.4 - 13-04-2022 *\/\n.elementor-widget-image{text-align:center}.elementor-widget-image a{display:inline-block}.elementor-widget-image a img[src$=\".svg\"]{width:48px}.elementor-widget-image img{vertical-align:middle;display:inline-block}<\/style>\t\t\t\t\t\t\t\t\t\t\t\t<img width=\"1024\" height=\"682\" src=\"https:\/\/cuernavaca.gob.mx\/wp-content\/uploads\/2025\/02\/WhatsApp-Image-2025-02-28-at-10.50.18-AM-1024x682.jpeg\" class=\"attachment-large size-large\" alt=\"\" loading=\"lazy\" srcset=\"https:\/\/cuernavaca.gob.mx\/wp-content\/uploads\/2025\/02\/WhatsApp-Image-2025-02-28-at-10.50.18-AM-1024x682.jpeg 1024w, https:\/\/cuernavaca.gob.mx\/wp-content\/uploads\/2025\/02\/WhatsApp-Image-2025-02-28-at-10.50.18-AM-300x200.jpeg 300w, https:\/\/cuernavaca.gob.mx\/wp-content\/uploads\/2025\/02\/WhatsApp-Image-2025-02-28-at-10.50.18-AM-768x512.jpeg 768w, https:\/\/cuernavaca.gob.mx\/wp-content\/uploads\/2025\/02\/WhatsApp-Image-2025-02-28-at-10.50.18-AM-1536x1023.jpeg 1536w, https:\/\/cuernavaca.gob.mx\/wp-content\/uploads\/2025\/02\/WhatsApp-Image-2025-02-28-at-10.50.18-AM-600x400.jpeg 600w, https:\/\/cuernavaca.gob.mx\/wp-content\/uploads\/2025\/02\/WhatsApp-Image-2025-02-28-at-10.50.18-AM-560x373.jpeg 560w, https:\/\/cuernavaca.gob.mx\/wp-content\/uploads\/2025\/02\/WhatsApp-Image-2025-02-28-at-10.50.18-AM.jpeg 1600w\" sizes=\"(max-width: 1024px) 100vw, 1024px\" \/>\t\t\t\t\t\t\t\t\t\t\t\t\t\t\t<\/div>\n\t\t\t\t<\/div>\n\t\t\t\t\t<\/div>\n\t\t<\/div>\n\t\t\t\t<div class=\"elementor-column elementor-col-25 elementor-top-column elementor-element elementor-element-f448629\" data-id=\"f448629\" data-element_type=\"column\">\n\t\t\t<div class=\"elementor-widget-wrap elementor-element-populated\">\n\t\t\t\t\t\t\t\t<div class=\"elementor-element elementor-element-38d603c elementor-widget elementor-widget-heading\" data-id=\"38d603c\" data-element_type=\"widget\" data-widget_type=\"heading.default\">\n\t\t\t\t<div class=\"elementor-widget-container\">\n\t\t\t<style>\/*! elementor - v3.6.4 - 13-04-2022 *\/\n.elementor-heading-title{padding:0;margin:0;line-height:1}.elementor-widget-heading .elementor-heading-title[class*=elementor-size-]>a{color:inherit;font-size:inherit;line-height:inherit}.elementor-widget-heading .elementor-heading-title.elementor-size-small{font-size:15px}.elementor-widget-heading .elementor-heading-title.elementor-size-medium{font-size:19px}.elementor-widget-heading .elementor-heading-title.elementor-size-large{font-size:29px}.elementor-widget-heading .elementor-heading-title.elementor-size-xl{font-size:39px}.elementor-widget-heading .elementor-heading-title.elementor-size-xxl{font-size:59px}<\/style><h2 class=\"elementor-heading-title elementor-size-default\">Descarga tu foto con el Alcalde de Cuernavaca Jos\u00e9 Luis Uri\u00f3stegui Salgado<\/h2>\t\t<\/div>\n\t\t\t\t<\/div>\n\t\t\t\t<div class=\"elementor-element elementor-element-5172d90 elementor-align-left elementor-widget__width-auto elementor-widget-tablet__width-inherit elementor-mobile-align-center elementor-widget elementor-widget-button\" data-id=\"5172d90\" data-element_type=\"widget\" data-widget_type=\"button.default\">\n\t\t\t\t<div class=\"elementor-widget-container\">\n\t\t\t\t\t<div class=\"elementor-button-wrapper\">\n\t\t\t<a href=\"https:\/\/cuernavaca.gob.mx\/?page_id=17670\" class=\"elementor-button-link elementor-button elementor-size-sm\" role=\"button\">\n\t\t\t\t\t\t<span class=\"elementor-button-content-wrapper\">\n\t\t\t\t\t\t<span class=\"elementor-button-text\">GALER\u00cdA<\/span>\n\t\t<\/span>\n\t\t\t\t\t<\/a>\n\t\t<\/div>\n\t\t\t\t<\/div>\n\t\t\t\t<\/div>\n\t\t\t\t\t<\/div>\n\t\t<\/div>\n\t\t\t\t<div class=\"elementor-column elementor-col-25 elementor-top-column elementor-element elementor-element-895497e\" data-id=\"895497e\" data-element_type=\"column\">\n\t\t\t<div class=\"elementor-widget-wrap elementor-element-populated\">\n\t\t\t\t\t\t\t\t<div class=\"elementor-element elementor-element-8385b92 elementor-hidden-desktop elementor-hidden-tablet elementor-hidden-mobile elementor-view-default elementor-widget elementor-widget-icon\" data-id=\"8385b92\" data-element_type=\"widget\" data-widget_type=\"icon.default\">\n\t\t\t\t<div class=\"elementor-widget-container\">\n\t\t\t\t\t<div class=\"elementor-icon-wrapper\">\n\t\t\t<div class=\"elementor-icon\">\n\t\t\t<i aria-hidden=\"true\" class=\"fas fa-camera-retro\"><\/i>\t\t\t<\/div>\n\t\t<\/div>\n\t\t\t\t<\/div>\n\t\t\t\t<\/div>\n\t\t\t\t\t<\/div>\n\t\t<\/div>\n\t\t\t\t\t\t\t<\/div>\n\t\t<\/section>\n\t\t\t\t<section class=\"elementor-section elementor-top-section elementor-element elementor-element-fa63535 elementor-section-boxed elementor-section-height-default elementor-section-height-default\" data-id=\"fa63535\" data-element_type=\"section\">\n\t\t\t\t\t\t<div class=\"elementor-container elementor-column-gap-default\">\n\t\t\t\t\t<div class=\"elementor-column elementor-col-50 elementor-top-column elementor-element elementor-element-9905958\" data-id=\"9905958\" data-element_type=\"column\">\n\t\t\t<div class=\"elementor-widget-wrap elementor-element-populated\">\n\t\t\t\t\t\t\t\t<div class=\"elementor-element elementor-element-4ceadae elementor-widget elementor-widget-image\" data-id=\"4ceadae\" data-element_type=\"widget\" data-widget_type=\"image.default\">\n\t\t\t\t<div class=\"elementor-widget-container\">\n\t\t\t\t\t\t\t\t\t\t\t\t\t\t\t<img width=\"1024\" height=\"480\" src=\"https:\/\/cuernavaca.gob.mx\/wp-content\/uploads\/2020\/07\/banner-horarios-basura-1024x480.jpeg\" class=\"attachment-large size-large\" alt=\"\" loading=\"lazy\" srcset=\"https:\/\/cuernavaca.gob.mx\/wp-content\/uploads\/2020\/07\/banner-horarios-basura-1024x480.jpeg 1024w, https:\/\/cuernavaca.gob.mx\/wp-content\/uploads\/2020\/07\/banner-horarios-basura-300x141.jpeg 300w, https:\/\/cuernavaca.gob.mx\/wp-content\/uploads\/2020\/07\/banner-horarios-basura-768x360.jpeg 768w, https:\/\/cuernavaca.gob.mx\/wp-content\/uploads\/2020\/07\/banner-horarios-basura-1536x720.jpeg 1536w, https:\/\/cuernavaca.gob.mx\/wp-content\/uploads\/2020\/07\/banner-horarios-basura-600x281.jpeg 600w, https:\/\/cuernavaca.gob.mx\/wp-content\/uploads\/2020\/07\/banner-horarios-basura-560x263.jpeg 560w, https:\/\/cuernavaca.gob.mx\/wp-content\/uploads\/2020\/07\/banner-horarios-basura.jpeg 1600w\" sizes=\"(max-width: 1024px) 100vw, 1024px\" \/>\t\t\t\t\t\t\t\t\t\t\t\t\t\t\t<\/div>\n\t\t\t\t<\/div>\n\t\t\t\t\t<\/div>\n\t\t<\/div>\n\t\t\t\t<div class=\"elementor-column elementor-col-50 elementor-top-column elementor-element elementor-element-1238d4e\" data-id=\"1238d4e\" data-element_type=\"column\" id=\"cartelera\">\n\t\t\t<div class=\"elementor-widget-wrap elementor-element-populated\">\n\t\t\t\t\t\t\t\t<div class=\"elementor-element elementor-element-057c0de elementor-button-info elementor-align-justify elementor-widget__width-inherit elementor-widget elementor-widget-button\" data-id=\"057c0de\" data-element_type=\"widget\" data-widget_type=\"button.default\">\n\t\t\t\t<div class=\"elementor-widget-container\">\n\t\t\t\t\t<div class=\"elementor-button-wrapper\">\n\t\t\t<a href=\"https:\/\/cuernavaca.gob.mx\/wp-content\/uploads\/2020\/07\/HORARIOS-CENTRO.pdf\" target=\"_blank\" class=\"elementor-button-link elementor-button elementor-size-xl elementor-animation-shrink\" role=\"button\">\n\t\t\t\t\t\t<span class=\"elementor-button-content-wrapper\">\n\t\t\t\t\t\t\t<span class=\"elementor-button-icon elementor-align-icon-right\">\n\t\t\t\t<i aria-hidden=\"true\" class=\"fas fa-file-pdf\"><\/i>\t\t\t<\/span>\n\t\t\t\t\t\t<span class=\"elementor-button-text\">Centro Hist\u00f3rico<\/span>\n\t\t<\/span>\n\t\t\t\t\t<\/a>\n\t\t<\/div>\n\t\t\t\t<\/div>\n\t\t\t\t<\/div>\n\t\t\t\t<div class=\"elementor-element elementor-element-dc0d251 elementor-button-info elementor-align-justify elementor-widget__width-inherit elementor-widget elementor-widget-button\" data-id=\"dc0d251\" data-element_type=\"widget\" data-widget_type=\"button.default\">\n\t\t\t\t<div class=\"elementor-widget-container\">\n\t\t\t\t\t<div class=\"elementor-button-wrapper\">\n\t\t\t<a href=\"https:\/\/cuernavaca.gob.mx\/wp-content\/uploads\/2020\/07\/HORARIO-DE-RUTAS.pdf\" target=\"_blank\" class=\"elementor-button-link elementor-button elementor-size-xl elementor-animation-shrink\" role=\"button\">\n\t\t\t\t\t\t<span class=\"elementor-button-content-wrapper\">\n\t\t\t\t\t\t\t<span class=\"elementor-button-icon elementor-align-icon-right\">\n\t\t\t\t<i aria-hidden=\"true\" class=\"fas fa-file-pdf\"><\/i>\t\t\t<\/span>\n\t\t\t\t\t\t<span class=\"elementor-button-text\">Colonias <\/span>\n\t\t<\/span>\n\t\t\t\t\t<\/a>\n\t\t<\/div>\n\t\t\t\t<\/div>\n\t\t\t\t<\/div>\n\t\t\t\t\t<\/div>\n\t\t<\/div>\n\t\t\t\t\t\t\t<\/div>\n\t\t<\/section>\n\t\t\t\t<section class=\"elementor-section elementor-top-section elementor-element elementor-element-23f8a73 elementor-section-stretched elementor-section-boxed elementor-section-height-default elementor-section-height-default\" data-id=\"23f8a73\" data-element_type=\"section\" data-settings=\"{&quot;background_background&quot;:&quot;classic&quot;,&quot;stretch_section&quot;:&quot;section-stretched&quot;}\">\n\t\t\t\t\t\t<div class=\"elementor-container elementor-column-gap-default\">\n\t\t\t\t\t<div class=\"elementor-column elementor-col-50 elementor-top-column elementor-element elementor-element-251aa71\" data-id=\"251aa71\" data-element_type=\"column\">\n\t\t\t<div class=\"elementor-widget-wrap elementor-element-populated\">\n\t\t\t\t\t\t\t\t<section class=\"elementor-section elementor-inner-section elementor-element elementor-element-fe407bf elementor-section-boxed elementor-section-height-default elementor-section-height-default\" data-id=\"fe407bf\" data-element_type=\"section\">\n\t\t\t\t\t\t<div class=\"elementor-container elementor-column-gap-default\">\n\t\t\t\t\t<div class=\"elementor-column elementor-col-100 elementor-inner-column elementor-element elementor-element-2db4464\" data-id=\"2db4464\" data-element_type=\"column\">\n\t\t\t<div class=\"elementor-widget-wrap elementor-element-populated\">\n\t\t\t\t\t\t\t\t<div class=\"elementor-element elementor-element-441bb9f elementor-widget elementor-widget-text-editor\" data-id=\"441bb9f\" data-element_type=\"widget\" data-widget_type=\"text-editor.default\">\n\t\t\t\t<div class=\"elementor-widget-container\">\n\t\t\t<style>\/*! elementor - v3.6.4 - 13-04-2022 *\/\n.elementor-widget-text-editor.elementor-drop-cap-view-stacked .elementor-drop-cap{background-color:#818a91;color:#fff}.elementor-widget-text-editor.elementor-drop-cap-view-framed .elementor-drop-cap{color:#818a91;border:3px solid;background-color:transparent}.elementor-widget-text-editor:not(.elementor-drop-cap-view-default) .elementor-drop-cap{margin-top:8px}.elementor-widget-text-editor:not(.elementor-drop-cap-view-default) .elementor-drop-cap-letter{width:1em;height:1em}.elementor-widget-text-editor .elementor-drop-cap{float:left;text-align:center;line-height:1;font-size:50px}.elementor-widget-text-editor .elementor-drop-cap-letter{display:inline-block}<\/style>\t\t\t\t<p>El Ayuntamiento de Cuernavaca da a conocer los Supervisores Acreditados para verificar a comercios y establecimientos.<\/p><p>Se invita a los comerciantes del municipio no dejarse enga\u00f1ar por supuestos supervisores, en caso de recibir llamadas o recibir la visita de personas que no aparecen en esta lista oficial, denunciarlos en la Central de Emergencia <span style=\"color: #ff7b28;\"><strong>7773121274<\/strong><\/span><\/p><p>No seas v\u00edctima de posibles casos de extorsi\u00f3n.<\/p><p>En caso de que alg\u00fan servidor p\u00fablico que aparece en esta lista te pida dinero o un tipo de soborno, den\u00fancialo ante la Contralor\u00eda Municipal al tel\u00e9fono<span style=\"color: #ff6600;\"><strong> 777-329-35-00 EXT. 4407<\/strong><\/span> o al correo <span style=\"text-decoration: underline; color: #ffcc00;\">denunciasyquejas@cuernavaca.gob.mx<\/span><\/p>\t\t\t\t\t\t<\/div>\n\t\t\t\t<\/div>\n\t\t\t\t\t<\/div>\n\t\t<\/div>\n\t\t\t\t\t\t\t<\/div>\n\t\t<\/section>\n\t\t\t\t<div class=\"elementor-element elementor-element-dd8662a elementor-align-center elementor-widget elementor-widget-button\" data-id=\"dd8662a\" data-element_type=\"widget\" data-widget_type=\"button.default\">\n\t\t\t\t<div class=\"elementor-widget-container\">\n\t\t\t\t\t<div class=\"elementor-button-wrapper\">\n\t\t\t<a href=\"https:\/\/cuernavaca.gob.mx\/wp-content\/uploads\/2020\/07\/verificadores_mayo2025.pdf\" target=\"_blank\" class=\"elementor-button-link elementor-button elementor-size-lg\" role=\"button\">\n\t\t\t\t\t\t<span class=\"elementor-button-content-wrapper\">\n\t\t\t\t\t\t<span class=\"elementor-button-text\">Inspectores Autorizados<\/span>\n\t\t<\/span>\n\t\t\t\t\t<\/a>\n\t\t<\/div>\n\t\t\t\t<\/div>\n\t\t\t\t<\/div>\n\t\t\t\t\t<\/div>\n\t\t<\/div>\n\t\t\t\t<div class=\"elementor-column elementor-col-50 elementor-top-column elementor-element elementor-element-d26cfb9\" data-id=\"d26cfb9\" data-element_type=\"column\">\n\t\t\t<div class=\"elementor-widget-wrap elementor-element-populated\">\n\t\t\t\t\t\t\t\t<div class=\"elementor-element elementor-element-81bc626 elementor-widget elementor-widget-image\" data-id=\"81bc626\" data-element_type=\"widget\" data-widget_type=\"image.default\">\n\t\t\t\t<div class=\"elementor-widget-container\">\n\t\t\t\t\t\t\t\t\t\t\t\t\t\t\t\t<a href=\"https:\/\/cuernavaca.gob.mx\/wp-content\/uploads\/2020\/07\/MANUAL-DE-ACTUACION-PARA-MUJERES-LIBRES-DE-VIOLENCIA3.pdf\">\n\t\t\t\t\t\t\t<img width=\"400\" height=\"518\" src=\"https:\/\/cuernavaca.gob.mx\/wp-content\/uploads\/2023\/03\/MANUAL-DE-ACTUACIO\u0301N-PARA-MUJERES-LIBRES-DE-VIOLENCIA2.jpg\" class=\"attachment-full size-full\" alt=\"\" loading=\"lazy\" srcset=\"https:\/\/cuernavaca.gob.mx\/wp-content\/uploads\/2023\/03\/MANUAL-DE-ACTUACIO\u0301N-PARA-MUJERES-LIBRES-DE-VIOLENCIA2.jpg 400w, https:\/\/cuernavaca.gob.mx\/wp-content\/uploads\/2023\/03\/MANUAL-DE-ACTUACIO\u0301N-PARA-MUJERES-LIBRES-DE-VIOLENCIA2-232x300.jpg 232w\" sizes=\"(max-width: 400px) 100vw, 400px\" \/>\t\t\t\t\t\t\t\t<\/a>\n\t\t\t\t\t\t\t\t\t\t\t\t\t\t\t<\/div>\n\t\t\t\t<\/div>\n\t\t\t\t\t<\/div>\n\t\t<\/div>\n\t\t\t\t\t\t\t<\/div>\n\t\t<\/section>\n\t\t\t\t<section class=\"elementor-section elementor-top-section elementor-element elementor-element-ef95416 elementor-section-stretched elementor-section-boxed elementor-section-height-default elementor-section-height-default\" data-id=\"ef95416\" data-element_type=\"section\" data-settings=\"{&quot;background_background&quot;:&quot;classic&quot;,&quot;stretch_section&quot;:&quot;section-stretched&quot;}\">\n\t\t\t\t\t\t<div class=\"elementor-container elementor-column-gap-default\">\n\t\t\t\t\t<div class=\"elementor-column elementor-col-100 elementor-top-column elementor-element elementor-element-04918e2\" data-id=\"04918e2\" data-element_type=\"column\">\n\t\t\t<div class=\"elementor-widget-wrap\">\n\t\t\t\t\t\t\t\t\t<\/div>\n\t\t<\/div>\n\t\t\t\t\t\t\t<\/div>\n\t\t<\/section>\n\t\t\t\t<section class=\"elementor-section elementor-top-section elementor-element elementor-element-d808149 elementor-section-stretched elementor-section-boxed elementor-section-height-default elementor-section-height-default\" data-id=\"d808149\" data-element_type=\"section\" data-settings=\"{&quot;background_background&quot;:&quot;classic&quot;,&quot;stretch_section&quot;:&quot;section-stretched&quot;}\">\n\t\t\t\t\t\t<div class=\"elementor-container elementor-column-gap-default\">\n\t\t\t\t\t<div class=\"elementor-column elementor-col-50 elementor-top-column elementor-element elementor-element-00d17e9\" data-id=\"00d17e9\" data-element_type=\"column\">\n\t\t\t<div class=\"elementor-widget-wrap elementor-element-populated\">\n\t\t\t\t\t\t\t\t<div class=\"elementor-element elementor-element-aafe1c6 elementor-widget elementor-widget-heading\" data-id=\"aafe1c6\" data-element_type=\"widget\" data-widget_type=\"heading.default\">\n\t\t\t\t<div class=\"elementor-widget-container\">\n\t\t\t<h2 class=\"elementor-heading-title elementor-size-default\">Lic. Jos\u00e9 Luis Uri\u00f3stegui Salgado\n<br>Presidente municipal<\/h2>\t\t<\/div>\n\t\t\t\t<\/div>\n\t\t\t\t<div class=\"elementor-element elementor-element-c3aa247 elementor-widget elementor-widget-text-editor\" data-id=\"c3aa247\" data-element_type=\"widget\" data-widget_type=\"text-editor.default\">\n\t\t\t\t<div class=\"elementor-widget-container\">\n\t\t\t\t\t\t\t<p style=\"text-align: justify;\"><span style=\"font-family: var( --e-global-typography-text-font-family ), Sans-serif; font-weight: var( --e-global-typography-text-font-weight ); letter-spacing: 0px; text-align: left;\">Hoy m\u00e1s que nunca, sumando esfuerzos y voluntades tenemos la oportunidad de hacer que nuestra ciudad renazca del caos y el abandono, entre todas y todos podemos lograr que nuestra querida Cuernavaca sea una tierra f\u00e9rtil y prospera, donde nuestros hijos vivan seguros y plenitud, el turismo resurja y quienes nos visitan se lleven un grato recuerdo en sus memorias, un lugar donde vivamos en armon\u00eda con respeto a la naturaleza, nos sint\u00e1monos orgullosos de la herencia hist\u00f3rica de nuestros 12 pueblos, nuestras ra\u00edces y cultura.<\/span><\/p>\t\t\t\t\t\t<\/div>\n\t\t\t\t<\/div>\n\t\t\t\t<div class=\"elementor-element elementor-element-19a0104 egovt_heading_border_left elementor-widget elementor-widget-heading\" data-id=\"19a0104\" data-element_type=\"widget\" data-widget_type=\"heading.default\">\n\t\t\t\t<div class=\"elementor-widget-container\">\n\t\t\t<h2 class=\"elementor-heading-title elementor-size-default\">\u201cCuernavaca, ciudad que renace.\u201d<\/h2>\t\t<\/div>\n\t\t\t\t<\/div>\n\t\t\t\t<section class=\"elementor-section elementor-inner-section elementor-element elementor-element-da9e08a elementor-section-boxed elementor-section-height-default elementor-section-height-default\" data-id=\"da9e08a\" data-element_type=\"section\">\n\t\t\t\t\t\t<div class=\"elementor-container elementor-column-gap-default\">\n\t\t\t\t\t<div class=\"elementor-column elementor-col-50 elementor-inner-column elementor-element elementor-element-47d40f9\" data-id=\"47d40f9\" data-element_type=\"column\">\n\t\t\t<div class=\"elementor-widget-wrap elementor-element-populated\">\n\t\t\t\t\t\t\t\t<div class=\"elementor-element elementor-element-406d741 elementor-view-default elementor-widget elementor-widget-icon\" data-id=\"406d741\" data-element_type=\"widget\" data-widget_type=\"icon.default\">\n\t\t\t\t<div class=\"elementor-widget-container\">\n\t\t\t\t\t<div class=\"elementor-icon-wrapper\">\n\t\t\t<a class=\"elementor-icon\" href=\"https:\/\/incognitapro.com\/cuernavaca\/organigrama\/\">\n\t\t\t<i aria-hidden=\"true\" class=\"fas fa-users\"><\/i>\t\t\t<\/a>\n\t\t<\/div>\n\t\t\t\t<\/div>\n\t\t\t\t<\/div>\n\t\t\t\t\t<\/div>\n\t\t<\/div>\n\t\t\t\t<div class=\"elementor-column elementor-col-50 elementor-inner-column elementor-element elementor-element-0a32fd2\" data-id=\"0a32fd2\" data-element_type=\"column\">\n\t\t\t<div class=\"elementor-widget-wrap elementor-element-populated\">\n\t\t\t\t\t\t\t\t<div class=\"elementor-element elementor-element-2ffc76e elementor-widget__width-auto elementor-widget elementor-widget-heading\" data-id=\"2ffc76e\" data-element_type=\"widget\" data-settings=\"{&quot;_animation&quot;:&quot;none&quot;}\" data-widget_type=\"heading.default\">\n\t\t\t\t<div class=\"elementor-widget-container\">\n\t\t\t<h1 class=\"elementor-heading-title elementor-size-medium\"><a href=\"https:\/\/cuernavaca.gob.mx\/?page_id=408\">Conoce al cabildo<\/a><\/h1>\t\t<\/div>\n\t\t\t\t<\/div>\n\t\t\t\t\t<\/div>\n\t\t<\/div>\n\t\t\t\t\t\t\t<\/div>\n\t\t<\/section>\n\t\t\t\t\t<\/div>\n\t\t<\/div>\n\t\t\t\t<div class=\"elementor-column elementor-col-50 elementor-top-column elementor-element elementor-element-611fe37\" data-id=\"611fe37\" data-element_type=\"column\">\n\t\t\t<div class=\"elementor-widget-wrap elementor-element-populated\">\n\t\t\t\t\t\t\t\t<div class=\"elementor-element elementor-element-42bb64f elementor-invisible elementor-widget elementor-widget-image\" data-id=\"42bb64f\" data-element_type=\"widget\" data-settings=\"{&quot;_animation&quot;:&quot;slideInUp&quot;,&quot;_animation_delay&quot;:300,&quot;_animation_mobile&quot;:&quot;none&quot;}\" data-widget_type=\"image.default\">\n\t\t\t\t<div class=\"elementor-widget-container\">\n\t\t\t\t\t\t\t\t\t\t\t\t\t\t\t<img width=\"561\" height=\"671\" src=\"https:\/\/cuernavaca.gob.mx\/wp-content\/uploads\/2022\/04\/Jose\u0301-Luis-Urio\u0301stegui-Salgado-3-e1643212300744.jpg\" class=\"attachment-large size-large\" alt=\"\" loading=\"lazy\" srcset=\"https:\/\/cuernavaca.gob.mx\/wp-content\/uploads\/2022\/04\/Jose\u0301-Luis-Urio\u0301stegui-Salgado-3-e1643212300744.jpg 561w, https:\/\/cuernavaca.gob.mx\/wp-content\/uploads\/2022\/04\/Jose\u0301-Luis-Urio\u0301stegui-Salgado-3-e1643212300744-251x300.jpg 251w, https:\/\/cuernavaca.gob.mx\/wp-content\/uploads\/2022\/04\/Jose\u0301-Luis-Urio\u0301stegui-Salgado-3-e1643212300744-502x600.jpg 502w, https:\/\/cuernavaca.gob.mx\/wp-content\/uploads\/2022\/04\/Jose\u0301-Luis-Urio\u0301stegui-Salgado-3-e1643212300744-468x560.jpg 468w\" sizes=\"(max-width: 561px) 100vw, 561px\" \/>\t\t\t\t\t\t\t\t\t\t\t\t\t\t\t<\/div>\n\t\t\t\t<\/div>\n\t\t\t\t\t<\/div>\n\t\t<\/div>\n\t\t\t\t\t\t\t<\/div>\n\t\t<\/section>\n\t\t\t\t<section class=\"elementor-section elementor-top-section elementor-element elementor-element-37470d9 elementor-section-stretched elementor-section-boxed elementor-section-height-default elementor-section-height-default\" data-id=\"37470d9\" data-element_type=\"section\" data-settings=\"{&quot;background_background&quot;:&quot;classic&quot;,&quot;stretch_section&quot;:&quot;section-stretched&quot;}\">\n\t\t\t\t\t\t<div class=\"elementor-container elementor-column-gap-default\">\n\t\t\t\t\t<div class=\"elementor-column elementor-col-50 elementor-top-column elementor-element elementor-element-0bdf59f\" data-id=\"0bdf59f\" data-element_type=\"column\">\n\t\t\t<div class=\"elementor-widget-wrap elementor-element-populated\">\n\t\t\t\t\t\t\t\t<div class=\"elementor-element elementor-element-567f339 elementor-widget elementor-widget-ova_heading\" data-id=\"567f339\" data-element_type=\"widget\" data-widget_type=\"ova_heading.default\">\n\t\t\t\t<div class=\"elementor-widget-container\">\n\t\t\t\t\t<div class=\"ova-heading\">\n\t\t\t\n\t\t\t\t\t\t\t<h3 class=\"title second_font\">Noticias<\/h3>\n\t\t\t\n\t\t\t\t\t\t\t<p class=\"sub-title \">Sala de prensa con la informaci\u00f3n oficial del Municipio de Cuernavaca.<\/p>\n\t\t\t\n\t\t<\/div>\n\t\t\t\t<\/div>\n\t\t\t\t<\/div>\n\t\t\t\t<div class=\"elementor-element elementor-element-42d0d36 elementor-align-right elementor-widget__width-auto egovt-button-color-border-header elementor-widget elementor-widget-button\" data-id=\"42d0d36\" data-element_type=\"widget\" data-widget_type=\"button.default\">\n\t\t\t\t<div class=\"elementor-widget-container\">\n\t\t\t\t\t<div class=\"elementor-button-wrapper\">\n\t\t\t<a href=\"https:\/\/cuernavaca.gob.mx\/?page_id=70\" class=\"elementor-button-link elementor-button elementor-size-sm\" role=\"button\">\n\t\t\t\t\t\t<span class=\"elementor-button-content-wrapper\">\n\t\t\t\t\t\t<span class=\"elementor-button-text\">M\u00e1s noticias<\/span>\n\t\t<\/span>\n\t\t\t\t\t<\/a>\n\t\t<\/div>\n\t\t\t\t<\/div>\n\t\t\t\t<\/div>\n\t\t\t\t\t<\/div>\n\t\t<\/div>\n\t\t\t\t<div class=\"elementor-column elementor-col-50 elementor-top-column elementor-element elementor-element-aabcf60\" data-id=\"aabcf60\" data-element_type=\"column\">\n\t\t\t<div class=\"elementor-widget-wrap elementor-element-populated\">\n\t\t\t\t\t\t\t\t<div class=\"elementor-element elementor-element-7041c30 elementor-widget elementor-widget-ova_blog\" data-id=\"7041c30\" data-element_type=\"widget\" data-widget_type=\"ova_blog.default\">\n\t\t\t\t<div class=\"elementor-widget-container\">\n\t\t\t\n\t\t<div class=\"ova-blog blog-grid grid_medium\">\n\t\t\t<div class=\"ova-wrap-grid\">\n\t\t\t\t\t\t\t<article class=\"post-wrap\">\n\t\t\t\t\t<div class=\"wrap-article\">\n\t\t\t\t\t\t<div class=\"post-media\">\n\t\t\t\t\t\t\t\t\t\t\t\t\t\t\t<a href=\"https:\/\/cuernavaca.gob.mx\/?p=58686\">\n\n\t\t\t\t\t\t\t\t\t<img alt=\"B1137 27\/04\/26 CUERNAVACA ACLARA INTERVENCI\u00d3N ARB\u00d3REA Y REFUERZA MEDIDAS AMBIENTALES\" src=\"https:\/\/cuernavaca.gob.mx\/wp-content\/uploads\/2026\/04\/CUERNAVACA-ACLARA-INTERVENCIO\u0301N-ARBO\u0301REA-Y-REFUERZA-MEDIDAS-AMBIENTALES-2-560x373.jpg\" \n\t\t\t\t\t\t\t\t\t\t\t\n\t\t\t\t\t\t\t\t\t\t\tsrcset=\"https:\/\/cuernavaca.gob.mx\/wp-content\/uploads\/2026\/04\/CUERNAVACA-ACLARA-INTERVENCIO\u0301N-ARBO\u0301REA-Y-REFUERZA-MEDIDAS-AMBIENTALES-2-560x373.jpg 560w,\n\t\t\t\t\t\t\t\t\t\t\thttps:\/\/cuernavaca.gob.mx\/wp-content\/uploads\/2026\/04\/CUERNAVACA-ACLARA-INTERVENCIO\u0301N-ARBO\u0301REA-Y-REFUERZA-MEDIDAS-AMBIENTALES-2-300x200.jpg 300w\" \n\t\t\t\t\t\t\t\t\t\t\tsizes=\"(max-width: 767px) 100vw, 560px\" >\n\t\t\t\t\t\t\t\t<\/a>\n\t\t\t\t\t\t\t\t\t\t\t\t\t<\/div>\n\t\t\t\t\t\t<div class=\"evgovt-content\">\n\t\t\t\t\t\t\t\t\t\t\t\t\t\t<div class=\"post-meta-date\">\n\t\t\t\t\t\t\t\t<span class=\"post-meta-content-date\">\n\t\t\t\t\t\t\t\t    <span class=\" post-date\">\n\t\t\t\t\t\t\t\t        <span class=\"right second_font\">27 abril, 2026<\/span>\n\t\t\t\t\t\t\t\t    <\/span>\n\t\t\t\t\t\t\t\t<\/span>\n\t\t\t\t\t\t\t<\/div>\n\t\t\t\t\t\t\t\n\t\t\t\t\t\t\t\t\t\t\t\t\t\t\t\t\t\t\t\t\t<div class=\"post-title\">\n\t\t\t\t\t\t\t\t<a href=\"https:\/\/cuernavaca.gob.mx\/?p=58686\" rel=\"bookmark\" title=\"B1137 27\/04\/26 CUERNAVACA ACLARA INTERVENCI\u00d3N ARB\u00d3REA Y REFUERZA MEDIDAS AMBIENTALES\">\n\t\t\t\t\t\t\t\t\t<h2 class=\"post-title\">B1137 27\/04\/26 CUERNAVACA ACLARA INTERVENCI\u00d3N ARB\u00d3REA Y REFUERZA MEDIDAS AMBIENTALES<\/h2>\n\t\t\t\t\t\t\t    <\/a>\n\t\t\t\t\t\t\t<\/div>\n\t\t\t\t\t\t\t\t\t\t\t\t\t\t\t\t\t\t\t\t\t<div class=\"post-footer\">\n\t\t\t\t\t\t\t\t<div class=\"egovt-post-readmore\">\n\t\t\t\t\t\t\t\t    <a class=\"btn-readmore second_font\" href=\"https:\/\/cuernavaca.gob.mx\/?p=58686\">\n\t\t\t\t\t\t\t\t    \tLeer m\u00e1s\t\t\t\t\t\t\t\t    \t<i data-feather=\"arrow-right\"><\/i>\n\t\t\t\t\t\t\t\t    <\/a>\n\t\t\t\t\t\t\t\t<\/div>\n\t\t\t\t\t\t\t<\/div>\n\t\t\t\t\t\t\t\t\t\t\t\t\t<\/div>\n\t\t\t\t\t<\/div>\n\t\t\t\t<\/article>\n\t\t\t\t\t\t\t<article class=\"post-wrap\">\n\t\t\t\t\t<div class=\"wrap-article\">\n\t\t\t\t\t\t<div class=\"post-media\">\n\t\t\t\t\t\t\t\t\t\t\t\t\t\t\t<a href=\"https:\/\/cuernavaca.gob.mx\/?p=58678\">\n\n\t\t\t\t\t\t\t\t\t<img alt=\"B1136 27\/04\/26 GOBIERNO MUNICIPAL ARRANCA PROGRAMA INTEGRAL &#8220;ILUMINANDO CUERNAVACA&#8221;\" src=\"https:\/\/cuernavaca.gob.mx\/wp-content\/uploads\/2026\/04\/GOBIERNO-MUNICIPAL-ARRANCA-PROGRAMA-INTEGRAL-22ILUMINANDO-CUERNAVACA22-3-560x374.jpg\" \n\t\t\t\t\t\t\t\t\t\t\t\n\t\t\t\t\t\t\t\t\t\t\tsrcset=\"https:\/\/cuernavaca.gob.mx\/wp-content\/uploads\/2026\/04\/GOBIERNO-MUNICIPAL-ARRANCA-PROGRAMA-INTEGRAL-22ILUMINANDO-CUERNAVACA22-3-560x374.jpg 560w,\n\t\t\t\t\t\t\t\t\t\t\thttps:\/\/cuernavaca.gob.mx\/wp-content\/uploads\/2026\/04\/GOBIERNO-MUNICIPAL-ARRANCA-PROGRAMA-INTEGRAL-22ILUMINANDO-CUERNAVACA22-3-300x200.jpg 300w\" \n\t\t\t\t\t\t\t\t\t\t\tsizes=\"(max-width: 767px) 100vw, 560px\" >\n\t\t\t\t\t\t\t\t<\/a>\n\t\t\t\t\t\t\t\t\t\t\t\t\t<\/div>\n\t\t\t\t\t\t<div class=\"evgovt-content\">\n\t\t\t\t\t\t\t\t\t\t\t\t\t\t<div class=\"post-meta-date\">\n\t\t\t\t\t\t\t\t<span class=\"post-meta-content-date\">\n\t\t\t\t\t\t\t\t    <span class=\" post-date\">\n\t\t\t\t\t\t\t\t        <span class=\"right second_font\">27 abril, 2026<\/span>\n\t\t\t\t\t\t\t\t    <\/span>\n\t\t\t\t\t\t\t\t<\/span>\n\t\t\t\t\t\t\t<\/div>\n\t\t\t\t\t\t\t\n\t\t\t\t\t\t\t\t\t\t\t\t\t\t\t\t\t\t\t\t\t<div class=\"post-title\">\n\t\t\t\t\t\t\t\t<a href=\"https:\/\/cuernavaca.gob.mx\/?p=58678\" rel=\"bookmark\" title=\"B1136 27\/04\/26 GOBIERNO MUNICIPAL ARRANCA PROGRAMA INTEGRAL &#8220;ILUMINANDO CUERNAVACA&#8221;\">\n\t\t\t\t\t\t\t\t\t<h2 class=\"post-title\">B1136 27\/04\/26 GOBIERNO MUNICIPAL ARRANCA PROGRAMA INTEGRAL &#8220;ILUMINANDO CUERNAVACA&#8221;<\/h2>\n\t\t\t\t\t\t\t    <\/a>\n\t\t\t\t\t\t\t<\/div>\n\t\t\t\t\t\t\t\t\t\t\t\t\t\t\t\t\t\t\t\t\t<div class=\"post-footer\">\n\t\t\t\t\t\t\t\t<div class=\"egovt-post-readmore\">\n\t\t\t\t\t\t\t\t    <a class=\"btn-readmore second_font\" href=\"https:\/\/cuernavaca.gob.mx\/?p=58678\">\n\t\t\t\t\t\t\t\t    \tLeer m\u00e1s\t\t\t\t\t\t\t\t    \t<i data-feather=\"arrow-right\"><\/i>\n\t\t\t\t\t\t\t\t    <\/a>\n\t\t\t\t\t\t\t\t<\/div>\n\t\t\t\t\t\t\t<\/div>\n\t\t\t\t\t\t\t\t\t\t\t\t\t<\/div>\n\t\t\t\t\t<\/div>\n\t\t\t\t<\/article>\n\t\t\t\t\t\t\t<article class=\"post-wrap\">\n\t\t\t\t\t<div class=\"wrap-article\">\n\t\t\t\t\t\t<div class=\"post-media\">\n\t\t\t\t\t\t\t\t\t\t\t\t\t\t\t<a href=\"https:\/\/cuernavaca.gob.mx\/?p=58647\">\n\n\t\t\t\t\t\t\t\t\t<img alt=\"F227 27\/04\/26 IMC IMPULSA ALIANZAS PARA FORTALECER LA SALUD DE LAS MUJERES\" src=\"https:\/\/cuernavaca.gob.mx\/wp-content\/uploads\/2026\/04\/IMC-IMPULSA-ALIANZAS-PARA-FORTALECER-LA-SALUD-DE-LAS-MUJERES-1-560x316.jpg\" \n\t\t\t\t\t\t\t\t\t\t\t\n\t\t\t\t\t\t\t\t\t\t\tsrcset=\"https:\/\/cuernavaca.gob.mx\/wp-content\/uploads\/2026\/04\/IMC-IMPULSA-ALIANZAS-PARA-FORTALECER-LA-SALUD-DE-LAS-MUJERES-1-560x316.jpg 560w,\n\t\t\t\t\t\t\t\t\t\t\thttps:\/\/cuernavaca.gob.mx\/wp-content\/uploads\/2026\/04\/IMC-IMPULSA-ALIANZAS-PARA-FORTALECER-LA-SALUD-DE-LAS-MUJERES-1-300x169.jpg 300w\" \n\t\t\t\t\t\t\t\t\t\t\tsizes=\"(max-width: 767px) 100vw, 560px\" >\n\t\t\t\t\t\t\t\t<\/a>\n\t\t\t\t\t\t\t\t\t\t\t\t\t<\/div>\n\t\t\t\t\t\t<div class=\"evgovt-content\">\n\t\t\t\t\t\t\t\t\t\t\t\t\t\t<div class=\"post-meta-date\">\n\t\t\t\t\t\t\t\t<span class=\"post-meta-content-date\">\n\t\t\t\t\t\t\t\t    <span class=\" post-date\">\n\t\t\t\t\t\t\t\t        <span class=\"right second_font\">27 abril, 2026<\/span>\n\t\t\t\t\t\t\t\t    <\/span>\n\t\t\t\t\t\t\t\t<\/span>\n\t\t\t\t\t\t\t<\/div>\n\t\t\t\t\t\t\t\n\t\t\t\t\t\t\t\t\t\t\t\t\t\t\t\t\t\t\t\t\t<div class=\"post-title\">\n\t\t\t\t\t\t\t\t<a href=\"https:\/\/cuernavaca.gob.mx\/?p=58647\" rel=\"bookmark\" title=\"F227 27\/04\/26 IMC IMPULSA ALIANZAS PARA FORTALECER LA SALUD DE LAS MUJERES\">\n\t\t\t\t\t\t\t\t\t<h2 class=\"post-title\">F227 27\/04\/26 IMC IMPULSA ALIANZAS PARA FORTALECER LA SALUD DE LAS MUJERES<\/h2>\n\t\t\t\t\t\t\t    <\/a>\n\t\t\t\t\t\t\t<\/div>\n\t\t\t\t\t\t\t\t\t\t\t\t\t\t\t\t\t\t\t\t\t<div class=\"post-footer\">\n\t\t\t\t\t\t\t\t<div class=\"egovt-post-readmore\">\n\t\t\t\t\t\t\t\t    <a class=\"btn-readmore second_font\" href=\"https:\/\/cuernavaca.gob.mx\/?p=58647\">\n\t\t\t\t\t\t\t\t    \tLeer m\u00e1s\t\t\t\t\t\t\t\t    \t<i data-feather=\"arrow-right\"><\/i>\n\t\t\t\t\t\t\t\t    <\/a>\n\t\t\t\t\t\t\t\t<\/div>\n\t\t\t\t\t\t\t<\/div>\n\t\t\t\t\t\t\t\t\t\t\t\t\t<\/div>\n\t\t\t\t\t<\/div>\n\t\t\t\t<\/article>\n\t\t\t\t\t\t<\/div>\n\t\t<\/div>\n\t\t\t\t<\/div>\n\t\t\t\t<\/div>\n\t\t\t\t\t<\/div>\n\t\t<\/div>\n\t\t\t\t\t\t\t<\/div>\n\t\t<\/section>\n\t\t\t\t<section class=\"elementor-section elementor-top-section elementor-element elementor-element-cd5ca91 elementor-section-full_width elementor-section-height-default elementor-section-height-default\" data-id=\"cd5ca91\" data-element_type=\"section\" data-settings=\"{&quot;background_background&quot;:&quot;classic&quot;}\">\n\t\t\t\t\t\t<div class=\"elementor-container elementor-column-gap-no\">\n\t\t\t\t\t<div class=\"elementor-column elementor-col-50 elementor-top-column elementor-element elementor-element-9043e58\" data-id=\"9043e58\" data-element_type=\"column\">\n\t\t\t<div class=\"elementor-widget-wrap elementor-element-populated\">\n\t\t\t\t\t\t\t\t<div class=\"elementor-element elementor-element-3b63ad3 elementor-widget elementor-widget-heading\" data-id=\"3b63ad3\" data-element_type=\"widget\" data-widget_type=\"heading.default\">\n\t\t\t\t<div class=\"elementor-widget-container\">\n\t\t\t<h2 class=\"elementor-heading-title elementor-size-default\">Tr\u00e1mites y <br>Servicios<\/h2>\t\t<\/div>\n\t\t\t\t<\/div>\n\t\t\t\t<div class=\"elementor-element elementor-element-6b14cbd egovt-p-line-height-24 elementor-widget elementor-widget-text-editor\" data-id=\"6b14cbd\" data-element_type=\"widget\" data-widget_type=\"text-editor.default\">\n\t\t\t\t<div class=\"elementor-widget-container\">\n\t\t\t\t\t\t\t<p>Conoce todo lo necesario para los tr\u00e1mites y servicios.\u00a0 Mejorando tu visita al Ayuntamiento.<\/p>\t\t\t\t\t\t<\/div>\n\t\t\t\t<\/div>\n\t\t\t\t\t<\/div>\n\t\t<\/div>\n\t\t\t\t<div class=\"elementor-column elementor-col-50 elementor-top-column elementor-element elementor-element-83d76b2\" data-id=\"83d76b2\" data-element_type=\"column\">\n\t\t\t<div class=\"elementor-widget-wrap elementor-element-populated\">\n\t\t\t\t\t\t\t\t<section class=\"elementor-section elementor-inner-section elementor-element elementor-element-086d164 elementor-section-boxed elementor-section-height-default elementor-section-height-default\" data-id=\"086d164\" data-element_type=\"section\">\n\t\t\t\t\t\t<div class=\"elementor-container elementor-column-gap-default\">\n\t\t\t\t\t<div class=\"elementor-column elementor-col-50 elementor-inner-column elementor-element elementor-element-0ef3a1c elementor-invisible\" data-id=\"0ef3a1c\" data-element_type=\"column\" data-settings=\"{&quot;animation&quot;:&quot;fadeInUp&quot;,&quot;animation_tablet&quot;:&quot;none&quot;,&quot;animation_delay&quot;:200}\">\n\t\t\t<div class=\"elementor-widget-wrap elementor-element-populated\">\n\t\t\t\t\t\t\t\t<div class=\"elementor-element elementor-element-839de0f elementor-widget elementor-widget-ova_list_link\" data-id=\"839de0f\" data-element_type=\"widget\" data-widget_type=\"ova_list_link.default\">\n\t\t\t\t<div class=\"elementor-widget-container\">\n\t\t\t\t\t<div class=\"ova_list_link \">\n\t\t\t\t\t\t<h3 class=\"title\">\n\t\t\t\tTr\u00e1mites\t\t\t<\/h3>\n\t\t\t\t\t\t\t\t\t<ul class=\"content\">\n\t\t\t\t\t\t\t\t\t<li class=\"item\">\n\t\t\t\t\t\t<a href=\"https:\/\/cuernavaca.gob.mx\/dmer\/?page_id=2203\">\n\t\t\t\t\t\t\tRegistro civil\t\t\t\t\t\t\t\t\t\t\t\t\t\t<span class=\"icon\">\n\t\t\t\t\t\t\t\t<i data-feather=\"chevron-right\"><\/i>\n\t\t\t\t\t\t\t<\/span>\n\t\t\t\t\t\t    \t\t\t\t\t\t    \t\t\t\t\t\t\t<span class=\"icon-hover\">\n\t\t\t\t\t\t\t\t<i data-feather=\"arrow-right\"><\/i>\n\t\t\t\t\t\t\t<\/span>\n\t\t\t\t\t\t\t \t\t\t\t\t\t<\/a>\n\n\t\t\t\t\t<\/li>\n\t\t\t\t\t\t\t\t\t<li class=\"item\">\n\t\t\t\t\t\t<a href=\"https:\/\/cuernavaca.gob.mx\/dmer\/?page_id=2101\">\n\t\t\t\t\t\t\tObras p\u00fablicas\t\t\t\t\t\t\t\t\t\t\t\t\t\t<span class=\"icon\">\n\t\t\t\t\t\t\t\t<i data-feather=\"chevron-right\"><\/i>\n\t\t\t\t\t\t\t<\/span>\n\t\t\t\t\t\t    \t\t\t\t\t\t    \t\t\t\t\t\t\t<span class=\"icon-hover\">\n\t\t\t\t\t\t\t\t<i data-feather=\"arrow-right\"><\/i>\n\t\t\t\t\t\t\t<\/span>\n\t\t\t\t\t\t\t \t\t\t\t\t\t<\/a>\n\n\t\t\t\t\t<\/li>\n\t\t\t\t\t\t\t\t\t<li class=\"item\">\n\t\t\t\t\t\t<a href=\"https:\/\/cuernavaca.gob.mx\/dmer\/?page_id=1582\">\n\t\t\t\t\t\t\tSAPAC\t\t\t\t\t\t\t\t\t\t\t\t\t\t<span class=\"icon\">\n\t\t\t\t\t\t\t\t<i data-feather=\"chevron-right\"><\/i>\n\t\t\t\t\t\t\t<\/span>\n\t\t\t\t\t\t    \t\t\t\t\t\t    \t\t\t\t\t\t\t<span class=\"icon-hover\">\n\t\t\t\t\t\t\t\t<i data-feather=\"arrow-right\"><\/i>\n\t\t\t\t\t\t\t<\/span>\n\t\t\t\t\t\t\t \t\t\t\t\t\t<\/a>\n\n\t\t\t\t\t<\/li>\n\t\t\t\t\t\t\t\t\t<li class=\"item\">\n\t\t\t\t\t\t<a href=\"https:\/\/cuernavaca.gob.mx\/dmer\/?page_id=1848\">\n\t\t\t\t\t\t\tCatastro\t\t\t\t\t\t\t\t\t\t\t\t\t\t<span class=\"icon\">\n\t\t\t\t\t\t\t\t<i data-feather=\"chevron-right\"><\/i>\n\t\t\t\t\t\t\t<\/span>\n\t\t\t\t\t\t    \t\t\t\t\t\t    \t\t\t\t\t\t\t<span class=\"icon-hover\">\n\t\t\t\t\t\t\t\t<i data-feather=\"arrow-right\"><\/i>\n\t\t\t\t\t\t\t<\/span>\n\t\t\t\t\t\t\t \t\t\t\t\t\t<\/a>\n\n\t\t\t\t\t<\/li>\n\t\t\t\t\t\t\t\t\t<li class=\"item\">\n\t\t\t\t\t\t<a href=\"https:\/\/cuernavaca.gob.mx\/dmer\/?page_id=1826\">\n\t\t\t\t\t\t\tBecas\t\t\t\t\t\t\t\t\t\t\t\t\t\t<span class=\"icon\">\n\t\t\t\t\t\t\t\t<i data-feather=\"chevron-right\"><\/i>\n\t\t\t\t\t\t\t<\/span>\n\t\t\t\t\t\t    \t\t\t\t\t\t    \t\t\t\t\t\t\t<span class=\"icon-hover\">\n\t\t\t\t\t\t\t\t<i data-feather=\"arrow-right\"><\/i>\n\t\t\t\t\t\t\t<\/span>\n\t\t\t\t\t\t\t \t\t\t\t\t\t<\/a>\n\n\t\t\t\t\t<\/li>\n\t\t\t\t\t\t\t\t\t<li class=\"item\">\n\t\t\t\t\t\t<a href=\"https:\/\/cuernavaca.gob.mx\/dmer\/?page_id=1654\">\n\t\t\t\t\t\t\tApoyos sociales\t\t\t\t\t\t\t\t\t\t\t\t\t\t<span class=\"icon\">\n\t\t\t\t\t\t\t\t<i data-feather=\"chevron-right\"><\/i>\n\t\t\t\t\t\t\t<\/span>\n\t\t\t\t\t\t    \t\t\t\t\t\t    \t\t\t\t\t\t\t<span class=\"icon-hover\">\n\t\t\t\t\t\t\t\t<i data-feather=\"arrow-right\"><\/i>\n\t\t\t\t\t\t\t<\/span>\n\t\t\t\t\t\t\t \t\t\t\t\t\t<\/a>\n\n\t\t\t\t\t<\/li>\n\t\t\t\t\t\t\t<\/ul>\n\t\t\t\t\t<\/div>\n\t\t\t\t<\/div>\n\t\t\t\t<\/div>\n\t\t\t\t\t<\/div>\n\t\t<\/div>\n\t\t\t\t<div class=\"elementor-column elementor-col-50 elementor-inner-column elementor-element elementor-element-ee4c1c1 elementor-invisible\" data-id=\"ee4c1c1\" data-element_type=\"column\" data-settings=\"{&quot;animation&quot;:&quot;fadeInUp&quot;,&quot;animation_tablet&quot;:&quot;none&quot;,&quot;animation_delay&quot;:300}\">\n\t\t\t<div class=\"elementor-widget-wrap elementor-element-populated\">\n\t\t\t\t\t\t\t\t<div class=\"elementor-element elementor-element-1b6bb65 elementor-widget__width-inherit elementor-widget elementor-widget-ova_list_link\" data-id=\"1b6bb65\" data-element_type=\"widget\" data-widget_type=\"ova_list_link.default\">\n\t\t\t\t<div class=\"elementor-widget-container\">\n\t\t\t\t\t<div class=\"ova_list_link box-shadow\">\n\t\t\t\t\t\t<h3 class=\"title\">\n\t\t\t\tPagos en l\u00ednea\t\t\t<\/h3>\n\t\t\t\t\t\t\t\t\t<ul class=\"content\">\n\t\t\t\t\t\t\t\t\t<li class=\"item\">\n\t\t\t\t\t\t<a href=\"https:\/\/www.sapac.gob.mx\/pago-en-linea\">\n\t\t\t\t\t\t\tAgua Potable\t\t\t\t\t\t\t\t\t\t\t\t\t\t<span class=\"icon\">\n\t\t\t\t\t\t\t\t<i data-feather=\"chevron-right\"><\/i>\n\t\t\t\t\t\t\t<\/span>\n\t\t\t\t\t\t    \t\t\t\t\t\t    \t\t\t\t\t\t\t<span class=\"icon-hover\">\n\t\t\t\t\t\t\t\t<i data-feather=\"arrow-right\"><\/i>\n\t\t\t\t\t\t\t<\/span>\n\t\t\t\t\t\t\t \t\t\t\t\t\t<\/a>\n\n\t\t\t\t\t<\/li>\n\t\t\t\t\t\t\t\t\t<li class=\"item\">\n\t\t\t\t\t\t<a href=\"https:\/\/recaudacion.cuernavaca.gob.mx\/predial\/\">\n\t\t\t\t\t\t\tPredial\t\t\t\t\t\t\t\t\t\t\t\t\t\t<span class=\"icon\">\n\t\t\t\t\t\t\t\t<i data-feather=\"chevron-right\"><\/i>\n\t\t\t\t\t\t\t<\/span>\n\t\t\t\t\t\t    \t\t\t\t\t\t    \t\t\t\t\t\t\t<span class=\"icon-hover\">\n\t\t\t\t\t\t\t\t<i data-feather=\"arrow-right\"><\/i>\n\t\t\t\t\t\t\t<\/span>\n\t\t\t\t\t\t\t \t\t\t\t\t\t<\/a>\n\n\t\t\t\t\t<\/li>\n\t\t\t\t\t\t\t\t\t<li class=\"item\">\n\t\t\t\t\t\t<a href=\"http:\/\/serviciosti.cuernavaca.gob.mx\/Factura\/\">\n\t\t\t\t\t\t\tFactura electr\u00f3nica\t\t\t\t\t\t\t\t\t\t\t\t\t\t<span class=\"icon\">\n\t\t\t\t\t\t\t\t<i data-feather=\"chevron-right\"><\/i>\n\t\t\t\t\t\t\t<\/span>\n\t\t\t\t\t\t    \t\t\t\t\t\t    \t\t\t\t\t\t\t<span class=\"icon-hover\">\n\t\t\t\t\t\t\t\t<i data-feather=\"arrow-right\"><\/i>\n\t\t\t\t\t\t\t<\/span>\n\t\t\t\t\t\t\t \t\t\t\t\t\t<\/a>\n\n\t\t\t\t\t<\/li>\n\t\t\t\t\t\t\t\t\t<li class=\"item\">\n\t\t\t\t\t\t<a href=\"https:\/\/recaudacion.cuernavaca.gob.mx\/Tramites\/Default.aspx\">\n\t\t\t\t\t\t\tComercios\t\t\t\t\t\t\t\t\t\t\t\t\t\t<span class=\"icon\">\n\t\t\t\t\t\t\t\t<i data-feather=\"chevron-right\"><\/i>\n\t\t\t\t\t\t\t<\/span>\n\t\t\t\t\t\t    \t\t\t\t\t\t    \t\t\t\t\t\t\t<span class=\"icon-hover\">\n\t\t\t\t\t\t\t\t<i data-feather=\"arrow-right\"><\/i>\n\t\t\t\t\t\t\t<\/span>\n\t\t\t\t\t\t\t \t\t\t\t\t\t<\/a>\n\n\t\t\t\t\t<\/li>\n\t\t\t\t\t\t\t\t\t<li class=\"item\">\n\t\t\t\t\t\t<a href=\"https:\/\/recaudacion.cuernavaca.gob.mx\/ComercioDigital\/Default.aspx\">\n\t\t\t\t\t\t\tRefrendos\t\t\t\t\t\t\t\t\t\t\t\t\t\t<span class=\"icon\">\n\t\t\t\t\t\t\t\t<i data-feather=\"chevron-right\"><\/i>\n\t\t\t\t\t\t\t<\/span>\n\t\t\t\t\t\t    \t\t\t\t\t\t    \t\t\t\t\t\t\t<span class=\"icon-hover\">\n\t\t\t\t\t\t\t\t<i data-feather=\"arrow-right\"><\/i>\n\t\t\t\t\t\t\t<\/span>\n\t\t\t\t\t\t\t \t\t\t\t\t\t<\/a>\n\n\t\t\t\t\t<\/li>\n\t\t\t\t\t\t\t\t\t<li class=\"item\">\n\t\t\t\t\t\t<a href=\"https:\/\/recaudacion.cuernavaca.gob.mx\/InfraWeb\/\">\n\t\t\t\t\t\t\tInfracciones\t\t\t\t\t\t\t\t\t\t\t\t\t\t<span class=\"icon\">\n\t\t\t\t\t\t\t\t<i data-feather=\"chevron-right\"><\/i>\n\t\t\t\t\t\t\t<\/span>\n\t\t\t\t\t\t    \t\t\t\t\t\t    \t\t\t\t\t\t\t<span class=\"icon-hover\">\n\t\t\t\t\t\t\t\t<i data-feather=\"arrow-right\"><\/i>\n\t\t\t\t\t\t\t<\/span>\n\t\t\t\t\t\t\t \t\t\t\t\t\t<\/a>\n\n\t\t\t\t\t<\/li>\n\t\t\t\t\t\t\t<\/ul>\n\t\t\t\t\t<\/div>\n\t\t\t\t<\/div>\n\t\t\t\t<\/div>\n\t\t\t\t\t<\/div>\n\t\t<\/div>\n\t\t\t\t\t\t\t<\/div>\n\t\t<\/section>\n\t\t\t\t\t<\/div>\n\t\t<\/div>\n\t\t\t\t\t\t\t<\/div>\n\t\t<\/section>\n\t\t\t\t<section class=\"elementor-section elementor-top-section elementor-element elementor-element-69264d3 elementor-section-stretched elementor-section-boxed elementor-section-height-default elementor-section-height-default\" data-id=\"69264d3\" data-element_type=\"section\" data-settings=\"{&quot;background_background&quot;:&quot;classic&quot;,&quot;stretch_section&quot;:&quot;section-stretched&quot;}\">\n\t\t\t\t\t\t<div class=\"elementor-container elementor-column-gap-default\">\n\t\t\t\t\t<div class=\"elementor-column elementor-col-100 elementor-top-column elementor-element elementor-element-4f26959\" data-id=\"4f26959\" data-element_type=\"column\">\n\t\t\t<div class=\"elementor-widget-wrap elementor-element-populated\">\n\t\t\t\t\t\t\t\t<div class=\"elementor-element elementor-element-66d897c elementor-widget elementor-widget-ova_heading\" data-id=\"66d897c\" data-element_type=\"widget\" data-widget_type=\"ova_heading.default\">\n\t\t\t\t<div class=\"elementor-widget-container\">\n\t\t\t\t\t<div class=\"ova-heading\">\n\t\t\t\n\t\t\t\t\t\t\t<h1 class=\"title second_font\">Conoce todo lo que Cuernavaca\n<br> tiene para ti<\/h1>\n\t\t\t\n\t\t\t\n\t\t<\/div>\n\t\t\t\t<\/div>\n\t\t\t\t<\/div>\n\t\t\t\t\t<\/div>\n\t\t<\/div>\n\t\t\t\t\t\t\t<\/div>\n\t\t<\/section>\n\t\t\t\t<section class=\"elementor-section elementor-top-section elementor-element elementor-element-a9752d0 elementor-section-stretched elementor-section-boxed elementor-section-height-default elementor-section-height-default\" data-id=\"a9752d0\" data-element_type=\"section\" data-settings=\"{&quot;stretch_section&quot;:&quot;section-stretched&quot;,&quot;background_background&quot;:&quot;classic&quot;}\">\n\t\t\t\t\t\t<div class=\"elementor-container elementor-column-gap-default\">\n\t\t\t\t\t<div class=\"elementor-column elementor-col-50 elementor-top-column elementor-element elementor-element-515466c\" data-id=\"515466c\" data-element_type=\"column\">\n\t\t\t<div class=\"elementor-widget-wrap elementor-element-populated\">\n\t\t\t\t\t\t\t\t<div class=\"elementor-element elementor-element-4bae813 elementor-widget elementor-widget-image\" data-id=\"4bae813\" data-element_type=\"widget\" data-widget_type=\"image.default\">\n\t\t\t\t<div class=\"elementor-widget-container\">\n\t\t\t\t\t\t\t\t\t\t\t\t\t\t\t\t<a href=\"https:\/\/s3.us-east-2.amazonaws.com\/gacetas.cuernavaca.gob.mx\/Mapa-cartel-2026.pdf\">\n\t\t\t\t\t\t\t<img width=\"669\" height=\"1024\" src=\"https:\/\/cuernavaca.gob.mx\/wp-content\/uploads\/2026\/03\/atractivos-turisticos-2026-669x1024.jpeg\" class=\"attachment-large size-large\" alt=\"atractivos-turisticos-2026\" loading=\"lazy\" srcset=\"https:\/\/cuernavaca.gob.mx\/wp-content\/uploads\/2026\/03\/atractivos-turisticos-2026-669x1024.jpeg 669w, https:\/\/cuernavaca.gob.mx\/wp-content\/uploads\/2026\/03\/atractivos-turisticos-2026-196x300.jpeg 196w, https:\/\/cuernavaca.gob.mx\/wp-content\/uploads\/2026\/03\/atractivos-turisticos-2026-768x1175.jpeg 768w, https:\/\/cuernavaca.gob.mx\/wp-content\/uploads\/2026\/03\/atractivos-turisticos-2026-1004x1536.jpeg 1004w, https:\/\/cuernavaca.gob.mx\/wp-content\/uploads\/2026\/03\/atractivos-turisticos-2026-392x600.jpeg 392w, https:\/\/cuernavaca.gob.mx\/wp-content\/uploads\/2026\/03\/atractivos-turisticos-2026-366x560.jpeg 366w, https:\/\/cuernavaca.gob.mx\/wp-content\/uploads\/2026\/03\/atractivos-turisticos-2026.jpeg 1046w\" sizes=\"(max-width: 669px) 100vw, 669px\" \/>\t\t\t\t\t\t\t\t<\/a>\n\t\t\t\t\t\t\t\t\t\t\t\t\t\t\t<\/div>\n\t\t\t\t<\/div>\n\t\t\t\t\t<\/div>\n\t\t<\/div>\n\t\t\t\t<div class=\"elementor-column elementor-col-50 elementor-top-column elementor-element elementor-element-c67301d\" data-id=\"c67301d\" data-element_type=\"column\">\n\t\t\t<div class=\"elementor-widget-wrap elementor-element-populated\">\n\t\t\t\t\t\t\t\t<div class=\"elementor-element elementor-element-fc63077 elementor-widget elementor-widget-ova_feature_box\" data-id=\"fc63077\" data-element_type=\"widget\" data-widget_type=\"ova_feature_box.default\">\n\t\t\t\t<div class=\"elementor-widget-container\">\n\t\t\t\t\t<div class=\"ova_feature_box version_1\">\n\t\t\t<div class=\"ova-image\">\n\t\t\t\t<a href=\"https:\/\/cuernavaca.gob.mx\/?page_id=6603\" title=\"Hoteles\" target=&quot;_blank&quot;>\n\t\t\t\t\t\t\t\t\t\t\t\t\t\t\t\t\t\t<img src=\"https:\/\/incognitapro.com\/cuernavaca\/wp-content\/uploads\/2021\/12\/hotles.jpg\" alt=\"hoteles\">\n\t\t\t\t\t\t\t\t\t\t\t\t\t\t\t\t\t\t\t\t<\/a>\n\t\t\t<\/div>\n\t\t\t<div class=\"ova-content\">\n\t\t\t\t<h3 class=\"title\">\n\t\t\t\t\t<a href=\"https:\/\/cuernavaca.gob.mx\/?page_id=6603\" target=&quot;_blank&quot;>\n\t\t\t\t\t\tHoteles\t\t\t\t\t<\/a>\n\t\t\t\t<\/h3>\n\t\t\t\t\t\t\t\t<div class=\"readmore\">\n\t\t\t\t\t<a href=\"https:\/\/cuernavaca.gob.mx\/?page_id=6603\" class=\"second_font\" target=&quot;_blank&quot;>\n\t\t\t\t\t\tVer m\u00e1s\t\t\t\t\t\t<i data-feather=\"chevron-right\"><\/i>\n\t\t\t\t\t<\/a>\n\t\t\t\t<\/div>\n\t\t\t\t\t\t\t\t\t\t\t\t<\/div>\n\n\t\t<\/div>\n\t\t\t\t<\/div>\n\t\t\t\t<\/div>\n\t\t\t\t<div class=\"elementor-element elementor-element-a3ec10b elementor-widget elementor-widget-ova_feature_box\" data-id=\"a3ec10b\" data-element_type=\"widget\" data-widget_type=\"ova_feature_box.default\">\n\t\t\t\t<div class=\"elementor-widget-container\">\n\t\t\t\t\t<div class=\"ova_feature_box version_1\">\n\t\t\t<div class=\"ova-image\">\n\t\t\t\t<a href=\"https:\/\/cuernavaca.gob.mx\/?page_id=6520\" title=\"Museos\" target=&quot;_blank&quot;>\n\t\t\t\t\t\t\t\t\t\t\t\t\t\t\t\t\t\t<img src=\"https:\/\/incognitapro.com\/cuernavaca\/wp-content\/uploads\/2021\/12\/Museo-2.jpg\" alt=\"Museo\">\n\t\t\t\t\t\t\t\t\t\t\t\t\t\t\t\t\t\t\t\t<\/a>\n\t\t\t<\/div>\n\t\t\t<div class=\"ova-content\">\n\t\t\t\t<h3 class=\"title\">\n\t\t\t\t\t<a href=\"https:\/\/cuernavaca.gob.mx\/?page_id=6520\" target=&quot;_blank&quot;>\n\t\t\t\t\t\tMuseos\t\t\t\t\t<\/a>\n\t\t\t\t<\/h3>\n\t\t\t\t\t\t\t\t<div class=\"readmore\">\n\t\t\t\t\t<a href=\"https:\/\/cuernavaca.gob.mx\/?page_id=6520\" class=\"second_font\" target=&quot;_blank&quot;>\n\t\t\t\t\t\tVer m\u00e1s\t\t\t\t\t\t<i data-feather=\"chevron-right\"><\/i>\n\t\t\t\t\t<\/a>\n\t\t\t\t<\/div>\n\t\t\t\t\t\t\t\t\t\t\t\t<\/div>\n\n\t\t<\/div>\n\t\t\t\t<\/div>\n\t\t\t\t<\/div>\n\t\t\t\t<div class=\"elementor-element elementor-element-9ce1001 elementor-widget elementor-widget-ova_feature_box\" data-id=\"9ce1001\" data-element_type=\"widget\" data-widget_type=\"ova_feature_box.default\">\n\t\t\t\t<div class=\"elementor-widget-container\">\n\t\t\t\t\t<div class=\"ova_feature_box version_1\">\n\t\t\t<div class=\"ova-image\">\n\t\t\t\t<a href=\"https:\/\/cuernavaca.gob.mx\/?page_id=6511\" title=\"Restaurantes\" target=&quot;_blank&quot;>\n\t\t\t\t\t\t\t\t\t\t\t\t\t\t\t\t\t\t<img src=\"https:\/\/incognitapro.com\/cuernavaca\/wp-content\/uploads\/2021\/12\/restaurante.jpg\" alt=\"restaurante\">\n\t\t\t\t\t\t\t\t\t\t\t\t\t\t\t\t\t\t\t\t<\/a>\n\t\t\t<\/div>\n\t\t\t<div class=\"ova-content\">\n\t\t\t\t<h3 class=\"title\">\n\t\t\t\t\t<a href=\"https:\/\/cuernavaca.gob.mx\/?page_id=6511\" target=&quot;_blank&quot;>\n\t\t\t\t\t\tRestaurantes\t\t\t\t\t<\/a>\n\t\t\t\t<\/h3>\n\t\t\t\t\t\t\t\t<div class=\"readmore\">\n\t\t\t\t\t<a href=\"https:\/\/cuernavaca.gob.mx\/?page_id=6511\" class=\"second_font\" target=&quot;_blank&quot;>\n\t\t\t\t\t\tVer m\u00e1s\t\t\t\t\t\t<i data-feather=\"chevron-right\"><\/i>\n\t\t\t\t\t<\/a>\n\t\t\t\t<\/div>\n\t\t\t\t\t\t\t\t\t\t\t\t<\/div>\n\n\t\t<\/div>\n\t\t\t\t<\/div>\n\t\t\t\t<\/div>\n\t\t\t\t<div class=\"elementor-element elementor-element-75bd380 elementor-widget elementor-widget-ova_feature_box\" data-id=\"75bd380\" data-element_type=\"widget\" data-widget_type=\"ova_feature_box.default\">\n\t\t\t\t<div class=\"elementor-widget-container\">\n\t\t\t\t\t<div class=\"ova_feature_box version_1\">\n\t\t\t<div class=\"ova-image\">\n\t\t\t\t<a href=\"https:\/\/s3.us-east-2.amazonaws.com\/gacetas.cuernavaca.gob.mx\/Mapa_tabloide_frente_2025.pdf\" title=\"Mapa Lugares Tur\u00edsticos\" target=&quot;_blank&quot;>\n\t\t\t\t\t\t\t\t\t\t\t\t\t\t\t\t\t\t<img src=\"https:\/\/incognitapro.com\/cuernavaca\/wp-content\/uploads\/2021\/12\/restaurante.jpg\" alt=\"restaurante\">\n\t\t\t\t\t\t\t\t\t\t\t\t\t\t\t\t\t\t\t\t<\/a>\n\t\t\t<\/div>\n\t\t\t<div class=\"ova-content\">\n\t\t\t\t<h3 class=\"title\">\n\t\t\t\t\t<a href=\"https:\/\/s3.us-east-2.amazonaws.com\/gacetas.cuernavaca.gob.mx\/Mapa_tabloide_frente_2025.pdf\" target=&quot;_blank&quot;>\n\t\t\t\t\t\tMapa Lugares Tur\u00edsticos\t\t\t\t\t<\/a>\n\t\t\t\t<\/h3>\n\t\t\t\t\t\t\t\t<div class=\"readmore\">\n\t\t\t\t\t<a href=\"https:\/\/s3.us-east-2.amazonaws.com\/gacetas.cuernavaca.gob.mx\/Mapa_tabloide_frente_2025.pdf\" class=\"second_font\" target=&quot;_blank&quot;>\n\t\t\t\t\t\tVer m\u00e1s\t\t\t\t\t\t<i data-feather=\"chevron-right\"><\/i>\n\t\t\t\t\t<\/a>\n\t\t\t\t<\/div>\n\t\t\t\t\t\t\t\t\t\t\t\t<\/div>\n\n\t\t<\/div>\n\t\t\t\t<\/div>\n\t\t\t\t<\/div>\n\t\t\t\t<div class=\"elementor-element elementor-element-6b15507 elementor-widget elementor-widget-ova_feature_box\" data-id=\"6b15507\" data-element_type=\"widget\" data-widget_type=\"ova_feature_box.default\">\n\t\t\t\t<div class=\"elementor-widget-container\">\n\t\t\t\t\t<div class=\"ova_feature_box version_1\">\n\t\t\t<div class=\"ova-image\">\n\t\t\t\t<a href=\"https:\/\/cuernavaca.gob.mx\/?page_id=53355\" title=\"M\u00f3dulos de atenci\u00f3n permanente\" target=&quot;_blank&quot;>\n\t\t\t\t\t\t\t\t\t\t\t\t\t\t\t\t\t\t<img src=\"https:\/\/incognitapro.com\/cuernavaca\/wp-content\/uploads\/2021\/12\/hotles.jpg\" alt=\"hoteles\">\n\t\t\t\t\t\t\t\t\t\t\t\t\t\t\t\t\t\t\t\t<\/a>\n\t\t\t<\/div>\n\t\t\t<div class=\"ova-content\">\n\t\t\t\t<h3 class=\"title\">\n\t\t\t\t\t<a href=\"https:\/\/cuernavaca.gob.mx\/?page_id=53355\" target=&quot;_blank&quot;>\n\t\t\t\t\t\tM\u00f3dulos de atenci\u00f3n permanente\t\t\t\t\t<\/a>\n\t\t\t\t<\/h3>\n\t\t\t\t\t\t\t\t<div class=\"readmore\">\n\t\t\t\t\t<a href=\"https:\/\/cuernavaca.gob.mx\/?page_id=53355\" class=\"second_font\" target=&quot;_blank&quot;>\n\t\t\t\t\t\tVer m\u00e1s\t\t\t\t\t\t<i data-feather=\"chevron-right\"><\/i>\n\t\t\t\t\t<\/a>\n\t\t\t\t<\/div>\n\t\t\t\t\t\t\t\t\t\t\t\t<\/div>\n\n\t\t<\/div>\n\t\t\t\t<\/div>\n\t\t\t\t<\/div>\n\t\t\t\t<div class=\"elementor-element elementor-element-23af553 elementor-widget elementor-widget-ova_feature_box\" data-id=\"23af553\" data-element_type=\"widget\" data-widget_type=\"ova_feature_box.default\">\n\t\t\t\t<div class=\"elementor-widget-container\">\n\t\t\t\t\t<div class=\"ova_feature_box version_1\">\n\t\t\t<div class=\"ova-image\">\n\t\t\t\t<a href=\"https:\/\/cuernavaca.gob.mx\/?page_id=48427\" title=\"Gu\u00edas y Tour Operadoras\" target=&quot;_blank&quot;>\n\t\t\t\t\t\t\t\t\t\t\t\t\t\t\t\t\t\t<img src=\"https:\/\/incognitapro.com\/cuernavaca\/wp-content\/uploads\/2021\/12\/hotles.jpg\" alt=\"hoteles\">\n\t\t\t\t\t\t\t\t\t\t\t\t\t\t\t\t\t\t\t\t<\/a>\n\t\t\t<\/div>\n\t\t\t<div class=\"ova-content\">\n\t\t\t\t<h3 class=\"title\">\n\t\t\t\t\t<a href=\"https:\/\/cuernavaca.gob.mx\/?page_id=48427\" target=&quot;_blank&quot;>\n\t\t\t\t\t\tGu\u00edas y Tour Operadoras\t\t\t\t\t<\/a>\n\t\t\t\t<\/h3>\n\t\t\t\t\t\t\t\t<div class=\"readmore\">\n\t\t\t\t\t<a href=\"https:\/\/cuernavaca.gob.mx\/?page_id=48427\" class=\"second_font\" target=&quot;_blank&quot;>\n\t\t\t\t\t\tVer m\u00e1s\t\t\t\t\t\t<i data-feather=\"chevron-right\"><\/i>\n\t\t\t\t\t<\/a>\n\t\t\t\t<\/div>\n\t\t\t\t\t\t\t\t\t\t\t\t<\/div>\n\n\t\t<\/div>\n\t\t\t\t<\/div>\n\t\t\t\t<\/div>\n\t\t\t\t\t<\/div>\n\t\t<\/div>\n\t\t\t\t\t\t\t<\/div>\n\t\t<\/section>\n\t\t\t\t<section class=\"elementor-section elementor-top-section elementor-element elementor-element-301056cc elementor-section-full_width elementor-section-stretched elementor-section-height-default elementor-section-height-default\" data-id=\"301056cc\" data-element_type=\"section\" data-settings=\"{&quot;stretch_section&quot;:&quot;section-stretched&quot;,&quot;background_background&quot;:&quot;classic&quot;}\">\n\t\t\t\t\t\t<div class=\"elementor-container elementor-column-gap-no\">\n\t\t\t\t\t<div class=\"elementor-column elementor-col-100 elementor-top-column elementor-element elementor-element-840c9fa\" data-id=\"840c9fa\" data-element_type=\"column\">\n\t\t\t<div class=\"elementor-widget-wrap elementor-element-populated\">\n\t\t\t\t\t\t\t\t<div class=\"elementor-element elementor-element-caaa4e4 elementor-widget elementor-widget-ova_heading\" data-id=\"caaa4e4\" data-element_type=\"widget\" data-widget_type=\"ova_heading.default\">\n\t\t\t\t<div class=\"elementor-widget-container\">\n\t\t\t\t\t<div class=\"ova-heading\">\n\t\t\t\n\t\t\t\t\t\t\t<h1 class=\"title second_font\">Cartelera<\/h1>\n\t\t\t\n\t\t\t\n\t\t<\/div>\n\t\t\t\t<\/div>\n\t\t\t\t<\/div>\n\t\t\t\t<div class=\"elementor-element elementor-element-5ca86e8a elementor-widget elementor-widget-ova_slide\" data-id=\"5ca86e8a\" data-element_type=\"widget\" data-settings=\"{&quot;pause_on_hover&quot;:&quot;yes&quot;,&quot;infinite&quot;:&quot;yes&quot;,&quot;autoplay&quot;:&quot;yes&quot;,&quot;autoplay_speed&quot;:3000,&quot;dot_control&quot;:&quot;yes&quot;}\" data-widget_type=\"ova_slide.default\">\n\t\t\t\t<div class=\"elementor-widget-container\">\n\t\t\t\n\n\n\t\t\t<div class=\"ova-slide \">\n\n\t\t\t\t\t<div class=\"slide owl-carousel owl-theme \" data-options=\"{&quot;items&quot;:2,&quot;slideBy&quot;:1,&quot;margin&quot;:30,&quot;autoplayHoverPause&quot;:true,&quot;loop&quot;:true,&quot;autoplay&quot;:true,&quot;autoplayTimeout&quot;:3000,&quot;smartSpeed&quot;:500,&quot;dots&quot;:true}\">\n\t\t\t\t\t\t\t\t\t\t\t\t\t<div class=\"item\">\n\t\t\t\t\t\t\t\n\t\t\t\t\t\t\t\t\t\n\t\t\t\t\t\t\t\t\t\t<div class=\"image_slide\">\n\t\t\t\t\t\t\t\t\t\t\t\t\t\t\t\t\t\t\t\t\t\t\t<a href=\"https:\/\/s3.us-east-2.amazonaws.com\/gacetas.cuernavaca.gob.mx\/Atractivos+turisticos+Cuernavaca+sep+2025.pdf\" target=\"_blank\"><img src=\"https:\/\/cuernavaca.gob.mx\/wp-content\/uploads\/2025\/07\/atractivosTuristicos.jpeg\" alt=\"\"><\/a>\n\t\t\t\t\t\t\t\t\t\t\t\t\t\t\t\t\t\t\t\t\t<\/div>\n\t\t\t\t\t\t\t\t\t\t<div class=\"title_slide\">\n\t\t\t\t\t\t\t\t\t\t\t\t\t\t\t\t\t\t\t\t\t\t<a href=\"https:\/\/s3.us-east-2.amazonaws.com\/gacetas.cuernavaca.gob.mx\/Atractivos+turisticos+Cuernavaca+sep+2025.pdf\" target=\"_blank\"><span class=\"title\">Atractivos Tur\u00edsticos<\/span><\/a>\n\t\t\t\t\t\t\t\t\t\t\t\t\t\t\t\t\t\t\t\t\t<\/div>\n\t\t\t\t\t\t\t\n\t\t\t\t\t\t\t<\/div>\n\t\t\t\t\t\t\t\t\t\t\t<\/div>\n\n\t\t\t<\/div>\n\n\t\t\n\t\t\n\t\t\t\t<\/div>\n\t\t\t\t<\/div>\n\t\t\t\t\t<\/div>\n\t\t<\/div>\n\t\t\t\t\t\t\t<\/div>\n\t\t<\/section>\n\t\t\t\t<section class=\"elementor-section elementor-top-section elementor-element elementor-element-0616fa1 elementor-section-full_width elementor-section-height-default elementor-section-height-default\" data-id=\"0616fa1\" data-element_type=\"section\">\n\t\t\t\t\t\t<div class=\"elementor-container elementor-column-gap-default\">\n\t\t\t\t\t<div class=\"elementor-column elementor-col-100 elementor-top-column elementor-element elementor-element-7dfd10e\" data-id=\"7dfd10e\" data-element_type=\"column\">\n\t\t\t<div class=\"elementor-widget-wrap elementor-element-populated\">\n\t\t\t\t\t\t\t\t<div class=\"elementor-element elementor-element-2611f5d elementor-widget elementor-widget-spacer\" data-id=\"2611f5d\" data-element_type=\"widget\" data-widget_type=\"spacer.default\">\n\t\t\t\t<div class=\"elementor-widget-container\">\n\t\t\t<style>\/*! elementor - v3.6.4 - 13-04-2022 *\/\n.e-container.e-container--row .elementor-spacer-inner{width:var(--spacer-size)}.e-container.e-container--column .elementor-spacer-inner,.elementor-column .elementor-spacer-inner{height:var(--spacer-size)}<\/style>\t\t<div class=\"elementor-spacer\">\n\t\t\t<div class=\"elementor-spacer-inner\"><\/div>\n\t\t<\/div>\n\t\t\t\t<\/div>\n\t\t\t\t<\/div>\n\t\t\t\t<div class=\"elementor-element elementor-element-895249e elementor-widget elementor-widget-ova_heading\" data-id=\"895249e\" data-element_type=\"widget\" data-widget_type=\"ova_heading.default\">\n\t\t\t\t<div class=\"elementor-widget-container\">\n\t\t\t\t\t<div class=\"ova-heading\">\n\t\t\t\n\t\t\t\t\t\t\t<h1 class=\"title second_font\">Conoce los principales lugares tur\u00edsticos<\/h1>\n\t\t\t\n\t\t\t\t\t\t\t<h3 class=\"sub-title \">Participa en redes sociales usando el #ViveCuernavaca para publicar las mejores fotograf\u00edas de Cuernavaca.<\/h3>\n\t\t\t\n\t\t<\/div>\n\t\t\t\t<\/div>\n\t\t\t\t<\/div>\n\t\t\t\t<div class=\"elementor-element elementor-element-608b7f8 elementor-widget elementor-widget-ova_por_slide\" data-id=\"608b7f8\" data-element_type=\"widget\" data-settings=\"{&quot;autoplay_speed&quot;:6000,&quot;pause_on_hover&quot;:&quot;yes&quot;,&quot;infinite&quot;:&quot;yes&quot;,&quot;autoplay&quot;:&quot;yes&quot;,&quot;dot_control&quot;:&quot;yes&quot;}\" data-widget_type=\"ova_por_slide.default\">\n\t\t\t\t<div class=\"elementor-widget-container\">\n\t\t\t<div class=\"ova_por_slide por_element\">\n\t<div class=\"slide-portfolio owl-carousel owl-theme \" data-options=\"{&quot;items&quot;:4,&quot;slideBy&quot;:2,&quot;margin&quot;:30,&quot;autoplayHoverPause&quot;:true,&quot;loop&quot;:true,&quot;autoplay&quot;:true,&quot;autoplayTimeout&quot;:6000,&quot;smartSpeed&quot;:500,&quot;dots&quot;:true}\">\n\t\t\t\t\t\t\t<div class=\"ovapor-item 74\">\n\t\t\t\t\t\t\t\t\t<a href=\"https:\/\/cuernavaca.gob.mx\/?ova_por=salto-de-san-anton\" >\n\t\t\t\t\t\t\t\t\t\t\t\t<span class=\"number-gallery\">\n\t\t\t\t\t\t\t<i data-feather=\"image\"><\/i>\n\t\t\t\t\t\t\t<span>\n\t\t\t\t\t\t\t\t4\t\t\t\t\t\t\t<\/span>\n\t\t\t\t\t\t<\/span>\n\t\t\t\t\t\t\t\t\t\t\t\t<img src=\"https:\/\/cuernavaca.gob.mx\/wp-content\/uploads\/2020\/08\/sanAnton-600x450.jpg\" alt=\"Salto de San Ant\u00f3n\">\n\t\t\t\t\t<\/a>\n\t\t\t\t\t<div class=\"content-item\">\n\t\t\t\t\t\t<div class=\"category\">\n\t\t\t\t\t\t\t\t\t\t\t<span class=\"cat-por\">\n\t\t\t\t\t<a href=\"https:\/\/cuernavaca.gob.mx\/?cat_por=lugares-publicos\">Lugares p\u00fablicos<\/a>\n\t\t\t\t<\/span>\n\t\t\t\t<span class=\"separator\">\n\t\t\t\t\t\t\t\t\t<\/span>\n\n\t\t\t\t\t\t\t\t\t<\/div>\n\t\t\t\t\t\t<h2 class=\"title\">\n\t\t\t\t\t\t\t<a class=\"second_font\" href=\"https:\/\/cuernavaca.gob.mx\/?ova_por=salto-de-san-anton\">\n\t\t\t\t\t\t\t\tSalto de San Ant\u00f3n\t\t\t\t\t\t\t<\/a>\n\t\t\t\t\t\t<\/h2>\n\t\t\t\t\t\t<div class=\"readmore\">\n\t\t\t\t\t\t\t<a href=\"https:\/\/cuernavaca.gob.mx\/?ova_por=salto-de-san-anton\" title=\"Salto de San Ant\u00f3n\">\n\t\t\t\t\t\t\t\t<i data-feather=\"arrow-right\"><\/i>\n\t\t\t\t\t\t\t<\/a>\n\t\t\t\t\t\t<\/div>\n\t\t\t\t\t<\/div>\n\t\t\t\t\n\t\t\t\t\t\t\t<\/div>\n\n\t\t\t\t\t\t\t<div class=\"ovapor-item 74\">\n\t\t\t\t\t\t\t\t\t<a href=\"https:\/\/cuernavaca.gob.mx\/?ova_por=paloma-de-la-paz\" >\n\t\t\t\t\t\t\t\t\t\t\t\t<span class=\"number-gallery\">\n\t\t\t\t\t\t\t<i data-feather=\"image\"><\/i>\n\t\t\t\t\t\t\t<span>\n\t\t\t\t\t\t\t\t2\t\t\t\t\t\t\t<\/span>\n\t\t\t\t\t\t<\/span>\n\t\t\t\t\t\t\t\t\t\t\t\t<img src=\"https:\/\/cuernavaca.gob.mx\/wp-content\/uploads\/2020\/08\/paloma_paz-600x450.jpg\" alt=\"Paloma de la Paz\">\n\t\t\t\t\t<\/a>\n\t\t\t\t\t<div class=\"content-item\">\n\t\t\t\t\t\t<div class=\"category\">\n\t\t\t\t\t\t\t\t\t\t\t<span class=\"cat-por\">\n\t\t\t\t\t<a href=\"https:\/\/cuernavaca.gob.mx\/?cat_por=lugares-publicos\">Lugares p\u00fablicos<\/a>\n\t\t\t\t<\/span>\n\t\t\t\t<span class=\"separator\">\n\t\t\t\t\t\t\t\t\t<\/span>\n\n\t\t\t\t\t\t\t\t\t<\/div>\n\t\t\t\t\t\t<h2 class=\"title\">\n\t\t\t\t\t\t\t<a class=\"second_font\" href=\"https:\/\/cuernavaca.gob.mx\/?ova_por=paloma-de-la-paz\">\n\t\t\t\t\t\t\t\tPaloma de la Paz\t\t\t\t\t\t\t<\/a>\n\t\t\t\t\t\t<\/h2>\n\t\t\t\t\t\t<div class=\"readmore\">\n\t\t\t\t\t\t\t<a href=\"https:\/\/cuernavaca.gob.mx\/?ova_por=paloma-de-la-paz\" title=\"Paloma de la Paz\">\n\t\t\t\t\t\t\t\t<i data-feather=\"arrow-right\"><\/i>\n\t\t\t\t\t\t\t<\/a>\n\t\t\t\t\t\t<\/div>\n\t\t\t\t\t<\/div>\n\t\t\t\t\n\t\t\t\t\t\t\t<\/div>\n\n\t\t\t\t\t\t\t<div class=\"ovapor-item 74\">\n\t\t\t\t\t\t\t\t\t<a href=\"https:\/\/cuernavaca.gob.mx\/?ova_por=centro-de-cuernavaca\" >\n\t\t\t\t\t\t\t\t\t\t\t\t<span class=\"number-gallery\">\n\t\t\t\t\t\t\t<i data-feather=\"image\"><\/i>\n\t\t\t\t\t\t\t<span>\n\t\t\t\t\t\t\t\t4\t\t\t\t\t\t\t<\/span>\n\t\t\t\t\t\t<\/span>\n\t\t\t\t\t\t\t\t\t\t\t\t<img src=\"https:\/\/cuernavaca.gob.mx\/wp-content\/uploads\/2020\/08\/centro-600x450.jpg\" alt=\"Centro de Cuernavaca\">\n\t\t\t\t\t<\/a>\n\t\t\t\t\t<div class=\"content-item\">\n\t\t\t\t\t\t<div class=\"category\">\n\t\t\t\t\t\t\t\t\t\t\t<span class=\"cat-por\">\n\t\t\t\t\t<a href=\"https:\/\/cuernavaca.gob.mx\/?cat_por=lugares-publicos\">Lugares p\u00fablicos<\/a>\n\t\t\t\t<\/span>\n\t\t\t\t<span class=\"separator\">\n\t\t\t\t\t\t\t\t\t<\/span>\n\n\t\t\t\t\t\t\t\t\t<\/div>\n\t\t\t\t\t\t<h2 class=\"title\">\n\t\t\t\t\t\t\t<a class=\"second_font\" href=\"https:\/\/cuernavaca.gob.mx\/?ova_por=centro-de-cuernavaca\">\n\t\t\t\t\t\t\t\tCentro de Cuernavaca\t\t\t\t\t\t\t<\/a>\n\t\t\t\t\t\t<\/h2>\n\t\t\t\t\t\t<div class=\"readmore\">\n\t\t\t\t\t\t\t<a href=\"https:\/\/cuernavaca.gob.mx\/?ova_por=centro-de-cuernavaca\" title=\"Centro de Cuernavaca\">\n\t\t\t\t\t\t\t\t<i data-feather=\"arrow-right\"><\/i>\n\t\t\t\t\t\t\t<\/a>\n\t\t\t\t\t\t<\/div>\n\t\t\t\t\t<\/div>\n\t\t\t\t\n\t\t\t\t\t\t\t<\/div>\n\n\t\t\t\t\t\t\t<div class=\"ovapor-item 74 46\">\n\t\t\t\t\t\t\t\t\t<a href=\"https:\/\/cuernavaca.gob.mx\/?ova_por=jardin-juarez\" >\n\t\t\t\t\t\t\t\t\t\t\t\t<span class=\"number-gallery\">\n\t\t\t\t\t\t\t<i data-feather=\"image\"><\/i>\n\t\t\t\t\t\t\t<span>\n\t\t\t\t\t\t\t\t3\t\t\t\t\t\t\t<\/span>\n\t\t\t\t\t\t<\/span>\n\t\t\t\t\t\t\t\t\t\t\t\t<img src=\"https:\/\/cuernavaca.gob.mx\/wp-content\/uploads\/2020\/08\/jardin_juarez-600x449.png\" alt=\"Jard\u00edn Ju\u00e1rez\">\n\t\t\t\t\t<\/a>\n\t\t\t\t\t<div class=\"content-item\">\n\t\t\t\t\t\t<div class=\"category\">\n\t\t\t\t\t\t\t\t\t\t\t<span class=\"cat-por\">\n\t\t\t\t\t<a href=\"https:\/\/cuernavaca.gob.mx\/?cat_por=lugares-publicos\">Lugares p\u00fablicos<\/a>\n\t\t\t\t<\/span>\n\t\t\t\t<span class=\"separator\">\n\t\t\t\t\t,\t\t\t\t<\/span>\n\n\t\t\t\t\t\t\t<span class=\"cat-por\">\n\t\t\t\t\t<a href=\"https:\/\/cuernavaca.gob.mx\/?cat_por=plazas\">Plazas<\/a>\n\t\t\t\t<\/span>\n\t\t\t\t<span class=\"separator\">\n\t\t\t\t\t\t\t\t\t<\/span>\n\n\t\t\t\t\t\t\t\t\t<\/div>\n\t\t\t\t\t\t<h2 class=\"title\">\n\t\t\t\t\t\t\t<a class=\"second_font\" href=\"https:\/\/cuernavaca.gob.mx\/?ova_por=jardin-juarez\">\n\t\t\t\t\t\t\t\tJard\u00edn Ju\u00e1rez\t\t\t\t\t\t\t<\/a>\n\t\t\t\t\t\t<\/h2>\n\t\t\t\t\t\t<div class=\"readmore\">\n\t\t\t\t\t\t\t<a href=\"https:\/\/cuernavaca.gob.mx\/?ova_por=jardin-juarez\" title=\"Jard\u00edn Ju\u00e1rez\">\n\t\t\t\t\t\t\t\t<i data-feather=\"arrow-right\"><\/i>\n\t\t\t\t\t\t\t<\/a>\n\t\t\t\t\t\t<\/div>\n\t\t\t\t\t<\/div>\n\t\t\t\t\n\t\t\t\t\t\t\t<\/div>\n\n\t\t\t\t\t\t\t<div class=\"ovapor-item 34 58\">\n\t\t\t\t\t\t\t\t\t<a href=\"https:\/\/cuernavaca.gob.mx\/?ova_por=jardin-borda\" >\n\t\t\t\t\t\t\t\t\t\t\t\t<span class=\"number-gallery\">\n\t\t\t\t\t\t\t<i data-feather=\"image\"><\/i>\n\t\t\t\t\t\t\t<span>\n\t\t\t\t\t\t\t\t6\t\t\t\t\t\t\t<\/span>\n\t\t\t\t\t\t<\/span>\n\t\t\t\t\t\t\t\t\t\t\t\t<img src=\"https:\/\/cuernavaca.gob.mx\/wp-content\/uploads\/2020\/08\/jardin_borda-600x450.jpg\" alt=\"Jard\u00edn Borda\">\n\t\t\t\t\t<\/a>\n\t\t\t\t\t<div class=\"content-item\">\n\t\t\t\t\t\t<div class=\"category\">\n\t\t\t\t\t\t\t\t\t\t\t<span class=\"cat-por\">\n\t\t\t\t\t<a href=\"https:\/\/cuernavaca.gob.mx\/?cat_por=museos\">Museos<\/a>\n\t\t\t\t<\/span>\n\t\t\t\t<span class=\"separator\">\n\t\t\t\t\t,\t\t\t\t<\/span>\n\n\t\t\t\t\t\t\t<span class=\"cat-por\">\n\t\t\t\t\t<a href=\"https:\/\/cuernavaca.gob.mx\/?cat_por=parques\">Parques<\/a>\n\t\t\t\t<\/span>\n\t\t\t\t<span class=\"separator\">\n\t\t\t\t\t\t\t\t\t<\/span>\n\n\t\t\t\t\t\t\t\t\t<\/div>\n\t\t\t\t\t\t<h2 class=\"title\">\n\t\t\t\t\t\t\t<a class=\"second_font\" href=\"https:\/\/cuernavaca.gob.mx\/?ova_por=jardin-borda\">\n\t\t\t\t\t\t\t\tJard\u00edn Borda\t\t\t\t\t\t\t<\/a>\n\t\t\t\t\t\t<\/h2>\n\t\t\t\t\t\t<div class=\"readmore\">\n\t\t\t\t\t\t\t<a href=\"https:\/\/cuernavaca.gob.mx\/?ova_por=jardin-borda\" title=\"Jard\u00edn Borda\">\n\t\t\t\t\t\t\t\t<i data-feather=\"arrow-right\"><\/i>\n\t\t\t\t\t\t\t<\/a>\n\t\t\t\t\t\t<\/div>\n\t\t\t\t\t<\/div>\n\t\t\t\t\n\t\t\t\t\t\t\t<\/div>\n\n\t\t\t\t\t\t\t<div class=\"ovapor-item 34\">\n\t\t\t\t\t\t\t\t\t<a href=\"https:\/\/cuernavaca.gob.mx\/?ova_por=palacio-de-cortes\" >\n\t\t\t\t\t\t\t\t\t\t\t\t<span class=\"number-gallery\">\n\t\t\t\t\t\t\t<i data-feather=\"image\"><\/i>\n\t\t\t\t\t\t\t<span>\n\t\t\t\t\t\t\t\t6\t\t\t\t\t\t\t<\/span>\n\t\t\t\t\t\t<\/span>\n\t\t\t\t\t\t\t\t\t\t\t\t<img src=\"https:\/\/cuernavaca.gob.mx\/wp-content\/uploads\/2020\/08\/Palacio-de-Cortes-770x578-1-600x450.jpg\" alt=\"Palacio de Cort\u00e9s\">\n\t\t\t\t\t<\/a>\n\t\t\t\t\t<div class=\"content-item\">\n\t\t\t\t\t\t<div class=\"category\">\n\t\t\t\t\t\t\t\t\t\t\t<span class=\"cat-por\">\n\t\t\t\t\t<a href=\"https:\/\/cuernavaca.gob.mx\/?cat_por=museos\">Museos<\/a>\n\t\t\t\t<\/span>\n\t\t\t\t<span class=\"separator\">\n\t\t\t\t\t\t\t\t\t<\/span>\n\n\t\t\t\t\t\t\t\t\t<\/div>\n\t\t\t\t\t\t<h2 class=\"title\">\n\t\t\t\t\t\t\t<a class=\"second_font\" href=\"https:\/\/cuernavaca.gob.mx\/?ova_por=palacio-de-cortes\">\n\t\t\t\t\t\t\t\tPalacio de Cort\u00e9s\t\t\t\t\t\t\t<\/a>\n\t\t\t\t\t\t<\/h2>\n\t\t\t\t\t\t<div class=\"readmore\">\n\t\t\t\t\t\t\t<a href=\"https:\/\/cuernavaca.gob.mx\/?ova_por=palacio-de-cortes\" title=\"Palacio de Cort\u00e9s\">\n\t\t\t\t\t\t\t\t<i data-feather=\"arrow-right\"><\/i>\n\t\t\t\t\t\t\t<\/a>\n\t\t\t\t\t\t<\/div>\n\t\t\t\t\t<\/div>\n\t\t\t\t\n\t\t\t\t\t\t\t<\/div>\n\n\t\t\t\t\t\t\t<div class=\"ovapor-item 74\">\n\t\t\t\t\t\t\t\t\t<a href=\"https:\/\/cuernavaca.gob.mx\/?ova_por=jardin-etnobotanico\" >\n\t\t\t\t\t\t\t\t\t\t\t\t<span class=\"number-gallery\">\n\t\t\t\t\t\t\t<i data-feather=\"image\"><\/i>\n\t\t\t\t\t\t\t<span>\n\t\t\t\t\t\t\t\t4\t\t\t\t\t\t\t<\/span>\n\t\t\t\t\t\t<\/span>\n\t\t\t\t\t\t\t\t\t\t\t\t<img src=\"https:\/\/cuernavaca.gob.mx\/wp-content\/uploads\/2020\/08\/jardin_etno-600x450.jpg\" alt=\"Jard\u00edn Etnobot\u00e1nico\">\n\t\t\t\t\t<\/a>\n\t\t\t\t\t<div class=\"content-item\">\n\t\t\t\t\t\t<div class=\"category\">\n\t\t\t\t\t\t\t\t\t\t\t<span class=\"cat-por\">\n\t\t\t\t\t<a href=\"https:\/\/cuernavaca.gob.mx\/?cat_por=lugares-publicos\">Lugares p\u00fablicos<\/a>\n\t\t\t\t<\/span>\n\t\t\t\t<span class=\"separator\">\n\t\t\t\t\t\t\t\t\t<\/span>\n\n\t\t\t\t\t\t\t\t\t<\/div>\n\t\t\t\t\t\t<h2 class=\"title\">\n\t\t\t\t\t\t\t<a class=\"second_font\" href=\"https:\/\/cuernavaca.gob.mx\/?ova_por=jardin-etnobotanico\">\n\t\t\t\t\t\t\t\tJard\u00edn Etnobot\u00e1nico\t\t\t\t\t\t\t<\/a>\n\t\t\t\t\t\t<\/h2>\n\t\t\t\t\t\t<div class=\"readmore\">\n\t\t\t\t\t\t\t<a href=\"https:\/\/cuernavaca.gob.mx\/?ova_por=jardin-etnobotanico\" title=\"Jard\u00edn Etnobot\u00e1nico\">\n\t\t\t\t\t\t\t\t<i data-feather=\"arrow-right\"><\/i>\n\t\t\t\t\t\t\t<\/a>\n\t\t\t\t\t\t<\/div>\n\t\t\t\t\t<\/div>\n\t\t\t\t\n\t\t\t\t\t\t\t<\/div>\n\n\t\t\t<\/div>\n<\/div>\n\n\t\t<\/div>\n\t\t\t\t<\/div>\n\t\t\t\t\t<\/div>\n\t\t<\/div>\n\t\t\t\t\t\t\t<\/div>\n\t\t<\/section>\n\t\t\t\t\t\t\t<\/div>\n\t\t","protected":false},"excerpt":{"rendered":"<p>Noticias Gobierno Tr\u00e1mites y Servicios Seguridadp\u00fablica Parques y jardines Contraloria Programas Noticias Gobierno Tr\u00e1mites y Servicios Seguridad P\u00fablica Parques y jardines Contralor\u00eda Programas Descarga tu foto con el Alcalde de Cuernavaca Jos\u00e9 Luis Uri\u00f3stegui Salgado GALER\u00cdA Centro Hist\u00f3rico Colonias El Ayuntamiento de Cuernavaca da a conocer los Supervisores Acreditados para verificar a comercios y establecimientos. [&hellip;]<\/p>\n","protected":false},"author":1,"featured_media":0,"parent":0,"menu_order":0,"comment_status":"closed","ping_status":"closed","template":"","meta":[],"aioseo_notices":[],"_links":{"self":[{"href":"https:\/\/cuernavaca.gob.mx\/index.php?rest_route=\/wp\/v2\/pages\/68"}],"collection":[{"href":"https:\/\/cuernavaca.gob.mx\/index.php?rest_route=\/wp\/v2\/pages"}],"about":[{"href":"https:\/\/cuernavaca.gob.mx\/index.php?rest_route=\/wp\/v2\/types\/page"}],"author":[{"embeddable":true,"href":"https:\/\/cuernavaca.gob.mx\/index.php?rest_route=\/wp\/v2\/users\/1"}],"replies":[{"embeddable":true,"href":"https:\/\/cuernavaca.gob.mx\/index.php?rest_route=%2Fwp%2Fv2%2Fcomments&post=68"}],"version-history":[{"count":1302,"href":"https:\/\/cuernavaca.gob.mx\/index.php?rest_route=\/wp\/v2\/pages\/68\/revisions"}],"predecessor-version":[{"id":58329,"href":"https:\/\/cuernavaca.gob.mx\/index.php?rest_route=\/wp\/v2\/pages\/68\/revisions\/58329"}],"wp:attachment":[{"href":"https:\/\/cuernavaca.gob.mx\/index.php?rest_route=%2Fwp%2Fv2%2Fmedia&parent=68"}],"curies":[{"name":"wp","href":"https:\/\/api.w.org\/{rel}","templated":true}]}}