{"id":7638,"date":"2021-12-29T16:33:16","date_gmt":"2021-12-29T16:33:16","guid":{"rendered":"http:\/\/cuernavaca.gob.mx\/?page_id=7638"},"modified":"2024-03-13T12:41:17","modified_gmt":"2024-03-13T18:41:17","slug":"iglesias","status":"publish","type":"page","link":"https:\/\/cuernavaca.gob.mx\/?page_id=7638","title":{"rendered":"Iglesias"},"content":{"rendered":"\t\t<div data-elementor-type=\"wp-page\" data-elementor-id=\"7638\" class=\"elementor elementor-7638\">\n\t\t\t\t\t\t\t\t\t<section class=\"elementor-section elementor-top-section elementor-element elementor-element-051c8cf elementor-section-full_width elementor-section-stretched elementor-section-height-default elementor-section-height-default\" data-id=\"051c8cf\" data-element_type=\"section\" data-settings=\"{&quot;background_background&quot;:&quot;classic&quot;,&quot;stretch_section&quot;:&quot;section-stretched&quot;}\">\n\t\t\t\t\t\t<div class=\"elementor-container elementor-column-gap-extended\">\n\t\t\t\t\t<div class=\"elementor-column elementor-col-100 elementor-top-column elementor-element elementor-element-5c284d0\" data-id=\"5c284d0\" data-element_type=\"column\">\n\t\t\t<div class=\"elementor-widget-wrap elementor-element-populated\">\n\t\t\t\t\t\t\t\t<div class=\"elementor-element elementor-element-3baf4cc elementor-widget elementor-widget-heading\" data-id=\"3baf4cc\" data-element_type=\"widget\" data-widget_type=\"heading.default\">\n\t\t\t\t<div class=\"elementor-widget-container\">\n\t\t\t<style>\/*! elementor - v3.6.4 - 13-04-2022 *\/\n.elementor-heading-title{padding:0;margin:0;line-height:1}.elementor-widget-heading .elementor-heading-title[class*=elementor-size-]>a{color:inherit;font-size:inherit;line-height:inherit}.elementor-widget-heading .elementor-heading-title.elementor-size-small{font-size:15px}.elementor-widget-heading .elementor-heading-title.elementor-size-medium{font-size:19px}.elementor-widget-heading .elementor-heading-title.elementor-size-large{font-size:29px}.elementor-widget-heading .elementor-heading-title.elementor-size-xl{font-size:39px}.elementor-widget-heading .elementor-heading-title.elementor-size-xxl{font-size:59px}<\/style><h2 class=\"elementor-heading-title elementor-size-default\">#ViveCuernavaca<\/h2>\t\t<\/div>\n\t\t\t\t<\/div>\n\t\t\t\t<div class=\"elementor-element elementor-element-92f5abe elementor-widget elementor-widget-heading\" data-id=\"92f5abe\" data-element_type=\"widget\" data-widget_type=\"heading.default\">\n\t\t\t\t<div class=\"elementor-widget-container\">\n\t\t\t<p class=\"elementor-heading-title elementor-size-default\">Descubre, conoce y siente la ciudad de la eterna primavera.<\/p>\t\t<\/div>\n\t\t\t\t<\/div>\n\t\t\t\t<div class=\"elementor-element elementor-element-2c5c570 elementor-widget elementor-widget-ova_search_all\" data-id=\"2c5c570\" data-element_type=\"widget\" data-widget_type=\"ova_search_all.default\">\n\t\t\t\t<div class=\"elementor-widget-container\">\n\t\t\t\t\t\t<div class=\"ova_wrap_search_all type1\">\n\n\t\t\t\t<form role=\"search\" method=\"get\" class=\"search-form\" action=\"https:\/\/cuernavaca.gob.mx\/\">\n\n\t\t\t\t\t<div class=\"wrap_field\">\n\t\t\t\t\t\t<i class=\"flaticon-loupe\"><\/i>\n\t\t\t\t\t\t<input type=\"text\" class=\"search-field\" placeholder=\"\u00bfQu\u00e9 estas buscando?\" value=\"\" aria-label=\"\u00bfQu\u00e9 estas buscando?\" name=\"s\" \/>\n\t\t\t\t\t<\/div>\n\n\t\t\t\t    <button class=\"search-submit second_font\" type=\"submit\" title=\"Search\">Search<\/button>\n\t\t   \t\t\t \t\n\t\t\t\t<\/form>\t\t\t\t\t\t\t\t\t\n\t\t\t<\/div>\n\n\t\t\t\t<\/div>\n\t\t\t\t<\/div>\n\t\t\t\t\t<\/div>\n\t\t<\/div>\n\t\t\t\t\t\t\t<\/div>\n\t\t<\/section>\n\t\t\t\t<section class=\"elementor-section elementor-top-section elementor-element elementor-element-1666e9c elementor-section-boxed elementor-section-height-default elementor-section-height-default\" data-id=\"1666e9c\" data-element_type=\"section\">\n\t\t\t\t\t\t<div class=\"elementor-container elementor-column-gap-default\">\n\t\t\t\t\t<div class=\"elementor-column elementor-col-100 elementor-top-column elementor-element elementor-element-827a45a\" data-id=\"827a45a\" data-element_type=\"column\">\n\t\t\t<div class=\"elementor-widget-wrap elementor-element-populated\">\n\t\t\t\t\t\t\t\t<section class=\"elementor-section elementor-inner-section elementor-element elementor-element-e0e0291 elementor-section-boxed elementor-section-height-default elementor-section-height-default\" data-id=\"e0e0291\" data-element_type=\"section\">\n\t\t\t\t\t\t<div class=\"elementor-container elementor-column-gap-default\">\n\t\t\t\t\t<div class=\"elementor-column elementor-col-33 elementor-inner-column elementor-element elementor-element-12f9d63\" data-id=\"12f9d63\" data-element_type=\"column\">\n\t\t\t<div class=\"elementor-widget-wrap elementor-element-populated\">\n\t\t\t\t\t\t\t\t<div class=\"elementor-element elementor-element-34351a9 elementor-widget elementor-widget-spacer\" data-id=\"34351a9\" data-element_type=\"widget\" data-widget_type=\"spacer.default\">\n\t\t\t\t<div class=\"elementor-widget-container\">\n\t\t\t<style>\/*! elementor - v3.6.4 - 13-04-2022 *\/\n.e-container.e-container--row .elementor-spacer-inner{width:var(--spacer-size)}.e-container.e-container--column .elementor-spacer-inner,.elementor-column .elementor-spacer-inner{height:var(--spacer-size)}<\/style>\t\t<div class=\"elementor-spacer\">\n\t\t\t<div class=\"elementor-spacer-inner\"><\/div>\n\t\t<\/div>\n\t\t\t\t<\/div>\n\t\t\t\t<\/div>\n\t\t\t\t<div class=\"elementor-element elementor-element-c2d5946 elementor-widget elementor-widget-ova_feature_box\" data-id=\"c2d5946\" data-element_type=\"widget\" data-widget_type=\"ova_feature_box.default\">\n\t\t\t\t<div class=\"elementor-widget-container\">\n\t\t\t\t\t<div class=\"ova_feature_box version_1\">\n\t\t\t<div class=\"ova-image\">\n\t\t\t\t<a href=\"https:\/\/cuernavaca.gob.mx\/?page_id=7719\" title=\"Parroquia Nuestra Se\u00f1ora de Guadalupe (El Sagrario) \">\n\t\t\t\t\t\t\t\t\t\t\t\t\t\t\t\t\t\t<img src=\"https:\/\/incognitapro.com\/cuernavaca\/wp-content\/uploads\/2021\/12\/iglesia1.jpg\" alt=\"iglesia1\">\n\t\t\t\t\t\t\t\t\t\t\t\t\t\t\t\t\t\t\t\t<\/a>\n\t\t\t<\/div>\n\t\t\t<div class=\"ova-content\">\n\t\t\t\t<h3 class=\"title\">\n\t\t\t\t\t<a href=\"https:\/\/cuernavaca.gob.mx\/?page_id=7719\">\n\t\t\t\t\t\tParroquia Nuestra Se\u00f1ora de Guadalupe (El Sagrario) \t\t\t\t\t<\/a>\n\t\t\t\t<\/h3>\n\t\t\t\t\t\t\t\t<div class=\"readmore\">\n\t\t\t\t\t<a href=\"https:\/\/cuernavaca.gob.mx\/?page_id=7719\" class=\"second_font\">\n\t\t\t\t\t\tVer m\u00e1s\t\t\t\t\t\t<i data-feather=\"chevron-right\"><\/i>\n\t\t\t\t\t<\/a>\n\t\t\t\t<\/div>\n\t\t\t\t\t\t\t\t\t\t\t\t<\/div>\n\n\t\t<\/div>\n\t\t\t\t<\/div>\n\t\t\t\t<\/div>\n\t\t\t\t\t<\/div>\n\t\t<\/div>\n\t\t\t\t<div class=\"elementor-column elementor-col-33 elementor-inner-column elementor-element elementor-element-22382be\" data-id=\"22382be\" data-element_type=\"column\">\n\t\t\t<div class=\"elementor-widget-wrap elementor-element-populated\">\n\t\t\t\t\t\t\t\t<div class=\"elementor-element elementor-element-a4d749a elementor-widget elementor-widget-spacer\" data-id=\"a4d749a\" data-element_type=\"widget\" data-widget_type=\"spacer.default\">\n\t\t\t\t<div class=\"elementor-widget-container\">\n\t\t\t\t\t<div class=\"elementor-spacer\">\n\t\t\t<div class=\"elementor-spacer-inner\"><\/div>\n\t\t<\/div>\n\t\t\t\t<\/div>\n\t\t\t\t<\/div>\n\t\t\t\t<div class=\"elementor-element elementor-element-f5028ec elementor-widget elementor-widget-ova_feature_box\" data-id=\"f5028ec\" data-element_type=\"widget\" data-widget_type=\"ova_feature_box.default\">\n\t\t\t\t<div class=\"elementor-widget-container\">\n\t\t\t\t\t<div class=\"ova_feature_box version_1\">\n\t\t\t<div class=\"ova-image\">\n\t\t\t\t<a href=\"https:\/\/cuernavaca.gob.mx\/?page_id=7747\" title=\"La iglesia Jes\u00fas de Nazareth (Tepetates)\">\n\t\t\t\t\t\t\t\t\t\t\t\t\t\t\t\t\t\t<img src=\"https:\/\/incognitapro.com\/cuernavaca\/wp-content\/uploads\/2021\/12\/4163209287_9c06b92f33_b.jpg\" alt=\"4163209287_9c06b92f33_b\">\n\t\t\t\t\t\t\t\t\t\t\t\t\t\t\t\t\t\t\t\t<\/a>\n\t\t\t<\/div>\n\t\t\t<div class=\"ova-content\">\n\t\t\t\t<h3 class=\"title\">\n\t\t\t\t\t<a href=\"https:\/\/cuernavaca.gob.mx\/?page_id=7747\">\n\t\t\t\t\t\tLa iglesia Jes\u00fas de Nazareth (Tepetates)\t\t\t\t\t<\/a>\n\t\t\t\t<\/h3>\n\t\t\t\t\t\t\t\t<div class=\"readmore\">\n\t\t\t\t\t<a href=\"https:\/\/cuernavaca.gob.mx\/?page_id=7747\" class=\"second_font\">\n\t\t\t\t\t\tVer m\u00e1s\t\t\t\t\t\t<i data-feather=\"chevron-right\"><\/i>\n\t\t\t\t\t<\/a>\n\t\t\t\t<\/div>\n\t\t\t\t\t\t\t\t\t\t\t\t<\/div>\n\n\t\t<\/div>\n\t\t\t\t<\/div>\n\t\t\t\t<\/div>\n\t\t\t\t\t<\/div>\n\t\t<\/div>\n\t\t\t\t<div class=\"elementor-column elementor-col-33 elementor-inner-column elementor-element elementor-element-1ea7c81\" data-id=\"1ea7c81\" data-element_type=\"column\">\n\t\t\t<div class=\"elementor-widget-wrap elementor-element-populated\">\n\t\t\t\t\t\t\t\t<div class=\"elementor-element elementor-element-95f9be0 elementor-widget elementor-widget-spacer\" data-id=\"95f9be0\" data-element_type=\"widget\" data-widget_type=\"spacer.default\">\n\t\t\t\t<div class=\"elementor-widget-container\">\n\t\t\t\t\t<div class=\"elementor-spacer\">\n\t\t\t<div class=\"elementor-spacer-inner\"><\/div>\n\t\t<\/div>\n\t\t\t\t<\/div>\n\t\t\t\t<\/div>\n\t\t\t\t<div class=\"elementor-element elementor-element-502442f elementor-widget elementor-widget-ova_feature_box\" data-id=\"502442f\" data-element_type=\"widget\" data-widget_type=\"ova_feature_box.default\">\n\t\t\t\t<div class=\"elementor-widget-container\">\n\t\t\t\t\t<div class=\"ova_feature_box version_1\">\n\t\t\t<div class=\"ova-image\">\n\t\t\t\t<a href=\"https:\/\/cuernavaca.gob.mx\/?page_id=7840\" title=\"Parroquia de los Tres Reyes Magos\">\n\t\t\t\t\t\t\t\t\t\t\t\t\t\t\t\t\t\t<img src=\"https:\/\/incognitapro.com\/cuernavaca\/wp-content\/uploads\/2021\/12\/iglesia3.jpg\" alt=\"iglesia3\">\n\t\t\t\t\t\t\t\t\t\t\t\t\t\t\t\t\t\t\t\t<\/a>\n\t\t\t<\/div>\n\t\t\t<div class=\"ova-content\">\n\t\t\t\t<h3 class=\"title\">\n\t\t\t\t\t<a href=\"https:\/\/cuernavaca.gob.mx\/?page_id=7840\">\n\t\t\t\t\t\tParroquia de los Tres Reyes Magos\t\t\t\t\t<\/a>\n\t\t\t\t<\/h3>\n\t\t\t\t\t\t\t\t<div class=\"readmore\">\n\t\t\t\t\t<a href=\"https:\/\/cuernavaca.gob.mx\/?page_id=7840\" class=\"second_font\">\n\t\t\t\t\t\tVer m\u00e1s\t\t\t\t\t\t<i data-feather=\"chevron-right\"><\/i>\n\t\t\t\t\t<\/a>\n\t\t\t\t<\/div>\n\t\t\t\t\t\t\t\t\t\t\t\t<\/div>\n\n\t\t<\/div>\n\t\t\t\t<\/div>\n\t\t\t\t<\/div>\n\t\t\t\t\t<\/div>\n\t\t<\/div>\n\t\t\t\t\t\t\t<\/div>\n\t\t<\/section>\n\t\t\t\t<section class=\"elementor-section elementor-inner-section elementor-element elementor-element-e5bb748 elementor-section-boxed elementor-section-height-default elementor-section-height-default\" data-id=\"e5bb748\" data-element_type=\"section\">\n\t\t\t\t\t\t<div class=\"elementor-container elementor-column-gap-default\">\n\t\t\t\t\t<div class=\"elementor-column elementor-col-33 elementor-inner-column elementor-element elementor-element-fdcad70\" data-id=\"fdcad70\" data-element_type=\"column\">\n\t\t\t<div class=\"elementor-widget-wrap elementor-element-populated\">\n\t\t\t\t\t\t\t\t<div class=\"elementor-element elementor-element-80cb433 elementor-widget elementor-widget-spacer\" data-id=\"80cb433\" data-element_type=\"widget\" data-widget_type=\"spacer.default\">\n\t\t\t\t<div class=\"elementor-widget-container\">\n\t\t\t\t\t<div class=\"elementor-spacer\">\n\t\t\t<div class=\"elementor-spacer-inner\"><\/div>\n\t\t<\/div>\n\t\t\t\t<\/div>\n\t\t\t\t<\/div>\n\t\t\t\t<div class=\"elementor-element elementor-element-a195b5e elementor-widget elementor-widget-ova_feature_box\" data-id=\"a195b5e\" data-element_type=\"widget\" data-widget_type=\"ova_feature_box.default\">\n\t\t\t\t<div class=\"elementor-widget-container\">\n\t\t\t\t\t<div class=\"ova_feature_box version_1\">\n\t\t\t<div class=\"ova-image\">\n\t\t\t\t<a href=\"https:\/\/cuernavaca.gob.mx\/?page_id=7849\" title=\"El Chapitel del Calvario\">\n\t\t\t\t\t\t\t\t\t\t\t\t\t\t\t\t\t\t<img src=\"https:\/\/incognitapro.com\/cuernavaca\/wp-content\/uploads\/2021\/12\/iglesia4-scaled.jpg\" alt=\"iglesia4\">\n\t\t\t\t\t\t\t\t\t\t\t\t\t\t\t\t\t\t\t\t<\/a>\n\t\t\t<\/div>\n\t\t\t<div class=\"ova-content\">\n\t\t\t\t<h3 class=\"title\">\n\t\t\t\t\t<a href=\"https:\/\/cuernavaca.gob.mx\/?page_id=7849\">\n\t\t\t\t\t\tEl Chapitel del Calvario\t\t\t\t\t<\/a>\n\t\t\t\t<\/h3>\n\t\t\t\t\t\t\t\t<div class=\"readmore\">\n\t\t\t\t\t<a href=\"https:\/\/cuernavaca.gob.mx\/?page_id=7849\" class=\"second_font\">\n\t\t\t\t\t\tVer m\u00e1s\t\t\t\t\t\t<i data-feather=\"chevron-right\"><\/i>\n\t\t\t\t\t<\/a>\n\t\t\t\t<\/div>\n\t\t\t\t\t\t\t\t\t\t\t\t<\/div>\n\n\t\t<\/div>\n\t\t\t\t<\/div>\n\t\t\t\t<\/div>\n\t\t\t\t\t<\/div>\n\t\t<\/div>\n\t\t\t\t<div class=\"elementor-column elementor-col-33 elementor-inner-column elementor-element elementor-element-21b542a\" data-id=\"21b542a\" data-element_type=\"column\">\n\t\t\t<div class=\"elementor-widget-wrap elementor-element-populated\">\n\t\t\t\t\t\t\t\t<div class=\"elementor-element elementor-element-cd6dd89 elementor-widget elementor-widget-spacer\" data-id=\"cd6dd89\" data-element_type=\"widget\" data-widget_type=\"spacer.default\">\n\t\t\t\t<div class=\"elementor-widget-container\">\n\t\t\t\t\t<div class=\"elementor-spacer\">\n\t\t\t<div class=\"elementor-spacer-inner\"><\/div>\n\t\t<\/div>\n\t\t\t\t<\/div>\n\t\t\t\t<\/div>\n\t\t\t\t<div class=\"elementor-element elementor-element-32f6911 elementor-widget elementor-widget-ova_feature_box\" data-id=\"32f6911\" data-element_type=\"widget\" data-widget_type=\"ova_feature_box.default\">\n\t\t\t\t<div class=\"elementor-widget-container\">\n\t\t\t\t\t<div class=\"ova_feature_box version_1\">\n\t\t\t<div class=\"ova-image\">\n\t\t\t\t<a href=\"https:\/\/cuernavaca.gob.mx\/?page_id=7858\" title=\"Catedral de Cuernavaca\">\n\t\t\t\t\t\t\t\t\t\t\t\t\t\t\t\t\t\t<img src=\"https:\/\/incognitapro.com\/cuernavaca\/wp-content\/uploads\/2021\/12\/iglesia5.jpg\" alt=\"iglesia5\">\n\t\t\t\t\t\t\t\t\t\t\t\t\t\t\t\t\t\t\t\t<\/a>\n\t\t\t<\/div>\n\t\t\t<div class=\"ova-content\">\n\t\t\t\t<h3 class=\"title\">\n\t\t\t\t\t<a href=\"https:\/\/cuernavaca.gob.mx\/?page_id=7858\">\n\t\t\t\t\t\tCatedral de Cuernavaca\t\t\t\t\t<\/a>\n\t\t\t\t<\/h3>\n\t\t\t\t\t\t\t\t<div class=\"readmore\">\n\t\t\t\t\t<a href=\"https:\/\/cuernavaca.gob.mx\/?page_id=7858\" class=\"second_font\">\n\t\t\t\t\t\tVer m\u00e1s\t\t\t\t\t\t<i data-feather=\"chevron-right\"><\/i>\n\t\t\t\t\t<\/a>\n\t\t\t\t<\/div>\n\t\t\t\t\t\t\t\t\t\t\t\t<\/div>\n\n\t\t<\/div>\n\t\t\t\t<\/div>\n\t\t\t\t<\/div>\n\t\t\t\t\t<\/div>\n\t\t<\/div>\n\t\t\t\t<div class=\"elementor-column elementor-col-33 elementor-inner-column elementor-element elementor-element-bf637df\" data-id=\"bf637df\" data-element_type=\"column\">\n\t\t\t<div class=\"elementor-widget-wrap elementor-element-populated\">\n\t\t\t\t\t\t\t\t<div class=\"elementor-element elementor-element-2aa55f4 elementor-widget elementor-widget-spacer\" data-id=\"2aa55f4\" data-element_type=\"widget\" data-widget_type=\"spacer.default\">\n\t\t\t\t<div class=\"elementor-widget-container\">\n\t\t\t\t\t<div class=\"elementor-spacer\">\n\t\t\t<div class=\"elementor-spacer-inner\"><\/div>\n\t\t<\/div>\n\t\t\t\t<\/div>\n\t\t\t\t<\/div>\n\t\t\t\t<div class=\"elementor-element elementor-element-6809b4c elementor-widget elementor-widget-ova_feature_box\" data-id=\"6809b4c\" data-element_type=\"widget\" data-widget_type=\"ova_feature_box.default\">\n\t\t\t\t<div class=\"elementor-widget-container\">\n\t\t\t\t\t<div class=\"ova_feature_box version_1\">\n\t\t\t<div class=\"ova-image\">\n\t\t\t\t<a href=\"https:\/\/cuernavaca.gob.mx\/?page_id=7867\" title=\"La iglesia de San Jer\u00f3nimo \">\n\t\t\t\t\t\t\t\t\t\t\t\t\t\t\t\t\t\t<img src=\"https:\/\/incognitapro.com\/cuernavaca\/wp-content\/uploads\/2021\/12\/iglesia6.jpg\" alt=\"iglesia6\">\n\t\t\t\t\t\t\t\t\t\t\t\t\t\t\t\t\t\t\t\t<\/a>\n\t\t\t<\/div>\n\t\t\t<div class=\"ova-content\">\n\t\t\t\t<h3 class=\"title\">\n\t\t\t\t\t<a href=\"https:\/\/cuernavaca.gob.mx\/?page_id=7867\">\n\t\t\t\t\t\tLa iglesia de San Jer\u00f3nimo \t\t\t\t\t<\/a>\n\t\t\t\t<\/h3>\n\t\t\t\t\t\t\t\t<div class=\"readmore\">\n\t\t\t\t\t<a href=\"https:\/\/cuernavaca.gob.mx\/?page_id=7867\" class=\"second_font\">\n\t\t\t\t\t\tVer m\u00e1s\t\t\t\t\t\t<i data-feather=\"chevron-right\"><\/i>\n\t\t\t\t\t<\/a>\n\t\t\t\t<\/div>\n\t\t\t\t\t\t\t\t\t\t\t\t<\/div>\n\n\t\t<\/div>\n\t\t\t\t<\/div>\n\t\t\t\t<\/div>\n\t\t\t\t\t<\/div>\n\t\t<\/div>\n\t\t\t\t\t\t\t<\/div>\n\t\t<\/section>\n\t\t\t\t<section class=\"elementor-section elementor-inner-section elementor-element elementor-element-c58f228 elementor-section-boxed elementor-section-height-default elementor-section-height-default\" data-id=\"c58f228\" data-element_type=\"section\">\n\t\t\t\t\t\t<div class=\"elementor-container elementor-column-gap-default\">\n\t\t\t\t\t<div class=\"elementor-column elementor-col-33 elementor-inner-column elementor-element elementor-element-8fb00fb\" data-id=\"8fb00fb\" data-element_type=\"column\">\n\t\t\t<div class=\"elementor-widget-wrap elementor-element-populated\">\n\t\t\t\t\t\t\t\t<div class=\"elementor-element elementor-element-0aeda9f elementor-widget elementor-widget-spacer\" data-id=\"0aeda9f\" data-element_type=\"widget\" data-widget_type=\"spacer.default\">\n\t\t\t\t<div class=\"elementor-widget-container\">\n\t\t\t\t\t<div class=\"elementor-spacer\">\n\t\t\t<div class=\"elementor-spacer-inner\"><\/div>\n\t\t<\/div>\n\t\t\t\t<\/div>\n\t\t\t\t<\/div>\n\t\t\t\t<div class=\"elementor-element elementor-element-5ced313 elementor-widget elementor-widget-ova_feature_box\" data-id=\"5ced313\" data-element_type=\"widget\" data-widget_type=\"ova_feature_box.default\">\n\t\t\t\t<div class=\"elementor-widget-container\">\n\t\t\t\t\t<div class=\"ova_feature_box version_1\">\n\t\t\t<div class=\"ova-image\">\n\t\t\t\t<a href=\"https:\/\/cuernavaca.gob.mx\/?page_id=14752\" title=\"Iglesia Tlaltenango\">\n\t\t\t\t\t\t\t\t\t\t\t\t\t\t\t\t\t\t<img src=\"https:\/\/incognitapro.com\/cuernavaca\/wp-content\/uploads\/2021\/12\/iglesia4-scaled.jpg\" alt=\"iglesia4\">\n\t\t\t\t\t\t\t\t\t\t\t\t\t\t\t\t\t\t\t\t<\/a>\n\t\t\t<\/div>\n\t\t\t<div class=\"ova-content\">\n\t\t\t\t<h3 class=\"title\">\n\t\t\t\t\t<a href=\"https:\/\/cuernavaca.gob.mx\/?page_id=14752\">\n\t\t\t\t\t\tIglesia Tlaltenango\t\t\t\t\t<\/a>\n\t\t\t\t<\/h3>\n\t\t\t\t\t\t\t\t<div class=\"readmore\">\n\t\t\t\t\t<a href=\"https:\/\/cuernavaca.gob.mx\/?page_id=14752\" class=\"second_font\">\n\t\t\t\t\t\tVer m\u00e1s\t\t\t\t\t\t<i data-feather=\"chevron-right\"><\/i>\n\t\t\t\t\t<\/a>\n\t\t\t\t<\/div>\n\t\t\t\t\t\t\t\t\t\t\t\t<\/div>\n\n\t\t<\/div>\n\t\t\t\t<\/div>\n\t\t\t\t<\/div>\n\t\t\t\t\t<\/div>\n\t\t<\/div>\n\t\t\t\t<div class=\"elementor-column elementor-col-33 elementor-inner-column elementor-element elementor-element-1b52626\" data-id=\"1b52626\" data-element_type=\"column\">\n\t\t\t<div class=\"elementor-widget-wrap elementor-element-populated\">\n\t\t\t\t\t\t\t\t<div class=\"elementor-element elementor-element-360be21 elementor-widget elementor-widget-spacer\" data-id=\"360be21\" data-element_type=\"widget\" data-widget_type=\"spacer.default\">\n\t\t\t\t<div class=\"elementor-widget-container\">\n\t\t\t\t\t<div class=\"elementor-spacer\">\n\t\t\t<div class=\"elementor-spacer-inner\"><\/div>\n\t\t<\/div>\n\t\t\t\t<\/div>\n\t\t\t\t<\/div>\n\t\t\t\t<div class=\"elementor-element elementor-element-ffb2be9 elementor-widget elementor-widget-ova_feature_box\" data-id=\"ffb2be9\" data-element_type=\"widget\" data-widget_type=\"ova_feature_box.default\">\n\t\t\t\t<div class=\"elementor-widget-container\">\n\t\t\t\t\t<div class=\"ova_feature_box version_1\">\n\t\t\t<div class=\"ova-image\">\n\t\t\t\t<a href=\"https:\/\/cuernavaca.gob.mx\/?page_id=14764\" title=\"San Miguel Arc\u00e1ngel \">\n\t\t\t\t\t\t\t\t\t\t\t\t\t\t\t\t\t\t<img src=\"https:\/\/incognitapro.com\/cuernavaca\/wp-content\/uploads\/2021\/12\/iglesia5.jpg\" alt=\"iglesia5\">\n\t\t\t\t\t\t\t\t\t\t\t\t\t\t\t\t\t\t\t\t<\/a>\n\t\t\t<\/div>\n\t\t\t<div class=\"ova-content\">\n\t\t\t\t<h3 class=\"title\">\n\t\t\t\t\t<a href=\"https:\/\/cuernavaca.gob.mx\/?page_id=14764\">\n\t\t\t\t\t\tSan Miguel Arc\u00e1ngel \t\t\t\t\t<\/a>\n\t\t\t\t<\/h3>\n\t\t\t\t\t\t\t\t<div class=\"readmore\">\n\t\t\t\t\t<a href=\"https:\/\/cuernavaca.gob.mx\/?page_id=14764\" class=\"second_font\">\n\t\t\t\t\t\tVer m\u00e1s\t\t\t\t\t\t<i data-feather=\"chevron-right\"><\/i>\n\t\t\t\t\t<\/a>\n\t\t\t\t<\/div>\n\t\t\t\t\t\t\t\t\t\t\t\t<\/div>\n\n\t\t<\/div>\n\t\t\t\t<\/div>\n\t\t\t\t<\/div>\n\t\t\t\t\t<\/div>\n\t\t<\/div>\n\t\t\t\t<div class=\"elementor-column elementor-col-33 elementor-inner-column elementor-element elementor-element-be777fb\" data-id=\"be777fb\" data-element_type=\"column\">\n\t\t\t<div class=\"elementor-widget-wrap elementor-element-populated\">\n\t\t\t\t\t\t\t\t<div class=\"elementor-element elementor-element-f170d24 elementor-widget elementor-widget-spacer\" data-id=\"f170d24\" data-element_type=\"widget\" data-widget_type=\"spacer.default\">\n\t\t\t\t<div class=\"elementor-widget-container\">\n\t\t\t\t\t<div class=\"elementor-spacer\">\n\t\t\t<div class=\"elementor-spacer-inner\"><\/div>\n\t\t<\/div>\n\t\t\t\t<\/div>\n\t\t\t\t<\/div>\n\t\t\t\t<div class=\"elementor-element elementor-element-4c649cd elementor-widget elementor-widget-ova_feature_box\" data-id=\"4c649cd\" data-element_type=\"widget\" data-widget_type=\"ova_feature_box.default\">\n\t\t\t\t<div class=\"elementor-widget-container\">\n\t\t\t\t\t<div class=\"ova_feature_box version_1\">\n\t\t\t<div class=\"ova-image\">\n\t\t\t\t<a href=\"https:\/\/cuernavaca.gob.mx\/?page_id=14775\" title=\"San Diego de Alcal\u00e1\">\n\t\t\t\t\t\t\t\t\t\t\t\t\t\t\t\t\t\t<img src=\"https:\/\/incognitapro.com\/cuernavaca\/wp-content\/uploads\/2021\/12\/iglesia6.jpg\" alt=\"iglesia6\">\n\t\t\t\t\t\t\t\t\t\t\t\t\t\t\t\t\t\t\t\t<\/a>\n\t\t\t<\/div>\n\t\t\t<div class=\"ova-content\">\n\t\t\t\t<h3 class=\"title\">\n\t\t\t\t\t<a href=\"https:\/\/cuernavaca.gob.mx\/?page_id=14775\">\n\t\t\t\t\t\tSan Diego de Alcal\u00e1\t\t\t\t\t<\/a>\n\t\t\t\t<\/h3>\n\t\t\t\t\t\t\t\t<div class=\"readmore\">\n\t\t\t\t\t<a href=\"https:\/\/cuernavaca.gob.mx\/?page_id=14775\" class=\"second_font\">\n\t\t\t\t\t\tVer m\u00e1s\t\t\t\t\t\t<i data-feather=\"chevron-right\"><\/i>\n\t\t\t\t\t<\/a>\n\t\t\t\t<\/div>\n\t\t\t\t\t\t\t\t\t\t\t\t<\/div>\n\n\t\t<\/div>\n\t\t\t\t<\/div>\n\t\t\t\t<\/div>\n\t\t\t\t\t<\/div>\n\t\t<\/div>\n\t\t\t\t\t\t\t<\/div>\n\t\t<\/section>\n\t\t\t\t<section class=\"elementor-section elementor-inner-section elementor-element elementor-element-3da1a4e elementor-section-boxed elementor-section-height-default elementor-section-height-default\" data-id=\"3da1a4e\" data-element_type=\"section\">\n\t\t\t\t\t\t<div class=\"elementor-container elementor-column-gap-default\">\n\t\t\t\t\t<div class=\"elementor-column elementor-col-33 elementor-inner-column elementor-element elementor-element-40e4cc9\" data-id=\"40e4cc9\" data-element_type=\"column\">\n\t\t\t<div class=\"elementor-widget-wrap elementor-element-populated\">\n\t\t\t\t\t\t\t\t<div class=\"elementor-element elementor-element-93ec507 elementor-widget elementor-widget-spacer\" data-id=\"93ec507\" data-element_type=\"widget\" data-widget_type=\"spacer.default\">\n\t\t\t\t<div class=\"elementor-widget-container\">\n\t\t\t\t\t<div class=\"elementor-spacer\">\n\t\t\t<div class=\"elementor-spacer-inner\"><\/div>\n\t\t<\/div>\n\t\t\t\t<\/div>\n\t\t\t\t<\/div>\n\t\t\t\t<div class=\"elementor-element elementor-element-ee25d47 elementor-widget elementor-widget-ova_feature_box\" data-id=\"ee25d47\" data-element_type=\"widget\" data-widget_type=\"ova_feature_box.default\">\n\t\t\t\t<div class=\"elementor-widget-container\">\n\t\t\t\t\t<div class=\"ova_feature_box version_1\">\n\t\t\t<div class=\"ova-image\">\n\t\t\t\t<a href=\"https:\/\/cuernavaca.gob.mx\/?page_id=14783\" title=\"El Divino Salvador de Ocotepec\">\n\t\t\t\t\t\t\t\t\t\t\t\t\t\t\t\t\t\t<img src=\"https:\/\/incognitapro.com\/cuernavaca\/wp-content\/uploads\/2021\/12\/iglesia4-scaled.jpg\" alt=\"iglesia4\">\n\t\t\t\t\t\t\t\t\t\t\t\t\t\t\t\t\t\t\t\t<\/a>\n\t\t\t<\/div>\n\t\t\t<div class=\"ova-content\">\n\t\t\t\t<h3 class=\"title\">\n\t\t\t\t\t<a href=\"https:\/\/cuernavaca.gob.mx\/?page_id=14783\">\n\t\t\t\t\t\tEl Divino Salvador de Ocotepec\t\t\t\t\t<\/a>\n\t\t\t\t<\/h3>\n\t\t\t\t\t\t\t\t<div class=\"readmore\">\n\t\t\t\t\t<a href=\"https:\/\/cuernavaca.gob.mx\/?page_id=14783\" class=\"second_font\">\n\t\t\t\t\t\tVer m\u00e1s\t\t\t\t\t\t<i data-feather=\"chevron-right\"><\/i>\n\t\t\t\t\t<\/a>\n\t\t\t\t<\/div>\n\t\t\t\t\t\t\t\t\t\t\t\t<\/div>\n\n\t\t<\/div>\n\t\t\t\t<\/div>\n\t\t\t\t<\/div>\n\t\t\t\t\t<\/div>\n\t\t<\/div>\n\t\t\t\t<div class=\"elementor-column elementor-col-33 elementor-inner-column elementor-element elementor-element-91bbf44\" data-id=\"91bbf44\" data-element_type=\"column\">\n\t\t\t<div class=\"elementor-widget-wrap elementor-element-populated\">\n\t\t\t\t\t\t\t\t<div class=\"elementor-element elementor-element-677f7b8 elementor-widget elementor-widget-spacer\" data-id=\"677f7b8\" data-element_type=\"widget\" data-widget_type=\"spacer.default\">\n\t\t\t\t<div class=\"elementor-widget-container\">\n\t\t\t\t\t<div class=\"elementor-spacer\">\n\t\t\t<div class=\"elementor-spacer-inner\"><\/div>\n\t\t<\/div>\n\t\t\t\t<\/div>\n\t\t\t\t<\/div>\n\t\t\t\t\t<\/div>\n\t\t<\/div>\n\t\t\t\t<div class=\"elementor-column elementor-col-33 elementor-inner-column elementor-element elementor-element-1038b55\" data-id=\"1038b55\" data-element_type=\"column\">\n\t\t\t<div class=\"elementor-widget-wrap elementor-element-populated\">\n\t\t\t\t\t\t\t\t<div class=\"elementor-element elementor-element-c97e28d elementor-widget elementor-widget-spacer\" data-id=\"c97e28d\" data-element_type=\"widget\" data-widget_type=\"spacer.default\">\n\t\t\t\t<div class=\"elementor-widget-container\">\n\t\t\t\t\t<div class=\"elementor-spacer\">\n\t\t\t<div class=\"elementor-spacer-inner\"><\/div>\n\t\t<\/div>\n\t\t\t\t<\/div>\n\t\t\t\t<\/div>\n\t\t\t\t\t<\/div>\n\t\t<\/div>\n\t\t\t\t\t\t\t<\/div>\n\t\t<\/section>\n\t\t\t\t\t<\/div>\n\t\t<\/div>\n\t\t\t\t\t\t\t<\/div>\n\t\t<\/section>\n\t\t\t\t\t\t\t<\/div>\n\t\t","protected":false},"excerpt":{"rendered":"<p>#ViveCuernavaca Descubre, conoce y siente la ciudad de la eterna primavera. Search Parroquia Nuestra Se\u00f1ora de Guadalupe (El Sagrario) Ver m\u00e1s La iglesia Jes\u00fas de Nazareth (Tepetates) Ver m\u00e1s Parroquia de los Tres Reyes Magos Ver m\u00e1s El Chapitel del Calvario Ver m\u00e1s Catedral de Cuernavaca Ver m\u00e1s La iglesia de San Jer\u00f3nimo Ver m\u00e1s [&hellip;]<\/p>\n","protected":false},"author":1,"featured_media":1808,"parent":0,"menu_order":0,"comment_status":"closed","ping_status":"closed","template":"","meta":[],"aioseo_notices":[],"_links":{"self":[{"href":"https:\/\/cuernavaca.gob.mx\/index.php?rest_route=\/wp\/v2\/pages\/7638"}],"collection":[{"href":"https:\/\/cuernavaca.gob.mx\/index.php?rest_route=\/wp\/v2\/pages"}],"about":[{"href":"https:\/\/cuernavaca.gob.mx\/index.php?rest_route=\/wp\/v2\/types\/page"}],"author":[{"embeddable":true,"href":"https:\/\/cuernavaca.gob.mx\/index.php?rest_route=\/wp\/v2\/users\/1"}],"replies":[{"embeddable":true,"href":"https:\/\/cuernavaca.gob.mx\/index.php?rest_route=%2Fwp%2Fv2%2Fcomments&post=7638"}],"version-history":[{"count":70,"href":"https:\/\/cuernavaca.gob.mx\/index.php?rest_route=\/wp\/v2\/pages\/7638\/revisions"}],"predecessor-version":[{"id":18784,"href":"https:\/\/cuernavaca.gob.mx\/index.php?rest_route=\/wp\/v2\/pages\/7638\/revisions\/18784"}],"wp:featuredmedia":[{"embeddable":true,"href":"https:\/\/cuernavaca.gob.mx\/index.php?rest_route=\/wp\/v2\/media\/1808"}],"wp:attachment":[{"href":"https:\/\/cuernavaca.gob.mx\/index.php?rest_route=%2Fwp%2Fv2%2Fmedia&parent=7638"}],"curies":[{"name":"wp","href":"https:\/\/api.w.org\/{rel}","templated":true}]}}